{"id":5972,"date":"2022-05-09T07:41:08","date_gmt":"2022-05-09T07:41:08","guid":{"rendered":"https:\/\/www.altaviadeimontilattari.it\/was-sie-mitbringen-sollten-empfohlenes-material\/"},"modified":"2022-06-30T13:31:46","modified_gmt":"2022-06-30T13:31:46","slug":"was-sie-mitbringen-sollten-empfohlenes-material","status":"publish","type":"page","link":"https:\/\/www.altaviadeimontilattari.it\/de\/was-sie-mitbringen-sollten-empfohlenes-material\/","title":{"rendered":"Was Sie mitbringen sollten &#8211; Empfohlenes Material"},"content":{"rendered":"\n<div id=\"wp-block-themeisle-blocks-advanced-columns-295917fb\" class=\"wp-block-themeisle-blocks-advanced-columns has-1-columns has-desktop-equal-layout has-tablet-equal-layout has-mobile-equal-layout has-vertical-unset\"><div class=\"wp-block-themeisle-blocks-advanced-columns-overlay\"><\/div><div class=\"innerblocks-wrap\">\n<div id=\"wp-block-themeisle-blocks-advanced-column-e5c162de\" class=\"wp-block-themeisle-blocks-advanced-column\">\n<p>Diese Liste ist eine Empfehlung f\u00fcr die technische Mindestausr\u00fcstung, die f\u00fcr eine <strong>3-t\u00e4gige Wanderung auf der Alta Via dei Monti Lattari<\/strong> erforderlich ist.<br\/>Jeder Wanderer ist f\u00fcr die Wahl seiner Ausr\u00fcstung selbst verantwortlich, wobei bestimmte Accessoires unverzichtbar sind (fett gedruckt).<\/p>\n\n\n\n<h6 class=\"wp-block-heading\">ZU TRAGEN<\/h6>\n\n\n\n<ul class=\"wp-block-list\"><li><strong>Technisches Trikot<\/strong><\/li><li><strong>Technische Hose<\/strong> (vorzugsweise dehnbar)<\/li><li><strong>Technische Socken<\/strong><\/li><li>Technische Unterw\u00e4sche<\/li><li><strong>Hohe Wanderschuhe (profilierte Sohle)<\/strong><\/li><li><strong>Buff Halsw\u00e4rmer<\/strong><\/li><li>Technische <strong>Sonnenbrille<\/strong> <\/li><li>M\u00fctze mit Visier<\/li><li><strong>Teleskopstangen<\/strong><\/li><li><strong>Mobiltelefon<\/strong><\/li><\/ul>\n\n\n<h6 class=\"wp-block-heading\">AUSR\u00dcSTUNG IM RUCKSACK<\/h6>\n\n\n\n<ul class=\"wp-block-list\"><li>Wasserdichter Beutel f\u00fcr die gesamte Kleidung<\/li><li><strong>Softshell \/ Fleece Trikot<\/strong><\/li><li><strong>Wasserdichte Jacke (Shell)<\/strong><\/li><li><strong>Leichte Handschuhe<\/strong><\/li><li><strong>2 technische Ersatztrikots<\/strong><\/li><li><strong>Leichte Daunenjacke<\/strong><\/li><li><strong>1 lang\u00e4rmeliges Hemd<\/strong><\/li><li>Wollm\u00fctze<\/li><li>1 Baumwollhemd<\/li><li>1 Ersatz-Hose<\/li><li><strong>2 technische Ersatzsocken<\/strong><\/li><li>1 Paar warme Socken, f\u00fcr den Abend<\/li><li><strong>2 Ersatzunterw\u00e4sche<\/strong><\/li><li><strong>Sonnencreme + After-Sun<\/strong><\/li><li>Kakaobutter<\/li><li><strong>Erste-Hilfe-Kasten<\/strong> (Thermomatte, Desinfektionsmittel, Mull, Pflaster, Kompeed, Pinzette, Schere, Entz\u00fcndungshemmer, Sonnenbrandcreme)<\/li><li><strong>Schlafsack<\/strong><\/li><li>Leichtes Handtuch aus Mikrofaser<\/li><li><strong>Reisehygieneartikel<\/strong> (Zahnb\u00fcrste, Zahnpasta, Seife)<\/li><li><strong>Karte des Gebiets<\/strong> (Papier oder digital)<\/li><li>Wasserdichte Umh\u00fcllung f\u00fcr elektrische Ger\u00e4te<\/li><li>Kamera<\/li><li>Powerbank + Handy-Ladekabel<\/li><li><strong>Kopf-Taschenlampe<\/strong><\/li><li><strong>Universalmesser<\/strong><\/li><li><strong>Pfeife<\/strong><\/li><li><strong>Rucksack Regenschutz<\/strong><\/li><li>Biologisch abbaubare Taschent\u00fccher<\/li><li>Winddichtes Feuerzeug<\/li><li>2 biologisch abbaubare Plastikt\u00fcten (f\u00fcr schmutzige Kleidung + M\u00fcll)<\/li><li>Dokumentenhalter<\/li><li><strong>1,5 Liter Wasser pro Person (Minimum!)<\/strong><\/li><li><strong>Snacks<\/strong>: Riegel \/ M\u00fcsli \/ Trockenfr\u00fcchte \/ Schokolade<\/li><li><strong>Gepacktes Mittagessen<\/strong><\/li><li>L\u00f6sliche Mineralsalze<\/li><\/ul>\n\n\n<h6 class=\"wp-block-heading\">IM FALLE VON CAMPING<\/h6>\n\n\n\n<ul class=\"wp-block-list\"><li>Zelt<\/li><li>Schlafsack<\/li><\/ul><\/div>\n<\/div><\/div>\n<div style=\"margin: 20px 0;\"><div class=\"qrcswholewtapper\" style=\"text-align:left;\"><div class=\"qrcprowrapper\"  id=\"qrcwraa2leds\"><div class=\"qrc_canvass\" id=\"qrc_cuttenpages_2\" style=\"display:inline-block\" data-text=\"https:\/\/www.altaviadeimontilattari.it\/de\/was-sie-mitbringen-sollten-empfohlenes-material\/\"><\/div><div><a download=\"Was Sie mitbringen sollten &#8211; Empfohlenes Material.png\" class=\"qrcdownloads\" id=\"worign\">\r\n           <button type=\"button\" style=\"min-width:200px;background:#81ea00;color:#000;font-weight: 600;border: 1px solid #dddddd;border-radius:4px;font-size:12px;padding: 6px 0;\" class=\"uqr_code_btn\">Download QR<\/button>\r\n           <\/a><\/div><\/div><\/div><\/div>","protected":false},"excerpt":{"rendered":"<p>Download QR<\/p>\n","protected":false},"author":1,"featured_media":4937,"parent":0,"menu_order":0,"comment_status":"closed","ping_status":"closed","template":"","meta":{"neve_meta_sidebar":"full-width","neve_meta_container":"","neve_meta_enable_content_width":"on","neve_meta_content_width":100,"neve_meta_title_alignment":"","neve_meta_author_avatar":"","neve_post_elements_order":"","neve_meta_disable_header":"","neve_meta_disable_footer":"","neve_meta_disable_title":"","neve_meta_reading_time":"","_themeisle_gutenberg_block_has_review":false,"jetpack_post_was_ever_published":false,"footnotes":""},"class_list":["post-5972","page","type-page","status-publish","has-post-thumbnail","hentry"],"yoast_head":"<!-- This site is optimized with the Yoast SEO plugin v27.4 - https:\/\/yoast.com\/product\/yoast-seo-wordpress\/ -->\n<title>Was Sie mitbringen sollten - Empfohlenes Material - Alta Via dei Monti Lattari<\/title>\n<meta name=\"description\" content=\"Diese Liste ist eine Empfehlung f\u00fcr die technische Mindestausr\u00fcstung, die f\u00fcr eine 3-t\u00e4gige Wanderung auf der Alta Via dei Monti Lattari erforderlich ist.\" \/>\n<meta name=\"robots\" content=\"index, follow, max-snippet:-1, max-image-preview:large, max-video-preview:-1\" \/>\n<link rel=\"canonical\" href=\"https:\/\/www.altaviadeimontilattari.it\/de\/was-sie-mitbringen-sollten-empfohlenes-material\/\" \/>\n<meta property=\"og:locale\" content=\"de_DE\" \/>\n<meta property=\"og:type\" content=\"article\" \/>\n<meta property=\"og:title\" content=\"Was Sie mitbringen sollten - Empfohlenes Material - Alta Via dei Monti Lattari\" \/>\n<meta property=\"og:description\" content=\"Diese Liste ist eine Empfehlung f\u00fcr die technische Mindestausr\u00fcstung, die f\u00fcr eine 3-t\u00e4gige Wanderung auf der Alta Via dei Monti Lattari erforderlich ist.\" \/>\n<meta property=\"og:url\" content=\"https:\/\/www.altaviadeimontilattari.it\/de\/was-sie-mitbringen-sollten-empfohlenes-material\/\" \/>\n<meta property=\"og:site_name\" content=\"Alta Via dei Monti Lattari\" \/>\n<meta property=\"article:modified_time\" content=\"2022-06-30T13:31:46+00:00\" \/>\n<meta property=\"og:image\" content=\"https:\/\/i0.wp.com\/www.altaviadeimontilattari.it\/wp-content\/uploads\/2020\/12\/consigli_trekking.jpg?fit=600%2C600&ssl=1\" \/>\n\t<meta property=\"og:image:width\" content=\"600\" \/>\n\t<meta property=\"og:image:height\" content=\"600\" \/>\n\t<meta property=\"og:image:type\" content=\"image\/jpeg\" \/>\n<meta name=\"twitter:card\" content=\"summary_large_image\" \/>\n<meta name=\"twitter:label1\" content=\"Gesch\u00e4tzte Lesezeit\" \/>\n\t<meta name=\"twitter:data1\" content=\"1\u00a0Minute\" \/>\n<script type=\"application\/ld+json\" class=\"yoast-schema-graph\">{\"@context\":\"https:\\\/\\\/schema.org\",\"@graph\":[{\"@type\":\"WebPage\",\"@id\":\"https:\\\/\\\/www.altaviadeimontilattari.it\\\/de\\\/was-sie-mitbringen-sollten-empfohlenes-material\\\/\",\"url\":\"https:\\\/\\\/www.altaviadeimontilattari.it\\\/de\\\/was-sie-mitbringen-sollten-empfohlenes-material\\\/\",\"name\":\"Was Sie mitbringen sollten - Empfohlenes Material - Alta Via dei Monti Lattari\",\"isPartOf\":{\"@id\":\"https:\\\/\\\/www.altaviadeimontilattari.it\\\/#website\"},\"primaryImageOfPage\":{\"@id\":\"https:\\\/\\\/www.altaviadeimontilattari.it\\\/de\\\/was-sie-mitbringen-sollten-empfohlenes-material\\\/#primaryimage\"},\"image\":{\"@id\":\"https:\\\/\\\/www.altaviadeimontilattari.it\\\/de\\\/was-sie-mitbringen-sollten-empfohlenes-material\\\/#primaryimage\"},\"thumbnailUrl\":\"https:\\\/\\\/i0.wp.com\\\/www.altaviadeimontilattari.it\\\/wp-content\\\/uploads\\\/2020\\\/12\\\/consigli_trekking.jpg?fit=600%2C600&ssl=1\",\"datePublished\":\"2022-05-09T07:41:08+00:00\",\"dateModified\":\"2022-06-30T13:31:46+00:00\",\"description\":\"Diese Liste ist eine Empfehlung f\u00fcr die technische Mindestausr\u00fcstung, die f\u00fcr eine 3-t\u00e4gige Wanderung auf der Alta Via dei Monti Lattari erforderlich ist.\",\"breadcrumb\":{\"@id\":\"https:\\\/\\\/www.altaviadeimontilattari.it\\\/de\\\/was-sie-mitbringen-sollten-empfohlenes-material\\\/#breadcrumb\"},\"inLanguage\":\"de\",\"potentialAction\":[{\"@type\":\"ReadAction\",\"target\":[\"https:\\\/\\\/www.altaviadeimontilattari.it\\\/de\\\/was-sie-mitbringen-sollten-empfohlenes-material\\\/\"]}]},{\"@type\":\"ImageObject\",\"inLanguage\":\"de\",\"@id\":\"https:\\\/\\\/www.altaviadeimontilattari.it\\\/de\\\/was-sie-mitbringen-sollten-empfohlenes-material\\\/#primaryimage\",\"url\":\"https:\\\/\\\/i0.wp.com\\\/www.altaviadeimontilattari.it\\\/wp-content\\\/uploads\\\/2020\\\/12\\\/consigli_trekking.jpg?fit=600%2C600&ssl=1\",\"contentUrl\":\"https:\\\/\\\/i0.wp.com\\\/www.altaviadeimontilattari.it\\\/wp-content\\\/uploads\\\/2020\\\/12\\\/consigli_trekking.jpg?fit=600%2C600&ssl=1\",\"width\":600,\"height\":600},{\"@type\":\"BreadcrumbList\",\"@id\":\"https:\\\/\\\/www.altaviadeimontilattari.it\\\/de\\\/was-sie-mitbringen-sollten-empfohlenes-material\\\/#breadcrumb\",\"itemListElement\":[{\"@type\":\"ListItem\",\"position\":1,\"name\":\"Home\",\"item\":\"https:\\\/\\\/www.altaviadeimontilattari.it\\\/es\\\/\"},{\"@type\":\"ListItem\",\"position\":2,\"name\":\"Was Sie mitbringen sollten &#8211; Empfohlenes Material\"}]},{\"@type\":\"WebSite\",\"@id\":\"https:\\\/\\\/www.altaviadeimontilattari.it\\\/#website\",\"url\":\"https:\\\/\\\/www.altaviadeimontilattari.it\\\/\",\"name\":\"Alta Via dei Monti Lattari\",\"description\":\"La montagna \u00e8 un modo di vivere la vita.\",\"publisher\":{\"@id\":\"https:\\\/\\\/www.altaviadeimontilattari.it\\\/#organization\"},\"potentialAction\":[{\"@type\":\"SearchAction\",\"target\":{\"@type\":\"EntryPoint\",\"urlTemplate\":\"https:\\\/\\\/www.altaviadeimontilattari.it\\\/?s={search_term_string}\"},\"query-input\":{\"@type\":\"PropertyValueSpecification\",\"valueRequired\":true,\"valueName\":\"search_term_string\"}}],\"inLanguage\":\"de\"},{\"@type\":\"Organization\",\"@id\":\"https:\\\/\\\/www.altaviadeimontilattari.it\\\/#organization\",\"name\":\"Alta Via dei Monti Lattari\",\"url\":\"https:\\\/\\\/www.altaviadeimontilattari.it\\\/\",\"logo\":{\"@type\":\"ImageObject\",\"inLanguage\":\"de\",\"@id\":\"https:\\\/\\\/www.altaviadeimontilattari.it\\\/#\\\/schema\\\/logo\\\/image\\\/\",\"url\":\"https:\\\/\\\/i0.wp.com\\\/www.altaviadeimontilattari.it\\\/wp-content\\\/uploads\\\/2020\\\/12\\\/alta_via_monyi_lattari_logo.png?fit=325%2C100&ssl=1\",\"contentUrl\":\"https:\\\/\\\/i0.wp.com\\\/www.altaviadeimontilattari.it\\\/wp-content\\\/uploads\\\/2020\\\/12\\\/alta_via_monyi_lattari_logo.png?fit=325%2C100&ssl=1\",\"width\":325,\"height\":100,\"caption\":\"Alta Via dei Monti Lattari\"},\"image\":{\"@id\":\"https:\\\/\\\/www.altaviadeimontilattari.it\\\/#\\\/schema\\\/logo\\\/image\\\/\"}}]}<\/script>\n<!-- \/ Yoast SEO plugin. -->","yoast_head_json":{"title":"Was Sie mitbringen sollten - Empfohlenes Material - Alta Via dei Monti Lattari","description":"Diese Liste ist eine Empfehlung f\u00fcr die technische Mindestausr\u00fcstung, die f\u00fcr eine 3-t\u00e4gige Wanderung auf der Alta Via dei Monti Lattari erforderlich ist.","robots":{"index":"index","follow":"follow","max-snippet":"max-snippet:-1","max-image-preview":"max-image-preview:large","max-video-preview":"max-video-preview:-1"},"canonical":"https:\/\/www.altaviadeimontilattari.it\/de\/was-sie-mitbringen-sollten-empfohlenes-material\/","og_locale":"de_DE","og_type":"article","og_title":"Was Sie mitbringen sollten - Empfohlenes Material - Alta Via dei Monti Lattari","og_description":"Diese Liste ist eine Empfehlung f\u00fcr die technische Mindestausr\u00fcstung, die f\u00fcr eine 3-t\u00e4gige Wanderung auf der Alta Via dei Monti Lattari erforderlich ist.","og_url":"https:\/\/www.altaviadeimontilattari.it\/de\/was-sie-mitbringen-sollten-empfohlenes-material\/","og_site_name":"Alta Via dei Monti Lattari","article_modified_time":"2022-06-30T13:31:46+00:00","og_image":[{"width":600,"height":600,"url":"https:\/\/i0.wp.com\/www.altaviadeimontilattari.it\/wp-content\/uploads\/2020\/12\/consigli_trekking.jpg?fit=600%2C600&ssl=1","type":"image\/jpeg"}],"twitter_card":"summary_large_image","twitter_misc":{"Gesch\u00e4tzte Lesezeit":"1\u00a0Minute"},"schema":{"@context":"https:\/\/schema.org","@graph":[{"@type":"WebPage","@id":"https:\/\/www.altaviadeimontilattari.it\/de\/was-sie-mitbringen-sollten-empfohlenes-material\/","url":"https:\/\/www.altaviadeimontilattari.it\/de\/was-sie-mitbringen-sollten-empfohlenes-material\/","name":"Was Sie mitbringen sollten - Empfohlenes Material - Alta Via dei Monti Lattari","isPartOf":{"@id":"https:\/\/www.altaviadeimontilattari.it\/#website"},"primaryImageOfPage":{"@id":"https:\/\/www.altaviadeimontilattari.it\/de\/was-sie-mitbringen-sollten-empfohlenes-material\/#primaryimage"},"image":{"@id":"https:\/\/www.altaviadeimontilattari.it\/de\/was-sie-mitbringen-sollten-empfohlenes-material\/#primaryimage"},"thumbnailUrl":"https:\/\/i0.wp.com\/www.altaviadeimontilattari.it\/wp-content\/uploads\/2020\/12\/consigli_trekking.jpg?fit=600%2C600&ssl=1","datePublished":"2022-05-09T07:41:08+00:00","dateModified":"2022-06-30T13:31:46+00:00","description":"Diese Liste ist eine Empfehlung f\u00fcr die technische Mindestausr\u00fcstung, die f\u00fcr eine 3-t\u00e4gige Wanderung auf der Alta Via dei Monti Lattari erforderlich ist.","breadcrumb":{"@id":"https:\/\/www.altaviadeimontilattari.it\/de\/was-sie-mitbringen-sollten-empfohlenes-material\/#breadcrumb"},"inLanguage":"de","potentialAction":[{"@type":"ReadAction","target":["https:\/\/www.altaviadeimontilattari.it\/de\/was-sie-mitbringen-sollten-empfohlenes-material\/"]}]},{"@type":"ImageObject","inLanguage":"de","@id":"https:\/\/www.altaviadeimontilattari.it\/de\/was-sie-mitbringen-sollten-empfohlenes-material\/#primaryimage","url":"https:\/\/i0.wp.com\/www.altaviadeimontilattari.it\/wp-content\/uploads\/2020\/12\/consigli_trekking.jpg?fit=600%2C600&ssl=1","contentUrl":"https:\/\/i0.wp.com\/www.altaviadeimontilattari.it\/wp-content\/uploads\/2020\/12\/consigli_trekking.jpg?fit=600%2C600&ssl=1","width":600,"height":600},{"@type":"BreadcrumbList","@id":"https:\/\/www.altaviadeimontilattari.it\/de\/was-sie-mitbringen-sollten-empfohlenes-material\/#breadcrumb","itemListElement":[{"@type":"ListItem","position":1,"name":"Home","item":"https:\/\/www.altaviadeimontilattari.it\/es\/"},{"@type":"ListItem","position":2,"name":"Was Sie mitbringen sollten &#8211; Empfohlenes Material"}]},{"@type":"WebSite","@id":"https:\/\/www.altaviadeimontilattari.it\/#website","url":"https:\/\/www.altaviadeimontilattari.it\/","name":"Alta Via dei Monti Lattari","description":"La montagna \u00e8 un modo di vivere la vita.","publisher":{"@id":"https:\/\/www.altaviadeimontilattari.it\/#organization"},"potentialAction":[{"@type":"SearchAction","target":{"@type":"EntryPoint","urlTemplate":"https:\/\/www.altaviadeimontilattari.it\/?s={search_term_string}"},"query-input":{"@type":"PropertyValueSpecification","valueRequired":true,"valueName":"search_term_string"}}],"inLanguage":"de"},{"@type":"Organization","@id":"https:\/\/www.altaviadeimontilattari.it\/#organization","name":"Alta Via dei Monti Lattari","url":"https:\/\/www.altaviadeimontilattari.it\/","logo":{"@type":"ImageObject","inLanguage":"de","@id":"https:\/\/www.altaviadeimontilattari.it\/#\/schema\/logo\/image\/","url":"https:\/\/i0.wp.com\/www.altaviadeimontilattari.it\/wp-content\/uploads\/2020\/12\/alta_via_monyi_lattari_logo.png?fit=325%2C100&ssl=1","contentUrl":"https:\/\/i0.wp.com\/www.altaviadeimontilattari.it\/wp-content\/uploads\/2020\/12\/alta_via_monyi_lattari_logo.png?fit=325%2C100&ssl=1","width":325,"height":100,"caption":"Alta Via dei Monti Lattari"},"image":{"@id":"https:\/\/www.altaviadeimontilattari.it\/#\/schema\/logo\/image\/"}}]}},"jetpack-related-posts":[{"id":5925,"url":"https:\/\/www.altaviadeimontilattari.it\/de\/5-wo-man-schlaeft-schutzhuetten\/","url_meta":{"origin":5972,"position":0},"title":"5. Wo man schl\u00e4ft: Schutzh\u00fctten","author":"","date":"20. November 2020","format":false,"excerpt":"Es gibt \u00dcbernachtungsm\u00f6glichkeiten in Amalfik\u00fcste f\u00fcr alle Geschm\u00e4cker und fast alle Budgets. Amalfi e Positano sind die wichtigsten touristischen Zentren der Amalfik\u00fcste und daher sind die Preise f\u00fcr Unterk\u00fcnfte relativ teuer. Wer hier in der Hauptreisezeit zwischen Mai und September ein sch\u00f6nes Zimmer zu einem vern\u00fcnftigen Preis ergattern will, sollte\u2026","rel":"","context":"\u00c4hnlicher Beitrag","block_context":{"text":"\u00c4hnlicher Beitrag","link":""},"img":{"alt_text":"","src":"","width":0,"height":0},"classes":[]},{"id":5990,"url":"https:\/\/www.altaviadeimontilattari.it\/de\/die-amalfikueste-und-die-sorrentinische-halbinsel-inmitten-von-poesie-kunst-und-aphorismen\/","url_meta":{"origin":5972,"position":1},"title":"Die Amalfik\u00fcste und die Sorrentinische Halbinsel inmitten von Poesie, Kunst und Aphorismen","author":"Luca Casaburi","date":"28. Mai 2022","format":false,"excerpt":"Die Amalfik\u00fcste war schon immer ein Land der Seefahrer und Erfinder, aber auch eine Inspiration f\u00fcr Dichter, Schriftsteller und gro\u00dfe Komponisten. Ich schlage eine Reise durch diese L\u00e4nder vor, wahre Gem\u00e4lde, umrahmt von einem indigoblauen Himmel und einem smaragdfarbenen Meer, gesehen durch die Augen ber\u00fchmter Besucher. Die K\u00fcste wurde von\u2026","rel":"","context":"\u00c4hnlicher Beitrag","block_context":{"text":"\u00c4hnlicher Beitrag","link":""},"img":{"alt_text":"","src":"","width":0,"height":0},"classes":[]},{"id":6042,"url":"https:\/\/www.altaviadeimontilattari.it\/de\/cookie-politik\/","url_meta":{"origin":5972,"position":2},"title":"Cookie-Politik","author":"Luca Casaburi","date":"16. Februar 2021","format":false,"excerpt":"Was ist ein Cookie? Ein Cookie ist eine kleine Textdatei, die auf dem Computer gespeichert wird, wenn ein Nutzer eine Website besucht. Der Text speichert Informationen, die die Website lesen kann, wenn sie zu einem sp\u00e4teren Zeitpunkt aufgerufen wird. Einige dieser Cookies sind f\u00fcr das ordnungsgem\u00e4\u00dfe Funktionieren der Website notwendig,\u2026","rel":"","context":"\u00c4hnlicher Beitrag","block_context":{"text":"\u00c4hnlicher Beitrag","link":""},"img":{"alt_text":"","src":"","width":0,"height":0},"classes":[]},{"id":6124,"url":"https:\/\/www.altaviadeimontilattari.it\/de\/die-amalfikueste\/","url_meta":{"origin":5972,"position":3},"title":"Die Amalfik\u00fcste","author":"","date":"19. November 2020","format":false,"excerpt":"Die Amalfik\u00fcste repr\u00e4sentiert die herrliche Landschaft s\u00fcdlich des chaotischen und faszinierenden Neapels. Daf\u00fcr sind die Inseln Capri, Ischia und Procida Anziehungspunkte f\u00fcr Millionen von Besuchern, die nicht nur aus Italien kommen. Die St\u00e4dte, die die K\u00fcsten Kampaniens beleben, sind in die Berge eingebettet, unber\u00fchrt und bewahren einen immergr\u00fcnen Charme, der\u2026","rel":"","context":"\u00c4hnlicher Beitrag","block_context":{"text":"\u00c4hnlicher Beitrag","link":""},"img":{"alt_text":"","src":"","width":0,"height":0},"classes":[]},{"id":6029,"url":"https:\/\/www.altaviadeimontilattari.it\/de\/bericht-unterkunft\/","url_meta":{"origin":5972,"position":4},"title":"Bericht Unterkunft","author":"Luca Casaburi","date":"12. Januar 2022","format":false,"excerpt":"N\u00fctzliche Seiten tourismus.ricercattiva.itwww.mdtsoftware.it E-Mail luca.casaburi@ricercattiva.it luca.casaburi@ricercattiva.itluca.casaburi@mdtsoftware.it Instagram @tourismus.ricercattiva@lugask Sie sind ein Unterkunftsanbieter und m\u00f6chten sich bekannt machen? altaviadeimontilattari.it wurde ins Leben gerufen, um die Monti Lattari, die Amalfik\u00fcste und die Sorrentinische Halbinsel bekannt zu machen, Regionen Italiens, die noch wenig f\u00fcr ihre Natur und Sch\u00f6nheit bekannt sind. Die beste Art\u2026","rel":"","context":"\u00c4hnlicher Beitrag","block_context":{"text":"\u00c4hnlicher Beitrag","link":""},"img":{"alt_text":"","src":"","width":0,"height":0},"classes":[]},{"id":6097,"url":"https:\/\/www.altaviadeimontilattari.it\/de\/datenschutz-bestimmungen\/","url_meta":{"origin":5972,"position":5},"title":"Datenschutz-Bestimmungen","author":"Luca Casaburi","date":"16. Februar 2021","format":false,"excerpt":"Datenschutzrichtlinie der\u00a0www.altaviadeimontilattari.it Diese Anwendung sammelt einige pers\u00f6nliche Daten ihrer Nutzer. Arten der erhobenen Daten Arten von gesammelten Daten Zu den personenbezogenen Daten, die von dieser Anwendung entweder eigenst\u00e4ndig oder \u00fcber Dritte erhoben werden, geh\u00f6ren: Name, Nachname, E-Mail, Cookies und Nutzungsdaten. Ausf\u00fchrliche Informationen zu jeder Art von erfassten Daten finden Sie\u2026","rel":"","context":"\u00c4hnlicher Beitrag","block_context":{"text":"\u00c4hnlicher Beitrag","link":""},"img":{"alt_text":"","src":"","width":0,"height":0},"classes":[]}],"jetpack_shortlink":"https:\/\/wp.me\/PcGNaV-1yk","jetpack_sharing_enabled":true,"_links":{"self":[{"href":"https:\/\/www.altaviadeimontilattari.it\/de\/wp-json\/wp\/v2\/pages\/5972","targetHints":{"allow":["GET"]}}],"collection":[{"href":"https:\/\/www.altaviadeimontilattari.it\/de\/wp-json\/wp\/v2\/pages"}],"about":[{"href":"https:\/\/www.altaviadeimontilattari.it\/de\/wp-json\/wp\/v2\/types\/page"}],"author":[{"embeddable":true,"href":"https:\/\/www.altaviadeimontilattari.it\/de\/wp-json\/wp\/v2\/users\/1"}],"replies":[{"embeddable":true,"href":"https:\/\/www.altaviadeimontilattari.it\/de\/wp-json\/wp\/v2\/comments?post=5972"}],"version-history":[{"count":1,"href":"https:\/\/www.altaviadeimontilattari.it\/de\/wp-json\/wp\/v2\/pages\/5972\/revisions"}],"predecessor-version":[{"id":5974,"href":"https:\/\/www.altaviadeimontilattari.it\/de\/wp-json\/wp\/v2\/pages\/5972\/revisions\/5974"}],"wp:featuredmedia":[{"embeddable":true,"href":"https:\/\/www.altaviadeimontilattari.it\/de\/wp-json\/wp\/v2\/media\/4937"}],"wp:attachment":[{"href":"https:\/\/www.altaviadeimontilattari.it\/de\/wp-json\/wp\/v2\/media?parent=5972"}],"curies":[{"name":"wp","href":"https:\/\/api.w.org\/{rel}","templated":true}]}}