{"id":5991,"date":"2022-06-01T13:35:28","date_gmt":"2022-06-01T13:35:28","guid":{"rendered":"https:\/\/www.altaviadeimontilattari.it\/emotionen-schritt-fuer-schritt\/"},"modified":"2022-06-30T13:31:49","modified_gmt":"2022-06-30T13:31:49","slug":"emotionen-schritt-fuer-schritt","status":"publish","type":"page","link":"https:\/\/www.altaviadeimontilattari.it\/de\/emotionen-schritt-fuer-schritt\/","title":{"rendered":"Emotionen Schritt f\u00fcr Schritt"},"content":{"rendered":"\n<p>Schritt f\u00fcr Schritt teilen wir unsere Gef\u00fchle, ein einziges Wort, um zu beschreiben, was wir in diesem Moment auf der Alta Via dei Monti Lattari f\u00fchlen. Wir werden eine Wortwolke aufbauen, die im Laufe unserer Reise immer weiter wachsen wird.<\/p>\n\n<p>Wenn auch Sie uns ein Wort zu unserer Erfahrung mitteilen m\u00f6chten, klicken Sie auf den Link, loggen Sie sich ein und teilen Sie Ihre Gef\u00fchle mit.<\/p>\n\n<div class=\"wp-block-buttons is-content-justification-center is-layout-flex wp-container-core-buttons-is-layout-16018d1d wp-block-buttons-is-layout-flex\">\n<div class=\"wp-block-button\"><a class=\"wp-block-button__link\" href=\"https:\/\/www.menti.com\/9a6aj97vwb\" target=\"_blank\" rel=\"noreferrer noopener\">Teilen Sie eine Emotion von Ihnen<\/a><\/div>\n<\/div>\n\n<div id=\"wp-block-themeisle-blocks-advanced-columns-32979360\" class=\"wp-block-themeisle-blocks-advanced-columns has-1-columns has-desktop-equal-layout has-tablet-equal-layout has-mobile-equal-layout has-vertical-unset\"><div class=\"wp-block-themeisle-blocks-advanced-columns-overlay\"><\/div><div class=\"innerblocks-wrap\">\n<div id=\"wp-block-themeisle-blocks-advanced-column-935a311e\" class=\"wp-block-themeisle-blocks-advanced-column\">\n<br\/><br\/><div style=\"position: relative; padding-bottom: 56.25%; padding-top: 35px; height: 0; overflow: hidden;\"><iframe sandbox=\"allow-scripts allow-same-origin allow-presentation\" allowfullscreen=\"true\" allowtransparency=\"true\" frameborder=\"0\" height=\"315\" src=\"https:\/\/www.mentimeter.com\/app\/presentation\/7d27a064ee89d13fdcc18a4c12999f09\/0791a4549fe5\/embed\" style=\"position: absolute; top: 0; left: 0; width: 100%; height: 100%;\" width=\"420\"><\/iframe><\/div>\n<\/div>\n<\/div><\/div>\n<div style=\"margin: 20px 0;\"><div class=\"qrcswholewtapper\" style=\"text-align:left;\"><div class=\"qrcprowrapper\"  id=\"qrcwraa2leds\"><div class=\"qrc_canvass\" id=\"qrc_cuttenpages_2\" style=\"display:inline-block\" data-text=\"https:\/\/www.altaviadeimontilattari.it\/de\/emotionen-schritt-fuer-schritt\/\"><\/div><div><a download=\"Emotionen Schritt f\u00fcr Schritt.png\" class=\"qrcdownloads\" id=\"worign\">\r\n           <button type=\"button\" style=\"min-width:200px;background:#81ea00;color:#000;font-weight: 600;border: 1px solid #dddddd;border-radius:4px;font-size:12px;padding: 6px 0;\" class=\"uqr_code_btn\">Download QR<\/button>\r\n           <\/a><\/div><\/div><\/div><\/div>","protected":false},"excerpt":{"rendered":"<p>Schritt f\u00fcr Schritt teilen wir unsere Gef\u00fchle, ein einziges Wort, um zu beschreiben, was wir in diesem Moment auf der Alta Via dei Monti Lattari f\u00fchlen. Wir werden eine Wortwolke aufbauen, die im Laufe unserer Reise immer weiter wachsen wird. Wenn auch Sie uns ein Wort zu unserer Erfahrung mitteilen m\u00f6chten, klicken Sie auf den&hellip;&nbsp;<a href=\"https:\/\/www.altaviadeimontilattari.it\/de\/emotionen-schritt-fuer-schritt\/\" rel=\"bookmark\">Mehr lesen &raquo;<span class=\"screen-reader-text\">Emotionen Schritt f\u00fcr Schritt<\/span><\/a><\/p>\n","protected":false},"author":1,"featured_media":0,"parent":0,"menu_order":0,"comment_status":"closed","ping_status":"closed","template":"","meta":{"neve_meta_sidebar":"full-width","neve_meta_container":"","neve_meta_enable_content_width":"on","neve_meta_content_width":100,"neve_meta_title_alignment":"","neve_meta_author_avatar":"","neve_post_elements_order":"","neve_meta_disable_header":"","neve_meta_disable_footer":"","neve_meta_disable_title":"","neve_meta_reading_time":"","_themeisle_gutenberg_block_has_review":false,"jetpack_post_was_ever_published":false,"footnotes":""},"class_list":["post-5991","page","type-page","status-publish","hentry"],"yoast_head":"<!-- This site is optimized with the Yoast SEO plugin v27.4 - https:\/\/yoast.com\/product\/yoast-seo-wordpress\/ -->\n<title>Emotionen Schritt f\u00fcr Schritt - Alta Via dei Monti Lattari<\/title>\n<meta name=\"robots\" content=\"index, follow, max-snippet:-1, max-image-preview:large, max-video-preview:-1\" \/>\n<link rel=\"canonical\" href=\"https:\/\/www.altaviadeimontilattari.it\/de\/emotionen-schritt-fuer-schritt\/\" \/>\n<meta property=\"og:locale\" content=\"de_DE\" \/>\n<meta property=\"og:type\" content=\"article\" \/>\n<meta property=\"og:title\" content=\"Emotionen Schritt f\u00fcr Schritt - Alta Via dei Monti Lattari\" \/>\n<meta property=\"og:description\" content=\"Schritt f\u00fcr Schritt teilen wir unsere Gef\u00fchle, ein einziges Wort, um zu beschreiben, was wir in diesem Moment auf der Alta Via dei Monti Lattari f\u00fchlen. Wir werden eine Wortwolke aufbauen, die im Laufe unserer Reise immer weiter wachsen wird. Wenn auch Sie uns ein Wort zu unserer Erfahrung mitteilen m\u00f6chten, klicken Sie auf den&hellip;&nbsp;Mehr lesen &raquo;Emotionen Schritt f\u00fcr Schritt\" \/>\n<meta property=\"og:url\" content=\"https:\/\/www.altaviadeimontilattari.it\/de\/emotionen-schritt-fuer-schritt\/\" \/>\n<meta property=\"og:site_name\" content=\"Alta Via dei Monti Lattari\" \/>\n<meta property=\"article:modified_time\" content=\"2022-06-30T13:31:49+00:00\" \/>\n<meta name=\"twitter:card\" content=\"summary_large_image\" \/>\n<script type=\"application\/ld+json\" class=\"yoast-schema-graph\">{\"@context\":\"https:\\\/\\\/schema.org\",\"@graph\":[{\"@type\":\"WebPage\",\"@id\":\"https:\\\/\\\/www.altaviadeimontilattari.it\\\/de\\\/emotionen-schritt-fuer-schritt\\\/\",\"url\":\"https:\\\/\\\/www.altaviadeimontilattari.it\\\/de\\\/emotionen-schritt-fuer-schritt\\\/\",\"name\":\"Emotionen Schritt f\u00fcr Schritt - Alta Via dei Monti Lattari\",\"isPartOf\":{\"@id\":\"https:\\\/\\\/www.altaviadeimontilattari.it\\\/#website\"},\"datePublished\":\"2022-06-01T13:35:28+00:00\",\"dateModified\":\"2022-06-30T13:31:49+00:00\",\"breadcrumb\":{\"@id\":\"https:\\\/\\\/www.altaviadeimontilattari.it\\\/de\\\/emotionen-schritt-fuer-schritt\\\/#breadcrumb\"},\"inLanguage\":\"de\",\"potentialAction\":[{\"@type\":\"ReadAction\",\"target\":[\"https:\\\/\\\/www.altaviadeimontilattari.it\\\/de\\\/emotionen-schritt-fuer-schritt\\\/\"]}]},{\"@type\":\"BreadcrumbList\",\"@id\":\"https:\\\/\\\/www.altaviadeimontilattari.it\\\/de\\\/emotionen-schritt-fuer-schritt\\\/#breadcrumb\",\"itemListElement\":[{\"@type\":\"ListItem\",\"position\":1,\"name\":\"Home\",\"item\":\"https:\\\/\\\/www.altaviadeimontilattari.it\\\/es\\\/\"},{\"@type\":\"ListItem\",\"position\":2,\"name\":\"Emotionen Schritt f\u00fcr Schritt\"}]},{\"@type\":\"WebSite\",\"@id\":\"https:\\\/\\\/www.altaviadeimontilattari.it\\\/#website\",\"url\":\"https:\\\/\\\/www.altaviadeimontilattari.it\\\/\",\"name\":\"Alta Via dei Monti Lattari\",\"description\":\"La montagna \u00e8 un modo di vivere la vita.\",\"publisher\":{\"@id\":\"https:\\\/\\\/www.altaviadeimontilattari.it\\\/#organization\"},\"potentialAction\":[{\"@type\":\"SearchAction\",\"target\":{\"@type\":\"EntryPoint\",\"urlTemplate\":\"https:\\\/\\\/www.altaviadeimontilattari.it\\\/?s={search_term_string}\"},\"query-input\":{\"@type\":\"PropertyValueSpecification\",\"valueRequired\":true,\"valueName\":\"search_term_string\"}}],\"inLanguage\":\"de\"},{\"@type\":\"Organization\",\"@id\":\"https:\\\/\\\/www.altaviadeimontilattari.it\\\/#organization\",\"name\":\"Alta Via dei Monti Lattari\",\"url\":\"https:\\\/\\\/www.altaviadeimontilattari.it\\\/\",\"logo\":{\"@type\":\"ImageObject\",\"inLanguage\":\"de\",\"@id\":\"https:\\\/\\\/www.altaviadeimontilattari.it\\\/#\\\/schema\\\/logo\\\/image\\\/\",\"url\":\"https:\\\/\\\/i0.wp.com\\\/www.altaviadeimontilattari.it\\\/wp-content\\\/uploads\\\/2020\\\/12\\\/alta_via_monyi_lattari_logo.png?fit=325%2C100&ssl=1\",\"contentUrl\":\"https:\\\/\\\/i0.wp.com\\\/www.altaviadeimontilattari.it\\\/wp-content\\\/uploads\\\/2020\\\/12\\\/alta_via_monyi_lattari_logo.png?fit=325%2C100&ssl=1\",\"width\":325,\"height\":100,\"caption\":\"Alta Via dei Monti Lattari\"},\"image\":{\"@id\":\"https:\\\/\\\/www.altaviadeimontilattari.it\\\/#\\\/schema\\\/logo\\\/image\\\/\"}}]}<\/script>\n<!-- \/ Yoast SEO plugin. -->","yoast_head_json":{"title":"Emotionen Schritt f\u00fcr Schritt - Alta Via dei Monti Lattari","robots":{"index":"index","follow":"follow","max-snippet":"max-snippet:-1","max-image-preview":"max-image-preview:large","max-video-preview":"max-video-preview:-1"},"canonical":"https:\/\/www.altaviadeimontilattari.it\/de\/emotionen-schritt-fuer-schritt\/","og_locale":"de_DE","og_type":"article","og_title":"Emotionen Schritt f\u00fcr Schritt - Alta Via dei Monti Lattari","og_description":"Schritt f\u00fcr Schritt teilen wir unsere Gef\u00fchle, ein einziges Wort, um zu beschreiben, was wir in diesem Moment auf der Alta Via dei Monti Lattari f\u00fchlen. Wir werden eine Wortwolke aufbauen, die im Laufe unserer Reise immer weiter wachsen wird. Wenn auch Sie uns ein Wort zu unserer Erfahrung mitteilen m\u00f6chten, klicken Sie auf den&hellip;&nbsp;Mehr lesen &raquo;Emotionen Schritt f\u00fcr Schritt","og_url":"https:\/\/www.altaviadeimontilattari.it\/de\/emotionen-schritt-fuer-schritt\/","og_site_name":"Alta Via dei Monti Lattari","article_modified_time":"2022-06-30T13:31:49+00:00","twitter_card":"summary_large_image","schema":{"@context":"https:\/\/schema.org","@graph":[{"@type":"WebPage","@id":"https:\/\/www.altaviadeimontilattari.it\/de\/emotionen-schritt-fuer-schritt\/","url":"https:\/\/www.altaviadeimontilattari.it\/de\/emotionen-schritt-fuer-schritt\/","name":"Emotionen Schritt f\u00fcr Schritt - Alta Via dei Monti Lattari","isPartOf":{"@id":"https:\/\/www.altaviadeimontilattari.it\/#website"},"datePublished":"2022-06-01T13:35:28+00:00","dateModified":"2022-06-30T13:31:49+00:00","breadcrumb":{"@id":"https:\/\/www.altaviadeimontilattari.it\/de\/emotionen-schritt-fuer-schritt\/#breadcrumb"},"inLanguage":"de","potentialAction":[{"@type":"ReadAction","target":["https:\/\/www.altaviadeimontilattari.it\/de\/emotionen-schritt-fuer-schritt\/"]}]},{"@type":"BreadcrumbList","@id":"https:\/\/www.altaviadeimontilattari.it\/de\/emotionen-schritt-fuer-schritt\/#breadcrumb","itemListElement":[{"@type":"ListItem","position":1,"name":"Home","item":"https:\/\/www.altaviadeimontilattari.it\/es\/"},{"@type":"ListItem","position":2,"name":"Emotionen Schritt f\u00fcr Schritt"}]},{"@type":"WebSite","@id":"https:\/\/www.altaviadeimontilattari.it\/#website","url":"https:\/\/www.altaviadeimontilattari.it\/","name":"Alta Via dei Monti Lattari","description":"La montagna \u00e8 un modo di vivere la vita.","publisher":{"@id":"https:\/\/www.altaviadeimontilattari.it\/#organization"},"potentialAction":[{"@type":"SearchAction","target":{"@type":"EntryPoint","urlTemplate":"https:\/\/www.altaviadeimontilattari.it\/?s={search_term_string}"},"query-input":{"@type":"PropertyValueSpecification","valueRequired":true,"valueName":"search_term_string"}}],"inLanguage":"de"},{"@type":"Organization","@id":"https:\/\/www.altaviadeimontilattari.it\/#organization","name":"Alta Via dei Monti Lattari","url":"https:\/\/www.altaviadeimontilattari.it\/","logo":{"@type":"ImageObject","inLanguage":"de","@id":"https:\/\/www.altaviadeimontilattari.it\/#\/schema\/logo\/image\/","url":"https:\/\/i0.wp.com\/www.altaviadeimontilattari.it\/wp-content\/uploads\/2020\/12\/alta_via_monyi_lattari_logo.png?fit=325%2C100&ssl=1","contentUrl":"https:\/\/i0.wp.com\/www.altaviadeimontilattari.it\/wp-content\/uploads\/2020\/12\/alta_via_monyi_lattari_logo.png?fit=325%2C100&ssl=1","width":325,"height":100,"caption":"Alta Via dei Monti Lattari"},"image":{"@id":"https:\/\/www.altaviadeimontilattari.it\/#\/schema\/logo\/image\/"}}]}},"jetpack-related-posts":[{"id":6004,"url":"https:\/\/www.altaviadeimontilattari.it\/de\/gipfel-tagebuch\/","url_meta":{"origin":5991,"position":0},"title":"Gipfel-Tagebuch","author":"Luca Casaburi","date":"15. Januar 2022","format":false,"excerpt":"Teilen Sie einen Ihrer Gedanken mit, damit sich andere Entdecker in die Natur verlieben Hinterlassen Sie einen Gedanken, ein Gef\u00fchl, ein Foto, ein Gedicht oder einen Satz zu den Orten, die von derAlta Via dei Monti Lattari durchquert werden. Er wird im Diario delle Vette ver\u00f6ffentlicht, einem Online-Tagebuch, das die\u2026","rel":"","context":"\u00c4hnlicher Beitrag","block_context":{"text":"\u00c4hnlicher Beitrag","link":""},"img":{"alt_text":"","src":"","width":0,"height":0},"classes":[]},{"id":7425,"url":"https:\/\/www.altaviadeimontilattari.it\/de\/gehen-sie-mit-uns-4-auflage-2025\/","url_meta":{"origin":5991,"position":1},"title":"Gehen Sie mit uns &#8211; 4. Auflage 2025","author":"Luca Casaburi","date":"4. April 2025","format":false,"excerpt":"Jeder kann mit uns gehen. Machen Sie sich mit uns auf den Weg und entdecken Sie die Alta Via dei Monti Lattari! In dieser neuen Ausgabe werden wir die gesamte Alta Via dei Monti Lattari in drei Tagen erwandern und dabei dem beeindruckenden Pfad 300 des CAI folgen. Wir starten\u2026","rel":"","context":"\u00c4hnlicher Beitrag","block_context":{"text":"\u00c4hnlicher Beitrag","link":""},"img":{"alt_text":"Cammina con noi - Alta via dei monti lattari - IV edizione 2025","src":"https:\/\/i0.wp.com\/www.altaviadeimontilattari.it\/wp-content\/uploads\/2025\/04\/cammina-con-noi-alta-via-dei-monti-lattari-iv-edizione-2025.png?resize=350%2C200&ssl=1","width":350,"height":200,"srcset":"https:\/\/i0.wp.com\/www.altaviadeimontilattari.it\/wp-content\/uploads\/2025\/04\/cammina-con-noi-alta-via-dei-monti-lattari-iv-edizione-2025.png?resize=350%2C200&ssl=1 1x, https:\/\/i0.wp.com\/www.altaviadeimontilattari.it\/wp-content\/uploads\/2025\/04\/cammina-con-noi-alta-via-dei-monti-lattari-iv-edizione-2025.png?resize=525%2C300&ssl=1 1.5x, https:\/\/i0.wp.com\/www.altaviadeimontilattari.it\/wp-content\/uploads\/2025\/04\/cammina-con-noi-alta-via-dei-monti-lattari-iv-edizione-2025.png?resize=700%2C400&ssl=1 2x"},"classes":[]},{"id":5934,"url":"https:\/\/www.altaviadeimontilattari.it\/de\/gehen-sie-mit-uns\/","url_meta":{"origin":5991,"position":2},"title":"Gehen Sie mit uns","author":"Luca Casaburi","date":"6. Mai 2022","format":false,"excerpt":"Jeder kann mit uns gehen. Machen Sie sich mit uns auf den Weg und entdecken Sie die Alta Via dei Monti Lattari! Gehen Sie mit uns 2. bis 4. Juni 2022 Wir wandern drei Tage lang auf der Alta Via dei Monti Lattari und folgen dabei dem gesamten 300CAI-Weg. Sie\u2026","rel":"","context":"\u00c4hnlicher Beitrag","block_context":{"text":"\u00c4hnlicher Beitrag","link":""},"img":{"alt_text":"","src":"https:\/\/i0.wp.com\/www.altaviadeimontilattari.it\/wp-content\/uploads\/2022\/05\/monte_finestra_sud-edited.jpg?resize=350%2C200&ssl=1","width":350,"height":200,"srcset":"https:\/\/i0.wp.com\/www.altaviadeimontilattari.it\/wp-content\/uploads\/2022\/05\/monte_finestra_sud-edited.jpg?resize=350%2C200&ssl=1 1x, https:\/\/i0.wp.com\/www.altaviadeimontilattari.it\/wp-content\/uploads\/2022\/05\/monte_finestra_sud-edited.jpg?resize=525%2C300&ssl=1 1.5x, https:\/\/i0.wp.com\/www.altaviadeimontilattari.it\/wp-content\/uploads\/2022\/05\/monte_finestra_sud-edited.jpg?resize=700%2C400&ssl=1 2x"},"classes":[]},{"id":7289,"url":"https:\/\/www.altaviadeimontilattari.it\/de\/cammina-con-noi-iii-ausgabe-2024\/","url_meta":{"origin":5991,"position":3},"title":"Cammina con noi &#8211; III Ausgabe 2024","author":"Luca Casaburi","date":"11. April 2024","format":false,"excerpt":"Jeder kann mit uns gehen. Machen Sie sich mit uns auf den Weg und entdecken Sie die Alta Via dei Monti Lattari! Wir wandern drei Tage lang auf der Alta Via dei Monti Lattari und folgen dabei dem gesamten 300CAI-Weg. Sie beginnt in der Gemeinde Cava de' Tirreni und f\u00fchrt\u2026","rel":"","context":"\u00c4hnlicher Beitrag","block_context":{"text":"\u00c4hnlicher Beitrag","link":""},"img":{"alt_text":"","src":"https:\/\/i0.wp.com\/www.altaviadeimontilattari.it\/wp-content\/uploads\/2024\/04\/iii-edizione.jpg?resize=350%2C200&ssl=1","width":350,"height":200,"srcset":"https:\/\/i0.wp.com\/www.altaviadeimontilattari.it\/wp-content\/uploads\/2024\/04\/iii-edizione.jpg?resize=350%2C200&ssl=1 1x, https:\/\/i0.wp.com\/www.altaviadeimontilattari.it\/wp-content\/uploads\/2024\/04\/iii-edizione.jpg?resize=525%2C300&ssl=1 1.5x, https:\/\/i0.wp.com\/www.altaviadeimontilattari.it\/wp-content\/uploads\/2024\/04\/iii-edizione.jpg?resize=700%2C400&ssl=1 2x"},"classes":[]},{"id":5928,"url":"https:\/\/www.altaviadeimontilattari.it\/de\/alta-via-dei-monti-lattari\/","url_meta":{"origin":5991,"position":4},"title":"Alta Via dei Monti Lattari","author":"","date":"19. November 2020","format":false,"excerpt":"Mit dem Kopf in den Wolken und auf dem Meer Die f\u00fcr ihr tiefblaues Meer, ihre Klippen und ihre alten St\u00e4dte weltber\u00fchmte Amalfik\u00fcste verbirgt direkt \u00fcber der K\u00fcste die nat\u00fcrliche Sch\u00f6nheit der Monti Lattari. Durchzogen von Hunderten von ausgetretenen Maultierpfaden, ist der Lattari-Gebirge bilden das R\u00fcckgrat der Halbinsel sorrentina-amalfitana. Aufgrund\u2026","rel":"","context":"\u00c4hnlicher Beitrag","block_context":{"text":"\u00c4hnlicher Beitrag","link":""},"img":{"alt_text":"","src":"https:\/\/i0.wp.com\/www.altaviadeimontilattari.it\/wp-content\/uploads\/2020\/12\/tour_alta_via_monti_lattari.jpg?resize=350%2C200&ssl=1","width":350,"height":200,"srcset":"https:\/\/i0.wp.com\/www.altaviadeimontilattari.it\/wp-content\/uploads\/2020\/12\/tour_alta_via_monti_lattari.jpg?resize=350%2C200&ssl=1 1x, https:\/\/i0.wp.com\/www.altaviadeimontilattari.it\/wp-content\/uploads\/2020\/12\/tour_alta_via_monti_lattari.jpg?resize=525%2C300&ssl=1 1.5x, https:\/\/i0.wp.com\/www.altaviadeimontilattari.it\/wp-content\/uploads\/2020\/12\/tour_alta_via_monti_lattari.jpg?resize=700%2C400&ssl=1 2x"},"classes":[]},{"id":5953,"url":"https:\/\/www.altaviadeimontilattari.it\/de\/nuetzliche-tipps-fuer-die-organisation\/","url_meta":{"origin":5991,"position":5},"title":"N\u00fctzliche Tipps f\u00fcr die Organisation","author":"","date":"20. November 2020","format":false,"excerpt":"Wandern in Amalfik\u00fcste ist sch\u00f6n und sollte so bleiben. Es ist wichtig, dass Sie w\u00e4hrend Ihres Aufenthalts verantwortungsbewusst wandern, vor allem, weil die Zahl der Touristen, die sich jedes Jahr auf die Wanderwege begeben, steigt. Hier finden Sie einige Tipps, wie Sie sich organisieren und die Wanderung in vollen Z\u00fcgen\u2026","rel":"","context":"\u00c4hnlicher Beitrag","block_context":{"text":"\u00c4hnlicher Beitrag","link":""},"img":{"alt_text":"","src":"","width":0,"height":0},"classes":[]}],"jetpack_shortlink":"https:\/\/wp.me\/PcGNaV-1yD","jetpack_sharing_enabled":true,"_links":{"self":[{"href":"https:\/\/www.altaviadeimontilattari.it\/de\/wp-json\/wp\/v2\/pages\/5991","targetHints":{"allow":["GET"]}}],"collection":[{"href":"https:\/\/www.altaviadeimontilattari.it\/de\/wp-json\/wp\/v2\/pages"}],"about":[{"href":"https:\/\/www.altaviadeimontilattari.it\/de\/wp-json\/wp\/v2\/types\/page"}],"author":[{"embeddable":true,"href":"https:\/\/www.altaviadeimontilattari.it\/de\/wp-json\/wp\/v2\/users\/1"}],"replies":[{"embeddable":true,"href":"https:\/\/www.altaviadeimontilattari.it\/de\/wp-json\/wp\/v2\/comments?post=5991"}],"version-history":[{"count":1,"href":"https:\/\/www.altaviadeimontilattari.it\/de\/wp-json\/wp\/v2\/pages\/5991\/revisions"}],"predecessor-version":[{"id":5994,"href":"https:\/\/www.altaviadeimontilattari.it\/de\/wp-json\/wp\/v2\/pages\/5991\/revisions\/5994"}],"wp:attachment":[{"href":"https:\/\/www.altaviadeimontilattari.it\/de\/wp-json\/wp\/v2\/media?parent=5991"}],"curies":[{"name":"wp","href":"https:\/\/api.w.org\/{rel}","templated":true}]}}