{"id":6004,"date":"2022-01-15T17:58:52","date_gmt":"2022-01-15T17:58:52","guid":{"rendered":"https:\/\/www.altaviadeimontilattari.it\/gipfel-tagebuch\/"},"modified":"2022-06-30T13:40:08","modified_gmt":"2022-06-30T13:40:08","slug":"gipfel-tagebuch","status":"publish","type":"page","link":"https:\/\/www.altaviadeimontilattari.it\/de\/gipfel-tagebuch\/","title":{"rendered":"Gipfel-Tagebuch"},"content":{"rendered":"<h2 class=\"wp-block-post-title\">Gipfel-Tagebuch<\/h2>\n<h3 class=\"wp-block-heading\" id=\"condividi-un-tuo-pensiero-per-far-innamorare-della-natura-altri-esploratori-1\">Teilen Sie einen Ihrer Gedanken mit, damit sich andere Entdecker in die Natur verlieben<\/h3>\n\n<p><strong>Hinterlassen Sie einen Gedanken<\/strong>, ein Gef\u00fchl, ein Foto, ein Gedicht oder einen Satz zu den Orten, die von der<strong>Alta Via dei Monti Lattari<\/strong> durchquert werden. Er wird im <strong>Diario delle Vette<\/strong> ver\u00f6ffentlicht, einem Online-Tagebuch, das die S\u00e4tze von Wanderern an diesen Orten sammelt, die Lust haben, etwas zu schreiben, wie in einem echten Gipfeltagebuch.<\/p>\n\n<div class=\"wp-block-themeisle-blocks-advanced-columns alignfull has-3-columns has-desktop-equal-layout has-tablet-equal-layout has-mobile-collapsedRows-layout has-wide-gap has-vertical-center\" id=\"wp-block-themeisle-blocks-advanced-columns-b47a10e8\"><div class=\"wp-block-themeisle-blocks-advanced-columns-overlay\"><\/div><div class=\"innerblocks-wrap\">\n<div class=\"wp-block-themeisle-blocks-advanced-column\" id=\"wp-block-themeisle-blocks-advanced-column-710d2f2e\">\n<div class=\"wp-block-themeisle-blocks-service\">\n<p class=\"wp-block-themeisle-blocks-font-awesome-icons\" id=\"wp-block-themeisle-blocks-font-awesome-icons-315d4435\"><span class=\"wp-block-themeisle-blocks-font-awesome-icons-container\"><i class=\"fas fa-globe\"><\/i><\/span><\/p>\n\n\n\n<h3 id=\"wp-block-themeisle-blocks-advanced-heading-becbb9db\" class=\"wp-block-themeisle-blocks-advanced-heading wp-block-themeisle-blocks-advanced-heading-becbb9db\">N\u00fctzliche Seiten<\/h3>\n\n\n\n<p id=\"wp-block-themeisle-blocks-advanced-heading-45d11933\" class=\"wp-block-themeisle-blocks-advanced-heading wp-block-themeisle-blocks-advanced-heading-45d11933\"><a href=\"http:\/\/turismo.ricercattiva.it\">tourismus.ricercattiva.it<\/a><br><a href=\"http:\/\/www.mdtsoftware.it\">www.mdtsoftware.it<\/a><\/p>\n<\/div>\n<\/div>\n\n\n\n<div class=\"wp-block-themeisle-blocks-advanced-column\" id=\"wp-block-themeisle-blocks-advanced-column-0ff5e1ce\">\n<p class=\"wp-block-themeisle-blocks-font-awesome-icons\" id=\"wp-block-themeisle-blocks-font-awesome-icons-bef7f625\"><span class=\"wp-block-themeisle-blocks-font-awesome-icons-container\"><i class=\"far fa-envelope\"><\/i><\/span><\/p>\n\n\n\n<h3 id=\"wp-block-themeisle-blocks-advanced-heading-dbb47dfe\" class=\"wp-block-themeisle-blocks-advanced-heading wp-block-themeisle-blocks-advanced-heading-dbb47dfe\">E-Mail<\/h3>\n\n\n\n<p id=\"wp-block-themeisle-blocks-advanced-heading-56cd61e2\" class=\"wp-block-themeisle-blocks-advanced-heading wp-block-themeisle-blocks-advanced-heading-56cd61e2\"><a href=\"luca.casaburi@ricercattiva.it\">luca.casaburi@ricercattiva.it luca.casaburi@ricercattiva.it<br><\/a><a href=\"mailto:luca.casaburi@mdtsoftware.it\">luca.casaburi@mdtsoftware.it<\/a><\/p>\n<\/div>\n\n\n\n<div class=\"wp-block-themeisle-blocks-advanced-column\" id=\"wp-block-themeisle-blocks-advanced-column-4ca87e43\">\n<p class=\"wp-block-themeisle-blocks-font-awesome-icons\" id=\"wp-block-themeisle-blocks-font-awesome-icons-e5aa46eb\"><span class=\"wp-block-themeisle-blocks-font-awesome-icons-container\"><i class=\"fab fa-instagram\"><\/i><\/span><\/p>\n\n\n\n<h3 id=\"wp-block-themeisle-blocks-advanced-heading-e41f38c3\" class=\"wp-block-themeisle-blocks-advanced-heading wp-block-themeisle-blocks-advanced-heading-e41f38c3\">Instagram<\/h3>\n\n\n\n<p id=\"wp-block-themeisle-blocks-advanced-heading-dca3de75\" class=\"wp-block-themeisle-blocks-advanced-heading wp-block-themeisle-blocks-advanced-heading-dca3de75\"><a href=\"https:\/\/www.instagram.com\/turismo.ricercattiva\/\">@tourismus.ricercattiva<\/a><br><a style=\"color:white;\" href=\"https:\/\/www.instagram.com\/lugask\/?hl=it\">@lugask<\/a><\/p>\n<\/div>\n<\/div><\/div>\n\n<div class=\"wp-block-columns is-layout-flex wp-container-core-columns-is-layout-9d6595d7 wp-block-columns-is-layout-flex\">\n<div class=\"wp-block-column is-layout-flow wp-block-column-is-layout-flow\" style=\"flex-basis:100%\">\n<div class=\"wp-block-columns has-nv-dark-bg-background-color has-background is-layout-flex wp-container-core-columns-is-layout-9d6595d7 wp-block-columns-is-layout-flex\">\n<div class=\"wp-block-column is-layout-flow wp-block-column-is-layout-flow\">\n<h2 class=\"has-nv-text-dark-bg-color has-text-color wp-block-heading\" id=\"condividi-un-tuo-pensiero-per-far-innamorare-della-natura-altri-esploratori\">Teilen Sie einen Ihrer Gedanken mit, damit sich andere Entdecker in die Natur verlieben  <\/h2>\n\n\n\n<p class=\"has-white-color has-text-color\"><strong>Hinterlassen Sie einen Gedanken<\/strong>, ein Gef\u00fchl, ein Foto, ein Gedicht oder einen Satz zu den Orten, die von der<strong>Alta Via dei Monti Lattari<\/strong> durchquert werden. Er wird im <strong>Diario delle Vette<\/strong> ver\u00f6ffentlicht, einem Online-Tagebuch, das die S\u00e4tze von Wanderern an diesen Orten sammelt, die Lust haben, etwas zu schreiben, wie in einem echten Gipfeltagebuch.  <\/p>\n\n\n\n<p class=\"has-white-color has-text-color\">Die Monti Lattari brachten Liebe und Freundschaft hervor, hinterlie\u00dfen starke Gef\u00fchle in sensiblen und starken Seelen. Die Wege in diesen Bergen sind reich an Geschichte, Kultur und Natur und es ist an der Zeit, sie aufzuwerten. Indem wir einen Teil von uns in ein paar Zeilen weitergeben, k\u00f6nnen wir eine unsichtbare Seite der Natur bekannt machen und viele dazu einladen, in sie einzutauchen und sie kennen zu lernen.<\/p>\n\n\n\n<p class=\"has-white-color has-text-color\">Schreiben Sie Ihre Gedanken, und jeden Monat wird die Seite Gipfeltagebuch aktualisiert, um alle bei uns eingegangenen Nachrichten zu ver\u00f6ffentlichen.  <br\/><br\/><strong><em>Ein Projekt zur Sensibilisierung f\u00fcr die Natur und den Weg eines jeden Menschen durch diese sonnenverw\u00f6hnten L\u00e4nder.<\/em><\/strong><\/p>\n\n\n\n<ul class=\"wp-block-social-links is-style-default is-layout-flex wp-block-social-links-is-layout-flex\"><li class=\"wp-social-link wp-social-link-facebook  wp-block-social-link\"><a rel=\"noopener nofollow\" target=\"_blank\" href=\"https:\/\/www.facebook.com\/turismo.ricercattiva\/\" class=\"wp-block-social-link-anchor\"><svg width=\"24\" height=\"24\" viewBox=\"0 0 24 24\" version=\"1.1\" xmlns=\"http:\/\/www.w3.org\/2000\/svg\" aria-hidden=\"true\" focusable=\"false\"><path d=\"M12 2C6.5 2 2 6.5 2 12c0 5 3.7 9.1 8.4 9.9v-7H7.9V12h2.5V9.8c0-2.5 1.5-3.9 3.8-3.9 1.1 0 2.2.2 2.2.2v2.5h-1.3c-1.2 0-1.6.8-1.6 1.6V12h2.8l-.4 2.9h-2.3v7C18.3 21.1 22 17 22 12c0-5.5-4.5-10-10-10z\"><\/path><\/svg><span class=\"wp-block-social-link-label screen-reader-text\">Facebook<\/span><\/a><\/li>\n\n<li class=\"wp-social-link wp-social-link-instagram  wp-block-social-link\"><a rel=\"noopener nofollow\" target=\"_blank\" href=\"https:\/\/www.instagram.com\/lugask\/?hl=it\" class=\"wp-block-social-link-anchor\"><svg width=\"24\" height=\"24\" viewBox=\"0 0 24 24\" version=\"1.1\" xmlns=\"http:\/\/www.w3.org\/2000\/svg\" aria-hidden=\"true\" focusable=\"false\"><path d=\"M12,4.622c2.403,0,2.688,0.009,3.637,0.052c0.877,0.04,1.354,0.187,1.671,0.31c0.42,0.163,0.72,0.358,1.035,0.673 c0.315,0.315,0.51,0.615,0.673,1.035c0.123,0.317,0.27,0.794,0.31,1.671c0.043,0.949,0.052,1.234,0.052,3.637 s-0.009,2.688-0.052,3.637c-0.04,0.877-0.187,1.354-0.31,1.671c-0.163,0.42-0.358,0.72-0.673,1.035 c-0.315,0.315-0.615,0.51-1.035,0.673c-0.317,0.123-0.794,0.27-1.671,0.31c-0.949,0.043-1.233,0.052-3.637,0.052 s-2.688-0.009-3.637-0.052c-0.877-0.04-1.354-0.187-1.671-0.31c-0.42-0.163-0.72-0.358-1.035-0.673 c-0.315-0.315-0.51-0.615-0.673-1.035c-0.123-0.317-0.27-0.794-0.31-1.671C4.631,14.688,4.622,14.403,4.622,12 s0.009-2.688,0.052-3.637c0.04-0.877,0.187-1.354,0.31-1.671c0.163-0.42,0.358-0.72,0.673-1.035 c0.315-0.315,0.615-0.51,1.035-0.673c0.317-0.123,0.794-0.27,1.671-0.31C9.312,4.631,9.597,4.622,12,4.622 M12,3 C9.556,3,9.249,3.01,8.289,3.054C7.331,3.098,6.677,3.25,6.105,3.472C5.513,3.702,5.011,4.01,4.511,4.511 c-0.5,0.5-0.808,1.002-1.038,1.594C3.25,6.677,3.098,7.331,3.054,8.289C3.01,9.249,3,9.556,3,12c0,2.444,0.01,2.751,0.054,3.711 c0.044,0.958,0.196,1.612,0.418,2.185c0.23,0.592,0.538,1.094,1.038,1.594c0.5,0.5,1.002,0.808,1.594,1.038 c0.572,0.222,1.227,0.375,2.185,0.418C9.249,20.99,9.556,21,12,21s2.751-0.01,3.711-0.054c0.958-0.044,1.612-0.196,2.185-0.418 c0.592-0.23,1.094-0.538,1.594-1.038c0.5-0.5,0.808-1.002,1.038-1.594c0.222-0.572,0.375-1.227,0.418-2.185 C20.99,14.751,21,14.444,21,12s-0.01-2.751-0.054-3.711c-0.044-0.958-0.196-1.612-0.418-2.185c-0.23-0.592-0.538-1.094-1.038-1.594 c-0.5-0.5-1.002-0.808-1.594-1.038c-0.572-0.222-1.227-0.375-2.185-0.418C14.751,3.01,14.444,3,12,3L12,3z M12,7.378 c-2.552,0-4.622,2.069-4.622,4.622S9.448,16.622,12,16.622s4.622-2.069,4.622-4.622S14.552,7.378,12,7.378z M12,15 c-1.657,0-3-1.343-3-3s1.343-3,3-3s3,1.343,3,3S13.657,15,12,15z M16.804,6.116c-0.596,0-1.08,0.484-1.08,1.08 s0.484,1.08,1.08,1.08c0.596,0,1.08-0.484,1.08-1.08S17.401,6.116,16.804,6.116z\"><\/path><\/svg><span class=\"wp-block-social-link-label screen-reader-text\">Instagram<\/span><\/a><\/li><\/ul>\n\n\n\n<p><\/p>\n<\/div>\n\n\n\n<div class=\"wp-block-column is-layout-flow wp-block-column-is-layout-flow\">\n<div class=\"wp-block-contact-form-7-contact-form-selector ticss-c61ff311\">\n<div class=\"wpcf7 no-js\" id=\"wpcf7-f3883-o1\" lang=\"it-IT\" dir=\"ltr\" data-wpcf7-id=\"3883\">\n<div class=\"screen-reader-response\"><p role=\"status\" aria-live=\"polite\" aria-atomic=\"true\"><\/p> <ul><\/ul><\/div>\n<form action=\"\/de\/wp-json\/wp\/v2\/pages\/6004#wpcf7-f3883-o1\" method=\"post\" class=\"wpcf7-form init\" aria-label=\"Modulo di contatto\" enctype=\"multipart\/form-data\" novalidate=\"novalidate\" data-status=\"init\">\n<fieldset class=\"hidden-fields-container\"><input type=\"hidden\" name=\"_wpcf7\" value=\"3883\" \/><input type=\"hidden\" name=\"_wpcf7_version\" value=\"6.1.5\" \/><input type=\"hidden\" name=\"_wpcf7_locale\" value=\"it_IT\" \/><input type=\"hidden\" name=\"_wpcf7_unit_tag\" value=\"wpcf7-f3883-o1\" \/><input type=\"hidden\" name=\"_wpcf7_container_post\" value=\"0\" \/><input type=\"hidden\" name=\"_wpcf7_posted_data_hash\" value=\"\" \/>\n<\/fieldset>\n<p><label> Nome e cognome<br \/>\n<span class=\"wpcf7-form-control-wrap\" data-name=\"your-name\"><input size=\"40\" maxlength=\"400\" class=\"wpcf7-form-control wpcf7-text wpcf7-validates-as-required\" aria-required=\"true\" aria-invalid=\"false\" value=\"\" type=\"text\" name=\"your-name\" \/><\/span> <\/label>\n<\/p>\n<p><label> Email<br \/>\n<span class=\"wpcf7-form-control-wrap\" data-name=\"your-email\"><input size=\"40\" maxlength=\"400\" class=\"wpcf7-form-control wpcf7-email wpcf7-validates-as-required wpcf7-text wpcf7-validates-as-email\" aria-required=\"true\" aria-invalid=\"false\" value=\"\" type=\"email\" name=\"your-email\" \/><\/span> <\/label>\n<\/p>\n<p><label> Oggetto<br \/>\n<span class=\"wpcf7-form-control-wrap\" data-name=\"your-subject\"><input size=\"40\" maxlength=\"400\" class=\"wpcf7-form-control wpcf7-text wpcf7-validates-as-required\" aria-required=\"true\" aria-invalid=\"false\" value=\"\" type=\"text\" name=\"your-subject\" \/><\/span> <\/label>\n<\/p>\n<p><label> Vetta \/ Montagna \/ Sentiero \/ Luogo<br \/>\n<span class=\"wpcf7-form-control-wrap\" data-name=\"sentiero\"><input size=\"40\" maxlength=\"400\" class=\"wpcf7-form-control wpcf7-text wpcf7-validates-as-required\" aria-required=\"true\" aria-invalid=\"false\" value=\"\" type=\"text\" name=\"sentiero\" \/><\/span> <\/label>\n<\/p>\n<p><label> Data<br \/>\n<span class=\"wpcf7-form-control-wrap\" data-name=\"data-nota\"><input class=\"wpcf7-form-control wpcf7-date wpcf7-validates-as-required wpcf7-validates-as-date\" aria-required=\"true\" aria-invalid=\"false\" value=\"\" type=\"date\" name=\"data-nota\" \/><\/span> <\/label>\n<\/p>\n<p><label> Il tuo messaggio (facoltativo)<br \/>\n<span class=\"wpcf7-form-control-wrap\" data-name=\"your-message\"><textarea cols=\"40\" rows=\"10\" maxlength=\"2000\" class=\"wpcf7-form-control wpcf7-textarea\" aria-invalid=\"false\" name=\"your-message\"><\/textarea><\/span> <\/label>\n<\/p>\n<p><label> Una tua foto (facoltativo)<br \/>\n<span class=\"wpcf7-form-control-wrap\" data-name=\"allegato\"><input size=\"40\" class=\"wpcf7-form-control wpcf7-file\" accept=\"audio\/*,video\/*,image\/*\" aria-invalid=\"false\" type=\"file\" name=\"allegato\" \/><\/span><br \/>\n<span class=\"wpcf7-form-control-wrap\" data-name=\"accettazione-gdpr\"><span class=\"wpcf7-form-control wpcf7-acceptance\"><span class=\"wpcf7-list-item\"><label><input type=\"checkbox\" name=\"accettazione-gdpr\" value=\"1\" aria-invalid=\"false\" \/><span class=\"wpcf7-list-item-label\">Ho letto l'<a href=\"https:\/\/altaviadeimontilattari.it\/informativa-sulla-privacy\/\" target=\"_blank\" rel=\"nofollow noopener\">informativa privacy<\/a> e acconsento alla memorizzazione dei miei dati nel vostro archivio secondo quanto stabilito dal regolamento europeo per la protezione dei dati personali n. 679\/2016, GDPR.<\/span><\/label><\/span><\/span><\/span> <span style=\"font-size: 13px; color:white;\">(Potrai cancellarli o chiederne una copia facendo esplicita richiesta a luca.casaburi@ricercattiva.it)<\/span> <span style=\"font-size: 13px; color: #ff0000;\">(richiesto)<\/span><br \/>\n<div id=\"cf7sr-69f004224b061\" class=\"cf7sr-g-recaptcha\" data-theme=\"light\" data-type=\"image\" data-size=\"normal\" data-sitekey=\"6Lc7Zg8jAAAAALBfRpvCUYETIoIMWwc_3JKNcwi6\"><\/div><span class=\"wpcf7-form-control-wrap cf7sr-recaptcha\" data-name=\"cf7sr-recaptcha\"><input type=\"hidden\" name=\"cf7sr-recaptcha\" value=\"\" class=\"wpcf7-form-control\"><\/span><br \/>\n<input class=\"wpcf7-form-control wpcf7-submit has-spinner\" type=\"submit\" value=\"Invia\" \/><\/label>\n<\/p><p style=\"display: none !important;\" class=\"akismet-fields-container\" data-prefix=\"_wpcf7_ak_\"><label>&#916;<textarea name=\"_wpcf7_ak_hp_textarea\" cols=\"45\" rows=\"8\" maxlength=\"100\"><\/textarea><\/label><input type=\"hidden\" id=\"ak_js_1\" name=\"_wpcf7_ak_js\" value=\"161\"\/><script>\ndocument.getElementById( \"ak_js_1\" ).setAttribute( \"value\", ( new Date() ).getTime() );\n<\/script>\n<\/p><div class=\"wpcf7-response-output\" aria-hidden=\"true\"><\/div>\n<\/form>\n<\/div>\n<\/div>\n<\/div>\n<\/div>\n<\/div>\n<\/div>\n<div style=\"margin: 20px 0;\"><div class=\"qrcswholewtapper\" style=\"text-align:left;\"><div class=\"qrcprowrapper\"  id=\"qrcwraa2leds\"><div class=\"qrc_canvass\" id=\"qrc_cuttenpages_2\" style=\"display:inline-block\" data-text=\"https:\/\/www.altaviadeimontilattari.it\/de\/gipfel-tagebuch\/\"><\/div><div><a download=\"Gipfel-Tagebuch.png\" class=\"qrcdownloads\" id=\"worign\">\r\n           <button type=\"button\" style=\"min-width:200px;background:#81ea00;color:#000;font-weight: 600;border: 1px solid #dddddd;border-radius:4px;font-size:12px;padding: 6px 0;\" class=\"uqr_code_btn\">Download QR<\/button>\r\n           <\/a><\/div><\/div><\/div><\/div>","protected":false},"excerpt":{"rendered":"<p>Teilen Sie einen Ihrer Gedanken mit, damit sich andere Entdecker in die Natur verlieben Hinterlassen Sie einen Gedanken, ein Gef\u00fchl, ein Foto, ein Gedicht oder einen Satz zu den Orten, die von derAlta Via dei Monti Lattari durchquert werden. Er wird im Diario delle Vette ver\u00f6ffentlicht, einem Online-Tagebuch, das die S\u00e4tze von Wanderern an diesen&hellip;&nbsp;<a href=\"https:\/\/www.altaviadeimontilattari.it\/de\/gipfel-tagebuch\/\" rel=\"bookmark\">Mehr lesen &raquo;<span class=\"screen-reader-text\">Gipfel-Tagebuch<\/span><\/a><\/p>\n","protected":false},"author":1,"featured_media":0,"parent":0,"menu_order":0,"comment_status":"closed","ping_status":"closed","template":"page-templates\/template-pagebuilder-full-width.php","meta":{"neve_meta_sidebar":"full-width","neve_meta_container":"","neve_meta_enable_content_width":"on","neve_meta_content_width":100,"neve_meta_title_alignment":"","neve_meta_author_avatar":"","neve_post_elements_order":"","neve_meta_disable_header":"","neve_meta_disable_footer":"","neve_meta_disable_title":"on","neve_meta_reading_time":"","_themeisle_gutenberg_block_has_review":false,"jetpack_post_was_ever_published":false,"footnotes":""},"class_list":["post-6004","page","type-page","status-publish","hentry"],"yoast_head":"<!-- This site is optimized with the Yoast SEO plugin v27.4 - https:\/\/yoast.com\/product\/yoast-seo-wordpress\/ -->\n<title>Gipfel-Tagebuch - Alta Via dei Monti Lattari<\/title>\n<meta name=\"description\" content=\"Hinterlassen Sie einen Gedanken, ein Gef\u00fchl, ein Foto, ein Gedicht oder einen Satz zu den Orten, die von der Alta Via dei Monti Lattari durchquert werden.\" \/>\n<meta name=\"robots\" content=\"index, follow, max-snippet:-1, max-image-preview:large, max-video-preview:-1\" \/>\n<link rel=\"canonical\" href=\"https:\/\/www.altaviadeimontilattari.it\/de\/gipfel-tagebuch\/\" \/>\n<meta property=\"og:locale\" content=\"de_DE\" \/>\n<meta property=\"og:type\" content=\"article\" \/>\n<meta property=\"og:title\" content=\"Gipfel-Tagebuch - Alta Via dei Monti Lattari\" \/>\n<meta property=\"og:description\" content=\"Hinterlassen Sie einen Gedanken, ein Gef\u00fchl, ein Foto, ein Gedicht oder einen Satz zu den Orten, die von der Alta Via dei Monti Lattari durchquert werden.\" \/>\n<meta property=\"og:url\" content=\"https:\/\/www.altaviadeimontilattari.it\/de\/gipfel-tagebuch\/\" \/>\n<meta property=\"og:site_name\" content=\"Alta Via dei Monti Lattari\" \/>\n<meta property=\"article:modified_time\" content=\"2022-06-30T13:40:08+00:00\" \/>\n<meta name=\"twitter:card\" content=\"summary_large_image\" \/>\n<meta name=\"twitter:label1\" content=\"Gesch\u00e4tzte Lesezeit\" \/>\n\t<meta name=\"twitter:data1\" content=\"1\u00a0Minute\" \/>\n<script type=\"application\/ld+json\" class=\"yoast-schema-graph\">{\"@context\":\"https:\\\/\\\/schema.org\",\"@graph\":[{\"@type\":\"WebPage\",\"@id\":\"https:\\\/\\\/www.altaviadeimontilattari.it\\\/de\\\/gipfel-tagebuch\\\/\",\"url\":\"https:\\\/\\\/www.altaviadeimontilattari.it\\\/de\\\/gipfel-tagebuch\\\/\",\"name\":\"Gipfel-Tagebuch - Alta Via dei Monti Lattari\",\"isPartOf\":{\"@id\":\"https:\\\/\\\/www.altaviadeimontilattari.it\\\/#website\"},\"datePublished\":\"2022-01-15T17:58:52+00:00\",\"dateModified\":\"2022-06-30T13:40:08+00:00\",\"description\":\"Hinterlassen Sie einen Gedanken, ein Gef\u00fchl, ein Foto, ein Gedicht oder einen Satz zu den Orten, die von der Alta Via dei Monti Lattari durchquert werden.\",\"breadcrumb\":{\"@id\":\"https:\\\/\\\/www.altaviadeimontilattari.it\\\/de\\\/gipfel-tagebuch\\\/#breadcrumb\"},\"inLanguage\":\"de\",\"potentialAction\":[{\"@type\":\"ReadAction\",\"target\":[\"https:\\\/\\\/www.altaviadeimontilattari.it\\\/de\\\/gipfel-tagebuch\\\/\"]}]},{\"@type\":\"BreadcrumbList\",\"@id\":\"https:\\\/\\\/www.altaviadeimontilattari.it\\\/de\\\/gipfel-tagebuch\\\/#breadcrumb\",\"itemListElement\":[{\"@type\":\"ListItem\",\"position\":1,\"name\":\"Home\",\"item\":\"https:\\\/\\\/www.altaviadeimontilattari.it\\\/es\\\/\"},{\"@type\":\"ListItem\",\"position\":2,\"name\":\"Gipfel-Tagebuch\"}]},{\"@type\":\"WebSite\",\"@id\":\"https:\\\/\\\/www.altaviadeimontilattari.it\\\/#website\",\"url\":\"https:\\\/\\\/www.altaviadeimontilattari.it\\\/\",\"name\":\"Alta Via dei Monti Lattari\",\"description\":\"La montagna \u00e8 un modo di vivere la vita.\",\"publisher\":{\"@id\":\"https:\\\/\\\/www.altaviadeimontilattari.it\\\/#organization\"},\"potentialAction\":[{\"@type\":\"SearchAction\",\"target\":{\"@type\":\"EntryPoint\",\"urlTemplate\":\"https:\\\/\\\/www.altaviadeimontilattari.it\\\/?s={search_term_string}\"},\"query-input\":{\"@type\":\"PropertyValueSpecification\",\"valueRequired\":true,\"valueName\":\"search_term_string\"}}],\"inLanguage\":\"de\"},{\"@type\":\"Organization\",\"@id\":\"https:\\\/\\\/www.altaviadeimontilattari.it\\\/#organization\",\"name\":\"Alta Via dei Monti Lattari\",\"url\":\"https:\\\/\\\/www.altaviadeimontilattari.it\\\/\",\"logo\":{\"@type\":\"ImageObject\",\"inLanguage\":\"de\",\"@id\":\"https:\\\/\\\/www.altaviadeimontilattari.it\\\/#\\\/schema\\\/logo\\\/image\\\/\",\"url\":\"https:\\\/\\\/i0.wp.com\\\/www.altaviadeimontilattari.it\\\/wp-content\\\/uploads\\\/2020\\\/12\\\/alta_via_monyi_lattari_logo.png?fit=325%2C100&ssl=1\",\"contentUrl\":\"https:\\\/\\\/i0.wp.com\\\/www.altaviadeimontilattari.it\\\/wp-content\\\/uploads\\\/2020\\\/12\\\/alta_via_monyi_lattari_logo.png?fit=325%2C100&ssl=1\",\"width\":325,\"height\":100,\"caption\":\"Alta Via dei Monti Lattari\"},\"image\":{\"@id\":\"https:\\\/\\\/www.altaviadeimontilattari.it\\\/#\\\/schema\\\/logo\\\/image\\\/\"}}]}<\/script>\n<!-- \/ Yoast SEO plugin. -->","yoast_head_json":{"title":"Gipfel-Tagebuch - Alta Via dei Monti Lattari","description":"Hinterlassen Sie einen Gedanken, ein Gef\u00fchl, ein Foto, ein Gedicht oder einen Satz zu den Orten, die von der Alta Via dei Monti Lattari durchquert werden.","robots":{"index":"index","follow":"follow","max-snippet":"max-snippet:-1","max-image-preview":"max-image-preview:large","max-video-preview":"max-video-preview:-1"},"canonical":"https:\/\/www.altaviadeimontilattari.it\/de\/gipfel-tagebuch\/","og_locale":"de_DE","og_type":"article","og_title":"Gipfel-Tagebuch - Alta Via dei Monti Lattari","og_description":"Hinterlassen Sie einen Gedanken, ein Gef\u00fchl, ein Foto, ein Gedicht oder einen Satz zu den Orten, die von der Alta Via dei Monti Lattari durchquert werden.","og_url":"https:\/\/www.altaviadeimontilattari.it\/de\/gipfel-tagebuch\/","og_site_name":"Alta Via dei Monti Lattari","article_modified_time":"2022-06-30T13:40:08+00:00","twitter_card":"summary_large_image","twitter_misc":{"Gesch\u00e4tzte Lesezeit":"1\u00a0Minute"},"schema":{"@context":"https:\/\/schema.org","@graph":[{"@type":"WebPage","@id":"https:\/\/www.altaviadeimontilattari.it\/de\/gipfel-tagebuch\/","url":"https:\/\/www.altaviadeimontilattari.it\/de\/gipfel-tagebuch\/","name":"Gipfel-Tagebuch - Alta Via dei Monti Lattari","isPartOf":{"@id":"https:\/\/www.altaviadeimontilattari.it\/#website"},"datePublished":"2022-01-15T17:58:52+00:00","dateModified":"2022-06-30T13:40:08+00:00","description":"Hinterlassen Sie einen Gedanken, ein Gef\u00fchl, ein Foto, ein Gedicht oder einen Satz zu den Orten, die von der Alta Via dei Monti Lattari durchquert werden.","breadcrumb":{"@id":"https:\/\/www.altaviadeimontilattari.it\/de\/gipfel-tagebuch\/#breadcrumb"},"inLanguage":"de","potentialAction":[{"@type":"ReadAction","target":["https:\/\/www.altaviadeimontilattari.it\/de\/gipfel-tagebuch\/"]}]},{"@type":"BreadcrumbList","@id":"https:\/\/www.altaviadeimontilattari.it\/de\/gipfel-tagebuch\/#breadcrumb","itemListElement":[{"@type":"ListItem","position":1,"name":"Home","item":"https:\/\/www.altaviadeimontilattari.it\/es\/"},{"@type":"ListItem","position":2,"name":"Gipfel-Tagebuch"}]},{"@type":"WebSite","@id":"https:\/\/www.altaviadeimontilattari.it\/#website","url":"https:\/\/www.altaviadeimontilattari.it\/","name":"Alta Via dei Monti Lattari","description":"La montagna \u00e8 un modo di vivere la vita.","publisher":{"@id":"https:\/\/www.altaviadeimontilattari.it\/#organization"},"potentialAction":[{"@type":"SearchAction","target":{"@type":"EntryPoint","urlTemplate":"https:\/\/www.altaviadeimontilattari.it\/?s={search_term_string}"},"query-input":{"@type":"PropertyValueSpecification","valueRequired":true,"valueName":"search_term_string"}}],"inLanguage":"de"},{"@type":"Organization","@id":"https:\/\/www.altaviadeimontilattari.it\/#organization","name":"Alta Via dei Monti Lattari","url":"https:\/\/www.altaviadeimontilattari.it\/","logo":{"@type":"ImageObject","inLanguage":"de","@id":"https:\/\/www.altaviadeimontilattari.it\/#\/schema\/logo\/image\/","url":"https:\/\/i0.wp.com\/www.altaviadeimontilattari.it\/wp-content\/uploads\/2020\/12\/alta_via_monyi_lattari_logo.png?fit=325%2C100&ssl=1","contentUrl":"https:\/\/i0.wp.com\/www.altaviadeimontilattari.it\/wp-content\/uploads\/2020\/12\/alta_via_monyi_lattari_logo.png?fit=325%2C100&ssl=1","width":325,"height":100,"caption":"Alta Via dei Monti Lattari"},"image":{"@id":"https:\/\/www.altaviadeimontilattari.it\/#\/schema\/logo\/image\/"}}]}},"jetpack-related-posts":[{"id":6120,"url":"https:\/\/www.altaviadeimontilattari.it\/de\/die-halbinsel-von-sorrent\/","url_meta":{"origin":6004,"position":0},"title":"Die Halbinsel von Sorrent","author":"","date":"19. November 2020","format":false,"excerpt":"Die Halbinsel von Sorrento pr\u00e4sentiert eine weltweit einzigartige Landschaft, in der sich niedrige und hohe H\u00fcgel, tiefe T\u00e4ler und majest\u00e4tische Berge abwechseln. Unter den Sch\u00f6nheiten der Natur gibt es das Eingreifen des Menschen mit Orangen- und Zitronenb\u00e4umen, Olivenhainen und Weinbergen. Das sind die bezaubernden G\u00e4rten, die im Fr\u00fchling einen Duft\u2026","rel":"","context":"\u00c4hnlicher Beitrag","block_context":{"text":"\u00c4hnlicher Beitrag","link":""},"img":{"alt_text":"","src":"","width":0,"height":0},"classes":[]},{"id":6042,"url":"https:\/\/www.altaviadeimontilattari.it\/de\/cookie-politik\/","url_meta":{"origin":6004,"position":1},"title":"Cookie-Politik","author":"Luca Casaburi","date":"16. Februar 2021","format":false,"excerpt":"Was ist ein Cookie? Ein Cookie ist eine kleine Textdatei, die auf dem Computer gespeichert wird, wenn ein Nutzer eine Website besucht. Der Text speichert Informationen, die die Website lesen kann, wenn sie zu einem sp\u00e4teren Zeitpunkt aufgerufen wird. Einige dieser Cookies sind f\u00fcr das ordnungsgem\u00e4\u00dfe Funktionieren der Website notwendig,\u2026","rel":"","context":"\u00c4hnlicher Beitrag","block_context":{"text":"\u00c4hnlicher Beitrag","link":""},"img":{"alt_text":"","src":"","width":0,"height":0},"classes":[]},{"id":5925,"url":"https:\/\/www.altaviadeimontilattari.it\/de\/5-wo-man-schlaeft-schutzhuetten\/","url_meta":{"origin":6004,"position":2},"title":"5. Wo man schl\u00e4ft: Schutzh\u00fctten","author":"","date":"20. November 2020","format":false,"excerpt":"Es gibt \u00dcbernachtungsm\u00f6glichkeiten in Amalfik\u00fcste f\u00fcr alle Geschm\u00e4cker und fast alle Budgets. Amalfi e Positano sind die wichtigsten touristischen Zentren der Amalfik\u00fcste und daher sind die Preise f\u00fcr Unterk\u00fcnfte relativ teuer. Wer hier in der Hauptreisezeit zwischen Mai und September ein sch\u00f6nes Zimmer zu einem vern\u00fcnftigen Preis ergattern will, sollte\u2026","rel":"","context":"\u00c4hnlicher Beitrag","block_context":{"text":"\u00c4hnlicher Beitrag","link":""},"img":{"alt_text":"","src":"","width":0,"height":0},"classes":[]},{"id":5953,"url":"https:\/\/www.altaviadeimontilattari.it\/de\/nuetzliche-tipps-fuer-die-organisation\/","url_meta":{"origin":6004,"position":3},"title":"N\u00fctzliche Tipps f\u00fcr die Organisation","author":"","date":"20. November 2020","format":false,"excerpt":"Wandern in Amalfik\u00fcste ist sch\u00f6n und sollte so bleiben. Es ist wichtig, dass Sie w\u00e4hrend Ihres Aufenthalts verantwortungsbewusst wandern, vor allem, weil die Zahl der Touristen, die sich jedes Jahr auf die Wanderwege begeben, steigt. Hier finden Sie einige Tipps, wie Sie sich organisieren und die Wanderung in vollen Z\u00fcgen\u2026","rel":"","context":"\u00c4hnlicher Beitrag","block_context":{"text":"\u00c4hnlicher Beitrag","link":""},"img":{"alt_text":"","src":"","width":0,"height":0},"classes":[]},{"id":5990,"url":"https:\/\/www.altaviadeimontilattari.it\/de\/die-amalfikueste-und-die-sorrentinische-halbinsel-inmitten-von-poesie-kunst-und-aphorismen\/","url_meta":{"origin":6004,"position":4},"title":"Die Amalfik\u00fcste und die Sorrentinische Halbinsel inmitten von Poesie, Kunst und Aphorismen","author":"Luca Casaburi","date":"28. Mai 2022","format":false,"excerpt":"Die Amalfik\u00fcste war schon immer ein Land der Seefahrer und Erfinder, aber auch eine Inspiration f\u00fcr Dichter, Schriftsteller und gro\u00dfe Komponisten. Ich schlage eine Reise durch diese L\u00e4nder vor, wahre Gem\u00e4lde, umrahmt von einem indigoblauen Himmel und einem smaragdfarbenen Meer, gesehen durch die Augen ber\u00fchmter Besucher. Die K\u00fcste wurde von\u2026","rel":"","context":"\u00c4hnlicher Beitrag","block_context":{"text":"\u00c4hnlicher Beitrag","link":""},"img":{"alt_text":"","src":"","width":0,"height":0},"classes":[]},{"id":5928,"url":"https:\/\/www.altaviadeimontilattari.it\/de\/alta-via-dei-monti-lattari\/","url_meta":{"origin":6004,"position":5},"title":"Alta Via dei Monti Lattari","author":"","date":"19. November 2020","format":false,"excerpt":"Mit dem Kopf in den Wolken und auf dem Meer Die f\u00fcr ihr tiefblaues Meer, ihre Klippen und ihre alten St\u00e4dte weltber\u00fchmte Amalfik\u00fcste verbirgt direkt \u00fcber der K\u00fcste die nat\u00fcrliche Sch\u00f6nheit der Monti Lattari. Durchzogen von Hunderten von ausgetretenen Maultierpfaden, ist der Lattari-Gebirge bilden das R\u00fcckgrat der Halbinsel sorrentina-amalfitana. Aufgrund\u2026","rel":"","context":"\u00c4hnlicher Beitrag","block_context":{"text":"\u00c4hnlicher Beitrag","link":""},"img":{"alt_text":"","src":"https:\/\/i0.wp.com\/www.altaviadeimontilattari.it\/wp-content\/uploads\/2020\/12\/tour_alta_via_monti_lattari.jpg?resize=350%2C200&ssl=1","width":350,"height":200,"srcset":"https:\/\/i0.wp.com\/www.altaviadeimontilattari.it\/wp-content\/uploads\/2020\/12\/tour_alta_via_monti_lattari.jpg?resize=350%2C200&ssl=1 1x, https:\/\/i0.wp.com\/www.altaviadeimontilattari.it\/wp-content\/uploads\/2020\/12\/tour_alta_via_monti_lattari.jpg?resize=525%2C300&ssl=1 1.5x, https:\/\/i0.wp.com\/www.altaviadeimontilattari.it\/wp-content\/uploads\/2020\/12\/tour_alta_via_monti_lattari.jpg?resize=700%2C400&ssl=1 2x"},"classes":[]}],"jetpack_shortlink":"https:\/\/wp.me\/PcGNaV-1yQ","jetpack_sharing_enabled":true,"_links":{"self":[{"href":"https:\/\/www.altaviadeimontilattari.it\/de\/wp-json\/wp\/v2\/pages\/6004","targetHints":{"allow":["GET"]}}],"collection":[{"href":"https:\/\/www.altaviadeimontilattari.it\/de\/wp-json\/wp\/v2\/pages"}],"about":[{"href":"https:\/\/www.altaviadeimontilattari.it\/de\/wp-json\/wp\/v2\/types\/page"}],"author":[{"embeddable":true,"href":"https:\/\/www.altaviadeimontilattari.it\/de\/wp-json\/wp\/v2\/users\/1"}],"replies":[{"embeddable":true,"href":"https:\/\/www.altaviadeimontilattari.it\/de\/wp-json\/wp\/v2\/comments?post=6004"}],"version-history":[{"count":1,"href":"https:\/\/www.altaviadeimontilattari.it\/de\/wp-json\/wp\/v2\/pages\/6004\/revisions"}],"predecessor-version":[{"id":6006,"href":"https:\/\/www.altaviadeimontilattari.it\/de\/wp-json\/wp\/v2\/pages\/6004\/revisions\/6006"}],"wp:attachment":[{"href":"https:\/\/www.altaviadeimontilattari.it\/de\/wp-json\/wp\/v2\/media?parent=6004"}],"curies":[{"name":"wp","href":"https:\/\/api.w.org\/{rel}","templated":true}]}}