{"id":6105,"date":"2021-01-02T08:56:58","date_gmt":"2021-01-02T08:56:58","guid":{"rendered":"https:\/\/www.altaviadeimontilattari.it\/tour-dellalta-via-dei-monti-lattari\/"},"modified":"2022-07-01T10:11:05","modified_gmt":"2022-07-01T10:11:05","slug":"tour-dellalta-via-dei-monti-lattari","status":"publish","type":"page","link":"https:\/\/www.altaviadeimontilattari.it\/de\/tour-dellalta-via-dei-monti-lattari\/","title":{"rendered":"Tour dell&#8217;Alta Via dei Monti Lattari"},"content":{"rendered":"      <div id=\"post-grid-lazy-3348\" class=\"post-grid-lazy\"><img decoding=\"async\" alt=\"\" src=\"\" \/><\/div>\n    <script>\n      jQuery('#post-grid-lazy-3348').ready(function($) {\n        $('#post-grid-lazy-3348').fadeOut();\n        $('#post-grid-3348   ').fadeIn();\n      })\n    <\/script>\n    <style type=\"text\/css\">\n      #post-grid-3348 {\n        display: none;\n      }\n\n      .post-grid-lazy {\n        text-align: center;\n      }\n    <\/style>\n    <div data-options='{&quot;id&quot;:&quot;3348&quot;,&quot;lazy_load&quot;:&quot;yes&quot;,&quot;masonry_enable&quot;:&quot;no&quot;,&quot;view_type&quot;:&quot;grid&quot;}' id=\"post-grid-3348\" class=\"post-grid grid\">\n    \n\n\n    <div class=\"grid-items\">\n      <div class=\"item item-6612 skin flat even 0 \">\n        <div class=\"layer-wrapper layout-3675\">\n          <div class=\"layer-media element_1587187627902\"\r\n        id=\"\">\r\n        <div\r\n        class=\"element element_1587190790308  element-media \">\r\n        <a target=\"_self\" href=\"https:\/\/www.altaviadeimontilattari.it\/de\/1-badia-di-cava-350-m\/\"><img fetchpriority=\"high\" decoding=\"async\" width=\"1000\" height=\"1000\" src=\"https:\/\/i0.wp.com\/www.altaviadeimontilattari.it\/wp-content\/uploads\/2020\/12\/badia_corpo_di_cava.jpg?fit=1000%2C1000&amp;ssl=1\" class=\"attachment-large size-large wp-post-image\" alt=\"\" data-attachment-id=\"4637\" data-permalink=\"https:\/\/www.altaviadeimontilattari.it\/de\/badia_corpo_di_cava-2\/\" data-orig-file=\"https:\/\/i0.wp.com\/www.altaviadeimontilattari.it\/wp-content\/uploads\/2020\/12\/badia_corpo_di_cava.jpg?fit=1000%2C1000&amp;ssl=1\" data-orig-size=\"1000,1000\" data-comments-opened=\"1\" data-image-meta=\"{&quot;aperture&quot;:&quot;2.2&quot;,&quot;credit&quot;:&quot;&quot;,&quot;camera&quot;:&quot;Mi A3&quot;,&quot;caption&quot;:&quot;&quot;,&quot;created_timestamp&quot;:&quot;1603618415&quot;,&quot;copyright&quot;:&quot;&quot;,&quot;focal_length&quot;:&quot;1.66&quot;,&quot;iso&quot;:&quot;100&quot;,&quot;shutter_speed&quot;:&quot;0.0010672358591249&quot;,&quot;title&quot;:&quot;&quot;,&quot;orientation&quot;:&quot;1&quot;}\" data-image-title=\"badia_corpo_di_cava\" data-image-description=\"\" data-image-caption=\"\" data-large-file=\"https:\/\/i0.wp.com\/www.altaviadeimontilattari.it\/wp-content\/uploads\/2020\/12\/badia_corpo_di_cava.jpg?fit=1000%2C1000&amp;ssl=1\" \/><\/a>    <\/div>\r\n    <\/div>\r\n    <div class=\"layer-content element_1587187714568\"\r\n        id=\"\">\r\n        <div class=\"element element_1587187895341  title \">\r\n                    <a target=\"_blank\"\r\n                href=\"https:\/\/www.altaviadeimontilattari.it\/de\/1-badia-di-cava-350-m\/\">1. Badia di Cava (350 m)<\/a>\r\n            <\/div>\r\n    <div class=\"element element_1587187729822  excerpt \">\r\n        Die erste Station ist die Badia di Cava, die sich im Bereich des Corpo di Cava di Cava de 'Tirreni                    <a target=\"_self\"\r\n                href=\"https:\/\/www.altaviadeimontilattari.it\/de\/1-badia-di-cava-350-m\/\">Read more<\/a>\r\n            <\/div>\r\n    <\/div>\r\n    <\/div>\n  <\/div><div class=\"item item-6604 skin flat odd 1 \">\n        <div class=\"layer-wrapper layout-3675\">\n          <div class=\"layer-media element_1587187627902\"\r\n        id=\"\">\r\n        <div\r\n        class=\"element element_1587190790308  element-media \">\r\n        <a target=\"_self\" href=\"https:\/\/www.altaviadeimontilattari.it\/de\/2-acquafredda-897-m\/\"><img decoding=\"async\" width=\"1000\" height=\"1000\" src=\"https:\/\/i0.wp.com\/www.altaviadeimontilattari.it\/wp-content\/uploads\/2020\/12\/IMG_20201031_074335.jpg?fit=1000%2C1000&amp;ssl=1\" class=\"attachment-large size-large wp-post-image\" alt=\"\" data-attachment-id=\"4681\" data-permalink=\"https:\/\/www.altaviadeimontilattari.it\/de\/img_20201031_074335-2\/\" data-orig-file=\"https:\/\/i0.wp.com\/www.altaviadeimontilattari.it\/wp-content\/uploads\/2020\/12\/IMG_20201031_074335.jpg?fit=1000%2C1000&amp;ssl=1\" data-orig-size=\"1000,1000\" data-comments-opened=\"1\" data-image-meta=\"{&quot;aperture&quot;:&quot;1.79&quot;,&quot;credit&quot;:&quot;&quot;,&quot;camera&quot;:&quot;Mi A3&quot;,&quot;caption&quot;:&quot;&quot;,&quot;created_timestamp&quot;:&quot;1604130215&quot;,&quot;copyright&quot;:&quot;&quot;,&quot;focal_length&quot;:&quot;4.71&quot;,&quot;iso&quot;:&quot;101&quot;,&quot;shutter_speed&quot;:&quot;0.0010193679918451&quot;,&quot;title&quot;:&quot;&quot;,&quot;orientation&quot;:&quot;1&quot;}\" data-image-title=\"IMG_20201031_074335\" data-image-description=\"\" data-image-caption=\"\" data-large-file=\"https:\/\/i0.wp.com\/www.altaviadeimontilattari.it\/wp-content\/uploads\/2020\/12\/IMG_20201031_074335.jpg?fit=1000%2C1000&amp;ssl=1\" \/><\/a>    <\/div>\r\n    <\/div>\r\n    <div class=\"layer-content element_1587187714568\"\r\n        id=\"\">\r\n        <div class=\"element element_1587187895341  title \">\r\n                    <a target=\"_blank\"\r\n                href=\"https:\/\/www.altaviadeimontilattari.it\/de\/2-acquafredda-897-m\/\">2. Acquafredda (897 m)<\/a>\r\n            <\/div>\r\n    <div class=\"element element_1587187729822  excerpt \">\r\n        Die Acquafredda-Quelle, auch bekannt als \u201eScetate, die juorno\u201c, ist eine Ortschaft in der N\u00e4he des Monte dell\u2019Avvocata.                    <a target=\"_self\"\r\n                href=\"https:\/\/www.altaviadeimontilattari.it\/de\/2-acquafredda-897-m\/\">Read more<\/a>\r\n            <\/div>\r\n    <\/div>\r\n    <\/div>\n  <\/div><div class=\"item item-6596 skin flat even 2 \">\n        <div class=\"layer-wrapper layout-3675\">\n          <div class=\"layer-media element_1587187627902\"\r\n        id=\"\">\r\n        <div\r\n        class=\"element element_1587190790308  element-media \">\r\n        <a target=\"_self\" href=\"https:\/\/www.altaviadeimontilattari.it\/de\/3-monte-dellavvocata-heiligtum-865-m\/\"><img decoding=\"async\" width=\"1000\" height=\"1000\" src=\"https:\/\/i0.wp.com\/www.altaviadeimontilattari.it\/wp-content\/uploads\/2020\/12\/monte_avvocata-1.jpg?fit=1000%2C1000&amp;ssl=1\" class=\"attachment-large size-large wp-post-image\" alt=\"\" data-attachment-id=\"4649\" data-permalink=\"https:\/\/www.altaviadeimontilattari.it\/de\/monte_avvocata-2-2\/\" data-orig-file=\"https:\/\/i0.wp.com\/www.altaviadeimontilattari.it\/wp-content\/uploads\/2020\/12\/monte_avvocata-1.jpg?fit=1000%2C1000&amp;ssl=1\" data-orig-size=\"1000,1000\" data-comments-opened=\"1\" data-image-meta=\"{&quot;aperture&quot;:&quot;1.79&quot;,&quot;credit&quot;:&quot;&quot;,&quot;camera&quot;:&quot;Mi A3&quot;,&quot;caption&quot;:&quot;&quot;,&quot;created_timestamp&quot;:&quot;1592641720&quot;,&quot;copyright&quot;:&quot;&quot;,&quot;focal_length&quot;:&quot;4.71&quot;,&quot;iso&quot;:&quot;103&quot;,&quot;shutter_speed&quot;:&quot;0.00052056220718376&quot;,&quot;title&quot;:&quot;&quot;,&quot;orientation&quot;:&quot;1&quot;}\" data-image-title=\"monte_avvocata\" data-image-description=\"\" data-image-caption=\"\" data-large-file=\"https:\/\/i0.wp.com\/www.altaviadeimontilattari.it\/wp-content\/uploads\/2020\/12\/monte_avvocata-1.jpg?fit=1000%2C1000&amp;ssl=1\" \/><\/a>    <\/div>\r\n    <\/div>\r\n    <div class=\"layer-content element_1587187714568\"\r\n        id=\"\">\r\n        <div class=\"element element_1587187895341  title \">\r\n                    <a target=\"_blank\"\r\n                href=\"https:\/\/www.altaviadeimontilattari.it\/de\/3-monte-dellavvocata-heiligtum-865-m\/\">3. Monte dell\u2019Avvocata \u2013 Heiligtum (865 m)<\/a>\r\n            <\/div>\r\n    <div class=\"element element_1587187729822  excerpt \">\r\n        Eine Erfrischung f\u00fcr K\u00f6rper und Geist ist die Wallfahrtskirche in der N\u00e4he des Monte dell'Avvocata, die pr\u00e4zise auf einem Gipfel                    <a target=\"_self\"\r\n                href=\"https:\/\/www.altaviadeimontilattari.it\/de\/3-monte-dellavvocata-heiligtum-865-m\/\">Read more<\/a>\r\n            <\/div>\r\n    <\/div>\r\n    <\/div>\n  <\/div><div class=\"item item-6588 skin flat odd 3 \">\n        <div class=\"layer-wrapper layout-3675\">\n          <div class=\"layer-media element_1587187627902\"\r\n        id=\"\">\r\n        <div\r\n        class=\"element element_1587190790308  element-media \">\r\n        <a target=\"_self\" href=\"https:\/\/www.altaviadeimontilattari.it\/de\/4-monti-del-demanio-932-m\/\"><img loading=\"lazy\" decoding=\"async\" width=\"1000\" height=\"1000\" src=\"https:\/\/i0.wp.com\/www.altaviadeimontilattari.it\/wp-content\/uploads\/2020\/12\/monti_del_demanio.jpg?fit=1000%2C1000&amp;ssl=1\" class=\"attachment-large size-large wp-post-image\" alt=\"\" data-attachment-id=\"4661\" data-permalink=\"https:\/\/www.altaviadeimontilattari.it\/de\/monti_del_demanio-3\/\" data-orig-file=\"https:\/\/i0.wp.com\/www.altaviadeimontilattari.it\/wp-content\/uploads\/2020\/12\/monti_del_demanio.jpg?fit=1000%2C1000&amp;ssl=1\" data-orig-size=\"1000,1000\" data-comments-opened=\"1\" data-image-meta=\"{&quot;aperture&quot;:&quot;6.4&quot;,&quot;credit&quot;:&quot;&quot;,&quot;camera&quot;:&quot;FinePix S2980&quot;,&quot;caption&quot;:&quot;&quot;,&quot;created_timestamp&quot;:&quot;1523190637&quot;,&quot;copyright&quot;:&quot;&quot;,&quot;focal_length&quot;:&quot;5&quot;,&quot;iso&quot;:&quot;100&quot;,&quot;shutter_speed&quot;:&quot;0.0018181818181818&quot;,&quot;title&quot;:&quot;&quot;,&quot;orientation&quot;:&quot;1&quot;}\" data-image-title=\"monti_del_demanio\" data-image-description=\"\" data-image-caption=\"\" data-large-file=\"https:\/\/i0.wp.com\/www.altaviadeimontilattari.it\/wp-content\/uploads\/2020\/12\/monti_del_demanio.jpg?fit=1000%2C1000&amp;ssl=1\" \/><\/a>    <\/div>\r\n    <\/div>\r\n    <div class=\"layer-content element_1587187714568\"\r\n        id=\"\">\r\n        <div class=\"element element_1587187895341  title \">\r\n                    <a target=\"_blank\"\r\n                href=\"https:\/\/www.altaviadeimontilattari.it\/de\/4-monti-del-demanio-932-m\/\">4. Monti del Demanio (932 m)<\/a>\r\n            <\/div>\r\n    <div class=\"element element_1587187729822  excerpt \">\r\n        Von der Wallfahrtskirche Avvocata in Richtung Monte Finestra. Unsere Reise geht weiter mit den Monti del Demanio.                    <a target=\"_self\"\r\n                href=\"https:\/\/www.altaviadeimontilattari.it\/de\/4-monti-del-demanio-932-m\/\">Read more<\/a>\r\n            <\/div>\r\n    <\/div>\r\n    <\/div>\n  <\/div><div class=\"item item-6580 skin flat even 4 \">\n        <div class=\"layer-wrapper layout-3675\">\n          <div class=\"layer-media element_1587187627902\"\r\n        id=\"\">\r\n        <div\r\n        class=\"element element_1587190790308  element-media \">\r\n        <a target=\"_self\" href=\"https:\/\/www.altaviadeimontilattari.it\/de\/5-monte-finestra-1145-m\/\"><img loading=\"lazy\" decoding=\"async\" width=\"1000\" height=\"1000\" src=\"https:\/\/i0.wp.com\/www.altaviadeimontilattari.it\/wp-content\/uploads\/2020\/12\/monte_finestra.jpg?fit=1000%2C1000&amp;ssl=1\" class=\"attachment-large size-large wp-post-image\" alt=\"\" data-attachment-id=\"4665\" data-permalink=\"https:\/\/www.altaviadeimontilattari.it\/de\/monte_finestra-3\/\" data-orig-file=\"https:\/\/i0.wp.com\/www.altaviadeimontilattari.it\/wp-content\/uploads\/2020\/12\/monte_finestra.jpg?fit=1000%2C1000&amp;ssl=1\" data-orig-size=\"1000,1000\" data-comments-opened=\"1\" data-image-meta=\"{&quot;aperture&quot;:&quot;1.79&quot;,&quot;credit&quot;:&quot;&quot;,&quot;camera&quot;:&quot;Mi A3&quot;,&quot;caption&quot;:&quot;&quot;,&quot;created_timestamp&quot;:&quot;1593249539&quot;,&quot;copyright&quot;:&quot;&quot;,&quot;focal_length&quot;:&quot;4.71&quot;,&quot;iso&quot;:&quot;103&quot;,&quot;shutter_speed&quot;:&quot;0.00028192839018889&quot;,&quot;title&quot;:&quot;&quot;,&quot;orientation&quot;:&quot;1&quot;}\" data-image-title=\"monte_finestra\" data-image-description=\"\" data-image-caption=\"\" data-large-file=\"https:\/\/i0.wp.com\/www.altaviadeimontilattari.it\/wp-content\/uploads\/2020\/12\/monte_finestra.jpg?fit=1000%2C1000&amp;ssl=1\" \/><\/a>    <\/div>\r\n    <\/div>\r\n    <div class=\"layer-content element_1587187714568\"\r\n        id=\"\">\r\n        <div class=\"element element_1587187895341  title \">\r\n                    <a target=\"_blank\"\r\n                href=\"https:\/\/www.altaviadeimontilattari.it\/de\/5-monte-finestra-1145-m\/\">5. Monte Finestra (1145 m)<\/a>\r\n            <\/div>\r\n    <div class=\"element element_1587187729822  excerpt \">\r\n        Der Monte Finestra ist eine grundlegende Etappe unserer Reiseroute mit einem wunderbaren Panorama.                    <a target=\"_self\"\r\n                href=\"https:\/\/www.altaviadeimontilattari.it\/de\/5-monte-finestra-1145-m\/\">Read more<\/a>\r\n            <\/div>\r\n    <\/div>\r\n    <\/div>\n  <\/div><div class=\"item item-6572 skin flat odd 5 \">\n        <div class=\"layer-wrapper layout-3675\">\n          <div class=\"layer-media element_1587187627902\"\r\n        id=\"\">\r\n        <div\r\n        class=\"element element_1587190790308  element-media \">\r\n        <a target=\"_self\" href=\"https:\/\/www.altaviadeimontilattari.it\/de\/6-chiancolelle-735-m\/\"><img loading=\"lazy\" decoding=\"async\" width=\"1000\" height=\"1000\" src=\"https:\/\/i0.wp.com\/www.altaviadeimontilattari.it\/wp-content\/uploads\/2020\/12\/Chiancolelle.jpg?fit=1000%2C1000&amp;ssl=1\" class=\"attachment-large size-large wp-post-image\" alt=\"\" data-attachment-id=\"4677\" data-permalink=\"https:\/\/www.altaviadeimontilattari.it\/de\/chiancolelle-3\/\" data-orig-file=\"https:\/\/i0.wp.com\/www.altaviadeimontilattari.it\/wp-content\/uploads\/2020\/12\/Chiancolelle.jpg?fit=1000%2C1000&amp;ssl=1\" data-orig-size=\"1000,1000\" data-comments-opened=\"1\" data-image-meta=\"{&quot;aperture&quot;:&quot;1.79&quot;,&quot;credit&quot;:&quot;&quot;,&quot;camera&quot;:&quot;Mi A3&quot;,&quot;caption&quot;:&quot;&quot;,&quot;created_timestamp&quot;:&quot;1581763593&quot;,&quot;copyright&quot;:&quot;&quot;,&quot;focal_length&quot;:&quot;4.71&quot;,&quot;iso&quot;:&quot;102&quot;,&quot;shutter_speed&quot;:&quot;0.00045537340619308&quot;,&quot;title&quot;:&quot;&quot;,&quot;orientation&quot;:&quot;1&quot;}\" data-image-title=\"Chiancolelle\" data-image-description=\"\" data-image-caption=\"\" data-large-file=\"https:\/\/i0.wp.com\/www.altaviadeimontilattari.it\/wp-content\/uploads\/2020\/12\/Chiancolelle.jpg?fit=1000%2C1000&amp;ssl=1\" \/><\/a>    <\/div>\r\n    <\/div>\r\n    <div class=\"layer-content element_1587187714568\"\r\n        id=\"\">\r\n        <div class=\"element element_1587187895341  title \">\r\n                    <a target=\"_blank\"\r\n                href=\"https:\/\/www.altaviadeimontilattari.it\/de\/6-chiancolelle-735-m\/\">6. Chiancolelle (735 m)<\/a>\r\n            <\/div>\r\n    <div class=\"element element_1587187729822  excerpt \">\r\n        Le Chiancolelle ist eine Stadt in der N\u00e4he des Chiunzi-Passes. Der Weg zum Ort vom Monte Finestra ist ein Gratweg,                    <a target=\"_self\"\r\n                href=\"https:\/\/www.altaviadeimontilattari.it\/de\/6-chiancolelle-735-m\/\">Read more<\/a>\r\n            <\/div>\r\n    <\/div>\r\n    <\/div>\n  <\/div><div class=\"item item-6564 skin flat even 6 \">\n        <div class=\"layer-wrapper layout-3675\">\n          <div class=\"layer-media element_1587187627902\"\r\n        id=\"\">\r\n        <div\r\n        class=\"element element_1587190790308  element-media \">\r\n        <a target=\"_self\" href=\"https:\/\/www.altaviadeimontilattari.it\/de\/7-monte-cerreto-1316-m\/\"><img loading=\"lazy\" decoding=\"async\" width=\"1000\" height=\"1000\" src=\"https:\/\/i0.wp.com\/www.altaviadeimontilattari.it\/wp-content\/uploads\/2020\/12\/monte-cerreto.jpg?fit=1000%2C1000&amp;ssl=1\" class=\"attachment-large size-large wp-post-image\" alt=\"\" data-attachment-id=\"4685\" data-permalink=\"https:\/\/www.altaviadeimontilattari.it\/de\/monte-cerreto-2-2\/\" data-orig-file=\"https:\/\/i0.wp.com\/www.altaviadeimontilattari.it\/wp-content\/uploads\/2020\/12\/monte-cerreto.jpg?fit=1000%2C1000&amp;ssl=1\" data-orig-size=\"1000,1000\" data-comments-opened=\"1\" data-image-meta=\"{&quot;aperture&quot;:&quot;1.79&quot;,&quot;credit&quot;:&quot;&quot;,&quot;camera&quot;:&quot;Mi A3&quot;,&quot;caption&quot;:&quot;&quot;,&quot;created_timestamp&quot;:&quot;1581771850&quot;,&quot;copyright&quot;:&quot;&quot;,&quot;focal_length&quot;:&quot;4.71&quot;,&quot;iso&quot;:&quot;106&quot;,&quot;shutter_speed&quot;:&quot;0.00032530904359141&quot;,&quot;title&quot;:&quot;&quot;,&quot;orientation&quot;:&quot;1&quot;}\" data-image-title=\"monte cerreto\" data-image-description=\"\" data-image-caption=\"\" data-large-file=\"https:\/\/i0.wp.com\/www.altaviadeimontilattari.it\/wp-content\/uploads\/2020\/12\/monte-cerreto.jpg?fit=1000%2C1000&amp;ssl=1\" \/><\/a>    <\/div>\r\n    <\/div>\r\n    <div class=\"layer-content element_1587187714568\"\r\n        id=\"\">\r\n        <div class=\"element element_1587187895341  title \">\r\n                    <a target=\"_blank\"\r\n                href=\"https:\/\/www.altaviadeimontilattari.it\/de\/7-monte-cerreto-1316-m\/\">7. Monte Cerreto (1316 m)<\/a>\r\n            <\/div>\r\n    <div class=\"element element_1587187729822  excerpt \">\r\n        Monte Cerreto , 1316 m hoch , ist der zweite Gipfel der Lattari-Berge, der nur von der Gruppe Sant'Angelo a                    <a target=\"_self\"\r\n                href=\"https:\/\/www.altaviadeimontilattari.it\/de\/7-monte-cerreto-1316-m\/\">Read more<\/a>\r\n            <\/div>\r\n    <\/div>\r\n    <\/div>\n  <\/div><div class=\"item item-6556 skin flat odd 7 \">\n        <div class=\"layer-wrapper layout-3675\">\n          <div class=\"layer-media element_1587187627902\"\r\n        id=\"\">\r\n        <div\r\n        class=\"element element_1587190790308  element-media \">\r\n        <a target=\"_self\" href=\"https:\/\/www.altaviadeimontilattari.it\/de\/8-barre-1064-m\/\"><img loading=\"lazy\" decoding=\"async\" width=\"1000\" height=\"1000\" src=\"https:\/\/i0.wp.com\/www.altaviadeimontilattari.it\/wp-content\/uploads\/2020\/12\/imbarrata.jpg?fit=1000%2C1000&amp;ssl=1\" class=\"attachment-large size-large wp-post-image\" alt=\"\" data-attachment-id=\"4689\" data-permalink=\"https:\/\/www.altaviadeimontilattari.it\/de\/imbarrata-2\/\" data-orig-file=\"https:\/\/i0.wp.com\/www.altaviadeimontilattari.it\/wp-content\/uploads\/2020\/12\/imbarrata.jpg?fit=1000%2C1000&amp;ssl=1\" data-orig-size=\"1000,1000\" data-comments-opened=\"1\" data-image-meta=\"{&quot;aperture&quot;:&quot;1.79&quot;,&quot;credit&quot;:&quot;&quot;,&quot;camera&quot;:&quot;Mi A3&quot;,&quot;caption&quot;:&quot;&quot;,&quot;created_timestamp&quot;:&quot;1590321091&quot;,&quot;copyright&quot;:&quot;&quot;,&quot;focal_length&quot;:&quot;4.71&quot;,&quot;iso&quot;:&quot;90&quot;,&quot;shutter_speed&quot;:&quot;0.00069396252602359&quot;,&quot;title&quot;:&quot;&quot;,&quot;orientation&quot;:&quot;1&quot;}\" data-image-title=\"imbarrata\" data-image-description=\"\" data-image-caption=\"\" data-large-file=\"https:\/\/i0.wp.com\/www.altaviadeimontilattari.it\/wp-content\/uploads\/2020\/12\/imbarrata.jpg?fit=1000%2C1000&amp;ssl=1\" \/><\/a>    <\/div>\r\n    <\/div>\r\n    <div class=\"layer-content element_1587187714568\"\r\n        id=\"\">\r\n        <div class=\"element element_1587187895341  title \">\r\n                    <a target=\"_blank\"\r\n                href=\"https:\/\/www.altaviadeimontilattari.it\/de\/8-barre-1064-m\/\">8. Barr\u00e9 (1064 m)<\/a>\r\n            <\/div>\r\n    <div class=\"element element_1587187729822  excerpt \">\r\n        En suivant l'Alta Via dei Monti Lattari apr\u00e8s le Monte Cerreto , en surmontant le plan de Megano et le                    <a target=\"_self\"\r\n                href=\"https:\/\/www.altaviadeimontilattari.it\/de\/8-barre-1064-m\/\">Read more<\/a>\r\n            <\/div>\r\n    <\/div>\r\n    <\/div>\n  <\/div><div class=\"item item-6548 skin flat even 8 \">\n        <div class=\"layer-wrapper layout-3675\">\n          <div class=\"layer-media element_1587187627902\"\r\n        id=\"\">\r\n        <div\r\n        class=\"element element_1587190790308  element-media \">\r\n        <a target=\"_self\" href=\"https:\/\/www.altaviadeimontilattari.it\/de\/9-crocella-1002-m\/\"><img loading=\"lazy\" decoding=\"async\" width=\"500\" height=\"500\" src=\"https:\/\/i0.wp.com\/www.altaviadeimontilattari.it\/wp-content\/uploads\/2020\/11\/portata-crocella.jpg?fit=500%2C500&amp;ssl=1\" class=\"attachment-large size-large wp-post-image\" alt=\"\" data-attachment-id=\"5265\" data-permalink=\"https:\/\/www.altaviadeimontilattari.it\/de\/portata-crocella-2\/\" data-orig-file=\"https:\/\/i0.wp.com\/www.altaviadeimontilattari.it\/wp-content\/uploads\/2020\/11\/portata-crocella.jpg?fit=500%2C500&amp;ssl=1\" data-orig-size=\"500,500\" data-comments-opened=\"1\" data-image-meta=\"{&quot;aperture&quot;:&quot;0&quot;,&quot;credit&quot;:&quot;&quot;,&quot;camera&quot;:&quot;&quot;,&quot;caption&quot;:&quot;&quot;,&quot;created_timestamp&quot;:&quot;0&quot;,&quot;copyright&quot;:&quot;&quot;,&quot;focal_length&quot;:&quot;0&quot;,&quot;iso&quot;:&quot;0&quot;,&quot;shutter_speed&quot;:&quot;0&quot;,&quot;title&quot;:&quot;&quot;,&quot;orientation&quot;:&quot;0&quot;}\" data-image-title=\"portata crocella\" data-image-description=\"\" data-image-caption=\"\" data-large-file=\"https:\/\/i0.wp.com\/www.altaviadeimontilattari.it\/wp-content\/uploads\/2020\/11\/portata-crocella.jpg?fit=500%2C500&amp;ssl=1\" \/><\/a>    <\/div>\r\n    <\/div>\r\n    <div class=\"layer-content element_1587187714568\"\r\n        id=\"\">\r\n        <div class=\"element element_1587187895341  title \">\r\n                    <a target=\"_blank\"\r\n                href=\"https:\/\/www.altaviadeimontilattari.it\/de\/9-crocella-1002-m\/\">9. Crocella (1002 m)<\/a>\r\n            <\/div>\r\n    <div class=\"element element_1587187729822  excerpt \">\r\n        Nach dem Monte Cerreto und der Wegkreuzung am Imbarrata erreichen Sie die Ortschaft Crocella (1002m) wo der Aufstieg zum Monte                    <a target=\"_self\"\r\n                href=\"https:\/\/www.altaviadeimontilattari.it\/de\/9-crocella-1002-m\/\">Read more<\/a>\r\n            <\/div>\r\n    <\/div>\r\n    <\/div>\n  <\/div><div class=\"item item-6540 skin flat odd 9 \">\n        <div class=\"layer-wrapper layout-3675\">\n          <div class=\"layer-media element_1587187627902\"\r\n        id=\"\">\r\n        <div\r\n        class=\"element element_1587190790308  element-media \">\r\n        <a target=\"_self\" href=\"https:\/\/www.altaviadeimontilattari.it\/de\/10-wallfahrtskirche-san-michele-1261-m\/\"><img loading=\"lazy\" decoding=\"async\" width=\"512\" height=\"512\" src=\"https:\/\/i0.wp.com\/www.altaviadeimontilattari.it\/wp-content\/uploads\/2020\/11\/monte-Faito-e-Santuario-di-San-Michele.jpg?fit=512%2C512&amp;ssl=1\" class=\"attachment-large size-large wp-post-image\" alt=\"\" data-attachment-id=\"5013\" data-permalink=\"https:\/\/www.altaviadeimontilattari.it\/de\/monte-faito-e-santuario-di-san-michele-2\/\" data-orig-file=\"https:\/\/i0.wp.com\/www.altaviadeimontilattari.it\/wp-content\/uploads\/2020\/11\/monte-Faito-e-Santuario-di-San-Michele.jpg?fit=512%2C512&amp;ssl=1\" data-orig-size=\"512,512\" data-comments-opened=\"1\" data-image-meta=\"{&quot;aperture&quot;:&quot;0&quot;,&quot;credit&quot;:&quot;&quot;,&quot;camera&quot;:&quot;&quot;,&quot;caption&quot;:&quot;&quot;,&quot;created_timestamp&quot;:&quot;0&quot;,&quot;copyright&quot;:&quot;&quot;,&quot;focal_length&quot;:&quot;0&quot;,&quot;iso&quot;:&quot;0&quot;,&quot;shutter_speed&quot;:&quot;0&quot;,&quot;title&quot;:&quot;&quot;,&quot;orientation&quot;:&quot;0&quot;}\" data-image-title=\"monte Faito e Santuario di San Michele\" data-image-description=\"\" data-image-caption=\"\" data-large-file=\"https:\/\/i0.wp.com\/www.altaviadeimontilattari.it\/wp-content\/uploads\/2020\/11\/monte-Faito-e-Santuario-di-San-Michele.jpg?fit=512%2C512&amp;ssl=1\" \/><\/a>    <\/div>\r\n    <\/div>\r\n    <div class=\"layer-content element_1587187714568\"\r\n        id=\"\">\r\n        <div class=\"element element_1587187895341  title \">\r\n                    <a target=\"_blank\"\r\n                href=\"https:\/\/www.altaviadeimontilattari.it\/de\/10-wallfahrtskirche-san-michele-1261-m\/\">10. Wallfahrtskirche San Michele (1261 m)<\/a>\r\n            <\/div>\r\n    <div class=\"element element_1587187729822  excerpt \">\r\n        Der Weg 300 CAI kreuzt den Weg 350 CAI sobald Sie in Castellone ankommen auf Monte Faito . Wenn Sie                    <a target=\"_self\"\r\n                href=\"https:\/\/www.altaviadeimontilattari.it\/de\/10-wallfahrtskirche-san-michele-1261-m\/\">Read more<\/a>\r\n            <\/div>\r\n    <\/div>\r\n    <\/div>\n  <\/div><div class=\"item item-6532 skin flat even 10 \">\n        <div class=\"layer-wrapper layout-3675\">\n          <div class=\"layer-media element_1587187627902\"\r\n        id=\"\">\r\n        <div\r\n        class=\"element element_1587190790308  element-media \">\r\n        <a target=\"_self\" href=\"https:\/\/www.altaviadeimontilattari.it\/de\/11-mont-molare-1444-m-und-croce-della-conocchia-1314-m\/\"><img loading=\"lazy\" decoding=\"async\" width=\"1024\" height=\"1024\" src=\"https:\/\/i0.wp.com\/www.altaviadeimontilattari.it\/wp-content\/uploads\/2020\/11\/monte_molare_1024.jpg?fit=1024%2C1024&amp;ssl=1\" class=\"attachment-large size-large wp-post-image\" alt=\"\" data-attachment-id=\"5045\" data-permalink=\"https:\/\/www.altaviadeimontilattari.it\/de\/monte_molare_1024-2\/\" data-orig-file=\"https:\/\/i0.wp.com\/www.altaviadeimontilattari.it\/wp-content\/uploads\/2020\/11\/monte_molare_1024.jpg?fit=1024%2C1024&amp;ssl=1\" data-orig-size=\"1024,1024\" data-comments-opened=\"1\" data-image-meta=\"{&quot;aperture&quot;:&quot;0&quot;,&quot;credit&quot;:&quot;&quot;,&quot;camera&quot;:&quot;&quot;,&quot;caption&quot;:&quot;&quot;,&quot;created_timestamp&quot;:&quot;0&quot;,&quot;copyright&quot;:&quot;&quot;,&quot;focal_length&quot;:&quot;0&quot;,&quot;iso&quot;:&quot;0&quot;,&quot;shutter_speed&quot;:&quot;0&quot;,&quot;title&quot;:&quot;&quot;,&quot;orientation&quot;:&quot;0&quot;}\" data-image-title=\"monte_molare_1024\" data-image-description=\"\" data-image-caption=\"\" data-large-file=\"https:\/\/i0.wp.com\/www.altaviadeimontilattari.it\/wp-content\/uploads\/2020\/11\/monte_molare_1024.jpg?fit=1024%2C1024&amp;ssl=1\" \/><\/a>    <\/div>\r\n    <\/div>\r\n    <div class=\"layer-content element_1587187714568\"\r\n        id=\"\">\r\n        <div class=\"element element_1587187895341  title \">\r\n                    <a target=\"_blank\"\r\n                href=\"https:\/\/www.altaviadeimontilattari.it\/de\/11-mont-molare-1444-m-und-croce-della-conocchia-1314-m\/\">11. Mont Molare (1444 m) und Croce della Conocchia (1314 m)<\/a>\r\n            <\/div>\r\n    <div class=\"element element_1587187729822  excerpt \">\r\n        Wenn Sie vom Monte Faito oder vom Santuario di San Michele entlang der 300 fahren, werden Sie es bald tun                    <a target=\"_self\"\r\n                href=\"https:\/\/www.altaviadeimontilattari.it\/de\/11-mont-molare-1444-m-und-croce-della-conocchia-1314-m\/\">Read more<\/a>\r\n            <\/div>\r\n    <\/div>\r\n    <\/div>\n  <\/div><div class=\"item item-6524 skin flat odd 11 \">\n        <div class=\"layer-wrapper layout-3675\">\n          <div class=\"layer-media element_1587187627902\"\r\n        id=\"\">\r\n        <div\r\n        class=\"element element_1587190790308  element-media \">\r\n        <a target=\"_self\" href=\"https:\/\/www.altaviadeimontilattari.it\/de\/12-forstkaserne-767-m\/\"><img loading=\"lazy\" decoding=\"async\" width=\"1024\" height=\"1024\" src=\"https:\/\/i0.wp.com\/www.altaviadeimontilattari.it\/wp-content\/uploads\/2020\/11\/caserma_forestale_1024.jpg?fit=1024%2C1024&amp;ssl=1\" class=\"attachment-large size-large wp-post-image\" alt=\"\" data-attachment-id=\"5041\" data-permalink=\"https:\/\/www.altaviadeimontilattari.it\/de\/caserma_forestale_1024-2\/\" data-orig-file=\"https:\/\/i0.wp.com\/www.altaviadeimontilattari.it\/wp-content\/uploads\/2020\/11\/caserma_forestale_1024.jpg?fit=1024%2C1024&amp;ssl=1\" data-orig-size=\"1024,1024\" data-comments-opened=\"1\" data-image-meta=\"{&quot;aperture&quot;:&quot;0&quot;,&quot;credit&quot;:&quot;&quot;,&quot;camera&quot;:&quot;&quot;,&quot;caption&quot;:&quot;&quot;,&quot;created_timestamp&quot;:&quot;0&quot;,&quot;copyright&quot;:&quot;&quot;,&quot;focal_length&quot;:&quot;0&quot;,&quot;iso&quot;:&quot;0&quot;,&quot;shutter_speed&quot;:&quot;0&quot;,&quot;title&quot;:&quot;&quot;,&quot;orientation&quot;:&quot;0&quot;}\" data-image-title=\"caserma_forestale_1024\" data-image-description=\"\" data-image-caption=\"\" data-large-file=\"https:\/\/i0.wp.com\/www.altaviadeimontilattari.it\/wp-content\/uploads\/2020\/11\/caserma_forestale_1024.jpg?fit=1024%2C1024&amp;ssl=1\" \/><\/a>    <\/div>\r\n    <\/div>\r\n    <div class=\"layer-content element_1587187714568\"\r\n        id=\"\">\r\n        <div class=\"element element_1587187895341  title \">\r\n                    <a target=\"_blank\"\r\n                href=\"https:\/\/www.altaviadeimontilattari.it\/de\/12-forstkaserne-767-m\/\">12. Forstkaserne (767 m)<\/a>\r\n            <\/div>\r\n    <div class=\"element element_1587187729822  excerpt \">\r\n        Abstieg von Kreuz der Conocchia erreichen Sie die Kaserne Forestale in der N\u00e4he von Agerola. Der Abstieg ist ein wenig                    <a target=\"_self\"\r\n                href=\"https:\/\/www.altaviadeimontilattari.it\/de\/12-forstkaserne-767-m\/\">Read more<\/a>\r\n            <\/div>\r\n    <\/div>\r\n    <\/div>\n  <\/div><div class=\"item item-6516 skin flat even 12 \">\n        <div class=\"layer-wrapper layout-3675\">\n          <div class=\"layer-media element_1587187627902\"\r\n        id=\"\">\r\n        <div\r\n        class=\"element element_1587190790308  element-media \">\r\n        <a target=\"_self\" href=\"https:\/\/www.altaviadeimontilattari.it\/de\/13-das-dorf-santa-maria-al-castello-670-m\/\"><img loading=\"lazy\" decoding=\"async\" width=\"1024\" height=\"1024\" src=\"https:\/\/i0.wp.com\/www.altaviadeimontilattari.it\/wp-content\/uploads\/2021\/05\/santa-maria-al-castello_3.jpg?fit=1024%2C1024&amp;ssl=1\" class=\"attachment-large size-large wp-post-image\" alt=\"\" data-attachment-id=\"5117\" data-permalink=\"https:\/\/www.altaviadeimontilattari.it\/de\/santa-maria-al-castello_3-2\/\" data-orig-file=\"https:\/\/i0.wp.com\/www.altaviadeimontilattari.it\/wp-content\/uploads\/2021\/05\/santa-maria-al-castello_3.jpg?fit=1024%2C1024&amp;ssl=1\" data-orig-size=\"1024,1024\" data-comments-opened=\"1\" data-image-meta=\"{&quot;aperture&quot;:&quot;0&quot;,&quot;credit&quot;:&quot;&quot;,&quot;camera&quot;:&quot;&quot;,&quot;caption&quot;:&quot;&quot;,&quot;created_timestamp&quot;:&quot;0&quot;,&quot;copyright&quot;:&quot;&quot;,&quot;focal_length&quot;:&quot;0&quot;,&quot;iso&quot;:&quot;0&quot;,&quot;shutter_speed&quot;:&quot;0&quot;,&quot;title&quot;:&quot;&quot;,&quot;orientation&quot;:&quot;0&quot;}\" data-image-title=\"santa maria al castello_3\" data-image-description=\"\" data-image-caption=\"\" data-large-file=\"https:\/\/i0.wp.com\/www.altaviadeimontilattari.it\/wp-content\/uploads\/2021\/05\/santa-maria-al-castello_3.jpg?fit=1024%2C1024&amp;ssl=1\" \/><\/a>    <\/div>\r\n    <\/div>\r\n    <div class=\"layer-content element_1587187714568\"\r\n        id=\"\">\r\n        <div class=\"element element_1587187895341  title \">\r\n                    <a target=\"_blank\"\r\n                href=\"https:\/\/www.altaviadeimontilattari.it\/de\/13-das-dorf-santa-maria-al-castello-670-m\/\">13. Das Dorf Santa Maria al Castello (670 m)<\/a>\r\n            <\/div>\r\n    <div class=\"element element_1587187729822  excerpt \">\r\n        Vom Aufstieg vom Monte Faito , Conocchia und den Molare entlang ihrer S\u00fcdseite erreichen Sie den Sattel vor Monte Comune                    <a target=\"_self\"\r\n                href=\"https:\/\/www.altaviadeimontilattari.it\/de\/13-das-dorf-santa-maria-al-castello-670-m\/\">Read more<\/a>\r\n            <\/div>\r\n    <\/div>\r\n    <\/div>\n  <\/div><div class=\"item item-6508 skin flat odd 13 \">\n        <div class=\"layer-wrapper layout-3675\">\n          <div class=\"layer-media element_1587187627902\"\r\n        id=\"\">\r\n        <div\r\n        class=\"element element_1587190790308  element-media \">\r\n        <a target=\"_self\" href=\"https:\/\/www.altaviadeimontilattari.it\/de\/14-monte-comune-877-m\/\"><img loading=\"lazy\" decoding=\"async\" width=\"1024\" height=\"1024\" src=\"https:\/\/i0.wp.com\/www.altaviadeimontilattari.it\/wp-content\/uploads\/2020\/11\/monte-comune.jpg?fit=1024%2C1024&amp;ssl=1\" class=\"attachment-large size-large wp-post-image\" alt=\"\" data-attachment-id=\"5077\" data-permalink=\"https:\/\/www.altaviadeimontilattari.it\/de\/monte-comune-2\/\" data-orig-file=\"https:\/\/i0.wp.com\/www.altaviadeimontilattari.it\/wp-content\/uploads\/2020\/11\/monte-comune.jpg?fit=1024%2C1024&amp;ssl=1\" data-orig-size=\"1024,1024\" data-comments-opened=\"1\" data-image-meta=\"{&quot;aperture&quot;:&quot;0&quot;,&quot;credit&quot;:&quot;&quot;,&quot;camera&quot;:&quot;&quot;,&quot;caption&quot;:&quot;&quot;,&quot;created_timestamp&quot;:&quot;0&quot;,&quot;copyright&quot;:&quot;&quot;,&quot;focal_length&quot;:&quot;0&quot;,&quot;iso&quot;:&quot;0&quot;,&quot;shutter_speed&quot;:&quot;0&quot;,&quot;title&quot;:&quot;&quot;,&quot;orientation&quot;:&quot;0&quot;}\" data-image-title=\"monte comune\" data-image-description=\"\" data-image-caption=\"\" data-large-file=\"https:\/\/i0.wp.com\/www.altaviadeimontilattari.it\/wp-content\/uploads\/2020\/11\/monte-comune.jpg?fit=1024%2C1024&amp;ssl=1\" \/><\/a>    <\/div>\r\n    <\/div>\r\n    <div class=\"layer-content element_1587187714568\"\r\n        id=\"\">\r\n        <div class=\"element element_1587187895341  title \">\r\n                    <a target=\"_blank\"\r\n                href=\"https:\/\/www.altaviadeimontilattari.it\/de\/14-monte-comune-877-m\/\">14. Monte Comune (877 m)<\/a>\r\n            <\/div>\r\n    <div class=\"element element_1587187729822  excerpt \">\r\n        Entlang der Alta via dei Monti Lattari von der Kaserne der Forstwirtschaft Sie erreichen zuerst das Dorf Santa Maria al                    <a target=\"_self\"\r\n                href=\"https:\/\/www.altaviadeimontilattari.it\/de\/14-monte-comune-877-m\/\">Read more<\/a>\r\n            <\/div>\r\n    <\/div>\r\n    <\/div>\n  <\/div><div class=\"item item-6500 skin flat even 14 \">\n        <div class=\"layer-wrapper layout-3675\">\n          <div class=\"layer-media element_1587187627902\"\r\n        id=\"\">\r\n        <div\r\n        class=\"element element_1587190790308  element-media \">\r\n        <a target=\"_self\" href=\"https:\/\/www.altaviadeimontilattari.it\/de\/15-monte-vico-alvano-642-m\/\"><img loading=\"lazy\" decoding=\"async\" width=\"649\" height=\"649\" src=\"https:\/\/i0.wp.com\/www.altaviadeimontilattari.it\/wp-content\/uploads\/2020\/11\/rtportda-v.alvano.jpg?fit=649%2C649&amp;ssl=1\" class=\"attachment-large size-large wp-post-image\" alt=\"\" data-attachment-id=\"5237\" data-permalink=\"https:\/\/www.altaviadeimontilattari.it\/de\/rtportda-v-alvano-2\/\" data-orig-file=\"https:\/\/i0.wp.com\/www.altaviadeimontilattari.it\/wp-content\/uploads\/2020\/11\/rtportda-v.alvano.jpg?fit=649%2C649&amp;ssl=1\" data-orig-size=\"649,649\" data-comments-opened=\"1\" data-image-meta=\"{&quot;aperture&quot;:&quot;0&quot;,&quot;credit&quot;:&quot;&quot;,&quot;camera&quot;:&quot;&quot;,&quot;caption&quot;:&quot;&quot;,&quot;created_timestamp&quot;:&quot;0&quot;,&quot;copyright&quot;:&quot;&quot;,&quot;focal_length&quot;:&quot;0&quot;,&quot;iso&quot;:&quot;0&quot;,&quot;shutter_speed&quot;:&quot;0&quot;,&quot;title&quot;:&quot;&quot;,&quot;orientation&quot;:&quot;0&quot;}\" data-image-title=\"rtportda v.alvano\" data-image-description=\"\" data-image-caption=\"\" data-large-file=\"https:\/\/i0.wp.com\/www.altaviadeimontilattari.it\/wp-content\/uploads\/2020\/11\/rtportda-v.alvano.jpg?fit=649%2C649&amp;ssl=1\" \/><\/a>    <\/div>\r\n    <\/div>\r\n    <div class=\"layer-content element_1587187714568\"\r\n        id=\"\">\r\n        <div class=\"element element_1587187895341  title \">\r\n                    <a target=\"_blank\"\r\n                href=\"https:\/\/www.altaviadeimontilattari.it\/de\/15-monte-vico-alvano-642-m\/\">15. Monte Vico Alvano (642 m)<\/a>\r\n            <\/div>\r\n    <div class=\"element element_1587187729822  excerpt \">\r\n        Vom unwegsamen Abstieg des Monte Comune ja, er erreicht den Sella di Arola durch einen Kastanienhain. Am Sattel gibt es                    <a target=\"_self\"\r\n                href=\"https:\/\/www.altaviadeimontilattari.it\/de\/15-monte-vico-alvano-642-m\/\">Read more<\/a>\r\n            <\/div>\r\n    <\/div>\r\n    <\/div>\n  <\/div><div class=\"item item-6492 skin flat odd 15 \">\n        <div class=\"layer-wrapper layout-3675\">\n          <div class=\"layer-media element_1587187627902\"\r\n        id=\"\">\r\n        <div\r\n        class=\"element element_1587190790308  element-media \">\r\n        <a target=\"_self\" href=\"https:\/\/www.altaviadeimontilattari.it\/de\/16-malacoccola-493-m\/\"><img loading=\"lazy\" decoding=\"async\" width=\"768\" height=\"768\" src=\"https:\/\/i0.wp.com\/www.altaviadeimontilattari.it\/wp-content\/uploads\/2020\/11\/malacoccola_1024.png?fit=768%2C768&amp;ssl=1\" class=\"attachment-large size-large wp-post-image\" alt=\"\" data-attachment-id=\"5309\" data-permalink=\"https:\/\/www.altaviadeimontilattari.it\/de\/malacoccola_1024-2\/\" data-orig-file=\"https:\/\/i0.wp.com\/www.altaviadeimontilattari.it\/wp-content\/uploads\/2020\/11\/malacoccola_1024.png?fit=768%2C768&amp;ssl=1\" data-orig-size=\"768,768\" data-comments-opened=\"1\" data-image-meta=\"{&quot;aperture&quot;:&quot;0&quot;,&quot;credit&quot;:&quot;&quot;,&quot;camera&quot;:&quot;&quot;,&quot;caption&quot;:&quot;&quot;,&quot;created_timestamp&quot;:&quot;0&quot;,&quot;copyright&quot;:&quot;&quot;,&quot;focal_length&quot;:&quot;0&quot;,&quot;iso&quot;:&quot;0&quot;,&quot;shutter_speed&quot;:&quot;0&quot;,&quot;title&quot;:&quot;&quot;,&quot;orientation&quot;:&quot;0&quot;}\" data-image-title=\"malacoccola_1024\" data-image-description=\"\" data-image-caption=\"\" data-large-file=\"https:\/\/i0.wp.com\/www.altaviadeimontilattari.it\/wp-content\/uploads\/2020\/11\/malacoccola_1024.png?fit=768%2C768&amp;ssl=1\" \/><\/a>    <\/div>\r\n    <\/div>\r\n    <div class=\"layer-content element_1587187714568\"\r\n        id=\"\">\r\n        <div class=\"element element_1587187895341  title \">\r\n                    <a target=\"_blank\"\r\n                href=\"https:\/\/www.altaviadeimontilattari.it\/de\/16-malacoccola-493-m\/\">16. Malacoccola (493 m)<\/a>\r\n            <\/div>\r\n    <div class=\"element element_1587187729822  excerpt \">\r\n        Das Vorgebirge von Malacoccola ist einer der landschaftlich interessanten Punkte am S\u00fcdhang der Halbinsel von Sorrento. Folgen Sie vom kleinen                    <a target=\"_self\"\r\n                href=\"https:\/\/www.altaviadeimontilattari.it\/de\/16-malacoccola-493-m\/\">Read more<\/a>\r\n            <\/div>\r\n    <\/div>\r\n    <\/div>\n  <\/div><div class=\"item item-6484 skin flat even 16 \">\n        <div class=\"layer-wrapper layout-3675\">\n          <div class=\"layer-media element_1587187627902\"\r\n        id=\"\">\r\n        <div\r\n        class=\"element element_1587190790308  element-media \">\r\n        <a target=\"_self\" href=\"https:\/\/www.altaviadeimontilattari.it\/de\/17-torca-352-m\/\"><img loading=\"lazy\" decoding=\"async\" width=\"600\" height=\"600\" src=\"https:\/\/i0.wp.com\/www.altaviadeimontilattari.it\/wp-content\/uploads\/2020\/11\/portada-torca.jpg?fit=600%2C600&amp;ssl=1\" class=\"attachment-large size-large wp-post-image\" alt=\"\" data-attachment-id=\"5269\" data-permalink=\"https:\/\/www.altaviadeimontilattari.it\/de\/portada-torca-2\/\" data-orig-file=\"https:\/\/i0.wp.com\/www.altaviadeimontilattari.it\/wp-content\/uploads\/2020\/11\/portada-torca.jpg?fit=600%2C600&amp;ssl=1\" data-orig-size=\"600,600\" data-comments-opened=\"1\" data-image-meta=\"{&quot;aperture&quot;:&quot;0&quot;,&quot;credit&quot;:&quot;&quot;,&quot;camera&quot;:&quot;&quot;,&quot;caption&quot;:&quot;&quot;,&quot;created_timestamp&quot;:&quot;0&quot;,&quot;copyright&quot;:&quot;&quot;,&quot;focal_length&quot;:&quot;0&quot;,&quot;iso&quot;:&quot;0&quot;,&quot;shutter_speed&quot;:&quot;0&quot;,&quot;title&quot;:&quot;&quot;,&quot;orientation&quot;:&quot;0&quot;}\" data-image-title=\"portada torca\" data-image-description=\"\" data-image-caption=\"\" data-large-file=\"https:\/\/i0.wp.com\/www.altaviadeimontilattari.it\/wp-content\/uploads\/2020\/11\/portada-torca.jpg?fit=600%2C600&amp;ssl=1\" \/><\/a>    <\/div>\r\n    <\/div>\r\n    <div class=\"layer-content element_1587187714568\"\r\n        id=\"\">\r\n        <div class=\"element element_1587187895341  title \">\r\n                    <a target=\"_blank\"\r\n                href=\"https:\/\/www.altaviadeimontilattari.it\/de\/17-torca-352-m\/\">17. Torca (352 m)<\/a>\r\n            <\/div>\r\n    <div class=\"element element_1587187729822  excerpt \">\r\n        Vom Vorgebirge Malacoccola entlang der Alta Via kommend, durchqueren Sie einige mit Olivenb\u00e4umen bebaute L\u00e4ndereien und orti erreichen Sie die                    <a target=\"_self\"\r\n                href=\"https:\/\/www.altaviadeimontilattari.it\/de\/17-torca-352-m\/\">Read more<\/a>\r\n            <\/div>\r\n    <\/div>\r\n    <\/div>\n  <\/div><div class=\"item item-6476 skin flat odd 17 \">\n        <div class=\"layer-wrapper layout-3675\">\n          <div class=\"layer-media element_1587187627902\"\r\n        id=\"\">\r\n        <div\r\n        class=\"element element_1587190790308  element-media \">\r\n        <a target=\"_self\" href=\"https:\/\/www.altaviadeimontilattari.it\/de\/18-empfehlen-0-m\/\"><img loading=\"lazy\" decoding=\"async\" width=\"1024\" height=\"1024\" src=\"https:\/\/i0.wp.com\/www.altaviadeimontilattari.it\/wp-content\/uploads\/2020\/11\/recommone_tour.png?fit=1024%2C1024&amp;ssl=1\" class=\"attachment-large size-large wp-post-image\" alt=\"\" data-attachment-id=\"5413\" data-permalink=\"https:\/\/www.altaviadeimontilattari.it\/de\/recommone_tour-2\/\" data-orig-file=\"https:\/\/i0.wp.com\/www.altaviadeimontilattari.it\/wp-content\/uploads\/2020\/11\/recommone_tour.png?fit=1024%2C1024&amp;ssl=1\" data-orig-size=\"1024,1024\" data-comments-opened=\"1\" data-image-meta=\"{&quot;aperture&quot;:&quot;0&quot;,&quot;credit&quot;:&quot;&quot;,&quot;camera&quot;:&quot;&quot;,&quot;caption&quot;:&quot;&quot;,&quot;created_timestamp&quot;:&quot;0&quot;,&quot;copyright&quot;:&quot;&quot;,&quot;focal_length&quot;:&quot;0&quot;,&quot;iso&quot;:&quot;0&quot;,&quot;shutter_speed&quot;:&quot;0&quot;,&quot;title&quot;:&quot;&quot;,&quot;orientation&quot;:&quot;0&quot;}\" data-image-title=\"recommone_tour\" data-image-description=\"\" data-image-caption=\"\" data-large-file=\"https:\/\/i0.wp.com\/www.altaviadeimontilattari.it\/wp-content\/uploads\/2020\/11\/recommone_tour.png?fit=1024%2C1024&amp;ssl=1\" \/><\/a>    <\/div>\r\n    <\/div>\r\n    <div class=\"layer-content element_1587187714568\"\r\n        id=\"\">\r\n        <div class=\"element element_1587187895341  title \">\r\n                    <a target=\"_blank\"\r\n                href=\"https:\/\/www.altaviadeimontilattari.it\/de\/18-empfehlen-0-m\/\">18. Empfehlen (0 m)<\/a>\r\n            <\/div>\r\n    <div class=\"element element_1587187729822  excerpt \">\r\n        Weiter auf dem Weg 300 CAI von Torca nach Durchquerung des Pinienwaldes An der K\u00fcste erreichen Sie die Recommone Bay                    <a target=\"_self\"\r\n                href=\"https:\/\/www.altaviadeimontilattari.it\/de\/18-empfehlen-0-m\/\">Read more<\/a>\r\n            <\/div>\r\n    <\/div>\r\n    <\/div>\n  <\/div><div class=\"item item-6468 skin flat even 18 \">\n        <div class=\"layer-wrapper layout-3675\">\n          <div class=\"layer-media element_1587187627902\"\r\n        id=\"\">\r\n        <div\r\n        class=\"element element_1587190790308  element-media \">\r\n        <a target=\"_self\" href=\"https:\/\/www.altaviadeimontilattari.it\/de\/19-monte-san-costanzo-490-m\/\"><img loading=\"lazy\" decoding=\"async\" width=\"1024\" height=\"1024\" src=\"https:\/\/i0.wp.com\/www.altaviadeimontilattari.it\/wp-content\/uploads\/2020\/11\/IMG_20200607_162155.jpg?fit=1024%2C1024&amp;ssl=1\" class=\"attachment-large size-large wp-post-image\" alt=\"\" data-attachment-id=\"5217\" data-permalink=\"https:\/\/www.altaviadeimontilattari.it\/de\/img_20200607_162155-2\/\" data-orig-file=\"https:\/\/i0.wp.com\/www.altaviadeimontilattari.it\/wp-content\/uploads\/2020\/11\/IMG_20200607_162155.jpg?fit=2100%2C2100&amp;ssl=1\" data-orig-size=\"2100,2100\" data-comments-opened=\"1\" data-image-meta=\"{&quot;aperture&quot;:&quot;0&quot;,&quot;credit&quot;:&quot;&quot;,&quot;camera&quot;:&quot;&quot;,&quot;caption&quot;:&quot;&quot;,&quot;created_timestamp&quot;:&quot;0&quot;,&quot;copyright&quot;:&quot;&quot;,&quot;focal_length&quot;:&quot;0&quot;,&quot;iso&quot;:&quot;0&quot;,&quot;shutter_speed&quot;:&quot;0&quot;,&quot;title&quot;:&quot;&quot;,&quot;orientation&quot;:&quot;0&quot;}\" data-image-title=\"IMG_20200607_162155\" data-image-description=\"\" data-image-caption=\"\" data-large-file=\"https:\/\/i0.wp.com\/www.altaviadeimontilattari.it\/wp-content\/uploads\/2020\/11\/IMG_20200607_162155.jpg?fit=1024%2C1024&amp;ssl=1\" \/><\/a>    <\/div>\r\n    <\/div>\r\n    <div class=\"layer-content element_1587187714568\"\r\n        id=\"\">\r\n        <div class=\"element element_1587187895341  title \">\r\n                    <a target=\"_blank\"\r\n                href=\"https:\/\/www.altaviadeimontilattari.it\/de\/19-monte-san-costanzo-490-m\/\">19. Monte San Costanzo (490 m)<\/a>\r\n            <\/div>\r\n    <div class=\"element element_1587187729822  excerpt \">\r\n        Wir verlassen den Strand von Recommone und fahren weiter in Richtung des letzten Abschnitts der Alta Via dei Monti Lattari.                    <a target=\"_self\"\r\n                href=\"https:\/\/www.altaviadeimontilattari.it\/de\/19-monte-san-costanzo-490-m\/\">Read more<\/a>\r\n            <\/div>\r\n    <\/div>\r\n    <\/div>\n  <\/div><div class=\"item item-6460 skin flat odd 19 \">\n        <div class=\"layer-wrapper layout-3675\">\n          <div class=\"layer-media element_1587187627902\"\r\n        id=\"\">\r\n        <div\r\n        class=\"element element_1587190790308  element-media \">\r\n        <a target=\"_self\" href=\"https:\/\/www.altaviadeimontilattari.it\/de\/20-punta-campanella-100-m\/\"><img loading=\"lazy\" decoding=\"async\" width=\"1024\" height=\"1024\" src=\"https:\/\/i0.wp.com\/www.altaviadeimontilattari.it\/wp-content\/uploads\/2020\/11\/portada-1.jpg?fit=1024%2C1024&amp;ssl=1\" class=\"attachment-large size-large wp-post-image\" alt=\"\" data-attachment-id=\"5177\" data-permalink=\"https:\/\/www.altaviadeimontilattari.it\/de\/portada-1-2\/\" data-orig-file=\"https:\/\/i0.wp.com\/www.altaviadeimontilattari.it\/wp-content\/uploads\/2020\/11\/portada-1.jpg?fit=1773%2C1773&amp;ssl=1\" data-orig-size=\"1773,1773\" data-comments-opened=\"1\" data-image-meta=\"{&quot;aperture&quot;:&quot;0&quot;,&quot;credit&quot;:&quot;&quot;,&quot;camera&quot;:&quot;&quot;,&quot;caption&quot;:&quot;&quot;,&quot;created_timestamp&quot;:&quot;0&quot;,&quot;copyright&quot;:&quot;&quot;,&quot;focal_length&quot;:&quot;0&quot;,&quot;iso&quot;:&quot;0&quot;,&quot;shutter_speed&quot;:&quot;0&quot;,&quot;title&quot;:&quot;&quot;,&quot;orientation&quot;:&quot;0&quot;}\" data-image-title=\"portada 1\" data-image-description=\"\" data-image-caption=\"\" data-large-file=\"https:\/\/i0.wp.com\/www.altaviadeimontilattari.it\/wp-content\/uploads\/2020\/11\/portada-1.jpg?fit=1024%2C1024&amp;ssl=1\" \/><\/a>    <\/div>\r\n    <\/div>\r\n    <div class=\"layer-content element_1587187714568\"\r\n        id=\"\">\r\n        <div class=\"element element_1587187895341  title \">\r\n                    <a target=\"_blank\"\r\n                href=\"https:\/\/www.altaviadeimontilattari.it\/de\/20-punta-campanella-100-m\/\">20. Punta Campanella (100 m)<\/a>\r\n            <\/div>\r\n    <div class=\"element element_1587187729822  excerpt \">\r\n        Vom Monte San Constanzo bis Die Spitze der Halbinsel von Sorrent ist etwas mehr als 3 km entfernt. \u00dcberqueren Sie                    <a target=\"_self\"\r\n                href=\"https:\/\/www.altaviadeimontilattari.it\/de\/20-punta-campanella-100-m\/\">Read more<\/a>\r\n            <\/div>\r\n    <\/div>\r\n    <\/div>\n  <\/div><div class=\"item item-6454 skin flat even 20 \">\n        <div class=\"layer-wrapper layout-3675\">\n          <div class=\"layer-media element_1587187627902\"\r\n        id=\"\">\r\n        <div\r\n        class=\"element element_1587190790308  element-media \">\r\n        <a target=\"_self\" href=\"https:\/\/www.altaviadeimontilattari.it\/de\/21-begriffe-323-m\/\"><img loading=\"lazy\" decoding=\"async\" width=\"1024\" height=\"1024\" src=\"https:\/\/i0.wp.com\/www.altaviadeimontilattari.it\/wp-content\/uploads\/2020\/11\/portada.jpg?fit=1024%2C1024&amp;ssl=1\" class=\"attachment-large size-large wp-post-image\" alt=\"\" data-attachment-id=\"5209\" data-permalink=\"https:\/\/www.altaviadeimontilattari.it\/de\/portada-2\/\" data-orig-file=\"https:\/\/i0.wp.com\/www.altaviadeimontilattari.it\/wp-content\/uploads\/2020\/11\/portada.jpg?fit=2192%2C2192&amp;ssl=1\" data-orig-size=\"2192,2192\" data-comments-opened=\"1\" data-image-meta=\"{&quot;aperture&quot;:&quot;0&quot;,&quot;credit&quot;:&quot;&quot;,&quot;camera&quot;:&quot;&quot;,&quot;caption&quot;:&quot;&quot;,&quot;created_timestamp&quot;:&quot;0&quot;,&quot;copyright&quot;:&quot;&quot;,&quot;focal_length&quot;:&quot;0&quot;,&quot;iso&quot;:&quot;0&quot;,&quot;shutter_speed&quot;:&quot;0&quot;,&quot;title&quot;:&quot;&quot;,&quot;orientation&quot;:&quot;0&quot;}\" data-image-title=\"portada\" data-image-description=\"\" data-image-caption=\"\" data-large-file=\"https:\/\/i0.wp.com\/www.altaviadeimontilattari.it\/wp-content\/uploads\/2020\/11\/portada.jpg?fit=1024%2C1024&amp;ssl=1\" \/><\/a>    <\/div>\r\n    <\/div>\r\n    <div class=\"layer-content element_1587187714568\"\r\n        id=\"\">\r\n        <div class=\"element element_1587187895341  title \">\r\n                    <a target=\"_blank\"\r\n                href=\"https:\/\/www.altaviadeimontilattari.it\/de\/21-begriffe-323-m\/\">21. Begriffe (323 m)<\/a>\r\n            <\/div>\r\n    <div class=\"element element_1587187729822  excerpt \">\r\n        Die Alta Via dei Monti Lattari endet in Termini, einem Ortsteil von Massa Lubrense. Von Punta Campanella entlang der gesamten                    <a target=\"_self\"\r\n                href=\"https:\/\/www.altaviadeimontilattari.it\/de\/21-begriffe-323-m\/\">Read more<\/a>\r\n            <\/div>\r\n    <\/div>\r\n    <\/div>\n  <\/div>    <\/div>\n    <div class=\"pagination\">\n      <div class=\"paginate\">\n      <\/div>\n  <style type=\"text\/css\">\n    #post-grid-3348 .pagination .page-numbers {\n      font-size: 16px;\n      color: #fff;\n      background: #646464;\n    }\n\n    #post-grid-3348 .pagination .page-numbers:hover,\n    #post-grid-3348 .pagination .page-numbers.current {\n      background: #4b4b4b;\n    }\n  <\/style>\n  <\/div>\n        <style type=\"text\/css\">\r\n            .layout-3675 .element_1587187627902 {\r\n                            }\r\n\r\n                    <\/style>\r\n        <style type=\"text\/css\">\r\n        .layout-3675 .element_1587190790308 {\r\n            overflow: hidden;\r\n                    }\r\n\r\n        .layout-3675 .element_1587190790308 img {\r\n            max-width: 100%;\r\n            height: auto;\r\n        }\r\n\r\n        @media only screen and (min-width: 1024px) {\r\n            .layout-3675 .element_1587190790308 {\r\n                height: auto;\r\n                            }\r\n        }\r\n\r\n        @media only screen and (min-width: 768px) and (max-width: 1023px) {\r\n            .layout-3675 .element_1587190790308 {\r\n                height: auto;\r\n                            }\r\n        }\r\n\r\n        @media only screen and (min-width: 0px) and (max-width: 767px) {\r\n            .layout-3675 .element_1587190790308 {\r\n                height: auto;\r\n                            }\r\n        }\r\n    <\/style>\r\n        <style type=\"text\/css\">\r\n            .layout-3675 .element_1587187714568 {\r\n                margin: 10px;\r\n                            }\r\n\r\n                    <\/style>\r\n        <style type=\"text\/css\">\r\n        .layout-3675 .element_1587187895341 {\r\n            font-size: 18px;\r\n            margin: 5px 0px;\r\n            text-align: left;\r\n                    }\r\n\r\n        .layout-3675 .element_1587187895341 a {\r\n            font-size: 18px;\r\n            margin: 5px 0px;\r\n            text-align: left;\r\n                    }\r\n    <\/style>\r\n    <style type=\"text\/css\">\r\n        .layout-3675 .element_1587187729822 {\r\n            font-size: 13px;\r\n            margin: 0px 0px;\r\n            text-align: left;\r\n                    }\r\n\r\n        .layout-3675 .element_1587187729822 a {\r\n            font-size: 13px;\r\n                    }\r\n    <\/style>\r\n        <style type=\"text\/css\">\n      .layout-3675 a{text-decoration:none}.layout-3675{vertical-align:top}.layout-3675 .layer-content{padding:10px}    <\/style>\n    <script>\n          <\/script>\n    <style type=\"text\/css\">\n    #post-grid-3348 {\n      padding: 10px;\n          }\n\n    #post-grid-3348 .item {\n      padding: 0px;\n      background: #fff;\n          }\n\n    #post-grid-3348 .item .layer-media {\n      height:auto;    }\n\n    @media only screen and (min-width: 0px) and (max-width: 767px) {\n      #post-grid-3348 .grid-items {\n        text-align: center;\n              }\n\n      #post-grid-3348 .item {\n        width: 90%;\n        margin: 10px;\n        display: inline-block;\n        vertical-align: top;\n        height:auto;      }\n    }\n\n    @media only screen and (min-width: 768px) and (max-width: 1023px) {\n      #post-grid-3348 .grid-items {\n        text-align: center;\n              }\n\n      #post-grid-3348 .item {\n        width: 280px;\n        margin: 10px;\n        display: inline-block;\n        vertical-align: top;\n        max-height:auto;      }\n    }\n\n    @media only screen and (min-width: 1024px) {\n      #post-grid-3348 .grid-items {\n        text-align: center;\n              }\n\n      #post-grid-3348 .item {\n        width: 280px;\n        display: inline-block;\n        margin: 10px;\n        vertical-align: top;\n        height:auto;      }\n    }\n\n      <\/style>\n  <\/div>\n\n\n\n\n<p><\/p>\n<div style=\"margin: 20px 0;\"><div class=\"qrcswholewtapper\" style=\"text-align:left;\"><div class=\"qrcprowrapper\"  id=\"qrcwraa2leds\"><div class=\"qrc_canvass\" id=\"qrc_cuttenpages_2\" style=\"display:inline-block\" data-text=\"https:\/\/www.altaviadeimontilattari.it\/de\/tour-dellalta-via-dei-monti-lattari\/\"><\/div><div><a download=\"Tour dell&#8217;Alta Via dei Monti Lattari.png\" class=\"qrcdownloads\" id=\"worign\">\r\n           <button type=\"button\" style=\"min-width:200px;background:#81ea00;color:#000;font-weight: 600;border: 1px solid #dddddd;border-radius:4px;font-size:12px;padding: 6px 0;\" class=\"uqr_code_btn\">Download QR<\/button>\r\n           <\/a><\/div><\/div><\/div><\/div>","protected":false},"excerpt":{"rendered":"<p>Download QR<\/p>\n","protected":false},"author":1,"featured_media":0,"parent":0,"menu_order":0,"comment_status":"closed","ping_status":"closed","template":"","meta":{"neve_meta_sidebar":"full-width","neve_meta_container":"","neve_meta_enable_content_width":"on","neve_meta_content_width":100,"neve_meta_title_alignment":"","neve_meta_author_avatar":"","neve_post_elements_order":"","neve_meta_disable_header":"","neve_meta_disable_footer":"","neve_meta_disable_title":"","neve_meta_reading_time":"","_themeisle_gutenberg_block_has_review":false,"jetpack_post_was_ever_published":false,"footnotes":""},"class_list":["post-6105","page","type-page","status-publish","hentry"],"yoast_head":"<!-- This site is optimized with the Yoast SEO plugin v27.4 - https:\/\/yoast.com\/product\/yoast-seo-wordpress\/ -->\n<title>Tour dell&#039;Alta Via dei Monti Lattari - Alta Via dei Monti Lattari<\/title>\n<meta name=\"robots\" content=\"index, follow, max-snippet:-1, max-image-preview:large, max-video-preview:-1\" \/>\n<link rel=\"canonical\" href=\"https:\/\/www.altaviadeimontilattari.it\/tour-dellalta-via-dei-monti-lattari\/\" \/>\n<meta property=\"og:locale\" content=\"de_DE\" \/>\n<meta property=\"og:type\" content=\"article\" \/>\n<meta property=\"og:title\" content=\"Tour dell&#039;Alta Via dei Monti Lattari - Alta Via dei Monti Lattari\" \/>\n<meta property=\"og:description\" content=\"Download QR\" \/>\n<meta property=\"og:url\" content=\"https:\/\/www.altaviadeimontilattari.it\/tour-dellalta-via-dei-monti-lattari\/\" \/>\n<meta property=\"og:site_name\" content=\"Alta Via dei Monti Lattari\" \/>\n<meta property=\"article:modified_time\" content=\"2022-07-01T10:11:05+00:00\" \/>\n<meta name=\"twitter:card\" content=\"summary_large_image\" \/>\n<script type=\"application\/ld+json\" class=\"yoast-schema-graph\">{\"@context\":\"https:\\\/\\\/schema.org\",\"@graph\":[{\"@type\":\"WebPage\",\"@id\":\"https:\\\/\\\/www.altaviadeimontilattari.it\\\/tour-dellalta-via-dei-monti-lattari\\\/\",\"url\":\"https:\\\/\\\/www.altaviadeimontilattari.it\\\/tour-dellalta-via-dei-monti-lattari\\\/\",\"name\":\"Tour dell'Alta Via dei Monti Lattari - Alta Via dei Monti Lattari\",\"isPartOf\":{\"@id\":\"https:\\\/\\\/www.altaviadeimontilattari.it\\\/#website\"},\"datePublished\":\"2021-01-02T08:56:58+00:00\",\"dateModified\":\"2022-07-01T10:11:05+00:00\",\"breadcrumb\":{\"@id\":\"https:\\\/\\\/www.altaviadeimontilattari.it\\\/tour-dellalta-via-dei-monti-lattari\\\/#breadcrumb\"},\"inLanguage\":\"de\",\"potentialAction\":[{\"@type\":\"ReadAction\",\"target\":[\"https:\\\/\\\/www.altaviadeimontilattari.it\\\/tour-dellalta-via-dei-monti-lattari\\\/\"]}]},{\"@type\":\"BreadcrumbList\",\"@id\":\"https:\\\/\\\/www.altaviadeimontilattari.it\\\/tour-dellalta-via-dei-monti-lattari\\\/#breadcrumb\",\"itemListElement\":[{\"@type\":\"ListItem\",\"position\":1,\"name\":\"Home\",\"item\":\"https:\\\/\\\/www.altaviadeimontilattari.it\\\/es\\\/\"},{\"@type\":\"ListItem\",\"position\":2,\"name\":\"Tour dell&#8217;Alta Via dei Monti Lattari\"}]},{\"@type\":\"WebSite\",\"@id\":\"https:\\\/\\\/www.altaviadeimontilattari.it\\\/#website\",\"url\":\"https:\\\/\\\/www.altaviadeimontilattari.it\\\/\",\"name\":\"Alta Via dei Monti Lattari\",\"description\":\"La montagna \u00e8 un modo di vivere la vita.\",\"publisher\":{\"@id\":\"https:\\\/\\\/www.altaviadeimontilattari.it\\\/#organization\"},\"potentialAction\":[{\"@type\":\"SearchAction\",\"target\":{\"@type\":\"EntryPoint\",\"urlTemplate\":\"https:\\\/\\\/www.altaviadeimontilattari.it\\\/?s={search_term_string}\"},\"query-input\":{\"@type\":\"PropertyValueSpecification\",\"valueRequired\":true,\"valueName\":\"search_term_string\"}}],\"inLanguage\":\"de\"},{\"@type\":\"Organization\",\"@id\":\"https:\\\/\\\/www.altaviadeimontilattari.it\\\/#organization\",\"name\":\"Alta Via dei Monti Lattari\",\"url\":\"https:\\\/\\\/www.altaviadeimontilattari.it\\\/\",\"logo\":{\"@type\":\"ImageObject\",\"inLanguage\":\"de\",\"@id\":\"https:\\\/\\\/www.altaviadeimontilattari.it\\\/#\\\/schema\\\/logo\\\/image\\\/\",\"url\":\"https:\\\/\\\/i0.wp.com\\\/www.altaviadeimontilattari.it\\\/wp-content\\\/uploads\\\/2020\\\/12\\\/alta_via_monyi_lattari_logo.png?fit=325%2C100&ssl=1\",\"contentUrl\":\"https:\\\/\\\/i0.wp.com\\\/www.altaviadeimontilattari.it\\\/wp-content\\\/uploads\\\/2020\\\/12\\\/alta_via_monyi_lattari_logo.png?fit=325%2C100&ssl=1\",\"width\":325,\"height\":100,\"caption\":\"Alta Via dei Monti Lattari\"},\"image\":{\"@id\":\"https:\\\/\\\/www.altaviadeimontilattari.it\\\/#\\\/schema\\\/logo\\\/image\\\/\"}}]}<\/script>\n<!-- \/ Yoast SEO plugin. -->","yoast_head_json":{"title":"Tour dell'Alta Via dei Monti Lattari - Alta Via dei Monti Lattari","robots":{"index":"index","follow":"follow","max-snippet":"max-snippet:-1","max-image-preview":"max-image-preview:large","max-video-preview":"max-video-preview:-1"},"canonical":"https:\/\/www.altaviadeimontilattari.it\/tour-dellalta-via-dei-monti-lattari\/","og_locale":"de_DE","og_type":"article","og_title":"Tour dell'Alta Via dei Monti Lattari - Alta Via dei Monti Lattari","og_description":"Download QR","og_url":"https:\/\/www.altaviadeimontilattari.it\/tour-dellalta-via-dei-monti-lattari\/","og_site_name":"Alta Via dei Monti Lattari","article_modified_time":"2022-07-01T10:11:05+00:00","twitter_card":"summary_large_image","schema":{"@context":"https:\/\/schema.org","@graph":[{"@type":"WebPage","@id":"https:\/\/www.altaviadeimontilattari.it\/tour-dellalta-via-dei-monti-lattari\/","url":"https:\/\/www.altaviadeimontilattari.it\/tour-dellalta-via-dei-monti-lattari\/","name":"Tour dell'Alta Via dei Monti Lattari - Alta Via dei Monti Lattari","isPartOf":{"@id":"https:\/\/www.altaviadeimontilattari.it\/#website"},"datePublished":"2021-01-02T08:56:58+00:00","dateModified":"2022-07-01T10:11:05+00:00","breadcrumb":{"@id":"https:\/\/www.altaviadeimontilattari.it\/tour-dellalta-via-dei-monti-lattari\/#breadcrumb"},"inLanguage":"de","potentialAction":[{"@type":"ReadAction","target":["https:\/\/www.altaviadeimontilattari.it\/tour-dellalta-via-dei-monti-lattari\/"]}]},{"@type":"BreadcrumbList","@id":"https:\/\/www.altaviadeimontilattari.it\/tour-dellalta-via-dei-monti-lattari\/#breadcrumb","itemListElement":[{"@type":"ListItem","position":1,"name":"Home","item":"https:\/\/www.altaviadeimontilattari.it\/es\/"},{"@type":"ListItem","position":2,"name":"Tour dell&#8217;Alta Via dei Monti Lattari"}]},{"@type":"WebSite","@id":"https:\/\/www.altaviadeimontilattari.it\/#website","url":"https:\/\/www.altaviadeimontilattari.it\/","name":"Alta Via dei Monti Lattari","description":"La montagna \u00e8 un modo di vivere la vita.","publisher":{"@id":"https:\/\/www.altaviadeimontilattari.it\/#organization"},"potentialAction":[{"@type":"SearchAction","target":{"@type":"EntryPoint","urlTemplate":"https:\/\/www.altaviadeimontilattari.it\/?s={search_term_string}"},"query-input":{"@type":"PropertyValueSpecification","valueRequired":true,"valueName":"search_term_string"}}],"inLanguage":"de"},{"@type":"Organization","@id":"https:\/\/www.altaviadeimontilattari.it\/#organization","name":"Alta Via dei Monti Lattari","url":"https:\/\/www.altaviadeimontilattari.it\/","logo":{"@type":"ImageObject","inLanguage":"de","@id":"https:\/\/www.altaviadeimontilattari.it\/#\/schema\/logo\/image\/","url":"https:\/\/i0.wp.com\/www.altaviadeimontilattari.it\/wp-content\/uploads\/2020\/12\/alta_via_monyi_lattari_logo.png?fit=325%2C100&ssl=1","contentUrl":"https:\/\/i0.wp.com\/www.altaviadeimontilattari.it\/wp-content\/uploads\/2020\/12\/alta_via_monyi_lattari_logo.png?fit=325%2C100&ssl=1","width":325,"height":100,"caption":"Alta Via dei Monti Lattari"},"image":{"@id":"https:\/\/www.altaviadeimontilattari.it\/#\/schema\/logo\/image\/"}}]}},"jetpack-related-posts":[{"id":3349,"url":"https:\/\/www.altaviadeimontilattari.it\/tour-dellalta-via-dei-monti-lattari\/","url_meta":{"origin":6105,"position":0},"title":"Tour dell&#8217;Alta Via dei Monti Lattari","author":"Luca Casaburi","date":"2. Januar 2021","format":false,"excerpt":"","rel":"","context":"\u00c4hnlicher Beitrag","block_context":{"text":"\u00c4hnlicher Beitrag","link":""},"img":{"alt_text":"","src":"","width":0,"height":0},"classes":[]},{"id":6101,"url":"https:\/\/www.altaviadeimontilattari.it\/en\/tour-dellalta-via-dei-monti-lattari\/","url_meta":{"origin":6105,"position":1},"title":"Tour dell&#8217;Alta Via dei Monti Lattari","author":"Luca Casaburi","date":"2. Januar 2021","format":false,"excerpt":"","rel":"","context":"\u00c4hnlicher Beitrag","block_context":{"text":"\u00c4hnlicher Beitrag","link":""},"img":{"alt_text":"","src":"","width":0,"height":0},"classes":[]},{"id":6103,"url":"https:\/\/www.altaviadeimontilattari.it\/fr\/tour-dellalta-via-dei-monti-lattari\/","url_meta":{"origin":6105,"position":2},"title":"Tour dell&#8217;Alta Via dei Monti Lattari","author":"Luca Casaburi","date":"2. Januar 2021","format":false,"excerpt":"","rel":"","context":"\u00c4hnlicher Beitrag","block_context":{"text":"\u00c4hnlicher Beitrag","link":""},"img":{"alt_text":"","src":"","width":0,"height":0},"classes":[]},{"id":6107,"url":"https:\/\/www.altaviadeimontilattari.it\/es\/tour-dellalta-via-dei-monti-lattari\/","url_meta":{"origin":6105,"position":3},"title":"Tour dell&#8217;Alta Via dei Monti Lattari","author":"Luca Casaburi","date":"2. Januar 2021","format":false,"excerpt":"","rel":"","context":"\u00c4hnlicher Beitrag","block_context":{"text":"\u00c4hnlicher Beitrag","link":""},"img":{"alt_text":"","src":"","width":0,"height":0},"classes":[]},{"id":7016,"url":"https:\/\/www.altaviadeimontilattari.it\/alta-via-dei-monti-lattari-guida-ai-punti-di-interessi\/","url_meta":{"origin":6105,"position":4},"title":"Alta Via dei Monti Lattari &#8211; Guida ai punti di interessi","author":"Luca Casaburi","date":"5. Mai 2023","format":false,"excerpt":"Questa guida \u00e8 stata realizzata da Luca Casaburi, Marco Casaburi, Magda Lianet Padillia di Turismo.RicercAttiva.Il materiale e le informazioni sono state raccolte durante le nostre escursioni ed esperienze negli anni e durante l'evento Cammina con Noi - Alta Via dei Monti Lattari.Si ringrazia tutti coloro che ci hanno accompagnato sui\u2026","rel":"","context":"\u00c4hnlicher Beitrag","block_context":{"text":"\u00c4hnlicher Beitrag","link":""},"img":{"alt_text":"Alta Via dei Monti Lattari - Guida ai punti di interesse - 2023","src":"https:\/\/i0.wp.com\/www.altaviadeimontilattari.it\/wp-content\/uploads\/2023\/05\/00.jpg?fit=846%2C1200&ssl=1&resize=350%2C200","width":350,"height":200,"srcset":"https:\/\/i0.wp.com\/www.altaviadeimontilattari.it\/wp-content\/uploads\/2023\/05\/00.jpg?fit=846%2C1200&ssl=1&resize=350%2C200 1x, https:\/\/i0.wp.com\/www.altaviadeimontilattari.it\/wp-content\/uploads\/2023\/05\/00.jpg?fit=846%2C1200&ssl=1&resize=525%2C300 1.5x, https:\/\/i0.wp.com\/www.altaviadeimontilattari.it\/wp-content\/uploads\/2023\/05\/00.jpg?fit=846%2C1200&ssl=1&resize=700%2C400 2x"},"classes":[]},{"id":13,"url":"https:\/\/www.altaviadeimontilattari.it\/alta-via-dei-monti-lattari\/","url_meta":{"origin":6105,"position":5},"title":"Alta Via dei Monti Lattari","author":"Turismo.Ricercattiva","date":"19. November 2020","format":false,"excerpt":"Con la testa tra le nuvole e il mare Famosa in tutto il mondo per il suo mare blu intenso, le scogliere e le antiche citt\u00e0, la Costiera Amalfitana nasconde appena sopra la sua costa, la bellezza naturale dei Monti Lattari. Incrociate da centinaia di mulattiere ben calpestate, i Monti\u2026","rel":"","context":"\u00c4hnlicher Beitrag","block_context":{"text":"\u00c4hnlicher Beitrag","link":""},"img":{"alt_text":"","src":"https:\/\/i0.wp.com\/www.altaviadeimontilattari.it\/wp-content\/uploads\/2020\/12\/tour_alta_via_monti_lattari.jpg?resize=350%2C200&ssl=1","width":350,"height":200,"srcset":"https:\/\/i0.wp.com\/www.altaviadeimontilattari.it\/wp-content\/uploads\/2020\/12\/tour_alta_via_monti_lattari.jpg?resize=350%2C200&ssl=1 1x, https:\/\/i0.wp.com\/www.altaviadeimontilattari.it\/wp-content\/uploads\/2020\/12\/tour_alta_via_monti_lattari.jpg?resize=525%2C300&ssl=1 1.5x, https:\/\/i0.wp.com\/www.altaviadeimontilattari.it\/wp-content\/uploads\/2020\/12\/tour_alta_via_monti_lattari.jpg?resize=700%2C400&ssl=1 2x"},"classes":[]}],"jetpack_shortlink":"https:\/\/wp.me\/PcGNaV-1At","jetpack_sharing_enabled":true,"_links":{"self":[{"href":"https:\/\/www.altaviadeimontilattari.it\/de\/wp-json\/wp\/v2\/pages\/6105","targetHints":{"allow":["GET"]}}],"collection":[{"href":"https:\/\/www.altaviadeimontilattari.it\/de\/wp-json\/wp\/v2\/pages"}],"about":[{"href":"https:\/\/www.altaviadeimontilattari.it\/de\/wp-json\/wp\/v2\/types\/page"}],"author":[{"embeddable":true,"href":"https:\/\/www.altaviadeimontilattari.it\/de\/wp-json\/wp\/v2\/users\/1"}],"replies":[{"embeddable":true,"href":"https:\/\/www.altaviadeimontilattari.it\/de\/wp-json\/wp\/v2\/comments?post=6105"}],"version-history":[{"count":1,"href":"https:\/\/www.altaviadeimontilattari.it\/de\/wp-json\/wp\/v2\/pages\/6105\/revisions"}],"predecessor-version":[{"id":6106,"href":"https:\/\/www.altaviadeimontilattari.it\/de\/wp-json\/wp\/v2\/pages\/6105\/revisions\/6106"}],"wp:attachment":[{"href":"https:\/\/www.altaviadeimontilattari.it\/de\/wp-json\/wp\/v2\/media?parent=6105"}],"curies":[{"name":"wp","href":"https:\/\/api.w.org\/{rel}","templated":true}]}}