{"id":6120,"date":"2020-11-19T15:02:26","date_gmt":"2020-11-19T15:02:26","guid":{"rendered":"https:\/\/www.altaviadeimontilattari.it\/die-halbinsel-von-sorrent\/"},"modified":"2020-11-19T15:02:26","modified_gmt":"2020-11-19T15:02:26","slug":"die-halbinsel-von-sorrent","status":"publish","type":"page","link":"https:\/\/www.altaviadeimontilattari.it\/de\/die-halbinsel-von-sorrent\/","title":{"rendered":"Die Halbinsel von Sorrent"},"content":{"rendered":"<p><em> <strong>Die Halbinsel von Sorrento <\/strong> <\/em> pr\u00e4sentiert eine weltweit einzigartige Landschaft, in der sich niedrige und hohe H\u00fcgel, tiefe T\u00e4ler und majest\u00e4tische Berge abwechseln. Unter den Sch\u00f6nheiten der Natur gibt es das Eingreifen des Menschen mit Orangen- und Zitronenb\u00e4umen, Olivenhainen und Weinbergen. Das sind die bezaubernden G\u00e4rten, die im Fr\u00fchling einen Duft von Orangenbl\u00fcten verstr\u00f6men.<\/p>\n<p>Die Region um Sorrento verf\u00fcgt \u00fcber ein Netz alter Pfade, die urspr\u00fcnglich auf Eseln \u00fcberquert wurden und dazu dienten, die zahlreichen D\u00f6rfer der Halbinsel miteinander zu verbinden.<\/p>\n<p>Die meisten Wege sind intakt, da sie wenig genutzt werden und im Allgemeinen etwa 3-4 Meter breit sind und aus sehr gut gestaltetem Stein bestehen.<\/p>\n<p>Es gibt Routen, die f\u00fcr alle Altersgruppen und F\u00e4higkeiten geeignet sind. Der einzige Faktor, der die Trails wirklich unterscheidet, ist die Steilheit der H\u00fcgel entlang des Weges.<\/p>\n<p>Das Wegenetz erstreckt sich entlang der Halbinsel von <em> <strong> Sorrento <\/strong> <\/em> bis <em> <strong> Positano, Amalfi <\/strong> <\/em> und dar\u00fcber hinaus. Das Gebiet am westlichen Ende der Halbinsel um Sorrento ist das letzte. Die Trails weiter \u00f6stlich rund um Positano und Amalfi sind deutlich anspruchsvoller.<\/p>\n<p>In der Gegend von <em> <strong>Sorrento <\/strong> <\/em> betr\u00e4gt das Maximum, das bestiegen werden kann, etwa 500 m. Die meisten Besucher werden einen der einfachen Spazierg\u00e4nge machen oder einen der lokalen Busse von Sorrento nach <em> <strong>Sant&#8217;Agata <\/strong> <\/em> nehmen, der Hauptstadt im Zentrum der Halbinsel.<\/p>\n<p>Ein weiterer landschaftlich interessanter Ort ist Punta Campanella, wo der Golf von Sorrento mit der <em> <strong>Amalfik\u00fcste <\/strong> <\/em> zusammentrifft. Von hier aus k\u00f6nnen Sie Capri fast ber\u00fchren.<\/p>\n<p>Durch den Weg ist es m\u00f6glich, sowohl den <em> <strong>Golf von Sorrento <\/strong> <\/em> als auch die St\u00e4dte der <em> <strong> Amalfik\u00fcste von Praiano und Positano <\/strong> <\/ em>. Beginnen Sie an der Piazza di Termini, einem Stadtteil von Massa Lubrense, hoch oben in den H\u00fcgeln \u00fcber Sorrento. Diese Route ist gut gepflegt und nicht besonders schwierig zu gehen.<\/p>\n<p>Die Hin- und R\u00fcckfahrt nach <em> <strong>Punta Campanella <\/strong> <\/em> dauert etwa zwei Stunden und ist in den Herbstmonaten relativ leicht. Der Leuchtturm an der Spitze der Halbinsel bietet eine der sch\u00f6nsten Aussichten der Gegend.<\/p>\n<p><em> <strong>Die Bucht von Ieranto <\/strong> <\/em> bildet ein riesiges Hufeisen zwischen <em> <strong>Punta Campanella und Punta Penna <\/strong> <\/em>: Sie gilt als eine der die besten Badeorte der <em> <strong> Sorrentinischen Halbinsel <\/strong> <\/em>. Es gibt zwei Alternativen, um dorthin zu gelangen: Nehmen Sie ein Boot oder gehen Sie vom Dorf Nerano aus zu Fu\u00df, der steile Abstieg ist Teil eines 6,5 km langen Spaziergangs vom nahe gelegenen Bahnhof Termini.<\/p>\n<p>Diese kurvenreiche Route ist nur eine von 20 (insgesamt 110 km), die das Gebiet abdecken, das kleine Sorrento-D\u00f6rfer verbindet und sich um die weite K\u00fcste schl\u00e4ngelt. Die Entfernungen reichen von harten Tageswanderungen wie <em> <strong> der Alta Via dei Monti Lattari <\/strong> <\/em> 14,1 km von den Fontanelle-H\u00fcgeln in der N\u00e4he von Positano nach Punta Campanella, k\u00fcrzere Wanderungen, die f\u00fcr die ganze Familie geeignet sind.<\/p>\n<p>&#038; nbsp;<\/p>\n<div style=\"margin: 20px 0;\"><div class=\"qrcswholewtapper\" style=\"text-align:left;\"><div class=\"qrcprowrapper\"  id=\"qrcwraa2leds\"><div class=\"qrc_canvass\" id=\"qrc_cuttenpages_2\" style=\"display:inline-block\" data-text=\"https:\/\/www.altaviadeimontilattari.it\/de\/die-halbinsel-von-sorrent\/\"><\/div><div><a download=\"Die Halbinsel von Sorrent.png\" class=\"qrcdownloads\" id=\"worign\">\r\n           <button type=\"button\" style=\"min-width:200px;background:#81ea00;color:#000;font-weight: 600;border: 1px solid #dddddd;border-radius:4px;font-size:12px;padding: 6px 0;\" class=\"uqr_code_btn\">Download QR<\/button>\r\n           <\/a><\/div><\/div><\/div><\/div>","protected":false},"excerpt":{"rendered":"<p>Die Halbinsel von Sorrento pr\u00e4sentiert eine weltweit einzigartige Landschaft, in der sich niedrige und hohe H\u00fcgel, tiefe T\u00e4ler und majest\u00e4tische Berge abwechseln. Unter den Sch\u00f6nheiten der Natur gibt es das Eingreifen des Menschen mit Orangen- und Zitronenb\u00e4umen, Olivenhainen und Weinbergen. Das sind die bezaubernden G\u00e4rten, die im Fr\u00fchling einen Duft von Orangenbl\u00fcten verstr\u00f6men. Die Region&hellip;&nbsp;<a href=\"https:\/\/www.altaviadeimontilattari.it\/de\/die-halbinsel-von-sorrent\/\" rel=\"bookmark\">Mehr lesen &raquo;<span class=\"screen-reader-text\">Die Halbinsel von Sorrent<\/span><\/a><\/p>\n","protected":false},"author":2,"featured_media":0,"parent":0,"menu_order":0,"comment_status":"closed","ping_status":"closed","template":"","meta":{"neve_meta_sidebar":"","neve_meta_container":"","neve_meta_enable_content_width":"off","neve_meta_content_width":0,"neve_meta_title_alignment":"","neve_meta_author_avatar":"","neve_post_elements_order":"","neve_meta_disable_header":"","neve_meta_disable_footer":"","neve_meta_disable_title":"","neve_meta_reading_time":"","_themeisle_gutenberg_block_has_review":false,"jetpack_post_was_ever_published":false,"footnotes":""},"class_list":["post-6120","page","type-page","status-publish","hentry"],"yoast_head":"<!-- This site is optimized with the Yoast SEO plugin v27.4 - https:\/\/yoast.com\/product\/yoast-seo-wordpress\/ -->\n<title>Die Halbinsel von Sorrent - Alta Via dei Monti Lattari<\/title>\n<meta name=\"robots\" content=\"index, follow, max-snippet:-1, max-image-preview:large, max-video-preview:-1\" \/>\n<link rel=\"canonical\" href=\"https:\/\/www.altaviadeimontilattari.it\/la-penisola-sorrentina\/\" \/>\n<meta property=\"og:locale\" content=\"de_DE\" \/>\n<meta property=\"og:type\" content=\"article\" \/>\n<meta property=\"og:title\" content=\"Die Halbinsel von Sorrent - Alta Via dei Monti Lattari\" \/>\n<meta property=\"og:description\" content=\"Die Halbinsel von Sorrento pr\u00e4sentiert eine weltweit einzigartige Landschaft, in der sich niedrige und hohe H\u00fcgel, tiefe T\u00e4ler und majest\u00e4tische Berge abwechseln. Unter den Sch\u00f6nheiten der Natur gibt es das Eingreifen des Menschen mit Orangen- und Zitronenb\u00e4umen, Olivenhainen und Weinbergen. Das sind die bezaubernden G\u00e4rten, die im Fr\u00fchling einen Duft von Orangenbl\u00fcten verstr\u00f6men. Die Region&hellip;&nbsp;Mehr lesen &raquo;Die Halbinsel von Sorrent\" \/>\n<meta property=\"og:url\" content=\"https:\/\/www.altaviadeimontilattari.it\/la-penisola-sorrentina\/\" \/>\n<meta property=\"og:site_name\" content=\"Alta Via dei Monti Lattari\" \/>\n<meta name=\"twitter:card\" content=\"summary_large_image\" \/>\n<meta name=\"twitter:label1\" content=\"Gesch\u00e4tzte Lesezeit\" \/>\n\t<meta name=\"twitter:data1\" content=\"2\u00a0Minuten\" \/>\n<script type=\"application\/ld+json\" class=\"yoast-schema-graph\">{\"@context\":\"https:\\\/\\\/schema.org\",\"@graph\":[{\"@type\":\"WebPage\",\"@id\":\"https:\\\/\\\/www.altaviadeimontilattari.it\\\/la-penisola-sorrentina\\\/\",\"url\":\"https:\\\/\\\/www.altaviadeimontilattari.it\\\/la-penisola-sorrentina\\\/\",\"name\":\"Die Halbinsel von Sorrent - Alta Via dei Monti Lattari\",\"isPartOf\":{\"@id\":\"https:\\\/\\\/www.altaviadeimontilattari.it\\\/#website\"},\"datePublished\":\"2020-11-19T15:02:26+00:00\",\"breadcrumb\":{\"@id\":\"https:\\\/\\\/www.altaviadeimontilattari.it\\\/la-penisola-sorrentina\\\/#breadcrumb\"},\"inLanguage\":\"de\",\"potentialAction\":[{\"@type\":\"ReadAction\",\"target\":[\"https:\\\/\\\/www.altaviadeimontilattari.it\\\/la-penisola-sorrentina\\\/\"]}]},{\"@type\":\"BreadcrumbList\",\"@id\":\"https:\\\/\\\/www.altaviadeimontilattari.it\\\/la-penisola-sorrentina\\\/#breadcrumb\",\"itemListElement\":[{\"@type\":\"ListItem\",\"position\":1,\"name\":\"Home\",\"item\":\"https:\\\/\\\/www.altaviadeimontilattari.it\\\/es\\\/\"},{\"@type\":\"ListItem\",\"position\":2,\"name\":\"Die Halbinsel von Sorrent\"}]},{\"@type\":\"WebSite\",\"@id\":\"https:\\\/\\\/www.altaviadeimontilattari.it\\\/#website\",\"url\":\"https:\\\/\\\/www.altaviadeimontilattari.it\\\/\",\"name\":\"Alta Via dei Monti Lattari\",\"description\":\"La montagna \u00e8 un modo di vivere la vita.\",\"publisher\":{\"@id\":\"https:\\\/\\\/www.altaviadeimontilattari.it\\\/#organization\"},\"potentialAction\":[{\"@type\":\"SearchAction\",\"target\":{\"@type\":\"EntryPoint\",\"urlTemplate\":\"https:\\\/\\\/www.altaviadeimontilattari.it\\\/?s={search_term_string}\"},\"query-input\":{\"@type\":\"PropertyValueSpecification\",\"valueRequired\":true,\"valueName\":\"search_term_string\"}}],\"inLanguage\":\"de\"},{\"@type\":\"Organization\",\"@id\":\"https:\\\/\\\/www.altaviadeimontilattari.it\\\/#organization\",\"name\":\"Alta Via dei Monti Lattari\",\"url\":\"https:\\\/\\\/www.altaviadeimontilattari.it\\\/\",\"logo\":{\"@type\":\"ImageObject\",\"inLanguage\":\"de\",\"@id\":\"https:\\\/\\\/www.altaviadeimontilattari.it\\\/#\\\/schema\\\/logo\\\/image\\\/\",\"url\":\"https:\\\/\\\/i0.wp.com\\\/www.altaviadeimontilattari.it\\\/wp-content\\\/uploads\\\/2020\\\/12\\\/alta_via_monyi_lattari_logo.png?fit=325%2C100&ssl=1\",\"contentUrl\":\"https:\\\/\\\/i0.wp.com\\\/www.altaviadeimontilattari.it\\\/wp-content\\\/uploads\\\/2020\\\/12\\\/alta_via_monyi_lattari_logo.png?fit=325%2C100&ssl=1\",\"width\":325,\"height\":100,\"caption\":\"Alta Via dei Monti Lattari\"},\"image\":{\"@id\":\"https:\\\/\\\/www.altaviadeimontilattari.it\\\/#\\\/schema\\\/logo\\\/image\\\/\"}}]}<\/script>\n<!-- \/ Yoast SEO plugin. -->","yoast_head_json":{"title":"Die Halbinsel von Sorrent - Alta Via dei Monti Lattari","robots":{"index":"index","follow":"follow","max-snippet":"max-snippet:-1","max-image-preview":"max-image-preview:large","max-video-preview":"max-video-preview:-1"},"canonical":"https:\/\/www.altaviadeimontilattari.it\/la-penisola-sorrentina\/","og_locale":"de_DE","og_type":"article","og_title":"Die Halbinsel von Sorrent - Alta Via dei Monti Lattari","og_description":"Die Halbinsel von Sorrento pr\u00e4sentiert eine weltweit einzigartige Landschaft, in der sich niedrige und hohe H\u00fcgel, tiefe T\u00e4ler und majest\u00e4tische Berge abwechseln. Unter den Sch\u00f6nheiten der Natur gibt es das Eingreifen des Menschen mit Orangen- und Zitronenb\u00e4umen, Olivenhainen und Weinbergen. Das sind die bezaubernden G\u00e4rten, die im Fr\u00fchling einen Duft von Orangenbl\u00fcten verstr\u00f6men. Die Region&hellip;&nbsp;Mehr lesen &raquo;Die Halbinsel von Sorrent","og_url":"https:\/\/www.altaviadeimontilattari.it\/la-penisola-sorrentina\/","og_site_name":"Alta Via dei Monti Lattari","twitter_card":"summary_large_image","twitter_misc":{"Gesch\u00e4tzte Lesezeit":"2\u00a0Minuten"},"schema":{"@context":"https:\/\/schema.org","@graph":[{"@type":"WebPage","@id":"https:\/\/www.altaviadeimontilattari.it\/la-penisola-sorrentina\/","url":"https:\/\/www.altaviadeimontilattari.it\/la-penisola-sorrentina\/","name":"Die Halbinsel von Sorrent - Alta Via dei Monti Lattari","isPartOf":{"@id":"https:\/\/www.altaviadeimontilattari.it\/#website"},"datePublished":"2020-11-19T15:02:26+00:00","breadcrumb":{"@id":"https:\/\/www.altaviadeimontilattari.it\/la-penisola-sorrentina\/#breadcrumb"},"inLanguage":"de","potentialAction":[{"@type":"ReadAction","target":["https:\/\/www.altaviadeimontilattari.it\/la-penisola-sorrentina\/"]}]},{"@type":"BreadcrumbList","@id":"https:\/\/www.altaviadeimontilattari.it\/la-penisola-sorrentina\/#breadcrumb","itemListElement":[{"@type":"ListItem","position":1,"name":"Home","item":"https:\/\/www.altaviadeimontilattari.it\/es\/"},{"@type":"ListItem","position":2,"name":"Die Halbinsel von Sorrent"}]},{"@type":"WebSite","@id":"https:\/\/www.altaviadeimontilattari.it\/#website","url":"https:\/\/www.altaviadeimontilattari.it\/","name":"Alta Via dei Monti Lattari","description":"La montagna \u00e8 un modo di vivere la vita.","publisher":{"@id":"https:\/\/www.altaviadeimontilattari.it\/#organization"},"potentialAction":[{"@type":"SearchAction","target":{"@type":"EntryPoint","urlTemplate":"https:\/\/www.altaviadeimontilattari.it\/?s={search_term_string}"},"query-input":{"@type":"PropertyValueSpecification","valueRequired":true,"valueName":"search_term_string"}}],"inLanguage":"de"},{"@type":"Organization","@id":"https:\/\/www.altaviadeimontilattari.it\/#organization","name":"Alta Via dei Monti Lattari","url":"https:\/\/www.altaviadeimontilattari.it\/","logo":{"@type":"ImageObject","inLanguage":"de","@id":"https:\/\/www.altaviadeimontilattari.it\/#\/schema\/logo\/image\/","url":"https:\/\/i0.wp.com\/www.altaviadeimontilattari.it\/wp-content\/uploads\/2020\/12\/alta_via_monyi_lattari_logo.png?fit=325%2C100&ssl=1","contentUrl":"https:\/\/i0.wp.com\/www.altaviadeimontilattari.it\/wp-content\/uploads\/2020\/12\/alta_via_monyi_lattari_logo.png?fit=325%2C100&ssl=1","width":325,"height":100,"caption":"Alta Via dei Monti Lattari"},"image":{"@id":"https:\/\/www.altaviadeimontilattari.it\/#\/schema\/logo\/image\/"}}]}},"jetpack-related-posts":[{"id":6124,"url":"https:\/\/www.altaviadeimontilattari.it\/de\/die-amalfikueste\/","url_meta":{"origin":6120,"position":0},"title":"Die Amalfik\u00fcste","author":"","date":"19. November 2020","format":false,"excerpt":"Die Amalfik\u00fcste repr\u00e4sentiert die herrliche Landschaft s\u00fcdlich des chaotischen und faszinierenden Neapels. Daf\u00fcr sind die Inseln Capri, Ischia und Procida Anziehungspunkte f\u00fcr Millionen von Besuchern, die nicht nur aus Italien kommen. Die St\u00e4dte, die die K\u00fcsten Kampaniens beleben, sind in die Berge eingebettet, unber\u00fchrt und bewahren einen immergr\u00fcnen Charme, der\u2026","rel":"","context":"\u00c4hnlicher Beitrag","block_context":{"text":"\u00c4hnlicher Beitrag","link":""},"img":{"alt_text":"","src":"","width":0,"height":0},"classes":[]},{"id":5990,"url":"https:\/\/www.altaviadeimontilattari.it\/de\/die-amalfikueste-und-die-sorrentinische-halbinsel-inmitten-von-poesie-kunst-und-aphorismen\/","url_meta":{"origin":6120,"position":1},"title":"Die Amalfik\u00fcste und die Sorrentinische Halbinsel inmitten von Poesie, Kunst und Aphorismen","author":"Luca Casaburi","date":"28. Mai 2022","format":false,"excerpt":"Die Amalfik\u00fcste war schon immer ein Land der Seefahrer und Erfinder, aber auch eine Inspiration f\u00fcr Dichter, Schriftsteller und gro\u00dfe Komponisten. Ich schlage eine Reise durch diese L\u00e4nder vor, wahre Gem\u00e4lde, umrahmt von einem indigoblauen Himmel und einem smaragdfarbenen Meer, gesehen durch die Augen ber\u00fchmter Besucher. Die K\u00fcste wurde von\u2026","rel":"","context":"\u00c4hnlicher Beitrag","block_context":{"text":"\u00c4hnlicher Beitrag","link":""},"img":{"alt_text":"","src":"","width":0,"height":0},"classes":[]},{"id":5928,"url":"https:\/\/www.altaviadeimontilattari.it\/de\/alta-via-dei-monti-lattari\/","url_meta":{"origin":6120,"position":2},"title":"Alta Via dei Monti Lattari","author":"","date":"19. November 2020","format":false,"excerpt":"Mit dem Kopf in den Wolken und auf dem Meer Die f\u00fcr ihr tiefblaues Meer, ihre Klippen und ihre alten St\u00e4dte weltber\u00fchmte Amalfik\u00fcste verbirgt direkt \u00fcber der K\u00fcste die nat\u00fcrliche Sch\u00f6nheit der Monti Lattari. Durchzogen von Hunderten von ausgetretenen Maultierpfaden, ist der Lattari-Gebirge bilden das R\u00fcckgrat der Halbinsel sorrentina-amalfitana. Aufgrund\u2026","rel":"","context":"\u00c4hnlicher Beitrag","block_context":{"text":"\u00c4hnlicher Beitrag","link":""},"img":{"alt_text":"","src":"https:\/\/i0.wp.com\/www.altaviadeimontilattari.it\/wp-content\/uploads\/2020\/12\/tour_alta_via_monti_lattari.jpg?resize=350%2C200&ssl=1","width":350,"height":200,"srcset":"https:\/\/i0.wp.com\/www.altaviadeimontilattari.it\/wp-content\/uploads\/2020\/12\/tour_alta_via_monti_lattari.jpg?resize=350%2C200&ssl=1 1x, https:\/\/i0.wp.com\/www.altaviadeimontilattari.it\/wp-content\/uploads\/2020\/12\/tour_alta_via_monti_lattari.jpg?resize=525%2C300&ssl=1 1.5x, https:\/\/i0.wp.com\/www.altaviadeimontilattari.it\/wp-content\/uploads\/2020\/12\/tour_alta_via_monti_lattari.jpg?resize=700%2C400&ssl=1 2x"},"classes":[]},{"id":6720,"url":"https:\/\/www.altaviadeimontilattari.it\/de\/","url_meta":{"origin":6120,"position":3},"title":"Heim","author":"Turismo.Ricercattiva","date":"8. Juli 2022","format":false,"excerpt":"Alta Via Dei Monti Lattari In den weiten R\u00e4umen des Berges, in seiner hohen Stille, kann der ungest\u00f6rte Mensch das Gef\u00fchl seiner Kleinheit und die unendliche Dimension seiner Seele erfassen. MEHR ENTDECKEN Weg Kontakt mit der Natur Wilde und l\u00e4ndliche Landschaften, tiefblaues Meer, versteckte Klippen und Buchten, Parks, gesch\u00fctzte Flora\u2026","rel":"","context":"\u00c4hnlicher Beitrag","block_context":{"text":"\u00c4hnlicher Beitrag","link":""},"img":{"alt_text":"Alta Via dei Monti Lattari Sentiero Italia 300 CAI","src":"https:\/\/i0.wp.com\/www.altaviadeimontilattari.it\/wp-content\/uploads\/2020\/12\/alta_via_monti_lattari_sentiero_italia_300_cai.jpg?resize=350%2C200&ssl=1","width":350,"height":200,"srcset":"https:\/\/i0.wp.com\/www.altaviadeimontilattari.it\/wp-content\/uploads\/2020\/12\/alta_via_monti_lattari_sentiero_italia_300_cai.jpg?resize=350%2C200&ssl=1 1x, https:\/\/i0.wp.com\/www.altaviadeimontilattari.it\/wp-content\/uploads\/2020\/12\/alta_via_monti_lattari_sentiero_italia_300_cai.jpg?resize=525%2C300&ssl=1 1.5x"},"classes":[]},{"id":6093,"url":"https:\/\/www.altaviadeimontilattari.it\/de\/der-cai-pfad-300\/","url_meta":{"origin":6120,"position":4},"title":"Der CAI-Pfad 300","author":"","date":"19. November 2020","format":false,"excerpt":"Die italienische Amalfik\u00fcste ist eine der ber\u00fchmtesten Steilk\u00fcsten der Welt und zieht mit ihrem typisch italienischen Charme Reisende aus allen L\u00e4ndern an! Allerdings ist der Wandertourismus derzeit auf einen kurzen Teil des Territoriums beschr\u00e4nkt: der Pfad der G\u00f6tter . \u00dcber diese Route hinaus gibt es f\u00fcr Wanderer, die sich f\u00fcr\u2026","rel":"","context":"\u00c4hnlicher Beitrag","block_context":{"text":"\u00c4hnlicher Beitrag","link":""},"img":{"alt_text":"","src":"","width":0,"height":0},"classes":[]},{"id":7425,"url":"https:\/\/www.altaviadeimontilattari.it\/de\/gehen-sie-mit-uns-4-auflage-2025\/","url_meta":{"origin":6120,"position":5},"title":"Gehen Sie mit uns &#8211; 4. Auflage 2025","author":"Luca Casaburi","date":"4. April 2025","format":false,"excerpt":"Jeder kann mit uns gehen. Machen Sie sich mit uns auf den Weg und entdecken Sie die Alta Via dei Monti Lattari! In dieser neuen Ausgabe werden wir die gesamte Alta Via dei Monti Lattari in drei Tagen erwandern und dabei dem beeindruckenden Pfad 300 des CAI folgen. Wir starten\u2026","rel":"","context":"\u00c4hnlicher Beitrag","block_context":{"text":"\u00c4hnlicher Beitrag","link":""},"img":{"alt_text":"Cammina con noi - Alta via dei monti lattari - IV edizione 2025","src":"https:\/\/i0.wp.com\/www.altaviadeimontilattari.it\/wp-content\/uploads\/2025\/04\/cammina-con-noi-alta-via-dei-monti-lattari-iv-edizione-2025.png?resize=350%2C200&ssl=1","width":350,"height":200,"srcset":"https:\/\/i0.wp.com\/www.altaviadeimontilattari.it\/wp-content\/uploads\/2025\/04\/cammina-con-noi-alta-via-dei-monti-lattari-iv-edizione-2025.png?resize=350%2C200&ssl=1 1x, https:\/\/i0.wp.com\/www.altaviadeimontilattari.it\/wp-content\/uploads\/2025\/04\/cammina-con-noi-alta-via-dei-monti-lattari-iv-edizione-2025.png?resize=525%2C300&ssl=1 1.5x, https:\/\/i0.wp.com\/www.altaviadeimontilattari.it\/wp-content\/uploads\/2025\/04\/cammina-con-noi-alta-via-dei-monti-lattari-iv-edizione-2025.png?resize=700%2C400&ssl=1 2x"},"classes":[]}],"jetpack_shortlink":"https:\/\/wp.me\/PcGNaV-1AI","jetpack_sharing_enabled":true,"_links":{"self":[{"href":"https:\/\/www.altaviadeimontilattari.it\/de\/wp-json\/wp\/v2\/pages\/6120","targetHints":{"allow":["GET"]}}],"collection":[{"href":"https:\/\/www.altaviadeimontilattari.it\/de\/wp-json\/wp\/v2\/pages"}],"about":[{"href":"https:\/\/www.altaviadeimontilattari.it\/de\/wp-json\/wp\/v2\/types\/page"}],"author":[{"embeddable":true,"href":"https:\/\/www.altaviadeimontilattari.it\/de\/wp-json\/wp\/v2\/users\/2"}],"replies":[{"embeddable":true,"href":"https:\/\/www.altaviadeimontilattari.it\/de\/wp-json\/wp\/v2\/comments?post=6120"}],"version-history":[{"count":0,"href":"https:\/\/www.altaviadeimontilattari.it\/de\/wp-json\/wp\/v2\/pages\/6120\/revisions"}],"wp:attachment":[{"href":"https:\/\/www.altaviadeimontilattari.it\/de\/wp-json\/wp\/v2\/media?parent=6120"}],"curies":[{"name":"wp","href":"https:\/\/api.w.org\/{rel}","templated":true}]}}