{"id":7425,"date":"2025-04-04T16:04:26","date_gmt":"2025-04-04T16:04:26","guid":{"rendered":"https:\/\/www.altaviadeimontilattari.it\/gehen-sie-mit-uns-4-auflage-2025\/"},"modified":"2025-05-08T16:01:00","modified_gmt":"2025-05-08T16:01:00","slug":"gehen-sie-mit-uns-4-auflage-2025","status":"publish","type":"page","link":"https:\/\/www.altaviadeimontilattari.it\/de\/gehen-sie-mit-uns-4-auflage-2025\/","title":{"rendered":"Gehen Sie mit uns &#8211; 4. Auflage 2025"},"content":{"rendered":"\n<div id=\"wp-block-themeisle-blocks-advanced-columns-3830824e\" class=\"wp-block-themeisle-blocks-advanced-columns has-1-columns has-desktop-equal-layout has-tablet-equal-layout has-mobile-equal-layout has-vertical-unset\"><div class=\"wp-block-themeisle-blocks-advanced-columns-overlay\"><\/div><div class=\"innerblocks-wrap\">\n<div id=\"wp-block-themeisle-blocks-advanced-column-0c9f6ba5\" class=\"wp-block-themeisle-blocks-advanced-column\">\n<div class=\"wp-block-cover is-light\"><img data-recalc-dims=\"1\" fetchpriority=\"high\" decoding=\"async\" width=\"1024\" height=\"768\" class=\"wp-block-cover__image-background wp-image-6901\" alt=\"\" src=\"https:\/\/i0.wp.com\/www.altaviadeimontilattari.it\/wp-content\/uploads\/2023\/04\/tour_alta_via_monti_lattari.jpg?resize=1024%2C768&#038;ssl=1\" style=\"object-position:50% 50%\" data-object-fit=\"cover\" data-object-position=\"50% 50%\" srcset=\"https:\/\/i0.wp.com\/www.altaviadeimontilattari.it\/wp-content\/uploads\/2023\/04\/tour_alta_via_monti_lattari.jpg?w=1024&amp;ssl=1 1024w, https:\/\/i0.wp.com\/www.altaviadeimontilattari.it\/wp-content\/uploads\/2023\/04\/tour_alta_via_monti_lattari.jpg?resize=300%2C225&amp;ssl=1 300w, https:\/\/i0.wp.com\/www.altaviadeimontilattari.it\/wp-content\/uploads\/2023\/04\/tour_alta_via_monti_lattari.jpg?resize=768%2C576&amp;ssl=1 768w\" sizes=\"(max-width: 1024px) 100vw, 1024px\" \/><span aria-hidden=\"true\" class=\"wp-block-cover__background has-background-dim\"><\/span><div class=\"wp-block-cover__inner-container is-layout-flow wp-block-cover-is-layout-flow\">\n<h3 class=\"has-text-align-center\" style=\"color:white;\">Jeder kann mit uns gehen.<\/h3>\n\n\n\n<h2 class=\"has-text-align-center\" style=\"color:white;\">Machen Sie sich mit uns auf den Weg und entdecken Sie die Alta Via dei Monti Lattari!<\/h2>\n<\/div><\/div>\n<\/div>\n<\/div><\/div>\n\n<div id=\"wp-block-themeisle-blocks-advanced-columns-3cc0610e\" class=\"wp-block-themeisle-blocks-advanced-columns has-1-columns has-desktop-equal-layout has-tablet-equal-layout has-mobile-equal-layout has-vertical-unset\"><div class=\"wp-block-themeisle-blocks-advanced-columns-overlay\"><\/div><div class=\"innerblocks-wrap\">\n<div id=\"wp-block-themeisle-blocks-advanced-column-72f76e22\" class=\"wp-block-themeisle-blocks-advanced-column\">\n<section id=\"wp-block-themeisle-blocks-advanced-columns-dab9e0bf\" class=\"wp-block-themeisle-blocks-advanced-columns alignfull has-1-columns has-desktop-equal-layout has-tablet-equal-layout has-mobile-equal-layout has-vertical-flex-start has-light-bg\"><div class=\"wp-block-themeisle-blocks-advanced-columns-overlay\"><\/div><div class=\"innerblocks-wrap\">\n<div id=\"wp-block-themeisle-blocks-advanced-column-9df22226\" class=\"wp-block-themeisle-blocks-advanced-column\">\n<section id=\"wp-block-themeisle-blocks-advanced-columns-25c95699\" class=\"wp-block-themeisle-blocks-advanced-columns has-1-columns has-desktop-equal-layout has-tablet-equal-layout has-mobile-equal-layout has-vertical-flex-start\"><div class=\"wp-block-themeisle-blocks-advanced-columns-overlay\"><\/div><div class=\"innerblocks-wrap\">\n<div id=\"wp-block-themeisle-blocks-advanced-column-d4d9a4f8\" class=\"wp-block-themeisle-blocks-advanced-column\">\n<figure class=\"wp-block-image size-full\"><img data-recalc-dims=\"1\" decoding=\"async\" width=\"1024\" height=\"1024\" src=\"https:\/\/i0.wp.com\/www.altaviadeimontilattari.it\/wp-content\/uploads\/2025\/04\/cammina-con-noi-alta-via-dei-monti-lattari-iv-edizione-2025.png?resize=1024%2C1024&#038;ssl=1\" alt=\"Wandern Sie mit uns - Alta via dei monti lattari - 4. Auflage 2025\" class=\"wp-image-7407\" srcset=\"https:\/\/i0.wp.com\/www.altaviadeimontilattari.it\/wp-content\/uploads\/2025\/04\/cammina-con-noi-alta-via-dei-monti-lattari-iv-edizione-2025.png?w=1024&amp;ssl=1 1024w, https:\/\/i0.wp.com\/www.altaviadeimontilattari.it\/wp-content\/uploads\/2025\/04\/cammina-con-noi-alta-via-dei-monti-lattari-iv-edizione-2025.png?resize=300%2C300&amp;ssl=1 300w, https:\/\/i0.wp.com\/www.altaviadeimontilattari.it\/wp-content\/uploads\/2025\/04\/cammina-con-noi-alta-via-dei-monti-lattari-iv-edizione-2025.png?resize=150%2C150&amp;ssl=1 150w, https:\/\/i0.wp.com\/www.altaviadeimontilattari.it\/wp-content\/uploads\/2025\/04\/cammina-con-noi-alta-via-dei-monti-lattari-iv-edizione-2025.png?resize=768%2C768&amp;ssl=1 768w\" sizes=\"(max-width: 1024px) 100vw, 1024px\" \/><\/figure>\n\n\n\n<hr class=\"wp-block-separator has-text-color has-black-color has-css-opacity has-black-background-color has-background\"\/>\n\n\n\n<p class=\"has-text-align-center\">In dieser neuen Ausgabe werden wir die gesamte <strong>Alta Via dei Monti Lattari<\/strong> in <strong>drei Tagen<\/strong> erwandern und dabei dem beeindruckenden <strong>Pfad 300 des CAI folgen.<\/strong> Wir starten in <strong>Cava de&#8216; Tirreni<\/strong> und erreichen <strong>Punta Campanella<\/strong>, den \u00e4u\u00dfersten Punkt der <strong>sorrentinischen Halbinsel<\/strong>, in der Gemeinde <strong>Massa Lubrense<\/strong>. Unsere Wanderung f\u00fchrt uns durch ikonische Orte wie <strong>Vietri sul Mare, Cetara, Maiori, Tramonti, Ravello, Scala, Agerola, Positano, Vico Equense, Piano di Sorrento und Sorrento.<\/strong>  <\/p>\n\n\n\n<p class=\"has-text-align-center\">Wir laden Sie ein, an dieser <strong>besonderen Veranstaltung<\/strong> teilzunehmen, um gemeinsam die <strong>authentische Sch\u00f6nheit<\/strong> dieser Orte zu erleben, sich auf das Abenteuer vorzubereiten und die Gegend mit neuen Augen zu entdecken. <strong>Das Ziel<\/strong> dieser Ausgabe ist es, <strong>eine bewusstere Bergkultur zu f\u00f6rdern<\/strong> und <strong>das Netzwerk<\/strong> zwischen Enthusiasten und lokalen Gemeinschaften <strong>zu st\u00e4rken<\/strong>.<\/p>\n\n\n\n<p class=\"has-text-align-center\"><strong><strong>Jeder ist willkommen<\/strong>: Sie k\u00f6nnen die ganze Reise mitmachen oder nur an <strong>einer der Etappen<\/strong> teilnehmen. Es wird eine Gelegenheit sein, <strong>Erfahrungen, Leidenschaften und neue Begegnungen zu teilen<\/strong>. <\/strong><\/p>\n\n\n\n<p class=\"has-text-align-center\">Unterwegs werden wir zahlreiche <strong>Sehensw\u00fcrdigkeiten<\/strong> von gro\u00dfem <strong>historischem und kulturellem<\/strong> Wert anfahren, die reich an <strong>Tradition und Kunst sind.<\/strong> Wir werden von <strong>atemberaubenden Ausblicken<\/strong> auf die <strong>g\u00f6ttliche Amalfik\u00fcste<\/strong> und die <strong>Halbinsel von Sorrent<\/strong> begleitet, bezaubernde Orte, die <strong>Dichter, Schriftsteller und K\u00fcnstler<\/strong> aller Zeiten inspiriert haben. <\/p>\n\n\n\n<p class=\"has-text-align-center\">Wenn Sie teilnehmen m\u00f6chten, <strong>kontaktieren Sie uns<\/strong> bitte und teilen Sie uns mit, <strong>wie viele Personen<\/strong> Sie <strong>sind<\/strong> und ob Sie <strong>die gesamte Strecke oder nur einige Etappen laufen<\/strong> m\u00f6chten. Das hilft uns, uns besser zu organisieren und <strong>gemeinsam aufzubrechen<\/strong>. <\/p>\n\n\n\n<p class=\"has-text-align-center\">Diejenigen, die <strong>von uns auf der gesamten Strecke begleitet<\/strong> werden m\u00f6chten (und nicht selbstst\u00e4ndig vorgehen) <strong>, m\u00fcssen sich<\/strong> durch Ausf\u00fcllen des<a href=\"https:\/\/forms.gle\/sRb5owK3uWK9kZDh6\" target=\"_blank\" rel=\"noreferrer noopener\">entsprechenden <strong>Fragebogens<\/strong><\/a> <strong>anmelden<\/strong>, ein g\u00fcltiges <strong>sportmedizinisches Attest<\/strong> vorlegen und eine <strong>Wanderversicherung<\/strong> abschlie\u00dfen.<\/p>\n\n\n\n<p class=\"has-text-align-center\">F\u00fcr weitere Details zur Veranstaltung oder Organisation <a href=\"https:\/\/www.altaviadeimontilattari.it\/de\/kontakt\/\"><strong>kontaktieren Sie uns<\/strong><\/a>.<br\/>E-Mail: <a href=\"mailto:luca.casaburi@ricercattiva.it\">luca.casaburi@ricercattiva.it<\/a> &#8211; Whastapp: <a href=\"https:\/\/wa.me\/393460639351\">+393460639351<\/a><\/p>\n<\/div>\n<\/div><\/section>\n\n\n\n<h2 class=\"wp-block-heading has-text-align-center\">Trekkingprogramm 31. Mai &#8211; 2. Juni<\/h2>\n\n\n\n<h2 class=\"wp-block-heading has-text-align-center\">Cammina con Noi <\/h2>\n\n\n\n<hr class=\"wp-block-separator has-text-color has-neve-link-color-color has-css-opacity has-neve-link-color-background-color has-background\"\/>\n\n\n\n<section id=\"wp-block-themeisle-blocks-advanced-columns-2ac7a10f\" class=\"wp-block-themeisle-blocks-advanced-columns alignfull has-3-columns has-desktop-equal-layout has-tablet-equal-layout has-mobile-collapsedRows-layout has-vertical-flex-start\"><div class=\"wp-block-themeisle-blocks-advanced-columns-overlay\"><\/div><div class=\"innerblocks-wrap\">\n<div id=\"wp-block-themeisle-blocks-advanced-column-e2c940a5\" class=\"wp-block-themeisle-blocks-advanced-column\">\n<figure class=\"wp-block-image size-large\"><img data-recalc-dims=\"1\" decoding=\"async\" width=\"1024\" height=\"1025\" src=\"https:\/\/i0.wp.com\/www.altaviadeimontilattari.it\/wp-content\/uploads\/2022\/05\/monte_finestra_sud-edited.jpg?resize=1024%2C1025&#038;ssl=1\" alt=\"\" class=\"wp-image-4316\" srcset=\"https:\/\/i0.wp.com\/www.altaviadeimontilattari.it\/wp-content\/uploads\/2022\/05\/monte_finestra_sud-edited.jpg?w=1024&amp;ssl=1 1024w, https:\/\/i0.wp.com\/www.altaviadeimontilattari.it\/wp-content\/uploads\/2022\/05\/monte_finestra_sud-edited.jpg?resize=300%2C300&amp;ssl=1 300w, https:\/\/i0.wp.com\/www.altaviadeimontilattari.it\/wp-content\/uploads\/2022\/05\/monte_finestra_sud-edited.jpg?resize=150%2C150&amp;ssl=1 150w, https:\/\/i0.wp.com\/www.altaviadeimontilattari.it\/wp-content\/uploads\/2022\/05\/monte_finestra_sud-edited.jpg?resize=768%2C769&amp;ssl=1 768w\" sizes=\"(max-width: 1024px) 100vw, 1024px\" \/><figcaption class=\"wp-element-caption\">Monte Finestra S\u00fcdgipfel<\/figcaption><\/figure>\n\n\n\n<h3 class=\"wp-block-heading has-text-align-left\">Stufe 1 &#8211; 31. Mai 2025<\/h3>\n\n\n\n<p class=\"has-text-align-left\"><strong>Abfahrt<\/strong>: Benediktinerabtei Cava De&#8216; Tirreni<br\/><strong>Ziel<\/strong>: Valico di Chiunzi<br\/><strong>Entfernung<\/strong>: 23km<br\/><strong>Abfahrtszeit<\/strong>: 6:30 Uhr<\/p>\n<\/div>\n\n\n\n<div id=\"wp-block-themeisle-blocks-advanced-column-f4f1b419\" class=\"wp-block-themeisle-blocks-advanced-column\">\n<figure class=\"wp-block-image size-full\"><img data-recalc-dims=\"1\" loading=\"lazy\" decoding=\"async\" width=\"767\" height=\"768\" src=\"https:\/\/i0.wp.com\/www.altaviadeimontilattari.it\/wp-content\/uploads\/2022\/05\/monte_molare_panorama-edited.jpg?resize=767%2C768&#038;ssl=1\" alt=\"Kreuz der Conocchia\" class=\"wp-image-4317\" srcset=\"https:\/\/i0.wp.com\/www.altaviadeimontilattari.it\/wp-content\/uploads\/2022\/05\/monte_molare_panorama-edited.jpg?w=767&amp;ssl=1 767w, https:\/\/i0.wp.com\/www.altaviadeimontilattari.it\/wp-content\/uploads\/2022\/05\/monte_molare_panorama-edited.jpg?resize=300%2C300&amp;ssl=1 300w, https:\/\/i0.wp.com\/www.altaviadeimontilattari.it\/wp-content\/uploads\/2022\/05\/monte_molare_panorama-edited.jpg?resize=150%2C150&amp;ssl=1 150w\" sizes=\"(max-width: 767px) 100vw, 767px\" \/><figcaption class=\"wp-element-caption\">Kreuz der Conocchia<\/figcaption><\/figure>\n\n\n\n<h3 class=\"wp-block-heading has-text-align-left\">Stufe 2 &#8211; 1. Juni 2025<\/h3>\n\n\n\n<p class=\"has-text-align-left\"><strong>Abfahrt<\/strong> <strong>:<\/strong> Valico di Chiunzi<br\/><strong>Ziel:<\/strong> Santa Maria del Castello<br\/><strong>Entfernung:<\/strong> 25km<br\/><strong>Abfahrtszeit:<\/strong> 6:00<\/p>\n<\/div>\n\n\n\n<div id=\"wp-block-themeisle-blocks-advanced-column-f115b84a\" class=\"wp-block-themeisle-blocks-advanced-column\">\n<figure class=\"wp-block-image size-full\"><img data-recalc-dims=\"1\" loading=\"lazy\" decoding=\"async\" width=\"767\" height=\"768\" src=\"https:\/\/i0.wp.com\/www.altaviadeimontilattari.it\/wp-content\/uploads\/2022\/05\/penisola_sorrentina_punta_campanella-edited.jpg?resize=767%2C768&#038;ssl=1\" alt=\"\" class=\"wp-image-4318\" srcset=\"https:\/\/i0.wp.com\/www.altaviadeimontilattari.it\/wp-content\/uploads\/2022\/05\/penisola_sorrentina_punta_campanella-edited.jpg?w=767&amp;ssl=1 767w, https:\/\/i0.wp.com\/www.altaviadeimontilattari.it\/wp-content\/uploads\/2022\/05\/penisola_sorrentina_punta_campanella-edited.jpg?resize=300%2C300&amp;ssl=1 300w, https:\/\/i0.wp.com\/www.altaviadeimontilattari.it\/wp-content\/uploads\/2022\/05\/penisola_sorrentina_punta_campanella-edited.jpg?resize=150%2C150&amp;ssl=1 150w\" sizes=\"(max-width: 767px) 100vw, 767px\" \/><figcaption class=\"wp-element-caption\">Punta Campanella und Capri<\/figcaption><\/figure>\n\n\n\n<h3 class=\"wp-block-heading has-text-align-left\">Stufe 3 &#8211; 2. Juni 2025<\/h3>\n\n\n\n<p class=\"has-text-align-left\"><strong>Abfahrt<\/strong> <strong>: <\/strong>Santa Maria al Castello<br\/><strong>Ziel:<\/strong> Punta Campanella<br\/><strong>Entfernung:<\/strong> 24km<br\/><strong>Abfahrtszeit:<\/strong> 7:00<\/p>\n<\/div>\n<\/div><\/section>\n<\/div>\n<\/div><\/section>\n<\/div>\n<\/div><\/div>\n\n<div class=\"wp-block-columns is-layout-flex wp-container-core-columns-is-layout-9d6595d7 wp-block-columns-is-layout-flex\">\n<div class=\"wp-block-column is-vertically-aligned-center is-layout-flow wp-block-column-is-layout-flow\" style=\"flex-basis:66.66%\">\n<h3 class=\"wp-block-heading alignwide has-text-align-center\">Gehen Sie mit uns &#8211; Alta Via dei Monti Lattari \/ IV Ausgabe 2025<\/h3>\n<\/div>\n\n\n\n<div class=\"wp-block-column is-layout-flow wp-block-column-is-layout-flow\" style=\"flex-basis:33.33%\">\n<div class=\"wp-block-buttons is-content-justification-center is-layout-flex wp-container-core-buttons-is-layout-16018d1d wp-block-buttons-is-layout-flex\">\n<div class=\"wp-block-button\"><a class=\"wp-block-button__link wp-element-button\">Entdecken Sie die IV Edition 2024<\/a><\/div>\n<\/div>\n<\/div>\n<\/div>\n\n<div class=\"wp-block-columns is-layout-flex wp-container-core-columns-is-layout-9d6595d7 wp-block-columns-is-layout-flex\">\n<div class=\"wp-block-column is-vertically-aligned-center is-layout-flow wp-block-column-is-layout-flow\" style=\"flex-basis:66.66%\">\n<h3 class=\"wp-block-heading alignwide has-text-align-center\">Bauen Sie die Wolke der Emotionen dieser Erfahrung mit uns auf<\/h3>\n<\/div>\n\n\n\n<div class=\"wp-block-column is-layout-flow wp-block-column-is-layout-flow\" style=\"flex-basis:33.33%\">\n<div class=\"wp-block-buttons is-content-justification-center is-layout-flex wp-container-core-buttons-is-layout-16018d1d wp-block-buttons-is-layout-flex\">\n<div class=\"wp-block-button\"><a class=\"wp-block-button__link wp-element-button\" href=\"https:\/\/www.altaviadeimontilattari.it\/de\/emotionen-schritt-fuer-schritt\/\">Emotionen Schritt f\u00fcr Schritt<\/a><\/div>\n<\/div>\n<\/div>\n<\/div>\n\n<div id=\"wp-block-themeisle-blocks-accordion-999b292b\" class=\"wp-block-themeisle-blocks-accordion exclusive\">\n<details class=\"wp-block-themeisle-blocks-accordion-item\"><summary class=\"wp-block-themeisle-blocks-accordion-item__title\"><div>Cosa portare nello zaino?<\/div><\/summary><div class=\"wp-block-themeisle-blocks-accordion-item__content\">\n<p>Zu diesem <strong><a href=\"https:\/\/www.altaviadeimontilattari.it\/de\/was-sie-mitbringen-sollten-empfohlenes-material\/\">Link<\/a><\/strong>finden Sie eine Liste der empfohlenen technischen Ausr\u00fcstung.<\/p>\n\n\n\n<p>Jeder Teilnehmer ist f\u00fcr die Auswahl seiner Ausr\u00fcstung selbst verantwortlich, wobei bestimmte Zubeh\u00f6rteile unverzichtbar sind.<\/p>\n<\/div><\/details>\n<\/div>\n\n<div id=\"wp-block-themeisle-blocks-accordion-d81f382e\" class=\"wp-block-themeisle-blocks-accordion exclusive\">\n<details class=\"wp-block-themeisle-blocks-accordion-item\"><summary class=\"wp-block-themeisle-blocks-accordion-item__title\"><div>Dove dormire e come organizzarsi?<\/div><\/summary><div class=\"wp-block-themeisle-blocks-accordion-item__content\">\n<p>Jeder Teilnehmer muss sich selbst um seine Unterkunft k\u00fcmmern, indem er sich pers\u00f6nlich an die Unterkunftseinrichtungen wendet. <\/p>\n\n\n\n<p>Wenn Sie sich entscheiden, in einem Zelt teilzunehmen, k\u00f6nnen Sie sich mit uns in Verbindung setzen, um zu erfahren, wo Sie am Ende der Etappe zelten k\u00f6nnen.<\/p>\n\n\n\n<ul class=\"wp-block-list\">\n<li><strong>Der Treffpunkt f\u00fcr die erste Etappe der Route ist die Benediktinerabtei von Cava de&#8216; Tirreni, am 31. Mai 2025<\/strong>. Um die Abtei zur Startzeit zu erreichen, m\u00fcssen Sie mit dem Auto vom Zentrum von Cava de&#8216; Tirreni aus anreisen, da die Busse an Feiertagen zu sp\u00e4t fahren. Alternativ ist es m\u00f6glich, direkt im Ortsteil Corpo di Cava zu \u00fcbernachten, wo zahlreiche B&amp;Bs zur Verf\u00fcgung stehen.<br\/>Diejenigen, die es vorziehen, im Zentrum von Cava de&#8216; Tirreni zu \u00fcbernachten, k\u00f6nnen die Unterkunft frei w\u00e4hlen, wobei zu ber\u00fccksichtigen ist, dass sie die Abtei unabh\u00e4ngig erreichen m\u00fcssen.  <\/li>\n<\/ul>\n\n\n\n<ul class=\"wp-block-list\">\n<li>Am <strong>Ende der ersten Etappe empfehlen wir eine \u00dcbernachtung<\/strong> <strong>im <em>&#8218;Al valico<\/em><\/strong> <strong> &#8218; in Valico di Chiunzi, Tramonti <\/strong>, wo wir auch rasten werden.<br\/>Kontakt:<br\/>Website: <a href=\"http:\/\/www.alvalico.it\/site\/\" target=\"_blank\" rel=\"noreferrer noopener\">http:\/\/www.alvalico.it\/site\/<\/a><br\/>FB: <a href=\"https:\/\/www.facebook.com\/alvalicorelax\" target=\"_blank\" rel=\"noreferrer noopener\">https:\/\/www.facebook.com\/alvalicorelax<\/a><\/li>\n\n\n\n<li>Am <strong>Ende der zweiten Etappe empfehlen wir eine \u00dcbernachtung im <em>&#8222;La Sorgente del Melo&#8220;<\/em><\/strong> in Santa Maria del Castello. Hier werden wir auch zum Abendessen und \u00dcbernachten anhalten.<br\/>Kontakt:<br\/>Website: <a href=\"http:\/\/www.lasorgentedelmelo.it\/it\/\" target=\"_blank\" rel=\"noreferrer noopener\">http:\/\/www.lasorgentedelmelo.it\/it\/<\/a><br\/>FB: <a href=\"https:\/\/www.facebook.com\/Agriturismo-La-Sorgente-del-Melo-220677194617140\/\" target=\"_blank\" rel=\"noreferrer noopener\">https:\/\/www.facebook.com\/Agriturismo-La-Sorgente-del-Melo-220677194617140\/<\/a><br\/>Tel: +39 081-8023701<\/li>\n\n\n\n<li><strong>Das Ende der dritten Etappe in Termini ist am sp\u00e4ten Nachmittag\/Abend.<\/strong>  Wenn Sie kein Auto haben, m\u00fcssen Sie Ihre R\u00fcckkehr mit \u00f6ffentlichen Verkehrsmitteln entweder am Abend oder am n\u00e4chsten Tag organisieren. Hier sind die Fahrpl\u00e4ne des Busses<a href=\"https:\/\/www.sitasudtrasporti.it\/archivio\/Download\/corse\/sitasud\/Campania\/Salerno\/170ba1ad-99d0-4f3f-a360-e09f36200a54_5070_11_04_2022.pdf\/0\" target=\"_blank\" rel=\"noreferrer noopener\">5071 f\u00fcr die Strecke Termini &#8211; Sorrento(Fahrpl\u00e4ne der Linie 5071<\/a>). Von Sorrent aus k\u00f6nnen Sie dann Ihr Ziel vom Bahnhof aus erreichen.<br\/>Wenn Sie sich entscheiden, zu \u00fcbernachten, k\u00f6nnen Sie in jeder beliebigen Einrichtung in Termini \u00fcbernachten.<br\/>Fahrpl\u00e4ne der Linie 5071: https:\/\/www.sitasudtrasporti.it\/archivio\/Download\/corse\/sitasud\/Campania\/Salerno\/170ba1ad-99d0-4f3f-a360-e09f36200a54_5070_11_04_2022.pdf\/0 <\/li>\n<\/ul>\n\n\n\n<h4 class=\"wp-block-heading\">Es wird empfohlen, bei der Kontaktaufnahme mit den Einrichtungen die Teilnahme an der Veranstaltung altaviadeimontilattari.it <em>&#8218;Walk with us&#8216; <\/em>anzugeben.<\/h4>\n<\/div><\/details>\n<\/div>\n\n<div id=\"wp-block-themeisle-blocks-accordion-d693441e\" class=\"wp-block-themeisle-blocks-accordion exclusive\">\n<details class=\"wp-block-themeisle-blocks-accordion-item\"><summary class=\"wp-block-themeisle-blocks-accordion-item__title\"><div>Preparazione al viaggio<\/div><\/summary><div class=\"wp-block-themeisle-blocks-accordion-item__content\">\n<p>Die Teilnahme an der Reise bedeutet die<strong>\u00dcbernahme der vollen pers\u00f6nlichen Verantwortung<\/strong> und erfordert v\u00f6llige Selbstst\u00e4ndigkeit!<\/p>\n\n\n\n<p>Organisieren Sie Ihren Spaziergang besser:<\/p>\n\n\n\n<ul class=\"wp-block-list\">\n<li>konsultieren Sie die Karten der Orte, durch die wir fahren werden, um vorbereitet zu sein;<\/li>\n\n\n\n<li>Erkundigen Sie sich bei der zust\u00e4ndigen CAI-Sektion nach dem Schwierigkeitsgrad der Strecke, um Ihre Eignung f\u00fcr die Strecke zu beurteilen;<\/li>\n\n\n\n<li>\u00fcber das Wetter informiert;<\/li>\n\n\n\n<li>Tragen Sie Ihren Rucksack als einziges Gep\u00e4ckst\u00fcck und nehmen Sie die gesamte notwendige Ausr\u00fcstung mit;<\/li>\n\n\n\n<li>Buchen Sie Ihr eigenes Bett in den H\u00fctten\/Herbergen\/B&amp;Bs der Etappen;<\/li>\n\n\n\n<li>Planen Sie Ihre Reisen so, dass Sie sich selbstst\u00e4ndig zu\/von den Etappenorten bewegen k\u00f6nnen.<\/li>\n<\/ul>\n\n\n\n<p><strong>Erinnern Sie sich!<\/strong> Bergwanderungen (die keine Pilgerwege sind) erfordern eine angemessene k\u00f6rperliche Vorbereitung und Erfahrung.<\/p>\n\n\n\n<p>Personen, die unter Schwindelgef\u00fchlen und Herz- und\/oder Atemproblemen leiden, wird von der Teilnahme dringend abgeraten.<\/p>\n<\/div><\/details>\n<\/div>\n\n<div id=\"wp-block-themeisle-blocks-accordion-735f167c\" class=\"wp-block-themeisle-blocks-accordion exclusive\">\n<details class=\"wp-block-themeisle-blocks-accordion-item\"><summary class=\"wp-block-themeisle-blocks-accordion-item__title\"><div>Termini di partecipazione<\/div><\/summary><div class=\"wp-block-themeisle-blocks-accordion-item__content\">\n<p>Die Teilnahme an Veranstaltungen von <em><strong>altaviadeimontilattari.it<\/strong><\/em> ist <strong>v\u00f6llig freiwillig<\/strong>.<\/p>\n\n\n\n<p>Wir weisen darauf hin, dass wir NICHT als Reiseveranstalter t\u00e4tig sind, sondern uns als gemeinn\u00fctziges Projekt unter der Leitung junger Freiwilliger engagieren.<\/p>\n\n\n\n<p>Die Teilnahme an Veranstaltungen setzt die volle \u00dcbernahme der Eigenverantwortung voraus und setzt v\u00f6llige Autonomie voraus. Minderj\u00e4hrige m\u00fcssen begleitet werden und unterliegen der vollen Verantwortung ihrer Eltern oder Erziehungsberechtigten.<\/p>\n\n\n\n<p><\/p>\n\n\n\n<p><strong>Das Personal von <em>altaviadeimontilattari.it<\/em> ist nicht f\u00fcr die Organisation der Reise und etwaige Verletzungen der<\/strong> <strong>Teilnehmer verantwortlich.<\/strong><\/p>\n\n\n\n<p><\/p>\n\n\n\n<p>Der Teilnehmer erkl\u00e4rt sich daher damit einverstanden:<\/p>\n\n\n\n<ul class=\"wp-block-list has-small-font-size\">\n<li>sich dar\u00fcber im Klaren zu sein, dass <em>altaviadeimontilattari.it<\/em> keinerlei Dienstleistungen und\/oder Bereitstellungen jeglicher Art f\u00fcr diejenigen erbringt, die sich f\u00fcr die Teilnahme an Wanderungen mit dem Team von <em>altaviadeimontilattari.it<\/em>entscheiden;<\/li>\n\n\n\n<li>zu best\u00e4tigen, dass sie sich in einem geeigneten physischen und psychophysischen Zustand f\u00fcr sportliche Aktivit\u00e4ten au\u00dferhalb von Wettk\u00e4mpfen befinden und dass sie den Schwierigkeitsgrad der Wege gelesen haben, auf denen sie mit dem Team von <em>altaviadeimontilattari.it <\/em>wandern werden;<\/li>\n\n\n\n<li>sich der Risiken bewusst zu sein, die mit der Aus\u00fcbung nicht wettbewerbsorientierter sportlicher Aktivit\u00e4ten w\u00e4hrend der Teilnahme an der Veranstaltung <em>altaviadeimontilattari.it<\/em>, verbunden sind, auch wenn dies nicht als an sich gef\u00e4hrliche Aktivit\u00e4t angesehen werden kann;<\/li>\n\n\n\n<li>die gesamte Verantwortung f\u00fcr die eigene Person zu \u00fcbernehmen, f\u00fcr pers\u00f6nliche Sch\u00e4den und\/oder Sch\u00e4den, die anderen (und\/oder Sachen) aufgrund des eigenen Verhaltens zugef\u00fcgt werden, das nicht den Gesetzen und\/oder der Sorgfalt und\/oder den allgemeinen Grunds\u00e4tzen der Vorsicht und der Allgemeinheit entspricht Sinn;<\/li>\n\n\n\n<li>entbinden die Mitarbeiter von altaviadeimontilattari.it, ihre Mitarbeiter und Angestellten von jeglicher Haftung f\u00fcr Sch\u00e4den, die sich aus der Teilnahme an den Veranstaltungen ergeben, und erstrecken sich diese Befreiung auch auf die Erben und damit verbundene Personen;<\/li>\n\n\n\n<li>den Inhalt dieses Dokuments sorgf\u00e4ltig gelesen und verstanden haben, bevor Sie es akzeptieren;<\/li>\n\n\n\n<li>dass er den Zweck der zu seiner Sicherheit aufgestellten Vorsichtsregeln voll und ganz versteht und damit einverstanden ist, und dass ihre Nichtbeachtung ihn und seine Begleiter in eine gef\u00e4hrliche Situation bringen kann.<\/li>\n<\/ul>\n\n\n\n<p>Wer selbstst\u00e4ndig teilnehmen m\u00f6chte, kann dies frei tun. Wenn Sie jedoch an der Veranstaltung <strong>Walk with us &#8211; Alta Via dei Monti Lattari &#8211; IV Edition 2025<\/strong> teilnehmen m\u00f6chten, die von <strong><em>altaviadeimontilattari.it<\/em><\/strong> organisiert wird, m\u00fcssen Sie <span style=\"text-decoration: underline;\"> <a href=\"https:\/\/forms.gle\/KYmidzpHvHwJkC3v7\"><strong>sich f\u00fcr die Veranstaltung anmelden<\/strong><\/a>, ein sport\u00e4rztliches Attest vorlegen und \u00fcber eine Unfallversicherung f\u00fcr Wanderungen verf\u00fcgen.<\/span> <em><strong>FIE-registrierte Mitglieder<\/strong><\/em> profitieren von der Inklusivversicherung, w\u00e4hrend diejenigen, die dies nicht tun, \u00fcber den Verein <strong><em>Trekking Cava<\/em><\/strong> eine Tagesversicherung zum Preis von 30 \u20ac f\u00fcr die drei Wandertage beantragen k\u00f6nnen.<\/p>\n<\/div><\/details>\n<\/div>\n\n<div class=\"wp-block-columns is-layout-flex wp-container-core-columns-is-layout-9d6595d7 wp-block-columns-is-layout-flex\">\n<div class=\"wp-block-column is-layout-flow wp-block-column-is-layout-flow\"><div class=\"wp-block-image\">\n<figure class=\"aligncenter size-full is-resized\"><img data-recalc-dims=\"1\" loading=\"lazy\" decoding=\"async\" width=\"512\" height=\"512\" src=\"https:\/\/i0.wp.com\/www.altaviadeimontilattari.it\/wp-content\/uploads\/2022\/05\/maps-icon-png-25-1.png?resize=512%2C512&#038;ssl=1\" alt=\"\" class=\"wp-image-4347\" style=\"width:157px;height:157px\" srcset=\"https:\/\/i0.wp.com\/www.altaviadeimontilattari.it\/wp-content\/uploads\/2022\/05\/maps-icon-png-25-1.png?w=512&amp;ssl=1 512w, https:\/\/i0.wp.com\/www.altaviadeimontilattari.it\/wp-content\/uploads\/2022\/05\/maps-icon-png-25-1.png?resize=300%2C300&amp;ssl=1 300w, https:\/\/i0.wp.com\/www.altaviadeimontilattari.it\/wp-content\/uploads\/2022\/05\/maps-icon-png-25-1.png?resize=150%2C150&amp;ssl=1 150w\" sizes=\"(max-width: 512px) 100vw, 512px\" \/><\/figure>\n<\/div>\n\n\n<p class=\"has-text-align-center\">Bereiten Sie sich vor und laden Sie den Track der Route im GPX-Format herunter<\/p>\n\n\n\n<div class=\"wp-block-buttons is-content-justification-center is-layout-flex wp-container-core-buttons-is-layout-16018d1d wp-block-buttons-is-layout-flex\">\n<div class=\"wp-block-button is-style-primary\"><a class=\"wp-block-button__link wp-element-button\" href=\"https:\/\/www.altaviadeimontilattari.it\/de\/der-cai-pfad-300\/\">Karte der Route<\/a><\/div>\n<\/div>\n<\/div>\n\n\n\n<div class=\"wp-block-column is-layout-flow wp-block-column-is-layout-flow\"><div class=\"wp-block-image\">\n<figure class=\"aligncenter size-full is-resized\"><img data-recalc-dims=\"1\" loading=\"lazy\" decoding=\"async\" width=\"180\" height=\"180\" src=\"https:\/\/i0.wp.com\/www.altaviadeimontilattari.it\/wp-content\/uploads\/2022\/05\/IMG-20220127-WA0017_preview_rev_1.png?resize=180%2C180&#038;ssl=1\" alt=\"\" class=\"wp-image-4349\" style=\"width:157px;height:157px\" srcset=\"https:\/\/i0.wp.com\/www.altaviadeimontilattari.it\/wp-content\/uploads\/2022\/05\/IMG-20220127-WA0017_preview_rev_1.png?w=180&amp;ssl=1 180w, https:\/\/i0.wp.com\/www.altaviadeimontilattari.it\/wp-content\/uploads\/2022\/05\/IMG-20220127-WA0017_preview_rev_1.png?resize=150%2C150&amp;ssl=1 150w\" sizes=\"(max-width: 180px) 100vw, 180px\" \/><\/figure>\n<\/div>\n\n\n<p class=\"has-text-align-center\">Entdecken Sie mit uns die Etappen, die wir durchlaufen werden<\/p>\n\n\n\n<div class=\"wp-block-buttons is-content-justification-center is-layout-flex wp-container-core-buttons-is-layout-16018d1d wp-block-buttons-is-layout-flex\">\n<div class=\"wp-block-button is-style-primary\"><a class=\"wp-block-button__link wp-element-button\" href=\"https:\/\/www.altaviadeimontilattari.it\/de\/tour-dellalta-via-dei-monti-lattari\/\">INTERESSENPUNKTE<\/a><\/div>\n<\/div>\n<\/div>\n\n\n\n<div class=\"wp-block-column is-layout-flow wp-block-column-is-layout-flow\"><div class=\"wp-block-image\">\n<figure class=\"aligncenter size-full is-resized\"><img data-recalc-dims=\"1\" loading=\"lazy\" decoding=\"async\" width=\"709\" height=\"615\" src=\"https:\/\/i0.wp.com\/www.altaviadeimontilattari.it\/wp-content\/uploads\/2022\/05\/Pagina_Contatti.png?resize=709%2C615&#038;ssl=1\" alt=\"\" class=\"wp-image-4351\" style=\"width:180px;height:156px\" srcset=\"https:\/\/i0.wp.com\/www.altaviadeimontilattari.it\/wp-content\/uploads\/2022\/05\/Pagina_Contatti.png?w=709&amp;ssl=1 709w, https:\/\/i0.wp.com\/www.altaviadeimontilattari.it\/wp-content\/uploads\/2022\/05\/Pagina_Contatti.png?resize=300%2C260&amp;ssl=1 300w\" sizes=\"(max-width: 709px) 100vw, 709px\" \/><\/figure>\n<\/div>\n\n\n<p class=\"has-text-align-center\">Kontaktieren Sie uns f\u00fcr Programminformationen und Organisation<\/p>\n\n\n\n<div class=\"wp-block-buttons is-content-justification-center is-layout-flex wp-container-core-buttons-is-layout-16018d1d wp-block-buttons-is-layout-flex\">\n<div class=\"wp-block-button is-style-primary\"><a class=\"wp-block-button__link wp-element-button\" href=\"https:\/\/www.altaviadeimontilattari.it\/de\/kontakt\/\">KONTAKT F\u00dcR INFORMATIONEN<\/a><\/div>\n<\/div>\n<\/div>\n<\/div>\n\n<hr class=\"wp-block-separator has-css-opacity\"\/>\n\n<div class=\"wp-block-columns ticss-05ef9120 is-layout-flex wp-container-core-columns-is-layout-9d6595d7 wp-block-columns-is-layout-flex\">\n<div class=\"wp-block-column is-layout-flow wp-block-column-is-layout-flow\" style=\"flex-basis:33.33%\"><div class=\"wp-block-image\">\n<figure class=\"aligncenter size-full\"><img data-recalc-dims=\"1\" loading=\"lazy\" decoding=\"async\" width=\"220\" height=\"220\" src=\"https:\/\/i0.wp.com\/www.altaviadeimontilattari.it\/wp-content\/uploads\/2022\/05\/WhatsApp-Image-2022-05-10-at-16.35.06-1.jpeg?resize=220%2C220&#038;ssl=1\" alt=\"\" class=\"wp-image-4383\" srcset=\"https:\/\/i0.wp.com\/www.altaviadeimontilattari.it\/wp-content\/uploads\/2022\/05\/WhatsApp-Image-2022-05-10-at-16.35.06-1.jpeg?w=220&amp;ssl=1 220w, https:\/\/i0.wp.com\/www.altaviadeimontilattari.it\/wp-content\/uploads\/2022\/05\/WhatsApp-Image-2022-05-10-at-16.35.06-1.jpeg?resize=150%2C150&amp;ssl=1 150w\" sizes=\"(max-width: 220px) 100vw, 220px\" \/><\/figure>\n<\/div><\/div>\n\n\n\n<div class=\"wp-block-column is-layout-flow wp-block-column-is-layout-flow\" style=\"flex-basis:66.66%\">\n<h3 class=\"wp-block-heading\">Sicherheit geht vor!<\/h3>\n\n\n\n<p>W\u00e4hrend der \u00dcberfahrt werden wir auf folgende Themen achten <a href=\"https:\/\/www.reteradiomontana.it\/\" target=\"_blank\" rel=\"noreferrer noopener\"><strong>Montana Radio Netzwerk<\/strong><\/a>.<\/p>\n\n\n\n<p>Bezeichnung <strong>OSCAR 115<\/strong><\/p>\n<\/div>\n<\/div>\n\n<hr class=\"wp-block-separator has-alpha-channel-opacity\"\/>\n\n<h4 class=\"wp-block-heading has-text-align-center\">Grazie per la collaborazione e partecipazioneVielen Dank f\u00fcr Ihre Zusammenarbeit und Teilnahme<\/h4>\n\n<div class=\"wp-block-columns is-layout-flex wp-container-core-columns-is-layout-9d6595d7 wp-block-columns-is-layout-flex\">\n<div class=\"wp-block-column is-layout-flow wp-block-column-is-layout-flow\"><div class=\"wp-block-image\">\n<figure class=\"aligncenter size-full\"><img data-recalc-dims=\"1\" loading=\"lazy\" decoding=\"async\" width=\"600\" height=\"600\" src=\"https:\/\/i0.wp.com\/www.altaviadeimontilattari.it\/wp-content\/uploads\/2023\/05\/stickerland_it.png?resize=600%2C600&#038;ssl=1\" alt=\"Toppe Patch Ricamate personalizzate - Stickerland.it\" class=\"wp-image-6989\" srcset=\"https:\/\/i0.wp.com\/www.altaviadeimontilattari.it\/wp-content\/uploads\/2023\/05\/stickerland_it.png?w=600&amp;ssl=1 600w, https:\/\/i0.wp.com\/www.altaviadeimontilattari.it\/wp-content\/uploads\/2023\/05\/stickerland_it.png?resize=300%2C300&amp;ssl=1 300w, https:\/\/i0.wp.com\/www.altaviadeimontilattari.it\/wp-content\/uploads\/2023\/05\/stickerland_it.png?resize=150%2C150&amp;ssl=1 150w\" sizes=\"(max-width: 600px) 100vw, 600px\" \/><figcaption class=\"wp-element-caption\">Toppe Patch Ricamate personalizzate &#8211; Stickerland.it<\/figcaption><\/figure>\n<\/div>\n\n\n<p class=\"has-text-align-center\"><\/p>\n<\/div>\n\n\n\n<div class=\"wp-block-column is-layout-flow wp-block-column-is-layout-flow\"><div class=\"wp-block-image\">\n<figure class=\"aligncenter size-large is-resized\"><img data-recalc-dims=\"1\" loading=\"lazy\" decoding=\"async\" width=\"1024\" height=\"1024\" src=\"https:\/\/i0.wp.com\/www.altaviadeimontilattari.it\/wp-content\/uploads\/2023\/05\/trekking-cava-2.png?resize=1024%2C1024&#038;ssl=1\" alt=\"A.S.D. Trekking Cava\" class=\"wp-image-6984\" style=\"width:167px;height:167px\" srcset=\"https:\/\/i0.wp.com\/www.altaviadeimontilattari.it\/wp-content\/uploads\/2023\/05\/trekking-cava-2.png?resize=1024%2C1024&amp;ssl=1 1024w, https:\/\/i0.wp.com\/www.altaviadeimontilattari.it\/wp-content\/uploads\/2023\/05\/trekking-cava-2.png?resize=300%2C300&amp;ssl=1 300w, https:\/\/i0.wp.com\/www.altaviadeimontilattari.it\/wp-content\/uploads\/2023\/05\/trekking-cava-2.png?resize=150%2C150&amp;ssl=1 150w, https:\/\/i0.wp.com\/www.altaviadeimontilattari.it\/wp-content\/uploads\/2023\/05\/trekking-cava-2.png?resize=768%2C768&amp;ssl=1 768w, https:\/\/i0.wp.com\/www.altaviadeimontilattari.it\/wp-content\/uploads\/2023\/05\/trekking-cava-2.png?w=1181&amp;ssl=1 1181w\" sizes=\"(max-width: 1024px) 100vw, 1024px\" \/><figcaption class=\"wp-element-caption\">A.S.D. Trekking Cava<\/figcaption><\/figure>\n<\/div>\n\n\n<p class=\"has-text-align-center\"><\/p>\n<\/div>\n\n\n\n<div class=\"wp-block-column is-layout-flow wp-block-column-is-layout-flow\"><div class=\"wp-block-image\">\n<figure class=\"aligncenter size-full is-resized\"><img data-recalc-dims=\"1\" loading=\"lazy\" decoding=\"async\" width=\"430\" height=\"425\" src=\"https:\/\/i0.wp.com\/www.altaviadeimontilattari.it\/wp-content\/uploads\/2024\/04\/fie.jpg?resize=430%2C425&#038;ssl=1\" alt=\"FIE - Federazione Italiana Escursionisti - Comitato Regionale Campania\" class=\"wp-image-7239\" style=\"width:167px;height:167px\" srcset=\"https:\/\/i0.wp.com\/www.altaviadeimontilattari.it\/wp-content\/uploads\/2024\/04\/fie.jpg?w=430&amp;ssl=1 430w, https:\/\/i0.wp.com\/www.altaviadeimontilattari.it\/wp-content\/uploads\/2024\/04\/fie.jpg?resize=300%2C297&amp;ssl=1 300w\" sizes=\"(max-width: 430px) 100vw, 430px\" \/><figcaption class=\"wp-element-caption\">FIE &#8211; Federazione Italiana Escursionisti &#8211; Comitato Regionale Campania<\/figcaption><\/figure>\n<\/div>\n\n\n<p class=\"has-text-align-center\"><\/p>\n<\/div>\n\n\n\n<div class=\"wp-block-column is-layout-flow wp-block-column-is-layout-flow\"><div class=\"wp-block-image\">\n<figure class=\"aligncenter size-large\"><img data-recalc-dims=\"1\" loading=\"lazy\" decoding=\"async\" width=\"1024\" height=\"829\" src=\"https:\/\/i0.wp.com\/www.altaviadeimontilattari.it\/wp-content\/uploads\/2025\/05\/cai-logo.png?resize=1024%2C829&#038;ssl=1\" alt=\"\" class=\"wp-image-7463\" srcset=\"https:\/\/i0.wp.com\/www.altaviadeimontilattari.it\/wp-content\/uploads\/2025\/05\/cai-logo.png?resize=1024%2C829&amp;ssl=1 1024w, https:\/\/i0.wp.com\/www.altaviadeimontilattari.it\/wp-content\/uploads\/2025\/05\/cai-logo.png?resize=300%2C243&amp;ssl=1 300w, https:\/\/i0.wp.com\/www.altaviadeimontilattari.it\/wp-content\/uploads\/2025\/05\/cai-logo.png?resize=768%2C622&amp;ssl=1 768w, https:\/\/i0.wp.com\/www.altaviadeimontilattari.it\/wp-content\/uploads\/2025\/05\/cai-logo.png?resize=1536%2C1243&amp;ssl=1 1536w, https:\/\/i0.wp.com\/www.altaviadeimontilattari.it\/wp-content\/uploads\/2025\/05\/cai-logo.png?resize=2048%2C1658&amp;ssl=1 2048w, https:\/\/i0.wp.com\/www.altaviadeimontilattari.it\/wp-content\/uploads\/2025\/05\/cai-logo.png?w=2400&amp;ssl=1 2400w\" sizes=\"(max-width: 1024px) 100vw, 1024px\" \/><figcaption class=\"wp-element-caption\">CAI &#8211; Italienischer Alpenverein &#8211; Sektion Cava de&#8216; Tirreni<\/figcaption><\/figure>\n<\/div><\/div>\n\n\n\n<div class=\"wp-block-column is-layout-flow wp-block-column-is-layout-flow\"><\/div>\n<\/div>\n","protected":false},"excerpt":{"rendered":"<p>Gehen Sie mit uns &#8211; Alta Via dei Monti Lattari \/ IV Ausgabe 2025 Bauen Sie die Wolke der Emotionen dieser Erfahrung mit uns auf Bereiten Sie sich vor und laden Sie den Track der Route im GPX-Format herunter Entdecken Sie mit uns die Etappen, die wir durchlaufen werden Kontaktieren Sie uns f\u00fcr Programminformationen und&hellip;&nbsp;<a href=\"https:\/\/www.altaviadeimontilattari.it\/de\/gehen-sie-mit-uns-4-auflage-2025\/\" rel=\"bookmark\">Mehr lesen &raquo;<span class=\"screen-reader-text\">Gehen Sie mit uns &#8211; 4. Auflage 2025<\/span><\/a><\/p>\n","protected":false},"author":1,"featured_media":0,"parent":0,"menu_order":0,"comment_status":"closed","ping_status":"closed","template":"","meta":{"neve_meta_sidebar":"full-width","neve_meta_container":"","neve_meta_enable_content_width":"on","neve_meta_content_width":100,"neve_meta_title_alignment":"","neve_meta_author_avatar":"","neve_post_elements_order":"","neve_meta_disable_header":"","neve_meta_disable_footer":"","neve_meta_disable_title":"","neve_meta_reading_time":"","_themeisle_gutenberg_block_has_review":false,"jetpack_post_was_ever_published":false,"footnotes":""},"class_list":["post-7425","page","type-page","status-publish","hentry"],"yoast_head":"<!-- This site is optimized with the Yoast SEO plugin v27.4 - https:\/\/yoast.com\/product\/yoast-seo-wordpress\/ -->\n<title>Gehen Sie mit uns - 4. Auflage 2025 - Alta Via dei Monti Lattari<\/title>\n<meta name=\"description\" content=\"Cammina con Noi Alta Via dei Monti Lattari 2025 - Vom 31. Mai bis zum 2. Juni durchqueren Sie die sorrentinische Halbinsel auf dem CAI 300 Weg\" \/>\n<meta name=\"robots\" content=\"index, follow, max-snippet:-1, max-image-preview:large, max-video-preview:-1\" \/>\n<link rel=\"canonical\" href=\"https:\/\/www.altaviadeimontilattari.it\/de\/gehen-sie-mit-uns-4-auflage-2025\/\" \/>\n<meta property=\"og:locale\" content=\"de_DE\" \/>\n<meta property=\"og:type\" content=\"article\" \/>\n<meta property=\"og:title\" content=\"Cammina con Noi Alta Via dei Monti Lattari 2024\" \/>\n<meta property=\"og:description\" content=\"Cammina con Noi Alta Via dei Monti Lattari 2024 - \u00dcberqueren Sie vom 31. Mai bis 2. Juni die Halbinsel von Sorrent auf dem Weg CAI 300\" \/>\n<meta property=\"og:url\" content=\"https:\/\/www.altaviadeimontilattari.it\/de\/gehen-sie-mit-uns-4-auflage-2025\/\" \/>\n<meta property=\"og:site_name\" content=\"Alta Via dei Monti Lattari\" \/>\n<meta property=\"article:modified_time\" content=\"2025-05-08T16:01:00+00:00\" \/>\n<meta property=\"og:image\" content=\"https:\/\/www.altaviadeimontilattari.it\/wp-content\/uploads\/2023\/04\/tour_alta_via_monti_lattari.jpg\" \/>\n<meta name=\"twitter:card\" content=\"summary_large_image\" \/>\n<meta name=\"twitter:title\" content=\"Cammina con Noi Alta Via dei Monti Lattari 2024\" \/>\n<meta name=\"twitter:description\" content=\"Cammina con Noi Alta Via dei Monti Lattari 2024 - \u00dcberqueren Sie vom 31. Mai bis 2. Juni die Halbinsel von Sorrent auf dem Weg CAI 300\" \/>\n<meta name=\"twitter:image\" content=\"https:\/\/www.altaviadeimontilattari.it\/wp-content\/uploads\/2023\/04\/tour_alta_via_monti_lattari.jpg\" \/>\n<meta name=\"twitter:label1\" content=\"Gesch\u00e4tzte Lesezeit\" \/>\n\t<meta name=\"twitter:data1\" content=\"8\u00a0Minuten\" \/>\n<script type=\"application\/ld+json\" class=\"yoast-schema-graph\">{\"@context\":\"https:\\\/\\\/schema.org\",\"@graph\":[{\"@type\":\"WebPage\",\"@id\":\"https:\\\/\\\/www.altaviadeimontilattari.it\\\/de\\\/gehen-sie-mit-uns-4-auflage-2025\\\/\",\"url\":\"https:\\\/\\\/www.altaviadeimontilattari.it\\\/de\\\/gehen-sie-mit-uns-4-auflage-2025\\\/\",\"name\":\"Gehen Sie mit uns - 4. Auflage 2025 - Alta Via dei Monti Lattari\",\"isPartOf\":{\"@id\":\"https:\\\/\\\/www.altaviadeimontilattari.it\\\/#website\"},\"primaryImageOfPage\":{\"@id\":\"https:\\\/\\\/www.altaviadeimontilattari.it\\\/de\\\/gehen-sie-mit-uns-4-auflage-2025\\\/#primaryimage\"},\"image\":{\"@id\":\"https:\\\/\\\/www.altaviadeimontilattari.it\\\/de\\\/gehen-sie-mit-uns-4-auflage-2025\\\/#primaryimage\"},\"thumbnailUrl\":\"https:\\\/\\\/www.altaviadeimontilattari.it\\\/wp-content\\\/uploads\\\/2023\\\/04\\\/tour_alta_via_monti_lattari.jpg\",\"datePublished\":\"2025-04-04T16:04:26+00:00\",\"dateModified\":\"2025-05-08T16:01:00+00:00\",\"description\":\"Cammina con Noi Alta Via dei Monti Lattari 2025 - Vom 31. Mai bis zum 2. Juni durchqueren Sie die sorrentinische Halbinsel auf dem CAI 300 Weg\",\"breadcrumb\":{\"@id\":\"https:\\\/\\\/www.altaviadeimontilattari.it\\\/de\\\/gehen-sie-mit-uns-4-auflage-2025\\\/#breadcrumb\"},\"inLanguage\":\"de\",\"potentialAction\":[{\"@type\":\"ReadAction\",\"target\":[\"https:\\\/\\\/www.altaviadeimontilattari.it\\\/de\\\/gehen-sie-mit-uns-4-auflage-2025\\\/\"]}]},{\"@type\":\"ImageObject\",\"inLanguage\":\"de\",\"@id\":\"https:\\\/\\\/www.altaviadeimontilattari.it\\\/de\\\/gehen-sie-mit-uns-4-auflage-2025\\\/#primaryimage\",\"url\":\"https:\\\/\\\/www.altaviadeimontilattari.it\\\/wp-content\\\/uploads\\\/2023\\\/04\\\/tour_alta_via_monti_lattari.jpg\",\"contentUrl\":\"https:\\\/\\\/www.altaviadeimontilattari.it\\\/wp-content\\\/uploads\\\/2023\\\/04\\\/tour_alta_via_monti_lattari.jpg\"},{\"@type\":\"BreadcrumbList\",\"@id\":\"https:\\\/\\\/www.altaviadeimontilattari.it\\\/de\\\/gehen-sie-mit-uns-4-auflage-2025\\\/#breadcrumb\",\"itemListElement\":[{\"@type\":\"ListItem\",\"position\":1,\"name\":\"Home\",\"item\":\"https:\\\/\\\/www.altaviadeimontilattari.it\\\/es\\\/\"},{\"@type\":\"ListItem\",\"position\":2,\"name\":\"Gehen Sie mit uns &#8211; 4. Auflage 2025\"}]},{\"@type\":\"WebSite\",\"@id\":\"https:\\\/\\\/www.altaviadeimontilattari.it\\\/#website\",\"url\":\"https:\\\/\\\/www.altaviadeimontilattari.it\\\/\",\"name\":\"Alta Via dei Monti Lattari\",\"description\":\"La montagna \u00e8 un modo di vivere la vita.\",\"publisher\":{\"@id\":\"https:\\\/\\\/www.altaviadeimontilattari.it\\\/#organization\"},\"potentialAction\":[{\"@type\":\"SearchAction\",\"target\":{\"@type\":\"EntryPoint\",\"urlTemplate\":\"https:\\\/\\\/www.altaviadeimontilattari.it\\\/?s={search_term_string}\"},\"query-input\":{\"@type\":\"PropertyValueSpecification\",\"valueRequired\":true,\"valueName\":\"search_term_string\"}}],\"inLanguage\":\"de\"},{\"@type\":\"Organization\",\"@id\":\"https:\\\/\\\/www.altaviadeimontilattari.it\\\/#organization\",\"name\":\"Alta Via dei Monti Lattari\",\"url\":\"https:\\\/\\\/www.altaviadeimontilattari.it\\\/\",\"logo\":{\"@type\":\"ImageObject\",\"inLanguage\":\"de\",\"@id\":\"https:\\\/\\\/www.altaviadeimontilattari.it\\\/#\\\/schema\\\/logo\\\/image\\\/\",\"url\":\"https:\\\/\\\/i0.wp.com\\\/www.altaviadeimontilattari.it\\\/wp-content\\\/uploads\\\/2020\\\/12\\\/alta_via_monyi_lattari_logo.png?fit=325%2C100&ssl=1\",\"contentUrl\":\"https:\\\/\\\/i0.wp.com\\\/www.altaviadeimontilattari.it\\\/wp-content\\\/uploads\\\/2020\\\/12\\\/alta_via_monyi_lattari_logo.png?fit=325%2C100&ssl=1\",\"width\":325,\"height\":100,\"caption\":\"Alta Via dei Monti Lattari\"},\"image\":{\"@id\":\"https:\\\/\\\/www.altaviadeimontilattari.it\\\/#\\\/schema\\\/logo\\\/image\\\/\"}}]}<\/script>\n<!-- \/ Yoast SEO plugin. -->","yoast_head_json":{"title":"Gehen Sie mit uns - 4. Auflage 2025 - Alta Via dei Monti Lattari","description":"Cammina con Noi Alta Via dei Monti Lattari 2025 - Vom 31. Mai bis zum 2. Juni durchqueren Sie die sorrentinische Halbinsel auf dem CAI 300 Weg","robots":{"index":"index","follow":"follow","max-snippet":"max-snippet:-1","max-image-preview":"max-image-preview:large","max-video-preview":"max-video-preview:-1"},"canonical":"https:\/\/www.altaviadeimontilattari.it\/de\/gehen-sie-mit-uns-4-auflage-2025\/","og_locale":"de_DE","og_type":"article","og_title":"Cammina con Noi Alta Via dei Monti Lattari 2024","og_description":"Cammina con Noi Alta Via dei Monti Lattari 2024 - \u00dcberqueren Sie vom 31. Mai bis 2. Juni die Halbinsel von Sorrent auf dem Weg CAI 300","og_url":"https:\/\/www.altaviadeimontilattari.it\/de\/gehen-sie-mit-uns-4-auflage-2025\/","og_site_name":"Alta Via dei Monti Lattari","article_modified_time":"2025-05-08T16:01:00+00:00","og_image":[{"url":"https:\/\/www.altaviadeimontilattari.it\/wp-content\/uploads\/2023\/04\/tour_alta_via_monti_lattari.jpg","type":"","width":"","height":""}],"twitter_card":"summary_large_image","twitter_title":"Cammina con Noi Alta Via dei Monti Lattari 2024","twitter_description":"Cammina con Noi Alta Via dei Monti Lattari 2024 - \u00dcberqueren Sie vom 31. Mai bis 2. Juni die Halbinsel von Sorrent auf dem Weg CAI 300","twitter_image":"https:\/\/www.altaviadeimontilattari.it\/wp-content\/uploads\/2023\/04\/tour_alta_via_monti_lattari.jpg","twitter_misc":{"Gesch\u00e4tzte Lesezeit":"8\u00a0Minuten"},"schema":{"@context":"https:\/\/schema.org","@graph":[{"@type":"WebPage","@id":"https:\/\/www.altaviadeimontilattari.it\/de\/gehen-sie-mit-uns-4-auflage-2025\/","url":"https:\/\/www.altaviadeimontilattari.it\/de\/gehen-sie-mit-uns-4-auflage-2025\/","name":"Gehen Sie mit uns - 4. Auflage 2025 - Alta Via dei Monti Lattari","isPartOf":{"@id":"https:\/\/www.altaviadeimontilattari.it\/#website"},"primaryImageOfPage":{"@id":"https:\/\/www.altaviadeimontilattari.it\/de\/gehen-sie-mit-uns-4-auflage-2025\/#primaryimage"},"image":{"@id":"https:\/\/www.altaviadeimontilattari.it\/de\/gehen-sie-mit-uns-4-auflage-2025\/#primaryimage"},"thumbnailUrl":"https:\/\/www.altaviadeimontilattari.it\/wp-content\/uploads\/2023\/04\/tour_alta_via_monti_lattari.jpg","datePublished":"2025-04-04T16:04:26+00:00","dateModified":"2025-05-08T16:01:00+00:00","description":"Cammina con Noi Alta Via dei Monti Lattari 2025 - Vom 31. Mai bis zum 2. Juni durchqueren Sie die sorrentinische Halbinsel auf dem CAI 300 Weg","breadcrumb":{"@id":"https:\/\/www.altaviadeimontilattari.it\/de\/gehen-sie-mit-uns-4-auflage-2025\/#breadcrumb"},"inLanguage":"de","potentialAction":[{"@type":"ReadAction","target":["https:\/\/www.altaviadeimontilattari.it\/de\/gehen-sie-mit-uns-4-auflage-2025\/"]}]},{"@type":"ImageObject","inLanguage":"de","@id":"https:\/\/www.altaviadeimontilattari.it\/de\/gehen-sie-mit-uns-4-auflage-2025\/#primaryimage","url":"https:\/\/www.altaviadeimontilattari.it\/wp-content\/uploads\/2023\/04\/tour_alta_via_monti_lattari.jpg","contentUrl":"https:\/\/www.altaviadeimontilattari.it\/wp-content\/uploads\/2023\/04\/tour_alta_via_monti_lattari.jpg"},{"@type":"BreadcrumbList","@id":"https:\/\/www.altaviadeimontilattari.it\/de\/gehen-sie-mit-uns-4-auflage-2025\/#breadcrumb","itemListElement":[{"@type":"ListItem","position":1,"name":"Home","item":"https:\/\/www.altaviadeimontilattari.it\/es\/"},{"@type":"ListItem","position":2,"name":"Gehen Sie mit uns &#8211; 4. Auflage 2025"}]},{"@type":"WebSite","@id":"https:\/\/www.altaviadeimontilattari.it\/#website","url":"https:\/\/www.altaviadeimontilattari.it\/","name":"Alta Via dei Monti Lattari","description":"La montagna \u00e8 un modo di vivere la vita.","publisher":{"@id":"https:\/\/www.altaviadeimontilattari.it\/#organization"},"potentialAction":[{"@type":"SearchAction","target":{"@type":"EntryPoint","urlTemplate":"https:\/\/www.altaviadeimontilattari.it\/?s={search_term_string}"},"query-input":{"@type":"PropertyValueSpecification","valueRequired":true,"valueName":"search_term_string"}}],"inLanguage":"de"},{"@type":"Organization","@id":"https:\/\/www.altaviadeimontilattari.it\/#organization","name":"Alta Via dei Monti Lattari","url":"https:\/\/www.altaviadeimontilattari.it\/","logo":{"@type":"ImageObject","inLanguage":"de","@id":"https:\/\/www.altaviadeimontilattari.it\/#\/schema\/logo\/image\/","url":"https:\/\/i0.wp.com\/www.altaviadeimontilattari.it\/wp-content\/uploads\/2020\/12\/alta_via_monyi_lattari_logo.png?fit=325%2C100&ssl=1","contentUrl":"https:\/\/i0.wp.com\/www.altaviadeimontilattari.it\/wp-content\/uploads\/2020\/12\/alta_via_monyi_lattari_logo.png?fit=325%2C100&ssl=1","width":325,"height":100,"caption":"Alta Via dei Monti Lattari"},"image":{"@id":"https:\/\/www.altaviadeimontilattari.it\/#\/schema\/logo\/image\/"}}]}},"jetpack-related-posts":[{"id":5942,"url":"https:\/\/www.altaviadeimontilattari.it\/de\/gehen-sie-mit-uns-juni-2022\/","url_meta":{"origin":7425,"position":0},"title":"Gehen Sie mit uns &#8211; Juni 2022","author":"Luca Casaburi","date":"9. Juni 2022","format":false,"excerpt":"Unsere Reise auf der Alta Via dei Monti Lattari ist zu Ende! Eine wunderbare Reise durch dieses herrliche Land zwischen Geschichte und Natur. Eine Reise, auf der wir fantastische Menschen kennengelernt und die Gastfreundschaft unseres Landes wiederentdeckt haben. Dies ist eine Reise und ein Ausflug, den man machen muss, eine\u2026","rel":"","context":"\u00c4hnlicher Beitrag","block_context":{"text":"\u00c4hnlicher Beitrag","link":""},"img":{"alt_text":"","src":"https:\/\/i0.wp.com\/www.altaviadeimontilattari.it\/wp-content\/uploads\/2022\/06\/km_20220602_1080p.00_00_00_00.Immagine002.jpg?fit=1200%2C675&ssl=1&resize=350%2C200","width":350,"height":200,"srcset":"https:\/\/i0.wp.com\/www.altaviadeimontilattari.it\/wp-content\/uploads\/2022\/06\/km_20220602_1080p.00_00_00_00.Immagine002.jpg?fit=1200%2C675&ssl=1&resize=350%2C200 1x, https:\/\/i0.wp.com\/www.altaviadeimontilattari.it\/wp-content\/uploads\/2022\/06\/km_20220602_1080p.00_00_00_00.Immagine002.jpg?fit=1200%2C675&ssl=1&resize=525%2C300 1.5x, https:\/\/i0.wp.com\/www.altaviadeimontilattari.it\/wp-content\/uploads\/2022\/06\/km_20220602_1080p.00_00_00_00.Immagine002.jpg?fit=1200%2C675&ssl=1&resize=700%2C400 2x, https:\/\/i0.wp.com\/www.altaviadeimontilattari.it\/wp-content\/uploads\/2022\/06\/km_20220602_1080p.00_00_00_00.Immagine002.jpg?fit=1200%2C675&ssl=1&resize=1050%2C600 3x"},"classes":[]},{"id":5934,"url":"https:\/\/www.altaviadeimontilattari.it\/de\/gehen-sie-mit-uns\/","url_meta":{"origin":7425,"position":1},"title":"Gehen Sie mit uns","author":"Luca Casaburi","date":"6. Mai 2022","format":false,"excerpt":"Jeder kann mit uns gehen. Machen Sie sich mit uns auf den Weg und entdecken Sie die Alta Via dei Monti Lattari! Gehen Sie mit uns 2. bis 4. Juni 2022 Wir wandern drei Tage lang auf der Alta Via dei Monti Lattari und folgen dabei dem gesamten 300CAI-Weg. Sie\u2026","rel":"","context":"\u00c4hnlicher Beitrag","block_context":{"text":"\u00c4hnlicher Beitrag","link":""},"img":{"alt_text":"","src":"https:\/\/i0.wp.com\/www.altaviadeimontilattari.it\/wp-content\/uploads\/2022\/05\/monte_finestra_sud-edited.jpg?resize=350%2C200&ssl=1","width":350,"height":200,"srcset":"https:\/\/i0.wp.com\/www.altaviadeimontilattari.it\/wp-content\/uploads\/2022\/05\/monte_finestra_sud-edited.jpg?resize=350%2C200&ssl=1 1x, https:\/\/i0.wp.com\/www.altaviadeimontilattari.it\/wp-content\/uploads\/2022\/05\/monte_finestra_sud-edited.jpg?resize=525%2C300&ssl=1 1.5x, https:\/\/i0.wp.com\/www.altaviadeimontilattari.it\/wp-content\/uploads\/2022\/05\/monte_finestra_sud-edited.jpg?resize=700%2C400&ssl=1 2x"},"classes":[]},{"id":6023,"url":"https:\/\/www.altaviadeimontilattari.it\/de\/unterstuetzen-sie-uns\/","url_meta":{"origin":7425,"position":2},"title":"Unterst\u00fctzen Sie uns","author":"Luca Casaburi","date":"12. Januar 2022","format":false,"excerpt":"Unterst\u00fctzen Sie unser Projekt Unterst\u00fctzt unser Projekt Alta Via dei Monti Lattari durch Turismo.RicercAttiva . Helfen Sie uns, unser Gebiet mit seiner Natur, Geschichte und Kultur zu f\u00f6rdern. altaviadeimontilattari.it ist eines der vielen Projekte, die wir durchf\u00fchren. Folgen Sie uns und entdecken Sie alle unsere Aktivit\u00e4ten. Um uns zu unterst\u00fctzen,\u2026","rel":"","context":"\u00c4hnlicher Beitrag","block_context":{"text":"\u00c4hnlicher Beitrag","link":""},"img":{"alt_text":"","src":"https:\/\/i0.wp.com\/www.altaviadeimontilattari.it\/wp-content\/uploads\/2022\/01\/toppa-patch-ricercattiva-completa-stickerland-536x536-1.png?resize=350%2C200&ssl=1","width":350,"height":200,"srcset":"https:\/\/i0.wp.com\/www.altaviadeimontilattari.it\/wp-content\/uploads\/2022\/01\/toppa-patch-ricercattiva-completa-stickerland-536x536-1.png?resize=350%2C200&ssl=1 1x, https:\/\/i0.wp.com\/www.altaviadeimontilattari.it\/wp-content\/uploads\/2022\/01\/toppa-patch-ricercattiva-completa-stickerland-536x536-1.png?resize=525%2C300&ssl=1 1.5x"},"classes":[]},{"id":7289,"url":"https:\/\/www.altaviadeimontilattari.it\/de\/cammina-con-noi-iii-ausgabe-2024\/","url_meta":{"origin":7425,"position":3},"title":"Cammina con noi &#8211; III Ausgabe 2024","author":"Luca Casaburi","date":"11. April 2024","format":false,"excerpt":"Jeder kann mit uns gehen. Machen Sie sich mit uns auf den Weg und entdecken Sie die Alta Via dei Monti Lattari! Wir wandern drei Tage lang auf der Alta Via dei Monti Lattari und folgen dabei dem gesamten 300CAI-Weg. Sie beginnt in der Gemeinde Cava de' Tirreni und f\u00fchrt\u2026","rel":"","context":"\u00c4hnlicher Beitrag","block_context":{"text":"\u00c4hnlicher Beitrag","link":""},"img":{"alt_text":"","src":"https:\/\/i0.wp.com\/www.altaviadeimontilattari.it\/wp-content\/uploads\/2024\/04\/iii-edizione.jpg?resize=350%2C200&ssl=1","width":350,"height":200,"srcset":"https:\/\/i0.wp.com\/www.altaviadeimontilattari.it\/wp-content\/uploads\/2024\/04\/iii-edizione.jpg?resize=350%2C200&ssl=1 1x, https:\/\/i0.wp.com\/www.altaviadeimontilattari.it\/wp-content\/uploads\/2024\/04\/iii-edizione.jpg?resize=525%2C300&ssl=1 1.5x, https:\/\/i0.wp.com\/www.altaviadeimontilattari.it\/wp-content\/uploads\/2024\/04\/iii-edizione.jpg?resize=700%2C400&ssl=1 2x"},"classes":[]},{"id":5957,"url":"https:\/\/www.altaviadeimontilattari.it\/de\/kontakt\/","url_meta":{"origin":7425,"position":4},"title":"Kontakt","author":"Luca Casaburi","date":"27. Januar 2020","format":false,"excerpt":"Kontakt N\u00fctzliche Seiten tourismus.ricercattiva.itwww.mdtsoftware.it E-Mail luca.casaburi@ricercattiva.it luca.casaburi@ricercattiva.itluca.casaburi@mdtsoftware.it Instagram @tourismus.ricercattiva@lugask Senden Sie uns eine Nachricht oder verbinden Sie sich mit unseren sozialen Netzwerken altaviadeimontilattari.it wurde ins Leben gerufen, um die Monti Lattari, die Amalfik\u00fcste und die Sorrentinische Halbinsel bekannt zu machen, Regionen Italiens, die noch wenig f\u00fcr ihre Natur und Sch\u00f6nheit\u2026","rel":"","context":"\u00c4hnlicher Beitrag","block_context":{"text":"\u00c4hnlicher Beitrag","link":""},"img":{"alt_text":"","src":"","width":0,"height":0},"classes":[]},{"id":7195,"url":"https:\/\/www.altaviadeimontilattari.it\/de\/das-buch-der-entdecker\/","url_meta":{"origin":7425,"position":5},"title":"Das Buch der Entdecker","author":"Luca Casaburi","date":"23. September 2023","format":false,"excerpt":"Das Buch der Entdecker Hast du den H\u00f6henweg der Monti Lattari durchwandert? Schicken Sie uns Ihre Erfahrung und erhalten Sie kostenlos einen der Aufn\u00e4her f\u00fcr diese wundersch\u00f6ne Strecke. Bitte hinterlassen Sie eine Bewertung Ihrer Wanderung von Cava de' Tirreni nach Punta Campanella (Termini). Bitte senden Sie uns die aufgezeichnete GPS-Spur\u2026","rel":"","context":"\u00c4hnlicher Beitrag","block_context":{"text":"\u00c4hnlicher Beitrag","link":""},"img":{"alt_text":"","src":"https:\/\/i0.wp.com\/www.altaviadeimontilattari.it\/wp-content\/uploads\/2023\/09\/patch-alta-via-dei-monti-lattari.jpg?fit=1200%2C708&ssl=1&resize=350%2C200","width":350,"height":200,"srcset":"https:\/\/i0.wp.com\/www.altaviadeimontilattari.it\/wp-content\/uploads\/2023\/09\/patch-alta-via-dei-monti-lattari.jpg?fit=1200%2C708&ssl=1&resize=350%2C200 1x, https:\/\/i0.wp.com\/www.altaviadeimontilattari.it\/wp-content\/uploads\/2023\/09\/patch-alta-via-dei-monti-lattari.jpg?fit=1200%2C708&ssl=1&resize=525%2C300 1.5x, https:\/\/i0.wp.com\/www.altaviadeimontilattari.it\/wp-content\/uploads\/2023\/09\/patch-alta-via-dei-monti-lattari.jpg?fit=1200%2C708&ssl=1&resize=700%2C400 2x, https:\/\/i0.wp.com\/www.altaviadeimontilattari.it\/wp-content\/uploads\/2023\/09\/patch-alta-via-dei-monti-lattari.jpg?fit=1200%2C708&ssl=1&resize=1050%2C600 3x"},"classes":[]}],"jetpack_shortlink":"https:\/\/wp.me\/PcGNaV-1VL","jetpack_sharing_enabled":true,"_links":{"self":[{"href":"https:\/\/www.altaviadeimontilattari.it\/de\/wp-json\/wp\/v2\/pages\/7425","targetHints":{"allow":["GET"]}}],"collection":[{"href":"https:\/\/www.altaviadeimontilattari.it\/de\/wp-json\/wp\/v2\/pages"}],"about":[{"href":"https:\/\/www.altaviadeimontilattari.it\/de\/wp-json\/wp\/v2\/types\/page"}],"author":[{"embeddable":true,"href":"https:\/\/www.altaviadeimontilattari.it\/de\/wp-json\/wp\/v2\/users\/1"}],"replies":[{"embeddable":true,"href":"https:\/\/www.altaviadeimontilattari.it\/de\/wp-json\/wp\/v2\/comments?post=7425"}],"version-history":[{"count":5,"href":"https:\/\/www.altaviadeimontilattari.it\/de\/wp-json\/wp\/v2\/pages\/7425\/revisions"}],"predecessor-version":[{"id":7471,"href":"https:\/\/www.altaviadeimontilattari.it\/de\/wp-json\/wp\/v2\/pages\/7425\/revisions\/7471"}],"wp:attachment":[{"href":"https:\/\/www.altaviadeimontilattari.it\/de\/wp-json\/wp\/v2\/media?parent=7425"}],"curies":[{"name":"wp","href":"https:\/\/api.w.org\/{rel}","templated":true}]}}