{"id":7255,"date":"2024-04-11T06:27:53","date_gmt":"2024-04-11T06:27:53","guid":{"rendered":"https:\/\/www.altaviadeimontilattari.it\/cammina-con-noi-iii-edition-2024\/"},"modified":"2024-04-12T05:54:10","modified_gmt":"2024-04-12T05:54:10","slug":"cammina-con-noi-iii-edition-2024","status":"publish","type":"page","link":"https:\/\/www.altaviadeimontilattari.it\/en\/cammina-con-noi-iii-edition-2024\/","title":{"rendered":"Cammina con noi &#8211; III edition 2024"},"content":{"rendered":"\n<div id=\"wp-block-themeisle-blocks-advanced-columns-3830824e\" class=\"wp-block-themeisle-blocks-advanced-columns has-1-columns has-desktop-equal-layout has-tablet-equal-layout has-mobile-equal-layout has-vertical-unset\"><div class=\"wp-block-themeisle-blocks-advanced-columns-overlay\"><\/div><div class=\"innerblocks-wrap\">\n<div id=\"wp-block-themeisle-blocks-advanced-column-0c9f6ba5\" class=\"wp-block-themeisle-blocks-advanced-column\">\n<div class=\"wp-block-cover is-light\"><span aria-hidden=\"true\" class=\"wp-block-cover__background has-background-dim\"><\/span><img data-recalc-dims=\"1\" fetchpriority=\"high\" decoding=\"async\" width=\"1024\" height=\"768\" class=\"wp-block-cover__image-background wp-image-6901\" alt=\"\" src=\"https:\/\/i0.wp.com\/www.altaviadeimontilattari.it\/wp-content\/uploads\/2023\/04\/tour_alta_via_monti_lattari.jpg?resize=1024%2C768&#038;ssl=1\" style=\"object-position:50% 50%\" data-object-fit=\"cover\" data-object-position=\"50% 50%\" srcset=\"https:\/\/i0.wp.com\/www.altaviadeimontilattari.it\/wp-content\/uploads\/2023\/04\/tour_alta_via_monti_lattari.jpg?w=1024&amp;ssl=1 1024w, https:\/\/i0.wp.com\/www.altaviadeimontilattari.it\/wp-content\/uploads\/2023\/04\/tour_alta_via_monti_lattari.jpg?resize=300%2C225&amp;ssl=1 300w, https:\/\/i0.wp.com\/www.altaviadeimontilattari.it\/wp-content\/uploads\/2023\/04\/tour_alta_via_monti_lattari.jpg?resize=768%2C576&amp;ssl=1 768w\" sizes=\"(max-width: 1024px) 100vw, 1024px\" \/><div class=\"wp-block-cover__inner-container is-layout-flow wp-block-cover-is-layout-flow\">\n<h3 class=\"has-text-align-center\" style=\"color:white;\">Anyone can walk with us.<\/h3>\n\n\n\n<h2 class=\"has-text-align-center\" style=\"color:white;\">Set off with us to discover theUpper Trail of the chain of Monti Lattari!<\/h2>\n<\/div><\/div>\n<\/div>\n<\/div><\/div>\n\n<div id=\"wp-block-themeisle-blocks-advanced-columns-3cc0610e\" class=\"wp-block-themeisle-blocks-advanced-columns has-1-columns has-desktop-equal-layout has-tablet-equal-layout has-mobile-equal-layout has-vertical-unset\"><div class=\"wp-block-themeisle-blocks-advanced-columns-overlay\"><\/div><div class=\"innerblocks-wrap\">\n<div id=\"wp-block-themeisle-blocks-advanced-column-72f76e22\" class=\"wp-block-themeisle-blocks-advanced-column\">\n<section id=\"wp-block-themeisle-blocks-advanced-columns-dab9e0bf\" class=\"wp-block-themeisle-blocks-advanced-columns alignfull has-1-columns has-desktop-equal-layout has-tablet-equal-layout has-mobile-equal-layout has-vertical-flex-start has-light-bg\"><div class=\"wp-block-themeisle-blocks-advanced-columns-overlay\"><\/div><div class=\"innerblocks-wrap\">\n<div id=\"wp-block-themeisle-blocks-advanced-column-9df22226\" class=\"wp-block-themeisle-blocks-advanced-column\">\n<section id=\"wp-block-themeisle-blocks-advanced-columns-25c95699\" class=\"wp-block-themeisle-blocks-advanced-columns has-1-columns has-desktop-equal-layout has-tablet-equal-layout has-mobile-equal-layout has-vertical-flex-start\"><div class=\"wp-block-themeisle-blocks-advanced-columns-overlay\"><\/div><div class=\"innerblocks-wrap\">\n<div id=\"wp-block-themeisle-blocks-advanced-column-d4d9a4f8\" class=\"wp-block-themeisle-blocks-advanced-column\">\n<figure class=\"wp-block-image size-full\"><img data-recalc-dims=\"1\" decoding=\"async\" width=\"846\" height=\"600\" src=\"https:\/\/i0.wp.com\/www.altaviadeimontilattari.it\/wp-content\/uploads\/2024\/04\/iii-edizione.jpg?resize=846%2C600&#038;ssl=1\" alt=\"\" class=\"wp-image-7229\" srcset=\"https:\/\/i0.wp.com\/www.altaviadeimontilattari.it\/wp-content\/uploads\/2024\/04\/iii-edizione.jpg?w=846&amp;ssl=1 846w, https:\/\/i0.wp.com\/www.altaviadeimontilattari.it\/wp-content\/uploads\/2024\/04\/iii-edizione.jpg?resize=300%2C213&amp;ssl=1 300w, https:\/\/i0.wp.com\/www.altaviadeimontilattari.it\/wp-content\/uploads\/2024\/04\/iii-edizione.jpg?resize=768%2C545&amp;ssl=1 768w\" sizes=\"(max-width: 846px) 100vw, 846px\" \/><\/figure>\n\n\n\n<hr class=\"wp-block-separator has-text-color has-black-color has-css-opacity has-black-background-color has-background\"\/>\n\n\n\n<p class=\"has-text-align-center\"><strong>We walk the full version of the Upper Trail of the chain of Monti Lattari in 3 days<\/strong> following the entire <strong>300CAI<\/strong> trail. It starts from the municipality of Cava de&#8217; Tirreni and reaches Punta Campanella, the furthest point of the Sorrento Peninsula in the municipality of Massa Lubrense, passing through Vietri sul Mare, Cetara, Maiori, Tramonti, Ravello, Scala, Agerola, Positano, Vico Equense, Piano di Sorrento and Sorrento.<\/p>\n\n\n\n<p class=\"has-text-align-center\"><strong>We invite you to this new appointment to experience together these places of immense beauty, prepare ourselves to face this adventure and discover this territory.<\/strong>  The goal of this new edition is to empower to the mountain and create network in our territory.  <\/p>\n\n\n\n<p class=\"has-text-align-center\"><strong>Anyone can join and walk with us along the trail freely, walking the entire route together or just a single stage to share experiences and passions.<\/strong> <\/p>\n\n\n\n<p class=\"has-text-align-center\">During the path <strong>you will touch many points of interest of high historical and cultural value<\/strong>, full of traditions and art. Everything is accompanied by the extraordinarily beautiful views of the <strong>Divine Amalfi Coast and Sorrento Peninsula<\/strong>, a paradise of true splendor rich in myths and legends, also narrated by the great poets, writers and artists of every age.<\/p>\n\n\n\n<p class=\"has-text-align-center\"><strong>If intending to participate please contact us indicating how many of you there are and do you want to do the whole walk<\/strong> together or just some of the stages, this allows us to organize at the starting point and start the stages together.<\/p>\n\n\n\n<p class=\"has-text-align-center\">From this year, those who decide to travel the entire route with us and be guided by us and not independently must register for the event by completing the <a href=\"https:\/\/forms.gle\/sRb5owK3uWK9kZDh6\" target=\"_blank\" rel=\"noreferrer noopener\">following questionnaire<\/a>, present a sports medical certificate and be insured for hiking sports activities. <strong>Safety first!<\/strong><\/p>\n\n\n\n<p class=\"has-text-align-center\">For more details about the event or organizational <a href=\"https:\/\/www.altaviadeimontilattari.it\/en\/contact-us\/\"><strong>contact us<\/strong><\/a>.<br\/>Email: <a href=\"mailto:luca.casaburi@ricercattiva.it\">luca.casaburi@ricercattiva.it<\/a> &#8211; Whastapp: <a href=\"https:\/\/wa.me\/393460639351\">+393460639351<\/a><\/p>\n<\/div>\n<\/div><\/section>\n\n\n\n<h2 class=\"wp-block-heading has-text-align-center\">Trekking program 31 May &#8211; 2 June<\/h2>\n\n\n\n<h2 class=\"wp-block-heading has-text-align-center\">Cammina con Noi <\/h2>\n\n\n\n<hr class=\"wp-block-separator has-text-color has-neve-link-color-color has-css-opacity has-neve-link-color-background-color has-background\"\/>\n\n\n\n<section id=\"wp-block-themeisle-blocks-advanced-columns-2ac7a10f\" class=\"wp-block-themeisle-blocks-advanced-columns alignfull has-3-columns has-desktop-equal-layout has-tablet-equal-layout has-mobile-collapsedRows-layout has-vertical-flex-start\"><div class=\"wp-block-themeisle-blocks-advanced-columns-overlay\"><\/div><div class=\"innerblocks-wrap\">\n<div id=\"wp-block-themeisle-blocks-advanced-column-e2c940a5\" class=\"wp-block-themeisle-blocks-advanced-column\">\n<figure class=\"wp-block-image size-large\"><img data-recalc-dims=\"1\" decoding=\"async\" width=\"1024\" height=\"1025\" src=\"https:\/\/i0.wp.com\/www.altaviadeimontilattari.it\/wp-content\/uploads\/2022\/05\/monte_finestra_sud-edited.jpg?resize=1024%2C1025&#038;ssl=1\" alt=\"\" class=\"wp-image-4316\" srcset=\"https:\/\/i0.wp.com\/www.altaviadeimontilattari.it\/wp-content\/uploads\/2022\/05\/monte_finestra_sud-edited.jpg?w=1024&amp;ssl=1 1024w, https:\/\/i0.wp.com\/www.altaviadeimontilattari.it\/wp-content\/uploads\/2022\/05\/monte_finestra_sud-edited.jpg?resize=300%2C300&amp;ssl=1 300w, https:\/\/i0.wp.com\/www.altaviadeimontilattari.it\/wp-content\/uploads\/2022\/05\/monte_finestra_sud-edited.jpg?resize=150%2C150&amp;ssl=1 150w, https:\/\/i0.wp.com\/www.altaviadeimontilattari.it\/wp-content\/uploads\/2022\/05\/monte_finestra_sud-edited.jpg?resize=768%2C769&amp;ssl=1 768w\" sizes=\"(max-width: 1024px) 100vw, 1024px\" \/><figcaption class=\"wp-element-caption\">Mount Finestra South Summit<\/figcaption><\/figure>\n\n\n\n<h3 class=\"wp-block-heading has-text-align-left\">Stage 1 &#8211; 31 May 2024<\/h3>\n\n\n\n<p class=\"has-text-align-left\"><strong>Departure<\/strong>: Benedictine Abbey of Cava De&#8217; Tirreni<br\/><strong>Destination<\/strong>: Chiunzi Pass<br\/><strong>Distance<\/strong>: 23km<br\/><strong>Departure time<\/strong>: 7:30 a.m.<\/p>\n<\/div>\n\n\n\n<div id=\"wp-block-themeisle-blocks-advanced-column-f4f1b419\" class=\"wp-block-themeisle-blocks-advanced-column\">\n<figure class=\"wp-block-image size-full\"><img data-recalc-dims=\"1\" loading=\"lazy\" decoding=\"async\" width=\"767\" height=\"768\" src=\"https:\/\/i0.wp.com\/www.altaviadeimontilattari.it\/wp-content\/uploads\/2022\/05\/monte_molare_panorama-edited.jpg?resize=767%2C768&#038;ssl=1\" alt=\"Cross of the Conocchia\" class=\"wp-image-4317\" srcset=\"https:\/\/i0.wp.com\/www.altaviadeimontilattari.it\/wp-content\/uploads\/2022\/05\/monte_molare_panorama-edited.jpg?w=767&amp;ssl=1 767w, https:\/\/i0.wp.com\/www.altaviadeimontilattari.it\/wp-content\/uploads\/2022\/05\/monte_molare_panorama-edited.jpg?resize=300%2C300&amp;ssl=1 300w, https:\/\/i0.wp.com\/www.altaviadeimontilattari.it\/wp-content\/uploads\/2022\/05\/monte_molare_panorama-edited.jpg?resize=150%2C150&amp;ssl=1 150w\" sizes=\"(max-width: 767px) 100vw, 767px\" \/><figcaption class=\"wp-element-caption\">Cross of the Conocchia<\/figcaption><\/figure>\n\n\n\n<h3 class=\"wp-block-heading has-text-align-left\">Stage 2 &#8211; 1 June 2024<\/h3>\n\n\n\n<p class=\"has-text-align-left\"><strong>Departure:<\/strong> Chiunzi pass<br\/><strong>Destination:<\/strong> Santa Maria del Castello<br\/><strong>Distance:<\/strong> 25km<br\/><strong>Departure time:<\/strong> 6:00 a.m.<\/p>\n<\/div>\n\n\n\n<div id=\"wp-block-themeisle-blocks-advanced-column-f115b84a\" class=\"wp-block-themeisle-blocks-advanced-column\">\n<figure class=\"wp-block-image size-full\"><img data-recalc-dims=\"1\" loading=\"lazy\" decoding=\"async\" width=\"767\" height=\"768\" src=\"https:\/\/i0.wp.com\/www.altaviadeimontilattari.it\/wp-content\/uploads\/2022\/05\/penisola_sorrentina_punta_campanella-edited.jpg?resize=767%2C768&#038;ssl=1\" alt=\"\" class=\"wp-image-4318\" srcset=\"https:\/\/i0.wp.com\/www.altaviadeimontilattari.it\/wp-content\/uploads\/2022\/05\/penisola_sorrentina_punta_campanella-edited.jpg?w=767&amp;ssl=1 767w, https:\/\/i0.wp.com\/www.altaviadeimontilattari.it\/wp-content\/uploads\/2022\/05\/penisola_sorrentina_punta_campanella-edited.jpg?resize=300%2C300&amp;ssl=1 300w, https:\/\/i0.wp.com\/www.altaviadeimontilattari.it\/wp-content\/uploads\/2022\/05\/penisola_sorrentina_punta_campanella-edited.jpg?resize=150%2C150&amp;ssl=1 150w\" sizes=\"(max-width: 767px) 100vw, 767px\" \/><figcaption class=\"wp-element-caption\">Punta Campanella and Capri<\/figcaption><\/figure>\n\n\n\n<h3 class=\"wp-block-heading has-text-align-left\">Stage 3 &#8211; 2 June 2024<\/h3>\n\n\n\n<p class=\"has-text-align-left\"><strong>Departure: <\/strong>Santa Maria al Castello<br\/><strong>Destination:<\/strong> Punta Campanella<br\/><strong>Distance:<\/strong> 24km<br\/><strong>Departure time:<\/strong> 7:30 a.m.<\/p>\n<\/div>\n<\/div><\/section>\n<\/div>\n<\/div><\/section>\n<\/div>\n<\/div><\/div>\n\n<div class=\"wp-block-columns is-layout-flex wp-container-core-columns-is-layout-9d6595d7 wp-block-columns-is-layout-flex\">\n<div class=\"wp-block-column is-vertically-aligned-center is-layout-flow wp-block-column-is-layout-flow\" style=\"flex-basis:66.66%\">\n<h3 class=\"wp-block-heading alignwide has-text-align-center\">Cammina con noi &#8211; Alta Via dei Monti Lattari \/ 2nd edition 2023<\/h3>\n<\/div>\n\n\n\n<div class=\"wp-block-column is-layout-flow wp-block-column-is-layout-flow\" style=\"flex-basis:33.33%\">\n<div class=\"wp-block-buttons alignwide is-layout-flex wp-block-buttons-is-layout-flex\">\n<div class=\"wp-block-button is-style-secondary aligncenter\"><a class=\"wp-block-button__link has-vivid-cyan-blue-to-vivid-purple-gradient-background has-background wp-element-button\" href=\"https:\/\/www.altaviadeimontilattari.it\/en\/walk-with-us-2nd-edition-2023\/\">Discover the 2nd Edition 2023<\/a><\/div>\n<\/div>\n<\/div>\n<\/div>\n\n<div class=\"wp-block-columns is-layout-flex wp-container-core-columns-is-layout-9d6595d7 wp-block-columns-is-layout-flex\">\n<div class=\"wp-block-column is-vertically-aligned-center is-layout-flow wp-block-column-is-layout-flow\" style=\"flex-basis:66.66%\">\n<h3 class=\"wp-block-heading alignwide has-text-align-center\">Build with us the cloud of emotions of this experience<\/h3>\n<\/div>\n\n\n\n<div class=\"wp-block-column is-layout-flow wp-block-column-is-layout-flow\" style=\"flex-basis:33.33%\">\n<div class=\"wp-block-buttons alignwide is-layout-flex wp-block-buttons-is-layout-flex\">\n<div class=\"wp-block-button is-style-secondary aligncenter\"><a class=\"wp-block-button__link has-vivid-cyan-blue-to-vivid-purple-gradient-background has-background wp-element-button\" href=\"https:\/\/www.altaviadeimontilattari.it\/en\/emotions-step-by-step\/\">Emotions step by step<\/a><\/div>\n<\/div>\n<\/div>\n<\/div>\n\n<div id=\"wp-block-themeisle-blocks-accordion-999b292b\" class=\"wp-block-themeisle-blocks-accordion exclusive\">\n<details class=\"wp-block-themeisle-blocks-accordion-item\"><summary class=\"wp-block-themeisle-blocks-accordion-item__title\"><div>Cosa portare nello zaino?<\/div><\/summary><div class=\"wp-block-themeisle-blocks-accordion-item__content\">\n<p>At this <strong><a href=\"https:\/\/www.altaviadeimontilattari.it\/en\/what-to-take-with-you-recommended-materials\/\">link<\/a><\/strong>you will find a list of recommended technical equipment.<\/p>\n\n\n\n<p>Each participant is fully responsible for his or her own choice of equipment, with the understanding that some accessories remain essential.<\/p>\n<\/div><\/details>\n<\/div>\n\n<div id=\"wp-block-themeisle-blocks-accordion-d81f382e\" class=\"wp-block-themeisle-blocks-accordion exclusive\">\n<details class=\"wp-block-themeisle-blocks-accordion-item\"><summary class=\"wp-block-themeisle-blocks-accordion-item__title\"><div>Dove dormire e come organizzarsi?<\/div><\/summary><div class=\"wp-block-themeisle-blocks-accordion-item__content\">\n<p>Each participant must arrange where to sleep independently by contacting overnight facilities in person. <\/p>\n\n\n\n<p>If you decide to participate in tents you can contact us for information on where you can camp at the end of the stage.<\/p>\n\n\n\n<ul class=\"wp-block-list\">\n<li>The <strong>meeting point at the first leg of the route is the Benedictine Abbey of Cava de&#8217; Tirreni<\/strong>. It can be reached, by the time of departure, on June 2 only by car from the center of Cava de&#8217; Tirreni because buses on holidays leave too late. Otherwise, it is possible to stay overnight in the hamlet of Corpo di Cava in one of the many available B&amp;Bs.<br\/>If you stay overnight in the center of Cava you can stay in any facility you prefer.<\/li>\n<\/ul>\n\n\n\n<ul class=\"wp-block-list\">\n<li>At <strong>the end of the first stage we recommend staying<\/strong> <strong>at <em>&#8220;Al valico&#8221;<\/em><\/strong> <strong> at Valico di Chiunzi, Tramonti, <\/strong>where we will also rest.<br\/>Contacts:<br\/>Website: <a href=\"http:\/\/www.alvalico.it\/site\/\" target=\"_blank\" rel=\"noreferrer noopener\">http:\/\/www.alvalico.it\/site\/<\/a><br\/>FB: <a href=\"https:\/\/www.facebook.com\/alvalicorelax\" target=\"_blank\" rel=\"noreferrer noopener\">https:\/\/www.facebook.com\/alvalicorelax<\/a><\/li>\n\n\n\n<li>At the <strong>end of the second stage we recommend staying at <em>&#8220;La Sorgente del Melo&#8221;<\/em><\/strong> in Santa Maria del Castello. Here we will also stop for dinner and overnight stay.<br\/>Contacts:<br\/>Website: <a href=\"http:\/\/www.lasorgentedelmelo.it\/it\/\" target=\"_blank\" rel=\"noreferrer noopener\">http:\/\/www.lasorgentedelmelo.it\/it\/<\/a><br\/>FB: <a href=\"https:\/\/www.facebook.com\/Agriturismo-La-Sorgente-del-Melo-220677194617140\/\" target=\"_blank\" rel=\"noreferrer noopener\">https:\/\/www.facebook.com\/Agriturismo-La-Sorgente-del-Melo-220677194617140\/<\/a><br\/>Tel: +39 081-8023701<\/li>\n\n\n\n<li><strong>The end time of the third stage in Termini is late afternoon\/evening.<\/strong> If you do not have a car, you must arrange to return by public transport itself in the evening or the next day, Sunday, June 5. Here are the timetables of bus 5071 for the Termini &#8211; Sorrento section (<a href=\"https:\/\/www.sitasudtrasporti.it\/archivio\/Download\/corse\/sitasud\/Campania\/Salerno\/170ba1ad-99d0-4f3f-a360-e09f36200a54_5070_11_04_2022.pdf\/0\" target=\"_blank\" rel=\"noreferrer noopener\">Timetable line 5071<\/a>), then from Sorrento it is possible to reach your destination from the railway station.<br\/>If you decide to stay overnight you can stay in any Termini facility you prefer.<br\/>Line 5071 timetable: https:\/\/www.sitasudtrasporti.it\/archivio\/Download\/corse\/sitasud\/Campania\/Salerno\/170ba1ad-99d0-4f3f-a360-e09f36200a54_5070_11_04_2022.pdf\/0<\/li>\n<\/ul>\n\n\n\n<h4 class=\"wp-block-heading\">When contacting recommended facilities refer to participate in altaviadeimontilattari.it&#8217;s <em>&#8220;Cammina con noi&#8221; <\/em>event.<\/h4>\n<\/div><\/details>\n<\/div>\n\n<div id=\"wp-block-themeisle-blocks-accordion-d693441e\" class=\"wp-block-themeisle-blocks-accordion exclusive\">\n<details class=\"wp-block-themeisle-blocks-accordion-item\"><summary class=\"wp-block-themeisle-blocks-accordion-item__title\"><div>Preparazione al viaggio<\/div><\/summary><div class=\"wp-block-themeisle-blocks-accordion-item__content\">\n<p>Participation in the trip implies<strong>taking full personal responsibility<\/strong> and requires complete autonomy!<\/p>\n\n\n\n<p>Plan your walk as best you can:<\/p>\n\n\n\n<ul class=\"wp-block-list\">\n<li>consult maps of the places we will pass through so that you arrive prepared;<\/li>\n\n\n\n<li>ask about the difficulty of the route from the relevant CAI section to assess your suitability for the route;<\/li>\n\n\n\n<li>informed about the weather;<\/li>\n\n\n\n<li>carry your backpack as your only luggage and take all the necessary equipment with you;<\/li>\n\n\n\n<li>independently book sleeping accommodations in the huts\/hostels\/B&amp;Bs of the stages;<\/li>\n\n\n\n<li>Plan your commute to move independently to\/from stopover places.<\/li>\n<\/ul>\n\n\n\n<p><strong>Remember!<\/strong> Mountain trails (which are not pilgrimage paths) require adequate physical preparation and experience.<\/p>\n\n\n\n<p>Participation is strongly discouraged for those suffering from dizziness and heart and\/or respiratory problems.<\/p>\n<\/div><\/details>\n<\/div>\n\n<div id=\"wp-block-themeisle-blocks-accordion-735f167c\" class=\"wp-block-themeisle-blocks-accordion exclusive\">\n<details class=\"wp-block-themeisle-blocks-accordion-item\"><summary class=\"wp-block-themeisle-blocks-accordion-item__title\"><div>Termini di partecipazione<\/div><\/summary><div class=\"wp-block-themeisle-blocks-accordion-item__content\">\n<p>Participation in <em><strong>altaviadeimontilattari.it<\/strong><\/em> events <strong>is completely voluntary<\/strong>.<\/p>\n\n\n\n<p>We specify that we do NOT operate as a tour operator, but we are committed as a non-profit project led by young volunteers.<\/p>\n\n\n\n<p>Participation in events implies full assumption of individual responsibility and requires complete autonomy. Minors must be accompanied and remain under the full responsibility of their parents or guardian.<\/p>\n\n\n\n<p><\/p>\n\n\n\n<p><strong>The staff of <em>altaviadeimontilattari.it<\/em> is not responsible for the organization of the trip and<\/strong> <strong>any injuries to the participants.<\/strong><\/p>\n\n\n\n<p><\/p>\n\n\n\n<p>The participant, therefore, AGREES TO:<\/p>\n\n\n\n<ul class=\"has-small-font-size wp-block-list\">\n<li>to be aware that <em>altaviadeimontilattari.it<\/em> does not provide any service and\/or provision of any kind to those who choose to participate in walking with the <em>altaviadeimontilattari.it <\/em>team;<\/li>\n\n\n\n<li>to certify that they are in suitable physical and psychophysical conditions for non-competitive sporting activity, as well as that they have read the degree of difficulty of the paths where they will walk with the <em>altaviadeimontilattari.it<\/em> team;<\/li>\n\n\n\n<li>to be aware of any risks associated with the practice of non-competitive sporting activities carried out during participation in the <em>altaviadeimontilattari.it<\/em> event, although this cannot be considered an intrinsically dangerous activity;<\/li>\n\n\n\n<li>to assume all responsibility regarding one&#8217;s own person, for personal damage and\/or damage caused to others (and\/or things) due to one&#8217;s own behavior that does not comply with the law and\/or diligence and\/or common canons of prudence and common sense;<\/li>\n\n\n\n<li>relieve the staff of altaviadeimontilattari.it, their collaborators and employees, from any liability for damages deriving from participation in the events, extending this relief also to the heirs and related subjects;<\/li>\n\n\n\n<li>have carefully read and understood the contents of this document before accepting it;<\/li>\n\n\n\n<li>that he fully understands and shares the purposes of the rules of prudence established for his safety and that failure to abide by them may place both him and his companions in a dangerous situation.<\/li>\n<\/ul>\n\n\n\n<p>Anyone wishing to participate independently can do so freely. However, to join the <strong>Cammina con noi &#8211; Alta Via dei Monti Lattari &#8211; III Edizione 2024<\/strong> organized by <strong><em>altaviadeimontilattari.it<\/em><\/strong> and walk the entire route with the staff <span style=\"text-decoration: underline;\">it is necessary to submit <a href=\"https:\/\/forms.gle\/KYmidzpHvHwJkC3v7\"><strong>the application for registration to the event<\/strong><\/a>, provide a sports medical certificate and have accident insurance for hiking activities.<\/span>. <em><strong>FIE registered members<\/strong><\/em> enjoy the inclusion of insurance, while for those who are not, it is possible to request daily insurance through the <strong><em>Trekking Cava<\/em><\/strong> association at a cost of \u20ac30 for the 3 days of hiking activity.<\/p>\n<\/div><\/details>\n<\/div>\n\n<div class=\"wp-block-columns is-layout-flex wp-container-core-columns-is-layout-9d6595d7 wp-block-columns-is-layout-flex\">\n<div class=\"wp-block-column is-layout-flow wp-block-column-is-layout-flow\"><div class=\"wp-block-image\">\n<figure class=\"aligncenter size-full is-resized\"><img data-recalc-dims=\"1\" loading=\"lazy\" decoding=\"async\" width=\"512\" height=\"512\" src=\"https:\/\/i0.wp.com\/www.altaviadeimontilattari.it\/wp-content\/uploads\/2022\/05\/maps-icon-png-25-1.png?resize=512%2C512&#038;ssl=1\" alt=\"\" class=\"wp-image-4347\" style=\"width:157px;height:157px\" srcset=\"https:\/\/i0.wp.com\/www.altaviadeimontilattari.it\/wp-content\/uploads\/2022\/05\/maps-icon-png-25-1.png?w=512&amp;ssl=1 512w, https:\/\/i0.wp.com\/www.altaviadeimontilattari.it\/wp-content\/uploads\/2022\/05\/maps-icon-png-25-1.png?resize=300%2C300&amp;ssl=1 300w, https:\/\/i0.wp.com\/www.altaviadeimontilattari.it\/wp-content\/uploads\/2022\/05\/maps-icon-png-25-1.png?resize=150%2C150&amp;ssl=1 150w\" sizes=\"(max-width: 512px) 100vw, 512px\" \/><\/figure>\n<\/div>\n\n\n<p class=\"has-text-align-center\">Be fully prepared and download the route track in GPX format<\/p>\n\n\n\n<div class=\"wp-block-buttons is-content-justification-center is-layout-flex wp-container-core-buttons-is-layout-16018d1d wp-block-buttons-is-layout-flex\">\n<div class=\"wp-block-button is-style-primary\"><a class=\"wp-block-button__link wp-element-button\" href=\"https:\/\/www.altaviadeimontilattari.it\/en\/the-300-cai-trail\/\">Route map<\/a><\/div>\n<\/div>\n<\/div>\n\n\n\n<div class=\"wp-block-column is-layout-flow wp-block-column-is-layout-flow\"><div class=\"wp-block-image\">\n<figure class=\"aligncenter size-full is-resized\"><img data-recalc-dims=\"1\" loading=\"lazy\" decoding=\"async\" width=\"180\" height=\"180\" src=\"https:\/\/i0.wp.com\/www.altaviadeimontilattari.it\/wp-content\/uploads\/2022\/05\/IMG-20220127-WA0017_preview_rev_1.png?resize=180%2C180&#038;ssl=1\" alt=\"\" class=\"wp-image-4349\" style=\"width:157px;height:157px\" srcset=\"https:\/\/i0.wp.com\/www.altaviadeimontilattari.it\/wp-content\/uploads\/2022\/05\/IMG-20220127-WA0017_preview_rev_1.png?w=180&amp;ssl=1 180w, https:\/\/i0.wp.com\/www.altaviadeimontilattari.it\/wp-content\/uploads\/2022\/05\/IMG-20220127-WA0017_preview_rev_1.png?resize=150%2C150&amp;ssl=1 150w\" sizes=\"(max-width: 180px) 100vw, 180px\" \/><\/figure>\n<\/div>\n\n\n<p class=\"has-text-align-center\">Discover with us the stages we will go through<\/p>\n\n\n\n<div class=\"wp-block-buttons is-content-justification-center is-layout-flex wp-container-core-buttons-is-layout-16018d1d wp-block-buttons-is-layout-flex\">\n<div class=\"wp-block-button is-style-primary\"><a class=\"wp-block-button__link wp-element-button\" href=\"https:\/\/www.altaviadeimontilattari.it\/en\/tour-dellalta-via-dei-monti-lattari\/\">POINTS OF INTEREST<\/a><\/div>\n<\/div>\n<\/div>\n\n\n\n<div class=\"wp-block-column is-layout-flow wp-block-column-is-layout-flow\"><div class=\"wp-block-image\">\n<figure class=\"aligncenter size-full is-resized\"><img data-recalc-dims=\"1\" loading=\"lazy\" decoding=\"async\" width=\"709\" height=\"615\" src=\"https:\/\/i0.wp.com\/www.altaviadeimontilattari.it\/wp-content\/uploads\/2022\/05\/Pagina_Contatti.png?resize=709%2C615&#038;ssl=1\" alt=\"\" class=\"wp-image-4351\" style=\"width:180px;height:156px\" srcset=\"https:\/\/i0.wp.com\/www.altaviadeimontilattari.it\/wp-content\/uploads\/2022\/05\/Pagina_Contatti.png?w=709&amp;ssl=1 709w, https:\/\/i0.wp.com\/www.altaviadeimontilattari.it\/wp-content\/uploads\/2022\/05\/Pagina_Contatti.png?resize=300%2C260&amp;ssl=1 300w\" sizes=\"(max-width: 709px) 100vw, 709px\" \/><\/figure>\n<\/div>\n\n\n<p class=\"has-text-align-center\">Contact us for program information and organization<\/p>\n\n\n\n<div class=\"wp-block-buttons is-content-justification-center is-layout-flex wp-container-core-buttons-is-layout-16018d1d wp-block-buttons-is-layout-flex\">\n<div class=\"wp-block-button is-style-primary\"><a class=\"wp-block-button__link wp-element-button\" href=\"https:\/\/www.altaviadeimontilattari.it\/en\/contact-us\/\">CONTACT US FOR INFO<\/a><\/div>\n<\/div>\n<\/div>\n<\/div>\n\n<hr class=\"wp-block-separator has-css-opacity\"\/>\n\n<div class=\"wp-block-columns ticss-05ef9120 is-layout-flex wp-container-core-columns-is-layout-9d6595d7 wp-block-columns-is-layout-flex\">\n<div class=\"wp-block-column is-layout-flow wp-block-column-is-layout-flow\" style=\"flex-basis:33.33%\"><div class=\"wp-block-image\">\n<figure class=\"aligncenter size-full\"><img data-recalc-dims=\"1\" loading=\"lazy\" decoding=\"async\" width=\"220\" height=\"220\" src=\"https:\/\/i0.wp.com\/www.altaviadeimontilattari.it\/wp-content\/uploads\/2022\/05\/WhatsApp-Image-2022-05-10-at-16.35.06-1.jpeg?resize=220%2C220&#038;ssl=1\" alt=\"\" class=\"wp-image-4383\" srcset=\"https:\/\/i0.wp.com\/www.altaviadeimontilattari.it\/wp-content\/uploads\/2022\/05\/WhatsApp-Image-2022-05-10-at-16.35.06-1.jpeg?w=220&amp;ssl=1 220w, https:\/\/i0.wp.com\/www.altaviadeimontilattari.it\/wp-content\/uploads\/2022\/05\/WhatsApp-Image-2022-05-10-at-16.35.06-1.jpeg?resize=150%2C150&amp;ssl=1 150w\" sizes=\"(max-width: 220px) 100vw, 220px\" \/><\/figure>\n<\/div><\/div>\n\n\n\n<div class=\"wp-block-column is-layout-flow wp-block-column-is-layout-flow\" style=\"flex-basis:66.66%\">\n<h3 class=\"wp-block-heading\">Safety first!<\/h3>\n\n\n\n<p>Throughout the crossing we will always be tuned in to <a href=\"https:\/\/www.reteradiomontana.it\/\" target=\"_blank\" rel=\"noreferrer noopener\"><strong>Rete Radio Montana<\/strong><\/a>.<\/p>\n\n\n\n<p>Call sign <strong>OSCAR 115<\/strong><\/p>\n<\/div>\n<\/div>\n\n<hr class=\"wp-block-separator has-alpha-channel-opacity\"\/>\n\n<h4 class=\"wp-block-heading has-text-align-center\">Thank you for your collaboration and participation<\/h4>\n\n<div class=\"wp-block-columns is-layout-flex wp-container-core-columns-is-layout-9d6595d7 wp-block-columns-is-layout-flex\">\n<div class=\"wp-block-column is-layout-flow wp-block-column-is-layout-flow\"><div class=\"wp-block-image\">\n<figure class=\"aligncenter size-full\"><img data-recalc-dims=\"1\" loading=\"lazy\" decoding=\"async\" width=\"600\" height=\"600\" src=\"https:\/\/i0.wp.com\/www.altaviadeimontilattari.it\/wp-content\/uploads\/2023\/05\/stickerland_it.png?resize=600%2C600&#038;ssl=1\" alt=\"Personalized Embroidered Patch Patches - Stickerland.it\" class=\"wp-image-6989\" srcset=\"https:\/\/i0.wp.com\/www.altaviadeimontilattari.it\/wp-content\/uploads\/2023\/05\/stickerland_it.png?w=600&amp;ssl=1 600w, https:\/\/i0.wp.com\/www.altaviadeimontilattari.it\/wp-content\/uploads\/2023\/05\/stickerland_it.png?resize=300%2C300&amp;ssl=1 300w, https:\/\/i0.wp.com\/www.altaviadeimontilattari.it\/wp-content\/uploads\/2023\/05\/stickerland_it.png?resize=150%2C150&amp;ssl=1 150w\" sizes=\"(max-width: 600px) 100vw, 600px\" \/><figcaption class=\"wp-element-caption\">Personalized Embroidered Patch Patches &#8211; Stickerland.it<\/figcaption><\/figure>\n<\/div>\n\n\n<p class=\"has-text-align-center\"><\/p>\n<\/div>\n\n\n\n<div class=\"wp-block-column is-layout-flow wp-block-column-is-layout-flow\"><div class=\"wp-block-image\">\n<figure class=\"aligncenter size-large is-resized\"><img data-recalc-dims=\"1\" loading=\"lazy\" decoding=\"async\" width=\"1024\" height=\"1024\" src=\"https:\/\/i0.wp.com\/www.altaviadeimontilattari.it\/wp-content\/uploads\/2023\/05\/trekking-cava-2.png?resize=1024%2C1024&#038;ssl=1\" alt=\"A.S.D. Trekking Cava\" class=\"wp-image-6984\" style=\"width:167px;height:167px\" srcset=\"https:\/\/i0.wp.com\/www.altaviadeimontilattari.it\/wp-content\/uploads\/2023\/05\/trekking-cava-2.png?resize=1024%2C1024&amp;ssl=1 1024w, https:\/\/i0.wp.com\/www.altaviadeimontilattari.it\/wp-content\/uploads\/2023\/05\/trekking-cava-2.png?resize=300%2C300&amp;ssl=1 300w, https:\/\/i0.wp.com\/www.altaviadeimontilattari.it\/wp-content\/uploads\/2023\/05\/trekking-cava-2.png?resize=150%2C150&amp;ssl=1 150w, https:\/\/i0.wp.com\/www.altaviadeimontilattari.it\/wp-content\/uploads\/2023\/05\/trekking-cava-2.png?resize=768%2C768&amp;ssl=1 768w, https:\/\/i0.wp.com\/www.altaviadeimontilattari.it\/wp-content\/uploads\/2023\/05\/trekking-cava-2.png?w=1181&amp;ssl=1 1181w\" sizes=\"(max-width: 1024px) 100vw, 1024px\" \/><figcaption class=\"wp-element-caption\">A.S.D. Trekking Cava<\/figcaption><\/figure>\n<\/div>\n\n\n<p class=\"has-text-align-center\"><\/p>\n<\/div>\n\n\n\n<div class=\"wp-block-column is-layout-flow wp-block-column-is-layout-flow\"><div class=\"wp-block-image\">\n<figure class=\"aligncenter size-full is-resized\"><img data-recalc-dims=\"1\" loading=\"lazy\" decoding=\"async\" width=\"430\" height=\"425\" src=\"https:\/\/i0.wp.com\/www.altaviadeimontilattari.it\/wp-content\/uploads\/2024\/04\/fie.jpg?resize=430%2C425&#038;ssl=1\" alt=\"FIE - Federazione Italiana Escursionisti - Comitato Regionale Campania\" class=\"wp-image-7239\" style=\"width:167px;height:167px\" srcset=\"https:\/\/i0.wp.com\/www.altaviadeimontilattari.it\/wp-content\/uploads\/2024\/04\/fie.jpg?w=430&amp;ssl=1 430w, https:\/\/i0.wp.com\/www.altaviadeimontilattari.it\/wp-content\/uploads\/2024\/04\/fie.jpg?resize=300%2C297&amp;ssl=1 300w\" sizes=\"(max-width: 430px) 100vw, 430px\" \/><figcaption class=\"wp-element-caption\">FIE &#8211; Federazione Italiana Escursionisti &#8211; Comitato Regionale Campania<\/figcaption><\/figure>\n<\/div>\n\n\n<p class=\"has-text-align-center\"><\/p>\n<\/div>\n\n\n\n<div class=\"wp-block-column is-layout-flow wp-block-column-is-layout-flow\"><\/div>\n\n\n\n<div class=\"wp-block-column is-layout-flow wp-block-column-is-layout-flow\"><\/div>\n<\/div>\n<div style=\"margin: 20px 0;\"><div class=\"qrcswholewtapper\" style=\"text-align:left;\"><div class=\"qrcprowrapper\"  id=\"qrcwraa2leds\"><div class=\"qrc_canvass\" id=\"qrc_cuttenpages_2\" style=\"display:inline-block\" data-text=\"https:\/\/www.altaviadeimontilattari.it\/en\/cammina-con-noi-iii-edition-2024\/\"><\/div><div><a download=\"Cammina con noi &#8211; III edition 2024.png\" class=\"qrcdownloads\" id=\"worign\">\r\n           <button type=\"button\" style=\"min-width:200px;background:#81ea00;color:#000;font-weight: 600;border: 1px solid #dddddd;border-radius:4px;font-size:12px;padding: 6px 0;\" class=\"uqr_code_btn\">Download QR<\/button>\r\n           <\/a><\/div><\/div><\/div><\/div>","protected":false},"excerpt":{"rendered":"<p>Cammina con noi &#8211; Alta Via dei Monti Lattari \/ 2nd edition 2023 Build with us the cloud of emotions of this experience Be fully prepared and download the route track in GPX format Discover with us the stages we will go through Contact us for program information and organization Safety first! Throughout the crossing&hellip;&nbsp;<a href=\"https:\/\/www.altaviadeimontilattari.it\/en\/cammina-con-noi-iii-edition-2024\/\" rel=\"bookmark\">Read More &raquo;<span class=\"screen-reader-text\">Cammina con noi &#8211; III edition 2024<\/span><\/a><\/p>\n","protected":false},"author":1,"featured_media":0,"parent":0,"menu_order":0,"comment_status":"closed","ping_status":"closed","template":"","meta":{"neve_meta_sidebar":"full-width","neve_meta_container":"","neve_meta_enable_content_width":"on","neve_meta_content_width":100,"neve_meta_title_alignment":"","neve_meta_author_avatar":"","neve_post_elements_order":"","neve_meta_disable_header":"","neve_meta_disable_footer":"","neve_meta_disable_title":"","neve_meta_reading_time":"","_themeisle_gutenberg_block_has_review":false,"jetpack_post_was_ever_published":false,"footnotes":""},"class_list":["post-7255","page","type-page","status-publish","hentry"],"yoast_head":"<!-- This site is optimized with the Yoast SEO plugin v27.4 - https:\/\/yoast.com\/product\/yoast-seo-wordpress\/ -->\n<title>Cammina con noi - III edition 2024 - Alta Via dei Monti Lattari<\/title>\n<meta name=\"description\" content=\"Cammina con Noi Alta Via dei Monti Lattari 2024 - From 31 May to 2 June to cross the Sorrento peninsula following the CAI 300 path\" \/>\n<meta name=\"robots\" content=\"index, follow, max-snippet:-1, max-image-preview:large, max-video-preview:-1\" \/>\n<link rel=\"canonical\" href=\"https:\/\/www.altaviadeimontilattari.it\/en\/cammina-con-noi-iii-edition-2024\/\" \/>\n<meta property=\"og:locale\" content=\"en_US\" \/>\n<meta property=\"og:type\" content=\"article\" \/>\n<meta property=\"og:title\" content=\"Cammina con noi - III edition 2024 - Alta Via dei Monti Lattari\" \/>\n<meta property=\"og:description\" content=\"Cammina con Noi Alta Via dei Monti Lattari 2024 - From 31 May to 2 June to cross the Sorrento peninsula following the CAI 300 path\" \/>\n<meta property=\"og:url\" content=\"https:\/\/www.altaviadeimontilattari.it\/en\/cammina-con-noi-iii-edition-2024\/\" \/>\n<meta property=\"og:site_name\" content=\"Alta Via dei Monti Lattari\" \/>\n<meta property=\"article:modified_time\" content=\"2024-04-12T05:54:10+00:00\" \/>\n<meta property=\"og:image\" content=\"https:\/\/www.altaviadeimontilattari.it\/wp-content\/uploads\/2023\/04\/tour_alta_via_monti_lattari.jpg\" \/>\n<meta name=\"twitter:card\" content=\"summary_large_image\" \/>\n<meta name=\"twitter:title\" content=\"Cammina con Noi Alta Via dei Monti Lattari 2024\" \/>\n<meta name=\"twitter:description\" content=\"Cammina con Noi Alta Via dei Monti Lattari 2024 - From 31 May to 2 June to cross the Sorrento peninsula following the CAI 300 path\" \/>\n<meta name=\"twitter:label1\" content=\"Est. reading time\" \/>\n\t<meta name=\"twitter:data1\" content=\"7 minutes\" \/>\n<script type=\"application\/ld+json\" class=\"yoast-schema-graph\">{\"@context\":\"https:\\\/\\\/schema.org\",\"@graph\":[{\"@type\":\"WebPage\",\"@id\":\"https:\\\/\\\/www.altaviadeimontilattari.it\\\/en\\\/cammina-con-noi-iii-edition-2024\\\/\",\"url\":\"https:\\\/\\\/www.altaviadeimontilattari.it\\\/en\\\/cammina-con-noi-iii-edition-2024\\\/\",\"name\":\"Cammina con noi - III edition 2024 - Alta Via dei Monti Lattari\",\"isPartOf\":{\"@id\":\"https:\\\/\\\/www.altaviadeimontilattari.it\\\/#website\"},\"primaryImageOfPage\":{\"@id\":\"https:\\\/\\\/www.altaviadeimontilattari.it\\\/en\\\/cammina-con-noi-iii-edition-2024\\\/#primaryimage\"},\"image\":{\"@id\":\"https:\\\/\\\/www.altaviadeimontilattari.it\\\/en\\\/cammina-con-noi-iii-edition-2024\\\/#primaryimage\"},\"thumbnailUrl\":\"https:\\\/\\\/www.altaviadeimontilattari.it\\\/wp-content\\\/uploads\\\/2023\\\/04\\\/tour_alta_via_monti_lattari.jpg\",\"datePublished\":\"2024-04-11T06:27:53+00:00\",\"dateModified\":\"2024-04-12T05:54:10+00:00\",\"description\":\"Cammina con Noi Alta Via dei Monti Lattari 2024 - From 31 May to 2 June to cross the Sorrento peninsula following the CAI 300 path\",\"breadcrumb\":{\"@id\":\"https:\\\/\\\/www.altaviadeimontilattari.it\\\/en\\\/cammina-con-noi-iii-edition-2024\\\/#breadcrumb\"},\"inLanguage\":\"en-US\",\"potentialAction\":[{\"@type\":\"ReadAction\",\"target\":[\"https:\\\/\\\/www.altaviadeimontilattari.it\\\/en\\\/cammina-con-noi-iii-edition-2024\\\/\"]}]},{\"@type\":\"ImageObject\",\"inLanguage\":\"en-US\",\"@id\":\"https:\\\/\\\/www.altaviadeimontilattari.it\\\/en\\\/cammina-con-noi-iii-edition-2024\\\/#primaryimage\",\"url\":\"https:\\\/\\\/www.altaviadeimontilattari.it\\\/wp-content\\\/uploads\\\/2023\\\/04\\\/tour_alta_via_monti_lattari.jpg\",\"contentUrl\":\"https:\\\/\\\/www.altaviadeimontilattari.it\\\/wp-content\\\/uploads\\\/2023\\\/04\\\/tour_alta_via_monti_lattari.jpg\"},{\"@type\":\"BreadcrumbList\",\"@id\":\"https:\\\/\\\/www.altaviadeimontilattari.it\\\/en\\\/cammina-con-noi-iii-edition-2024\\\/#breadcrumb\",\"itemListElement\":[{\"@type\":\"ListItem\",\"position\":1,\"name\":\"Home\",\"item\":\"https:\\\/\\\/www.altaviadeimontilattari.it\\\/es\\\/\"},{\"@type\":\"ListItem\",\"position\":2,\"name\":\"Cammina con noi &#8211; III edition 2024\"}]},{\"@type\":\"WebSite\",\"@id\":\"https:\\\/\\\/www.altaviadeimontilattari.it\\\/#website\",\"url\":\"https:\\\/\\\/www.altaviadeimontilattari.it\\\/\",\"name\":\"Alta Via dei Monti Lattari\",\"description\":\"La montagna \u00e8 un modo di vivere la vita.\",\"publisher\":{\"@id\":\"https:\\\/\\\/www.altaviadeimontilattari.it\\\/#organization\"},\"potentialAction\":[{\"@type\":\"SearchAction\",\"target\":{\"@type\":\"EntryPoint\",\"urlTemplate\":\"https:\\\/\\\/www.altaviadeimontilattari.it\\\/?s={search_term_string}\"},\"query-input\":{\"@type\":\"PropertyValueSpecification\",\"valueRequired\":true,\"valueName\":\"search_term_string\"}}],\"inLanguage\":\"en-US\"},{\"@type\":\"Organization\",\"@id\":\"https:\\\/\\\/www.altaviadeimontilattari.it\\\/#organization\",\"name\":\"Alta Via dei Monti Lattari\",\"url\":\"https:\\\/\\\/www.altaviadeimontilattari.it\\\/\",\"logo\":{\"@type\":\"ImageObject\",\"inLanguage\":\"en-US\",\"@id\":\"https:\\\/\\\/www.altaviadeimontilattari.it\\\/#\\\/schema\\\/logo\\\/image\\\/\",\"url\":\"https:\\\/\\\/i0.wp.com\\\/www.altaviadeimontilattari.it\\\/wp-content\\\/uploads\\\/2020\\\/12\\\/alta_via_monyi_lattari_logo.png?fit=325%2C100&ssl=1\",\"contentUrl\":\"https:\\\/\\\/i0.wp.com\\\/www.altaviadeimontilattari.it\\\/wp-content\\\/uploads\\\/2020\\\/12\\\/alta_via_monyi_lattari_logo.png?fit=325%2C100&ssl=1\",\"width\":325,\"height\":100,\"caption\":\"Alta Via dei Monti Lattari\"},\"image\":{\"@id\":\"https:\\\/\\\/www.altaviadeimontilattari.it\\\/#\\\/schema\\\/logo\\\/image\\\/\"}}]}<\/script>\n<!-- \/ Yoast SEO plugin. -->","yoast_head_json":{"title":"Cammina con noi - III edition 2024 - Alta Via dei Monti Lattari","description":"Cammina con Noi Alta Via dei Monti Lattari 2024 - From 31 May to 2 June to cross the Sorrento peninsula following the CAI 300 path","robots":{"index":"index","follow":"follow","max-snippet":"max-snippet:-1","max-image-preview":"max-image-preview:large","max-video-preview":"max-video-preview:-1"},"canonical":"https:\/\/www.altaviadeimontilattari.it\/en\/cammina-con-noi-iii-edition-2024\/","og_locale":"en_US","og_type":"article","og_title":"Cammina con noi - III edition 2024 - Alta Via dei Monti Lattari","og_description":"Cammina con Noi Alta Via dei Monti Lattari 2024 - From 31 May to 2 June to cross the Sorrento peninsula following the CAI 300 path","og_url":"https:\/\/www.altaviadeimontilattari.it\/en\/cammina-con-noi-iii-edition-2024\/","og_site_name":"Alta Via dei Monti Lattari","article_modified_time":"2024-04-12T05:54:10+00:00","og_image":[{"url":"https:\/\/www.altaviadeimontilattari.it\/wp-content\/uploads\/2023\/04\/tour_alta_via_monti_lattari.jpg","type":"","width":"","height":""}],"twitter_card":"summary_large_image","twitter_title":"Cammina con Noi Alta Via dei Monti Lattari 2024","twitter_description":"Cammina con Noi Alta Via dei Monti Lattari 2024 - From 31 May to 2 June to cross the Sorrento peninsula following the CAI 300 path","twitter_misc":{"Est. reading time":"7 minutes"},"schema":{"@context":"https:\/\/schema.org","@graph":[{"@type":"WebPage","@id":"https:\/\/www.altaviadeimontilattari.it\/en\/cammina-con-noi-iii-edition-2024\/","url":"https:\/\/www.altaviadeimontilattari.it\/en\/cammina-con-noi-iii-edition-2024\/","name":"Cammina con noi - III edition 2024 - Alta Via dei Monti Lattari","isPartOf":{"@id":"https:\/\/www.altaviadeimontilattari.it\/#website"},"primaryImageOfPage":{"@id":"https:\/\/www.altaviadeimontilattari.it\/en\/cammina-con-noi-iii-edition-2024\/#primaryimage"},"image":{"@id":"https:\/\/www.altaviadeimontilattari.it\/en\/cammina-con-noi-iii-edition-2024\/#primaryimage"},"thumbnailUrl":"https:\/\/www.altaviadeimontilattari.it\/wp-content\/uploads\/2023\/04\/tour_alta_via_monti_lattari.jpg","datePublished":"2024-04-11T06:27:53+00:00","dateModified":"2024-04-12T05:54:10+00:00","description":"Cammina con Noi Alta Via dei Monti Lattari 2024 - From 31 May to 2 June to cross the Sorrento peninsula following the CAI 300 path","breadcrumb":{"@id":"https:\/\/www.altaviadeimontilattari.it\/en\/cammina-con-noi-iii-edition-2024\/#breadcrumb"},"inLanguage":"en-US","potentialAction":[{"@type":"ReadAction","target":["https:\/\/www.altaviadeimontilattari.it\/en\/cammina-con-noi-iii-edition-2024\/"]}]},{"@type":"ImageObject","inLanguage":"en-US","@id":"https:\/\/www.altaviadeimontilattari.it\/en\/cammina-con-noi-iii-edition-2024\/#primaryimage","url":"https:\/\/www.altaviadeimontilattari.it\/wp-content\/uploads\/2023\/04\/tour_alta_via_monti_lattari.jpg","contentUrl":"https:\/\/www.altaviadeimontilattari.it\/wp-content\/uploads\/2023\/04\/tour_alta_via_monti_lattari.jpg"},{"@type":"BreadcrumbList","@id":"https:\/\/www.altaviadeimontilattari.it\/en\/cammina-con-noi-iii-edition-2024\/#breadcrumb","itemListElement":[{"@type":"ListItem","position":1,"name":"Home","item":"https:\/\/www.altaviadeimontilattari.it\/es\/"},{"@type":"ListItem","position":2,"name":"Cammina con noi &#8211; III edition 2024"}]},{"@type":"WebSite","@id":"https:\/\/www.altaviadeimontilattari.it\/#website","url":"https:\/\/www.altaviadeimontilattari.it\/","name":"Alta Via dei Monti Lattari","description":"La montagna \u00e8 un modo di vivere la vita.","publisher":{"@id":"https:\/\/www.altaviadeimontilattari.it\/#organization"},"potentialAction":[{"@type":"SearchAction","target":{"@type":"EntryPoint","urlTemplate":"https:\/\/www.altaviadeimontilattari.it\/?s={search_term_string}"},"query-input":{"@type":"PropertyValueSpecification","valueRequired":true,"valueName":"search_term_string"}}],"inLanguage":"en-US"},{"@type":"Organization","@id":"https:\/\/www.altaviadeimontilattari.it\/#organization","name":"Alta Via dei Monti Lattari","url":"https:\/\/www.altaviadeimontilattari.it\/","logo":{"@type":"ImageObject","inLanguage":"en-US","@id":"https:\/\/www.altaviadeimontilattari.it\/#\/schema\/logo\/image\/","url":"https:\/\/i0.wp.com\/www.altaviadeimontilattari.it\/wp-content\/uploads\/2020\/12\/alta_via_monyi_lattari_logo.png?fit=325%2C100&ssl=1","contentUrl":"https:\/\/i0.wp.com\/www.altaviadeimontilattari.it\/wp-content\/uploads\/2020\/12\/alta_via_monyi_lattari_logo.png?fit=325%2C100&ssl=1","width":325,"height":100,"caption":"Alta Via dei Monti Lattari"},"image":{"@id":"https:\/\/www.altaviadeimontilattari.it\/#\/schema\/logo\/image\/"}}]}},"jetpack-related-posts":[{"id":7228,"url":"https:\/\/www.altaviadeimontilattari.it\/cammina-con-noi-iii-edizione-2024\/","url_meta":{"origin":7255,"position":0},"title":"Cammina con noi &#8211; III edizione 2024","author":"Luca Casaburi","date":"April 11, 2024","format":false,"excerpt":"Chiunque pu\u00f2 camminare con noi. Parti con noi alla scoperta dell'Alta Via dei Monti Lattari! Percorriamo l'Alta Via dei Monti Lattari in versione integrale in 3 giorni seguendo l'intero sentiero 300CAI. Si parte dal Comune di Cava de' Tirreni e si raggiunge Punta Campanella, il punto pi\u00f9 estremo della Penisola\u2026","rel":"","context":"Similar post","block_context":{"text":"Similar post","link":""},"img":{"alt_text":"","src":"https:\/\/i0.wp.com\/www.altaviadeimontilattari.it\/wp-content\/uploads\/2024\/04\/iii-edizione.jpg?resize=350%2C200&ssl=1","width":350,"height":200,"srcset":"https:\/\/i0.wp.com\/www.altaviadeimontilattari.it\/wp-content\/uploads\/2024\/04\/iii-edizione.jpg?resize=350%2C200&ssl=1 1x, https:\/\/i0.wp.com\/www.altaviadeimontilattari.it\/wp-content\/uploads\/2024\/04\/iii-edizione.jpg?resize=525%2C300&ssl=1 1.5x, https:\/\/i0.wp.com\/www.altaviadeimontilattari.it\/wp-content\/uploads\/2024\/04\/iii-edizione.jpg?resize=700%2C400&ssl=1 2x"},"classes":[]},{"id":7285,"url":"https:\/\/www.altaviadeimontilattari.it\/fr\/cammina-con-noi-iii-edition-2024\/","url_meta":{"origin":7255,"position":1},"title":"Cammina con noi &#8211; III \u00e9dition 2024","author":"Luca Casaburi","date":"April 11, 2024","format":false,"excerpt":"Tout le monde peut marcher avec nous. Partez avec nous \u00e0 la d\u00e9couverte de l'Alta Via dei Monti Lattari! Nous parcourons l'Alta Via dei Monti Lattari dans son int\u00e9gralit\u00e9 pendant trois jours, en suivant tout le sentier 300CAI. Il part de la municipalit\u00e9 de Cava de' Tirreni et atteint Punta\u2026","rel":"","context":"Similar post","block_context":{"text":"Similar post","link":""},"img":{"alt_text":"","src":"https:\/\/i0.wp.com\/www.altaviadeimontilattari.it\/wp-content\/uploads\/2024\/04\/iii-edizione.jpg?resize=350%2C200&ssl=1","width":350,"height":200,"srcset":"https:\/\/i0.wp.com\/www.altaviadeimontilattari.it\/wp-content\/uploads\/2024\/04\/iii-edizione.jpg?resize=350%2C200&ssl=1 1x, https:\/\/i0.wp.com\/www.altaviadeimontilattari.it\/wp-content\/uploads\/2024\/04\/iii-edizione.jpg?resize=525%2C300&ssl=1 1.5x, https:\/\/i0.wp.com\/www.altaviadeimontilattari.it\/wp-content\/uploads\/2024\/04\/iii-edizione.jpg?resize=700%2C400&ssl=1 2x"},"classes":[]},{"id":4435,"url":"https:\/\/www.altaviadeimontilattari.it\/cammina-con-noi-giugno-2022\/","url_meta":{"origin":7255,"position":2},"title":"Cammina con noi &#8211; Giugno 2022","author":"Luca Casaburi","date":"June 9, 2022","format":false,"excerpt":"Si \u00e8 concluso il nostro viaggio sull'Alta Via dei Monti Lattari! Un viaggio stupendo tra queste meravigliose terre tra storia e natura. Un viaggio che ci ha permesso di incontrare fantastiche persone e ci ha fatto riscoprire l'ospitalit\u00e0 della nostra terra. Questo \u00e8 un viaggio ed escursione da fare, \u00e8\u2026","rel":"","context":"Similar post","block_context":{"text":"Similar post","link":""},"img":{"alt_text":"alta via dei monti lattari","src":"https:\/\/i0.wp.com\/www.altaviadeimontilattari.it\/wp-content\/uploads\/2022\/06\/km_20220602_1080p.00_00_00_00.Immagine002.jpg?fit=1200%2C675&ssl=1&resize=350%2C200","width":350,"height":200,"srcset":"https:\/\/i0.wp.com\/www.altaviadeimontilattari.it\/wp-content\/uploads\/2022\/06\/km_20220602_1080p.00_00_00_00.Immagine002.jpg?fit=1200%2C675&ssl=1&resize=350%2C200 1x, https:\/\/i0.wp.com\/www.altaviadeimontilattari.it\/wp-content\/uploads\/2022\/06\/km_20220602_1080p.00_00_00_00.Immagine002.jpg?fit=1200%2C675&ssl=1&resize=525%2C300 1.5x, https:\/\/i0.wp.com\/www.altaviadeimontilattari.it\/wp-content\/uploads\/2022\/06\/km_20220602_1080p.00_00_00_00.Immagine002.jpg?fit=1200%2C675&ssl=1&resize=700%2C400 2x, https:\/\/i0.wp.com\/www.altaviadeimontilattari.it\/wp-content\/uploads\/2022\/06\/km_20220602_1080p.00_00_00_00.Immagine002.jpg?fit=1200%2C675&ssl=1&resize=1050%2C600 3x"},"classes":[]},{"id":7291,"url":"https:\/\/www.altaviadeimontilattari.it\/es\/cammina-con-noi-iii-edicion-2024\/","url_meta":{"origin":7255,"position":3},"title":"Cammina con noi &#8211; III edici\u00f3n 2024","author":"Luca Casaburi","date":"April 11, 2024","format":false,"excerpt":"Cualquiera puede caminar con nosotros. Descubra con nosotros la Alta Via dei Monti Lattari. Recorremos la Alta Via dei Monti Lattari en su totalidad a lo largo de tres d\u00edas, siguiendo todo el camino de los 300CAI. Parte del municipio de Cava de' Tirreni y llega hasta Punta Campanella, el\u2026","rel":"","context":"Similar post","block_context":{"text":"Similar post","link":""},"img":{"alt_text":"","src":"https:\/\/i0.wp.com\/www.altaviadeimontilattari.it\/wp-content\/uploads\/2024\/04\/iii-edizione.jpg?resize=350%2C200&ssl=1","width":350,"height":200,"srcset":"https:\/\/i0.wp.com\/www.altaviadeimontilattari.it\/wp-content\/uploads\/2024\/04\/iii-edizione.jpg?resize=350%2C200&ssl=1 1x, https:\/\/i0.wp.com\/www.altaviadeimontilattari.it\/wp-content\/uploads\/2024\/04\/iii-edizione.jpg?resize=525%2C300&ssl=1 1.5x, https:\/\/i0.wp.com\/www.altaviadeimontilattari.it\/wp-content\/uploads\/2024\/04\/iii-edizione.jpg?resize=700%2C400&ssl=1 2x"},"classes":[]},{"id":7423,"url":"https:\/\/www.altaviadeimontilattari.it\/fr\/cammina-con-noi-4e-edition-2025\/","url_meta":{"origin":7255,"position":4},"title":"Cammina con noi &#8211; 4e \u00e9dition 2025","author":"Luca Casaburi","date":"April 4, 2025","format":false,"excerpt":"Tout le monde peut marcher avec nous. Partez avec nous \u00e0 la d\u00e9couverte de l'Alta Via dei Monti Lattari! Dans cette nouvelle \u00e9dition, nous parcourrons l'int\u00e9gralit\u00e9 de la Haute Route des Monts Lattari en trois jours, en suivant le pittoresque sentier 300 du CAI. Nous partirons de la commune de\u2026","rel":"","context":"Similar post","block_context":{"text":"Similar post","link":""},"img":{"alt_text":"Cammina con noi - Alta via dei monti lattari - IV edizione 2025","src":"https:\/\/i0.wp.com\/www.altaviadeimontilattari.it\/wp-content\/uploads\/2025\/04\/cammina-con-noi-alta-via-dei-monti-lattari-iv-edizione-2025.png?resize=350%2C200&ssl=1","width":350,"height":200,"srcset":"https:\/\/i0.wp.com\/www.altaviadeimontilattari.it\/wp-content\/uploads\/2025\/04\/cammina-con-noi-alta-via-dei-monti-lattari-iv-edizione-2025.png?resize=350%2C200&ssl=1 1x, https:\/\/i0.wp.com\/www.altaviadeimontilattari.it\/wp-content\/uploads\/2025\/04\/cammina-con-noi-alta-via-dei-monti-lattari-iv-edizione-2025.png?resize=525%2C300&ssl=1 1.5x, https:\/\/i0.wp.com\/www.altaviadeimontilattari.it\/wp-content\/uploads\/2025\/04\/cammina-con-noi-alta-via-dei-monti-lattari-iv-edizione-2025.png?resize=700%2C400&ssl=1 2x"},"classes":[]},{"id":7414,"url":"https:\/\/www.altaviadeimontilattari.it\/en\/cammina-con-noi-4th-edition-2025\/","url_meta":{"origin":7255,"position":5},"title":"Cammina con noi &#8211; 4th Edition 2025","author":"Luca Casaburi","date":"April 4, 2025","format":false,"excerpt":"Anyone can walk with us. Set off with us to discover theUpper Trail of the chain of Monti Lattari! In this new edition, we will hike the entire Alta Via dei Monti Lattari in three days, following the CAI's scenic 300 trail. We will leave from the town of Cava\u2026","rel":"","context":"Similar post","block_context":{"text":"Similar post","link":""},"img":{"alt_text":"Cammina con noi - Alta via dei monti lattari - IV edizione 2025","src":"https:\/\/i0.wp.com\/www.altaviadeimontilattari.it\/wp-content\/uploads\/2025\/04\/cammina-con-noi-alta-via-dei-monti-lattari-iv-edizione-2025.png?resize=350%2C200&ssl=1","width":350,"height":200,"srcset":"https:\/\/i0.wp.com\/www.altaviadeimontilattari.it\/wp-content\/uploads\/2025\/04\/cammina-con-noi-alta-via-dei-monti-lattari-iv-edizione-2025.png?resize=350%2C200&ssl=1 1x, https:\/\/i0.wp.com\/www.altaviadeimontilattari.it\/wp-content\/uploads\/2025\/04\/cammina-con-noi-alta-via-dei-monti-lattari-iv-edizione-2025.png?resize=525%2C300&ssl=1 1.5x, https:\/\/i0.wp.com\/www.altaviadeimontilattari.it\/wp-content\/uploads\/2025\/04\/cammina-con-noi-alta-via-dei-monti-lattari-iv-edizione-2025.png?resize=700%2C400&ssl=1 2x"},"classes":[]}],"jetpack_shortlink":"https:\/\/wp.me\/PcGNaV-1T1","jetpack_sharing_enabled":true,"_links":{"self":[{"href":"https:\/\/www.altaviadeimontilattari.it\/en\/wp-json\/wp\/v2\/pages\/7255","targetHints":{"allow":["GET"]}}],"collection":[{"href":"https:\/\/www.altaviadeimontilattari.it\/en\/wp-json\/wp\/v2\/pages"}],"about":[{"href":"https:\/\/www.altaviadeimontilattari.it\/en\/wp-json\/wp\/v2\/types\/page"}],"author":[{"embeddable":true,"href":"https:\/\/www.altaviadeimontilattari.it\/en\/wp-json\/wp\/v2\/users\/1"}],"replies":[{"embeddable":true,"href":"https:\/\/www.altaviadeimontilattari.it\/en\/wp-json\/wp\/v2\/comments?post=7255"}],"version-history":[{"count":4,"href":"https:\/\/www.altaviadeimontilattari.it\/en\/wp-json\/wp\/v2\/pages\/7255\/revisions"}],"predecessor-version":[{"id":7264,"href":"https:\/\/www.altaviadeimontilattari.it\/en\/wp-json\/wp\/v2\/pages\/7255\/revisions\/7264"}],"wp:attachment":[{"href":"https:\/\/www.altaviadeimontilattari.it\/en\/wp-json\/wp\/v2\/media?parent=7255"}],"curies":[{"name":"wp","href":"https:\/\/api.w.org\/{rel}","templated":true}]}}