{"id":5936,"date":"2022-05-06T17:57:30","date_gmt":"2022-05-06T17:57:30","guid":{"rendered":"https:\/\/www.altaviadeimontilattari.it\/camina-con-nosotros\/"},"modified":"2022-06-30T02:50:12","modified_gmt":"2022-06-30T02:50:12","slug":"camina-con-nosotros","status":"publish","type":"page","link":"https:\/\/www.altaviadeimontilattari.it\/es\/camina-con-nosotros\/","title":{"rendered":"Camina con nosotros"},"content":{"rendered":"\n<div id=\"wp-block-themeisle-blocks-advanced-columns-3830824e\" class=\"wp-block-themeisle-blocks-advanced-columns has-1-columns has-desktop-equal-layout has-tablet-equal-layout has-mobile-equal-layout has-vertical-unset\"><div class=\"wp-block-themeisle-blocks-advanced-columns-overlay\"><\/div><div class=\"innerblocks-wrap\">\n<div id=\"wp-block-themeisle-blocks-advanced-column-0c9f6ba5\" class=\"wp-block-themeisle-blocks-advanced-column\">\n<div class=\"wp-block-cover is-light\"><span aria-hidden=\"true\" class=\"wp-block-cover__background has-background-dim\"><\/span><img data-recalc-dims=\"1\" fetchpriority=\"high\" decoding=\"async\" width=\"1200\" height=\"674\" class=\"wp-block-cover__image-background wp-image-4274\" alt=\"Alba con vista su Monte Finestra\" src=\"https:\/\/i0.wp.com\/www.altaviadeimontilattari.it\/wp-content\/uploads\/2022\/03\/crocelle_4.jpg?resize=1200%2C674&#038;ssl=1\" data-object-fit=\"cover\" srcset=\"https:\/\/i0.wp.com\/www.altaviadeimontilattari.it\/wp-content\/uploads\/2022\/03\/crocelle_4.jpg?w=1822&amp;ssl=1 1822w, https:\/\/i0.wp.com\/www.altaviadeimontilattari.it\/wp-content\/uploads\/2022\/03\/crocelle_4.jpg?resize=300%2C169&amp;ssl=1 300w, https:\/\/i0.wp.com\/www.altaviadeimontilattari.it\/wp-content\/uploads\/2022\/03\/crocelle_4.jpg?resize=1024%2C576&amp;ssl=1 1024w, https:\/\/i0.wp.com\/www.altaviadeimontilattari.it\/wp-content\/uploads\/2022\/03\/crocelle_4.jpg?resize=768%2C432&amp;ssl=1 768w, https:\/\/i0.wp.com\/www.altaviadeimontilattari.it\/wp-content\/uploads\/2022\/03\/crocelle_4.jpg?resize=1536%2C863&amp;ssl=1 1536w\" sizes=\"(max-width: 1200px) 100vw, 1200px\" \/><div class=\"wp-block-cover__inner-container is-layout-flow wp-block-cover-is-layout-flow\">\n<h3 class=\"has-text-align-center\" style=\"color:white;\">Cualquiera puede caminar con nosotros.<\/h3>\n\n\n\n<h2 class=\"has-text-align-center\" style=\"color:white;\">Descubra con nosotros la Alta Via dei Monti Lattari.<\/h2>\n<\/div><\/div>\n<\/div>\n<\/div><\/div>\n\n<div id=\"wp-block-themeisle-blocks-advanced-columns-3cc0610e\" class=\"wp-block-themeisle-blocks-advanced-columns has-1-columns has-desktop-equal-layout has-tablet-equal-layout has-mobile-equal-layout has-vertical-unset\"><div class=\"wp-block-themeisle-blocks-advanced-columns-overlay\"><\/div><div class=\"innerblocks-wrap\">\n<div id=\"wp-block-themeisle-blocks-advanced-column-72f76e22\" class=\"wp-block-themeisle-blocks-advanced-column\">\n<section id=\"wp-block-themeisle-blocks-advanced-columns-dab9e0bf\" class=\"wp-block-themeisle-blocks-advanced-columns alignfull has-1-columns has-desktop-equal-layout has-tablet-equal-layout has-mobile-equal-layout has-vertical-flex-start\"><div class=\"wp-block-themeisle-blocks-advanced-columns-overlay\"><\/div><div class=\"innerblocks-wrap\">\n<div id=\"wp-block-themeisle-blocks-advanced-column-9df22226\" class=\"wp-block-themeisle-blocks-advanced-column\">\n<section id=\"wp-block-themeisle-blocks-advanced-columns-25c95699\" class=\"wp-block-themeisle-blocks-advanced-columns has-1-columns has-desktop-equal-layout has-tablet-equal-layout has-mobile-equal-layout has-vertical-flex-start\"><div class=\"wp-block-themeisle-blocks-advanced-columns-overlay\"><\/div><div class=\"innerblocks-wrap\">\n<div id=\"wp-block-themeisle-blocks-advanced-column-d4d9a4f8\" class=\"wp-block-themeisle-blocks-advanced-column\">\n<div id=\"wp-block-themeisle-blocks-advanced-heading-b8d1b344\" class=\"wp-block-themeisle-blocks-advanced-heading wp-block-themeisle-blocks-advanced-heading-b8d1b344\"><strong>Camina con nosotros<\/strong><\/div>\n\n\n\n<h2 class=\"has-text-align-center wp-block-heading\">Del 2 al 4 de junio de 2022<\/h2>\n\n\n\n<hr class=\"wp-block-separator has-text-color has-black-color has-css-opacity has-black-background-color has-background\"\/>\n\n\n\n<p class=\"has-text-align-center\"><strong>Recorremos la Alta Via dei Monti Lattari en su totalidad a lo largo de tres d\u00edas<\/strong>, siguiendo todo el camino de <strong>los 300CAI<\/strong>. Parte del municipio de Cava de&#8217; Tirreni y llega hasta Punta Campanella, el punto m\u00e1s alejado de la pen\u00ednsula sorrentina en el municipio de Massa Lubrense, pasando por Vietri sul Mare, Cetara, Maiori, Tramonti, Ravello, Scala, Agerola, Positano, Vico Equense, Piano di Sorrento y Sorrento.<\/p>\n\n\n\n<p class=\"has-text-align-center\"><strong>El objetivo de nuestro evento es recorrer estos lugares y relatar y documentar el viaje desde los ojos del excursionista que se enfrenta a esta aventura.<\/strong> Todas las experiencias y v\u00eddeos recogidos servir\u00e1n para <strong>hacer un documental del viaje de todos nosotros<\/strong> y de los que se unan a nosotros.<\/p>\n\n\n\n<p class=\"has-text-align-center\"><strong>Cualquiera puede unirse y caminar con nosotros por el sendero libremente, recorriendo juntos toda la ruta o s\u00f3lo una etapa para compartir experiencias y pasiones.<\/strong> <\/p>\n\n\n\n<p class=\"has-text-align-center\">En el camino, se <strong>tocar\u00e1n muchos puntos de inter\u00e9s de alto valor hist\u00f3rico y cultural<\/strong>, llenos de tradici\u00f3n y arte. Todo ello acompa\u00f1ado de las extraordinarias vistas de la <strong>Divina Costa de Amalfi y la Pen\u00ednsula de Sorrento<\/strong>, un para\u00edso de verdadero esplendor rico en mitos y leyendas, tambi\u00e9n narrado por los grandes poetas, escritores y artistas de cada \u00e9poca.<\/p>\n\n\n\n<p class=\"has-text-align-center\"><strong>Si quieres participar, ponte en contacto con nosotros indicando cu\u00e1ntos sois y si quer\u00e9is hacer toda<\/strong> la marcha juntos o s\u00f3lo algunas de las etapas, esto nos permite organizarnos en el punto de partida y empezar las etapas juntos.<\/p>\n\n\n\n<p class=\"has-text-align-center\">Para m\u00e1s detalles sobre el evento o la organizaci\u00f3n <a href=\"https:\/\/www.altaviadeimontilattari.it\/es\/contacto-con-nosotros\/\">\n  <strong>contacto con nosotros<\/strong>\n<\/a>.<\/p>\n<\/div>\n<\/div><\/section>\n\n\n\n<h2 class=\"has-text-align-center wp-block-heading\">Programa \/ Calendario  <\/h2>\n\n\n\n<hr class=\"wp-block-separator has-text-color has-neve-link-color-color has-css-opacity has-neve-link-color-background-color has-background\"\/>\n\n\n\n<section id=\"wp-block-themeisle-blocks-advanced-columns-c35e1bf3\" class=\"wp-block-themeisle-blocks-advanced-columns alignfull has-3-columns has-desktop-equal-layout has-tablet-equal-layout has-mobile-collapsedRows-layout has-vertical-flex-start\"><div class=\"wp-block-themeisle-blocks-advanced-columns-overlay\"><\/div><div class=\"innerblocks-wrap\">\n<div id=\"wp-block-themeisle-blocks-advanced-column-7002fb8f\" class=\"wp-block-themeisle-blocks-advanced-column\">\n<figure class=\"wp-block-image size-large\"><img data-recalc-dims=\"1\" decoding=\"async\" width=\"1024\" height=\"1025\" src=\"https:\/\/i0.wp.com\/www.altaviadeimontilattari.it\/wp-content\/uploads\/2022\/05\/monte_finestra_sud-edited.jpg?resize=1024%2C1025&#038;ssl=1\" alt=\"\" class=\"wp-image-4316\" srcset=\"https:\/\/i0.wp.com\/www.altaviadeimontilattari.it\/wp-content\/uploads\/2022\/05\/monte_finestra_sud-edited.jpg?w=1024&amp;ssl=1 1024w, https:\/\/i0.wp.com\/www.altaviadeimontilattari.it\/wp-content\/uploads\/2022\/05\/monte_finestra_sud-edited.jpg?resize=300%2C300&amp;ssl=1 300w, https:\/\/i0.wp.com\/www.altaviadeimontilattari.it\/wp-content\/uploads\/2022\/05\/monte_finestra_sud-edited.jpg?resize=150%2C150&amp;ssl=1 150w, https:\/\/i0.wp.com\/www.altaviadeimontilattari.it\/wp-content\/uploads\/2022\/05\/monte_finestra_sud-edited.jpg?resize=768%2C769&amp;ssl=1 768w\" sizes=\"(max-width: 1024px) 100vw, 1024px\" \/><figcaption>Monte Finestra Cumbre Sur<\/figcaption><\/figure>\n\n\n<h3 class=\"has-text-align-left wp-block-heading\">Fase 1 &#8211; 2 de junio de 2022<\/h3>\n\n\n\n<p class=\"has-text-align-left\"><strong>Salida<\/strong>: Abad\u00eda benedictina de Cava De&#8217; Tirreni<br\/><strong>Destino<\/strong>: Valico di Chiunzi<br\/><strong>Distancia<\/strong>: 23km<br\/><strong>Hora de salida<\/strong>: 7:30 a.m.<\/p>\n<\/div>\n\n\n\n<div id=\"wp-block-themeisle-blocks-advanced-column-3e5aec1f\" class=\"wp-block-themeisle-blocks-advanced-column\">\n<figure class=\"wp-block-image size-full\"><img data-recalc-dims=\"1\" decoding=\"async\" width=\"767\" height=\"768\" src=\"https:\/\/i0.wp.com\/www.altaviadeimontilattari.it\/wp-content\/uploads\/2022\/05\/monte_molare_panorama-edited.jpg?resize=767%2C768&#038;ssl=1\" alt=\"Cruz de la Conocchia\" class=\"wp-image-4317\" srcset=\"https:\/\/i0.wp.com\/www.altaviadeimontilattari.it\/wp-content\/uploads\/2022\/05\/monte_molare_panorama-edited.jpg?w=767&amp;ssl=1 767w, https:\/\/i0.wp.com\/www.altaviadeimontilattari.it\/wp-content\/uploads\/2022\/05\/monte_molare_panorama-edited.jpg?resize=300%2C300&amp;ssl=1 300w, https:\/\/i0.wp.com\/www.altaviadeimontilattari.it\/wp-content\/uploads\/2022\/05\/monte_molare_panorama-edited.jpg?resize=150%2C150&amp;ssl=1 150w\" sizes=\"(max-width: 767px) 100vw, 767px\" \/><figcaption>Cruz de la Conocchia<\/figcaption><\/figure>\n\n\n<h3 class=\"has-text-align-left wp-block-heading\">Fase 2 &#8211; 3 de junio de 2022<\/h3>\n\n\n\n<p class=\"has-text-align-left\"><strong>Salida:<\/strong> Valico di Chiunzi<br\/><strong>Destino:<\/strong> Santa Maria del Castello<br\/><strong>Distancia:<\/strong> 25km<br\/><strong>Hora de salida:<\/strong> 6:00 a.m.<\/p>\n<\/div>\n\n\n\n<div id=\"wp-block-themeisle-blocks-advanced-column-be60fbba\" class=\"wp-block-themeisle-blocks-advanced-column\">\n<figure class=\"wp-block-image size-full\"><img data-recalc-dims=\"1\" loading=\"lazy\" decoding=\"async\" width=\"767\" height=\"768\" src=\"https:\/\/i0.wp.com\/www.altaviadeimontilattari.it\/wp-content\/uploads\/2022\/05\/penisola_sorrentina_punta_campanella-edited.jpg?resize=767%2C768&#038;ssl=1\" alt=\"\" class=\"wp-image-4318\" srcset=\"https:\/\/i0.wp.com\/www.altaviadeimontilattari.it\/wp-content\/uploads\/2022\/05\/penisola_sorrentina_punta_campanella-edited.jpg?w=767&amp;ssl=1 767w, https:\/\/i0.wp.com\/www.altaviadeimontilattari.it\/wp-content\/uploads\/2022\/05\/penisola_sorrentina_punta_campanella-edited.jpg?resize=300%2C300&amp;ssl=1 300w, https:\/\/i0.wp.com\/www.altaviadeimontilattari.it\/wp-content\/uploads\/2022\/05\/penisola_sorrentina_punta_campanella-edited.jpg?resize=150%2C150&amp;ssl=1 150w\" sizes=\"(max-width: 767px) 100vw, 767px\" \/><figcaption>Punta Campanella y Capri<\/figcaption><\/figure>\n\n\n<h3 class=\"has-text-align-left wp-block-heading\">Fase 3 &#8211; 4 de junio de 2022<\/h3>\n\n\n\n<p class=\"has-text-align-left\"><strong>Salida: <\/strong>Santa Maria al Castello<br\/><strong>Destino:<\/strong> Punta Campanella<br\/><strong>Distancia:<\/strong> 24km<br\/><strong>Hora de salida:<\/strong> 7:30 a.m.<\/p>\n<\/div>\n<\/div><\/section>\n<\/div>\n<\/div><\/section>\n<\/div>\n<\/div><\/div>\n\n<div class=\"wp-block-columns is-layout-flex wp-container-core-columns-is-layout-9d6595d7 wp-block-columns-is-layout-flex\">\n<div class=\"wp-block-column is-vertically-aligned-center is-layout-flow wp-block-column-is-layout-flow\" style=\"flex-basis:66.66%\">\n<h3 class=\"alignwide has-text-align-center wp-block-heading\">Un breve resumen de nuestro viaje con v\u00eddeos cortos<\/h3>\n<\/div>\n\n\n\n<div class=\"wp-block-column is-layout-flow wp-block-column-is-layout-flow\" style=\"flex-basis:33.33%\">\n<div class=\"wp-block-buttons alignwide is-layout-flex wp-block-buttons-is-layout-flex\">\n<div class=\"wp-block-button aligncenter is-style-secondary\"><a class=\"wp-block-button__link has-vivid-cyan-blue-to-vivid-purple-gradient-background has-background\" href=\"https:\/\/www.altaviadeimontilattari.it\/es\/camina-con-nosotros-junio-2022\/\" target=\"_blank\" rel=\"noreferrer noopener\">NUESTRO VIAJE EN RESUMEN<\/a><\/div>\n<\/div>\n<\/div>\n<\/div>\n\n<div class=\"wp-block-columns is-layout-flex wp-container-core-columns-is-layout-9d6595d7 wp-block-columns-is-layout-flex\">\n<div class=\"wp-block-column is-vertically-aligned-center is-layout-flow wp-block-column-is-layout-flow\" style=\"flex-basis:66.66%\">\n<h3 class=\"alignwide has-text-align-center wp-block-heading\">Construye la nube de emociones de esta experiencia con nosotros<\/h3>\n<\/div>\n\n\n\n<div class=\"wp-block-column is-layout-flow wp-block-column-is-layout-flow\" style=\"flex-basis:33.33%\">\n<div class=\"wp-block-buttons alignwide is-layout-flex wp-block-buttons-is-layout-flex\">\n<div class=\"wp-block-button aligncenter is-style-secondary\"><a class=\"wp-block-button__link has-vivid-cyan-blue-to-vivid-purple-gradient-background has-background\" href=\"https:\/\/www.altaviadeimontilattari.it\/es\/las-emociones-paso-a-paso\/\" target=\"_blank\" rel=\"noreferrer noopener\">Las emociones paso a paso<\/a><\/div>\n<\/div>\n<\/div>\n<\/div>\n\n<div id=\"wp-block-themeisle-blocks-accordion-999b292b\" class=\"wp-block-themeisle-blocks-accordion\">\n<details class=\"wp-block-themeisle-blocks-accordion-item\"><summary class=\"wp-block-themeisle-blocks-accordion-item__title\"><div>Cosa portare nello zaino?<\/div><\/summary><div class=\"wp-block-themeisle-blocks-accordion-item__content\">\n<p>En este <strong><a href=\"https:\/\/www.altaviadeimontilattari.it\/es\/que-llevar-material-recomendado\/\">enlace<\/a> <\/strong>encontrar\u00e1 una lista de equipos t\u00e9cnicos recomendados.<\/p>\n\n\n\n<p>Cada participante es plenamente responsable de la elecci\u00f3n de su equipo, quedando entendido que algunos accesorios siguen siendo indispensables.<\/p>\n<\/div><\/details>\n<\/div>\n\n<div id=\"wp-block-themeisle-blocks-accordion-d81f382e\" class=\"wp-block-themeisle-blocks-accordion\">\n<details class=\"wp-block-themeisle-blocks-accordion-item\"><summary class=\"wp-block-themeisle-blocks-accordion-item__title\"><div>Dove dormire e come organizzarsi?<\/div><\/summary><div class=\"wp-block-themeisle-blocks-accordion-item__content\">\n<p>Cada participante tiene que organizar su propio alojamiento poni\u00e9ndose en contacto con las instalaciones de alojamiento en persona.  <\/p>\n\n\n\n<p>Si decide participar en una carpa, puede ponerse en contacto con nosotros para obtener informaci\u00f3n sobre d\u00f3nde acampar al final de la etapa.<\/p>\n\n\n\n<ul class=\"wp-block-list\"><li>El <strong>punto de encuentro en la primera etapa de la ruta es la abad\u00eda benedictina de Cava de&#8217; Tirreni<\/strong>. S\u00f3lo se puede llegar en coche desde el centro de Cava de&#8217; Tirreni el 2 de junio, ya que los autobuses de los d\u00edas festivos salen demasiado tarde. Si no, es posible pasar la noche en la aldea de Corpo di Cava en uno de los muchos B&amp;B disponibles.<br\/>Si se aloja en el centro de Cava, puede hacerlo en el establecimiento que prefiera.<\/li><\/ul>\n\n\n<ul class=\"wp-block-list\"><li> <strong> <em>Al<\/em><\/strong> <strong>final de la primera etapa, recomendamos alojarse<\/strong> <strong>en <em>&#8216;Al valico&#8217;<\/em><\/strong> <strong> en Valico di Chiunzi, Tramonti <\/strong>, donde tambi\u00e9n descansaremos.<br\/>Contacto:<br\/>P\u00e1gina web: <a href=\"http:\/\/www.alvalico.it\/site\/\" target=\"_blank\" rel=\"noreferrer noopener\">http:\/\/www.alvalico.it\/site\/<\/a><br\/>FB: <a href=\"https:\/\/www.facebook.com\/alvalicorelax\" target=\"_blank\" rel=\"noreferrer noopener\">https:\/\/www.facebook.com\/alvalicorelax<\/a><\/li><li>Al final de <strong>la segunda etapa, recomendamos alojarse en <em>&#8216;La Sorgente del Melo&#8217;<\/em><\/strong> en Santa Maria del Castello. Aqu\u00ed tambi\u00e9n nos detendremos para cenar y pasar la noche.<br\/>Contacto:<br\/>P\u00e1gina web: <a href=\"http:\/\/www.lasorgentedelmelo.it\/it\/\" target=\"_blank\" rel=\"noreferrer noopener\">http:\/\/www.lasorgentedelmelo.it\/it\/<\/a><br\/>FB: <a href=\"https:\/\/www.facebook.com\/Agriturismo-La-Sorgente-del-Melo-220677194617140\/\" target=\"_blank\" rel=\"noreferrer noopener\">https:\/\/www.facebook.com\/Agriturismo-La-Sorgente-del-Melo-220677194617140\/<\/a><br\/>Tel: +39 081-8023701<\/li><li><strong>La hora de finalizaci\u00f3n de la tercera etapa en Termini es a \u00faltima hora de la tarde\/noche.<\/strong>  Si no dispone de coche, deber\u00e1 organizar su regreso en transporte p\u00fablico por la tarde o al d\u00eda siguiente, el domingo 5 de junio. Aqu\u00ed tiene los horarios del autob\u00fas<a href=\"https:\/\/www.sitasudtrasporti.it\/archivio\/Download\/corse\/sitasud\/Campania\/Salerno\/170ba1ad-99d0-4f3f-a360-e09f36200a54_5070_11_04_2022.pdf\/0\" target=\"_blank\" rel=\"noreferrer noopener\">5071<\/a> para el tramo Termini &#8211; Sorrento<a href=\"https:\/\/www.sitasudtrasporti.it\/archivio\/Download\/corse\/sitasud\/Campania\/Salerno\/170ba1ad-99d0-4f3f-a360-e09f36200a54_5070_11_04_2022.pdf\/0\" target=\"_blank\" rel=\"noreferrer noopener\">(Horario l\u00ednea 5071<\/a>), luego desde Sorrento puede llegar a su destino desde la estaci\u00f3n de tren.<br\/>Si decide pasar la noche, puede alojarse en las instalaciones de Termini que prefiera.<br\/>Orari linea 5071: https:\/\/www.sitasudtrasporti.it\/archivio\/Download\/corse\/sitasud\/Campania\/Salerno\/170ba1ad-99d0-4f3f-a360-e09f36200a54_5070_11_04_2022.pdf\/0<\/li><\/ul>\n\n\n<h4 class=\"wp-block-heading\">Cuando se ponga en contacto con los establecimientos recomendados, mencione que participa en el evento <em>\u00abCamina con nosotros <\/em>\u00bb de altaviadeimontilattari.it.<\/h4>\n<\/div><\/details>\n<\/div>\n\n<div id=\"wp-block-themeisle-blocks-accordion-d693441e\" class=\"wp-block-themeisle-blocks-accordion\">\n<details class=\"wp-block-themeisle-blocks-accordion-item\"><summary class=\"wp-block-themeisle-blocks-accordion-item__title\"><div>Preparazione al viaggio<\/div><\/summary><div class=\"wp-block-themeisle-blocks-accordion-item__content\">\n<p>La participaci\u00f3n en el viaje implica<strong>asumir la plena responsabilidad personal<\/strong> y requiere una total autonom\u00eda.<\/p>\n\n\n\n<p>Organice su paseo de la mejor manera posible:<\/p>\n\n\n\n<ul class=\"wp-block-list\"><li>consultar los mapas de los lugares por los que pasaremos, para llegar preparados;<\/li><li>pregunte a la secci\u00f3n correspondiente del CAI sobre la dificultad de la ruta, con el fin de evaluar su idoneidad para la misma;<\/li><li>informado sobre el tiempo;<\/li><li>llevar la mochila como \u00fanico equipaje y llevar todo el equipo necesario;<\/li><li>reservar su propia cama en las caba\u00f1as\/hostales\/B&amp;B de las etapas;<\/li><li>planifica tus viajes de manera que puedas desplazarte de forma aut\u00f3noma a\/desde los lugares de la etapa.<\/li><\/ul>\n\n\n<p><strong>\u00a1Recuerda!<\/strong>  Los senderos de monta\u00f1a (que no son caminos de peregrinaci\u00f3n) requieren una preparaci\u00f3n f\u00edsica adecuada y experiencia.<\/p>\n\n\n\n<p>Se desaconseja encarecidamente la participaci\u00f3n a quienes sufran mareos y problemas card\u00edacos y\/o respiratorios.<\/p>\n<\/div><\/details>\n<\/div>\n\n<div id=\"wp-block-themeisle-blocks-accordion-735f167c\" class=\"wp-block-themeisle-blocks-accordion\">\n<details class=\"wp-block-themeisle-blocks-accordion-item\"><summary class=\"wp-block-themeisle-blocks-accordion-item__title\"><div>Termini di partecipazione<\/div><\/summary><div class=\"wp-block-themeisle-blocks-accordion-item__content\">\n<p>Participaci\u00f3n en las expediciones de <em>\n  <strong>altaviadeimontilattari.it<\/strong>\n<\/em> es <strong>completamente voluntaria<\/strong>.<\/p>\n\n\n\n<p>NO somos un operador tur\u00edstico, sino un proyecto sin \u00e1nimo de lucro dirigido por j\u00f3venes voluntarios.<\/p>\n\n\n\n<p>Por lo tanto, la participaci\u00f3n en el viaje implica la asunci\u00f3n de una responsabilidad personal plena y requiere una autonom\u00eda total. Los menores deben ir acompa\u00f1ados y est\u00e1n bajo la total responsabilidad de sus padres o tutores.<\/p>\n\n\n\n<p><\/p>\n\n\n\n<p><strong>El personal de <em>altaviadeimontilattari.co.uk<\/em> no es responsable de la organizaci\u00f3n del viaje ni de los accidentes de los participantes.<\/strong><\/p>\n\n\n\n<p><\/p>\n\n\n\n<p>Por lo tanto, el participante DECLARA:<\/p>\n\n\n\n<ul class=\"has-small-font-size wp-block-list\"><li>ser consciente de que <em>altaviadeimontilattari.<\/em>co.uk no proporciona ning\u00fan servicio y\/o beneficio a aquellos que decidan caminar con el equipo de <em>altaviadeimontilattari.<\/em>co.uk;<\/li><li>estar en una condici\u00f3n psicof\u00edsica adecuada para la actividad deportiva no competitiva, y haberse informado del grado de dificultad de los senderos por los que caminar\u00e1 con el equipo de <em>altaviadeimontilattari.it<\/em>;<\/li><li>ser consciente de los riesgos asociados a la pr\u00e1ctica de la actividad deportiva no competitiva realizada durante la participaci\u00f3n en la expedici\u00f3n <em>de altaviadeimontilattari.it<\/em>, aunque \u00e9sta no pueda considerarse una actividad potencialmente peligrosa;<\/li><li>asumir desde ahora toda la responsabilidad con respecto a la propia persona, por los da\u00f1os personales y\/o los da\u00f1os causados a otros (y\/o a la propiedad) como consecuencia de una conducta propia no conforme a la ley y\/o a la diligencia y\/o al sentido com\u00fan y a la prudencia;<\/li><li>para aliviar al personal  <em>altaviadeimontilattari.it<\/em>, sus colaboradores y\/o empleados, as\u00ed como los eventuales cesionarios, de la responsabilidad por todos los da\u00f1os (incluso causados por terceros) que puedan ser causados a su persona con motivo y\/o debido a la  <em>altaviadeimontilattari.it<\/em>, especificando expresamente en el mismo que dicha indemnizaci\u00f3n se aplicar\u00e1 tambi\u00e9n a sus herederos y\/o cesionarios;<\/li><li>haber le\u00eddo y valorado detenidamente el contenido de este documento y haber comprendido claramente el significado de cada punto antes de firmarlo;<\/li><li>que comprende y est\u00e1 de acuerdo con los prop\u00f3sitos de las normas de precauci\u00f3n establecidas para su seguridad y que no respetarlas puede ponerle a \u00e9l y a sus compa\u00f1eros en una situaci\u00f3n de peligro.<\/li><\/ul><\/div><\/details>\n<\/div>\n\n<div class=\"wp-block-columns is-layout-flex wp-container-core-columns-is-layout-9d6595d7 wp-block-columns-is-layout-flex\">\n<div class=\"wp-block-column is-layout-flow wp-block-column-is-layout-flow\"><div class=\"wp-block-image\">\n<figure class=\"aligncenter size-full is-resized\"><img data-recalc-dims=\"1\" loading=\"lazy\" decoding=\"async\" src=\"https:\/\/i0.wp.com\/www.altaviadeimontilattari.it\/wp-content\/uploads\/2022\/05\/maps-icon-png-25-1.png?resize=157%2C157&#038;ssl=1\" alt=\"\" class=\"wp-image-4347\" width=\"157\" height=\"157\" srcset=\"https:\/\/i0.wp.com\/www.altaviadeimontilattari.it\/wp-content\/uploads\/2022\/05\/maps-icon-png-25-1.png?w=512&amp;ssl=1 512w, https:\/\/i0.wp.com\/www.altaviadeimontilattari.it\/wp-content\/uploads\/2022\/05\/maps-icon-png-25-1.png?resize=300%2C300&amp;ssl=1 300w, https:\/\/i0.wp.com\/www.altaviadeimontilattari.it\/wp-content\/uploads\/2022\/05\/maps-icon-png-25-1.png?resize=150%2C150&amp;ssl=1 150w\" sizes=\"(max-width: 157px) 100vw, 157px\" \/><\/figure><\/div>\n\n\n<p class=\"has-text-align-center\">Prep\u00e1rate y descarga el track de la ruta en formato GPX<\/p>\n\n\n\n<div class=\"wp-block-buttons is-content-justification-center is-layout-flex wp-container-core-buttons-is-layout-16018d1d wp-block-buttons-is-layout-flex\">\n<div class=\"wp-block-button is-style-primary\"><a class=\"wp-block-button__link\" href=\"https:\/\/www.altaviadeimontilattari.it\/es\/el-camino-300-cai\/\">Mapa de la ruta<\/a><\/div>\n<\/div>\n<\/div>\n\n\n\n<div class=\"wp-block-column is-layout-flow wp-block-column-is-layout-flow\"><div class=\"wp-block-image\">\n<figure class=\"aligncenter size-full is-resized\"><img data-recalc-dims=\"1\" loading=\"lazy\" decoding=\"async\" src=\"https:\/\/i0.wp.com\/www.altaviadeimontilattari.it\/wp-content\/uploads\/2022\/05\/IMG-20220127-WA0017_preview_rev_1.png?resize=157%2C157&#038;ssl=1\" alt=\"\" class=\"wp-image-4349\" width=\"157\" height=\"157\" srcset=\"https:\/\/i0.wp.com\/www.altaviadeimontilattari.it\/wp-content\/uploads\/2022\/05\/IMG-20220127-WA0017_preview_rev_1.png?w=180&amp;ssl=1 180w, https:\/\/i0.wp.com\/www.altaviadeimontilattari.it\/wp-content\/uploads\/2022\/05\/IMG-20220127-WA0017_preview_rev_1.png?resize=150%2C150&amp;ssl=1 150w\" sizes=\"(max-width: 157px) 100vw, 157px\" \/><\/figure><\/div>\n\n\n<p class=\"has-text-align-center\">Descubre con nosotros las etapas que recorreremos<\/p>\n\n\n\n<div class=\"wp-block-buttons is-content-justification-center is-layout-flex wp-container-core-buttons-is-layout-16018d1d wp-block-buttons-is-layout-flex\">\n<div class=\"wp-block-button is-style-primary\"><a class=\"wp-block-button__link\" href=\"https:\/\/www.altaviadeimontilattari.it\/es\/tour-dellalta-via-dei-monti-lattari\/\">PUNTOS DE INTER\u00c9S<\/a><\/div>\n<\/div>\n<\/div>\n\n\n\n<div class=\"wp-block-column is-layout-flow wp-block-column-is-layout-flow\"><div class=\"wp-block-image\">\n<figure class=\"aligncenter size-full is-resized\"><img data-recalc-dims=\"1\" loading=\"lazy\" decoding=\"async\" src=\"https:\/\/i0.wp.com\/www.altaviadeimontilattari.it\/wp-content\/uploads\/2022\/05\/Pagina_Contatti.png?resize=180%2C156&#038;ssl=1\" alt=\"\" class=\"wp-image-4351\" width=\"180\" height=\"156\" srcset=\"https:\/\/i0.wp.com\/www.altaviadeimontilattari.it\/wp-content\/uploads\/2022\/05\/Pagina_Contatti.png?w=709&amp;ssl=1 709w, https:\/\/i0.wp.com\/www.altaviadeimontilattari.it\/wp-content\/uploads\/2022\/05\/Pagina_Contatti.png?resize=300%2C260&amp;ssl=1 300w\" sizes=\"(max-width: 180px) 100vw, 180px\" \/><\/figure><\/div>\n\n\n<p class=\"has-text-align-center\">P\u00f3ngase en contacto con nosotros para obtener informaci\u00f3n sobre el programa y su organizaci\u00f3n<\/p>\n\n\n\n<div class=\"wp-block-buttons is-content-justification-center is-layout-flex wp-container-core-buttons-is-layout-16018d1d wp-block-buttons-is-layout-flex\">\n<div class=\"wp-block-button is-style-primary\"><a class=\"wp-block-button__link\" href=\"https:\/\/www.altaviadeimontilattari.it\/es\/contacto-con-nosotros\/\">CONTACTE CON NOSOTROS PARA OBTENER INFORMACI\u00d3N<\/a><\/div>\n<\/div>\n<\/div>\n<\/div>\n\n<hr class=\"wp-block-separator has-css-opacity\"\/>\n\n<div class=\"wp-block-columns ticss-05ef9120 is-layout-flex wp-container-core-columns-is-layout-9d6595d7 wp-block-columns-is-layout-flex\">\n<div class=\"wp-block-column is-layout-flow wp-block-column-is-layout-flow\" style=\"flex-basis:33.33%\"><div class=\"wp-block-image\">\n<figure class=\"aligncenter size-full\"><img data-recalc-dims=\"1\" loading=\"lazy\" decoding=\"async\" width=\"220\" height=\"220\" src=\"https:\/\/i0.wp.com\/www.altaviadeimontilattari.it\/wp-content\/uploads\/2022\/05\/WhatsApp-Image-2022-05-10-at-16.35.06-1.jpeg?resize=220%2C220&#038;ssl=1\" alt=\"\" class=\"wp-image-4383\" srcset=\"https:\/\/i0.wp.com\/www.altaviadeimontilattari.it\/wp-content\/uploads\/2022\/05\/WhatsApp-Image-2022-05-10-at-16.35.06-1.jpeg?w=220&amp;ssl=1 220w, https:\/\/i0.wp.com\/www.altaviadeimontilattari.it\/wp-content\/uploads\/2022\/05\/WhatsApp-Image-2022-05-10-at-16.35.06-1.jpeg?resize=150%2C150&amp;ssl=1 150w\" sizes=\"(max-width: 220px) 100vw, 220px\" \/><\/figure><\/div><\/div>\n\n\n\n<div class=\"wp-block-column is-layout-flow wp-block-column-is-layout-flow\" style=\"flex-basis:66.66%\">\n<h3 class=\"wp-block-heading\">La seguridad es lo primero.<\/h3>\n\n\n\n<p>A lo largo de la traves\u00eda estaremos atentos a <a href=\"https:\/\/www.reteradiomontana.it\/\" target=\"_blank\" rel=\"noreferrer noopener\">\n  <strong>Red de Radio de Montana<\/strong>\n<\/a>.<\/p>\n\n\n\n<p>Designaci\u00f3n <strong>OSCAR 115<\/strong><\/p>\n<\/div>\n<\/div>\n<div style=\"margin: 20px 0;\"><div class=\"qrcswholewtapper\" style=\"text-align:left;\"><div class=\"qrcprowrapper\"  id=\"qrcwraa2leds\"><div class=\"qrc_canvass\" id=\"qrc_cuttenpages_2\" style=\"display:inline-block\" data-text=\"https:\/\/www.altaviadeimontilattari.it\/es\/camina-con-nosotros\/\"><\/div><div><a download=\"Camina con nosotros.png\" class=\"qrcdownloads\" id=\"worign\">\r\n           <button type=\"button\" style=\"min-width:200px;background:#81ea00;color:#000;font-weight: 600;border: 1px solid #dddddd;border-radius:4px;font-size:12px;padding: 6px 0;\" class=\"uqr_code_btn\">Download QR<\/button>\r\n           <\/a><\/div><\/div><\/div><\/div>","protected":false},"excerpt":{"rendered":"<p>Un breve resumen de nuestro viaje con v\u00eddeos cortos Construye la nube de emociones de esta experiencia con nosotros Prep\u00e1rate y descarga el track de la ruta en formato GPX Descubre con nosotros las etapas que recorreremos P\u00f3ngase en contacto con nosotros para obtener informaci\u00f3n sobre el programa y su organizaci\u00f3n La seguridad es lo&hellip;&nbsp;<a href=\"https:\/\/www.altaviadeimontilattari.it\/es\/camina-con-nosotros\/\" rel=\"bookmark\">Read More &raquo;<span class=\"screen-reader-text\">Camina con nosotros<\/span><\/a><\/p>\n","protected":false},"author":1,"featured_media":0,"parent":0,"menu_order":0,"comment_status":"closed","ping_status":"closed","template":"","meta":{"neve_meta_sidebar":"full-width","neve_meta_container":"","neve_meta_enable_content_width":"on","neve_meta_content_width":100,"neve_meta_title_alignment":"","neve_meta_author_avatar":"","neve_post_elements_order":"","neve_meta_disable_header":"","neve_meta_disable_footer":"","neve_meta_disable_title":"","neve_meta_reading_time":"","_themeisle_gutenberg_block_has_review":false,"jetpack_post_was_ever_published":false,"footnotes":""},"class_list":["post-5936","page","type-page","status-publish","hentry"],"yoast_head":"<!-- This site is optimized with the Yoast SEO plugin v27.4 - https:\/\/yoast.com\/product\/yoast-seo-wordpress\/ -->\n<title>Camina con nosotros - Alta Via dei Monti Lattari<\/title>\n<meta name=\"robots\" content=\"index, follow, max-snippet:-1, max-image-preview:large, max-video-preview:-1\" \/>\n<link rel=\"canonical\" href=\"https:\/\/www.altaviadeimontilattari.it\/es\/camina-con-nosotros\/\" \/>\n<meta property=\"og:locale\" content=\"es_ES\" \/>\n<meta property=\"og:type\" content=\"article\" \/>\n<meta property=\"og:title\" content=\"Camina con nosotros - Alta Via dei Monti Lattari\" \/>\n<meta property=\"og:description\" content=\"Un breve resumen de nuestro viaje con v\u00eddeos cortos Construye la nube de emociones de esta experiencia con nosotros Prep\u00e1rate y descarga el track de la ruta en formato GPX Descubre con nosotros las etapas que recorreremos P\u00f3ngase en contacto con nosotros para obtener informaci\u00f3n sobre el programa y su organizaci\u00f3n La seguridad es lo&hellip;&nbsp;Read More &raquo;Camina con nosotros\" \/>\n<meta property=\"og:url\" content=\"https:\/\/www.altaviadeimontilattari.it\/es\/camina-con-nosotros\/\" \/>\n<meta property=\"og:site_name\" content=\"Alta Via dei Monti Lattari\" \/>\n<meta property=\"article:modified_time\" content=\"2022-06-30T02:50:12+00:00\" \/>\n<meta property=\"og:image\" content=\"https:\/\/www.altaviadeimontilattari.it\/wp-content\/uploads\/2022\/03\/crocelle_4.jpg\" \/>\n<meta name=\"twitter:card\" content=\"summary_large_image\" \/>\n<meta name=\"twitter:label1\" content=\"Tiempo de lectura\" \/>\n\t<meta name=\"twitter:data1\" content=\"7 minutos\" \/>\n<script type=\"application\/ld+json\" class=\"yoast-schema-graph\">{\"@context\":\"https:\\\/\\\/schema.org\",\"@graph\":[{\"@type\":\"WebPage\",\"@id\":\"https:\\\/\\\/www.altaviadeimontilattari.it\\\/es\\\/camina-con-nosotros\\\/\",\"url\":\"https:\\\/\\\/www.altaviadeimontilattari.it\\\/es\\\/camina-con-nosotros\\\/\",\"name\":\"Camina con nosotros - Alta Via dei Monti Lattari\",\"isPartOf\":{\"@id\":\"https:\\\/\\\/www.altaviadeimontilattari.it\\\/#website\"},\"primaryImageOfPage\":{\"@id\":\"https:\\\/\\\/www.altaviadeimontilattari.it\\\/es\\\/camina-con-nosotros\\\/#primaryimage\"},\"image\":{\"@id\":\"https:\\\/\\\/www.altaviadeimontilattari.it\\\/es\\\/camina-con-nosotros\\\/#primaryimage\"},\"thumbnailUrl\":\"https:\\\/\\\/www.altaviadeimontilattari.it\\\/wp-content\\\/uploads\\\/2022\\\/03\\\/crocelle_4.jpg\",\"datePublished\":\"2022-05-06T17:57:30+00:00\",\"dateModified\":\"2022-06-30T02:50:12+00:00\",\"breadcrumb\":{\"@id\":\"https:\\\/\\\/www.altaviadeimontilattari.it\\\/es\\\/camina-con-nosotros\\\/#breadcrumb\"},\"inLanguage\":\"es\",\"potentialAction\":[{\"@type\":\"ReadAction\",\"target\":[\"https:\\\/\\\/www.altaviadeimontilattari.it\\\/es\\\/camina-con-nosotros\\\/\"]}]},{\"@type\":\"ImageObject\",\"inLanguage\":\"es\",\"@id\":\"https:\\\/\\\/www.altaviadeimontilattari.it\\\/es\\\/camina-con-nosotros\\\/#primaryimage\",\"url\":\"https:\\\/\\\/www.altaviadeimontilattari.it\\\/wp-content\\\/uploads\\\/2022\\\/03\\\/crocelle_4.jpg\",\"contentUrl\":\"https:\\\/\\\/www.altaviadeimontilattari.it\\\/wp-content\\\/uploads\\\/2022\\\/03\\\/crocelle_4.jpg\"},{\"@type\":\"BreadcrumbList\",\"@id\":\"https:\\\/\\\/www.altaviadeimontilattari.it\\\/es\\\/camina-con-nosotros\\\/#breadcrumb\",\"itemListElement\":[{\"@type\":\"ListItem\",\"position\":1,\"name\":\"Home\",\"item\":\"https:\\\/\\\/www.altaviadeimontilattari.it\\\/es\\\/\"},{\"@type\":\"ListItem\",\"position\":2,\"name\":\"Camina con nosotros\"}]},{\"@type\":\"WebSite\",\"@id\":\"https:\\\/\\\/www.altaviadeimontilattari.it\\\/#website\",\"url\":\"https:\\\/\\\/www.altaviadeimontilattari.it\\\/\",\"name\":\"Alta Via dei Monti Lattari\",\"description\":\"La montagna \u00e8 un modo di vivere la vita.\",\"publisher\":{\"@id\":\"https:\\\/\\\/www.altaviadeimontilattari.it\\\/#organization\"},\"potentialAction\":[{\"@type\":\"SearchAction\",\"target\":{\"@type\":\"EntryPoint\",\"urlTemplate\":\"https:\\\/\\\/www.altaviadeimontilattari.it\\\/?s={search_term_string}\"},\"query-input\":{\"@type\":\"PropertyValueSpecification\",\"valueRequired\":true,\"valueName\":\"search_term_string\"}}],\"inLanguage\":\"es\"},{\"@type\":\"Organization\",\"@id\":\"https:\\\/\\\/www.altaviadeimontilattari.it\\\/#organization\",\"name\":\"Alta Via dei Monti Lattari\",\"url\":\"https:\\\/\\\/www.altaviadeimontilattari.it\\\/\",\"logo\":{\"@type\":\"ImageObject\",\"inLanguage\":\"es\",\"@id\":\"https:\\\/\\\/www.altaviadeimontilattari.it\\\/#\\\/schema\\\/logo\\\/image\\\/\",\"url\":\"https:\\\/\\\/i0.wp.com\\\/www.altaviadeimontilattari.it\\\/wp-content\\\/uploads\\\/2020\\\/12\\\/alta_via_monyi_lattari_logo.png?fit=325%2C100&ssl=1\",\"contentUrl\":\"https:\\\/\\\/i0.wp.com\\\/www.altaviadeimontilattari.it\\\/wp-content\\\/uploads\\\/2020\\\/12\\\/alta_via_monyi_lattari_logo.png?fit=325%2C100&ssl=1\",\"width\":325,\"height\":100,\"caption\":\"Alta Via dei Monti Lattari\"},\"image\":{\"@id\":\"https:\\\/\\\/www.altaviadeimontilattari.it\\\/#\\\/schema\\\/logo\\\/image\\\/\"}}]}<\/script>\n<!-- \/ Yoast SEO plugin. -->","yoast_head_json":{"title":"Camina con nosotros - Alta Via dei Monti Lattari","robots":{"index":"index","follow":"follow","max-snippet":"max-snippet:-1","max-image-preview":"max-image-preview:large","max-video-preview":"max-video-preview:-1"},"canonical":"https:\/\/www.altaviadeimontilattari.it\/es\/camina-con-nosotros\/","og_locale":"es_ES","og_type":"article","og_title":"Camina con nosotros - Alta Via dei Monti Lattari","og_description":"Un breve resumen de nuestro viaje con v\u00eddeos cortos Construye la nube de emociones de esta experiencia con nosotros Prep\u00e1rate y descarga el track de la ruta en formato GPX Descubre con nosotros las etapas que recorreremos P\u00f3ngase en contacto con nosotros para obtener informaci\u00f3n sobre el programa y su organizaci\u00f3n La seguridad es lo&hellip;&nbsp;Read More &raquo;Camina con nosotros","og_url":"https:\/\/www.altaviadeimontilattari.it\/es\/camina-con-nosotros\/","og_site_name":"Alta Via dei Monti Lattari","article_modified_time":"2022-06-30T02:50:12+00:00","og_image":[{"url":"https:\/\/www.altaviadeimontilattari.it\/wp-content\/uploads\/2022\/03\/crocelle_4.jpg","type":"","width":"","height":""}],"twitter_card":"summary_large_image","twitter_misc":{"Tiempo de lectura":"7 minutos"},"schema":{"@context":"https:\/\/schema.org","@graph":[{"@type":"WebPage","@id":"https:\/\/www.altaviadeimontilattari.it\/es\/camina-con-nosotros\/","url":"https:\/\/www.altaviadeimontilattari.it\/es\/camina-con-nosotros\/","name":"Camina con nosotros - Alta Via dei Monti Lattari","isPartOf":{"@id":"https:\/\/www.altaviadeimontilattari.it\/#website"},"primaryImageOfPage":{"@id":"https:\/\/www.altaviadeimontilattari.it\/es\/camina-con-nosotros\/#primaryimage"},"image":{"@id":"https:\/\/www.altaviadeimontilattari.it\/es\/camina-con-nosotros\/#primaryimage"},"thumbnailUrl":"https:\/\/www.altaviadeimontilattari.it\/wp-content\/uploads\/2022\/03\/crocelle_4.jpg","datePublished":"2022-05-06T17:57:30+00:00","dateModified":"2022-06-30T02:50:12+00:00","breadcrumb":{"@id":"https:\/\/www.altaviadeimontilattari.it\/es\/camina-con-nosotros\/#breadcrumb"},"inLanguage":"es","potentialAction":[{"@type":"ReadAction","target":["https:\/\/www.altaviadeimontilattari.it\/es\/camina-con-nosotros\/"]}]},{"@type":"ImageObject","inLanguage":"es","@id":"https:\/\/www.altaviadeimontilattari.it\/es\/camina-con-nosotros\/#primaryimage","url":"https:\/\/www.altaviadeimontilattari.it\/wp-content\/uploads\/2022\/03\/crocelle_4.jpg","contentUrl":"https:\/\/www.altaviadeimontilattari.it\/wp-content\/uploads\/2022\/03\/crocelle_4.jpg"},{"@type":"BreadcrumbList","@id":"https:\/\/www.altaviadeimontilattari.it\/es\/camina-con-nosotros\/#breadcrumb","itemListElement":[{"@type":"ListItem","position":1,"name":"Home","item":"https:\/\/www.altaviadeimontilattari.it\/es\/"},{"@type":"ListItem","position":2,"name":"Camina con nosotros"}]},{"@type":"WebSite","@id":"https:\/\/www.altaviadeimontilattari.it\/#website","url":"https:\/\/www.altaviadeimontilattari.it\/","name":"Alta Via dei Monti Lattari","description":"La montagna \u00e8 un modo di vivere la vita.","publisher":{"@id":"https:\/\/www.altaviadeimontilattari.it\/#organization"},"potentialAction":[{"@type":"SearchAction","target":{"@type":"EntryPoint","urlTemplate":"https:\/\/www.altaviadeimontilattari.it\/?s={search_term_string}"},"query-input":{"@type":"PropertyValueSpecification","valueRequired":true,"valueName":"search_term_string"}}],"inLanguage":"es"},{"@type":"Organization","@id":"https:\/\/www.altaviadeimontilattari.it\/#organization","name":"Alta Via dei Monti Lattari","url":"https:\/\/www.altaviadeimontilattari.it\/","logo":{"@type":"ImageObject","inLanguage":"es","@id":"https:\/\/www.altaviadeimontilattari.it\/#\/schema\/logo\/image\/","url":"https:\/\/i0.wp.com\/www.altaviadeimontilattari.it\/wp-content\/uploads\/2020\/12\/alta_via_monyi_lattari_logo.png?fit=325%2C100&ssl=1","contentUrl":"https:\/\/i0.wp.com\/www.altaviadeimontilattari.it\/wp-content\/uploads\/2020\/12\/alta_via_monyi_lattari_logo.png?fit=325%2C100&ssl=1","width":325,"height":100,"caption":"Alta Via dei Monti Lattari"},"image":{"@id":"https:\/\/www.altaviadeimontilattari.it\/#\/schema\/logo\/image\/"}}]}},"jetpack-related-posts":[{"id":5944,"url":"https:\/\/www.altaviadeimontilattari.it\/es\/camina-con-nosotros-junio-2022\/","url_meta":{"origin":5936,"position":0},"title":"Camina con nosotros &#8211; Junio 2022","author":"Luca Casaburi","date":"9 de junio de 2022","format":false,"excerpt":"Nuestro viaje por la Alta Via dei Monti Lattari ha llegado a su fin. Un maravilloso viaje por estas maravillosas tierras entre la historia y la naturaleza. Un viaje que nos permiti\u00f3 conocer gente fant\u00e1stica y nos hizo redescubrir la hospitalidad de nuestra tierra. Es un viaje y una excursi\u00f3n\u2026","rel":"","context":"Entrada similar","block_context":{"text":"Entrada similar","link":""},"img":{"alt_text":"","src":"https:\/\/i0.wp.com\/www.altaviadeimontilattari.it\/wp-content\/uploads\/2022\/06\/km_20220602_1080p.00_00_00_00.Immagine002.jpg?fit=1200%2C675&ssl=1&resize=350%2C200","width":350,"height":200,"srcset":"https:\/\/i0.wp.com\/www.altaviadeimontilattari.it\/wp-content\/uploads\/2022\/06\/km_20220602_1080p.00_00_00_00.Immagine002.jpg?fit=1200%2C675&ssl=1&resize=350%2C200 1x, https:\/\/i0.wp.com\/www.altaviadeimontilattari.it\/wp-content\/uploads\/2022\/06\/km_20220602_1080p.00_00_00_00.Immagine002.jpg?fit=1200%2C675&ssl=1&resize=525%2C300 1.5x, https:\/\/i0.wp.com\/www.altaviadeimontilattari.it\/wp-content\/uploads\/2022\/06\/km_20220602_1080p.00_00_00_00.Immagine002.jpg?fit=1200%2C675&ssl=1&resize=700%2C400 2x, https:\/\/i0.wp.com\/www.altaviadeimontilattari.it\/wp-content\/uploads\/2022\/06\/km_20220602_1080p.00_00_00_00.Immagine002.jpg?fit=1200%2C675&ssl=1&resize=1050%2C600 3x"},"classes":[]},{"id":5959,"url":"https:\/\/www.altaviadeimontilattari.it\/es\/contacto-con-nosotros\/","url_meta":{"origin":5936,"position":1},"title":"Contacto con nosotros","author":"Luca Casaburi","date":"27 de enero de 2020","format":false,"excerpt":"Contacto con nosotros Sitios \u00fatiles turismo.ricercattiva.itwww.mdtsoftware.it Env\u00ede un correo electr\u00f3nico a luca.casaburi@ricercattiva.it luca.casaburi@ricercattiva.itluca.casaburi@mdtsoftware.it Instagram @turismo.ricercattiva@lugask Env\u00edenos un mensaje o con\u00e9ctese a nuestras redes sociales altaviadeimontilattari.it se cre\u00f3 para dar a conocer los Montes Lattari, la Costa de Amalfi y la Pen\u00ednsula de Sorrento, tierras de Italia a\u00fan poco conocidas por\u2026","rel":"","context":"Entrada similar","block_context":{"text":"Entrada similar","link":""},"img":{"alt_text":"","src":"","width":0,"height":0},"classes":[]},{"id":5950,"url":"https:\/\/www.altaviadeimontilattari.it\/es\/sobre-nosotros\/","url_meta":{"origin":5936,"position":2},"title":"Sobre nosotros","author":"Luca Casaburi","date":"23 de enero de 2020","format":false,"excerpt":"Sobre nosotros Historia altaviadeimontilattari.it nace como un proyecto para valorizar y dar a conocer la zona de Monti Lattari, las costas de Amalfi y Sorrento en Campania y en todo el mundo. El proyecto surgi\u00f3 en diciembre de 2020 de la pasi\u00f3n por la naturaleza y el apoyo al territorio\u2026","rel":"","context":"Entrada similar","block_context":{"text":"Entrada similar","link":""},"img":{"alt_text":"punta Campanella - altaviadeimontilattari.it","src":"https:\/\/i0.wp.com\/www.altaviadeimontilattari.it\/wp-content\/uploads\/2021\/02\/punta-campanella-altaviadeimontilattari-scaled.jpg?resize=350%2C200&ssl=1","width":350,"height":200,"srcset":"https:\/\/i0.wp.com\/www.altaviadeimontilattari.it\/wp-content\/uploads\/2021\/02\/punta-campanella-altaviadeimontilattari-scaled.jpg?resize=350%2C200&ssl=1 1x, https:\/\/i0.wp.com\/www.altaviadeimontilattari.it\/wp-content\/uploads\/2021\/02\/punta-campanella-altaviadeimontilattari-scaled.jpg?resize=525%2C300&ssl=1 1.5x, https:\/\/i0.wp.com\/www.altaviadeimontilattari.it\/wp-content\/uploads\/2021\/02\/punta-campanella-altaviadeimontilattari-scaled.jpg?resize=700%2C400&ssl=1 2x, https:\/\/i0.wp.com\/www.altaviadeimontilattari.it\/wp-content\/uploads\/2021\/02\/punta-campanella-altaviadeimontilattari-scaled.jpg?resize=1050%2C600&ssl=1 3x, https:\/\/i0.wp.com\/www.altaviadeimontilattari.it\/wp-content\/uploads\/2021\/02\/punta-campanella-altaviadeimontilattari-scaled.jpg?resize=1400%2C800&ssl=1 4x"},"classes":[]},{"id":6722,"url":"https:\/\/www.altaviadeimontilattari.it\/es\/","url_meta":{"origin":5936,"position":3},"title":"Hogar","author":"Turismo.Ricercattiva","date":"8 de julio de 2022","format":false,"excerpt":"Alta V\u00eda Dei Monti Lattari En los grandes espacios de la monta\u00f1a, en sus altos silencios, el hombre sin distracciones puede captar el sentido de su peque\u00f1ez y la dimensi\u00f3n infinita de su alma. DESCUBRA M\u00c1S Sendero contacto con la naturaleza Paisajes salvajes y rurales, mar azul profundo, acantilados y\u2026","rel":"","context":"Entrada similar","block_context":{"text":"Entrada similar","link":""},"img":{"alt_text":"Alta Via dei Monti Lattari Sentiero Italia 300 CAI","src":"https:\/\/i0.wp.com\/www.altaviadeimontilattari.it\/wp-content\/uploads\/2020\/12\/alta_via_monti_lattari_sentiero_italia_300_cai.jpg?resize=350%2C200&ssl=1","width":350,"height":200,"srcset":"https:\/\/i0.wp.com\/www.altaviadeimontilattari.it\/wp-content\/uploads\/2020\/12\/alta_via_monti_lattari_sentiero_italia_300_cai.jpg?resize=350%2C200&ssl=1 1x, https:\/\/i0.wp.com\/www.altaviadeimontilattari.it\/wp-content\/uploads\/2020\/12\/alta_via_monti_lattari_sentiero_italia_300_cai.jpg?resize=525%2C300&ssl=1 1.5x"},"classes":[]},{"id":7291,"url":"https:\/\/www.altaviadeimontilattari.it\/es\/cammina-con-noi-iii-edicion-2024\/","url_meta":{"origin":5936,"position":4},"title":"Cammina con noi &#8211; III edici\u00f3n 2024","author":"Luca Casaburi","date":"11 de abril de 2024","format":false,"excerpt":"Cualquiera puede caminar con nosotros. Descubra con nosotros la Alta Via dei Monti Lattari. Recorremos la Alta Via dei Monti Lattari en su totalidad a lo largo de tres d\u00edas, siguiendo todo el camino de los 300CAI. Parte del municipio de Cava de' Tirreni y llega hasta Punta Campanella, el\u2026","rel":"","context":"Entrada similar","block_context":{"text":"Entrada similar","link":""},"img":{"alt_text":"","src":"https:\/\/i0.wp.com\/www.altaviadeimontilattari.it\/wp-content\/uploads\/2024\/04\/iii-edizione.jpg?resize=350%2C200&ssl=1","width":350,"height":200,"srcset":"https:\/\/i0.wp.com\/www.altaviadeimontilattari.it\/wp-content\/uploads\/2024\/04\/iii-edizione.jpg?resize=350%2C200&ssl=1 1x, https:\/\/i0.wp.com\/www.altaviadeimontilattari.it\/wp-content\/uploads\/2024\/04\/iii-edizione.jpg?resize=525%2C300&ssl=1 1.5x, https:\/\/i0.wp.com\/www.altaviadeimontilattari.it\/wp-content\/uploads\/2024\/04\/iii-edizione.jpg?resize=700%2C400&ssl=1 2x"},"classes":[]},{"id":5930,"url":"https:\/\/www.altaviadeimontilattari.it\/es\/alta-via-dei-monti-lattari\/","url_meta":{"origin":5936,"position":5},"title":"Alta Via dei Monti Lattari","author":"","date":"19 de noviembre de 2020","format":false,"excerpt":"Con la cabeza en las nubes y el mar Famosa en todo el mundo por su mar azul profundo, sus acantilados y sus ciudades antiguas, la Costa de Amalfi esconde justo encima de su costa, la belleza natural de los Montes Lattari. Atravesado por cientos de caminos de herradura bien\u2026","rel":"","context":"Entrada similar","block_context":{"text":"Entrada similar","link":""},"img":{"alt_text":"","src":"https:\/\/i0.wp.com\/www.altaviadeimontilattari.it\/wp-content\/uploads\/2020\/12\/tour_alta_via_monti_lattari.jpg?resize=350%2C200&ssl=1","width":350,"height":200,"srcset":"https:\/\/i0.wp.com\/www.altaviadeimontilattari.it\/wp-content\/uploads\/2020\/12\/tour_alta_via_monti_lattari.jpg?resize=350%2C200&ssl=1 1x, https:\/\/i0.wp.com\/www.altaviadeimontilattari.it\/wp-content\/uploads\/2020\/12\/tour_alta_via_monti_lattari.jpg?resize=525%2C300&ssl=1 1.5x, https:\/\/i0.wp.com\/www.altaviadeimontilattari.it\/wp-content\/uploads\/2020\/12\/tour_alta_via_monti_lattari.jpg?resize=700%2C400&ssl=1 2x"},"classes":[]}],"jetpack_shortlink":"https:\/\/wp.me\/PcGNaV-1xK","jetpack_sharing_enabled":true,"_links":{"self":[{"href":"https:\/\/www.altaviadeimontilattari.it\/es\/wp-json\/wp\/v2\/pages\/5936","targetHints":{"allow":["GET"]}}],"collection":[{"href":"https:\/\/www.altaviadeimontilattari.it\/es\/wp-json\/wp\/v2\/pages"}],"about":[{"href":"https:\/\/www.altaviadeimontilattari.it\/es\/wp-json\/wp\/v2\/types\/page"}],"author":[{"embeddable":true,"href":"https:\/\/www.altaviadeimontilattari.it\/es\/wp-json\/wp\/v2\/users\/1"}],"replies":[{"embeddable":true,"href":"https:\/\/www.altaviadeimontilattari.it\/es\/wp-json\/wp\/v2\/comments?post=5936"}],"version-history":[{"count":1,"href":"https:\/\/www.altaviadeimontilattari.it\/es\/wp-json\/wp\/v2\/pages\/5936\/revisions"}],"predecessor-version":[{"id":5937,"href":"https:\/\/www.altaviadeimontilattari.it\/es\/wp-json\/wp\/v2\/pages\/5936\/revisions\/5937"}],"wp:attachment":[{"href":"https:\/\/www.altaviadeimontilattari.it\/es\/wp-json\/wp\/v2\/media?parent=5936"}],"curies":[{"name":"wp","href":"https:\/\/api.w.org\/{rel}","templated":true}]}}