{"id":5969,"date":"2022-06-01T13:35:28","date_gmt":"2022-06-01T13:35:28","guid":{"rendered":"https:\/\/www.altaviadeimontilattari.it\/las-emociones-paso-a-paso\/"},"modified":"2022-06-30T13:31:51","modified_gmt":"2022-06-30T13:31:51","slug":"las-emociones-paso-a-paso","status":"publish","type":"page","link":"https:\/\/www.altaviadeimontilattari.it\/es\/las-emociones-paso-a-paso\/","title":{"rendered":"Las emociones paso a paso"},"content":{"rendered":"\n<p>Paso a paso compartimos nuestras emociones, una sola palabra para describir lo que sentimos en ese momento en la Alta Via dei Monti Lattari. Construiremos una nube de palabras que ir\u00e1 creciendo a lo largo de nuestro viaje.<\/p>\n\n<p>Si tambi\u00e9n quieres compartir una palabra tuya durante nuestra experiencia, entra en el enlace, con\u00e9ctate y comparte lo que sientes.<\/p>\n\n<div class=\"wp-block-buttons is-content-justification-center is-layout-flex wp-container-core-buttons-is-layout-16018d1d wp-block-buttons-is-layout-flex\">\n<div class=\"wp-block-button\"><a class=\"wp-block-button__link\" href=\"https:\/\/www.menti.com\/9a6aj97vwb\" target=\"_blank\" rel=\"noreferrer noopener\">Comparte una emoci\u00f3n tuya<\/a><\/div>\n<\/div>\n\n<div id=\"wp-block-themeisle-blocks-advanced-columns-32979360\" class=\"wp-block-themeisle-blocks-advanced-columns has-1-columns has-desktop-equal-layout has-tablet-equal-layout has-mobile-equal-layout has-vertical-unset\"><div class=\"wp-block-themeisle-blocks-advanced-columns-overlay\"><\/div><div class=\"innerblocks-wrap\">\n<div id=\"wp-block-themeisle-blocks-advanced-column-935a311e\" class=\"wp-block-themeisle-blocks-advanced-column\">\n<br\/><br\/><div style=\"position: relative; padding-bottom: 56.25%; padding-top: 35px; height: 0; overflow: hidden;\"><iframe sandbox=\"allow-scripts allow-same-origin allow-presentation\" allowfullscreen=\"true\" allowtransparency=\"true\" frameborder=\"0\" height=\"315\" src=\"https:\/\/www.mentimeter.com\/app\/presentation\/7d27a064ee89d13fdcc18a4c12999f09\/0791a4549fe5\/embed\" style=\"position: absolute; top: 0; left: 0; width: 100%; height: 100%;\" width=\"420\"><\/iframe><\/div>\n<\/div>\n<\/div><\/div>\n<div style=\"margin: 20px 0;\"><div class=\"qrcswholewtapper\" style=\"text-align:left;\"><div class=\"qrcprowrapper\"  id=\"qrcwraa2leds\"><div class=\"qrc_canvass\" id=\"qrc_cuttenpages_2\" style=\"display:inline-block\" data-text=\"https:\/\/www.altaviadeimontilattari.it\/es\/las-emociones-paso-a-paso\/\"><\/div><div><a download=\"Las emociones paso a paso.png\" class=\"qrcdownloads\" id=\"worign\">\r\n           <button type=\"button\" style=\"min-width:200px;background:#81ea00;color:#000;font-weight: 600;border: 1px solid #dddddd;border-radius:4px;font-size:12px;padding: 6px 0;\" class=\"uqr_code_btn\">Download QR<\/button>\r\n           <\/a><\/div><\/div><\/div><\/div>","protected":false},"excerpt":{"rendered":"<p>Paso a paso compartimos nuestras emociones, una sola palabra para describir lo que sentimos en ese momento en la Alta Via dei Monti Lattari. Construiremos una nube de palabras que ir\u00e1 creciendo a lo largo de nuestro viaje. Si tambi\u00e9n quieres compartir una palabra tuya durante nuestra experiencia, entra en el enlace, con\u00e9ctate y comparte&hellip;&nbsp;<a href=\"https:\/\/www.altaviadeimontilattari.it\/es\/las-emociones-paso-a-paso\/\" rel=\"bookmark\">Read More &raquo;<span class=\"screen-reader-text\">Las emociones paso a paso<\/span><\/a><\/p>\n","protected":false},"author":1,"featured_media":0,"parent":0,"menu_order":0,"comment_status":"closed","ping_status":"closed","template":"","meta":{"neve_meta_sidebar":"full-width","neve_meta_container":"","neve_meta_enable_content_width":"on","neve_meta_content_width":100,"neve_meta_title_alignment":"","neve_meta_author_avatar":"","neve_post_elements_order":"","neve_meta_disable_header":"","neve_meta_disable_footer":"","neve_meta_disable_title":"","neve_meta_reading_time":"","_themeisle_gutenberg_block_has_review":false,"jetpack_post_was_ever_published":false,"footnotes":""},"class_list":["post-5969","page","type-page","status-publish","hentry"],"yoast_head":"<!-- This site is optimized with the Yoast SEO plugin v27.4 - https:\/\/yoast.com\/product\/yoast-seo-wordpress\/ -->\n<title>Las emociones paso a paso - Alta Via dei Monti Lattari<\/title>\n<meta name=\"robots\" content=\"index, follow, max-snippet:-1, max-image-preview:large, max-video-preview:-1\" \/>\n<link rel=\"canonical\" href=\"https:\/\/www.altaviadeimontilattari.it\/es\/las-emociones-paso-a-paso\/\" \/>\n<meta property=\"og:locale\" content=\"es_ES\" \/>\n<meta property=\"og:type\" content=\"article\" \/>\n<meta property=\"og:title\" content=\"Las emociones paso a paso - Alta Via dei Monti Lattari\" \/>\n<meta property=\"og:description\" content=\"Paso a paso compartimos nuestras emociones, una sola palabra para describir lo que sentimos en ese momento en la Alta Via dei Monti Lattari. Construiremos una nube de palabras que ir\u00e1 creciendo a lo largo de nuestro viaje. Si tambi\u00e9n quieres compartir una palabra tuya durante nuestra experiencia, entra en el enlace, con\u00e9ctate y comparte&hellip;&nbsp;Read More &raquo;Las emociones paso a paso\" \/>\n<meta property=\"og:url\" content=\"https:\/\/www.altaviadeimontilattari.it\/es\/las-emociones-paso-a-paso\/\" \/>\n<meta property=\"og:site_name\" content=\"Alta Via dei Monti Lattari\" \/>\n<meta property=\"article:modified_time\" content=\"2022-06-30T13:31:51+00:00\" \/>\n<meta name=\"twitter:card\" content=\"summary_large_image\" \/>\n<script type=\"application\/ld+json\" class=\"yoast-schema-graph\">{\"@context\":\"https:\\\/\\\/schema.org\",\"@graph\":[{\"@type\":\"WebPage\",\"@id\":\"https:\\\/\\\/www.altaviadeimontilattari.it\\\/es\\\/las-emociones-paso-a-paso\\\/\",\"url\":\"https:\\\/\\\/www.altaviadeimontilattari.it\\\/es\\\/las-emociones-paso-a-paso\\\/\",\"name\":\"Las emociones paso a paso - Alta Via dei Monti Lattari\",\"isPartOf\":{\"@id\":\"https:\\\/\\\/www.altaviadeimontilattari.it\\\/#website\"},\"datePublished\":\"2022-06-01T13:35:28+00:00\",\"dateModified\":\"2022-06-30T13:31:51+00:00\",\"breadcrumb\":{\"@id\":\"https:\\\/\\\/www.altaviadeimontilattari.it\\\/es\\\/las-emociones-paso-a-paso\\\/#breadcrumb\"},\"inLanguage\":\"es\",\"potentialAction\":[{\"@type\":\"ReadAction\",\"target\":[\"https:\\\/\\\/www.altaviadeimontilattari.it\\\/es\\\/las-emociones-paso-a-paso\\\/\"]}]},{\"@type\":\"BreadcrumbList\",\"@id\":\"https:\\\/\\\/www.altaviadeimontilattari.it\\\/es\\\/las-emociones-paso-a-paso\\\/#breadcrumb\",\"itemListElement\":[{\"@type\":\"ListItem\",\"position\":1,\"name\":\"Home\",\"item\":\"https:\\\/\\\/www.altaviadeimontilattari.it\\\/es\\\/\"},{\"@type\":\"ListItem\",\"position\":2,\"name\":\"Las emociones paso a paso\"}]},{\"@type\":\"WebSite\",\"@id\":\"https:\\\/\\\/www.altaviadeimontilattari.it\\\/#website\",\"url\":\"https:\\\/\\\/www.altaviadeimontilattari.it\\\/\",\"name\":\"Alta Via dei Monti Lattari\",\"description\":\"La montagna \u00e8 un modo di vivere la vita.\",\"publisher\":{\"@id\":\"https:\\\/\\\/www.altaviadeimontilattari.it\\\/#organization\"},\"potentialAction\":[{\"@type\":\"SearchAction\",\"target\":{\"@type\":\"EntryPoint\",\"urlTemplate\":\"https:\\\/\\\/www.altaviadeimontilattari.it\\\/?s={search_term_string}\"},\"query-input\":{\"@type\":\"PropertyValueSpecification\",\"valueRequired\":true,\"valueName\":\"search_term_string\"}}],\"inLanguage\":\"es\"},{\"@type\":\"Organization\",\"@id\":\"https:\\\/\\\/www.altaviadeimontilattari.it\\\/#organization\",\"name\":\"Alta Via dei Monti Lattari\",\"url\":\"https:\\\/\\\/www.altaviadeimontilattari.it\\\/\",\"logo\":{\"@type\":\"ImageObject\",\"inLanguage\":\"es\",\"@id\":\"https:\\\/\\\/www.altaviadeimontilattari.it\\\/#\\\/schema\\\/logo\\\/image\\\/\",\"url\":\"https:\\\/\\\/i0.wp.com\\\/www.altaviadeimontilattari.it\\\/wp-content\\\/uploads\\\/2020\\\/12\\\/alta_via_monyi_lattari_logo.png?fit=325%2C100&ssl=1\",\"contentUrl\":\"https:\\\/\\\/i0.wp.com\\\/www.altaviadeimontilattari.it\\\/wp-content\\\/uploads\\\/2020\\\/12\\\/alta_via_monyi_lattari_logo.png?fit=325%2C100&ssl=1\",\"width\":325,\"height\":100,\"caption\":\"Alta Via dei Monti Lattari\"},\"image\":{\"@id\":\"https:\\\/\\\/www.altaviadeimontilattari.it\\\/#\\\/schema\\\/logo\\\/image\\\/\"}}]}<\/script>\n<!-- \/ Yoast SEO plugin. -->","yoast_head_json":{"title":"Las emociones paso a paso - Alta Via dei Monti Lattari","robots":{"index":"index","follow":"follow","max-snippet":"max-snippet:-1","max-image-preview":"max-image-preview:large","max-video-preview":"max-video-preview:-1"},"canonical":"https:\/\/www.altaviadeimontilattari.it\/es\/las-emociones-paso-a-paso\/","og_locale":"es_ES","og_type":"article","og_title":"Las emociones paso a paso - Alta Via dei Monti Lattari","og_description":"Paso a paso compartimos nuestras emociones, una sola palabra para describir lo que sentimos en ese momento en la Alta Via dei Monti Lattari. Construiremos una nube de palabras que ir\u00e1 creciendo a lo largo de nuestro viaje. Si tambi\u00e9n quieres compartir una palabra tuya durante nuestra experiencia, entra en el enlace, con\u00e9ctate y comparte&hellip;&nbsp;Read More &raquo;Las emociones paso a paso","og_url":"https:\/\/www.altaviadeimontilattari.it\/es\/las-emociones-paso-a-paso\/","og_site_name":"Alta Via dei Monti Lattari","article_modified_time":"2022-06-30T13:31:51+00:00","twitter_card":"summary_large_image","schema":{"@context":"https:\/\/schema.org","@graph":[{"@type":"WebPage","@id":"https:\/\/www.altaviadeimontilattari.it\/es\/las-emociones-paso-a-paso\/","url":"https:\/\/www.altaviadeimontilattari.it\/es\/las-emociones-paso-a-paso\/","name":"Las emociones paso a paso - Alta Via dei Monti Lattari","isPartOf":{"@id":"https:\/\/www.altaviadeimontilattari.it\/#website"},"datePublished":"2022-06-01T13:35:28+00:00","dateModified":"2022-06-30T13:31:51+00:00","breadcrumb":{"@id":"https:\/\/www.altaviadeimontilattari.it\/es\/las-emociones-paso-a-paso\/#breadcrumb"},"inLanguage":"es","potentialAction":[{"@type":"ReadAction","target":["https:\/\/www.altaviadeimontilattari.it\/es\/las-emociones-paso-a-paso\/"]}]},{"@type":"BreadcrumbList","@id":"https:\/\/www.altaviadeimontilattari.it\/es\/las-emociones-paso-a-paso\/#breadcrumb","itemListElement":[{"@type":"ListItem","position":1,"name":"Home","item":"https:\/\/www.altaviadeimontilattari.it\/es\/"},{"@type":"ListItem","position":2,"name":"Las emociones paso a paso"}]},{"@type":"WebSite","@id":"https:\/\/www.altaviadeimontilattari.it\/#website","url":"https:\/\/www.altaviadeimontilattari.it\/","name":"Alta Via dei Monti Lattari","description":"La montagna \u00e8 un modo di vivere la vita.","publisher":{"@id":"https:\/\/www.altaviadeimontilattari.it\/#organization"},"potentialAction":[{"@type":"SearchAction","target":{"@type":"EntryPoint","urlTemplate":"https:\/\/www.altaviadeimontilattari.it\/?s={search_term_string}"},"query-input":{"@type":"PropertyValueSpecification","valueRequired":true,"valueName":"search_term_string"}}],"inLanguage":"es"},{"@type":"Organization","@id":"https:\/\/www.altaviadeimontilattari.it\/#organization","name":"Alta Via dei Monti Lattari","url":"https:\/\/www.altaviadeimontilattari.it\/","logo":{"@type":"ImageObject","inLanguage":"es","@id":"https:\/\/www.altaviadeimontilattari.it\/#\/schema\/logo\/image\/","url":"https:\/\/i0.wp.com\/www.altaviadeimontilattari.it\/wp-content\/uploads\/2020\/12\/alta_via_monyi_lattari_logo.png?fit=325%2C100&ssl=1","contentUrl":"https:\/\/i0.wp.com\/www.altaviadeimontilattari.it\/wp-content\/uploads\/2020\/12\/alta_via_monyi_lattari_logo.png?fit=325%2C100&ssl=1","width":325,"height":100,"caption":"Alta Via dei Monti Lattari"},"image":{"@id":"https:\/\/www.altaviadeimontilattari.it\/#\/schema\/logo\/image\/"}}]}},"jetpack-related-posts":[{"id":6011,"url":"https:\/\/www.altaviadeimontilattari.it\/es\/diario-de-la-cumbre\/","url_meta":{"origin":5969,"position":0},"title":"Diario de la Cumbre","author":"Luca Casaburi","date":"15 de enero de 2022","format":false,"excerpt":"Comparte una idea tuya para que otros exploradores se enamoren de la naturaleza Deja un pensamiento, una emoci\u00f3n, una foto, un poema o una frase relacionados con los lugares por los que pasa laAlta Via dei Monti Lattari. Se publicar\u00e1 en el Diario delle Vette, un diario en l\u00ednea que\u2026","rel":"","context":"Entrada similar","block_context":{"text":"Entrada similar","link":""},"img":{"alt_text":"","src":"","width":0,"height":0},"classes":[]},{"id":5944,"url":"https:\/\/www.altaviadeimontilattari.it\/es\/camina-con-nosotros-junio-2022\/","url_meta":{"origin":5969,"position":1},"title":"Camina con nosotros &#8211; Junio 2022","author":"Luca Casaburi","date":"9 de junio de 2022","format":false,"excerpt":"Nuestro viaje por la Alta Via dei Monti Lattari ha llegado a su fin. Un maravilloso viaje por estas maravillosas tierras entre la historia y la naturaleza. Un viaje que nos permiti\u00f3 conocer gente fant\u00e1stica y nos hizo redescubrir la hospitalidad de nuestra tierra. Es un viaje y una excursi\u00f3n\u2026","rel":"","context":"Entrada similar","block_context":{"text":"Entrada similar","link":""},"img":{"alt_text":"","src":"https:\/\/i0.wp.com\/www.altaviadeimontilattari.it\/wp-content\/uploads\/2022\/06\/km_20220602_1080p.00_00_00_00.Immagine002.jpg?fit=1200%2C675&ssl=1&resize=350%2C200","width":350,"height":200,"srcset":"https:\/\/i0.wp.com\/www.altaviadeimontilattari.it\/wp-content\/uploads\/2022\/06\/km_20220602_1080p.00_00_00_00.Immagine002.jpg?fit=1200%2C675&ssl=1&resize=350%2C200 1x, https:\/\/i0.wp.com\/www.altaviadeimontilattari.it\/wp-content\/uploads\/2022\/06\/km_20220602_1080p.00_00_00_00.Immagine002.jpg?fit=1200%2C675&ssl=1&resize=525%2C300 1.5x, https:\/\/i0.wp.com\/www.altaviadeimontilattari.it\/wp-content\/uploads\/2022\/06\/km_20220602_1080p.00_00_00_00.Immagine002.jpg?fit=1200%2C675&ssl=1&resize=700%2C400 2x, https:\/\/i0.wp.com\/www.altaviadeimontilattari.it\/wp-content\/uploads\/2022\/06\/km_20220602_1080p.00_00_00_00.Immagine002.jpg?fit=1200%2C675&ssl=1&resize=1050%2C600 3x"},"classes":[]},{"id":7197,"url":"https:\/\/www.altaviadeimontilattari.it\/es\/el-libro-de-los-exploradores\/","url_meta":{"origin":5969,"position":2},"title":"El libro de los exploradores","author":"Luca Casaburi","date":"23 de septiembre de 2023","format":false,"excerpt":"El libro de los exploradores \u00bfHas caminado por la Alta Via dei Monti Lattari? Env\u00edanos tu experiencia y recibir\u00e1s gratis uno de los parches de este espl\u00e9ndido viaje Deja un testimonio de tu traves\u00eda desde Cava de' Tirreni hasta Punta Campanella (Termini). Env\u00edanos la pista registrada con GPS o smartphone\u2026","rel":"","context":"Entrada similar","block_context":{"text":"Entrada similar","link":""},"img":{"alt_text":"","src":"https:\/\/i0.wp.com\/www.altaviadeimontilattari.it\/wp-content\/uploads\/2023\/09\/patch-alta-via-dei-monti-lattari.jpg?fit=1200%2C708&ssl=1&resize=350%2C200","width":350,"height":200,"srcset":"https:\/\/i0.wp.com\/www.altaviadeimontilattari.it\/wp-content\/uploads\/2023\/09\/patch-alta-via-dei-monti-lattari.jpg?fit=1200%2C708&ssl=1&resize=350%2C200 1x, https:\/\/i0.wp.com\/www.altaviadeimontilattari.it\/wp-content\/uploads\/2023\/09\/patch-alta-via-dei-monti-lattari.jpg?fit=1200%2C708&ssl=1&resize=525%2C300 1.5x, https:\/\/i0.wp.com\/www.altaviadeimontilattari.it\/wp-content\/uploads\/2023\/09\/patch-alta-via-dei-monti-lattari.jpg?fit=1200%2C708&ssl=1&resize=700%2C400 2x, https:\/\/i0.wp.com\/www.altaviadeimontilattari.it\/wp-content\/uploads\/2023\/09\/patch-alta-via-dei-monti-lattari.jpg?fit=1200%2C708&ssl=1&resize=1050%2C600 3x"},"classes":[]},{"id":5936,"url":"https:\/\/www.altaviadeimontilattari.it\/es\/camina-con-nosotros\/","url_meta":{"origin":5969,"position":3},"title":"Camina con nosotros","author":"Luca Casaburi","date":"6 de mayo de 2022","format":false,"excerpt":"Cualquiera puede caminar con nosotros. Descubra con nosotros la Alta Via dei Monti Lattari. Camina con nosotros Del 2 al 4 de junio de 2022 Recorremos la Alta Via dei Monti Lattari en su totalidad a lo largo de tres d\u00edas, siguiendo todo el camino de los 300CAI. Parte del\u2026","rel":"","context":"Entrada similar","block_context":{"text":"Entrada similar","link":""},"img":{"alt_text":"","src":"https:\/\/i0.wp.com\/www.altaviadeimontilattari.it\/wp-content\/uploads\/2022\/05\/monte_finestra_sud-edited.jpg?resize=350%2C200&ssl=1","width":350,"height":200,"srcset":"https:\/\/i0.wp.com\/www.altaviadeimontilattari.it\/wp-content\/uploads\/2022\/05\/monte_finestra_sud-edited.jpg?resize=350%2C200&ssl=1 1x, https:\/\/i0.wp.com\/www.altaviadeimontilattari.it\/wp-content\/uploads\/2022\/05\/monte_finestra_sud-edited.jpg?resize=525%2C300&ssl=1 1.5x, https:\/\/i0.wp.com\/www.altaviadeimontilattari.it\/wp-content\/uploads\/2022\/05\/monte_finestra_sud-edited.jpg?resize=700%2C400&ssl=1 2x"},"classes":[]},{"id":7303,"url":"https:\/\/www.altaviadeimontilattari.it\/es\/el-camino-de-giustino-fortunato\/","url_meta":{"origin":5969,"position":4},"title":"El camino de Giustino Fortunato","author":"Luca Casaburi","date":"25 de abril de 2024","format":false,"excerpt":"\u201c\u2026Sin embargo, tal vez no haya ning\u00fan distrito en todos los Apeninos\u2026 que tenga al mismo tiempo tanta majestuosidad de monta\u00f1as y tanta belleza de paisajes marinos\u2026\u201d Giustino Fortunato As\u00ed describe Giustino Fortunato, historiador, economista y naturalista, las Monta\u00f1as Lattari, que constituyen el marco de la pen\u00ednsula de Sorrento, entre\u2026","rel":"","context":"Entrada similar","block_context":{"text":"Entrada similar","link":""},"img":{"alt_text":"","src":"https:\/\/i0.wp.com\/www.altaviadeimontilattari.it\/wp-content\/uploads\/2024\/04\/Giustino-fortunato.jpg?resize=350%2C200&ssl=1","width":350,"height":200},"classes":[]},{"id":7291,"url":"https:\/\/www.altaviadeimontilattari.it\/es\/cammina-con-noi-iii-edicion-2024\/","url_meta":{"origin":5969,"position":5},"title":"Cammina con noi &#8211; III edici\u00f3n 2024","author":"Luca Casaburi","date":"11 de abril de 2024","format":false,"excerpt":"Cualquiera puede caminar con nosotros. Descubra con nosotros la Alta Via dei Monti Lattari. Recorremos la Alta Via dei Monti Lattari en su totalidad a lo largo de tres d\u00edas, siguiendo todo el camino de los 300CAI. Parte del municipio de Cava de' Tirreni y llega hasta Punta Campanella, el\u2026","rel":"","context":"Entrada similar","block_context":{"text":"Entrada similar","link":""},"img":{"alt_text":"","src":"https:\/\/i0.wp.com\/www.altaviadeimontilattari.it\/wp-content\/uploads\/2024\/04\/iii-edizione.jpg?resize=350%2C200&ssl=1","width":350,"height":200,"srcset":"https:\/\/i0.wp.com\/www.altaviadeimontilattari.it\/wp-content\/uploads\/2024\/04\/iii-edizione.jpg?resize=350%2C200&ssl=1 1x, https:\/\/i0.wp.com\/www.altaviadeimontilattari.it\/wp-content\/uploads\/2024\/04\/iii-edizione.jpg?resize=525%2C300&ssl=1 1.5x, https:\/\/i0.wp.com\/www.altaviadeimontilattari.it\/wp-content\/uploads\/2024\/04\/iii-edizione.jpg?resize=700%2C400&ssl=1 2x"},"classes":[]}],"jetpack_shortlink":"https:\/\/wp.me\/PcGNaV-1yh","jetpack_sharing_enabled":true,"_links":{"self":[{"href":"https:\/\/www.altaviadeimontilattari.it\/es\/wp-json\/wp\/v2\/pages\/5969","targetHints":{"allow":["GET"]}}],"collection":[{"href":"https:\/\/www.altaviadeimontilattari.it\/es\/wp-json\/wp\/v2\/pages"}],"about":[{"href":"https:\/\/www.altaviadeimontilattari.it\/es\/wp-json\/wp\/v2\/types\/page"}],"author":[{"embeddable":true,"href":"https:\/\/www.altaviadeimontilattari.it\/es\/wp-json\/wp\/v2\/users\/1"}],"replies":[{"embeddable":true,"href":"https:\/\/www.altaviadeimontilattari.it\/es\/wp-json\/wp\/v2\/comments?post=5969"}],"version-history":[{"count":1,"href":"https:\/\/www.altaviadeimontilattari.it\/es\/wp-json\/wp\/v2\/pages\/5969\/revisions"}],"predecessor-version":[{"id":5971,"href":"https:\/\/www.altaviadeimontilattari.it\/es\/wp-json\/wp\/v2\/pages\/5969\/revisions\/5971"}],"wp:attachment":[{"href":"https:\/\/www.altaviadeimontilattari.it\/es\/wp-json\/wp\/v2\/media?parent=5969"}],"curies":[{"name":"wp","href":"https:\/\/api.w.org\/{rel}","templated":true}]}}