{"id":6011,"date":"2022-01-15T17:58:52","date_gmt":"2022-01-15T17:58:52","guid":{"rendered":"https:\/\/www.altaviadeimontilattari.it\/diario-de-la-cumbre\/"},"modified":"2022-06-30T13:40:08","modified_gmt":"2022-06-30T13:40:08","slug":"diario-de-la-cumbre","status":"publish","type":"page","link":"https:\/\/www.altaviadeimontilattari.it\/es\/diario-de-la-cumbre\/","title":{"rendered":"Diario de la Cumbre"},"content":{"rendered":"<h2 class=\"wp-block-post-title\">Diario de la Cumbre<\/h2>\n<h3 class=\"wp-block-heading\" id=\"condividi-un-tuo-pensiero-per-far-innamorare-della-natura-altri-esploratori-1\">Comparte una idea tuya para que otros exploradores se enamoren de la naturaleza<\/h3>\n\n<p><strong>Deja un pensamiento<\/strong>, una emoci\u00f3n, una foto, un poema o una frase relacionados con los lugares por los que pasa la<strong>Alta Via dei Monti Lattari<\/strong>. Se publicar\u00e1 en el <strong>Diario delle Vette<\/strong>, un diario en l\u00ednea que recoger\u00e1 las frases de los excursionistas de estos lugares que sientan que quieren escribir algo, como en un verdadero diario de cumbres.<\/p>\n\n<div class=\"wp-block-themeisle-blocks-advanced-columns alignfull has-3-columns has-desktop-equal-layout has-tablet-equal-layout has-mobile-collapsedRows-layout has-wide-gap has-vertical-center\" id=\"wp-block-themeisle-blocks-advanced-columns-b47a10e8\"><div class=\"wp-block-themeisle-blocks-advanced-columns-overlay\"><\/div><div class=\"innerblocks-wrap\">\n<div class=\"wp-block-themeisle-blocks-advanced-column\" id=\"wp-block-themeisle-blocks-advanced-column-710d2f2e\">\n<div class=\"wp-block-themeisle-blocks-service\">\n<p class=\"wp-block-themeisle-blocks-font-awesome-icons\" id=\"wp-block-themeisle-blocks-font-awesome-icons-315d4435\"><span class=\"wp-block-themeisle-blocks-font-awesome-icons-container\"><i class=\"fas fa-globe\"><\/i><\/span><\/p>\n\n\n\n<h3 id=\"wp-block-themeisle-blocks-advanced-heading-becbb9db\" class=\"wp-block-themeisle-blocks-advanced-heading wp-block-themeisle-blocks-advanced-heading-becbb9db\">Sitios \u00fatiles<\/h3>\n\n\n\n<p id=\"wp-block-themeisle-blocks-advanced-heading-45d11933\" class=\"wp-block-themeisle-blocks-advanced-heading wp-block-themeisle-blocks-advanced-heading-45d11933\"><a href=\"http:\/\/turismo.ricercattiva.it\">turismo.ricercattiva.it<\/a><br><a href=\"http:\/\/www.mdtsoftware.it\">www.mdtsoftware.it<\/a><\/p>\n<\/div>\n<\/div>\n\n\n\n<div class=\"wp-block-themeisle-blocks-advanced-column\" id=\"wp-block-themeisle-blocks-advanced-column-0ff5e1ce\">\n<p class=\"wp-block-themeisle-blocks-font-awesome-icons\" id=\"wp-block-themeisle-blocks-font-awesome-icons-bef7f625\"><span class=\"wp-block-themeisle-blocks-font-awesome-icons-container\"><i class=\"far fa-envelope\"><\/i><\/span><\/p>\n\n\n\n<h3 id=\"wp-block-themeisle-blocks-advanced-heading-dbb47dfe\" class=\"wp-block-themeisle-blocks-advanced-heading wp-block-themeisle-blocks-advanced-heading-dbb47dfe\">Env\u00ede un correo electr\u00f3nico a<\/h3>\n\n\n\n<p id=\"wp-block-themeisle-blocks-advanced-heading-56cd61e2\" class=\"wp-block-themeisle-blocks-advanced-heading wp-block-themeisle-blocks-advanced-heading-56cd61e2\"><a href=\"luca.casaburi@ricercattiva.it\">luca.casaburi@ricercattiva.it luca.casaburi@ricercattiva.it<br><\/a><a href=\"mailto:luca.casaburi@mdtsoftware.it\">luca.casaburi@mdtsoftware.it<\/a><\/p>\n<\/div>\n\n\n\n<div class=\"wp-block-themeisle-blocks-advanced-column\" id=\"wp-block-themeisle-blocks-advanced-column-4ca87e43\">\n<p class=\"wp-block-themeisle-blocks-font-awesome-icons\" id=\"wp-block-themeisle-blocks-font-awesome-icons-e5aa46eb\"><span class=\"wp-block-themeisle-blocks-font-awesome-icons-container\"><i class=\"fab fa-instagram\"><\/i><\/span><\/p>\n\n\n\n<h3 id=\"wp-block-themeisle-blocks-advanced-heading-e41f38c3\" class=\"wp-block-themeisle-blocks-advanced-heading wp-block-themeisle-blocks-advanced-heading-e41f38c3\">Instagram<\/h3>\n\n\n\n<p id=\"wp-block-themeisle-blocks-advanced-heading-dca3de75\" class=\"wp-block-themeisle-blocks-advanced-heading wp-block-themeisle-blocks-advanced-heading-dca3de75\"><a href=\"https:\/\/www.instagram.com\/turismo.ricercattiva\/\">@turismo.ricercattiva<\/a><br><a style=\"color:white;\" href=\"https:\/\/www.instagram.com\/lugask\/?hl=it\">@lugask<\/a><\/p>\n<\/div>\n<\/div><\/div>\n\n<div class=\"wp-block-columns is-layout-flex wp-container-core-columns-is-layout-9d6595d7 wp-block-columns-is-layout-flex\">\n<div class=\"wp-block-column is-layout-flow wp-block-column-is-layout-flow\" style=\"flex-basis:100%\">\n<div class=\"wp-block-columns has-nv-dark-bg-background-color has-background is-layout-flex wp-container-core-columns-is-layout-9d6595d7 wp-block-columns-is-layout-flex\">\n<div class=\"wp-block-column is-layout-flow wp-block-column-is-layout-flow\">\n<h2 class=\"has-nv-text-dark-bg-color has-text-color wp-block-heading\" id=\"condividi-un-tuo-pensiero-per-far-innamorare-della-natura-altri-esploratori\">Comparte una idea tuya para que otros exploradores se enamoren de la naturaleza  <\/h2>\n\n\n\n<p class=\"has-white-color has-text-color\"><strong>Deja un pensamiento<\/strong>, una emoci\u00f3n, una foto, un poema o una frase relacionados con los lugares por los que pasa la<strong>Alta Via dei Monti Lattari<\/strong>. Se publicar\u00e1 en el <strong>Diario delle Vette<\/strong>, un diario en l\u00ednea que recoger\u00e1 las frases de los excursionistas en estos lugares que sientan que quieren escribir algo, como en un verdadero diario de cumbres.  <\/p>\n\n\n\n<p class=\"has-white-color has-text-color\">Los Monti Lattari hicieron nacer amores y amistades, dejaron fuertes emociones en las almas sensibles y fuertes. Los caminos de estas monta\u00f1as son ricos en historia, cultura y naturaleza y es hora de potenciarlos. Transmitiendo una parte de nosotros en unas pocas l\u00edneas, podemos dar a conocer un lado invisible de la naturaleza para invitar a muchos a sumergirse en ella y conocerla.<\/p>\n\n\n\n<p class=\"has-white-color has-text-color\">Escriba sus pensamientos y cada mes se actualizar\u00e1 la p\u00e1gina del Diario de la Cumbre para publicar todos los mensajes que recibamos.  <br\/><br\/><strong><em>Un proyecto de concienciaci\u00f3n sobre la naturaleza y el paso de todos por estas tierras ba\u00f1adas por el sol.<\/em><\/strong><\/p>\n\n\n\n<ul class=\"wp-block-social-links is-style-default is-layout-flex wp-block-social-links-is-layout-flex\"><li class=\"wp-social-link wp-social-link-facebook  wp-block-social-link\"><a rel=\"noopener nofollow\" target=\"_blank\" href=\"https:\/\/www.facebook.com\/turismo.ricercattiva\/\" class=\"wp-block-social-link-anchor\"><svg width=\"24\" height=\"24\" viewBox=\"0 0 24 24\" version=\"1.1\" xmlns=\"http:\/\/www.w3.org\/2000\/svg\" aria-hidden=\"true\" focusable=\"false\"><path d=\"M12 2C6.5 2 2 6.5 2 12c0 5 3.7 9.1 8.4 9.9v-7H7.9V12h2.5V9.8c0-2.5 1.5-3.9 3.8-3.9 1.1 0 2.2.2 2.2.2v2.5h-1.3c-1.2 0-1.6.8-1.6 1.6V12h2.8l-.4 2.9h-2.3v7C18.3 21.1 22 17 22 12c0-5.5-4.5-10-10-10z\"><\/path><\/svg><span class=\"wp-block-social-link-label screen-reader-text\">Facebook<\/span><\/a><\/li>\n\n<li class=\"wp-social-link wp-social-link-instagram  wp-block-social-link\"><a rel=\"noopener nofollow\" target=\"_blank\" href=\"https:\/\/www.instagram.com\/lugask\/?hl=it\" class=\"wp-block-social-link-anchor\"><svg width=\"24\" height=\"24\" viewBox=\"0 0 24 24\" version=\"1.1\" xmlns=\"http:\/\/www.w3.org\/2000\/svg\" aria-hidden=\"true\" focusable=\"false\"><path d=\"M12,4.622c2.403,0,2.688,0.009,3.637,0.052c0.877,0.04,1.354,0.187,1.671,0.31c0.42,0.163,0.72,0.358,1.035,0.673 c0.315,0.315,0.51,0.615,0.673,1.035c0.123,0.317,0.27,0.794,0.31,1.671c0.043,0.949,0.052,1.234,0.052,3.637 s-0.009,2.688-0.052,3.637c-0.04,0.877-0.187,1.354-0.31,1.671c-0.163,0.42-0.358,0.72-0.673,1.035 c-0.315,0.315-0.615,0.51-1.035,0.673c-0.317,0.123-0.794,0.27-1.671,0.31c-0.949,0.043-1.233,0.052-3.637,0.052 s-2.688-0.009-3.637-0.052c-0.877-0.04-1.354-0.187-1.671-0.31c-0.42-0.163-0.72-0.358-1.035-0.673 c-0.315-0.315-0.51-0.615-0.673-1.035c-0.123-0.317-0.27-0.794-0.31-1.671C4.631,14.688,4.622,14.403,4.622,12 s0.009-2.688,0.052-3.637c0.04-0.877,0.187-1.354,0.31-1.671c0.163-0.42,0.358-0.72,0.673-1.035 c0.315-0.315,0.615-0.51,1.035-0.673c0.317-0.123,0.794-0.27,1.671-0.31C9.312,4.631,9.597,4.622,12,4.622 M12,3 C9.556,3,9.249,3.01,8.289,3.054C7.331,3.098,6.677,3.25,6.105,3.472C5.513,3.702,5.011,4.01,4.511,4.511 c-0.5,0.5-0.808,1.002-1.038,1.594C3.25,6.677,3.098,7.331,3.054,8.289C3.01,9.249,3,9.556,3,12c0,2.444,0.01,2.751,0.054,3.711 c0.044,0.958,0.196,1.612,0.418,2.185c0.23,0.592,0.538,1.094,1.038,1.594c0.5,0.5,1.002,0.808,1.594,1.038 c0.572,0.222,1.227,0.375,2.185,0.418C9.249,20.99,9.556,21,12,21s2.751-0.01,3.711-0.054c0.958-0.044,1.612-0.196,2.185-0.418 c0.592-0.23,1.094-0.538,1.594-1.038c0.5-0.5,0.808-1.002,1.038-1.594c0.222-0.572,0.375-1.227,0.418-2.185 C20.99,14.751,21,14.444,21,12s-0.01-2.751-0.054-3.711c-0.044-0.958-0.196-1.612-0.418-2.185c-0.23-0.592-0.538-1.094-1.038-1.594 c-0.5-0.5-1.002-0.808-1.594-1.038c-0.572-0.222-1.227-0.375-2.185-0.418C14.751,3.01,14.444,3,12,3L12,3z M12,7.378 c-2.552,0-4.622,2.069-4.622,4.622S9.448,16.622,12,16.622s4.622-2.069,4.622-4.622S14.552,7.378,12,7.378z M12,15 c-1.657,0-3-1.343-3-3s1.343-3,3-3s3,1.343,3,3S13.657,15,12,15z M16.804,6.116c-0.596,0-1.08,0.484-1.08,1.08 s0.484,1.08,1.08,1.08c0.596,0,1.08-0.484,1.08-1.08S17.401,6.116,16.804,6.116z\"><\/path><\/svg><span class=\"wp-block-social-link-label screen-reader-text\">Instagram<\/span><\/a><\/li><\/ul>\n\n\n\n<p><\/p>\n<\/div>\n\n\n\n<div class=\"wp-block-column is-layout-flow wp-block-column-is-layout-flow\">\n<div class=\"wp-block-contact-form-7-contact-form-selector ticss-c61ff311\">\n<div class=\"wpcf7 no-js\" id=\"wpcf7-f3883-o1\" lang=\"it-IT\" dir=\"ltr\" data-wpcf7-id=\"3883\">\n<div class=\"screen-reader-response\"><p role=\"status\" aria-live=\"polite\" aria-atomic=\"true\"><\/p> <ul><\/ul><\/div>\n<form action=\"\/es\/wp-json\/wp\/v2\/pages\/6011#wpcf7-f3883-o1\" method=\"post\" class=\"wpcf7-form init\" aria-label=\"Modulo di contatto\" enctype=\"multipart\/form-data\" novalidate=\"novalidate\" data-status=\"init\">\n<fieldset class=\"hidden-fields-container\"><input type=\"hidden\" name=\"_wpcf7\" value=\"3883\" \/><input type=\"hidden\" name=\"_wpcf7_version\" value=\"6.1.5\" \/><input type=\"hidden\" name=\"_wpcf7_locale\" value=\"it_IT\" \/><input type=\"hidden\" name=\"_wpcf7_unit_tag\" value=\"wpcf7-f3883-o1\" \/><input type=\"hidden\" name=\"_wpcf7_container_post\" value=\"0\" \/><input type=\"hidden\" name=\"_wpcf7_posted_data_hash\" value=\"\" \/>\n<\/fieldset>\n<p><label> Nome e cognome<br \/>\n<span class=\"wpcf7-form-control-wrap\" data-name=\"your-name\"><input size=\"40\" maxlength=\"400\" class=\"wpcf7-form-control wpcf7-text wpcf7-validates-as-required\" aria-required=\"true\" aria-invalid=\"false\" value=\"\" type=\"text\" name=\"your-name\" \/><\/span> <\/label>\n<\/p>\n<p><label> Email<br \/>\n<span class=\"wpcf7-form-control-wrap\" data-name=\"your-email\"><input size=\"40\" maxlength=\"400\" class=\"wpcf7-form-control wpcf7-email wpcf7-validates-as-required wpcf7-text wpcf7-validates-as-email\" aria-required=\"true\" aria-invalid=\"false\" value=\"\" type=\"email\" name=\"your-email\" \/><\/span> <\/label>\n<\/p>\n<p><label> Oggetto<br \/>\n<span class=\"wpcf7-form-control-wrap\" data-name=\"your-subject\"><input size=\"40\" maxlength=\"400\" class=\"wpcf7-form-control wpcf7-text wpcf7-validates-as-required\" aria-required=\"true\" aria-invalid=\"false\" value=\"\" type=\"text\" name=\"your-subject\" \/><\/span> <\/label>\n<\/p>\n<p><label> Vetta \/ Montagna \/ Sentiero \/ Luogo<br \/>\n<span class=\"wpcf7-form-control-wrap\" data-name=\"sentiero\"><input size=\"40\" maxlength=\"400\" class=\"wpcf7-form-control wpcf7-text wpcf7-validates-as-required\" aria-required=\"true\" aria-invalid=\"false\" value=\"\" type=\"text\" name=\"sentiero\" \/><\/span> <\/label>\n<\/p>\n<p><label> Data<br \/>\n<span class=\"wpcf7-form-control-wrap\" data-name=\"data-nota\"><input class=\"wpcf7-form-control wpcf7-date wpcf7-validates-as-required wpcf7-validates-as-date\" aria-required=\"true\" aria-invalid=\"false\" value=\"\" type=\"date\" name=\"data-nota\" \/><\/span> <\/label>\n<\/p>\n<p><label> Il tuo messaggio (facoltativo)<br \/>\n<span class=\"wpcf7-form-control-wrap\" data-name=\"your-message\"><textarea cols=\"40\" rows=\"10\" maxlength=\"2000\" class=\"wpcf7-form-control wpcf7-textarea\" aria-invalid=\"false\" name=\"your-message\"><\/textarea><\/span> <\/label>\n<\/p>\n<p><label> Una tua foto (facoltativo)<br \/>\n<span class=\"wpcf7-form-control-wrap\" data-name=\"allegato\"><input size=\"40\" class=\"wpcf7-form-control wpcf7-file\" accept=\"audio\/*,video\/*,image\/*\" aria-invalid=\"false\" type=\"file\" name=\"allegato\" \/><\/span><br \/>\n<span class=\"wpcf7-form-control-wrap\" data-name=\"accettazione-gdpr\"><span class=\"wpcf7-form-control wpcf7-acceptance\"><span class=\"wpcf7-list-item\"><label><input type=\"checkbox\" name=\"accettazione-gdpr\" value=\"1\" aria-invalid=\"false\" \/><span class=\"wpcf7-list-item-label\">Ho letto l'<a href=\"https:\/\/altaviadeimontilattari.it\/informativa-sulla-privacy\/\" target=\"_blank\" rel=\"nofollow noopener\">informativa privacy<\/a> e acconsento alla memorizzazione dei miei dati nel vostro archivio secondo quanto stabilito dal regolamento europeo per la protezione dei dati personali n. 679\/2016, GDPR.<\/span><\/label><\/span><\/span><\/span> <span style=\"font-size: 13px; color:white;\">(Potrai cancellarli o chiederne una copia facendo esplicita richiesta a luca.casaburi@ricercattiva.it)<\/span> <span style=\"font-size: 13px; color: #ff0000;\">(richiesto)<\/span><br \/>\n<div id=\"cf7sr-69f3eea61e559\" class=\"cf7sr-g-recaptcha\" data-theme=\"light\" data-type=\"image\" data-size=\"normal\" data-sitekey=\"6Lc7Zg8jAAAAALBfRpvCUYETIoIMWwc_3JKNcwi6\"><\/div><span class=\"wpcf7-form-control-wrap cf7sr-recaptcha\" data-name=\"cf7sr-recaptcha\"><input type=\"hidden\" name=\"cf7sr-recaptcha\" value=\"\" class=\"wpcf7-form-control\"><\/span><br \/>\n<input class=\"wpcf7-form-control wpcf7-submit has-spinner\" type=\"submit\" value=\"Invia\" \/><\/label>\n<\/p><p style=\"display: none !important;\" class=\"akismet-fields-container\" data-prefix=\"_wpcf7_ak_\"><label>&#916;<textarea name=\"_wpcf7_ak_hp_textarea\" cols=\"45\" rows=\"8\" maxlength=\"100\"><\/textarea><\/label><input type=\"hidden\" id=\"ak_js_1\" name=\"_wpcf7_ak_js\" value=\"115\"\/><script>\ndocument.getElementById( \"ak_js_1\" ).setAttribute( \"value\", ( new Date() ).getTime() );\n<\/script>\n<\/p><div class=\"wpcf7-response-output\" aria-hidden=\"true\"><\/div>\n<\/form>\n<\/div>\n<\/div>\n<\/div>\n<\/div>\n<\/div>\n<\/div>\n<div style=\"margin: 20px 0;\"><div class=\"qrcswholewtapper\" style=\"text-align:left;\"><div class=\"qrcprowrapper\"  id=\"qrcwraa2leds\"><div class=\"qrc_canvass\" id=\"qrc_cuttenpages_2\" style=\"display:inline-block\" data-text=\"https:\/\/www.altaviadeimontilattari.it\/es\/diario-de-la-cumbre\/\"><\/div><div><a download=\"Diario de la Cumbre.png\" class=\"qrcdownloads\" id=\"worign\">\r\n           <button type=\"button\" style=\"min-width:200px;background:#81ea00;color:#000;font-weight: 600;border: 1px solid #dddddd;border-radius:4px;font-size:12px;padding: 6px 0;\" class=\"uqr_code_btn\">Download QR<\/button>\r\n           <\/a><\/div><\/div><\/div><\/div>","protected":false},"excerpt":{"rendered":"<p>Comparte una idea tuya para que otros exploradores se enamoren de la naturaleza Deja un pensamiento, una emoci\u00f3n, una foto, un poema o una frase relacionados con los lugares por los que pasa laAlta Via dei Monti Lattari. Se publicar\u00e1 en el Diario delle Vette, un diario en l\u00ednea que recoger\u00e1 las frases de los&hellip;&nbsp;<a href=\"https:\/\/www.altaviadeimontilattari.it\/es\/diario-de-la-cumbre\/\" rel=\"bookmark\">Read More &raquo;<span class=\"screen-reader-text\">Diario de la Cumbre<\/span><\/a><\/p>\n","protected":false},"author":1,"featured_media":0,"parent":0,"menu_order":0,"comment_status":"closed","ping_status":"closed","template":"page-templates\/template-pagebuilder-full-width.php","meta":{"neve_meta_sidebar":"full-width","neve_meta_container":"","neve_meta_enable_content_width":"on","neve_meta_content_width":100,"neve_meta_title_alignment":"","neve_meta_author_avatar":"","neve_post_elements_order":"","neve_meta_disable_header":"","neve_meta_disable_footer":"","neve_meta_disable_title":"on","neve_meta_reading_time":"","_themeisle_gutenberg_block_has_review":false,"jetpack_post_was_ever_published":false,"footnotes":""},"class_list":["post-6011","page","type-page","status-publish","hentry"],"yoast_head":"<!-- This site is optimized with the Yoast SEO plugin v27.4 - https:\/\/yoast.com\/product\/yoast-seo-wordpress\/ -->\n<title>Diario de la Cumbre - Alta Via dei Monti Lattari<\/title>\n<meta name=\"description\" content=\"Deja un pensamiento, una emoci\u00f3n, una foto, un poema o una frase relacionados con los lugares por los que pasa la Alta Via dei Monti Lattari.\" \/>\n<meta name=\"robots\" content=\"index, follow, max-snippet:-1, max-image-preview:large, max-video-preview:-1\" \/>\n<link rel=\"canonical\" href=\"https:\/\/www.altaviadeimontilattari.it\/es\/diario-de-la-cumbre\/\" \/>\n<meta property=\"og:locale\" content=\"es_ES\" \/>\n<meta property=\"og:type\" content=\"article\" \/>\n<meta property=\"og:title\" content=\"Diario de la Cumbre - Alta Via dei Monti Lattari\" \/>\n<meta property=\"og:description\" content=\"Deja un pensamiento, una emoci\u00f3n, una foto, un poema o una frase relacionados con los lugares por los que pasa la Alta Via dei Monti Lattari.\" \/>\n<meta property=\"og:url\" content=\"https:\/\/www.altaviadeimontilattari.it\/es\/diario-de-la-cumbre\/\" \/>\n<meta property=\"og:site_name\" content=\"Alta Via dei Monti Lattari\" \/>\n<meta property=\"article:modified_time\" content=\"2022-06-30T13:40:08+00:00\" \/>\n<meta name=\"twitter:card\" content=\"summary_large_image\" \/>\n<meta name=\"twitter:label1\" content=\"Tiempo de lectura\" \/>\n\t<meta name=\"twitter:data1\" content=\"1 minuto\" \/>\n<script type=\"application\/ld+json\" class=\"yoast-schema-graph\">{\"@context\":\"https:\\\/\\\/schema.org\",\"@graph\":[{\"@type\":\"WebPage\",\"@id\":\"https:\\\/\\\/www.altaviadeimontilattari.it\\\/es\\\/diario-de-la-cumbre\\\/\",\"url\":\"https:\\\/\\\/www.altaviadeimontilattari.it\\\/es\\\/diario-de-la-cumbre\\\/\",\"name\":\"Diario de la Cumbre - Alta Via dei Monti Lattari\",\"isPartOf\":{\"@id\":\"https:\\\/\\\/www.altaviadeimontilattari.it\\\/#website\"},\"datePublished\":\"2022-01-15T17:58:52+00:00\",\"dateModified\":\"2022-06-30T13:40:08+00:00\",\"description\":\"Deja un pensamiento, una emoci\u00f3n, una foto, un poema o una frase relacionados con los lugares por los que pasa la Alta Via dei Monti Lattari.\",\"breadcrumb\":{\"@id\":\"https:\\\/\\\/www.altaviadeimontilattari.it\\\/es\\\/diario-de-la-cumbre\\\/#breadcrumb\"},\"inLanguage\":\"es\",\"potentialAction\":[{\"@type\":\"ReadAction\",\"target\":[\"https:\\\/\\\/www.altaviadeimontilattari.it\\\/es\\\/diario-de-la-cumbre\\\/\"]}]},{\"@type\":\"BreadcrumbList\",\"@id\":\"https:\\\/\\\/www.altaviadeimontilattari.it\\\/es\\\/diario-de-la-cumbre\\\/#breadcrumb\",\"itemListElement\":[{\"@type\":\"ListItem\",\"position\":1,\"name\":\"Home\",\"item\":\"https:\\\/\\\/www.altaviadeimontilattari.it\\\/es\\\/\"},{\"@type\":\"ListItem\",\"position\":2,\"name\":\"Diario de la Cumbre\"}]},{\"@type\":\"WebSite\",\"@id\":\"https:\\\/\\\/www.altaviadeimontilattari.it\\\/#website\",\"url\":\"https:\\\/\\\/www.altaviadeimontilattari.it\\\/\",\"name\":\"Alta Via dei Monti Lattari\",\"description\":\"La montagna \u00e8 un modo di vivere la vita.\",\"publisher\":{\"@id\":\"https:\\\/\\\/www.altaviadeimontilattari.it\\\/#organization\"},\"potentialAction\":[{\"@type\":\"SearchAction\",\"target\":{\"@type\":\"EntryPoint\",\"urlTemplate\":\"https:\\\/\\\/www.altaviadeimontilattari.it\\\/?s={search_term_string}\"},\"query-input\":{\"@type\":\"PropertyValueSpecification\",\"valueRequired\":true,\"valueName\":\"search_term_string\"}}],\"inLanguage\":\"es\"},{\"@type\":\"Organization\",\"@id\":\"https:\\\/\\\/www.altaviadeimontilattari.it\\\/#organization\",\"name\":\"Alta Via dei Monti Lattari\",\"url\":\"https:\\\/\\\/www.altaviadeimontilattari.it\\\/\",\"logo\":{\"@type\":\"ImageObject\",\"inLanguage\":\"es\",\"@id\":\"https:\\\/\\\/www.altaviadeimontilattari.it\\\/#\\\/schema\\\/logo\\\/image\\\/\",\"url\":\"https:\\\/\\\/i0.wp.com\\\/www.altaviadeimontilattari.it\\\/wp-content\\\/uploads\\\/2020\\\/12\\\/alta_via_monyi_lattari_logo.png?fit=325%2C100&ssl=1\",\"contentUrl\":\"https:\\\/\\\/i0.wp.com\\\/www.altaviadeimontilattari.it\\\/wp-content\\\/uploads\\\/2020\\\/12\\\/alta_via_monyi_lattari_logo.png?fit=325%2C100&ssl=1\",\"width\":325,\"height\":100,\"caption\":\"Alta Via dei Monti Lattari\"},\"image\":{\"@id\":\"https:\\\/\\\/www.altaviadeimontilattari.it\\\/#\\\/schema\\\/logo\\\/image\\\/\"}}]}<\/script>\n<!-- \/ Yoast SEO plugin. -->","yoast_head_json":{"title":"Diario de la Cumbre - Alta Via dei Monti Lattari","description":"Deja un pensamiento, una emoci\u00f3n, una foto, un poema o una frase relacionados con los lugares por los que pasa la Alta Via dei Monti Lattari.","robots":{"index":"index","follow":"follow","max-snippet":"max-snippet:-1","max-image-preview":"max-image-preview:large","max-video-preview":"max-video-preview:-1"},"canonical":"https:\/\/www.altaviadeimontilattari.it\/es\/diario-de-la-cumbre\/","og_locale":"es_ES","og_type":"article","og_title":"Diario de la Cumbre - Alta Via dei Monti Lattari","og_description":"Deja un pensamiento, una emoci\u00f3n, una foto, un poema o una frase relacionados con los lugares por los que pasa la Alta Via dei Monti Lattari.","og_url":"https:\/\/www.altaviadeimontilattari.it\/es\/diario-de-la-cumbre\/","og_site_name":"Alta Via dei Monti Lattari","article_modified_time":"2022-06-30T13:40:08+00:00","twitter_card":"summary_large_image","twitter_misc":{"Tiempo de lectura":"1 minuto"},"schema":{"@context":"https:\/\/schema.org","@graph":[{"@type":"WebPage","@id":"https:\/\/www.altaviadeimontilattari.it\/es\/diario-de-la-cumbre\/","url":"https:\/\/www.altaviadeimontilattari.it\/es\/diario-de-la-cumbre\/","name":"Diario de la Cumbre - Alta Via dei Monti Lattari","isPartOf":{"@id":"https:\/\/www.altaviadeimontilattari.it\/#website"},"datePublished":"2022-01-15T17:58:52+00:00","dateModified":"2022-06-30T13:40:08+00:00","description":"Deja un pensamiento, una emoci\u00f3n, una foto, un poema o una frase relacionados con los lugares por los que pasa la Alta Via dei Monti Lattari.","breadcrumb":{"@id":"https:\/\/www.altaviadeimontilattari.it\/es\/diario-de-la-cumbre\/#breadcrumb"},"inLanguage":"es","potentialAction":[{"@type":"ReadAction","target":["https:\/\/www.altaviadeimontilattari.it\/es\/diario-de-la-cumbre\/"]}]},{"@type":"BreadcrumbList","@id":"https:\/\/www.altaviadeimontilattari.it\/es\/diario-de-la-cumbre\/#breadcrumb","itemListElement":[{"@type":"ListItem","position":1,"name":"Home","item":"https:\/\/www.altaviadeimontilattari.it\/es\/"},{"@type":"ListItem","position":2,"name":"Diario de la Cumbre"}]},{"@type":"WebSite","@id":"https:\/\/www.altaviadeimontilattari.it\/#website","url":"https:\/\/www.altaviadeimontilattari.it\/","name":"Alta Via dei Monti Lattari","description":"La montagna \u00e8 un modo di vivere la vita.","publisher":{"@id":"https:\/\/www.altaviadeimontilattari.it\/#organization"},"potentialAction":[{"@type":"SearchAction","target":{"@type":"EntryPoint","urlTemplate":"https:\/\/www.altaviadeimontilattari.it\/?s={search_term_string}"},"query-input":{"@type":"PropertyValueSpecification","valueRequired":true,"valueName":"search_term_string"}}],"inLanguage":"es"},{"@type":"Organization","@id":"https:\/\/www.altaviadeimontilattari.it\/#organization","name":"Alta Via dei Monti Lattari","url":"https:\/\/www.altaviadeimontilattari.it\/","logo":{"@type":"ImageObject","inLanguage":"es","@id":"https:\/\/www.altaviadeimontilattari.it\/#\/schema\/logo\/image\/","url":"https:\/\/i0.wp.com\/www.altaviadeimontilattari.it\/wp-content\/uploads\/2020\/12\/alta_via_monyi_lattari_logo.png?fit=325%2C100&ssl=1","contentUrl":"https:\/\/i0.wp.com\/www.altaviadeimontilattari.it\/wp-content\/uploads\/2020\/12\/alta_via_monyi_lattari_logo.png?fit=325%2C100&ssl=1","width":325,"height":100,"caption":"Alta Via dei Monti Lattari"},"image":{"@id":"https:\/\/www.altaviadeimontilattari.it\/#\/schema\/logo\/image\/"}}]}},"jetpack-related-posts":[{"id":6125,"url":"https:\/\/www.altaviadeimontilattari.it\/es\/la-costa-amalfitana\/","url_meta":{"origin":6011,"position":0},"title":"la costa amalfitana","author":"","date":"19 de noviembre de 2020","format":false,"excerpt":"La costa de Amalfi representa el espl\u00e9ndido paisaje situado al sur de la ca\u00f3tica y fascinante N\u00e1poles. En apoyo de esto, las islas de Capri, Ischia y Procida han sido atractivos para millones de visitantes provenientes no solo de Italia. Las ciudades que animan las costas de Campania est\u00e1n inmersas\u2026","rel":"","context":"Entrada similar","block_context":{"text":"Entrada similar","link":""},"img":{"alt_text":"","src":"","width":0,"height":0},"classes":[]},{"id":5954,"url":"https:\/\/www.altaviadeimontilattari.it\/es\/consejos-utiles-para-organizarse\/","url_meta":{"origin":6011,"position":1},"title":"Consejos \u00fatiles para organizarse","author":"","date":"20 de noviembre de 2020","format":false,"excerpt":"Senderismo en Costa de Amalfi es hermosa y debe seguir si\u00e9ndolo. Durante su experiencia, es importante que practique el senderismo de forma responsable, sobre todo por el creciente n\u00famero de turistas que se adentran en los senderos cada a\u00f1o. Aqu\u00ed tienes algunos consejos para organizarte y vivir al m\u00e1ximo el\u2026","rel":"","context":"Entrada similar","block_context":{"text":"Entrada similar","link":""},"img":{"alt_text":"","src":"","width":0,"height":0},"classes":[]},{"id":7291,"url":"https:\/\/www.altaviadeimontilattari.it\/es\/cammina-con-noi-iii-edicion-2024\/","url_meta":{"origin":6011,"position":2},"title":"Cammina con noi &#8211; III edici\u00f3n 2024","author":"Luca Casaburi","date":"11 de abril de 2024","format":false,"excerpt":"Cualquiera puede caminar con nosotros. Descubra con nosotros la Alta Via dei Monti Lattari. Recorremos la Alta Via dei Monti Lattari en su totalidad a lo largo de tres d\u00edas, siguiendo todo el camino de los 300CAI. Parte del municipio de Cava de' Tirreni y llega hasta Punta Campanella, el\u2026","rel":"","context":"Entrada similar","block_context":{"text":"Entrada similar","link":""},"img":{"alt_text":"","src":"https:\/\/i0.wp.com\/www.altaviadeimontilattari.it\/wp-content\/uploads\/2024\/04\/iii-edizione.jpg?resize=350%2C200&ssl=1","width":350,"height":200,"srcset":"https:\/\/i0.wp.com\/www.altaviadeimontilattari.it\/wp-content\/uploads\/2024\/04\/iii-edizione.jpg?resize=350%2C200&ssl=1 1x, https:\/\/i0.wp.com\/www.altaviadeimontilattari.it\/wp-content\/uploads\/2024\/04\/iii-edizione.jpg?resize=525%2C300&ssl=1 1.5x, https:\/\/i0.wp.com\/www.altaviadeimontilattari.it\/wp-content\/uploads\/2024\/04\/iii-edizione.jpg?resize=700%2C400&ssl=1 2x"},"classes":[]},{"id":5936,"url":"https:\/\/www.altaviadeimontilattari.it\/es\/camina-con-nosotros\/","url_meta":{"origin":6011,"position":3},"title":"Camina con nosotros","author":"Luca Casaburi","date":"6 de mayo de 2022","format":false,"excerpt":"Cualquiera puede caminar con nosotros. Descubra con nosotros la Alta Via dei Monti Lattari. Camina con nosotros Del 2 al 4 de junio de 2022 Recorremos la Alta Via dei Monti Lattari en su totalidad a lo largo de tres d\u00edas, siguiendo todo el camino de los 300CAI. Parte del\u2026","rel":"","context":"Entrada similar","block_context":{"text":"Entrada similar","link":""},"img":{"alt_text":"","src":"https:\/\/i0.wp.com\/www.altaviadeimontilattari.it\/wp-content\/uploads\/2022\/05\/monte_finestra_sud-edited.jpg?resize=350%2C200&ssl=1","width":350,"height":200,"srcset":"https:\/\/i0.wp.com\/www.altaviadeimontilattari.it\/wp-content\/uploads\/2022\/05\/monte_finestra_sud-edited.jpg?resize=350%2C200&ssl=1 1x, https:\/\/i0.wp.com\/www.altaviadeimontilattari.it\/wp-content\/uploads\/2022\/05\/monte_finestra_sud-edited.jpg?resize=525%2C300&ssl=1 1.5x, https:\/\/i0.wp.com\/www.altaviadeimontilattari.it\/wp-content\/uploads\/2022\/05\/monte_finestra_sud-edited.jpg?resize=700%2C400&ssl=1 2x"},"classes":[]},{"id":5995,"url":"https:\/\/www.altaviadeimontilattari.it\/es\/la-costa-amalfitana-y-la-peninsula-sorrentina-entre-poesia-arte-y-aforismos\/","url_meta":{"origin":6011,"position":4},"title":"La Costa Amalfitana y la Pen\u00ednsula Sorrentina entre poes\u00eda, arte y aforismos","author":"Luca Casaburi","date":"28 de mayo de 2022","format":false,"excerpt":"La Costa de Amalfi siempre ha sido tierra de marineros e inventores, pero tambi\u00e9n inspiraci\u00f3n para poetas, escritores y grandes compositores. Propongo un viaje por estas tierras, verdaderos cuadros enmarcados por un cielo a\u00f1il y un mar esmeralda, vistos a trav\u00e9s de los ojos de ilustres visitantes. La costa fue\u2026","rel":"","context":"Entrada similar","block_context":{"text":"Entrada similar","link":""},"img":{"alt_text":"","src":"","width":0,"height":0},"classes":[]},{"id":6126,"url":"https:\/\/www.altaviadeimontilattari.it\/es\/politica-de-privacidad\/","url_meta":{"origin":6011,"position":5},"title":"Pol\u00edtica de privacidad","author":"Luca Casaburi","date":"16 de febrero de 2021","format":false,"excerpt":"Pol\u00edtica de privacidad de www.altaviadeimontilattari.it Esta Aplicaci\u00f3n recopila algunos Datos Personales de sus Usuarios. Tipos de datos recopilados Tipos de datos recopilados Entre los Datos Personales que recoge esta Aplicaci\u00f3n, ya sea de forma independiente o a trav\u00e9s de terceros, se encuentran: nombre, apellidos, correo electr\u00f3nico, cookies y datos de\u2026","rel":"","context":"Entrada similar","block_context":{"text":"Entrada similar","link":""},"img":{"alt_text":"","src":"","width":0,"height":0},"classes":[]}],"jetpack_shortlink":"https:\/\/wp.me\/PcGNaV-1yX","jetpack_sharing_enabled":true,"_links":{"self":[{"href":"https:\/\/www.altaviadeimontilattari.it\/es\/wp-json\/wp\/v2\/pages\/6011","targetHints":{"allow":["GET"]}}],"collection":[{"href":"https:\/\/www.altaviadeimontilattari.it\/es\/wp-json\/wp\/v2\/pages"}],"about":[{"href":"https:\/\/www.altaviadeimontilattari.it\/es\/wp-json\/wp\/v2\/types\/page"}],"author":[{"embeddable":true,"href":"https:\/\/www.altaviadeimontilattari.it\/es\/wp-json\/wp\/v2\/users\/1"}],"replies":[{"embeddable":true,"href":"https:\/\/www.altaviadeimontilattari.it\/es\/wp-json\/wp\/v2\/comments?post=6011"}],"version-history":[{"count":1,"href":"https:\/\/www.altaviadeimontilattari.it\/es\/wp-json\/wp\/v2\/pages\/6011\/revisions"}],"predecessor-version":[{"id":6014,"href":"https:\/\/www.altaviadeimontilattari.it\/es\/wp-json\/wp\/v2\/pages\/6011\/revisions\/6014"}],"wp:attachment":[{"href":"https:\/\/www.altaviadeimontilattari.it\/es\/wp-json\/wp\/v2\/media?parent=6011"}],"curies":[{"name":"wp","href":"https:\/\/api.w.org\/{rel}","templated":true}]}}