{"id":6722,"date":"2022-07-08T12:47:01","date_gmt":"2022-07-08T12:47:01","guid":{"rendered":"https:\/\/www.altaviadeimontilattari.it\/nuevohogar\/"},"modified":"2022-07-13T08:02:07","modified_gmt":"2022-07-13T08:02:07","slug":"hogar","status":"publish","type":"page","link":"https:\/\/www.altaviadeimontilattari.it\/es\/","title":{"rendered":"Hogar"},"content":{"rendered":"\t\t<div data-elementor-type=\"wp-page\" data-elementor-id=\"6722\" class=\"elementor elementor-6722 elementor-6275\">\n\t\t\t\t\t\t<section class=\"elementor-section elementor-top-section elementor-element elementor-element-636c2f5 elementor-section-stretched elementor-section-boxed elementor-section-height-default elementor-section-height-default\" data-id=\"636c2f5\" data-element_type=\"section\" data-e-type=\"section\" data-settings=\"{&quot;stretch_section&quot;:&quot;section-stretched&quot;,&quot;background_background&quot;:&quot;classic&quot;}\">\n\t\t\t\t\t\t<div class=\"elementor-container elementor-column-gap-default\">\n\t\t\t\t\t<div class=\"elementor-column elementor-col-100 elementor-top-column elementor-element elementor-element-5a31517\" data-id=\"5a31517\" data-element_type=\"column\" data-e-type=\"column\">\n\t\t\t<div class=\"elementor-widget-wrap elementor-element-populated\">\n\t\t\t\t\t\t<div class=\"elementor-element elementor-element-0dc858d elementor-widget elementor-widget-heading\" data-id=\"0dc858d\" data-element_type=\"widget\" data-e-type=\"widget\" data-widget_type=\"heading.default\">\n\t\t\t\t<div class=\"elementor-widget-container\">\n\t\t\t\t\t<h2 class=\"elementor-heading-title elementor-size-default\">Alta V\u00eda Dei Monti Lattari <\/h2>\t\t\t\t<\/div>\n\t\t\t\t<\/div>\n\t\t\t\t<div class=\"elementor-element elementor-element-dd4c70e elementor-widget elementor-widget-text-editor\" data-id=\"dd4c70e\" data-element_type=\"widget\" data-e-type=\"widget\" data-widget_type=\"text-editor.default\">\n\t\t\t\t<div class=\"elementor-widget-container\">\n\t\t\t\t\t\t\t\t\t<p>En los grandes espacios de la monta\u00f1a, en sus altos silencios, el hombre sin distracciones puede captar el sentido de su peque\u00f1ez y la dimensi\u00f3n infinita de su alma.<\/p>\t\t\t\t\t\t\t\t<\/div>\n\t\t\t\t<\/div>\n\t\t\t\t<div class=\"elementor-element elementor-element-4ee3b6c elementor-widget__width-auto elementor-widget elementor-widget-button\" data-id=\"4ee3b6c\" data-element_type=\"widget\" data-e-type=\"widget\" data-widget_type=\"button.default\">\n\t\t\t\t<div class=\"elementor-widget-container\">\n\t\t\t\t\t\t\t\t\t<div class=\"elementor-button-wrapper\">\n\t\t\t\t\t<a class=\"elementor-button elementor-button-link elementor-size-sm\" href=\"https:\/\/www.altaviadeimontilattari.it\/es\/alta-via-dei-monti-lattari\/\">\n\t\t\t\t\t\t<span class=\"elementor-button-content-wrapper\">\n\t\t\t\t\t\t\t\t\t<span class=\"elementor-button-text\">DESCUBRA M\u00c1S<\/span>\n\t\t\t\t\t<\/span>\n\t\t\t\t\t<\/a>\n\t\t\t\t<\/div>\n\t\t\t\t\t\t\t\t<\/div>\n\t\t\t\t<\/div>\n\t\t\t\t<div class=\"elementor-element elementor-element-242329b elementor-widget__width-auto elementor-widget elementor-widget-button\" data-id=\"242329b\" data-element_type=\"widget\" data-e-type=\"widget\" data-widget_type=\"button.default\">\n\t\t\t\t<div class=\"elementor-widget-container\">\n\t\t\t\t\t\t\t\t\t<div class=\"elementor-button-wrapper\">\n\t\t\t\t\t<a class=\"elementor-button elementor-button-link elementor-size-sm\" href=\"https:\/\/www.altaviadeimontilattari.it\/es\/tour-dellalta-via-dei-monti-lattari\/\">\n\t\t\t\t\t\t<span class=\"elementor-button-content-wrapper\">\n\t\t\t\t\t\t\t\t\t<span class=\"elementor-button-text\">Sendero<\/span>\n\t\t\t\t\t<\/span>\n\t\t\t\t\t<\/a>\n\t\t\t\t<\/div>\n\t\t\t\t\t\t\t\t<\/div>\n\t\t\t\t<\/div>\n\t\t\t\t\t<\/div>\n\t\t<\/div>\n\t\t\t\t\t<\/div>\n\t\t<\/section>\n\t\t\t\t<section class=\"elementor-section elementor-top-section elementor-element elementor-element-d6c73a6 elementor-section-boxed elementor-section-height-default elementor-section-height-default\" data-id=\"d6c73a6\" data-element_type=\"section\" data-e-type=\"section\">\n\t\t\t\t\t\t<div class=\"elementor-container elementor-column-gap-default\">\n\t\t\t\t\t<div class=\"elementor-column elementor-col-33 elementor-top-column elementor-element elementor-element-41fedc6\" data-id=\"41fedc6\" data-element_type=\"column\" data-e-type=\"column\">\n\t\t\t<div class=\"elementor-widget-wrap elementor-element-populated\">\n\t\t\t\t\t\t<div class=\"elementor-element elementor-element-6195e26 elementor-view-stacked elementor-shape-circle elementor-widget elementor-widget-icon\" data-id=\"6195e26\" data-element_type=\"widget\" data-e-type=\"widget\" data-widget_type=\"icon.default\">\n\t\t\t\t<div class=\"elementor-widget-container\">\n\t\t\t\t\t\t\t<div class=\"elementor-icon-wrapper\">\n\t\t\t<div class=\"elementor-icon\">\n\t\t\t<i aria-hidden=\"true\" class=\"fas fa-tree\"><\/i>\t\t\t<\/div>\n\t\t<\/div>\n\t\t\t\t\t\t<\/div>\n\t\t\t\t<\/div>\n\t\t\t\t<div class=\"elementor-element elementor-element-8f5b93c elementor-widget elementor-widget-heading\" data-id=\"8f5b93c\" data-element_type=\"widget\" data-e-type=\"widget\" data-widget_type=\"heading.default\">\n\t\t\t\t<div class=\"elementor-widget-container\">\n\t\t\t\t\t<h3 class=\"elementor-heading-title elementor-size-default\">contacto con la naturaleza<\/h3>\t\t\t\t<\/div>\n\t\t\t\t<\/div>\n\t\t\t\t<div class=\"elementor-element elementor-element-ff636de elementor-widget elementor-widget-text-editor\" data-id=\"ff636de\" data-element_type=\"widget\" data-e-type=\"widget\" data-widget_type=\"text-editor.default\">\n\t\t\t\t<div class=\"elementor-widget-container\">\n\t\t\t\t\t\t\t\t\t<p>Paisajes salvajes y rurales, mar azul profundo, acantilados y calas escondidas, parques, flora y fauna protegida.<\/p>\t\t\t\t\t\t\t\t<\/div>\n\t\t\t\t<\/div>\n\t\t\t\t\t<\/div>\n\t\t<\/div>\n\t\t\t\t<div class=\"elementor-column elementor-col-33 elementor-top-column elementor-element elementor-element-2ec9af7\" data-id=\"2ec9af7\" data-element_type=\"column\" data-e-type=\"column\">\n\t\t\t<div class=\"elementor-widget-wrap elementor-element-populated\">\n\t\t\t\t\t\t<div class=\"elementor-element elementor-element-5b49716 elementor-view-stacked elementor-shape-circle elementor-widget elementor-widget-icon\" data-id=\"5b49716\" data-element_type=\"widget\" data-e-type=\"widget\" data-widget_type=\"icon.default\">\n\t\t\t\t<div class=\"elementor-widget-container\">\n\t\t\t\t\t\t\t<div class=\"elementor-icon-wrapper\">\n\t\t\t<div class=\"elementor-icon\">\n\t\t\t<i aria-hidden=\"true\" class=\"fas fa-landmark\"><\/i>\t\t\t<\/div>\n\t\t<\/div>\n\t\t\t\t\t\t<\/div>\n\t\t\t\t<\/div>\n\t\t\t\t<div class=\"elementor-element elementor-element-9c1de4f elementor-widget elementor-widget-heading\" data-id=\"9c1de4f\" data-element_type=\"widget\" data-e-type=\"widget\" data-widget_type=\"heading.default\">\n\t\t\t\t<div class=\"elementor-widget-container\">\n\t\t\t\t\t<h3 class=\"elementor-heading-title elementor-size-default\">Tierra rica en historia<\/h3>\t\t\t\t<\/div>\n\t\t\t\t<\/div>\n\t\t\t\t<div class=\"elementor-element elementor-element-beca457 elementor-widget elementor-widget-text-editor\" data-id=\"beca457\" data-element_type=\"widget\" data-e-type=\"widget\" data-widget_type=\"text-editor.default\">\n\t\t\t\t<div class=\"elementor-widget-container\">\n\t\t\t\t\t\t\t\t\t<p>Las costas de Amalfi y Sorrento son ricas en historia. Desde Ulises, la rep\u00fablica mar\u00edtima hasta nuestros d\u00edas<\/p>\t\t\t\t\t\t\t\t<\/div>\n\t\t\t\t<\/div>\n\t\t\t\t\t<\/div>\n\t\t<\/div>\n\t\t\t\t<div class=\"elementor-column elementor-col-33 elementor-top-column elementor-element elementor-element-a4ba199\" data-id=\"a4ba199\" data-element_type=\"column\" data-e-type=\"column\">\n\t\t\t<div class=\"elementor-widget-wrap elementor-element-populated\">\n\t\t\t\t\t\t<div class=\"elementor-element elementor-element-2b7d7e9 elementor-view-stacked elementor-shape-circle elementor-widget elementor-widget-icon\" data-id=\"2b7d7e9\" data-element_type=\"widget\" data-e-type=\"widget\" data-widget_type=\"icon.default\">\n\t\t\t\t<div class=\"elementor-widget-container\">\n\t\t\t\t\t\t\t<div class=\"elementor-icon-wrapper\">\n\t\t\t<div class=\"elementor-icon\">\n\t\t\t<i aria-hidden=\"true\" class=\"fas fa-mountain\"><\/i>\t\t\t<\/div>\n\t\t<\/div>\n\t\t\t\t\t\t<\/div>\n\t\t\t\t<\/div>\n\t\t\t\t<div class=\"elementor-element elementor-element-9a4fa59 elementor-widget elementor-widget-heading\" data-id=\"9a4fa59\" data-element_type=\"widget\" data-e-type=\"widget\" data-widget_type=\"heading.default\">\n\t\t\t\t<div class=\"elementor-widget-container\">\n\t\t\t\t\t<h3 class=\"elementor-heading-title elementor-size-default\">Senderismo de todo tipo<\/h3>\t\t\t\t<\/div>\n\t\t\t\t<\/div>\n\t\t\t\t<div class=\"elementor-element elementor-element-d261b26 elementor-widget elementor-widget-text-editor\" data-id=\"d261b26\" data-element_type=\"widget\" data-e-type=\"widget\" data-widget_type=\"text-editor.default\">\n\t\t\t\t<div class=\"elementor-widget-container\">\n\t\t\t\t\t\t\t\t\t<p>Un camino tan largo y sus tirantes presenta muchas diversidades para organizar excursiones de todo tipo y dificultad.<\/p>\t\t\t\t\t\t\t\t<\/div>\n\t\t\t\t<\/div>\n\t\t\t\t\t<\/div>\n\t\t<\/div>\n\t\t\t\t\t<\/div>\n\t\t<\/section>\n\t\t\t\t<section class=\"elementor-section elementor-top-section elementor-element elementor-element-2cf095f elementor-section-stretched elementor-section-boxed elementor-section-height-default elementor-section-height-default\" data-id=\"2cf095f\" data-element_type=\"section\" data-e-type=\"section\" data-settings=\"{&quot;stretch_section&quot;:&quot;section-stretched&quot;,&quot;background_background&quot;:&quot;classic&quot;}\">\n\t\t\t\t\t\t<div class=\"elementor-container elementor-column-gap-default\">\n\t\t\t\t\t<div class=\"elementor-column elementor-col-50 elementor-top-column elementor-element elementor-element-cfa06c9\" data-id=\"cfa06c9\" data-element_type=\"column\" data-e-type=\"column\">\n\t\t\t<div class=\"elementor-widget-wrap elementor-element-populated\">\n\t\t\t\t\t\t<div class=\"elementor-element elementor-element-5fad149 elementor-widget elementor-widget-image\" data-id=\"5fad149\" data-element_type=\"widget\" data-e-type=\"widget\" data-widget_type=\"image.default\">\n\t\t\t\t<div class=\"elementor-widget-container\">\n\t\t\t\t\t\t\t\t\t\t\t\t\t\t\t<img fetchpriority=\"high\" decoding=\"async\" data-attachment-id=\"4934\" data-permalink=\"https:\/\/www.altaviadeimontilattari.it\/es\/alta_via_monti_lattari_sentiero_italia_300_cai-2\/\" data-orig-file=\"https:\/\/i0.wp.com\/www.altaviadeimontilattari.it\/wp-content\/uploads\/2020\/12\/alta_via_monti_lattari_sentiero_italia_300_cai.jpg?fit=600%2C600&amp;ssl=1\" data-orig-size=\"600,600\" data-comments-opened=\"1\" data-image-meta=\"{&quot;aperture&quot;:&quot;0&quot;,&quot;credit&quot;:&quot;&quot;,&quot;camera&quot;:&quot;&quot;,&quot;caption&quot;:&quot;&quot;,&quot;created_timestamp&quot;:&quot;0&quot;,&quot;copyright&quot;:&quot;&quot;,&quot;focal_length&quot;:&quot;0&quot;,&quot;iso&quot;:&quot;0&quot;,&quot;shutter_speed&quot;:&quot;0&quot;,&quot;title&quot;:&quot;&quot;,&quot;orientation&quot;:&quot;1&quot;}\" data-image-title=\"Alta Via dei Monti Lattari Sentiero Italia 300 CAI\" data-image-description=\"&lt;p&gt;Alta Via dei Monti Lattari Sentiero Italia 300 CAI&lt;\/p&gt;\n\" data-image-caption=\"&lt;p&gt;Alta Via dei Monti Lattari Sentiero Italia 300 CAI&lt;\/p&gt;\n\" data-large-file=\"https:\/\/i0.wp.com\/www.altaviadeimontilattari.it\/wp-content\/uploads\/2020\/12\/alta_via_monti_lattari_sentiero_italia_300_cai.jpg?fit=600%2C600&amp;ssl=1\" width=\"600\" height=\"600\" src=\"https:\/\/i0.wp.com\/www.altaviadeimontilattari.it\/wp-content\/uploads\/2020\/12\/alta_via_monti_lattari_sentiero_italia_300_cai.jpg?fit=600%2C600&amp;ssl=1\" class=\"attachment-full size-full wp-image-4934\" alt=\"\" srcset=\"https:\/\/i0.wp.com\/www.altaviadeimontilattari.it\/wp-content\/uploads\/2020\/12\/alta_via_monti_lattari_sentiero_italia_300_cai.jpg?w=600&amp;ssl=1 600w, https:\/\/i0.wp.com\/www.altaviadeimontilattari.it\/wp-content\/uploads\/2020\/12\/alta_via_monti_lattari_sentiero_italia_300_cai.jpg?resize=300%2C300&amp;ssl=1 300w, https:\/\/i0.wp.com\/www.altaviadeimontilattari.it\/wp-content\/uploads\/2020\/12\/alta_via_monti_lattari_sentiero_italia_300_cai.jpg?resize=150%2C150&amp;ssl=1 150w\" sizes=\"(max-width: 600px) 100vw, 600px\" data-attachment-id=\"4934\" data-permalink=\"https:\/\/www.altaviadeimontilattari.it\/es\/alta_via_monti_lattari_sentiero_italia_300_cai-2\/\" data-orig-file=\"https:\/\/i0.wp.com\/www.altaviadeimontilattari.it\/wp-content\/uploads\/2020\/12\/alta_via_monti_lattari_sentiero_italia_300_cai.jpg?fit=600%2C600&amp;ssl=1\" data-orig-size=\"600,600\" data-comments-opened=\"1\" data-image-meta=\"{&quot;aperture&quot;:&quot;0&quot;,&quot;credit&quot;:&quot;&quot;,&quot;camera&quot;:&quot;&quot;,&quot;caption&quot;:&quot;&quot;,&quot;created_timestamp&quot;:&quot;0&quot;,&quot;copyright&quot;:&quot;&quot;,&quot;focal_length&quot;:&quot;0&quot;,&quot;iso&quot;:&quot;0&quot;,&quot;shutter_speed&quot;:&quot;0&quot;,&quot;title&quot;:&quot;&quot;,&quot;orientation&quot;:&quot;1&quot;}\" data-image-title=\"Alta Via dei Monti Lattari Sentiero Italia 300 CAI\" data-image-description=\"&lt;p&gt;Alta Via dei Monti Lattari Sentiero Italia 300 CAI&lt;\/p&gt;\n\" data-image-caption=\"&lt;p&gt;Alta Via dei Monti Lattari Sentiero Italia 300 CAI&lt;\/p&gt;\n\" data-large-file=\"https:\/\/i0.wp.com\/www.altaviadeimontilattari.it\/wp-content\/uploads\/2020\/12\/alta_via_monti_lattari_sentiero_italia_300_cai.jpg?fit=600%2C600&amp;ssl=1\" \/>\t\t\t\t\t\t\t\t\t\t\t\t\t\t\t<\/div>\n\t\t\t\t<\/div>\n\t\t\t\t\t<\/div>\n\t\t<\/div>\n\t\t\t\t<div class=\"elementor-column elementor-col-50 elementor-top-column elementor-element elementor-element-2d7d857\" data-id=\"2d7d857\" data-element_type=\"column\" data-e-type=\"column\">\n\t\t\t<div class=\"elementor-widget-wrap elementor-element-populated\">\n\t\t\t\t\t\t<div class=\"elementor-element elementor-element-2c7ba57 elementor-widget elementor-widget-heading\" data-id=\"2c7ba57\" data-element_type=\"widget\" data-e-type=\"widget\" data-widget_type=\"heading.default\">\n\t\t\t\t<div class=\"elementor-widget-container\">\n\t\t\t\t\t<h2 class=\"elementor-heading-title elementor-size-default\">CAI 300 - Camino Italiano<\/h2>\t\t\t\t<\/div>\n\t\t\t\t<\/div>\n\t\t\t\t<div class=\"elementor-element elementor-element-365fff3 elementor-widget elementor-widget-text-editor\" data-id=\"365fff3\" data-element_type=\"widget\" data-e-type=\"widget\" data-widget_type=\"text-editor.default\">\n\t\t\t\t<div class=\"elementor-widget-container\">\n\t\t\t\t\t\t\t\t\t<p>Atraviesa todo el <em>\n  <strong>Costa de Amalfi y Pen\u00ednsula de Sorrento <\/strong>\n<\/em>y est\u00e1 completamente trazado por el <strong>Club Alpino Italiano<\/strong>, en sus variantes y tirantes.<\/p>\t\t\t\t\t\t\t\t<\/div>\n\t\t\t\t<\/div>\n\t\t\t\t<div class=\"elementor-element elementor-element-c36cace elementor-widget elementor-widget-button\" data-id=\"c36cace\" data-element_type=\"widget\" data-e-type=\"widget\" data-widget_type=\"button.default\">\n\t\t\t\t<div class=\"elementor-widget-container\">\n\t\t\t\t\t\t\t\t\t<div class=\"elementor-button-wrapper\">\n\t\t\t\t\t<a class=\"elementor-button elementor-button-link elementor-size-sm\" href=\"https:\/\/www.altaviadeimontilattari.it\/es\/el-camino-300-cai\/\">\n\t\t\t\t\t\t<span class=\"elementor-button-content-wrapper\">\n\t\t\t\t\t\t\t\t\t<span class=\"elementor-button-text\">DESCUBRA M\u00c1S<\/span>\n\t\t\t\t\t<\/span>\n\t\t\t\t\t<\/a>\n\t\t\t\t<\/div>\n\t\t\t\t\t\t\t\t<\/div>\n\t\t\t\t<\/div>\n\t\t\t\t\t<\/div>\n\t\t<\/div>\n\t\t\t\t\t<\/div>\n\t\t<\/section>\n\t\t\t\t<section class=\"elementor-section elementor-top-section elementor-element elementor-element-0a3a6cf elementor-section-stretched elementor-section-boxed elementor-section-height-default elementor-section-height-default\" data-id=\"0a3a6cf\" data-element_type=\"section\" data-e-type=\"section\" data-settings=\"{&quot;stretch_section&quot;:&quot;section-stretched&quot;,&quot;background_background&quot;:&quot;classic&quot;}\">\n\t\t\t\t\t\t<div class=\"elementor-container elementor-column-gap-default\">\n\t\t\t\t\t<div class=\"elementor-column elementor-col-50 elementor-top-column elementor-element elementor-element-1a30ffe\" data-id=\"1a30ffe\" data-element_type=\"column\" data-e-type=\"column\">\n\t\t\t<div class=\"elementor-widget-wrap elementor-element-populated\">\n\t\t\t\t\t\t<div class=\"elementor-element elementor-element-5a81185 elementor-widget elementor-widget-heading\" data-id=\"5a81185\" data-element_type=\"widget\" data-e-type=\"widget\" data-widget_type=\"heading.default\">\n\t\t\t\t<div class=\"elementor-widget-container\">\n\t\t\t\t\t<h2 class=\"elementor-heading-title elementor-size-default\">Vive la naturaleza intensamente<\/h2>\t\t\t\t<\/div>\n\t\t\t\t<\/div>\n\t\t\t\t<div class=\"elementor-element elementor-element-bea065f elementor-widget elementor-widget-text-editor\" data-id=\"bea065f\" data-element_type=\"widget\" data-e-type=\"widget\" data-widget_type=\"text-editor.default\">\n\t\t\t\t<div class=\"elementor-widget-container\">\n\t\t\t\t\t\t\t\t\t<p>No es una simple excursi\u00f3n sino una <strong><em>inmersi\u00f3n en maravillas salvajes<\/em><\/strong> de la cordillera de <strong><em>Monta\u00f1as Lattari<\/em><\/strong>. Ubicado en medio de los dos golfos de la costa de Amalfi y la pen\u00ednsula de Sorrento. Cruzas picos expuestos, cadenas monta\u00f1osas con vistas al mar, collados, altas cumbres, bosques y acantilados marinos.<\/p>\t\t\t\t\t\t\t\t<\/div>\n\t\t\t\t<\/div>\n\t\t\t\t<div class=\"elementor-element elementor-element-8d2c00d elementor-widget elementor-widget-button\" data-id=\"8d2c00d\" data-element_type=\"widget\" data-e-type=\"widget\" data-widget_type=\"button.default\">\n\t\t\t\t<div class=\"elementor-widget-container\">\n\t\t\t\t\t\t\t\t\t<div class=\"elementor-button-wrapper\">\n\t\t\t\t\t<a class=\"elementor-button elementor-button-link elementor-size-sm\" href=\"https:\/\/www.altaviadeimontilattari.it\/es\/tour-dellalta-via-dei-monti-lattari\/\">\n\t\t\t\t\t\t<span class=\"elementor-button-content-wrapper\">\n\t\t\t\t\t\t\t\t\t<span class=\"elementor-button-text\">PUNTOS DE INTER\u00c9S<\/span>\n\t\t\t\t\t<\/span>\n\t\t\t\t\t<\/a>\n\t\t\t\t<\/div>\n\t\t\t\t\t\t\t\t<\/div>\n\t\t\t\t<\/div>\n\t\t\t\t\t<\/div>\n\t\t<\/div>\n\t\t\t\t<div class=\"elementor-column elementor-col-50 elementor-top-column elementor-element elementor-element-86606a8\" data-id=\"86606a8\" data-element_type=\"column\" data-e-type=\"column\">\n\t\t\t<div class=\"elementor-widget-wrap elementor-element-populated\">\n\t\t\t\t\t\t<div class=\"elementor-element elementor-element-69b89bc elementor-widget elementor-widget-image\" data-id=\"69b89bc\" data-element_type=\"widget\" data-e-type=\"widget\" data-widget_type=\"image.default\">\n\t\t\t\t<div class=\"elementor-widget-container\">\n\t\t\t\t\t\t\t\t\t\t\t\t\t\t\t<img decoding=\"async\" data-attachment-id=\"5574\" data-permalink=\"https:\/\/www.altaviadeimontilattari.it\/es\/monte_avvocata_3-2-2\/\" data-orig-file=\"https:\/\/i0.wp.com\/www.altaviadeimontilattari.it\/wp-content\/uploads\/2022\/02\/monte_avvocata_3.jpg?fit=768%2C1024&amp;ssl=1\" data-orig-size=\"768,1024\" data-comments-opened=\"1\" data-image-meta=\"{&quot;aperture&quot;:&quot;0&quot;,&quot;credit&quot;:&quot;&quot;,&quot;camera&quot;:&quot;&quot;,&quot;caption&quot;:&quot;&quot;,&quot;created_timestamp&quot;:&quot;0&quot;,&quot;copyright&quot;:&quot;&quot;,&quot;focal_length&quot;:&quot;0&quot;,&quot;iso&quot;:&quot;0&quot;,&quot;shutter_speed&quot;:&quot;0&quot;,&quot;title&quot;:&quot;&quot;,&quot;orientation&quot;:&quot;0&quot;}\" data-image-title=\"Santuario dell&amp;#8217;Avvocata\" data-image-description=\"&lt;p&gt;Santuario dell&amp;#8217;Avvocata&lt;\/p&gt;\n\" data-image-caption=\"&lt;p&gt;Santuario dell&amp;#8217;Avvocata&lt;\/p&gt;\n\" data-large-file=\"https:\/\/i0.wp.com\/www.altaviadeimontilattari.it\/wp-content\/uploads\/2022\/02\/monte_avvocata_3.jpg?fit=768%2C768&amp;ssl=1\" width=\"768\" height=\"1024\" src=\"https:\/\/i0.wp.com\/www.altaviadeimontilattari.it\/wp-content\/uploads\/2022\/02\/monte_avvocata_3.jpg?fit=768%2C1024&amp;ssl=1\" class=\"attachment-full size-full wp-image-5574\" alt=\"\" srcset=\"https:\/\/i0.wp.com\/www.altaviadeimontilattari.it\/wp-content\/uploads\/2022\/02\/monte_avvocata_3.jpg?w=768&amp;ssl=1 768w, https:\/\/i0.wp.com\/www.altaviadeimontilattari.it\/wp-content\/uploads\/2022\/02\/monte_avvocata_3.jpg?resize=225%2C300&amp;ssl=1 225w\" sizes=\"(max-width: 768px) 100vw, 768px\" data-attachment-id=\"5574\" data-permalink=\"https:\/\/www.altaviadeimontilattari.it\/es\/monte_avvocata_3-2-2\/\" data-orig-file=\"https:\/\/i0.wp.com\/www.altaviadeimontilattari.it\/wp-content\/uploads\/2022\/02\/monte_avvocata_3.jpg?fit=768%2C1024&amp;ssl=1\" data-orig-size=\"768,1024\" data-comments-opened=\"1\" data-image-meta=\"{&quot;aperture&quot;:&quot;0&quot;,&quot;credit&quot;:&quot;&quot;,&quot;camera&quot;:&quot;&quot;,&quot;caption&quot;:&quot;&quot;,&quot;created_timestamp&quot;:&quot;0&quot;,&quot;copyright&quot;:&quot;&quot;,&quot;focal_length&quot;:&quot;0&quot;,&quot;iso&quot;:&quot;0&quot;,&quot;shutter_speed&quot;:&quot;0&quot;,&quot;title&quot;:&quot;&quot;,&quot;orientation&quot;:&quot;0&quot;}\" data-image-title=\"Santuario dell&amp;#8217;Avvocata\" data-image-description=\"&lt;p&gt;Santuario dell&amp;#8217;Avvocata&lt;\/p&gt;\n\" data-image-caption=\"&lt;p&gt;Santuario dell&amp;#8217;Avvocata&lt;\/p&gt;\n\" data-large-file=\"https:\/\/i0.wp.com\/www.altaviadeimontilattari.it\/wp-content\/uploads\/2022\/02\/monte_avvocata_3.jpg?fit=768%2C1024&amp;ssl=1\" \/>\t\t\t\t\t\t\t\t\t\t\t\t\t\t\t<\/div>\n\t\t\t\t<\/div>\n\t\t\t\t\t<\/div>\n\t\t<\/div>\n\t\t\t\t\t<\/div>\n\t\t<\/section>\n\t\t\t\t<section class=\"elementor-section elementor-top-section elementor-element elementor-element-2b50097 elementor-section-stretched elementor-section-boxed elementor-section-height-default elementor-section-height-default\" data-id=\"2b50097\" data-element_type=\"section\" data-e-type=\"section\" data-settings=\"{&quot;stretch_section&quot;:&quot;section-stretched&quot;,&quot;background_background&quot;:&quot;classic&quot;}\">\n\t\t\t\t\t\t<div class=\"elementor-container elementor-column-gap-default\">\n\t\t\t\t\t<div class=\"elementor-column elementor-col-50 elementor-top-column elementor-element elementor-element-154dc76\" data-id=\"154dc76\" data-element_type=\"column\" data-e-type=\"column\">\n\t\t\t<div class=\"elementor-widget-wrap elementor-element-populated\">\n\t\t\t\t\t\t<div class=\"elementor-element elementor-element-6eecd82 elementor-widget elementor-widget-image\" data-id=\"6eecd82\" data-element_type=\"widget\" data-e-type=\"widget\" data-widget_type=\"image.default\">\n\t\t\t\t<div class=\"elementor-widget-container\">\n\t\t\t\t\t\t\t\t\t\t\t\t\t\t\t<img decoding=\"async\" data-attachment-id=\"4938\" data-permalink=\"https:\/\/www.altaviadeimontilattari.it\/es\/consigli_trekking-2\/\" data-orig-file=\"https:\/\/i0.wp.com\/www.altaviadeimontilattari.it\/wp-content\/uploads\/2020\/12\/consigli_trekking.jpg?fit=600%2C600&amp;ssl=1\" data-orig-size=\"600,600\" data-comments-opened=\"1\" data-image-meta=\"{&quot;aperture&quot;:&quot;0&quot;,&quot;credit&quot;:&quot;&quot;,&quot;camera&quot;:&quot;&quot;,&quot;caption&quot;:&quot;&quot;,&quot;created_timestamp&quot;:&quot;0&quot;,&quot;copyright&quot;:&quot;&quot;,&quot;focal_length&quot;:&quot;0&quot;,&quot;iso&quot;:&quot;0&quot;,&quot;shutter_speed&quot;:&quot;0&quot;,&quot;title&quot;:&quot;&quot;,&quot;orientation&quot;:&quot;1&quot;}\" data-image-title=\"consigli per il trekking, zaino, scarpe, bastoncini e altro.\" data-image-description=\"&lt;p&gt;consigli per il trekking, zaino, scarpe, bastoncini e altro.&lt;\/p&gt;\n\" data-image-caption=\"\" data-large-file=\"https:\/\/i0.wp.com\/www.altaviadeimontilattari.it\/wp-content\/uploads\/2020\/12\/consigli_trekking.jpg?fit=600%2C600&amp;ssl=1\" width=\"600\" height=\"600\" src=\"https:\/\/i0.wp.com\/www.altaviadeimontilattari.it\/wp-content\/uploads\/2020\/12\/consigli_trekking.jpg?fit=600%2C600&amp;ssl=1\" class=\"attachment-full size-full wp-image-4938\" alt=\"\" srcset=\"https:\/\/i0.wp.com\/www.altaviadeimontilattari.it\/wp-content\/uploads\/2020\/12\/consigli_trekking.jpg?w=600&amp;ssl=1 600w, https:\/\/i0.wp.com\/www.altaviadeimontilattari.it\/wp-content\/uploads\/2020\/12\/consigli_trekking.jpg?resize=300%2C300&amp;ssl=1 300w, https:\/\/i0.wp.com\/www.altaviadeimontilattari.it\/wp-content\/uploads\/2020\/12\/consigli_trekking.jpg?resize=150%2C150&amp;ssl=1 150w\" sizes=\"(max-width: 600px) 100vw, 600px\" data-attachment-id=\"4938\" data-permalink=\"https:\/\/www.altaviadeimontilattari.it\/es\/consigli_trekking-2\/\" data-orig-file=\"https:\/\/i0.wp.com\/www.altaviadeimontilattari.it\/wp-content\/uploads\/2020\/12\/consigli_trekking.jpg?fit=600%2C600&amp;ssl=1\" data-orig-size=\"600,600\" data-comments-opened=\"1\" data-image-meta=\"{&quot;aperture&quot;:&quot;0&quot;,&quot;credit&quot;:&quot;&quot;,&quot;camera&quot;:&quot;&quot;,&quot;caption&quot;:&quot;&quot;,&quot;created_timestamp&quot;:&quot;0&quot;,&quot;copyright&quot;:&quot;&quot;,&quot;focal_length&quot;:&quot;0&quot;,&quot;iso&quot;:&quot;0&quot;,&quot;shutter_speed&quot;:&quot;0&quot;,&quot;title&quot;:&quot;&quot;,&quot;orientation&quot;:&quot;1&quot;}\" data-image-title=\"consigli per il trekking, zaino, scarpe, bastoncini e altro.\" data-image-description=\"&lt;p&gt;consigli per il trekking, zaino, scarpe, bastoncini e altro.&lt;\/p&gt;\n\" data-image-caption=\"\" data-large-file=\"https:\/\/i0.wp.com\/www.altaviadeimontilattari.it\/wp-content\/uploads\/2020\/12\/consigli_trekking.jpg?fit=600%2C600&amp;ssl=1\" \/>\t\t\t\t\t\t\t\t\t\t\t\t\t\t\t<\/div>\n\t\t\t\t<\/div>\n\t\t\t\t\t<\/div>\n\t\t<\/div>\n\t\t\t\t<div class=\"elementor-column elementor-col-50 elementor-top-column elementor-element elementor-element-c7bc001\" data-id=\"c7bc001\" data-element_type=\"column\" data-e-type=\"column\">\n\t\t\t<div class=\"elementor-widget-wrap elementor-element-populated\">\n\t\t\t\t\t\t<div class=\"elementor-element elementor-element-def0dc6 elementor-widget elementor-widget-heading\" data-id=\"def0dc6\" data-element_type=\"widget\" data-e-type=\"widget\" data-widget_type=\"heading.default\">\n\t\t\t\t<div class=\"elementor-widget-container\">\n\t\t\t\t\t<h2 class=\"elementor-heading-title elementor-size-default\">Aqu\u00ed hay algunos consejos \u00fatiles<\/h2>\t\t\t\t<\/div>\n\t\t\t\t<\/div>\n\t\t\t\t<div class=\"elementor-element elementor-element-c8e3f9a elementor-widget elementor-widget-text-editor\" data-id=\"c8e3f9a\" data-element_type=\"widget\" data-e-type=\"widget\" data-widget_type=\"text-editor.default\">\n\t\t\t\t<div class=\"elementor-widget-container\">\n\t\t\t\t\t\t\t\t\t<p><strong>A continuaci\u00f3n le ofrecemos algunos consejos para que su caminata sea agradable y segura, la primera de una larga serie de rutas de senderismo.<\/strong><\/p>\t\t\t\t\t\t\t\t<\/div>\n\t\t\t\t<\/div>\n\t\t\t\t<div class=\"elementor-element elementor-element-6b84a4f elementor-widget elementor-widget-button\" data-id=\"6b84a4f\" data-element_type=\"widget\" data-e-type=\"widget\" data-widget_type=\"button.default\">\n\t\t\t\t<div class=\"elementor-widget-container\">\n\t\t\t\t\t\t\t\t\t<div class=\"elementor-button-wrapper\">\n\t\t\t\t\t<a class=\"elementor-button elementor-button-link elementor-size-sm\" href=\"https:\/\/www.altaviadeimontilattari.it\/es\/consejos-utiles-para-organizarse\/\">\n\t\t\t\t\t\t<span class=\"elementor-button-content-wrapper\">\n\t\t\t\t\t\t\t\t\t<span class=\"elementor-button-text\">SENDERISMO SEGURO<\/span>\n\t\t\t\t\t<\/span>\n\t\t\t\t\t<\/a>\n\t\t\t\t<\/div>\n\t\t\t\t\t\t\t\t<\/div>\n\t\t\t\t<\/div>\n\t\t\t\t\t<\/div>\n\t\t<\/div>\n\t\t\t\t\t<\/div>\n\t\t<\/section>\n\t\t\t\t<section class=\"elementor-section elementor-top-section elementor-element elementor-element-4dafa3f elementor-section-stretched elementor-section-boxed elementor-section-height-default elementor-section-height-default\" data-id=\"4dafa3f\" data-element_type=\"section\" data-e-type=\"section\" data-settings=\"{&quot;stretch_section&quot;:&quot;section-stretched&quot;,&quot;background_background&quot;:&quot;classic&quot;}\">\n\t\t\t\t\t\t<div class=\"elementor-container elementor-column-gap-default\">\n\t\t\t\t\t<div class=\"elementor-column elementor-col-33 elementor-top-column elementor-element elementor-element-6e6847f\" data-id=\"6e6847f\" data-element_type=\"column\" data-e-type=\"column\">\n\t\t\t<div class=\"elementor-widget-wrap elementor-element-populated\">\n\t\t\t\t\t\t<div class=\"elementor-element elementor-element-debd15f elementor-widget elementor-widget-image\" data-id=\"debd15f\" data-element_type=\"widget\" data-e-type=\"widget\" data-widget_type=\"image.default\">\n\t\t\t\t<div class=\"elementor-widget-container\">\n\t\t\t\t\t\t\t\t\t\t\t\t\t\t\t<img decoding=\"async\" src=\"https:\/\/i0.wp.com\/www.altaviadeimontilattari.it\/wp-content\/uploads\/2020\/12\/DH-Lawrence.jpg?fit=75%2C75&#038;ssl=1\" title=\"DH-Lawrence\" alt=\"DH-Lawrence\" loading=\"lazy\" \/>\t\t\t\t\t\t\t\t\t\t\t\t\t\t\t<\/div>\n\t\t\t\t<\/div>\n\t\t\t\t<div class=\"elementor-element elementor-element-21b56f1 elementor-widget elementor-widget-text-editor\" data-id=\"21b56f1\" data-element_type=\"widget\" data-e-type=\"widget\" data-widget_type=\"text-editor.default\">\n\t\t\t\t<div class=\"elementor-widget-container\">\n\t\t\t\t\t\t\t\t\t<p>\u00ab<em>Este es el paisaje que, desde lo alto del Camino de los Dioses, se abr\u00eda a nuestra mirada: es el escenario de ese recodo extremo de la Costa Amalfitana que mira al oeste, hacia la isla de Capri, esa costa escarpada, bochornosa, con las monta\u00f1as cristalinas donde se abandonan los dioses de hoy y se vuelve a descubrir un yo perdido, mediterr\u00e1neo, anterior<\/em>\u00ab<\/p>\t\t\t\t\t\t\t\t<\/div>\n\t\t\t\t<\/div>\n\t\t\t\t<div class=\"elementor-element elementor-element-78cfeab elementor-widget elementor-widget-text-editor\" data-id=\"78cfeab\" data-element_type=\"widget\" data-e-type=\"widget\" data-widget_type=\"text-editor.default\">\n\t\t\t\t<div class=\"elementor-widget-container\">\n\t\t\t\t\t\t\t\t\t<p>D. H. Lawrence<\/p>\t\t\t\t\t\t\t\t<\/div>\n\t\t\t\t<\/div>\n\t\t\t\t\t<\/div>\n\t\t<\/div>\n\t\t\t\t<div class=\"elementor-column elementor-col-33 elementor-top-column elementor-element elementor-element-0a9fbc7\" data-id=\"0a9fbc7\" data-element_type=\"column\" data-e-type=\"column\">\n\t\t\t<div class=\"elementor-widget-wrap elementor-element-populated\">\n\t\t\t\t\t\t<div class=\"elementor-element elementor-element-0e6a375 elementor-widget elementor-widget-image\" data-id=\"0e6a375\" data-element_type=\"widget\" data-e-type=\"widget\" data-widget_type=\"image.default\">\n\t\t\t\t<div class=\"elementor-widget-container\">\n\t\t\t\t\t\t\t\t\t\t\t\t\t\t\t<img decoding=\"async\" src=\"https:\/\/i0.wp.com\/www.altaviadeimontilattari.it\/wp-content\/uploads\/2020\/12\/Quasimodo-salvatore.jpg?fit=75%2C75&#038;ssl=1\" title=\"Quasimodo salvatore\" alt=\"Quasimodo salvatore\" loading=\"lazy\" \/>\t\t\t\t\t\t\t\t\t\t\t\t\t\t\t<\/div>\n\t\t\t\t<\/div>\n\t\t\t\t<div class=\"elementor-element elementor-element-2c59d65 elementor-widget elementor-widget-text-editor\" data-id=\"2c59d65\" data-element_type=\"widget\" data-e-type=\"widget\" data-widget_type=\"text-editor.default\">\n\t\t\t\t<div class=\"elementor-widget-container\">\n\t\t\t\t\t\t\t\t\t<p><em>\u00abEn ning\u00fan lugar como en Amalfi se produce la intersecci\u00f3n de la tierra y el agua con una metamorfosis mutua\u00bb.<\/em><\/p>\t\t\t\t\t\t\t\t<\/div>\n\t\t\t\t<\/div>\n\t\t\t\t<div class=\"elementor-element elementor-element-91d35b6 elementor-widget elementor-widget-text-editor\" data-id=\"91d35b6\" data-element_type=\"widget\" data-e-type=\"widget\" data-widget_type=\"text-editor.default\">\n\t\t\t\t<div class=\"elementor-widget-container\">\n\t\t\t\t\t\t\t\t\t<p>SALVATORE QUASIMODO<\/p>\t\t\t\t\t\t\t\t<\/div>\n\t\t\t\t<\/div>\n\t\t\t\t\t<\/div>\n\t\t<\/div>\n\t\t\t\t<div class=\"elementor-column elementor-col-33 elementor-top-column elementor-element elementor-element-f707b69\" data-id=\"f707b69\" data-element_type=\"column\" data-e-type=\"column\">\n\t\t\t<div class=\"elementor-widget-wrap elementor-element-populated\">\n\t\t\t\t\t\t<div class=\"elementor-element elementor-element-4c2a432 elementor-widget elementor-widget-image\" data-id=\"4c2a432\" data-element_type=\"widget\" data-e-type=\"widget\" data-widget_type=\"image.default\">\n\t\t\t\t<div class=\"elementor-widget-container\">\n\t\t\t\t\t\t\t\t\t\t\t\t\t\t\t<img decoding=\"async\" src=\"https:\/\/i0.wp.com\/www.altaviadeimontilattari.it\/wp-content\/uploads\/2020\/12\/Alfonso_Gatto_1.jpg?fit=75%2C75&#038;ssl=1\" title=\"Alfonso Gatto\" alt=\"Alfonso Gatto\" loading=\"lazy\" \/>\t\t\t\t\t\t\t\t\t\t\t\t\t\t\t<\/div>\n\t\t\t\t<\/div>\n\t\t\t\t<div class=\"elementor-element elementor-element-d87784c elementor-widget elementor-widget-text-editor\" data-id=\"d87784c\" data-element_type=\"widget\" data-e-type=\"widget\" data-widget_type=\"text-editor.default\">\n\t\t\t\t<div class=\"elementor-widget-container\">\n\t\t\t\t\t\t\t\t\t<p><em>\u00abLa carretera de Vietri a Capodorso a Minori, a Amalfi sube y baja hacia el mar de Conca y Furore es una carretera de monta\u00f1a: la luz se rinde a ella mientras se dibuja de joroba en joroba<br>a sus segmentos construidos encuentra la flor del pavimento del desierto, la retama\u00bb.<\/em><\/p>\t\t\t\t\t\t\t\t<\/div>\n\t\t\t\t<\/div>\n\t\t\t\t<div class=\"elementor-element elementor-element-c98b4cb elementor-widget elementor-widget-text-editor\" data-id=\"c98b4cb\" data-element_type=\"widget\" data-e-type=\"widget\" data-widget_type=\"text-editor.default\">\n\t\t\t\t<div class=\"elementor-widget-container\">\n\t\t\t\t\t\t\t\t\t<p>GATO ALFONSO<\/p>\t\t\t\t\t\t\t\t<\/div>\n\t\t\t\t<\/div>\n\t\t\t\t\t<\/div>\n\t\t<\/div>\n\t\t\t\t\t<\/div>\n\t\t<\/section>\n\t\t\t\t<section class=\"elementor-section elementor-top-section elementor-element elementor-element-fe80346 elementor-section-stretched elementor-section-boxed elementor-section-height-default elementor-section-height-default\" data-id=\"fe80346\" data-element_type=\"section\" data-e-type=\"section\" data-settings=\"{&quot;stretch_section&quot;:&quot;section-stretched&quot;,&quot;background_background&quot;:&quot;classic&quot;}\">\n\t\t\t\t\t\t<div class=\"elementor-container elementor-column-gap-default\">\n\t\t\t\t\t<div class=\"elementor-column elementor-col-100 elementor-top-column elementor-element elementor-element-d3b59f4\" data-id=\"d3b59f4\" data-element_type=\"column\" data-e-type=\"column\">\n\t\t\t<div class=\"elementor-widget-wrap elementor-element-populated\">\n\t\t\t\t\t\t<div class=\"elementor-element elementor-element-c04aeac elementor-widget elementor-widget-heading\" data-id=\"c04aeac\" data-element_type=\"widget\" data-e-type=\"widget\" data-widget_type=\"heading.default\">\n\t\t\t\t<div class=\"elementor-widget-container\">\n\t\t\t\t\t<h2 class=\"elementor-heading-title elementor-size-default\">Trabajamos juntos para mejorar<\/h2>\t\t\t\t<\/div>\n\t\t\t\t<\/div>\n\t\t\t\t<div class=\"elementor-element elementor-element-ef37558 elementor-widget elementor-widget-text-editor\" data-id=\"ef37558\" data-element_type=\"widget\" data-e-type=\"widget\" data-widget_type=\"text-editor.default\">\n\t\t\t\t<div class=\"elementor-widget-container\">\n\t\t\t\t\t\t\t\t\t<p><strong><em>altaviadeimontilattari.it<\/em><\/strong> naci\u00f3 para dar a conocer la <strong><em>Monta\u00f1as Lattari<\/em><\/strong>, la <strong><em>Costa de Amalfi<\/em><\/strong> y el <strong><em>pen\u00ednsula sorrentina<\/em><\/strong>, tierras de Italia a\u00fan poco conocidas por su naturaleza y belleza. La informaci\u00f3n se actualiza constantemente y si quieres ayudarnos a mejorar o informar de algo, no pierdas el tiempo y ponte en contacto con nosotros ahora.<\/p>\t\t\t\t\t\t\t\t<\/div>\n\t\t\t\t<\/div>\n\t\t\t\t<div class=\"elementor-element elementor-element-778d731 elementor-widget elementor-widget-heading\" data-id=\"778d731\" data-element_type=\"widget\" data-e-type=\"widget\" data-widget_type=\"heading.default\">\n\t\t\t\t<div class=\"elementor-widget-container\">\n\t\t\t\t\t<h2 class=\"elementor-heading-title elementor-size-default\">\u00bfNecesitas ayuda?<\/h2>\t\t\t\t<\/div>\n\t\t\t\t<\/div>\n\t\t\t\t<div class=\"elementor-element elementor-element-914be22 elementor-widget elementor-widget-text-editor\" data-id=\"914be22\" data-element_type=\"widget\" data-e-type=\"widget\" data-widget_type=\"text-editor.default\">\n\t\t\t\t<div class=\"elementor-widget-container\">\n\t\t\t\t\t\t\t\t\t<p>Si est\u00e1 organizando una <strong>excursi\u00f3n<\/strong> a las monta\u00f1as Lattari o un viaje por el espl\u00e9ndido camino de la Alta Via dei Monti Lattari, cont\u00e1ctenos para cualquier informaci\u00f3n o consejo.<\/p>\t\t\t\t\t\t\t\t<\/div>\n\t\t\t\t<\/div>\n\t\t\t\t<div class=\"elementor-element elementor-element-3aed200 elementor-align-center elementor-widget elementor-widget-button\" data-id=\"3aed200\" data-element_type=\"widget\" data-e-type=\"widget\" data-widget_type=\"button.default\">\n\t\t\t\t<div class=\"elementor-widget-container\">\n\t\t\t\t\t\t\t\t\t<div class=\"elementor-button-wrapper\">\n\t\t\t\t\t<a class=\"elementor-button elementor-button-link elementor-size-sm\" href=\"https:\/\/altaviadeimontilattari.it\/contact-us\/\">\n\t\t\t\t\t\t<span class=\"elementor-button-content-wrapper\">\n\t\t\t\t\t\t\t\t\t<span class=\"elementor-button-text\">CONTACTAR CON NOSOTROS<\/span>\n\t\t\t\t\t<\/span>\n\t\t\t\t\t<\/a>\n\t\t\t\t<\/div>\n\t\t\t\t\t\t\t\t<\/div>\n\t\t\t\t<\/div>\n\t\t\t\t\t<\/div>\n\t\t<\/div>\n\t\t\t\t\t<\/div>\n\t\t<\/section>\n\t\t\t\t<section class=\"elementor-section elementor-top-section elementor-element elementor-element-93028ba elementor-section-stretched elementor-section-boxed elementor-section-height-default elementor-section-height-default\" data-id=\"93028ba\" data-element_type=\"section\" data-e-type=\"section\" data-settings=\"{&quot;stretch_section&quot;:&quot;section-stretched&quot;,&quot;background_background&quot;:&quot;classic&quot;}\">\n\t\t\t\t\t\t<div class=\"elementor-container elementor-column-gap-default\">\n\t\t\t\t\t<div class=\"elementor-column elementor-col-100 elementor-top-column elementor-element elementor-element-ac4b78d\" data-id=\"ac4b78d\" data-element_type=\"column\" data-e-type=\"column\">\n\t\t\t<div class=\"elementor-widget-wrap elementor-element-populated\">\n\t\t\t\t\t\t<div class=\"elementor-element elementor-element-585a6ab elementor-widget elementor-widget-heading\" data-id=\"585a6ab\" data-element_type=\"widget\" data-e-type=\"widget\" data-widget_type=\"heading.default\">\n\t\t\t\t<div class=\"elementor-widget-container\">\n\t\t\t\t\t<h2 class=\"elementor-heading-title elementor-size-default\">Apoye nuestro proyecto<\/h2>\t\t\t\t<\/div>\n\t\t\t\t<\/div>\n\t\t\t\t<div class=\"elementor-element elementor-element-531d2b0 elementor-widget elementor-widget-text-editor\" data-id=\"531d2b0\" data-element_type=\"widget\" data-e-type=\"widget\" data-widget_type=\"text-editor.default\">\n\t\t\t\t<div class=\"elementor-widget-container\">\n\t\t\t\t\t\t\t\t\t<p>Apoya nuestro proyecto Alta Via dei Monti Lattari mediante <strong><em><a href=\"http:\/\/turismo.ricercattiva.it\/\">Turismo.RicercAttiva<\/a><\/em><\/strong> . Ay\u00fadanos a promocionar nuestro territorio con su naturaleza, historia y cultura. <em><strong>altaviadeimontilattari.it<\/strong><\/em> es uno de los muchos proyectos que llevamos a cabo, s\u00edguenos y descubrir\u00e1s todas nuestras actividades.<\/p>\t\t\t\t\t\t\t\t<\/div>\n\t\t\t\t<\/div>\n\t\t\t\t<div class=\"elementor-element elementor-element-4feca2e elementor-widget elementor-widget-text-editor\" data-id=\"4feca2e\" data-element_type=\"widget\" data-e-type=\"widget\" data-widget_type=\"text-editor.default\">\n\t\t\t\t<div class=\"elementor-widget-container\">\n\t\t\t\t\t\t\t\t\t<div id=\"donate-button-container\">\n<div id=\"donate-button\"> <\/div>\n<script src=\"https:\/\/www.paypalobjects.com\/donate\/sdk\/donate-sdk.js\" charset=\"UTF-8\"><\/script> <script>\nPayPal.Donation.Button({\nenv:'production',\nhosted_button_id:'W54QQ8G8BKD82',\nimage: {\nsrc:'https:\/\/pics.paypal.com\/00\/s\/NWI3ZDBkNDYtMjdhNC00YWQ0LWFjYzUtNzQ3NzIyM2VlOTE1\/file.PNG',\nalt:'Fai una donazione con il pulsante PayPal',\ntitle:'PayPal - The safer, easier way to pay online!',\n}\n}).render('#donate-button');\n<\/script><\/div>\t\t\t\t\t\t\t\t<\/div>\n\t\t\t\t<\/div>\n\t\t\t\t<div class=\"elementor-element elementor-element-41d6ea7 elementor-widget elementor-widget-heading\" data-id=\"41d6ea7\" data-element_type=\"widget\" data-e-type=\"widget\" data-widget_type=\"heading.default\">\n\t\t\t\t<div class=\"elementor-widget-container\">\n\t\t\t\t\t<h2 class=\"elementor-heading-title elementor-size-default\">Descubra nuestra marca<\/h2>\t\t\t\t<\/div>\n\t\t\t\t<\/div>\n\t\t\t\t<div class=\"elementor-element elementor-element-db2f17c elementor-widget elementor-widget-text-editor\" data-id=\"db2f17c\" data-element_type=\"widget\" data-e-type=\"widget\" data-widget_type=\"text-editor.default\">\n\t\t\t\t<div class=\"elementor-widget-container\">\n\t\t\t\t\t\t\t\t\t<p>Compra nuestros productos y gadgets, todo lo recaudado se destinar\u00e1 a nuestras iniciativas.<\/p>\t\t\t\t\t\t\t\t<\/div>\n\t\t\t\t<\/div>\n\t\t\t\t<div class=\"elementor-element elementor-element-6887425 elementor-align-center elementor-widget elementor-widget-button\" data-id=\"6887425\" data-element_type=\"widget\" data-e-type=\"widget\" data-widget_type=\"button.default\">\n\t\t\t\t<div class=\"elementor-widget-container\">\n\t\t\t\t\t\t\t\t\t<div class=\"elementor-button-wrapper\">\n\t\t\t\t\t<a class=\"elementor-button elementor-button-link elementor-size-sm\" href=\"https:\/\/www.stickerland.it\/categoria-prodotto\/area-merchandising\/ricercattiva-turismo\/\">\n\t\t\t\t\t\t<span class=\"elementor-button-content-wrapper\">\n\t\t\t\t\t\t\t\t\t<span class=\"elementor-button-text\">TIENDA Y MARCA<\/span>\n\t\t\t\t\t<\/span>\n\t\t\t\t\t<\/a>\n\t\t\t\t<\/div>\n\t\t\t\t\t\t\t\t<\/div>\n\t\t\t\t<\/div>\n\t\t\t\t\t<\/div>\n\t\t<\/div>\n\t\t\t\t\t<\/div>\n\t\t<\/section>\n\t\t\t\t<\/div>\n\t\t<div style=\"margin: 20px 0;\"><div class=\"qrcswholewtapper\" style=\"text-align:left;\"><div class=\"qrcprowrapper\"  id=\"qrcwraa2leds\"><div class=\"qrc_canvass\" id=\"qrc_cuttenpages_2\" style=\"display:inline-block\" data-text=\"https:\/\/www.altaviadeimontilattari.it\/es\/\"><\/div><div><a download=\"Hogar.png\" class=\"qrcdownloads\" id=\"worign\">\r\n           <button type=\"button\" style=\"min-width:200px;background:#81ea00;color:#000;font-weight: 600;border: 1px solid #dddddd;border-radius:4px;font-size:12px;padding: 6px 0;\" class=\"uqr_code_btn\">Download QR<\/button>\r\n           <\/a><\/div><\/div><\/div><\/div>","protected":false},"excerpt":{"rendered":"<p>Alta V\u00eda Dei Monti Lattari En los grandes espacios de la monta\u00f1a, en sus altos silencios, el hombre sin distracciones puede captar el sentido de su peque\u00f1ez y la dimensi\u00f3n infinita de su alma. DESCUBRA M\u00c1S Sendero contacto con la naturaleza Paisajes salvajes y rurales, mar azul profundo, acantilados y calas escondidas, parques, flora y&hellip;&nbsp;<a href=\"https:\/\/www.altaviadeimontilattari.it\/es\/\" rel=\"bookmark\">Read More &raquo;<span class=\"screen-reader-text\">Hogar<\/span><\/a><\/p>\n","protected":false},"author":3,"featured_media":0,"parent":0,"menu_order":0,"comment_status":"closed","ping_status":"closed","template":"","meta":{"neve_meta_sidebar":"full-width","neve_meta_container":"","neve_meta_enable_content_width":"on","neve_meta_content_width":100,"neve_meta_title_alignment":"","neve_meta_author_avatar":"","neve_post_elements_order":"","neve_meta_disable_header":"","neve_meta_disable_footer":"","neve_meta_disable_title":"on","neve_meta_reading_time":"","_themeisle_gutenberg_block_has_review":false,"jetpack_post_was_ever_published":false,"footnotes":""},"class_list":["post-6722","page","type-page","status-publish","hentry"],"yoast_head":"<!-- This site is optimized with the Yoast SEO plugin v27.4 - https:\/\/yoast.com\/product\/yoast-seo-wordpress\/ -->\n<title>Hogar - Alta Via dei Monti Lattari<\/title>\n<meta name=\"robots\" content=\"index, follow, max-snippet:-1, max-image-preview:large, max-video-preview:-1\" \/>\n<link rel=\"canonical\" href=\"https:\/\/www.altaviadeimontilattari.it\/es\/\" \/>\n<meta property=\"og:locale\" content=\"es_ES\" \/>\n<meta property=\"og:type\" content=\"article\" \/>\n<meta property=\"og:title\" content=\"Hogar - Alta Via dei Monti Lattari\" \/>\n<meta property=\"og:description\" content=\"Alta V\u00eda Dei Monti Lattari En los grandes espacios de la monta\u00f1a, en sus altos silencios, el hombre sin distracciones puede captar el sentido de su peque\u00f1ez y la dimensi\u00f3n infinita de su alma. DESCUBRA M\u00c1S Sendero contacto con la naturaleza Paisajes salvajes y rurales, mar azul profundo, acantilados y calas escondidas, parques, flora y&hellip;&nbsp;Read More &raquo;Hogar\" \/>\n<meta property=\"og:url\" content=\"https:\/\/www.altaviadeimontilattari.it\/es\/\" \/>\n<meta property=\"og:site_name\" content=\"Alta Via dei Monti Lattari\" \/>\n<meta property=\"article:modified_time\" content=\"2022-07-13T08:02:07+00:00\" \/>\n<meta property=\"og:image\" content=\"https:\/\/www.altaviadeimontilattari.it\/wp-content\/uploads\/2020\/12\/alta_via_monti_lattari_sentiero_italia_300_cai.jpg\" \/>\n<meta name=\"twitter:card\" content=\"summary_large_image\" \/>\n<meta name=\"twitter:label1\" content=\"Tiempo de lectura\" \/>\n\t<meta name=\"twitter:data1\" content=\"4 minutos\" \/>\n<script type=\"application\/ld+json\" class=\"yoast-schema-graph\">{\"@context\":\"https:\\\/\\\/schema.org\",\"@graph\":[{\"@type\":\"WebPage\",\"@id\":\"https:\\\/\\\/www.altaviadeimontilattari.it\\\/es\\\/\",\"url\":\"https:\\\/\\\/www.altaviadeimontilattari.it\\\/es\\\/\",\"name\":\"Hogar - Alta Via dei Monti Lattari\",\"isPartOf\":{\"@id\":\"https:\\\/\\\/www.altaviadeimontilattari.it\\\/#website\"},\"primaryImageOfPage\":{\"@id\":\"https:\\\/\\\/www.altaviadeimontilattari.it\\\/es\\\/#primaryimage\"},\"image\":{\"@id\":\"https:\\\/\\\/www.altaviadeimontilattari.it\\\/es\\\/#primaryimage\"},\"thumbnailUrl\":\"https:\\\/\\\/www.altaviadeimontilattari.it\\\/wp-content\\\/uploads\\\/2020\\\/12\\\/alta_via_monti_lattari_sentiero_italia_300_cai.jpg\",\"datePublished\":\"2022-07-08T12:47:01+00:00\",\"dateModified\":\"2022-07-13T08:02:07+00:00\",\"breadcrumb\":{\"@id\":\"https:\\\/\\\/www.altaviadeimontilattari.it\\\/es\\\/#breadcrumb\"},\"inLanguage\":\"es\",\"potentialAction\":[{\"@type\":\"ReadAction\",\"target\":[\"https:\\\/\\\/www.altaviadeimontilattari.it\\\/es\\\/\"]}]},{\"@type\":\"ImageObject\",\"inLanguage\":\"es\",\"@id\":\"https:\\\/\\\/www.altaviadeimontilattari.it\\\/es\\\/#primaryimage\",\"url\":\"https:\\\/\\\/www.altaviadeimontilattari.it\\\/wp-content\\\/uploads\\\/2020\\\/12\\\/alta_via_monti_lattari_sentiero_italia_300_cai.jpg\",\"contentUrl\":\"https:\\\/\\\/www.altaviadeimontilattari.it\\\/wp-content\\\/uploads\\\/2020\\\/12\\\/alta_via_monti_lattari_sentiero_italia_300_cai.jpg\"},{\"@type\":\"BreadcrumbList\",\"@id\":\"https:\\\/\\\/www.altaviadeimontilattari.it\\\/es\\\/#breadcrumb\",\"itemListElement\":[{\"@type\":\"ListItem\",\"position\":1,\"name\":\"Home\",\"item\":\"https:\\\/\\\/www.altaviadeimontilattari.it\\\/es\\\/\"},{\"@type\":\"ListItem\",\"position\":2,\"name\":\"Hogar\"}]},{\"@type\":\"WebSite\",\"@id\":\"https:\\\/\\\/www.altaviadeimontilattari.it\\\/#website\",\"url\":\"https:\\\/\\\/www.altaviadeimontilattari.it\\\/\",\"name\":\"Alta Via dei Monti Lattari\",\"description\":\"La montagna \u00e8 un modo di vivere la vita.\",\"publisher\":{\"@id\":\"https:\\\/\\\/www.altaviadeimontilattari.it\\\/#organization\"},\"potentialAction\":[{\"@type\":\"SearchAction\",\"target\":{\"@type\":\"EntryPoint\",\"urlTemplate\":\"https:\\\/\\\/www.altaviadeimontilattari.it\\\/?s={search_term_string}\"},\"query-input\":{\"@type\":\"PropertyValueSpecification\",\"valueRequired\":true,\"valueName\":\"search_term_string\"}}],\"inLanguage\":\"es\"},{\"@type\":\"Organization\",\"@id\":\"https:\\\/\\\/www.altaviadeimontilattari.it\\\/#organization\",\"name\":\"Alta Via dei Monti Lattari\",\"url\":\"https:\\\/\\\/www.altaviadeimontilattari.it\\\/\",\"logo\":{\"@type\":\"ImageObject\",\"inLanguage\":\"es\",\"@id\":\"https:\\\/\\\/www.altaviadeimontilattari.it\\\/#\\\/schema\\\/logo\\\/image\\\/\",\"url\":\"https:\\\/\\\/i0.wp.com\\\/www.altaviadeimontilattari.it\\\/wp-content\\\/uploads\\\/2020\\\/12\\\/alta_via_monyi_lattari_logo.png?fit=325%2C100&ssl=1\",\"contentUrl\":\"https:\\\/\\\/i0.wp.com\\\/www.altaviadeimontilattari.it\\\/wp-content\\\/uploads\\\/2020\\\/12\\\/alta_via_monyi_lattari_logo.png?fit=325%2C100&ssl=1\",\"width\":325,\"height\":100,\"caption\":\"Alta Via dei Monti Lattari\"},\"image\":{\"@id\":\"https:\\\/\\\/www.altaviadeimontilattari.it\\\/#\\\/schema\\\/logo\\\/image\\\/\"}}]}<\/script>\n<!-- \/ Yoast SEO plugin. -->","yoast_head_json":{"title":"Hogar - Alta Via dei Monti Lattari","robots":{"index":"index","follow":"follow","max-snippet":"max-snippet:-1","max-image-preview":"max-image-preview:large","max-video-preview":"max-video-preview:-1"},"canonical":"https:\/\/www.altaviadeimontilattari.it\/es\/","og_locale":"es_ES","og_type":"article","og_title":"Hogar - Alta Via dei Monti Lattari","og_description":"Alta V\u00eda Dei Monti Lattari En los grandes espacios de la monta\u00f1a, en sus altos silencios, el hombre sin distracciones puede captar el sentido de su peque\u00f1ez y la dimensi\u00f3n infinita de su alma. DESCUBRA M\u00c1S Sendero contacto con la naturaleza Paisajes salvajes y rurales, mar azul profundo, acantilados y calas escondidas, parques, flora y&hellip;&nbsp;Read More &raquo;Hogar","og_url":"https:\/\/www.altaviadeimontilattari.it\/es\/","og_site_name":"Alta Via dei Monti Lattari","article_modified_time":"2022-07-13T08:02:07+00:00","og_image":[{"url":"https:\/\/www.altaviadeimontilattari.it\/wp-content\/uploads\/2020\/12\/alta_via_monti_lattari_sentiero_italia_300_cai.jpg","type":"","width":"","height":""}],"twitter_card":"summary_large_image","twitter_misc":{"Tiempo de lectura":"4 minutos"},"schema":{"@context":"https:\/\/schema.org","@graph":[{"@type":"WebPage","@id":"https:\/\/www.altaviadeimontilattari.it\/es\/","url":"https:\/\/www.altaviadeimontilattari.it\/es\/","name":"Hogar - Alta Via dei Monti Lattari","isPartOf":{"@id":"https:\/\/www.altaviadeimontilattari.it\/#website"},"primaryImageOfPage":{"@id":"https:\/\/www.altaviadeimontilattari.it\/es\/#primaryimage"},"image":{"@id":"https:\/\/www.altaviadeimontilattari.it\/es\/#primaryimage"},"thumbnailUrl":"https:\/\/www.altaviadeimontilattari.it\/wp-content\/uploads\/2020\/12\/alta_via_monti_lattari_sentiero_italia_300_cai.jpg","datePublished":"2022-07-08T12:47:01+00:00","dateModified":"2022-07-13T08:02:07+00:00","breadcrumb":{"@id":"https:\/\/www.altaviadeimontilattari.it\/es\/#breadcrumb"},"inLanguage":"es","potentialAction":[{"@type":"ReadAction","target":["https:\/\/www.altaviadeimontilattari.it\/es\/"]}]},{"@type":"ImageObject","inLanguage":"es","@id":"https:\/\/www.altaviadeimontilattari.it\/es\/#primaryimage","url":"https:\/\/www.altaviadeimontilattari.it\/wp-content\/uploads\/2020\/12\/alta_via_monti_lattari_sentiero_italia_300_cai.jpg","contentUrl":"https:\/\/www.altaviadeimontilattari.it\/wp-content\/uploads\/2020\/12\/alta_via_monti_lattari_sentiero_italia_300_cai.jpg"},{"@type":"BreadcrumbList","@id":"https:\/\/www.altaviadeimontilattari.it\/es\/#breadcrumb","itemListElement":[{"@type":"ListItem","position":1,"name":"Home","item":"https:\/\/www.altaviadeimontilattari.it\/es\/"},{"@type":"ListItem","position":2,"name":"Hogar"}]},{"@type":"WebSite","@id":"https:\/\/www.altaviadeimontilattari.it\/#website","url":"https:\/\/www.altaviadeimontilattari.it\/","name":"Alta Via dei Monti Lattari","description":"La montagna \u00e8 un modo di vivere la vita.","publisher":{"@id":"https:\/\/www.altaviadeimontilattari.it\/#organization"},"potentialAction":[{"@type":"SearchAction","target":{"@type":"EntryPoint","urlTemplate":"https:\/\/www.altaviadeimontilattari.it\/?s={search_term_string}"},"query-input":{"@type":"PropertyValueSpecification","valueRequired":true,"valueName":"search_term_string"}}],"inLanguage":"es"},{"@type":"Organization","@id":"https:\/\/www.altaviadeimontilattari.it\/#organization","name":"Alta Via dei Monti Lattari","url":"https:\/\/www.altaviadeimontilattari.it\/","logo":{"@type":"ImageObject","inLanguage":"es","@id":"https:\/\/www.altaviadeimontilattari.it\/#\/schema\/logo\/image\/","url":"https:\/\/i0.wp.com\/www.altaviadeimontilattari.it\/wp-content\/uploads\/2020\/12\/alta_via_monyi_lattari_logo.png?fit=325%2C100&ssl=1","contentUrl":"https:\/\/i0.wp.com\/www.altaviadeimontilattari.it\/wp-content\/uploads\/2020\/12\/alta_via_monyi_lattari_logo.png?fit=325%2C100&ssl=1","width":325,"height":100,"caption":"Alta Via dei Monti Lattari"},"image":{"@id":"https:\/\/www.altaviadeimontilattari.it\/#\/schema\/logo\/image\/"}}]}},"jetpack-related-posts":[{"id":5950,"url":"https:\/\/www.altaviadeimontilattari.it\/es\/sobre-nosotros\/","url_meta":{"origin":6722,"position":0},"title":"Sobre nosotros","author":"Luca Casaburi","date":"23 de enero de 2020","format":false,"excerpt":"Sobre nosotros Historia altaviadeimontilattari.it nace como un proyecto para valorizar y dar a conocer la zona de Monti Lattari, las costas de Amalfi y Sorrento en Campania y en todo el mundo. El proyecto surgi\u00f3 en diciembre de 2020 de la pasi\u00f3n por la naturaleza y el apoyo al territorio\u2026","rel":"","context":"Entrada similar","block_context":{"text":"Entrada similar","link":""},"img":{"alt_text":"punta Campanella - altaviadeimontilattari.it","src":"https:\/\/i0.wp.com\/www.altaviadeimontilattari.it\/wp-content\/uploads\/2021\/02\/punta-campanella-altaviadeimontilattari-scaled.jpg?resize=350%2C200&ssl=1","width":350,"height":200,"srcset":"https:\/\/i0.wp.com\/www.altaviadeimontilattari.it\/wp-content\/uploads\/2021\/02\/punta-campanella-altaviadeimontilattari-scaled.jpg?resize=350%2C200&ssl=1 1x, https:\/\/i0.wp.com\/www.altaviadeimontilattari.it\/wp-content\/uploads\/2021\/02\/punta-campanella-altaviadeimontilattari-scaled.jpg?resize=525%2C300&ssl=1 1.5x, https:\/\/i0.wp.com\/www.altaviadeimontilattari.it\/wp-content\/uploads\/2021\/02\/punta-campanella-altaviadeimontilattari-scaled.jpg?resize=700%2C400&ssl=1 2x, https:\/\/i0.wp.com\/www.altaviadeimontilattari.it\/wp-content\/uploads\/2021\/02\/punta-campanella-altaviadeimontilattari-scaled.jpg?resize=1050%2C600&ssl=1 3x, https:\/\/i0.wp.com\/www.altaviadeimontilattari.it\/wp-content\/uploads\/2021\/02\/punta-campanella-altaviadeimontilattari-scaled.jpg?resize=1400%2C800&ssl=1 4x"},"classes":[]},{"id":5995,"url":"https:\/\/www.altaviadeimontilattari.it\/es\/la-costa-amalfitana-y-la-peninsula-sorrentina-entre-poesia-arte-y-aforismos\/","url_meta":{"origin":6722,"position":1},"title":"La Costa Amalfitana y la Pen\u00ednsula Sorrentina entre poes\u00eda, arte y aforismos","author":"Luca Casaburi","date":"28 de mayo de 2022","format":false,"excerpt":"La Costa de Amalfi siempre ha sido tierra de marineros e inventores, pero tambi\u00e9n inspiraci\u00f3n para poetas, escritores y grandes compositores. Propongo un viaje por estas tierras, verdaderos cuadros enmarcados por un cielo a\u00f1il y un mar esmeralda, vistos a trav\u00e9s de los ojos de ilustres visitantes. La costa fue\u2026","rel":"","context":"Entrada similar","block_context":{"text":"Entrada similar","link":""},"img":{"alt_text":"","src":"","width":0,"height":0},"classes":[]},{"id":5930,"url":"https:\/\/www.altaviadeimontilattari.it\/es\/alta-via-dei-monti-lattari\/","url_meta":{"origin":6722,"position":2},"title":"Alta Via dei Monti Lattari","author":"","date":"19 de noviembre de 2020","format":false,"excerpt":"Con la cabeza en las nubes y el mar Famosa en todo el mundo por su mar azul profundo, sus acantilados y sus ciudades antiguas, la Costa de Amalfi esconde justo encima de su costa, la belleza natural de los Montes Lattari. Atravesado por cientos de caminos de herradura bien\u2026","rel":"","context":"Entrada similar","block_context":{"text":"Entrada similar","link":""},"img":{"alt_text":"","src":"https:\/\/i0.wp.com\/www.altaviadeimontilattari.it\/wp-content\/uploads\/2020\/12\/tour_alta_via_monti_lattari.jpg?resize=350%2C200&ssl=1","width":350,"height":200,"srcset":"https:\/\/i0.wp.com\/www.altaviadeimontilattari.it\/wp-content\/uploads\/2020\/12\/tour_alta_via_monti_lattari.jpg?resize=350%2C200&ssl=1 1x, https:\/\/i0.wp.com\/www.altaviadeimontilattari.it\/wp-content\/uploads\/2020\/12\/tour_alta_via_monti_lattari.jpg?resize=525%2C300&ssl=1 1.5x, https:\/\/i0.wp.com\/www.altaviadeimontilattari.it\/wp-content\/uploads\/2020\/12\/tour_alta_via_monti_lattari.jpg?resize=700%2C400&ssl=1 2x"},"classes":[]},{"id":6125,"url":"https:\/\/www.altaviadeimontilattari.it\/es\/la-costa-amalfitana\/","url_meta":{"origin":6722,"position":3},"title":"la costa amalfitana","author":"","date":"19 de noviembre de 2020","format":false,"excerpt":"La costa de Amalfi representa el espl\u00e9ndido paisaje situado al sur de la ca\u00f3tica y fascinante N\u00e1poles. En apoyo de esto, las islas de Capri, Ischia y Procida han sido atractivos para millones de visitantes provenientes no solo de Italia. Las ciudades que animan las costas de Campania est\u00e1n inmersas\u2026","rel":"","context":"Entrada similar","block_context":{"text":"Entrada similar","link":""},"img":{"alt_text":"","src":"","width":0,"height":0},"classes":[]},{"id":5936,"url":"https:\/\/www.altaviadeimontilattari.it\/es\/camina-con-nosotros\/","url_meta":{"origin":6722,"position":4},"title":"Camina con nosotros","author":"Luca Casaburi","date":"6 de mayo de 2022","format":false,"excerpt":"Cualquiera puede caminar con nosotros. Descubra con nosotros la Alta Via dei Monti Lattari. Camina con nosotros Del 2 al 4 de junio de 2022 Recorremos la Alta Via dei Monti Lattari en su totalidad a lo largo de tres d\u00edas, siguiendo todo el camino de los 300CAI. Parte del\u2026","rel":"","context":"Entrada similar","block_context":{"text":"Entrada similar","link":""},"img":{"alt_text":"","src":"https:\/\/i0.wp.com\/www.altaviadeimontilattari.it\/wp-content\/uploads\/2022\/05\/monte_finestra_sud-edited.jpg?resize=350%2C200&ssl=1","width":350,"height":200,"srcset":"https:\/\/i0.wp.com\/www.altaviadeimontilattari.it\/wp-content\/uploads\/2022\/05\/monte_finestra_sud-edited.jpg?resize=350%2C200&ssl=1 1x, https:\/\/i0.wp.com\/www.altaviadeimontilattari.it\/wp-content\/uploads\/2022\/05\/monte_finestra_sud-edited.jpg?resize=525%2C300&ssl=1 1.5x, https:\/\/i0.wp.com\/www.altaviadeimontilattari.it\/wp-content\/uploads\/2022\/05\/monte_finestra_sud-edited.jpg?resize=700%2C400&ssl=1 2x"},"classes":[]},{"id":7291,"url":"https:\/\/www.altaviadeimontilattari.it\/es\/cammina-con-noi-iii-edicion-2024\/","url_meta":{"origin":6722,"position":5},"title":"Cammina con noi &#8211; III edici\u00f3n 2024","author":"Luca Casaburi","date":"11 de abril de 2024","format":false,"excerpt":"Cualquiera puede caminar con nosotros. Descubra con nosotros la Alta Via dei Monti Lattari. Recorremos la Alta Via dei Monti Lattari en su totalidad a lo largo de tres d\u00edas, siguiendo todo el camino de los 300CAI. Parte del municipio de Cava de' Tirreni y llega hasta Punta Campanella, el\u2026","rel":"","context":"Entrada similar","block_context":{"text":"Entrada similar","link":""},"img":{"alt_text":"","src":"https:\/\/i0.wp.com\/www.altaviadeimontilattari.it\/wp-content\/uploads\/2024\/04\/iii-edizione.jpg?resize=350%2C200&ssl=1","width":350,"height":200,"srcset":"https:\/\/i0.wp.com\/www.altaviadeimontilattari.it\/wp-content\/uploads\/2024\/04\/iii-edizione.jpg?resize=350%2C200&ssl=1 1x, https:\/\/i0.wp.com\/www.altaviadeimontilattari.it\/wp-content\/uploads\/2024\/04\/iii-edizione.jpg?resize=525%2C300&ssl=1 1.5x, https:\/\/i0.wp.com\/www.altaviadeimontilattari.it\/wp-content\/uploads\/2024\/04\/iii-edizione.jpg?resize=700%2C400&ssl=1 2x"},"classes":[]}],"jetpack_shortlink":"https:\/\/wp.me\/PcGNaV-1Kq","jetpack_sharing_enabled":true,"_links":{"self":[{"href":"https:\/\/www.altaviadeimontilattari.it\/es\/wp-json\/wp\/v2\/pages\/6722","targetHints":{"allow":["GET"]}}],"collection":[{"href":"https:\/\/www.altaviadeimontilattari.it\/es\/wp-json\/wp\/v2\/pages"}],"about":[{"href":"https:\/\/www.altaviadeimontilattari.it\/es\/wp-json\/wp\/v2\/types\/page"}],"author":[{"embeddable":true,"href":"https:\/\/www.altaviadeimontilattari.it\/es\/wp-json\/wp\/v2\/users\/3"}],"replies":[{"embeddable":true,"href":"https:\/\/www.altaviadeimontilattari.it\/es\/wp-json\/wp\/v2\/comments?post=6722"}],"version-history":[{"count":17,"href":"https:\/\/www.altaviadeimontilattari.it\/es\/wp-json\/wp\/v2\/pages\/6722\/revisions"}],"predecessor-version":[{"id":6783,"href":"https:\/\/www.altaviadeimontilattari.it\/es\/wp-json\/wp\/v2\/pages\/6722\/revisions\/6783"}],"wp:attachment":[{"href":"https:\/\/www.altaviadeimontilattari.it\/es\/wp-json\/wp\/v2\/media?parent=6722"}],"curies":[{"name":"wp","href":"https:\/\/api.w.org\/{rel}","templated":true}]}}