{"id":7449,"date":"2025-04-04T16:04:26","date_gmt":"2025-04-04T16:04:26","guid":{"rendered":"https:\/\/www.altaviadeimontilattari.it\/camina-con-nosotros-4a-edicion-2025\/"},"modified":"2025-05-08T16:07:01","modified_gmt":"2025-05-08T16:07:01","slug":"camina-con-nosotros-4a-edicion-2025","status":"publish","type":"page","link":"https:\/\/www.altaviadeimontilattari.it\/es\/camina-con-nosotros-4a-edicion-2025\/","title":{"rendered":"Camina con nosotros &#8211; 4\u00aa edici\u00f3n 2025"},"content":{"rendered":"\n<div id=\"wp-block-themeisle-blocks-advanced-columns-3830824e\" class=\"wp-block-themeisle-blocks-advanced-columns has-1-columns has-desktop-equal-layout has-tablet-equal-layout has-mobile-equal-layout has-vertical-unset\"><div class=\"wp-block-themeisle-blocks-advanced-columns-overlay\"><\/div><div class=\"innerblocks-wrap\">\n<div id=\"wp-block-themeisle-blocks-advanced-column-0c9f6ba5\" class=\"wp-block-themeisle-blocks-advanced-column\">\n<div class=\"wp-block-cover is-light\"><img data-recalc-dims=\"1\" fetchpriority=\"high\" decoding=\"async\" width=\"1024\" height=\"768\" class=\"wp-block-cover__image-background wp-image-6901\" alt=\"\" src=\"https:\/\/i0.wp.com\/www.altaviadeimontilattari.it\/wp-content\/uploads\/2023\/04\/tour_alta_via_monti_lattari.jpg?resize=1024%2C768&#038;ssl=1\" style=\"object-position:50% 50%\" data-object-fit=\"cover\" data-object-position=\"50% 50%\" srcset=\"https:\/\/i0.wp.com\/www.altaviadeimontilattari.it\/wp-content\/uploads\/2023\/04\/tour_alta_via_monti_lattari.jpg?w=1024&amp;ssl=1 1024w, https:\/\/i0.wp.com\/www.altaviadeimontilattari.it\/wp-content\/uploads\/2023\/04\/tour_alta_via_monti_lattari.jpg?resize=300%2C225&amp;ssl=1 300w, https:\/\/i0.wp.com\/www.altaviadeimontilattari.it\/wp-content\/uploads\/2023\/04\/tour_alta_via_monti_lattari.jpg?resize=768%2C576&amp;ssl=1 768w\" sizes=\"(max-width: 1024px) 100vw, 1024px\" \/><span aria-hidden=\"true\" class=\"wp-block-cover__background has-background-dim\"><\/span><div class=\"wp-block-cover__inner-container is-layout-flow wp-block-cover-is-layout-flow\">\n<h3 class=\"has-text-align-center\" style=\"color:white;\">Cualquiera puede caminar con nosotros.<\/h3>\n\n\n\n<h2 class=\"has-text-align-center\" style=\"color:white;\">Descubra con nosotros la Alta Via dei Monti Lattari.<\/h2>\n<\/div><\/div>\n<\/div>\n<\/div><\/div>\n\n<div id=\"wp-block-themeisle-blocks-advanced-columns-3cc0610e\" class=\"wp-block-themeisle-blocks-advanced-columns has-1-columns has-desktop-equal-layout has-tablet-equal-layout has-mobile-equal-layout has-vertical-unset\"><div class=\"wp-block-themeisle-blocks-advanced-columns-overlay\"><\/div><div class=\"innerblocks-wrap\">\n<div id=\"wp-block-themeisle-blocks-advanced-column-72f76e22\" class=\"wp-block-themeisle-blocks-advanced-column\">\n<section id=\"wp-block-themeisle-blocks-advanced-columns-dab9e0bf\" class=\"wp-block-themeisle-blocks-advanced-columns alignfull has-1-columns has-desktop-equal-layout has-tablet-equal-layout has-mobile-equal-layout has-vertical-flex-start has-light-bg\"><div class=\"wp-block-themeisle-blocks-advanced-columns-overlay\"><\/div><div class=\"innerblocks-wrap\">\n<div id=\"wp-block-themeisle-blocks-advanced-column-9df22226\" class=\"wp-block-themeisle-blocks-advanced-column\">\n<section id=\"wp-block-themeisle-blocks-advanced-columns-25c95699\" class=\"wp-block-themeisle-blocks-advanced-columns has-1-columns has-desktop-equal-layout has-tablet-equal-layout has-mobile-equal-layout has-vertical-flex-start\"><div class=\"wp-block-themeisle-blocks-advanced-columns-overlay\"><\/div><div class=\"innerblocks-wrap\">\n<div id=\"wp-block-themeisle-blocks-advanced-column-d4d9a4f8\" class=\"wp-block-themeisle-blocks-advanced-column\">\n<figure class=\"wp-block-image size-full\"><img data-recalc-dims=\"1\" decoding=\"async\" width=\"1024\" height=\"1024\" src=\"https:\/\/i0.wp.com\/www.altaviadeimontilattari.it\/wp-content\/uploads\/2025\/04\/cammina-con-noi-alta-via-dei-monti-lattari-iv-edizione-2025.png?resize=1024%2C1024&#038;ssl=1\" alt=\"Camina con nosotros - Alta via dei monti lattari - 4&#xAA; edici&#xF3;n 2025\" class=\"wp-image-7407\" srcset=\"https:\/\/i0.wp.com\/www.altaviadeimontilattari.it\/wp-content\/uploads\/2025\/04\/cammina-con-noi-alta-via-dei-monti-lattari-iv-edizione-2025.png?w=1024&amp;ssl=1 1024w, https:\/\/i0.wp.com\/www.altaviadeimontilattari.it\/wp-content\/uploads\/2025\/04\/cammina-con-noi-alta-via-dei-monti-lattari-iv-edizione-2025.png?resize=300%2C300&amp;ssl=1 300w, https:\/\/i0.wp.com\/www.altaviadeimontilattari.it\/wp-content\/uploads\/2025\/04\/cammina-con-noi-alta-via-dei-monti-lattari-iv-edizione-2025.png?resize=150%2C150&amp;ssl=1 150w, https:\/\/i0.wp.com\/www.altaviadeimontilattari.it\/wp-content\/uploads\/2025\/04\/cammina-con-noi-alta-via-dei-monti-lattari-iv-edizione-2025.png?resize=768%2C768&amp;ssl=1 768w\" sizes=\"(max-width: 1024px) 100vw, 1024px\" \/><\/figure>\n\n\n\n<hr class=\"wp-block-separator has-text-color has-black-color has-css-opacity has-black-background-color has-background\"\/>\n\n\n\n<p class=\"has-text-align-center\">En esta nueva edici\u00f3n, recorreremos toda la <strong>Alta Via dei Monti Lattari<\/strong> en <strong>tres d\u00edas<\/strong>, siguiendo el impresionante <strong>Sendero 300 del CAI.<\/strong> Partiremos de <strong>Cava de&#8217; Tirreni<\/strong> para llegar a <strong>Punta Campanella<\/strong>, el punto m\u00e1s alejado de la <strong>Pen\u00ednsula Sorrentina<\/strong>, en el municipio de <strong>Massa Lubrense<\/strong>. Nuestro paseo atravesar\u00e1 lugares emblem\u00e1ticos como <strong>Vietri sul Mare, Cetara, Maiori, Tramonti, Ravello, Scala, Agerola, Positano, Vico Equense, Piano di Sorrento y Sorrento.<\/strong>  <\/p>\n\n\n\n<p class=\"has-text-align-center\">Te invitamos a participar en este <strong>evento especial<\/strong> para experimentar juntos la <strong>aut\u00e9ntica belleza<\/strong> de estos lugares, prepararte para la aventura y redescubrir la zona con nuevos ojos. <strong>El objetivo de<\/strong> esta edici\u00f3n es <strong>promover una cultura de monta\u00f1a m\u00e1s consciente<\/strong> y <strong>reforzar la red<\/strong> entre entusiastas y comunidades locales.<\/p>\n\n\n\n<p class=\"has-text-align-center\"><strong><strong>Todo el mundo es bienvenido<\/strong>: puedes unirte a nosotros en todo el viaje o participar s\u00f3lo en <strong>una de las etapas<\/strong>. Ser\u00e1 una oportunidad para <strong>compartir experiencias, pasiones y nuevos encuentros<\/strong>. <\/strong><\/p>\n\n\n\n<p class=\"has-text-align-center\">Por el camino tocaremos numerosos <strong>puntos de inter\u00e9s<\/strong> de gran valor <strong>hist\u00f3rico y cultural<\/strong>, ricos en <strong>tradici\u00f3n y arte.<\/strong> Nos acompa\u00f1ar\u00e1n <strong>unas vistas impresionantes<\/strong> de <strong>la Divina Costa Amalfitana<\/strong> y la <strong>Pen\u00ednsula Sorrentina<\/strong>, lugares encantadores que han inspirado a <strong>poetas, escritores y artistas<\/strong> de todos los tiempos. <\/p>\n\n\n\n<p class=\"has-text-align-center\">Si quieres participar, <strong>ponte en contacto con nosotros<\/strong>, indicando <strong>el n\u00famero de personas<\/strong> y si pretendes <strong>recorrer toda la ruta o s\u00f3lo algunas etapas<\/strong>. Esto nos ayudar\u00e1 a organizarnos mejor y a <strong>salir juntos<\/strong>. <\/p>\n\n\n\n<p class=\"has-text-align-center\">Quienes deseen que <strong>les acompa\u00f1emos a lo largo de toda la ruta<\/strong> (y no realizarla de forma independiente) <strong>deben inscribirse<\/strong> rellenando el<a href=\"https:\/\/forms.gle\/sRb5owK3uWK9kZDh6\" target=\"_blank\" rel=\"noreferrer noopener\"> <strong>cuestionario<\/strong> correspondiente<\/a>, presentar un <strong>certificado m\u00e9dico deportivo<\/strong> v\u00e1lido y disponer de <strong>un seguro de senderismo<\/strong>.<\/p>\n\n\n\n<p class=\"has-text-align-center\">Para m\u00e1s informaci\u00f3n sobre eventos u organizaci\u00f3n <a href=\"https:\/\/www.altaviadeimontilattari.it\/es\/contacto-con-nosotros\/\"><strong>ponte en contacto con nosotros<\/strong><\/a>.<br\/>Correo electr\u00f3nico: <a href=\"mailto:luca.casaburi@ricercattiva.it\">luca.casaburi@ricercattiva.it<\/a> &#8211; Whastapp: <a href=\"https:\/\/wa.me\/393460639351\">+393460639351<\/a><\/p>\n<\/div>\n<\/div><\/section>\n\n\n\n<h2 class=\"wp-block-heading has-text-align-center\">Programa de trekking 31 de mayo &#8211; 2 de junio<\/h2>\n\n\n\n<h2 class=\"wp-block-heading has-text-align-center\">Cammina con Noi <\/h2>\n\n\n\n<hr class=\"wp-block-separator has-text-color has-neve-link-color-color has-css-opacity has-neve-link-color-background-color has-background\"\/>\n\n\n\n<section id=\"wp-block-themeisle-blocks-advanced-columns-2ac7a10f\" class=\"wp-block-themeisle-blocks-advanced-columns alignfull has-3-columns has-desktop-equal-layout has-tablet-equal-layout has-mobile-collapsedRows-layout has-vertical-flex-start\"><div class=\"wp-block-themeisle-blocks-advanced-columns-overlay\"><\/div><div class=\"innerblocks-wrap\">\n<div id=\"wp-block-themeisle-blocks-advanced-column-e2c940a5\" class=\"wp-block-themeisle-blocks-advanced-column\">\n<figure class=\"wp-block-image size-large\"><img data-recalc-dims=\"1\" decoding=\"async\" width=\"1024\" height=\"1025\" src=\"https:\/\/i0.wp.com\/www.altaviadeimontilattari.it\/wp-content\/uploads\/2022\/05\/monte_finestra_sud-edited.jpg?resize=1024%2C1025&#038;ssl=1\" alt=\"\" class=\"wp-image-4316\" srcset=\"https:\/\/i0.wp.com\/www.altaviadeimontilattari.it\/wp-content\/uploads\/2022\/05\/monte_finestra_sud-edited.jpg?w=1024&amp;ssl=1 1024w, https:\/\/i0.wp.com\/www.altaviadeimontilattari.it\/wp-content\/uploads\/2022\/05\/monte_finestra_sud-edited.jpg?resize=300%2C300&amp;ssl=1 300w, https:\/\/i0.wp.com\/www.altaviadeimontilattari.it\/wp-content\/uploads\/2022\/05\/monte_finestra_sud-edited.jpg?resize=150%2C150&amp;ssl=1 150w, https:\/\/i0.wp.com\/www.altaviadeimontilattari.it\/wp-content\/uploads\/2022\/05\/monte_finestra_sud-edited.jpg?resize=768%2C769&amp;ssl=1 768w\" sizes=\"(max-width: 1024px) 100vw, 1024px\" \/><figcaption class=\"wp-element-caption\">Monte Finestra Cumbre Sur<\/figcaption><\/figure>\n\n\n\n<h3 class=\"wp-block-heading has-text-align-left\">Fase 1 &#8211; 31 de mayo de 2025<\/h3>\n\n\n\n<p class=\"has-text-align-left\"><strong>Salida<\/strong>: Abad\u00eda benedictina de Cava De&#8217; Tirreni<br\/><strong>Destino<\/strong>: Valico di Chiunzi<br\/><strong>Distancia<\/strong>: 23km<br\/><strong>Hora de salida<\/strong>: 6:30h<\/p>\n<\/div>\n\n\n\n<div id=\"wp-block-themeisle-blocks-advanced-column-f4f1b419\" class=\"wp-block-themeisle-blocks-advanced-column\">\n<figure class=\"wp-block-image size-full\"><img data-recalc-dims=\"1\" loading=\"lazy\" decoding=\"async\" width=\"767\" height=\"768\" src=\"https:\/\/i0.wp.com\/www.altaviadeimontilattari.it\/wp-content\/uploads\/2022\/05\/monte_molare_panorama-edited.jpg?resize=767%2C768&#038;ssl=1\" alt=\"Cruz de la Conocchia\" class=\"wp-image-4317\" srcset=\"https:\/\/i0.wp.com\/www.altaviadeimontilattari.it\/wp-content\/uploads\/2022\/05\/monte_molare_panorama-edited.jpg?w=767&amp;ssl=1 767w, https:\/\/i0.wp.com\/www.altaviadeimontilattari.it\/wp-content\/uploads\/2022\/05\/monte_molare_panorama-edited.jpg?resize=300%2C300&amp;ssl=1 300w, https:\/\/i0.wp.com\/www.altaviadeimontilattari.it\/wp-content\/uploads\/2022\/05\/monte_molare_panorama-edited.jpg?resize=150%2C150&amp;ssl=1 150w\" sizes=\"(max-width: 767px) 100vw, 767px\" \/><figcaption class=\"wp-element-caption\">Cruz de la Conocchia<\/figcaption><\/figure>\n\n\n\n<h3 class=\"wp-block-heading has-text-align-left\">Fase 2 &#8211; 1 de junio de 2025<\/h3>\n\n\n\n<p class=\"has-text-align-left\"><strong>Salida<\/strong> <strong>:<\/strong> Valico di Chiunzi<br\/><strong>Destino:<\/strong> Santa Maria del Castello<br\/><strong>Distancia:<\/strong> 25 km<br\/><strong>Hora de salida:<\/strong> 6:00<\/p>\n<\/div>\n\n\n\n<div id=\"wp-block-themeisle-blocks-advanced-column-f115b84a\" class=\"wp-block-themeisle-blocks-advanced-column\">\n<figure class=\"wp-block-image size-full\"><img data-recalc-dims=\"1\" loading=\"lazy\" decoding=\"async\" width=\"767\" height=\"768\" src=\"https:\/\/i0.wp.com\/www.altaviadeimontilattari.it\/wp-content\/uploads\/2022\/05\/penisola_sorrentina_punta_campanella-edited.jpg?resize=767%2C768&#038;ssl=1\" alt=\"\" class=\"wp-image-4318\" srcset=\"https:\/\/i0.wp.com\/www.altaviadeimontilattari.it\/wp-content\/uploads\/2022\/05\/penisola_sorrentina_punta_campanella-edited.jpg?w=767&amp;ssl=1 767w, https:\/\/i0.wp.com\/www.altaviadeimontilattari.it\/wp-content\/uploads\/2022\/05\/penisola_sorrentina_punta_campanella-edited.jpg?resize=300%2C300&amp;ssl=1 300w, https:\/\/i0.wp.com\/www.altaviadeimontilattari.it\/wp-content\/uploads\/2022\/05\/penisola_sorrentina_punta_campanella-edited.jpg?resize=150%2C150&amp;ssl=1 150w\" sizes=\"(max-width: 767px) 100vw, 767px\" \/><figcaption class=\"wp-element-caption\">Punta Campanella y Capri<\/figcaption><\/figure>\n\n\n\n<h3 class=\"wp-block-heading has-text-align-left\">Fase 3 &#8211; 2 de junio de 2025<\/h3>\n\n\n\n<p class=\"has-text-align-left\"><strong>Salida<\/strong> <strong>: <\/strong>Santa Maria al Castello<br\/><strong>Destino:<\/strong> Punta Campanella<br\/><strong>Distancia:<\/strong> 24km<br\/><strong>Hora de salida:<\/strong> 7:00<\/p>\n<\/div>\n<\/div><\/section>\n<\/div>\n<\/div><\/section>\n<\/div>\n<\/div><\/div>\n\n<div class=\"wp-block-columns is-layout-flex wp-container-core-columns-is-layout-9d6595d7 wp-block-columns-is-layout-flex\">\n<div class=\"wp-block-column is-vertically-aligned-center is-layout-flow wp-block-column-is-layout-flow\" style=\"flex-basis:66.66%\">\n<h3 class=\"wp-block-heading alignwide has-text-align-center\">Camina con nosotros &#8211; Alta Via dei Monti Lattari \/ IV edici\u00f3n 2025<\/h3>\n<\/div>\n\n\n\n<div class=\"wp-block-column is-layout-flow wp-block-column-is-layout-flow\" style=\"flex-basis:33.33%\">\n<div class=\"wp-block-buttons is-content-justification-center is-layout-flex wp-container-core-buttons-is-layout-16018d1d wp-block-buttons-is-layout-flex\">\n<div class=\"wp-block-button\"><a class=\"wp-block-button__link wp-element-button\">Descubre la IV Edici\u00f3n 2024<\/a><\/div>\n<\/div>\n<\/div>\n<\/div>\n\n<div class=\"wp-block-columns is-layout-flex wp-container-core-columns-is-layout-9d6595d7 wp-block-columns-is-layout-flex\">\n<div class=\"wp-block-column is-vertically-aligned-center is-layout-flow wp-block-column-is-layout-flow\" style=\"flex-basis:66.66%\">\n<h3 class=\"wp-block-heading alignwide has-text-align-center\">Construye la nube de emociones de esta experiencia con nosotros<\/h3>\n<\/div>\n\n\n\n<div class=\"wp-block-column is-layout-flow wp-block-column-is-layout-flow\" style=\"flex-basis:33.33%\">\n<div class=\"wp-block-buttons is-content-justification-center is-layout-flex wp-container-core-buttons-is-layout-16018d1d wp-block-buttons-is-layout-flex\">\n<div class=\"wp-block-button\"><a class=\"wp-block-button__link wp-element-button\" href=\"https:\/\/www.altaviadeimontilattari.it\/es\/las-emociones-paso-a-paso\/\">Las emociones paso a paso<\/a><\/div>\n<\/div>\n<\/div>\n<\/div>\n\n<div id=\"wp-block-themeisle-blocks-accordion-999b292b\" class=\"wp-block-themeisle-blocks-accordion exclusive\">\n<details class=\"wp-block-themeisle-blocks-accordion-item\"><summary class=\"wp-block-themeisle-blocks-accordion-item__title\"><div>Cosa portare nello zaino?<\/div><\/summary><div class=\"wp-block-themeisle-blocks-accordion-item__content\">\n<p>En este <strong><a href=\"https:\/\/www.altaviadeimontilattari.it\/es\/que-llevar-material-recomendado\/\">enlace<\/a><\/strong>encontrar\u00e1 una lista de equipos t\u00e9cnicos recomendados.<\/p>\n\n\n\n<p>Cada participante es plenamente responsable de la elecci\u00f3n de su equipo, quedando entendido que algunos accesorios siguen siendo indispensables.<\/p>\n<\/div><\/details>\n<\/div>\n\n<div id=\"wp-block-themeisle-blocks-accordion-d81f382e\" class=\"wp-block-themeisle-blocks-accordion exclusive\">\n<details class=\"wp-block-themeisle-blocks-accordion-item\"><summary class=\"wp-block-themeisle-blocks-accordion-item__title\"><div>Dove dormire e come organizzarsi?<\/div><\/summary><div class=\"wp-block-themeisle-blocks-accordion-item__content\">\n<p>Cada participante tiene que organizar su propio alojamiento poni\u00e9ndose en contacto con las instalaciones de alojamiento en persona. <\/p>\n\n\n\n<p>Si decide participar en una carpa, puede ponerse en contacto con nosotros para obtener informaci\u00f3n sobre d\u00f3nde acampar al final de la etapa.<\/p>\n\n\n\n<ul class=\"wp-block-list\">\n<li><strong>El punto de encuentro para la primera etapa de la ruta es la Abad\u00eda Benedictina de Cava de&#8217; Tirreni, el 31 de mayo de 2025<\/strong>. Para llegar a la Abad\u00eda a la hora de salida, ser\u00e1 necesario desplazarse en coche desde el centro de Cava de&#8217; Tirreni, ya que los autobuses salen demasiado tarde los d\u00edas festivos. Como alternativa, es posible alojarse directamente en la aldea de Corpo di Cava, donde hay numerosos B&amp;B disponibles.<br\/>Quienes prefieran alojarse en el centro de Cava de&#8217; Tirreni pueden elegir libremente el alojamiento que prefieran, teniendo en cuenta la necesidad de llegar a la Abad\u00eda de forma independiente.  <\/li>\n<\/ul>\n\n\n\n<ul class=\"wp-block-list\">\n<li>Al <strong>final de la primera etapa, recomendamos alojarse<\/strong> <strong>en <em>\u00abAl valico<\/em><\/strong> <strong> \u00ab, en Valico di Chiunzi, Tramonti <\/strong>, donde tambi\u00e9n descansaremos.<br\/>Contacto:<br\/>P\u00e1gina web: <a href=\"http:\/\/www.alvalico.it\/site\/\" target=\"_blank\" rel=\"noreferrer noopener\">http:\/\/www.alvalico.it\/site\/<\/a><br\/>FB: <a href=\"https:\/\/www.facebook.com\/alvalicorelax\" target=\"_blank\" rel=\"noreferrer noopener\">https:\/\/www.facebook.com\/alvalicorelax<\/a><\/li>\n\n\n\n<li>Al final de <strong>la segunda etapa, recomendamos alojarse en <em>&#8216;La Sorgente del Melo&#8217;<\/em><\/strong> en Santa Maria del Castello. Aqu\u00ed tambi\u00e9n pararemos para cenar y pasar la noche.<br\/>Contacto:<br\/>P\u00e1gina web: <a href=\"http:\/\/www.lasorgentedelmelo.it\/it\/\" target=\"_blank\" rel=\"noreferrer noopener\">http:\/\/www.lasorgentedelmelo.it\/it\/<\/a><br\/>FB: <a href=\"https:\/\/www.facebook.com\/Agriturismo-La-Sorgente-del-Melo-220677194617140\/\" target=\"_blank\" rel=\"noreferrer noopener\">https:\/\/www.facebook.com\/Agriturismo-La-Sorgente-del-Melo-220677194617140\/<\/a><br\/>Tel: +39 081-8023701<\/li>\n\n\n\n<li><strong>La hora de finalizaci\u00f3n de la tercera etapa en Termini es a \u00faltima hora de la tarde\/noche.<\/strong>  Si no tienes coche, tendr\u00e1s que organizar el regreso en transporte p\u00fablico por la noche o al d\u00eda siguiente. Aqu\u00ed tienes los horarios del autob\u00fas 5071 para el tramo Termini &#8211; Sorrento<a href=\"https:\/\/www.sitasudtrasporti.it\/archivio\/Download\/corse\/sitasud\/Campania\/Salerno\/170ba1ad-99d0-4f3f-a360-e09f36200a54_5070_11_04_2022.pdf\/0\" target=\"_blank\" rel=\"noreferrer noopener\">(<\/a>Horarios l\u00ednea 5071), luego desde Sorrento puedes llegar a tu destino desde la estaci\u00f3n de tren.<br\/>Si decides pasar la noche, puedes alojarte en el establecimiento de Termini que prefieras.<br\/>Horarios l\u00ednea 5071: https:\/\/www.sitasudtrasporti.it\/archivio\/Download\/corse\/sitasud\/Campania\/Salerno\/170ba1ad-99d0-4f3f-a360-e09f36200a54_5070_11_04_2022.pdf\/0 <\/li>\n<\/ul>\n\n\n\n<h4 class=\"wp-block-heading\">Al contactar con las instalaciones, se recomienda informar de la participaci\u00f3n en el evento <em>\u00abCamina con nosotros\u00bb <\/em>de altaviadeimontilattari.it.<\/h4>\n<\/div><\/details>\n<\/div>\n\n<div id=\"wp-block-themeisle-blocks-accordion-d693441e\" class=\"wp-block-themeisle-blocks-accordion exclusive\">\n<details class=\"wp-block-themeisle-blocks-accordion-item\"><summary class=\"wp-block-themeisle-blocks-accordion-item__title\"><div>Preparazione al viaggio<\/div><\/summary><div class=\"wp-block-themeisle-blocks-accordion-item__content\">\n<p>La participaci\u00f3n en el viaje implica<strong>asumir la plena responsabilidad personal<\/strong> y requiere una total autonom\u00eda.<\/p>\n\n\n\n<p>Organice su paseo de la mejor manera posible:<\/p>\n\n\n\n<ul class=\"wp-block-list\">\n<li>consultar los mapas de los lugares por los que pasaremos, para llegar preparados;<\/li>\n\n\n\n<li>pregunte a la secci\u00f3n correspondiente del CAI sobre la dificultad de la ruta, con el fin de evaluar su idoneidad para la misma;<\/li>\n\n\n\n<li>informado sobre el tiempo;<\/li>\n\n\n\n<li>llevar la mochila como \u00fanico equipaje y llevar todo el equipo necesario;<\/li>\n\n\n\n<li>reservar su propia cama en las caba\u00f1as\/hostales\/B&amp;B de las etapas;<\/li>\n\n\n\n<li>planifica tus viajes de manera que puedas desplazarte de forma aut\u00f3noma a\/desde los lugares de la etapa.<\/li>\n<\/ul>\n\n\n\n<p><strong>\u00a1Recuerda!<\/strong> Los senderos de monta\u00f1a (que no son caminos de peregrinaci\u00f3n) requieren una preparaci\u00f3n f\u00edsica adecuada y experiencia.<\/p>\n\n\n\n<p>Se desaconseja encarecidamente la participaci\u00f3n a quienes sufran mareos y problemas card\u00edacos y\/o respiratorios.<\/p>\n<\/div><\/details>\n<\/div>\n\n<div id=\"wp-block-themeisle-blocks-accordion-735f167c\" class=\"wp-block-themeisle-blocks-accordion exclusive\">\n<details class=\"wp-block-themeisle-blocks-accordion-item\"><summary class=\"wp-block-themeisle-blocks-accordion-item__title\"><div>Termini di partecipazione<\/div><\/summary><div class=\"wp-block-themeisle-blocks-accordion-item__content\">\n<p>La participaci\u00f3n en los eventos de <em><strong>altaviadeimontilattari.it<\/strong><\/em> es <strong>completamente voluntaria<\/strong>.<\/p>\n\n\n\n<p>Precisamos que NO operamos como tour operador, sino que nos comprometemos como un proyecto sin fines de lucro liderado por j\u00f3venes voluntarios.<\/p>\n\n\n\n<p>La participaci\u00f3n en eventos implica la asunci\u00f3n plena de la responsabilidad individual y requiere total autonom\u00eda. Los menores deber\u00e1n ir acompa\u00f1ados y permanecer bajo la total responsabilidad de sus padres o tutores.<\/p>\n\n\n\n<p><\/p>\n\n\n\n<p><strong>El personal de <em>altaviadeimontilattari.it<\/em> no se hace responsable de la organizaci\u00f3n del viaje ni de los posibles<\/strong> <strong>da\u00f1os a los participantes<\/strong><\/p>\n\n\n\n<p><\/p>\n\n\n\n<p>El participante, por tanto, ACEPTA:<\/p>\n\n\n\n<ul class=\"wp-block-list has-small-font-size\">\n<li>tener en cuenta que <em>altaviadeimontilattari.it<\/em> no proporciona ning\u00fan servicio y\/o prestaci\u00f3n de ning\u00fan tipo a quienes eligen participar en la caminata con el equipo de <em>altaviadeimontilattari.it<\/em>;<\/li>\n\n\n\n<li>certificar que se encuentran en condiciones f\u00edsicas y psicof\u00edsicas adecuadas para la actividad deportiva no competitiva, as\u00ed como que han le\u00eddo el grado de dificultad de los senderos por los que caminar\u00e1n con el equipo de <em>altaviadeimontilattari.it<\/em>;<\/li>\n\n\n\n<li>ser consciente de los posibles riesgos asociados a la pr\u00e1ctica de actividades deportivas no competitivas realizadas durante la participaci\u00f3n en el evento <em>altaviadeimontilattari.it<\/em>, aunque no puedan considerarse una actividad intr\u00ednsecamente peligrosa;<\/li>\n\n\n\n<li>asumir toda responsabilidad respecto de la propia persona, por los da\u00f1os personales y\/o causados \u200b\u200ba otros (y\/o cosas) por el propio comportamiento que no se ajusta a la ley y\/o a la diligencia y\/o a los c\u00e1nones comunes de prudencia y sentido;<\/li>\n\n\n\n<li>eximir al personal de altaviadeimontilattari.it, a sus colaboradores y empleados, de cualquier responsabilidad por los da\u00f1os derivados de la participaci\u00f3n en los eventos, extendiendo esta exenci\u00f3n tambi\u00e9n a los herederos y sujetos relacionados;<\/li>\n\n\n\n<li>haber le\u00eddo y comprendido atentamente el contenido de este documento antes de aceptarlo;<\/li>\n\n\n\n<li>que comprende y est\u00e1 de acuerdo con los prop\u00f3sitos de las normas de precauci\u00f3n establecidas para su seguridad y que no respetarlas puede ponerle a \u00e9l y a sus compa\u00f1eros en una situaci\u00f3n de peligro.<\/li>\n<\/ul>\n\n\n\n<p>Cualquiera que desee participar de forma independiente podr\u00e1 hacerlo libremente. Sin embargo, para participar en el evento <strong>Camina con nosotros &#8211; Alta Via dei Monti Lattari &#8211; IV Edici\u00f3n 2025<\/strong> organizado por <strong><em>altaviadeimontilattari.it<\/em><\/strong> y recorrer toda la ruta con el personal, es <span style=\"text-decoration: underline;\">necesario <a href=\"https:\/\/forms.gle\/KYmidzpHvHwJkC3v7\"><strong>solicitar la inscripci\u00f3n en el evento<\/strong><\/a>, presentar un certificado m\u00e9dico deportivo y disponer de un seguro de accidentes para actividades de senderismo.<\/span> <em><strong>Los socios registrados en la FIE<\/strong><\/em> disfrutan de la inclusi\u00f3n del seguro, mientras que para los que no lo son, es posible solicitar un seguro diario a trav\u00e9s de la asociaci\u00f3n <strong><em>Trekking Cava<\/em><\/strong> con un coste de 30\u20ac por los 3 d\u00edas de actividad de senderismo.<\/p>\n<\/div><\/details>\n<\/div>\n\n<div class=\"wp-block-columns is-layout-flex wp-container-core-columns-is-layout-9d6595d7 wp-block-columns-is-layout-flex\">\n<div class=\"wp-block-column is-layout-flow wp-block-column-is-layout-flow\"><div class=\"wp-block-image\">\n<figure class=\"aligncenter size-full is-resized\"><img data-recalc-dims=\"1\" loading=\"lazy\" decoding=\"async\" width=\"512\" height=\"512\" src=\"https:\/\/i0.wp.com\/www.altaviadeimontilattari.it\/wp-content\/uploads\/2022\/05\/maps-icon-png-25-1.png?resize=512%2C512&#038;ssl=1\" alt=\"\" class=\"wp-image-4347\" style=\"width:157px;height:157px\" srcset=\"https:\/\/i0.wp.com\/www.altaviadeimontilattari.it\/wp-content\/uploads\/2022\/05\/maps-icon-png-25-1.png?w=512&amp;ssl=1 512w, https:\/\/i0.wp.com\/www.altaviadeimontilattari.it\/wp-content\/uploads\/2022\/05\/maps-icon-png-25-1.png?resize=300%2C300&amp;ssl=1 300w, https:\/\/i0.wp.com\/www.altaviadeimontilattari.it\/wp-content\/uploads\/2022\/05\/maps-icon-png-25-1.png?resize=150%2C150&amp;ssl=1 150w\" sizes=\"(max-width: 512px) 100vw, 512px\" \/><\/figure>\n<\/div>\n\n\n<p class=\"has-text-align-center\">Prep\u00e1rate y descarga el track de la ruta en formato GPX<\/p>\n\n\n\n<div class=\"wp-block-buttons is-content-justification-center is-layout-flex wp-container-core-buttons-is-layout-16018d1d wp-block-buttons-is-layout-flex\">\n<div class=\"wp-block-button is-style-primary\"><a class=\"wp-block-button__link wp-element-button\" href=\"https:\/\/www.altaviadeimontilattari.it\/es\/el-camino-300-cai\/\">Mapa de la ruta<\/a><\/div>\n<\/div>\n<\/div>\n\n\n\n<div class=\"wp-block-column is-layout-flow wp-block-column-is-layout-flow\"><div class=\"wp-block-image\">\n<figure class=\"aligncenter size-full is-resized\"><img data-recalc-dims=\"1\" loading=\"lazy\" decoding=\"async\" width=\"180\" height=\"180\" src=\"https:\/\/i0.wp.com\/www.altaviadeimontilattari.it\/wp-content\/uploads\/2022\/05\/IMG-20220127-WA0017_preview_rev_1.png?resize=180%2C180&#038;ssl=1\" alt=\"\" class=\"wp-image-4349\" style=\"width:157px;height:157px\" srcset=\"https:\/\/i0.wp.com\/www.altaviadeimontilattari.it\/wp-content\/uploads\/2022\/05\/IMG-20220127-WA0017_preview_rev_1.png?w=180&amp;ssl=1 180w, https:\/\/i0.wp.com\/www.altaviadeimontilattari.it\/wp-content\/uploads\/2022\/05\/IMG-20220127-WA0017_preview_rev_1.png?resize=150%2C150&amp;ssl=1 150w\" sizes=\"(max-width: 180px) 100vw, 180px\" \/><\/figure>\n<\/div>\n\n\n<p class=\"has-text-align-center\">Descubre con nosotros las etapas que recorreremos<\/p>\n\n\n\n<div class=\"wp-block-buttons is-content-justification-center is-layout-flex wp-container-core-buttons-is-layout-16018d1d wp-block-buttons-is-layout-flex\">\n<div class=\"wp-block-button is-style-primary\"><a class=\"wp-block-button__link wp-element-button\" href=\"https:\/\/www.altaviadeimontilattari.it\/es\/tour-dellalta-via-dei-monti-lattari\/\">PUNTOS DE INTER\u00c9S<\/a><\/div>\n<\/div>\n<\/div>\n\n\n\n<div class=\"wp-block-column is-layout-flow wp-block-column-is-layout-flow\"><div class=\"wp-block-image\">\n<figure class=\"aligncenter size-full is-resized\"><img data-recalc-dims=\"1\" loading=\"lazy\" decoding=\"async\" width=\"709\" height=\"615\" src=\"https:\/\/i0.wp.com\/www.altaviadeimontilattari.it\/wp-content\/uploads\/2022\/05\/Pagina_Contatti.png?resize=709%2C615&#038;ssl=1\" alt=\"\" class=\"wp-image-4351\" style=\"width:180px;height:156px\" srcset=\"https:\/\/i0.wp.com\/www.altaviadeimontilattari.it\/wp-content\/uploads\/2022\/05\/Pagina_Contatti.png?w=709&amp;ssl=1 709w, https:\/\/i0.wp.com\/www.altaviadeimontilattari.it\/wp-content\/uploads\/2022\/05\/Pagina_Contatti.png?resize=300%2C260&amp;ssl=1 300w\" sizes=\"(max-width: 709px) 100vw, 709px\" \/><\/figure>\n<\/div>\n\n\n<p class=\"has-text-align-center\">P\u00f3ngase en contacto con nosotros para obtener informaci\u00f3n sobre el programa y su organizaci\u00f3n<\/p>\n\n\n\n<div class=\"wp-block-buttons is-content-justification-center is-layout-flex wp-container-core-buttons-is-layout-16018d1d wp-block-buttons-is-layout-flex\">\n<div class=\"wp-block-button is-style-primary\"><a class=\"wp-block-button__link wp-element-button\" href=\"https:\/\/www.altaviadeimontilattari.it\/es\/contacto-con-nosotros\/\">CONTACTE CON NOSOTROS PARA OBTENER INFORMACI\u00d3N<\/a><\/div>\n<\/div>\n<\/div>\n<\/div>\n\n<hr class=\"wp-block-separator has-css-opacity\"\/>\n\n<div class=\"wp-block-columns ticss-05ef9120 is-layout-flex wp-container-core-columns-is-layout-9d6595d7 wp-block-columns-is-layout-flex\">\n<div class=\"wp-block-column is-layout-flow wp-block-column-is-layout-flow\" style=\"flex-basis:33.33%\"><div class=\"wp-block-image\">\n<figure class=\"aligncenter size-full\"><img data-recalc-dims=\"1\" loading=\"lazy\" decoding=\"async\" width=\"220\" height=\"220\" src=\"https:\/\/i0.wp.com\/www.altaviadeimontilattari.it\/wp-content\/uploads\/2022\/05\/WhatsApp-Image-2022-05-10-at-16.35.06-1.jpeg?resize=220%2C220&#038;ssl=1\" alt=\"\" class=\"wp-image-4383\" srcset=\"https:\/\/i0.wp.com\/www.altaviadeimontilattari.it\/wp-content\/uploads\/2022\/05\/WhatsApp-Image-2022-05-10-at-16.35.06-1.jpeg?w=220&amp;ssl=1 220w, https:\/\/i0.wp.com\/www.altaviadeimontilattari.it\/wp-content\/uploads\/2022\/05\/WhatsApp-Image-2022-05-10-at-16.35.06-1.jpeg?resize=150%2C150&amp;ssl=1 150w\" sizes=\"(max-width: 220px) 100vw, 220px\" \/><\/figure>\n<\/div><\/div>\n\n\n\n<div class=\"wp-block-column is-layout-flow wp-block-column-is-layout-flow\" style=\"flex-basis:66.66%\">\n<h3 class=\"wp-block-heading\">La seguridad es lo primero.<\/h3>\n\n\n\n<p>A lo largo de la traves\u00eda estaremos atentos a <a href=\"https:\/\/www.reteradiomontana.it\/\" target=\"_blank\" rel=\"noreferrer noopener\"><strong>Red de Radio de Montana<\/strong><\/a>.<\/p>\n\n\n\n<p>Designaci\u00f3n <strong>OSCAR 115<\/strong><\/p>\n<\/div>\n<\/div>\n\n<hr class=\"wp-block-separator has-alpha-channel-opacity\"\/>\n\n<h4 class=\"wp-block-heading has-text-align-center\">Gracias por vuestra colaboraci\u00f3n y participaci\u00f3n.<\/h4>\n\n<div class=\"wp-block-columns is-layout-flex wp-container-core-columns-is-layout-9d6595d7 wp-block-columns-is-layout-flex\">\n<div class=\"wp-block-column is-layout-flow wp-block-column-is-layout-flow\"><div class=\"wp-block-image\">\n<figure class=\"aligncenter size-full\"><img data-recalc-dims=\"1\" loading=\"lazy\" decoding=\"async\" width=\"600\" height=\"600\" src=\"https:\/\/i0.wp.com\/www.altaviadeimontilattari.it\/wp-content\/uploads\/2023\/05\/stickerland_it.png?resize=600%2C600&#038;ssl=1\" alt=\"Toppe Patch Ricamate personalizzate - Stickerland.it\" class=\"wp-image-6989\" srcset=\"https:\/\/i0.wp.com\/www.altaviadeimontilattari.it\/wp-content\/uploads\/2023\/05\/stickerland_it.png?w=600&amp;ssl=1 600w, https:\/\/i0.wp.com\/www.altaviadeimontilattari.it\/wp-content\/uploads\/2023\/05\/stickerland_it.png?resize=300%2C300&amp;ssl=1 300w, https:\/\/i0.wp.com\/www.altaviadeimontilattari.it\/wp-content\/uploads\/2023\/05\/stickerland_it.png?resize=150%2C150&amp;ssl=1 150w\" sizes=\"(max-width: 600px) 100vw, 600px\" \/><figcaption class=\"wp-element-caption\">Toppe Patch Ricamate personalizzate &#8211; Stickerland.it<\/figcaption><\/figure>\n<\/div>\n\n\n<p class=\"has-text-align-center\"><\/p>\n<\/div>\n\n\n\n<div class=\"wp-block-column is-layout-flow wp-block-column-is-layout-flow\"><div class=\"wp-block-image\">\n<figure class=\"aligncenter size-large is-resized\"><img data-recalc-dims=\"1\" loading=\"lazy\" decoding=\"async\" width=\"1024\" height=\"1024\" src=\"https:\/\/i0.wp.com\/www.altaviadeimontilattari.it\/wp-content\/uploads\/2023\/05\/trekking-cava-2.png?resize=1024%2C1024&#038;ssl=1\" alt=\"A.S.D. Trekking Cava\" class=\"wp-image-6984\" style=\"width:167px;height:167px\" srcset=\"https:\/\/i0.wp.com\/www.altaviadeimontilattari.it\/wp-content\/uploads\/2023\/05\/trekking-cava-2.png?resize=1024%2C1024&amp;ssl=1 1024w, https:\/\/i0.wp.com\/www.altaviadeimontilattari.it\/wp-content\/uploads\/2023\/05\/trekking-cava-2.png?resize=300%2C300&amp;ssl=1 300w, https:\/\/i0.wp.com\/www.altaviadeimontilattari.it\/wp-content\/uploads\/2023\/05\/trekking-cava-2.png?resize=150%2C150&amp;ssl=1 150w, https:\/\/i0.wp.com\/www.altaviadeimontilattari.it\/wp-content\/uploads\/2023\/05\/trekking-cava-2.png?resize=768%2C768&amp;ssl=1 768w, https:\/\/i0.wp.com\/www.altaviadeimontilattari.it\/wp-content\/uploads\/2023\/05\/trekking-cava-2.png?w=1181&amp;ssl=1 1181w\" sizes=\"(max-width: 1024px) 100vw, 1024px\" \/><figcaption class=\"wp-element-caption\">A.S.D. Trekking Cava<\/figcaption><\/figure>\n<\/div>\n\n\n<p class=\"has-text-align-center\"><\/p>\n<\/div>\n\n\n\n<div class=\"wp-block-column is-layout-flow wp-block-column-is-layout-flow\"><div class=\"wp-block-image\">\n<figure class=\"aligncenter size-full is-resized\"><img data-recalc-dims=\"1\" loading=\"lazy\" decoding=\"async\" width=\"430\" height=\"425\" src=\"https:\/\/i0.wp.com\/www.altaviadeimontilattari.it\/wp-content\/uploads\/2024\/04\/fie.jpg?resize=430%2C425&#038;ssl=1\" alt=\"FIE - Federazione Italiana Escursionisti - Comitato Regionale Campania\" class=\"wp-image-7239\" style=\"width:167px;height:167px\" srcset=\"https:\/\/i0.wp.com\/www.altaviadeimontilattari.it\/wp-content\/uploads\/2024\/04\/fie.jpg?w=430&amp;ssl=1 430w, https:\/\/i0.wp.com\/www.altaviadeimontilattari.it\/wp-content\/uploads\/2024\/04\/fie.jpg?resize=300%2C297&amp;ssl=1 300w\" sizes=\"(max-width: 430px) 100vw, 430px\" \/><figcaption class=\"wp-element-caption\">FIE &#8211; Federazione Italiana Escursionisti &#8211; Comitato Regionale Campania<\/figcaption><\/figure>\n<\/div>\n\n\n<p class=\"has-text-align-center\"><\/p>\n<\/div>\n\n\n\n<div class=\"wp-block-column is-layout-flow wp-block-column-is-layout-flow\"><div class=\"wp-block-image\">\n<figure class=\"aligncenter size-large\"><img data-recalc-dims=\"1\" loading=\"lazy\" decoding=\"async\" width=\"1024\" height=\"829\" src=\"https:\/\/i0.wp.com\/www.altaviadeimontilattari.it\/wp-content\/uploads\/2025\/05\/cai-logo.png?resize=1024%2C829&#038;ssl=1\" alt=\"\" class=\"wp-image-7463\" srcset=\"https:\/\/i0.wp.com\/www.altaviadeimontilattari.it\/wp-content\/uploads\/2025\/05\/cai-logo.png?resize=1024%2C829&amp;ssl=1 1024w, https:\/\/i0.wp.com\/www.altaviadeimontilattari.it\/wp-content\/uploads\/2025\/05\/cai-logo.png?resize=300%2C243&amp;ssl=1 300w, https:\/\/i0.wp.com\/www.altaviadeimontilattari.it\/wp-content\/uploads\/2025\/05\/cai-logo.png?resize=768%2C622&amp;ssl=1 768w, https:\/\/i0.wp.com\/www.altaviadeimontilattari.it\/wp-content\/uploads\/2025\/05\/cai-logo.png?resize=1536%2C1243&amp;ssl=1 1536w, https:\/\/i0.wp.com\/www.altaviadeimontilattari.it\/wp-content\/uploads\/2025\/05\/cai-logo.png?resize=2048%2C1658&amp;ssl=1 2048w, https:\/\/i0.wp.com\/www.altaviadeimontilattari.it\/wp-content\/uploads\/2025\/05\/cai-logo.png?w=2400&amp;ssl=1 2400w\" sizes=\"(max-width: 1024px) 100vw, 1024px\" \/><figcaption class=\"wp-element-caption\">CAI &#8211; Club Alpino Italiano &#8211; Secci\u00f3n Cava de&#8217; Tirreni<\/figcaption><\/figure>\n<\/div><\/div>\n\n\n\n<div class=\"wp-block-column is-layout-flow wp-block-column-is-layout-flow\"><\/div>\n<\/div>\n<div style=\"margin: 20px 0;\"><div class=\"qrcswholewtapper\" style=\"text-align:left;\"><div class=\"qrcprowrapper\"  id=\"qrcwraa2leds\"><div class=\"qrc_canvass\" id=\"qrc_cuttenpages_2\" style=\"display:inline-block\" data-text=\"https:\/\/www.altaviadeimontilattari.it\/es\/camina-con-nosotros-4a-edicion-2025\/\"><\/div><div><a download=\"Camina con nosotros &#8211; 4\u00aa edici\u00f3n 2025.png\" class=\"qrcdownloads\" id=\"worign\">\r\n           <button type=\"button\" style=\"min-width:200px;background:#81ea00;color:#000;font-weight: 600;border: 1px solid #dddddd;border-radius:4px;font-size:12px;padding: 6px 0;\" class=\"uqr_code_btn\">Download QR<\/button>\r\n           <\/a><\/div><\/div><\/div><\/div>","protected":false},"excerpt":{"rendered":"<p>Camina con nosotros &#8211; Alta Via dei Monti Lattari \/ IV edici\u00f3n 2025 Construye la nube de emociones de esta experiencia con nosotros Prep\u00e1rate y descarga el track de la ruta en formato GPX Descubre con nosotros las etapas que recorreremos P\u00f3ngase en contacto con nosotros para obtener informaci\u00f3n sobre el programa y su organizaci\u00f3n&hellip;&nbsp;<a href=\"https:\/\/www.altaviadeimontilattari.it\/es\/camina-con-nosotros-4a-edicion-2025\/\" rel=\"bookmark\">Read More &raquo;<span class=\"screen-reader-text\">Camina con nosotros &#8211; 4\u00aa edici\u00f3n 2025<\/span><\/a><\/p>\n","protected":false},"author":1,"featured_media":0,"parent":0,"menu_order":0,"comment_status":"closed","ping_status":"closed","template":"","meta":{"neve_meta_sidebar":"full-width","neve_meta_container":"","neve_meta_enable_content_width":"on","neve_meta_content_width":100,"neve_meta_title_alignment":"","neve_meta_author_avatar":"","neve_post_elements_order":"","neve_meta_disable_header":"","neve_meta_disable_footer":"","neve_meta_disable_title":"","neve_meta_reading_time":"","_themeisle_gutenberg_block_has_review":false,"jetpack_post_was_ever_published":false,"footnotes":""},"class_list":["post-7449","page","type-page","status-publish","hentry"],"yoast_head":"<!-- This site is optimized with the Yoast SEO plugin v27.4 - https:\/\/yoast.com\/product\/yoast-seo-wordpress\/ -->\n<title>Camina con nosotros - 4\u00aa edici\u00f3n 2025 - Alta Via dei Monti Lattari<\/title>\n<meta name=\"description\" content=\"Cammina con Noi Alta Via dei Monti Lattari 2025 - Del 31 de mayo al 2 de junio para cruzar la Pen\u00ednsula Sorrentina siguiendo el sendero CAI 300\" \/>\n<meta name=\"robots\" content=\"index, follow, max-snippet:-1, max-image-preview:large, max-video-preview:-1\" \/>\n<link rel=\"canonical\" href=\"https:\/\/www.altaviadeimontilattari.it\/es\/camina-con-nosotros-4a-edicion-2025\/\" \/>\n<meta property=\"og:locale\" content=\"es_ES\" \/>\n<meta property=\"og:type\" content=\"article\" \/>\n<meta property=\"og:title\" content=\"Cammina con Noi Alta Via dei Monti Lattari 2024\" \/>\n<meta property=\"og:description\" content=\"Cammina con Noi Alta Via dei Monti Lattari 2024 - Del 31 de mayo al 2 de junio para cruzar la pen\u00ednsula de Sorrento siguiendo el sendero CAI 300\" \/>\n<meta property=\"og:url\" content=\"https:\/\/www.altaviadeimontilattari.it\/es\/camina-con-nosotros-4a-edicion-2025\/\" \/>\n<meta property=\"og:site_name\" content=\"Alta Via dei Monti Lattari\" \/>\n<meta property=\"article:modified_time\" content=\"2025-05-08T16:07:01+00:00\" \/>\n<meta property=\"og:image\" content=\"https:\/\/www.altaviadeimontilattari.it\/wp-content\/uploads\/2023\/04\/tour_alta_via_monti_lattari.jpg\" \/>\n<meta name=\"twitter:card\" content=\"summary_large_image\" \/>\n<meta name=\"twitter:title\" content=\"Cammina con Noi Alta Via dei Monti Lattari 2024\" \/>\n<meta name=\"twitter:description\" content=\"Cammina con Noi Alta Via dei Monti Lattari 2024 - Del 31 de mayo al 2 de junio para cruzar la pen\u00ednsula de Sorrento siguiendo el sendero CAI 300\" \/>\n<meta name=\"twitter:image\" content=\"https:\/\/www.altaviadeimontilattari.it\/wp-content\/uploads\/2023\/04\/tour_alta_via_monti_lattari.jpg\" \/>\n<meta name=\"twitter:label1\" content=\"Tiempo de lectura\" \/>\n\t<meta name=\"twitter:data1\" content=\"8 minutos\" \/>\n<script type=\"application\/ld+json\" class=\"yoast-schema-graph\">{\"@context\":\"https:\\\/\\\/schema.org\",\"@graph\":[{\"@type\":\"WebPage\",\"@id\":\"https:\\\/\\\/www.altaviadeimontilattari.it\\\/es\\\/camina-con-nosotros-4a-edicion-2025\\\/\",\"url\":\"https:\\\/\\\/www.altaviadeimontilattari.it\\\/es\\\/camina-con-nosotros-4a-edicion-2025\\\/\",\"name\":\"Camina con nosotros - 4\u00aa edici\u00f3n 2025 - Alta Via dei Monti Lattari\",\"isPartOf\":{\"@id\":\"https:\\\/\\\/www.altaviadeimontilattari.it\\\/#website\"},\"primaryImageOfPage\":{\"@id\":\"https:\\\/\\\/www.altaviadeimontilattari.it\\\/es\\\/camina-con-nosotros-4a-edicion-2025\\\/#primaryimage\"},\"image\":{\"@id\":\"https:\\\/\\\/www.altaviadeimontilattari.it\\\/es\\\/camina-con-nosotros-4a-edicion-2025\\\/#primaryimage\"},\"thumbnailUrl\":\"https:\\\/\\\/www.altaviadeimontilattari.it\\\/wp-content\\\/uploads\\\/2023\\\/04\\\/tour_alta_via_monti_lattari.jpg\",\"datePublished\":\"2025-04-04T16:04:26+00:00\",\"dateModified\":\"2025-05-08T16:07:01+00:00\",\"description\":\"Cammina con Noi Alta Via dei Monti Lattari 2025 - Del 31 de mayo al 2 de junio para cruzar la Pen\u00ednsula Sorrentina siguiendo el sendero CAI 300\",\"breadcrumb\":{\"@id\":\"https:\\\/\\\/www.altaviadeimontilattari.it\\\/es\\\/camina-con-nosotros-4a-edicion-2025\\\/#breadcrumb\"},\"inLanguage\":\"es\",\"potentialAction\":[{\"@type\":\"ReadAction\",\"target\":[\"https:\\\/\\\/www.altaviadeimontilattari.it\\\/es\\\/camina-con-nosotros-4a-edicion-2025\\\/\"]}]},{\"@type\":\"ImageObject\",\"inLanguage\":\"es\",\"@id\":\"https:\\\/\\\/www.altaviadeimontilattari.it\\\/es\\\/camina-con-nosotros-4a-edicion-2025\\\/#primaryimage\",\"url\":\"https:\\\/\\\/www.altaviadeimontilattari.it\\\/wp-content\\\/uploads\\\/2023\\\/04\\\/tour_alta_via_monti_lattari.jpg\",\"contentUrl\":\"https:\\\/\\\/www.altaviadeimontilattari.it\\\/wp-content\\\/uploads\\\/2023\\\/04\\\/tour_alta_via_monti_lattari.jpg\"},{\"@type\":\"BreadcrumbList\",\"@id\":\"https:\\\/\\\/www.altaviadeimontilattari.it\\\/es\\\/camina-con-nosotros-4a-edicion-2025\\\/#breadcrumb\",\"itemListElement\":[{\"@type\":\"ListItem\",\"position\":1,\"name\":\"Home\",\"item\":\"https:\\\/\\\/www.altaviadeimontilattari.it\\\/es\\\/\"},{\"@type\":\"ListItem\",\"position\":2,\"name\":\"Camina con nosotros &#8211; 4\u00aa edici\u00f3n 2025\"}]},{\"@type\":\"WebSite\",\"@id\":\"https:\\\/\\\/www.altaviadeimontilattari.it\\\/#website\",\"url\":\"https:\\\/\\\/www.altaviadeimontilattari.it\\\/\",\"name\":\"Alta Via dei Monti Lattari\",\"description\":\"La montagna \u00e8 un modo di vivere la vita.\",\"publisher\":{\"@id\":\"https:\\\/\\\/www.altaviadeimontilattari.it\\\/#organization\"},\"potentialAction\":[{\"@type\":\"SearchAction\",\"target\":{\"@type\":\"EntryPoint\",\"urlTemplate\":\"https:\\\/\\\/www.altaviadeimontilattari.it\\\/?s={search_term_string}\"},\"query-input\":{\"@type\":\"PropertyValueSpecification\",\"valueRequired\":true,\"valueName\":\"search_term_string\"}}],\"inLanguage\":\"es\"},{\"@type\":\"Organization\",\"@id\":\"https:\\\/\\\/www.altaviadeimontilattari.it\\\/#organization\",\"name\":\"Alta Via dei Monti Lattari\",\"url\":\"https:\\\/\\\/www.altaviadeimontilattari.it\\\/\",\"logo\":{\"@type\":\"ImageObject\",\"inLanguage\":\"es\",\"@id\":\"https:\\\/\\\/www.altaviadeimontilattari.it\\\/#\\\/schema\\\/logo\\\/image\\\/\",\"url\":\"https:\\\/\\\/i0.wp.com\\\/www.altaviadeimontilattari.it\\\/wp-content\\\/uploads\\\/2020\\\/12\\\/alta_via_monyi_lattari_logo.png?fit=325%2C100&ssl=1\",\"contentUrl\":\"https:\\\/\\\/i0.wp.com\\\/www.altaviadeimontilattari.it\\\/wp-content\\\/uploads\\\/2020\\\/12\\\/alta_via_monyi_lattari_logo.png?fit=325%2C100&ssl=1\",\"width\":325,\"height\":100,\"caption\":\"Alta Via dei Monti Lattari\"},\"image\":{\"@id\":\"https:\\\/\\\/www.altaviadeimontilattari.it\\\/#\\\/schema\\\/logo\\\/image\\\/\"}}]}<\/script>\n<!-- \/ Yoast SEO plugin. -->","yoast_head_json":{"title":"Camina con nosotros - 4\u00aa edici\u00f3n 2025 - Alta Via dei Monti Lattari","description":"Cammina con Noi Alta Via dei Monti Lattari 2025 - Del 31 de mayo al 2 de junio para cruzar la Pen\u00ednsula Sorrentina siguiendo el sendero CAI 300","robots":{"index":"index","follow":"follow","max-snippet":"max-snippet:-1","max-image-preview":"max-image-preview:large","max-video-preview":"max-video-preview:-1"},"canonical":"https:\/\/www.altaviadeimontilattari.it\/es\/camina-con-nosotros-4a-edicion-2025\/","og_locale":"es_ES","og_type":"article","og_title":"Cammina con Noi Alta Via dei Monti Lattari 2024","og_description":"Cammina con Noi Alta Via dei Monti Lattari 2024 - Del 31 de mayo al 2 de junio para cruzar la pen\u00ednsula de Sorrento siguiendo el sendero CAI 300","og_url":"https:\/\/www.altaviadeimontilattari.it\/es\/camina-con-nosotros-4a-edicion-2025\/","og_site_name":"Alta Via dei Monti Lattari","article_modified_time":"2025-05-08T16:07:01+00:00","og_image":[{"url":"https:\/\/www.altaviadeimontilattari.it\/wp-content\/uploads\/2023\/04\/tour_alta_via_monti_lattari.jpg","type":"","width":"","height":""}],"twitter_card":"summary_large_image","twitter_title":"Cammina con Noi Alta Via dei Monti Lattari 2024","twitter_description":"Cammina con Noi Alta Via dei Monti Lattari 2024 - Del 31 de mayo al 2 de junio para cruzar la pen\u00ednsula de Sorrento siguiendo el sendero CAI 300","twitter_image":"https:\/\/www.altaviadeimontilattari.it\/wp-content\/uploads\/2023\/04\/tour_alta_via_monti_lattari.jpg","twitter_misc":{"Tiempo de lectura":"8 minutos"},"schema":{"@context":"https:\/\/schema.org","@graph":[{"@type":"WebPage","@id":"https:\/\/www.altaviadeimontilattari.it\/es\/camina-con-nosotros-4a-edicion-2025\/","url":"https:\/\/www.altaviadeimontilattari.it\/es\/camina-con-nosotros-4a-edicion-2025\/","name":"Camina con nosotros - 4\u00aa edici\u00f3n 2025 - Alta Via dei Monti Lattari","isPartOf":{"@id":"https:\/\/www.altaviadeimontilattari.it\/#website"},"primaryImageOfPage":{"@id":"https:\/\/www.altaviadeimontilattari.it\/es\/camina-con-nosotros-4a-edicion-2025\/#primaryimage"},"image":{"@id":"https:\/\/www.altaviadeimontilattari.it\/es\/camina-con-nosotros-4a-edicion-2025\/#primaryimage"},"thumbnailUrl":"https:\/\/www.altaviadeimontilattari.it\/wp-content\/uploads\/2023\/04\/tour_alta_via_monti_lattari.jpg","datePublished":"2025-04-04T16:04:26+00:00","dateModified":"2025-05-08T16:07:01+00:00","description":"Cammina con Noi Alta Via dei Monti Lattari 2025 - Del 31 de mayo al 2 de junio para cruzar la Pen\u00ednsula Sorrentina siguiendo el sendero CAI 300","breadcrumb":{"@id":"https:\/\/www.altaviadeimontilattari.it\/es\/camina-con-nosotros-4a-edicion-2025\/#breadcrumb"},"inLanguage":"es","potentialAction":[{"@type":"ReadAction","target":["https:\/\/www.altaviadeimontilattari.it\/es\/camina-con-nosotros-4a-edicion-2025\/"]}]},{"@type":"ImageObject","inLanguage":"es","@id":"https:\/\/www.altaviadeimontilattari.it\/es\/camina-con-nosotros-4a-edicion-2025\/#primaryimage","url":"https:\/\/www.altaviadeimontilattari.it\/wp-content\/uploads\/2023\/04\/tour_alta_via_monti_lattari.jpg","contentUrl":"https:\/\/www.altaviadeimontilattari.it\/wp-content\/uploads\/2023\/04\/tour_alta_via_monti_lattari.jpg"},{"@type":"BreadcrumbList","@id":"https:\/\/www.altaviadeimontilattari.it\/es\/camina-con-nosotros-4a-edicion-2025\/#breadcrumb","itemListElement":[{"@type":"ListItem","position":1,"name":"Home","item":"https:\/\/www.altaviadeimontilattari.it\/es\/"},{"@type":"ListItem","position":2,"name":"Camina con nosotros &#8211; 4\u00aa edici\u00f3n 2025"}]},{"@type":"WebSite","@id":"https:\/\/www.altaviadeimontilattari.it\/#website","url":"https:\/\/www.altaviadeimontilattari.it\/","name":"Alta Via dei Monti Lattari","description":"La montagna \u00e8 un modo di vivere la vita.","publisher":{"@id":"https:\/\/www.altaviadeimontilattari.it\/#organization"},"potentialAction":[{"@type":"SearchAction","target":{"@type":"EntryPoint","urlTemplate":"https:\/\/www.altaviadeimontilattari.it\/?s={search_term_string}"},"query-input":{"@type":"PropertyValueSpecification","valueRequired":true,"valueName":"search_term_string"}}],"inLanguage":"es"},{"@type":"Organization","@id":"https:\/\/www.altaviadeimontilattari.it\/#organization","name":"Alta Via dei Monti Lattari","url":"https:\/\/www.altaviadeimontilattari.it\/","logo":{"@type":"ImageObject","inLanguage":"es","@id":"https:\/\/www.altaviadeimontilattari.it\/#\/schema\/logo\/image\/","url":"https:\/\/i0.wp.com\/www.altaviadeimontilattari.it\/wp-content\/uploads\/2020\/12\/alta_via_monyi_lattari_logo.png?fit=325%2C100&ssl=1","contentUrl":"https:\/\/i0.wp.com\/www.altaviadeimontilattari.it\/wp-content\/uploads\/2020\/12\/alta_via_monyi_lattari_logo.png?fit=325%2C100&ssl=1","width":325,"height":100,"caption":"Alta Via dei Monti Lattari"},"image":{"@id":"https:\/\/www.altaviadeimontilattari.it\/#\/schema\/logo\/image\/"}}]}},"jetpack-related-posts":[{"id":5944,"url":"https:\/\/www.altaviadeimontilattari.it\/es\/camina-con-nosotros-junio-2022\/","url_meta":{"origin":7449,"position":0},"title":"Camina con nosotros &#8211; Junio 2022","author":"Luca Casaburi","date":"9 de junio de 2022","format":false,"excerpt":"Nuestro viaje por la Alta Via dei Monti Lattari ha llegado a su fin. Un maravilloso viaje por estas maravillosas tierras entre la historia y la naturaleza. Un viaje que nos permiti\u00f3 conocer gente fant\u00e1stica y nos hizo redescubrir la hospitalidad de nuestra tierra. Es un viaje y una excursi\u00f3n\u2026","rel":"","context":"Entrada similar","block_context":{"text":"Entrada similar","link":""},"img":{"alt_text":"","src":"https:\/\/i0.wp.com\/www.altaviadeimontilattari.it\/wp-content\/uploads\/2022\/06\/km_20220602_1080p.00_00_00_00.Immagine002.jpg?fit=1200%2C675&ssl=1&resize=350%2C200","width":350,"height":200,"srcset":"https:\/\/i0.wp.com\/www.altaviadeimontilattari.it\/wp-content\/uploads\/2022\/06\/km_20220602_1080p.00_00_00_00.Immagine002.jpg?fit=1200%2C675&ssl=1&resize=350%2C200 1x, https:\/\/i0.wp.com\/www.altaviadeimontilattari.it\/wp-content\/uploads\/2022\/06\/km_20220602_1080p.00_00_00_00.Immagine002.jpg?fit=1200%2C675&ssl=1&resize=525%2C300 1.5x, https:\/\/i0.wp.com\/www.altaviadeimontilattari.it\/wp-content\/uploads\/2022\/06\/km_20220602_1080p.00_00_00_00.Immagine002.jpg?fit=1200%2C675&ssl=1&resize=700%2C400 2x, https:\/\/i0.wp.com\/www.altaviadeimontilattari.it\/wp-content\/uploads\/2022\/06\/km_20220602_1080p.00_00_00_00.Immagine002.jpg?fit=1200%2C675&ssl=1&resize=1050%2C600 3x"},"classes":[]},{"id":7291,"url":"https:\/\/www.altaviadeimontilattari.it\/es\/cammina-con-noi-iii-edicion-2024\/","url_meta":{"origin":7449,"position":1},"title":"Cammina con noi &#8211; III edici\u00f3n 2024","author":"Luca Casaburi","date":"11 de abril de 2024","format":false,"excerpt":"Cualquiera puede caminar con nosotros. Descubra con nosotros la Alta Via dei Monti Lattari. Recorremos la Alta Via dei Monti Lattari en su totalidad a lo largo de tres d\u00edas, siguiendo todo el camino de los 300CAI. Parte del municipio de Cava de' Tirreni y llega hasta Punta Campanella, el\u2026","rel":"","context":"Entrada similar","block_context":{"text":"Entrada similar","link":""},"img":{"alt_text":"","src":"https:\/\/i0.wp.com\/www.altaviadeimontilattari.it\/wp-content\/uploads\/2024\/04\/iii-edizione.jpg?resize=350%2C200&ssl=1","width":350,"height":200,"srcset":"https:\/\/i0.wp.com\/www.altaviadeimontilattari.it\/wp-content\/uploads\/2024\/04\/iii-edizione.jpg?resize=350%2C200&ssl=1 1x, https:\/\/i0.wp.com\/www.altaviadeimontilattari.it\/wp-content\/uploads\/2024\/04\/iii-edizione.jpg?resize=525%2C300&ssl=1 1.5x, https:\/\/i0.wp.com\/www.altaviadeimontilattari.it\/wp-content\/uploads\/2024\/04\/iii-edizione.jpg?resize=700%2C400&ssl=1 2x"},"classes":[]},{"id":5936,"url":"https:\/\/www.altaviadeimontilattari.it\/es\/camina-con-nosotros\/","url_meta":{"origin":7449,"position":2},"title":"Camina con nosotros","author":"Luca Casaburi","date":"6 de mayo de 2022","format":false,"excerpt":"Cualquiera puede caminar con nosotros. Descubra con nosotros la Alta Via dei Monti Lattari. Camina con nosotros Del 2 al 4 de junio de 2022 Recorremos la Alta Via dei Monti Lattari en su totalidad a lo largo de tres d\u00edas, siguiendo todo el camino de los 300CAI. Parte del\u2026","rel":"","context":"Entrada similar","block_context":{"text":"Entrada similar","link":""},"img":{"alt_text":"","src":"https:\/\/i0.wp.com\/www.altaviadeimontilattari.it\/wp-content\/uploads\/2022\/05\/monte_finestra_sud-edited.jpg?resize=350%2C200&ssl=1","width":350,"height":200,"srcset":"https:\/\/i0.wp.com\/www.altaviadeimontilattari.it\/wp-content\/uploads\/2022\/05\/monte_finestra_sud-edited.jpg?resize=350%2C200&ssl=1 1x, https:\/\/i0.wp.com\/www.altaviadeimontilattari.it\/wp-content\/uploads\/2022\/05\/monte_finestra_sud-edited.jpg?resize=525%2C300&ssl=1 1.5x, https:\/\/i0.wp.com\/www.altaviadeimontilattari.it\/wp-content\/uploads\/2022\/05\/monte_finestra_sud-edited.jpg?resize=700%2C400&ssl=1 2x"},"classes":[]},{"id":5959,"url":"https:\/\/www.altaviadeimontilattari.it\/es\/contacto-con-nosotros\/","url_meta":{"origin":7449,"position":3},"title":"Contacto con nosotros","author":"Luca Casaburi","date":"27 de enero de 2020","format":false,"excerpt":"Contacto con nosotros Sitios \u00fatiles turismo.ricercattiva.itwww.mdtsoftware.it Env\u00ede un correo electr\u00f3nico a luca.casaburi@ricercattiva.it luca.casaburi@ricercattiva.itluca.casaburi@mdtsoftware.it Instagram @turismo.ricercattiva@lugask Env\u00edenos un mensaje o con\u00e9ctese a nuestras redes sociales altaviadeimontilattari.it se cre\u00f3 para dar a conocer los Montes Lattari, la Costa de Amalfi y la Pen\u00ednsula de Sorrento, tierras de Italia a\u00fan poco conocidas por\u2026","rel":"","context":"Entrada similar","block_context":{"text":"Entrada similar","link":""},"img":{"alt_text":"","src":"","width":0,"height":0},"classes":[]},{"id":5950,"url":"https:\/\/www.altaviadeimontilattari.it\/es\/sobre-nosotros\/","url_meta":{"origin":7449,"position":4},"title":"Sobre nosotros","author":"Luca Casaburi","date":"23 de enero de 2020","format":false,"excerpt":"Sobre nosotros Historia altaviadeimontilattari.it nace como un proyecto para valorizar y dar a conocer la zona de Monti Lattari, las costas de Amalfi y Sorrento en Campania y en todo el mundo. El proyecto surgi\u00f3 en diciembre de 2020 de la pasi\u00f3n por la naturaleza y el apoyo al territorio\u2026","rel":"","context":"Entrada similar","block_context":{"text":"Entrada similar","link":""},"img":{"alt_text":"punta Campanella - altaviadeimontilattari.it","src":"https:\/\/i0.wp.com\/www.altaviadeimontilattari.it\/wp-content\/uploads\/2021\/02\/punta-campanella-altaviadeimontilattari-scaled.jpg?resize=350%2C200&ssl=1","width":350,"height":200,"srcset":"https:\/\/i0.wp.com\/www.altaviadeimontilattari.it\/wp-content\/uploads\/2021\/02\/punta-campanella-altaviadeimontilattari-scaled.jpg?resize=350%2C200&ssl=1 1x, https:\/\/i0.wp.com\/www.altaviadeimontilattari.it\/wp-content\/uploads\/2021\/02\/punta-campanella-altaviadeimontilattari-scaled.jpg?resize=525%2C300&ssl=1 1.5x, https:\/\/i0.wp.com\/www.altaviadeimontilattari.it\/wp-content\/uploads\/2021\/02\/punta-campanella-altaviadeimontilattari-scaled.jpg?resize=700%2C400&ssl=1 2x, https:\/\/i0.wp.com\/www.altaviadeimontilattari.it\/wp-content\/uploads\/2021\/02\/punta-campanella-altaviadeimontilattari-scaled.jpg?resize=1050%2C600&ssl=1 3x, https:\/\/i0.wp.com\/www.altaviadeimontilattari.it\/wp-content\/uploads\/2021\/02\/punta-campanella-altaviadeimontilattari-scaled.jpg?resize=1400%2C800&ssl=1 4x"},"classes":[]},{"id":6722,"url":"https:\/\/www.altaviadeimontilattari.it\/es\/","url_meta":{"origin":7449,"position":5},"title":"Hogar","author":"Turismo.Ricercattiva","date":"8 de julio de 2022","format":false,"excerpt":"Alta V\u00eda Dei Monti Lattari En los grandes espacios de la monta\u00f1a, en sus altos silencios, el hombre sin distracciones puede captar el sentido de su peque\u00f1ez y la dimensi\u00f3n infinita de su alma. DESCUBRA M\u00c1S Sendero contacto con la naturaleza Paisajes salvajes y rurales, mar azul profundo, acantilados y\u2026","rel":"","context":"Entrada similar","block_context":{"text":"Entrada similar","link":""},"img":{"alt_text":"Alta Via dei Monti Lattari Sentiero Italia 300 CAI","src":"https:\/\/i0.wp.com\/www.altaviadeimontilattari.it\/wp-content\/uploads\/2020\/12\/alta_via_monti_lattari_sentiero_italia_300_cai.jpg?resize=350%2C200&ssl=1","width":350,"height":200,"srcset":"https:\/\/i0.wp.com\/www.altaviadeimontilattari.it\/wp-content\/uploads\/2020\/12\/alta_via_monti_lattari_sentiero_italia_300_cai.jpg?resize=350%2C200&ssl=1 1x, https:\/\/i0.wp.com\/www.altaviadeimontilattari.it\/wp-content\/uploads\/2020\/12\/alta_via_monti_lattari_sentiero_italia_300_cai.jpg?resize=525%2C300&ssl=1 1.5x"},"classes":[]}],"jetpack_shortlink":"https:\/\/wp.me\/PcGNaV-1W9","jetpack_sharing_enabled":true,"_links":{"self":[{"href":"https:\/\/www.altaviadeimontilattari.it\/es\/wp-json\/wp\/v2\/pages\/7449","targetHints":{"allow":["GET"]}}],"collection":[{"href":"https:\/\/www.altaviadeimontilattari.it\/es\/wp-json\/wp\/v2\/pages"}],"about":[{"href":"https:\/\/www.altaviadeimontilattari.it\/es\/wp-json\/wp\/v2\/types\/page"}],"author":[{"embeddable":true,"href":"https:\/\/www.altaviadeimontilattari.it\/es\/wp-json\/wp\/v2\/users\/1"}],"replies":[{"embeddable":true,"href":"https:\/\/www.altaviadeimontilattari.it\/es\/wp-json\/wp\/v2\/comments?post=7449"}],"version-history":[{"count":2,"href":"https:\/\/www.altaviadeimontilattari.it\/es\/wp-json\/wp\/v2\/pages\/7449\/revisions"}],"predecessor-version":[{"id":7472,"href":"https:\/\/www.altaviadeimontilattari.it\/es\/wp-json\/wp\/v2\/pages\/7449\/revisions\/7472"}],"wp:attachment":[{"href":"https:\/\/www.altaviadeimontilattari.it\/es\/wp-json\/wp\/v2\/media?parent=7449"}],"curies":[{"name":"wp","href":"https:\/\/api.w.org\/{rel}","templated":true}]}}