{"id":5948,"date":"2020-01-23T18:21:52","date_gmt":"2020-01-23T18:21:52","guid":{"rendered":"https:\/\/www.altaviadeimontilattari.it\/a-propos-de-nous\/"},"modified":"2022-06-30T02:59:03","modified_gmt":"2022-06-30T02:59:03","slug":"a-propos-de-nous","status":"publish","type":"page","link":"https:\/\/www.altaviadeimontilattari.it\/fr\/a-propos-de-nous\/","title":{"rendered":"A propos de nous"},"content":{"rendered":"\n<div class=\"wp-block-themeisle-blocks-advanced-columns alignfull has-1-columns has-desktop-equal-layout has-tablet-equal-layout has-mobile-equal-layout has-wide-gap has-vertical-center\" id=\"wp-block-themeisle-blocks-advanced-columns-b98a6c53\"><div class=\"wp-block-themeisle-blocks-advanced-columns-overlay\"><\/div><div class=\"innerblocks-wrap\">\n<div class=\"wp-block-themeisle-blocks-advanced-column\" id=\"wp-block-themeisle-blocks-advanced-column-4b576f39\">\n<div class=\"wp-block-themeisle-blocks-service\">\n<h1 id=\"wp-block-themeisle-blocks-advanced-heading-9e80ef95\" class=\"wp-block-themeisle-blocks-advanced-heading wp-block-themeisle-blocks-advanced-heading-9e80ef95\">A propos de nous<\/h1>\n<\/div>\n<\/div>\n<\/div><\/div>\n\n<div class=\"wp-block-themeisle-blocks-advanced-columns alignfull has-2-columns has-desktop-equal-layout has-tablet-equal-layout has-mobile-collapsedRows-layout has-nogap-gap has-vertical-center\" id=\"wp-block-themeisle-blocks-advanced-columns-00a8bc3d\"><div class=\"wp-block-themeisle-blocks-advanced-columns-overlay\"><\/div><div class=\"innerblocks-wrap\">\n<div class=\"wp-block-themeisle-blocks-advanced-column\" id=\"wp-block-themeisle-blocks-advanced-column-a940b3ff\">\n<figure class=\"wp-block-image size-large is-style-default\"><img data-recalc-dims=\"1\" fetchpriority=\"high\" decoding=\"async\" width=\"1024\" height=\"768\" src=\"https:\/\/i0.wp.com\/altaviadeimontilattari.it\/wp-content\/uploads\/2021\/02\/punta-campanella-altaviadeimontilattari-1024x768.jpg?resize=1024%2C768&#038;ssl=1\" alt=\"punta Campanella - altaviadeimontilattari.it\" class=\"wp-image-3508\" srcset=\"https:\/\/i0.wp.com\/www.altaviadeimontilattari.it\/wp-content\/uploads\/2021\/02\/punta-campanella-altaviadeimontilattari-scaled.jpg?resize=1024%2C768&amp;ssl=1 1024w, https:\/\/i0.wp.com\/www.altaviadeimontilattari.it\/wp-content\/uploads\/2021\/02\/punta-campanella-altaviadeimontilattari-scaled.jpg?resize=300%2C225&amp;ssl=1 300w, https:\/\/i0.wp.com\/www.altaviadeimontilattari.it\/wp-content\/uploads\/2021\/02\/punta-campanella-altaviadeimontilattari-scaled.jpg?resize=768%2C576&amp;ssl=1 768w, https:\/\/i0.wp.com\/www.altaviadeimontilattari.it\/wp-content\/uploads\/2021\/02\/punta-campanella-altaviadeimontilattari-scaled.jpg?resize=1536%2C1152&amp;ssl=1 1536w, https:\/\/i0.wp.com\/www.altaviadeimontilattari.it\/wp-content\/uploads\/2021\/02\/punta-campanella-altaviadeimontilattari-scaled.jpg?resize=2048%2C1536&amp;ssl=1 2048w, https:\/\/i0.wp.com\/www.altaviadeimontilattari.it\/wp-content\/uploads\/2021\/02\/punta-campanella-altaviadeimontilattari-scaled.jpg?w=2400&amp;ssl=1 2400w\" sizes=\"(max-width: 1024px) 100vw, 1024px\" \/><\/figure><\/div>\n\n\n\n<div class=\"wp-block-themeisle-blocks-advanced-column ticss-44eccd86\" id=\"wp-block-themeisle-blocks-advanced-column-ae52a6c0\">\n<h2 class=\"wp-block-heading\">Histoire<\/h2>\n\n\n\n<p class=\"has-medium-font-size\">altaviadeimontilattari.it a \u00e9t\u00e9 cr\u00e9\u00e9 comme un projet visant \u00e0 valoriser et \u00e0 faire conna\u00eetre la zone de Monti Lattari, les c\u00f4tes d&rsquo;Amalfi et de Sorrento en Campanie et dans le monde entier.<\/p>\n\n\n\n<p>Le projet est n\u00e9 en d\u00e9cembre 2020 de la passion pour la nature et du soutien au territoire de la maison du logiciel. <strong>\n  <a href=\"http:\/\/www.mdtsoftware.it\">MDT Software s.r.l.<\/a>\n<\/strong> et de ses partenaires fondateurs <em>\n  <strong>Luca et Marco Casaburi<\/strong>\n<\/em>.  <\/p>\n\n\n\n<p>La <em>mission <\/em>est d&rsquo;utiliser la technologie au service de l&rsquo;environnement et de la culture pour donner un visage et une forte pr\u00e9sence num\u00e9rique \u00e0 ces territoires afin de renforcer la valeur de l&rsquo;importance environnementale, culturelle, historique et touristique de ce paradis cach\u00e9 de l&rsquo;Italie.<\/p>\n<\/div>\n<\/div><\/div>\n\n<div class=\"wp-block-themeisle-blocks-advanced-columns alignfull has-2-columns has-desktop-equal-layout has-tablet-equal-layout has-mobile-collapsedRows-layout has-nogap-gap has-vertical-center\" id=\"wp-block-themeisle-blocks-advanced-columns-19667836\"><div class=\"wp-block-themeisle-blocks-advanced-columns-overlay\"><\/div><div class=\"innerblocks-wrap\">\n<div class=\"wp-block-themeisle-blocks-advanced-column\" id=\"wp-block-themeisle-blocks-advanced-column-395faa6c\">\n<h2 class=\"has-nv-text-dark-bg-color has-text-color wp-block-heading\">Guid\u00e9s par des valeurs<\/h2>\n\n\n\n<p class=\"has-nv-text-dark-bg-color has-text-color\">Tout le contenu de la plateforme a \u00e9t\u00e9 cr\u00e9\u00e9 lors de voyages, d&rsquo;excursions et de sorties de trekking par nous, anim\u00e9s par la simple volont\u00e9 d&rsquo;am\u00e9liorer, de faire conna\u00eetre et de partager selon le paradigme <strong>\n  <em>tourisme 2.0<\/em>\n<\/strong> e <strong>\n  <em>tourisme exp\u00e9rientiel<\/em>\n<\/strong> pour accro\u00eetre le d\u00e9sir de visiter personnellement ce beau pays.  <br\/>Les informations sont constamment mises \u00e0 jour et si vous souhaitez nous aider \u00e0 am\u00e9liorer ou \u00e0 signaler quoi que ce soit, ne perdez pas votre temps et contactez-nous d\u00e8s maintenant.<\/p>\n\n\n\n<div class=\"wp-block-button alignleft is-style-fill is-style-primary\"><a class=\"wp-block-button__link has-black-color has-text-color no-border-radius\" href=\"https:\/\/altaviadeimontilattari.it\/contattaci\/\">CONTACTEZ-NOUS<\/a><\/div>\n<\/div>\n\n\n\n<div class=\"wp-block-themeisle-blocks-advanced-column\" id=\"wp-block-themeisle-blocks-advanced-column-b0e6fcc9\">\n<figure class=\"wp-block-image size-large is-style-default\"><img data-recalc-dims=\"1\" decoding=\"async\" width=\"600\" height=\"600\" src=\"https:\/\/i0.wp.com\/altaviadeimontilattari.it\/wp-content\/uploads\/2021\/02\/turismo-esperienziale.jpg?resize=600%2C600&#038;ssl=1\" alt=\"\" class=\"wp-image-3505\" srcset=\"https:\/\/i0.wp.com\/www.altaviadeimontilattari.it\/wp-content\/uploads\/2021\/02\/turismo-esperienziale.jpg?w=600&amp;ssl=1 600w, https:\/\/i0.wp.com\/www.altaviadeimontilattari.it\/wp-content\/uploads\/2021\/02\/turismo-esperienziale.jpg?resize=300%2C300&amp;ssl=1 300w, https:\/\/i0.wp.com\/www.altaviadeimontilattari.it\/wp-content\/uploads\/2021\/02\/turismo-esperienziale.jpg?resize=150%2C150&amp;ssl=1 150w\" sizes=\"(max-width: 600px) 100vw, 600px\" \/><\/figure><\/div>\n<\/div><\/div>\n\n<h2 class=\"has-text-align-center ticss-fc6654dd wp-block-heading\">MERCI<\/h2>\n\n<p class=\"has-text-align-center\"><strong>Luca Casaburi et Marco Casaburi<\/strong> &#8211; Collecte et traitement de photos et de textes. D\u00e9veloppeur Web<br\/><strong>Lianet Magda Padilla<\/strong> &#8211; Responsable du contenu<\/p>\n<div style=\"margin: 20px 0;\"><div class=\"qrcswholewtapper\" style=\"text-align:left;\"><div class=\"qrcprowrapper\"  id=\"qrcwraa2leds\"><div class=\"qrc_canvass\" id=\"qrc_cuttenpages_2\" style=\"display:inline-block\" data-text=\"https:\/\/www.altaviadeimontilattari.it\/fr\/a-propos-de-nous\/\"><\/div><div><a download=\"A propos de nous.png\" class=\"qrcdownloads\" id=\"worign\">\r\n           <button type=\"button\" style=\"min-width:200px;background:#81ea00;color:#000;font-weight: 600;border: 1px solid #dddddd;border-radius:4px;font-size:12px;padding: 6px 0;\" class=\"uqr_code_btn\">Download QR<\/button>\r\n           <\/a><\/div><\/div><\/div><\/div>","protected":false},"excerpt":{"rendered":"<p>MERCI Luca Casaburi et Marco Casaburi &#8211; Collecte et traitement de photos et de textes. D\u00e9veloppeur WebLianet Magda Padilla &#8211; Responsable du contenu Download QR<\/p>\n","protected":false},"author":1,"featured_media":0,"parent":0,"menu_order":0,"comment_status":"closed","ping_status":"closed","template":"page-templates\/template-pagebuilder-full-width.php","meta":{"neve_meta_sidebar":"full-width","neve_meta_container":"","neve_meta_enable_content_width":"on","neve_meta_content_width":100,"neve_meta_title_alignment":"","neve_meta_author_avatar":"","neve_post_elements_order":"","neve_meta_disable_header":"","neve_meta_disable_footer":"","neve_meta_disable_title":"on","neve_meta_reading_time":"","_themeisle_gutenberg_block_has_review":false,"jetpack_post_was_ever_published":false,"footnotes":""},"class_list":["post-5948","page","type-page","status-publish","hentry"],"yoast_head":"<!-- This site is optimized with the Yoast SEO plugin v27.4 - https:\/\/yoast.com\/product\/yoast-seo-wordpress\/ -->\n<title>A propos de nous - Alta Via dei Monti Lattari<\/title>\n<meta name=\"description\" content=\"altaviadeimontilattari.it met en valeur le territoire des Monti Lattari, les c\u00f4tes d&#039;Amalfi et de Sorrento. D\u00e9velopp\u00e9 par MDT Software s.r.l.s.\" \/>\n<meta name=\"robots\" content=\"index, follow, max-snippet:-1, max-image-preview:large, max-video-preview:-1\" \/>\n<link rel=\"canonical\" href=\"https:\/\/www.altaviadeimontilattari.it\/fr\/a-propos-de-nous\/\" \/>\n<meta property=\"og:locale\" content=\"fr_FR\" \/>\n<meta property=\"og:type\" content=\"article\" \/>\n<meta property=\"og:title\" content=\"A propos de nous - Alta Via dei Monti Lattari\" \/>\n<meta property=\"og:description\" content=\"altaviadeimontilattari.it met en valeur le territoire des Monti Lattari, les c\u00f4tes d&#039;Amalfi et de Sorrento. D\u00e9velopp\u00e9 par MDT Software s.r.l.s.\" \/>\n<meta property=\"og:url\" content=\"https:\/\/www.altaviadeimontilattari.it\/fr\/a-propos-de-nous\/\" \/>\n<meta property=\"og:site_name\" content=\"Alta Via dei Monti Lattari\" \/>\n<meta property=\"article:modified_time\" content=\"2022-06-30T02:59:03+00:00\" \/>\n<meta property=\"og:image\" content=\"https:\/\/altaviadeimontilattari.it\/wp-content\/uploads\/2021\/02\/punta-campanella-altaviadeimontilattari-1024x768.jpg\" \/>\n<meta name=\"twitter:card\" content=\"summary_large_image\" \/>\n<meta name=\"twitter:label1\" content=\"Dur\u00e9e de lecture estim\u00e9e\" \/>\n\t<meta name=\"twitter:data1\" content=\"1 minute\" \/>\n<script type=\"application\/ld+json\" class=\"yoast-schema-graph\">{\"@context\":\"https:\\\/\\\/schema.org\",\"@graph\":[{\"@type\":\"WebPage\",\"@id\":\"https:\\\/\\\/www.altaviadeimontilattari.it\\\/fr\\\/a-propos-de-nous\\\/\",\"url\":\"https:\\\/\\\/www.altaviadeimontilattari.it\\\/fr\\\/a-propos-de-nous\\\/\",\"name\":\"A propos de nous - Alta Via dei Monti Lattari\",\"isPartOf\":{\"@id\":\"https:\\\/\\\/www.altaviadeimontilattari.it\\\/#website\"},\"primaryImageOfPage\":{\"@id\":\"https:\\\/\\\/www.altaviadeimontilattari.it\\\/fr\\\/a-propos-de-nous\\\/#primaryimage\"},\"image\":{\"@id\":\"https:\\\/\\\/www.altaviadeimontilattari.it\\\/fr\\\/a-propos-de-nous\\\/#primaryimage\"},\"thumbnailUrl\":\"https:\\\/\\\/altaviadeimontilattari.it\\\/wp-content\\\/uploads\\\/2021\\\/02\\\/punta-campanella-altaviadeimontilattari-1024x768.jpg\",\"datePublished\":\"2020-01-23T18:21:52+00:00\",\"dateModified\":\"2022-06-30T02:59:03+00:00\",\"description\":\"altaviadeimontilattari.it met en valeur le territoire des Monti Lattari, les c\u00f4tes d'Amalfi et de Sorrento. D\u00e9velopp\u00e9 par MDT Software s.r.l.s.\",\"breadcrumb\":{\"@id\":\"https:\\\/\\\/www.altaviadeimontilattari.it\\\/fr\\\/a-propos-de-nous\\\/#breadcrumb\"},\"inLanguage\":\"fr-FR\",\"potentialAction\":[{\"@type\":\"ReadAction\",\"target\":[\"https:\\\/\\\/www.altaviadeimontilattari.it\\\/fr\\\/a-propos-de-nous\\\/\"]}]},{\"@type\":\"ImageObject\",\"inLanguage\":\"fr-FR\",\"@id\":\"https:\\\/\\\/www.altaviadeimontilattari.it\\\/fr\\\/a-propos-de-nous\\\/#primaryimage\",\"url\":\"https:\\\/\\\/altaviadeimontilattari.it\\\/wp-content\\\/uploads\\\/2021\\\/02\\\/punta-campanella-altaviadeimontilattari-1024x768.jpg\",\"contentUrl\":\"https:\\\/\\\/altaviadeimontilattari.it\\\/wp-content\\\/uploads\\\/2021\\\/02\\\/punta-campanella-altaviadeimontilattari-1024x768.jpg\"},{\"@type\":\"BreadcrumbList\",\"@id\":\"https:\\\/\\\/www.altaviadeimontilattari.it\\\/fr\\\/a-propos-de-nous\\\/#breadcrumb\",\"itemListElement\":[{\"@type\":\"ListItem\",\"position\":1,\"name\":\"Home\",\"item\":\"https:\\\/\\\/www.altaviadeimontilattari.it\\\/es\\\/\"},{\"@type\":\"ListItem\",\"position\":2,\"name\":\"A propos de nous\"}]},{\"@type\":\"WebSite\",\"@id\":\"https:\\\/\\\/www.altaviadeimontilattari.it\\\/#website\",\"url\":\"https:\\\/\\\/www.altaviadeimontilattari.it\\\/\",\"name\":\"Alta Via dei Monti Lattari\",\"description\":\"La montagna \u00e8 un modo di vivere la vita.\",\"publisher\":{\"@id\":\"https:\\\/\\\/www.altaviadeimontilattari.it\\\/#organization\"},\"potentialAction\":[{\"@type\":\"SearchAction\",\"target\":{\"@type\":\"EntryPoint\",\"urlTemplate\":\"https:\\\/\\\/www.altaviadeimontilattari.it\\\/?s={search_term_string}\"},\"query-input\":{\"@type\":\"PropertyValueSpecification\",\"valueRequired\":true,\"valueName\":\"search_term_string\"}}],\"inLanguage\":\"fr-FR\"},{\"@type\":\"Organization\",\"@id\":\"https:\\\/\\\/www.altaviadeimontilattari.it\\\/#organization\",\"name\":\"Alta Via dei Monti Lattari\",\"url\":\"https:\\\/\\\/www.altaviadeimontilattari.it\\\/\",\"logo\":{\"@type\":\"ImageObject\",\"inLanguage\":\"fr-FR\",\"@id\":\"https:\\\/\\\/www.altaviadeimontilattari.it\\\/#\\\/schema\\\/logo\\\/image\\\/\",\"url\":\"https:\\\/\\\/i0.wp.com\\\/www.altaviadeimontilattari.it\\\/wp-content\\\/uploads\\\/2020\\\/12\\\/alta_via_monyi_lattari_logo.png?fit=325%2C100&ssl=1\",\"contentUrl\":\"https:\\\/\\\/i0.wp.com\\\/www.altaviadeimontilattari.it\\\/wp-content\\\/uploads\\\/2020\\\/12\\\/alta_via_monyi_lattari_logo.png?fit=325%2C100&ssl=1\",\"width\":325,\"height\":100,\"caption\":\"Alta Via dei Monti Lattari\"},\"image\":{\"@id\":\"https:\\\/\\\/www.altaviadeimontilattari.it\\\/#\\\/schema\\\/logo\\\/image\\\/\"}}]}<\/script>\n<!-- \/ Yoast SEO plugin. -->","yoast_head_json":{"title":"A propos de nous - Alta Via dei Monti Lattari","description":"altaviadeimontilattari.it met en valeur le territoire des Monti Lattari, les c\u00f4tes d'Amalfi et de Sorrento. D\u00e9velopp\u00e9 par MDT Software s.r.l.s.","robots":{"index":"index","follow":"follow","max-snippet":"max-snippet:-1","max-image-preview":"max-image-preview:large","max-video-preview":"max-video-preview:-1"},"canonical":"https:\/\/www.altaviadeimontilattari.it\/fr\/a-propos-de-nous\/","og_locale":"fr_FR","og_type":"article","og_title":"A propos de nous - Alta Via dei Monti Lattari","og_description":"altaviadeimontilattari.it met en valeur le territoire des Monti Lattari, les c\u00f4tes d'Amalfi et de Sorrento. D\u00e9velopp\u00e9 par MDT Software s.r.l.s.","og_url":"https:\/\/www.altaviadeimontilattari.it\/fr\/a-propos-de-nous\/","og_site_name":"Alta Via dei Monti Lattari","article_modified_time":"2022-06-30T02:59:03+00:00","og_image":[{"url":"https:\/\/altaviadeimontilattari.it\/wp-content\/uploads\/2021\/02\/punta-campanella-altaviadeimontilattari-1024x768.jpg","type":"","width":"","height":""}],"twitter_card":"summary_large_image","twitter_misc":{"Dur\u00e9e de lecture estim\u00e9e":"1 minute"},"schema":{"@context":"https:\/\/schema.org","@graph":[{"@type":"WebPage","@id":"https:\/\/www.altaviadeimontilattari.it\/fr\/a-propos-de-nous\/","url":"https:\/\/www.altaviadeimontilattari.it\/fr\/a-propos-de-nous\/","name":"A propos de nous - Alta Via dei Monti Lattari","isPartOf":{"@id":"https:\/\/www.altaviadeimontilattari.it\/#website"},"primaryImageOfPage":{"@id":"https:\/\/www.altaviadeimontilattari.it\/fr\/a-propos-de-nous\/#primaryimage"},"image":{"@id":"https:\/\/www.altaviadeimontilattari.it\/fr\/a-propos-de-nous\/#primaryimage"},"thumbnailUrl":"https:\/\/altaviadeimontilattari.it\/wp-content\/uploads\/2021\/02\/punta-campanella-altaviadeimontilattari-1024x768.jpg","datePublished":"2020-01-23T18:21:52+00:00","dateModified":"2022-06-30T02:59:03+00:00","description":"altaviadeimontilattari.it met en valeur le territoire des Monti Lattari, les c\u00f4tes d'Amalfi et de Sorrento. D\u00e9velopp\u00e9 par MDT Software s.r.l.s.","breadcrumb":{"@id":"https:\/\/www.altaviadeimontilattari.it\/fr\/a-propos-de-nous\/#breadcrumb"},"inLanguage":"fr-FR","potentialAction":[{"@type":"ReadAction","target":["https:\/\/www.altaviadeimontilattari.it\/fr\/a-propos-de-nous\/"]}]},{"@type":"ImageObject","inLanguage":"fr-FR","@id":"https:\/\/www.altaviadeimontilattari.it\/fr\/a-propos-de-nous\/#primaryimage","url":"https:\/\/altaviadeimontilattari.it\/wp-content\/uploads\/2021\/02\/punta-campanella-altaviadeimontilattari-1024x768.jpg","contentUrl":"https:\/\/altaviadeimontilattari.it\/wp-content\/uploads\/2021\/02\/punta-campanella-altaviadeimontilattari-1024x768.jpg"},{"@type":"BreadcrumbList","@id":"https:\/\/www.altaviadeimontilattari.it\/fr\/a-propos-de-nous\/#breadcrumb","itemListElement":[{"@type":"ListItem","position":1,"name":"Home","item":"https:\/\/www.altaviadeimontilattari.it\/es\/"},{"@type":"ListItem","position":2,"name":"A propos de nous"}]},{"@type":"WebSite","@id":"https:\/\/www.altaviadeimontilattari.it\/#website","url":"https:\/\/www.altaviadeimontilattari.it\/","name":"Alta Via dei Monti Lattari","description":"La montagna \u00e8 un modo di vivere la vita.","publisher":{"@id":"https:\/\/www.altaviadeimontilattari.it\/#organization"},"potentialAction":[{"@type":"SearchAction","target":{"@type":"EntryPoint","urlTemplate":"https:\/\/www.altaviadeimontilattari.it\/?s={search_term_string}"},"query-input":{"@type":"PropertyValueSpecification","valueRequired":true,"valueName":"search_term_string"}}],"inLanguage":"fr-FR"},{"@type":"Organization","@id":"https:\/\/www.altaviadeimontilattari.it\/#organization","name":"Alta Via dei Monti Lattari","url":"https:\/\/www.altaviadeimontilattari.it\/","logo":{"@type":"ImageObject","inLanguage":"fr-FR","@id":"https:\/\/www.altaviadeimontilattari.it\/#\/schema\/logo\/image\/","url":"https:\/\/i0.wp.com\/www.altaviadeimontilattari.it\/wp-content\/uploads\/2020\/12\/alta_via_monyi_lattari_logo.png?fit=325%2C100&ssl=1","contentUrl":"https:\/\/i0.wp.com\/www.altaviadeimontilattari.it\/wp-content\/uploads\/2020\/12\/alta_via_monyi_lattari_logo.png?fit=325%2C100&ssl=1","width":325,"height":100,"caption":"Alta Via dei Monti Lattari"},"image":{"@id":"https:\/\/www.altaviadeimontilattari.it\/#\/schema\/logo\/image\/"}}]}},"jetpack-related-posts":[{"id":5978,"url":"https:\/\/www.altaviadeimontilattari.it\/fr\/marche-avec-nous\/","url_meta":{"origin":5948,"position":0},"title":"Marche avec nous","author":"Luca Casaburi","date":"6 mai 2022","format":false,"excerpt":"Tout le monde peut marcher avec nous. Partez avec nous \u00e0 la d\u00e9couverte de l'Alta Via dei Monti Lattari ! Marche avec nous Du 2 au 4 juin 2022 Nous parcourons l'Alta Via dei Monti Lattari dans son int\u00e9gralit\u00e9 pendant trois jours, en suivant tout le sentier 300CAI. Il part\u2026","rel":"","context":"Article similaire","block_context":{"text":"Article similaire","link":""},"img":{"alt_text":"","src":"https:\/\/i0.wp.com\/www.altaviadeimontilattari.it\/wp-content\/uploads\/2022\/05\/monte_finestra_sud-edited.jpg?resize=350%2C200&ssl=1","width":350,"height":200,"srcset":"https:\/\/i0.wp.com\/www.altaviadeimontilattari.it\/wp-content\/uploads\/2022\/05\/monte_finestra_sud-edited.jpg?resize=350%2C200&ssl=1 1x, https:\/\/i0.wp.com\/www.altaviadeimontilattari.it\/wp-content\/uploads\/2022\/05\/monte_finestra_sud-edited.jpg?resize=525%2C300&ssl=1 1.5x, https:\/\/i0.wp.com\/www.altaviadeimontilattari.it\/wp-content\/uploads\/2022\/05\/monte_finestra_sud-edited.jpg?resize=700%2C400&ssl=1 2x"},"classes":[]},{"id":7423,"url":"https:\/\/www.altaviadeimontilattari.it\/fr\/cammina-con-noi-4e-edition-2025\/","url_meta":{"origin":5948,"position":1},"title":"Cammina con noi &#8211; 4e \u00e9dition 2025","author":"Luca Casaburi","date":"4 avril 2025","format":false,"excerpt":"Tout le monde peut marcher avec nous. Partez avec nous \u00e0 la d\u00e9couverte de l'Alta Via dei Monti Lattari! Dans cette nouvelle \u00e9dition, nous parcourrons l'int\u00e9gralit\u00e9 de la Haute Route des Monts Lattari en trois jours, en suivant le pittoresque sentier 300 du CAI. Nous partirons de la commune de\u2026","rel":"","context":"Article similaire","block_context":{"text":"Article similaire","link":""},"img":{"alt_text":"Cammina con noi - Alta via dei monti lattari - IV edizione 2025","src":"https:\/\/i0.wp.com\/www.altaviadeimontilattari.it\/wp-content\/uploads\/2025\/04\/cammina-con-noi-alta-via-dei-monti-lattari-iv-edizione-2025.png?resize=350%2C200&ssl=1","width":350,"height":200,"srcset":"https:\/\/i0.wp.com\/www.altaviadeimontilattari.it\/wp-content\/uploads\/2025\/04\/cammina-con-noi-alta-via-dei-monti-lattari-iv-edizione-2025.png?resize=350%2C200&ssl=1 1x, https:\/\/i0.wp.com\/www.altaviadeimontilattari.it\/wp-content\/uploads\/2025\/04\/cammina-con-noi-alta-via-dei-monti-lattari-iv-edizione-2025.png?resize=525%2C300&ssl=1 1.5x, https:\/\/i0.wp.com\/www.altaviadeimontilattari.it\/wp-content\/uploads\/2025\/04\/cammina-con-noi-alta-via-dei-monti-lattari-iv-edizione-2025.png?resize=700%2C400&ssl=1 2x"},"classes":[]},{"id":5940,"url":"https:\/\/www.altaviadeimontilattari.it\/fr\/marche-avec-nous-juin-2022\/","url_meta":{"origin":5948,"position":2},"title":"Marche avec nous &#8211; juin 2022","author":"Luca Casaburi","date":"9 juin 2022","format":false,"excerpt":"Notre voyage sur l'Alta Via dei Monti Lattari est arriv\u00e9 \u00e0 son terme ! Un magnifique voyage \u00e0 travers ces terres merveilleuses entre histoire et nature. Un voyage qui nous a permis de rencontrer des personnes fantastiques et nous a fait red\u00e9couvrir l'hospitalit\u00e9 de notre terre. C'est un voyage et\u2026","rel":"","context":"Article similaire","block_context":{"text":"Article similaire","link":""},"img":{"alt_text":"","src":"https:\/\/i0.wp.com\/www.altaviadeimontilattari.it\/wp-content\/uploads\/2022\/06\/km_20220602_1080p.00_00_00_00.Immagine002.jpg?fit=1200%2C675&ssl=1&resize=350%2C200","width":350,"height":200,"srcset":"https:\/\/i0.wp.com\/www.altaviadeimontilattari.it\/wp-content\/uploads\/2022\/06\/km_20220602_1080p.00_00_00_00.Immagine002.jpg?fit=1200%2C675&ssl=1&resize=350%2C200 1x, https:\/\/i0.wp.com\/www.altaviadeimontilattari.it\/wp-content\/uploads\/2022\/06\/km_20220602_1080p.00_00_00_00.Immagine002.jpg?fit=1200%2C675&ssl=1&resize=525%2C300 1.5x, https:\/\/i0.wp.com\/www.altaviadeimontilattari.it\/wp-content\/uploads\/2022\/06\/km_20220602_1080p.00_00_00_00.Immagine002.jpg?fit=1200%2C675&ssl=1&resize=700%2C400 2x, https:\/\/i0.wp.com\/www.altaviadeimontilattari.it\/wp-content\/uploads\/2022\/06\/km_20220602_1080p.00_00_00_00.Immagine002.jpg?fit=1200%2C675&ssl=1&resize=1050%2C600 3x"},"classes":[]},{"id":7285,"url":"https:\/\/www.altaviadeimontilattari.it\/fr\/cammina-con-noi-iii-edition-2024\/","url_meta":{"origin":5948,"position":3},"title":"Cammina con noi &#8211; III \u00e9dition 2024","author":"Luca Casaburi","date":"11 avril 2024","format":false,"excerpt":"Tout le monde peut marcher avec nous. Partez avec nous \u00e0 la d\u00e9couverte de l'Alta Via dei Monti Lattari! Nous parcourons l'Alta Via dei Monti Lattari dans son int\u00e9gralit\u00e9 pendant trois jours, en suivant tout le sentier 300CAI. Il part de la municipalit\u00e9 de Cava de' Tirreni et atteint Punta\u2026","rel":"","context":"Article similaire","block_context":{"text":"Article similaire","link":""},"img":{"alt_text":"","src":"https:\/\/i0.wp.com\/www.altaviadeimontilattari.it\/wp-content\/uploads\/2024\/04\/iii-edizione.jpg?resize=350%2C200&ssl=1","width":350,"height":200,"srcset":"https:\/\/i0.wp.com\/www.altaviadeimontilattari.it\/wp-content\/uploads\/2024\/04\/iii-edizione.jpg?resize=350%2C200&ssl=1 1x, https:\/\/i0.wp.com\/www.altaviadeimontilattari.it\/wp-content\/uploads\/2024\/04\/iii-edizione.jpg?resize=525%2C300&ssl=1 1.5x, https:\/\/i0.wp.com\/www.altaviadeimontilattari.it\/wp-content\/uploads\/2024\/04\/iii-edizione.jpg?resize=700%2C400&ssl=1 2x"},"classes":[]},{"id":5985,"url":"https:\/\/www.altaviadeimontilattari.it\/fr\/les-emotions-etape-par-etape\/","url_meta":{"origin":5948,"position":4},"title":"Les \u00e9motions, \u00e9tape par \u00e9tape","author":"Luca Casaburi","date":"1 juin 2022","format":false,"excerpt":"Pas \u00e0 pas, nous partageons nos \u00e9motions, un seul mot pour d\u00e9crire ce que nous ressentons \u00e0 cet instant sur l'Alta Via dei Monti Lattari. Nous construirons un nuage de mots qui s'\u00e9toffera de plus en plus tout au long de notre voyage. Si vous souhaitez \u00e9galement partager un mot\u2026","rel":"","context":"Article similaire","block_context":{"text":"Article similaire","link":""},"img":{"alt_text":"","src":"","width":0,"height":0},"classes":[]},{"id":5955,"url":"https:\/\/www.altaviadeimontilattari.it\/fr\/nous-contacter\/","url_meta":{"origin":5948,"position":5},"title":"Nous contacter","author":"Luca Casaburi","date":"27 janvier 2020","format":false,"excerpt":"Nous contacter Sites utiles tourisme.ricercattiva.itwww.mdtsoftware.it Courriel : luca.casaburi@ricercattiva.it luca.casaburi@ricercattiva.itluca.casaburi@mdtsoftware.it Instagram @tourism.ricercattiva@lugask Envoyez-nous un message ou connectez-vous \u00e0 nos r\u00e9seaux sociaux. altaviadeimontilattari.it a \u00e9t\u00e9 cr\u00e9\u00e9 pour faire conna\u00eetre les Monti Lattari, la c\u00f4te amalfitaine et la p\u00e9ninsule de Sorrente, des terres d'Italie encore peu connues pour leur nature et leur beaut\u00e9.\u2026","rel":"","context":"Article similaire","block_context":{"text":"Article similaire","link":""},"img":{"alt_text":"","src":"","width":0,"height":0},"classes":[]}],"jetpack_shortlink":"https:\/\/wp.me\/PcGNaV-1xW","jetpack_sharing_enabled":true,"_links":{"self":[{"href":"https:\/\/www.altaviadeimontilattari.it\/fr\/wp-json\/wp\/v2\/pages\/5948","targetHints":{"allow":["GET"]}}],"collection":[{"href":"https:\/\/www.altaviadeimontilattari.it\/fr\/wp-json\/wp\/v2\/pages"}],"about":[{"href":"https:\/\/www.altaviadeimontilattari.it\/fr\/wp-json\/wp\/v2\/types\/page"}],"author":[{"embeddable":true,"href":"https:\/\/www.altaviadeimontilattari.it\/fr\/wp-json\/wp\/v2\/users\/1"}],"replies":[{"embeddable":true,"href":"https:\/\/www.altaviadeimontilattari.it\/fr\/wp-json\/wp\/v2\/comments?post=5948"}],"version-history":[{"count":1,"href":"https:\/\/www.altaviadeimontilattari.it\/fr\/wp-json\/wp\/v2\/pages\/5948\/revisions"}],"predecessor-version":[{"id":5949,"href":"https:\/\/www.altaviadeimontilattari.it\/fr\/wp-json\/wp\/v2\/pages\/5948\/revisions\/5949"}],"wp:attachment":[{"href":"https:\/\/www.altaviadeimontilattari.it\/fr\/wp-json\/wp\/v2\/media?parent=5948"}],"curies":[{"name":"wp","href":"https:\/\/api.w.org\/{rel}","templated":true}]}}