{"id":5976,"date":"2022-05-09T07:41:08","date_gmt":"2022-05-09T07:41:08","guid":{"rendered":"https:\/\/www.altaviadeimontilattari.it\/ce-quil-faut-apporter-avec-soi-materiel-recommande\/"},"modified":"2022-06-30T13:31:49","modified_gmt":"2022-06-30T13:31:49","slug":"ce-quil-faut-apporter-avec-soi-materiel-recommande","status":"publish","type":"page","link":"https:\/\/www.altaviadeimontilattari.it\/fr\/ce-quil-faut-apporter-avec-soi-materiel-recommande\/","title":{"rendered":"Ce qu&rsquo;il faut apporter avec soi &#8211; Mat\u00e9riel recommand\u00e9"},"content":{"rendered":"\n<div id=\"wp-block-themeisle-blocks-advanced-columns-295917fb\" class=\"wp-block-themeisle-blocks-advanced-columns has-1-columns has-desktop-equal-layout has-tablet-equal-layout has-mobile-equal-layout has-vertical-unset\"><div class=\"wp-block-themeisle-blocks-advanced-columns-overlay\"><\/div><div class=\"innerblocks-wrap\">\n<div id=\"wp-block-themeisle-blocks-advanced-column-e5c162de\" class=\"wp-block-themeisle-blocks-advanced-column\">\n<p>Cette liste constitue un conseil sur l&rsquo;\u00e9quipement technique minimum n\u00e9cessaire pour entreprendre une <strong>randonn\u00e9e de 3 jours sur l&rsquo;Alta Via dei Monti Lattari<\/strong>.<br\/>Chaque randonneur est pleinement responsable du choix de son \u00e9quipement, \u00e9tant entendu que certains accessoires restent indispensables (indiqu\u00e9s en gras).<\/p>\n\n\n\n<h6 class=\"wp-block-heading\">\u00c0 PORTER<\/h6>\n\n\n\n<ul class=\"wp-block-list\"><li><strong>Maillot technique<\/strong><\/li><li><strong>Pantalon technique<\/strong> (de pr\u00e9f\u00e9rence extensible)<\/li><li><strong>Chaussettes techniques<\/strong><\/li><li>Sous-v\u00eatements techniques<\/li><li><strong>Chaussures de randonn\u00e9e hautes (semelle sculpt\u00e9e)<\/strong><\/li><li><strong>Chauffe-cou Buff<\/strong><\/li><li><strong>Lunettes de soleil<\/strong> techniques<\/li><li>Casquette avec visi\u00e8re<\/li><li><strong>Poteaux t\u00e9lescopiques<\/strong><\/li><li><strong>T\u00e9l\u00e9phone portable<\/strong><\/li><\/ul>\n\n\n<h6 class=\"wp-block-heading\">L&rsquo;\u00c9QUIPEMENT DANS LE SAC \u00c0 DOS<\/h6>\n\n\n\n<ul class=\"wp-block-list\"><li>Un sac \u00e9tanche dans lequel vous pourrez mettre tous vos v\u00eatements.<\/li><li><strong>Coque souple \/ jersey molletonn\u00e9<\/strong><\/li><li><strong>Veste imperm\u00e9able (shell)<\/strong><\/li><li><strong>Gants l\u00e9gers<\/strong><\/li><li><strong>2 maillots techniques de rechange<\/strong><\/li><li><strong>Veste en duvet l\u00e9g\u00e8re<\/strong><\/li><li><strong>1 chemise \u00e0 manches longues<\/strong><\/li><li>Bonnet de laine<\/li><li>1 chemise en coton<\/li><li>1 pantalon de rechange<\/li><li><strong>2 chaussettes techniques de rechange<\/strong><\/li><li>1 paire de chaussettes chaudes, pour le soir<\/li><li><strong>2 sous-v\u00eatements de rechange<\/strong><\/li><li><strong>Cr\u00e8me solaire + apr\u00e8s-soleil<\/strong><\/li><li>Beurre de cacao<\/li><li><strong>Trousse de premiers soins<\/strong> (feuille thermique, d\u00e9sinfectant, gaze, sparadrap, compeed, pince \u00e0 \u00e9piler, ciseaux, anti-inflammatoire, cr\u00e8me contre les coups de soleil)<\/li><li><strong>Sac de couchage<\/strong><\/li><li>Serviette l\u00e9g\u00e8re en microfibre<\/li><li><strong>Kit d&rsquo;hygi\u00e8ne de voyage<\/strong> (brosse \u00e0 dents, dentifrice, savon)<\/li><li><strong>Carte de la r\u00e9gion<\/strong> (papier ou num\u00e9rique)<\/li><li>Enveloppe \u00e9tanche pour les appareils \u00e9lectriques<\/li><li>Appareil photo<\/li><li>Powerbank + c\u00e2ble de chargement de t\u00e9l\u00e9phone<\/li><li><strong>Lampe frontale<\/strong><\/li><li><strong>Couteau utilitaire<\/strong><\/li><li><strong>Sifflet<\/strong><\/li><li><strong>Housse de pluie pour sac \u00e0 dos<\/strong><\/li><li>Mouchoirs en papier biod\u00e9gradables<\/li><li>Briquet coupe-vent<\/li><li>2 sacs en plastique biod\u00e9gradables (pour les v\u00eatements sales + les d\u00e9chets)<\/li><li>Porte-documents<\/li><li><strong>1,5 litre d&rsquo;eau par personne (minimum !)<\/strong><\/li><li><strong>Snacks<\/strong>: barres \/ muesli \/ fruits secs \/ chocolat<\/li><li><strong>D\u00e9jeuner \u00e0 emporter<\/strong><\/li><li>Sels min\u00e9raux solubles<\/li><\/ul>\n\n\n<h6 class=\"wp-block-heading\">DANS LE CAS DU CAMPING<\/h6>\n\n\n\n<ul class=\"wp-block-list\"><li>Tente<\/li><li>Sac de couchage<\/li><\/ul><\/div>\n<\/div><\/div>\n<div style=\"margin: 20px 0;\"><div class=\"qrcswholewtapper\" style=\"text-align:left;\"><div class=\"qrcprowrapper\"  id=\"qrcwraa2leds\"><div class=\"qrc_canvass\" id=\"qrc_cuttenpages_2\" style=\"display:inline-block\" data-text=\"https:\/\/www.altaviadeimontilattari.it\/fr\/ce-quil-faut-apporter-avec-soi-materiel-recommande\/\"><\/div><div><a download=\"Ce qu&rsquo;il faut apporter avec soi &#8211; Mat\u00e9riel recommand\u00e9.png\" class=\"qrcdownloads\" id=\"worign\">\r\n           <button type=\"button\" style=\"min-width:200px;background:#81ea00;color:#000;font-weight: 600;border: 1px solid #dddddd;border-radius:4px;font-size:12px;padding: 6px 0;\" class=\"uqr_code_btn\">Download QR<\/button>\r\n           <\/a><\/div><\/div><\/div><\/div>","protected":false},"excerpt":{"rendered":"<p>Download QR<\/p>\n","protected":false},"author":1,"featured_media":4936,"parent":0,"menu_order":0,"comment_status":"closed","ping_status":"closed","template":"","meta":{"neve_meta_sidebar":"full-width","neve_meta_container":"","neve_meta_enable_content_width":"on","neve_meta_content_width":100,"neve_meta_title_alignment":"","neve_meta_author_avatar":"","neve_post_elements_order":"","neve_meta_disable_header":"","neve_meta_disable_footer":"","neve_meta_disable_title":"","neve_meta_reading_time":"","_themeisle_gutenberg_block_has_review":false,"jetpack_post_was_ever_published":false,"footnotes":""},"class_list":["post-5976","page","type-page","status-publish","has-post-thumbnail","hentry"],"yoast_head":"<!-- This site is optimized with the Yoast SEO plugin v27.4 - https:\/\/yoast.com\/product\/yoast-seo-wordpress\/ -->\n<title>Ce qu&#039;il faut apporter avec soi - Mat\u00e9riel recommand\u00e9 - Alta Via dei Monti Lattari<\/title>\n<meta name=\"description\" content=\"Cette liste constitue un conseil sur l&#039;\u00e9quipement technique minimum n\u00e9cessaire pour entreprendre une randonn\u00e9e de 3 jours sur l&#039;Alta Via dei Monti Lattari.\" \/>\n<meta name=\"robots\" content=\"index, follow, max-snippet:-1, max-image-preview:large, max-video-preview:-1\" \/>\n<link rel=\"canonical\" href=\"https:\/\/www.altaviadeimontilattari.it\/fr\/ce-quil-faut-apporter-avec-soi-materiel-recommande\/\" \/>\n<meta property=\"og:locale\" content=\"fr_FR\" \/>\n<meta property=\"og:type\" content=\"article\" \/>\n<meta property=\"og:title\" content=\"Ce qu&#039;il faut apporter avec soi - Mat\u00e9riel recommand\u00e9 - Alta Via dei Monti Lattari\" \/>\n<meta property=\"og:description\" content=\"Cette liste constitue un conseil sur l&#039;\u00e9quipement technique minimum n\u00e9cessaire pour entreprendre une randonn\u00e9e de 3 jours sur l&#039;Alta Via dei Monti Lattari.\" \/>\n<meta property=\"og:url\" content=\"https:\/\/www.altaviadeimontilattari.it\/fr\/ce-quil-faut-apporter-avec-soi-materiel-recommande\/\" \/>\n<meta property=\"og:site_name\" content=\"Alta Via dei Monti Lattari\" \/>\n<meta property=\"article:modified_time\" content=\"2022-06-30T13:31:49+00:00\" \/>\n<meta property=\"og:image\" content=\"https:\/\/i0.wp.com\/www.altaviadeimontilattari.it\/wp-content\/uploads\/2020\/12\/consigli_trekking.jpg?fit=600%2C600&ssl=1\" \/>\n\t<meta property=\"og:image:width\" content=\"600\" \/>\n\t<meta property=\"og:image:height\" content=\"600\" \/>\n\t<meta property=\"og:image:type\" content=\"image\/jpeg\" \/>\n<meta name=\"twitter:card\" content=\"summary_large_image\" \/>\n<meta name=\"twitter:label1\" content=\"Dur\u00e9e de lecture estim\u00e9e\" \/>\n\t<meta name=\"twitter:data1\" content=\"1 minute\" \/>\n<script type=\"application\/ld+json\" class=\"yoast-schema-graph\">{\"@context\":\"https:\\\/\\\/schema.org\",\"@graph\":[{\"@type\":\"WebPage\",\"@id\":\"https:\\\/\\\/www.altaviadeimontilattari.it\\\/fr\\\/ce-quil-faut-apporter-avec-soi-materiel-recommande\\\/\",\"url\":\"https:\\\/\\\/www.altaviadeimontilattari.it\\\/fr\\\/ce-quil-faut-apporter-avec-soi-materiel-recommande\\\/\",\"name\":\"Ce qu'il faut apporter avec soi - Mat\u00e9riel recommand\u00e9 - Alta Via dei Monti Lattari\",\"isPartOf\":{\"@id\":\"https:\\\/\\\/www.altaviadeimontilattari.it\\\/#website\"},\"primaryImageOfPage\":{\"@id\":\"https:\\\/\\\/www.altaviadeimontilattari.it\\\/fr\\\/ce-quil-faut-apporter-avec-soi-materiel-recommande\\\/#primaryimage\"},\"image\":{\"@id\":\"https:\\\/\\\/www.altaviadeimontilattari.it\\\/fr\\\/ce-quil-faut-apporter-avec-soi-materiel-recommande\\\/#primaryimage\"},\"thumbnailUrl\":\"https:\\\/\\\/i0.wp.com\\\/www.altaviadeimontilattari.it\\\/wp-content\\\/uploads\\\/2020\\\/12\\\/consigli_trekking.jpg?fit=600%2C600&ssl=1\",\"datePublished\":\"2022-05-09T07:41:08+00:00\",\"dateModified\":\"2022-06-30T13:31:49+00:00\",\"description\":\"Cette liste constitue un conseil sur l'\u00e9quipement technique minimum n\u00e9cessaire pour entreprendre une randonn\u00e9e de 3 jours sur l'Alta Via dei Monti Lattari.\",\"breadcrumb\":{\"@id\":\"https:\\\/\\\/www.altaviadeimontilattari.it\\\/fr\\\/ce-quil-faut-apporter-avec-soi-materiel-recommande\\\/#breadcrumb\"},\"inLanguage\":\"fr-FR\",\"potentialAction\":[{\"@type\":\"ReadAction\",\"target\":[\"https:\\\/\\\/www.altaviadeimontilattari.it\\\/fr\\\/ce-quil-faut-apporter-avec-soi-materiel-recommande\\\/\"]}]},{\"@type\":\"ImageObject\",\"inLanguage\":\"fr-FR\",\"@id\":\"https:\\\/\\\/www.altaviadeimontilattari.it\\\/fr\\\/ce-quil-faut-apporter-avec-soi-materiel-recommande\\\/#primaryimage\",\"url\":\"https:\\\/\\\/i0.wp.com\\\/www.altaviadeimontilattari.it\\\/wp-content\\\/uploads\\\/2020\\\/12\\\/consigli_trekking.jpg?fit=600%2C600&ssl=1\",\"contentUrl\":\"https:\\\/\\\/i0.wp.com\\\/www.altaviadeimontilattari.it\\\/wp-content\\\/uploads\\\/2020\\\/12\\\/consigli_trekking.jpg?fit=600%2C600&ssl=1\",\"width\":600,\"height\":600},{\"@type\":\"BreadcrumbList\",\"@id\":\"https:\\\/\\\/www.altaviadeimontilattari.it\\\/fr\\\/ce-quil-faut-apporter-avec-soi-materiel-recommande\\\/#breadcrumb\",\"itemListElement\":[{\"@type\":\"ListItem\",\"position\":1,\"name\":\"Home\",\"item\":\"https:\\\/\\\/www.altaviadeimontilattari.it\\\/es\\\/\"},{\"@type\":\"ListItem\",\"position\":2,\"name\":\"Ce qu&#8217;il faut apporter avec soi &#8211; Mat\u00e9riel recommand\u00e9\"}]},{\"@type\":\"WebSite\",\"@id\":\"https:\\\/\\\/www.altaviadeimontilattari.it\\\/#website\",\"url\":\"https:\\\/\\\/www.altaviadeimontilattari.it\\\/\",\"name\":\"Alta Via dei Monti Lattari\",\"description\":\"La montagna \u00e8 un modo di vivere la vita.\",\"publisher\":{\"@id\":\"https:\\\/\\\/www.altaviadeimontilattari.it\\\/#organization\"},\"potentialAction\":[{\"@type\":\"SearchAction\",\"target\":{\"@type\":\"EntryPoint\",\"urlTemplate\":\"https:\\\/\\\/www.altaviadeimontilattari.it\\\/?s={search_term_string}\"},\"query-input\":{\"@type\":\"PropertyValueSpecification\",\"valueRequired\":true,\"valueName\":\"search_term_string\"}}],\"inLanguage\":\"fr-FR\"},{\"@type\":\"Organization\",\"@id\":\"https:\\\/\\\/www.altaviadeimontilattari.it\\\/#organization\",\"name\":\"Alta Via dei Monti Lattari\",\"url\":\"https:\\\/\\\/www.altaviadeimontilattari.it\\\/\",\"logo\":{\"@type\":\"ImageObject\",\"inLanguage\":\"fr-FR\",\"@id\":\"https:\\\/\\\/www.altaviadeimontilattari.it\\\/#\\\/schema\\\/logo\\\/image\\\/\",\"url\":\"https:\\\/\\\/i0.wp.com\\\/www.altaviadeimontilattari.it\\\/wp-content\\\/uploads\\\/2020\\\/12\\\/alta_via_monyi_lattari_logo.png?fit=325%2C100&ssl=1\",\"contentUrl\":\"https:\\\/\\\/i0.wp.com\\\/www.altaviadeimontilattari.it\\\/wp-content\\\/uploads\\\/2020\\\/12\\\/alta_via_monyi_lattari_logo.png?fit=325%2C100&ssl=1\",\"width\":325,\"height\":100,\"caption\":\"Alta Via dei Monti Lattari\"},\"image\":{\"@id\":\"https:\\\/\\\/www.altaviadeimontilattari.it\\\/#\\\/schema\\\/logo\\\/image\\\/\"}}]}<\/script>\n<!-- \/ Yoast SEO plugin. -->","yoast_head_json":{"title":"Ce qu'il faut apporter avec soi - Mat\u00e9riel recommand\u00e9 - Alta Via dei Monti Lattari","description":"Cette liste constitue un conseil sur l'\u00e9quipement technique minimum n\u00e9cessaire pour entreprendre une randonn\u00e9e de 3 jours sur l'Alta Via dei Monti Lattari.","robots":{"index":"index","follow":"follow","max-snippet":"max-snippet:-1","max-image-preview":"max-image-preview:large","max-video-preview":"max-video-preview:-1"},"canonical":"https:\/\/www.altaviadeimontilattari.it\/fr\/ce-quil-faut-apporter-avec-soi-materiel-recommande\/","og_locale":"fr_FR","og_type":"article","og_title":"Ce qu'il faut apporter avec soi - Mat\u00e9riel recommand\u00e9 - Alta Via dei Monti Lattari","og_description":"Cette liste constitue un conseil sur l'\u00e9quipement technique minimum n\u00e9cessaire pour entreprendre une randonn\u00e9e de 3 jours sur l'Alta Via dei Monti Lattari.","og_url":"https:\/\/www.altaviadeimontilattari.it\/fr\/ce-quil-faut-apporter-avec-soi-materiel-recommande\/","og_site_name":"Alta Via dei Monti Lattari","article_modified_time":"2022-06-30T13:31:49+00:00","og_image":[{"width":600,"height":600,"url":"https:\/\/i0.wp.com\/www.altaviadeimontilattari.it\/wp-content\/uploads\/2020\/12\/consigli_trekking.jpg?fit=600%2C600&ssl=1","type":"image\/jpeg"}],"twitter_card":"summary_large_image","twitter_misc":{"Dur\u00e9e de lecture estim\u00e9e":"1 minute"},"schema":{"@context":"https:\/\/schema.org","@graph":[{"@type":"WebPage","@id":"https:\/\/www.altaviadeimontilattari.it\/fr\/ce-quil-faut-apporter-avec-soi-materiel-recommande\/","url":"https:\/\/www.altaviadeimontilattari.it\/fr\/ce-quil-faut-apporter-avec-soi-materiel-recommande\/","name":"Ce qu'il faut apporter avec soi - Mat\u00e9riel recommand\u00e9 - Alta Via dei Monti Lattari","isPartOf":{"@id":"https:\/\/www.altaviadeimontilattari.it\/#website"},"primaryImageOfPage":{"@id":"https:\/\/www.altaviadeimontilattari.it\/fr\/ce-quil-faut-apporter-avec-soi-materiel-recommande\/#primaryimage"},"image":{"@id":"https:\/\/www.altaviadeimontilattari.it\/fr\/ce-quil-faut-apporter-avec-soi-materiel-recommande\/#primaryimage"},"thumbnailUrl":"https:\/\/i0.wp.com\/www.altaviadeimontilattari.it\/wp-content\/uploads\/2020\/12\/consigli_trekking.jpg?fit=600%2C600&ssl=1","datePublished":"2022-05-09T07:41:08+00:00","dateModified":"2022-06-30T13:31:49+00:00","description":"Cette liste constitue un conseil sur l'\u00e9quipement technique minimum n\u00e9cessaire pour entreprendre une randonn\u00e9e de 3 jours sur l'Alta Via dei Monti Lattari.","breadcrumb":{"@id":"https:\/\/www.altaviadeimontilattari.it\/fr\/ce-quil-faut-apporter-avec-soi-materiel-recommande\/#breadcrumb"},"inLanguage":"fr-FR","potentialAction":[{"@type":"ReadAction","target":["https:\/\/www.altaviadeimontilattari.it\/fr\/ce-quil-faut-apporter-avec-soi-materiel-recommande\/"]}]},{"@type":"ImageObject","inLanguage":"fr-FR","@id":"https:\/\/www.altaviadeimontilattari.it\/fr\/ce-quil-faut-apporter-avec-soi-materiel-recommande\/#primaryimage","url":"https:\/\/i0.wp.com\/www.altaviadeimontilattari.it\/wp-content\/uploads\/2020\/12\/consigli_trekking.jpg?fit=600%2C600&ssl=1","contentUrl":"https:\/\/i0.wp.com\/www.altaviadeimontilattari.it\/wp-content\/uploads\/2020\/12\/consigli_trekking.jpg?fit=600%2C600&ssl=1","width":600,"height":600},{"@type":"BreadcrumbList","@id":"https:\/\/www.altaviadeimontilattari.it\/fr\/ce-quil-faut-apporter-avec-soi-materiel-recommande\/#breadcrumb","itemListElement":[{"@type":"ListItem","position":1,"name":"Home","item":"https:\/\/www.altaviadeimontilattari.it\/es\/"},{"@type":"ListItem","position":2,"name":"Ce qu&#8217;il faut apporter avec soi &#8211; Mat\u00e9riel recommand\u00e9"}]},{"@type":"WebSite","@id":"https:\/\/www.altaviadeimontilattari.it\/#website","url":"https:\/\/www.altaviadeimontilattari.it\/","name":"Alta Via dei Monti Lattari","description":"La montagna \u00e8 un modo di vivere la vita.","publisher":{"@id":"https:\/\/www.altaviadeimontilattari.it\/#organization"},"potentialAction":[{"@type":"SearchAction","target":{"@type":"EntryPoint","urlTemplate":"https:\/\/www.altaviadeimontilattari.it\/?s={search_term_string}"},"query-input":{"@type":"PropertyValueSpecification","valueRequired":true,"valueName":"search_term_string"}}],"inLanguage":"fr-FR"},{"@type":"Organization","@id":"https:\/\/www.altaviadeimontilattari.it\/#organization","name":"Alta Via dei Monti Lattari","url":"https:\/\/www.altaviadeimontilattari.it\/","logo":{"@type":"ImageObject","inLanguage":"fr-FR","@id":"https:\/\/www.altaviadeimontilattari.it\/#\/schema\/logo\/image\/","url":"https:\/\/i0.wp.com\/www.altaviadeimontilattari.it\/wp-content\/uploads\/2020\/12\/alta_via_monyi_lattari_logo.png?fit=325%2C100&ssl=1","contentUrl":"https:\/\/i0.wp.com\/www.altaviadeimontilattari.it\/wp-content\/uploads\/2020\/12\/alta_via_monyi_lattari_logo.png?fit=325%2C100&ssl=1","width":325,"height":100,"caption":"Alta Via dei Monti Lattari"},"image":{"@id":"https:\/\/www.altaviadeimontilattari.it\/#\/schema\/logo\/image\/"}}]}},"jetpack-related-posts":[{"id":6025,"url":"https:\/\/www.altaviadeimontilattari.it\/fr\/rapport-sur-lhebergement\/","url_meta":{"origin":5976,"position":0},"title":"Rapport sur l&rsquo;h\u00e9bergement","author":"Luca Casaburi","date":"12 janvier 2022","format":false,"excerpt":"Sites utiles tourisme.ricercattiva.itwww.mdtsoftware.it Courriel : luca.casaburi@ricercattiva.it luca.casaburi@ricercattiva.itluca.casaburi@mdtsoftware.it Instagram @tourism.ricercattiva@lugask Vous \u00eates un fournisseur de logements et vous souhaitez vous faire conna\u00eetre ? altaviadeimontilattari.it a \u00e9t\u00e9 cr\u00e9\u00e9 pour faire conna\u00eetre les Monti Lattari, la c\u00f4te amalfitaine et la p\u00e9ninsule de Sorrente, des terres d'Italie encore peu connues pour leur nature et\u2026","rel":"","context":"Article similaire","block_context":{"text":"Article similaire","link":""},"img":{"alt_text":"","src":"","width":0,"height":0},"classes":[]},{"id":5978,"url":"https:\/\/www.altaviadeimontilattari.it\/fr\/marche-avec-nous\/","url_meta":{"origin":5976,"position":1},"title":"Marche avec nous","author":"Luca Casaburi","date":"6 mai 2022","format":false,"excerpt":"Tout le monde peut marcher avec nous. Partez avec nous \u00e0 la d\u00e9couverte de l'Alta Via dei Monti Lattari ! Marche avec nous Du 2 au 4 juin 2022 Nous parcourons l'Alta Via dei Monti Lattari dans son int\u00e9gralit\u00e9 pendant trois jours, en suivant tout le sentier 300CAI. Il part\u2026","rel":"","context":"Article similaire","block_context":{"text":"Article similaire","link":""},"img":{"alt_text":"","src":"https:\/\/i0.wp.com\/www.altaviadeimontilattari.it\/wp-content\/uploads\/2022\/05\/monte_finestra_sud-edited.jpg?resize=350%2C200&ssl=1","width":350,"height":200,"srcset":"https:\/\/i0.wp.com\/www.altaviadeimontilattari.it\/wp-content\/uploads\/2022\/05\/monte_finestra_sud-edited.jpg?resize=350%2C200&ssl=1 1x, https:\/\/i0.wp.com\/www.altaviadeimontilattari.it\/wp-content\/uploads\/2022\/05\/monte_finestra_sud-edited.jpg?resize=525%2C300&ssl=1 1.5x, https:\/\/i0.wp.com\/www.altaviadeimontilattari.it\/wp-content\/uploads\/2022\/05\/monte_finestra_sud-edited.jpg?resize=700%2C400&ssl=1 2x"},"classes":[]},{"id":7423,"url":"https:\/\/www.altaviadeimontilattari.it\/fr\/cammina-con-noi-4e-edition-2025\/","url_meta":{"origin":5976,"position":2},"title":"Cammina con noi &#8211; 4e \u00e9dition 2025","author":"Luca Casaburi","date":"4 avril 2025","format":false,"excerpt":"Tout le monde peut marcher avec nous. Partez avec nous \u00e0 la d\u00e9couverte de l'Alta Via dei Monti Lattari! Dans cette nouvelle \u00e9dition, nous parcourrons l'int\u00e9gralit\u00e9 de la Haute Route des Monts Lattari en trois jours, en suivant le pittoresque sentier 300 du CAI. Nous partirons de la commune de\u2026","rel":"","context":"Article similaire","block_context":{"text":"Article similaire","link":""},"img":{"alt_text":"Cammina con noi - Alta via dei monti lattari - IV edizione 2025","src":"https:\/\/i0.wp.com\/www.altaviadeimontilattari.it\/wp-content\/uploads\/2025\/04\/cammina-con-noi-alta-via-dei-monti-lattari-iv-edizione-2025.png?resize=350%2C200&ssl=1","width":350,"height":200,"srcset":"https:\/\/i0.wp.com\/www.altaviadeimontilattari.it\/wp-content\/uploads\/2025\/04\/cammina-con-noi-alta-via-dei-monti-lattari-iv-edizione-2025.png?resize=350%2C200&ssl=1 1x, https:\/\/i0.wp.com\/www.altaviadeimontilattari.it\/wp-content\/uploads\/2025\/04\/cammina-con-noi-alta-via-dei-monti-lattari-iv-edizione-2025.png?resize=525%2C300&ssl=1 1.5x, https:\/\/i0.wp.com\/www.altaviadeimontilattari.it\/wp-content\/uploads\/2025\/04\/cammina-con-noi-alta-via-dei-monti-lattari-iv-edizione-2025.png?resize=700%2C400&ssl=1 2x"},"classes":[]},{"id":6054,"url":"https:\/\/www.altaviadeimontilattari.it\/fr\/politique-de-confidentialite\/","url_meta":{"origin":5976,"position":3},"title":"Politique de confidentialit\u00e9","author":"Luca Casaburi","date":"16 f\u00e9vrier 2021","format":false,"excerpt":"Politique de confidentialit\u00e9 de www.altaviadeimontilattari.it Cette application recueille certaines donn\u00e9es personnelles de ses utilisateurs. Types de donn\u00e9es collect\u00e9es Types de donn\u00e9es collect\u00e9es Parmi les Donn\u00e9es Personnelles collect\u00e9es par cette Application, de mani\u00e8re ind\u00e9pendante ou par l'interm\u00e9diaire de tiers, figurent : le pr\u00e9nom, le nom, l'email, les Cookies et les Donn\u00e9es\u2026","rel":"","context":"Article similaire","block_context":{"text":"Article similaire","link":""},"img":{"alt_text":"","src":"","width":0,"height":0},"classes":[]},{"id":6039,"url":"https:\/\/www.altaviadeimontilattari.it\/fr\/politique-en-matiere-de-cookies\/","url_meta":{"origin":5976,"position":4},"title":"Politique en mati\u00e8re de cookies","author":"Luca Casaburi","date":"16 f\u00e9vrier 2021","format":false,"excerpt":"Qu'est-ce qu'un cookie ? Un cookie est un petit fichier texte qui est stock\u00e9 par l'ordinateur lorsqu'un site web est visit\u00e9 par un utilisateur. Le texte stocke des informations que le site est capable de lire lorsqu'il est consult\u00e9 ult\u00e9rieurement. Certains de ces cookies sont n\u00e9cessaires au bon fonctionnement du\u2026","rel":"","context":"Article similaire","block_context":{"text":"Article similaire","link":""},"img":{"alt_text":"","src":"","width":0,"height":0},"classes":[]},{"id":7285,"url":"https:\/\/www.altaviadeimontilattari.it\/fr\/cammina-con-noi-iii-edition-2024\/","url_meta":{"origin":5976,"position":5},"title":"Cammina con noi &#8211; III \u00e9dition 2024","author":"Luca Casaburi","date":"11 avril 2024","format":false,"excerpt":"Tout le monde peut marcher avec nous. Partez avec nous \u00e0 la d\u00e9couverte de l'Alta Via dei Monti Lattari! Nous parcourons l'Alta Via dei Monti Lattari dans son int\u00e9gralit\u00e9 pendant trois jours, en suivant tout le sentier 300CAI. Il part de la municipalit\u00e9 de Cava de' Tirreni et atteint Punta\u2026","rel":"","context":"Article similaire","block_context":{"text":"Article similaire","link":""},"img":{"alt_text":"","src":"https:\/\/i0.wp.com\/www.altaviadeimontilattari.it\/wp-content\/uploads\/2024\/04\/iii-edizione.jpg?resize=350%2C200&ssl=1","width":350,"height":200,"srcset":"https:\/\/i0.wp.com\/www.altaviadeimontilattari.it\/wp-content\/uploads\/2024\/04\/iii-edizione.jpg?resize=350%2C200&ssl=1 1x, https:\/\/i0.wp.com\/www.altaviadeimontilattari.it\/wp-content\/uploads\/2024\/04\/iii-edizione.jpg?resize=525%2C300&ssl=1 1.5x, https:\/\/i0.wp.com\/www.altaviadeimontilattari.it\/wp-content\/uploads\/2024\/04\/iii-edizione.jpg?resize=700%2C400&ssl=1 2x"},"classes":[]}],"jetpack_shortlink":"https:\/\/wp.me\/PcGNaV-1yo","jetpack_sharing_enabled":true,"_links":{"self":[{"href":"https:\/\/www.altaviadeimontilattari.it\/fr\/wp-json\/wp\/v2\/pages\/5976","targetHints":{"allow":["GET"]}}],"collection":[{"href":"https:\/\/www.altaviadeimontilattari.it\/fr\/wp-json\/wp\/v2\/pages"}],"about":[{"href":"https:\/\/www.altaviadeimontilattari.it\/fr\/wp-json\/wp\/v2\/types\/page"}],"author":[{"embeddable":true,"href":"https:\/\/www.altaviadeimontilattari.it\/fr\/wp-json\/wp\/v2\/users\/1"}],"replies":[{"embeddable":true,"href":"https:\/\/www.altaviadeimontilattari.it\/fr\/wp-json\/wp\/v2\/comments?post=5976"}],"version-history":[{"count":1,"href":"https:\/\/www.altaviadeimontilattari.it\/fr\/wp-json\/wp\/v2\/pages\/5976\/revisions"}],"predecessor-version":[{"id":5979,"href":"https:\/\/www.altaviadeimontilattari.it\/fr\/wp-json\/wp\/v2\/pages\/5976\/revisions\/5979"}],"wp:featuredmedia":[{"embeddable":true,"href":"https:\/\/www.altaviadeimontilattari.it\/fr\/wp-json\/wp\/v2\/media\/4936"}],"wp:attachment":[{"href":"https:\/\/www.altaviadeimontilattari.it\/fr\/wp-json\/wp\/v2\/media?parent=5976"}],"curies":[{"name":"wp","href":"https:\/\/api.w.org\/{rel}","templated":true}]}}