{"id":6054,"date":"2021-02-16T17:46:11","date_gmt":"2021-02-16T17:46:11","guid":{"rendered":"https:\/\/www.altaviadeimontilattari.it\/politique-de-confidentialite\/"},"modified":"2022-06-30T13:45:59","modified_gmt":"2022-06-30T13:45:59","slug":"politique-de-confidentialite","status":"publish","type":"page","link":"https:\/\/www.altaviadeimontilattari.it\/fr\/politique-de-confidentialite\/","title":{"rendered":"Politique de confidentialit\u00e9"},"content":{"rendered":"\n<h1 class=\"wp-block-heading\">Politique de confidentialit\u00e9 de <strong>www.altaviadeimontilattari.it<\/strong><\/h1>\n\n<p>Cette application recueille certaines donn\u00e9es personnelles de ses utilisateurs. Types de donn\u00e9es collect\u00e9es<\/p>\n\n<h2 class=\"wp-block-heading\">Types de donn\u00e9es collect\u00e9es<\/h2>\n\n<p>Parmi les Donn\u00e9es Personnelles collect\u00e9es par cette Application, de mani\u00e8re ind\u00e9pendante ou par l&rsquo;interm\u00e9diaire de tiers, figurent : le pr\u00e9nom, le nom, l&#8217;email, les Cookies et les Donn\u00e9es d&rsquo;Utilisation. Les d\u00e9tails complets sur chaque type de donn\u00e9es collect\u00e9es sont fournis dans les sections d\u00e9di\u00e9es de cette politique de confidentialit\u00e9 ou au moyen de textes d&rsquo;information sp\u00e9cifiques affich\u00e9s avant la collecte des donn\u00e9es. Les Donn\u00e9es Personnelles peuvent \u00eatre librement fournies par l&rsquo;Utilisateur ou, dans le cas des Donn\u00e9es de l&rsquo;Utilisateur, collect\u00e9es automatiquement lors de l&rsquo;utilisation de cette Application. Sauf indication contraire, toutes les Donn\u00e9es demand\u00e9es par cette Application sont obligatoires. Si l&rsquo;Utilisateur refuse de les communiquer, il peut \u00eatre impossible pour cette Application de fournir le Service. Lorsque cette Application indique que certaines Donn\u00e9es sont facultatives, les Utilisateurs sont libres de ne pas les communiquer, sans que cela ait une quelconque cons\u00e9quence sur la disponibilit\u00e9 du Service ou son fonctionnement. Les utilisateurs qui ne savent pas quelles donn\u00e9es sont obligatoires sont invit\u00e9s \u00e0 contacter le contr\u00f4leur. L&rsquo;utilisation \u00e9ventuelle de Cookies &#8211; ou d&rsquo;autres outils de suivi &#8211; par cette Application ou par les propri\u00e9taires de services tiers utilis\u00e9s par cette Application, sauf indication contraire, a pour but de fournir le Service demand\u00e9 par l&rsquo;Utilisateur, en plus des autres objectifs d\u00e9crits dans ce document et dans la Politique de Cookies, si disponible. L&rsquo;Utilisateur assume la responsabilit\u00e9 des Donn\u00e9es Personnelles de tiers obtenues, publi\u00e9es ou partag\u00e9es \u00e0 travers cette Application et garantit qu&rsquo;il a le droit de les communiquer ou de les diffuser, lib\u00e9rant le Propri\u00e9taire de toute responsabilit\u00e9 envers les tiers.<\/p>\n\n<h2 class=\"wp-block-heading\" id=\"place_of_processing\">M\u00e9thode et lieu de traitement des donn\u00e9es<\/h2>\n\n<h3 class=\"wp-block-heading\">Modes de traitement<\/h3>\n\n<p>Le contr\u00f4leur prend des mesures de s\u00e9curit\u00e9 appropri\u00e9es pour emp\u00eacher l&rsquo;acc\u00e8s, la divulgation, la modification ou la destruction non autoris\u00e9s des donn\u00e9es personnelles. Le traitement est effectu\u00e9 au moyen d&rsquo;outils informatiques et\/ou t\u00e9l\u00e9matiques, avec des m\u00e9thodes d&rsquo;organisation et une logique strictement li\u00e9es aux finalit\u00e9s indiqu\u00e9es. Outre le Responsable du traitement, dans certains cas, d&rsquo;autres sujets impliqu\u00e9s dans l&rsquo;organisation de cette Application (administratifs, commerciaux, marketing, juridiques, administrateurs du syst\u00e8me) ou des sujets externes (tels que des prestataires de services techniques tiers, des courriers postaux, des fournisseurs d&rsquo;h\u00e9bergement, des soci\u00e9t\u00e9s informatiques, des agences de communication) \u00e9galement nomm\u00e9s, si n\u00e9cessaire, Responsables du traitement par le Responsable du traitement, peuvent avoir acc\u00e8s aux Donn\u00e9es. La liste actualis\u00e9e des responsables du traitement des donn\u00e9es peut toujours \u00eatre demand\u00e9e au contr\u00f4leur des donn\u00e9es.<\/p>\n\n<h3 class=\"wp-block-heading\">Base juridique du traitement<\/h3>\n\n<p>Le Responsable du traitement traite les Donn\u00e9es personnelles relatives \u00e0 l&rsquo;Utilisateur si l&rsquo;une des conditions suivantes est remplie :<\/p>\n\n<ul class=\"wp-block-list\"><li>l&rsquo;Utilisateur a donn\u00e9 son consentement pour une ou plusieurs finalit\u00e9s sp\u00e9cifiques ; Remarque : dans certaines juridictions, le Contr\u00f4leur peut \u00eatre autoris\u00e9 \u00e0 traiter les Donn\u00e9es personnelles sans le consentement de l&rsquo;Utilisateur ou une autre des bases juridiques sp\u00e9cifi\u00e9es ci-dessous, jusqu&rsquo;\u00e0 ce que l&rsquo;Utilisateur s&rsquo;oppose (\u00a0\u00bb opt-out \u00ab\u00a0) \u00e0 un tel traitement. Toutefois, cela ne s&rsquo;applique pas si le traitement des donn\u00e9es personnelles est r\u00e9gi par la l\u00e9gislation europ\u00e9enne sur la protection des donn\u00e9es personnelles ;<\/li><li>le traitement est n\u00e9cessaire \u00e0 l&rsquo;ex\u00e9cution d&rsquo;un contrat avec l&rsquo;utilisateur et\/ou \u00e0 l&rsquo;ex\u00e9cution de mesures pr\u00e9contractuelles ;<\/li><li>le traitement est n\u00e9cessaire au respect d&rsquo;une obligation l\u00e9gale \u00e0 laquelle le contr\u00f4leur est soumis ;<\/li><li>le traitement est n\u00e9cessaire pour l&rsquo;ex\u00e9cution d&rsquo;une mission d&rsquo;int\u00e9r\u00eat public ou dans l&rsquo;exercice de l&rsquo;autorit\u00e9 publique dont est investi le contr\u00f4leur ;<\/li><li>le traitement est n\u00e9cessaire \u00e0 la poursuite de l&rsquo;int\u00e9r\u00eat l\u00e9gitime du contr\u00f4leur ou de tiers.<\/li><\/ul>\n<p>Toutefois, il est toujours possible de demander au contr\u00f4leur de clarifier la base juridique concr\u00e8te de chaque traitement et, en particulier, de pr\u00e9ciser si le traitement est fond\u00e9 sur la loi, exig\u00e9 par un contrat ou n\u00e9cessaire \u00e0 la conclusion d&rsquo;un contrat.<\/p>\n\n<h3 class=\"wp-block-heading\">Lieu<\/h3>\n\n<p>Les Donn\u00e9es sont trait\u00e9es dans les locaux du Responsable du traitement et dans tout autre lieu o\u00f9 se trouvent les parties impliqu\u00e9es dans le traitement. Pour de plus amples informations, veuillez contacter le propri\u00e9taire. Les donn\u00e9es personnelles de l&rsquo;utilisateur peuvent \u00eatre transf\u00e9r\u00e9es vers un pays autre que celui o\u00f9 se trouve l&rsquo;utilisateur. Afin d&rsquo;obtenir plus d&rsquo;informations sur le lieu du traitement, l&rsquo;Utilisateur peut se r\u00e9f\u00e9rer \u00e0 la section sur les d\u00e9tails du traitement des Donn\u00e9es Personnelles. L&rsquo;Utilisateur a le droit d&rsquo;obtenir des informations sur la base juridique du transfert des Donn\u00e9es en dehors de l&rsquo;Union europ\u00e9enne ou \u00e0 une organisation internationale de droit international public ou compos\u00e9e de deux ou plusieurs pays, telle que l&rsquo;ONU, ainsi que sur les mesures de s\u00e9curit\u00e9 prises par le Responsable du traitement pour prot\u00e9ger les Donn\u00e9es. Si l&rsquo;un des transferts qui viennent d&rsquo;\u00eatre d\u00e9crits a lieu, l&rsquo;Utilisateur peut se r\u00e9f\u00e9rer aux sections respectives du pr\u00e9sent document ou demander des informations au Contr\u00f4leur en le contactant aux coordonn\u00e9es indiqu\u00e9es au d\u00e9but.<\/p>\n\n<h3 class=\"wp-block-heading\">P\u00e9riode de stockage<\/h3>\n\n<p>Les donn\u00e9es sont trait\u00e9es et conserv\u00e9es pendant la dur\u00e9e requise par les finalit\u00e9s pour lesquelles elles ont \u00e9t\u00e9 collect\u00e9es. Par cons\u00e9quent :<\/p>\n\n<ul class=\"wp-block-list\"><li>Les donn\u00e9es personnelles collect\u00e9es \u00e0 des fins li\u00e9es \u00e0 l&rsquo;ex\u00e9cution d&rsquo;un contrat entre le contr\u00f4leur et l&rsquo;utilisateur seront conserv\u00e9es jusqu&rsquo;\u00e0 ce que l&rsquo;ex\u00e9cution de ce contrat soit termin\u00e9e.<\/li><li>Les donn\u00e9es personnelles collect\u00e9es \u00e0 des fins attribuables \u00e0 l&rsquo;int\u00e9r\u00eat l\u00e9gitime du contr\u00f4leur seront conserv\u00e9es jusqu&rsquo;\u00e0 ce que cet int\u00e9r\u00eat soit satisfait. L&rsquo;Utilisateur peut obtenir de plus amples informations concernant l&rsquo;int\u00e9r\u00eat l\u00e9gitime poursuivi par le Contr\u00f4leur dans les sections pertinentes du pr\u00e9sent document ou en contactant le Contr\u00f4leur.<\/li><\/ul>\n<p>Lorsque le traitement est fond\u00e9 sur le consentement de l&rsquo;Utilisateur, le Contr\u00f4leur peut conserver les Donn\u00e9es personnelles plus longtemps jusqu&rsquo;\u00e0 ce que ce consentement soit r\u00e9voqu\u00e9. En outre, le Contr\u00f4leur peut \u00eatre oblig\u00e9 de conserver les Donn\u00e9es personnelles pendant une p\u00e9riode plus longue en conformit\u00e9 avec une obligation l\u00e9gale ou par ordre d&rsquo;une autorit\u00e9. \u00c0 la fin de la p\u00e9riode de conservation, les donn\u00e9es personnelles seront supprim\u00e9es. Ainsi, \u00e0 l&rsquo;expiration de ce d\u00e9lai, le droit d&rsquo;acc\u00e8s, d&rsquo;annulation, de rectification et le droit \u00e0 la portabilit\u00e9 des donn\u00e9es ne peuvent plus \u00eatre exerc\u00e9s.<\/p>\n\n<h2 class=\"wp-block-heading\" id=\"use_collected_data\">Objectifs du traitement des donn\u00e9es<\/h2>\n\n<p>Les Donn\u00e9es de l&rsquo;Utilisateur sont collect\u00e9es pour permettre au Contr\u00f4leur de fournir ses Services, ainsi qu&rsquo;aux fins suivantes : contacter l&rsquo;Utilisateur, Interaction avec les r\u00e9seaux sociaux et les plateformes externes et Protection contre le SPAM. Pour obtenir des informations plus d\u00e9taill\u00e9es sur les finalit\u00e9s du traitement et les Donn\u00e9es personnelles concr\u00e8tement pertinentes pour chaque finalit\u00e9, l&rsquo;Utilisateur peut se r\u00e9f\u00e9rer aux sections pertinentes du pr\u00e9sent document.<\/p>\n\n<h2 class=\"wp-block-heading\" id=\"data_processing_detailed_info\">D\u00e9tails du traitement des donn\u00e9es personnelles<\/h2>\n\n<p>Les donn\u00e9es personnelles sont collect\u00e9es aux fins suivantes et \u00e0 l&rsquo;aide des services suivants :<\/p>\n\n<h3 class=\"wp-block-heading\">WordPress.com Single Sign On<\/h3>\n\n<h4 class=\"wp-block-heading\">Prestataire<\/h4>\n\n<ul class=\"wp-block-list\"><li>Automattic inc.<\/li><\/ul>\n<h4 class=\"wp-block-heading\">Objectif<\/h4>\n\n<p>Enregistrement et authentification<\/p>\n\n<h4 class=\"wp-block-heading\">Donn\u00e9es personnelles collect\u00e9es<\/h4>\n\n<ul class=\"wp-block-list\"><li>Divers types de donn\u00e9es, conform\u00e9ment \u00e0 la politique de confidentialit\u00e9 du service.<\/li><\/ul>\n<h4 class=\"wp-block-heading\">Politique de confidentialit\u00e9<\/h4>\n\n<p>WordPress.com Single Sign On est un service d&rsquo;enregistrement et d&rsquo;authentification fourni par Automattic Inc. et connect\u00e9 au r\u00e9seau de WordPress.com.<\/p>\n\n<h3 class=\"wp-block-heading\">Affichage de contenu provenant de plateformes externes<\/h3>\n\n<p>Ce type de service permet d&rsquo;afficher des contenus h\u00e9berg\u00e9s sur des plateformes externes directement depuis les pages de cette Application et d&rsquo;interagir avec eux. Si un tel service est install\u00e9, il est possible que, m\u00eame si les utilisateurs n&rsquo;utilisent pas le service, celui-ci collecte des donn\u00e9es de trafic relatives aux pages o\u00f9 il est install\u00e9.<\/p>\n\n<h4 class=\"wp-block-heading\">Google Fonts (Google Inc.)<\/h4>\n\n<p>Google Fonts est un service d&rsquo;affichage de styles de polices exploit\u00e9 par Google Inc. Donn\u00e9es personnelles collect\u00e9es : Donn\u00e9es d&rsquo;utilisation et divers types de donn\u00e9es comme sp\u00e9cifi\u00e9 par la politique de confidentialit\u00e9 du service. Lieu de traitement : \u00c9tats-Unis &#8211; <a href=\"https:\/\/www.google.it\/intl\/policies\/privacy\/\" target=\"_blank\" rel=\"noreferrer noopener\">Politique de confidentialit\u00e9<\/a>. Adh\u00e9rent au Privacy Shield.<\/p>\n\n<h4 class=\"wp-block-heading\">Widget vid\u00e9o YouTube (Google Inc.)<\/h4>\n\n<p>YouTube est un service de visualisation de contenu vid\u00e9o exploit\u00e9 par Google Inc. qui permet \u00e0 cette Application d&rsquo;int\u00e9grer un tel contenu dans ses pages.Donn\u00e9es personnelles collect\u00e9es : Cookies et Donn\u00e9es d&rsquo;utilisation. Lieu de traitement : USA &#8211; <a href=\"http:\/\/www.google.it\/intl\/it\/policies\/privacy\/\" target=\"_blank\" rel=\"noreferrer noopener\">Politique de confidentialit\u00e9<\/a>.<\/p>\n\n<h4 class=\"wp-block-heading\">Widget Google Maps (Google Inc.)<\/h4>\n\n<p>Google Maps est un service d&rsquo;affichage de cartes exploit\u00e9 par Google Inc. qui permet \u00e0 cette Application d&rsquo;int\u00e9grer un tel contenu dans ses pages.Donn\u00e9es personnelles collect\u00e9es : Cookies et Donn\u00e9es d&rsquo;utilisation. Lieu de traitement : USA &#8211; <a href=\"https:\/\/www.google.it\/intl\/it\/policies\/privacy\/\" target=\"_blank\" rel=\"noreferrer noopener\">Politique de confidentialit\u00e9<\/a>.<\/p>\n\n<h4 class=\"wp-block-heading\">Gravatar (Automattic Inc.)<\/h4>\n\n<p>Gravatar est un service d&rsquo;affichage d&rsquo;images exploit\u00e9 par Automattic Inc. qui permet \u00e0 cette application d&rsquo;int\u00e9grer ce contenu dans ses pages. Veuillez noter que si des images Gravatar sont utilis\u00e9es pour les syst\u00e8mes de commentaires, l&rsquo;adresse \u00e9lectronique du commentateur (ou des parties de celle-ci) peut \u00eatre envoy\u00e9e \u00e0 Gravatar, m\u00eame s&rsquo;il n&rsquo;est pas abonn\u00e9 \u00e0 ce service.Donn\u00e9es personnelles collect\u00e9es : donn\u00e9es d&rsquo;utilisation et courriel. Lieu de traitement : \u00c9tats-Unis &#8211; <a href=\"https:\/\/automattic.com\/privacy\/\" target=\"_blank\" rel=\"noreferrer noopener\">Politique de confidentialit\u00e9<\/a>.<\/p>\n\n<h3 class=\"wp-block-heading\">Commentaire sur le contenu<\/h3>\n\n<p>Les services de commentaires permettent aux Utilisateurs de formuler et de rendre publics leurs propres commentaires concernant le contenu de cette Application. Les utilisateurs, en fonction des param\u00e8tres d\u00e9cid\u00e9s par le contr\u00f4leur, peuvent \u00e9galement laisser leurs commentaires de mani\u00e8re anonyme. Si les donn\u00e9es personnelles fournies par l&rsquo;utilisateur comprennent une adresse \u00e9lectronique, celle-ci peut \u00eatre utilis\u00e9e pour envoyer des notifications de commentaires sur le m\u00eame contenu. Les utilisateurs sont responsables du contenu de leurs commentaires. En cas d&rsquo;installation d&rsquo;un service de commentaires fourni par des tiers, il est possible que, m\u00eame si les utilisateurs n&rsquo;utilisent pas le service de commentaires, celui-ci collecte des donn\u00e9es de trafic relatives aux pages o\u00f9 le service de commentaires est install\u00e9.<\/p>\n\n<h3 class=\"wp-block-heading\">Syst\u00e8me de commentaires g\u00e9r\u00e9 directement (cette application)<\/h3>\n\n<p>Cette application dispose de son propre syst\u00e8me de commentaires sur le contenu. Donn\u00e9es personnelles collect\u00e9es : Cookie, email, site web et nom d&rsquo;utilisateur.<\/p>\n\n<h3 class=\"wp-block-heading\"><strong>Gestion des contacts et envoi de messages<\/strong><\/h3>\n\n<p>Ce type de service permet de g\u00e9rer une base de donn\u00e9es de contacts de courrier \u00e9lectronique, de contacts t\u00e9l\u00e9phoniques ou de tout autre type de contacts utilis\u00e9s pour communiquer avec l&rsquo;utilisateur. Ces services peuvent \u00e9galement collecter des donn\u00e9es sur la date et l&rsquo;heure auxquelles l&rsquo;utilisateur consulte les messages, ainsi que sur l&rsquo;interaction de l&rsquo;utilisateur avec ceux-ci, comme des informations sur les clics sur les liens dans les messages. Les outils de messagerie mis \u00e0 disposition dans cette application par WordPress sont utilis\u00e9s.<\/p>\n\n<h3 class=\"wp-block-heading\">Contacter l&rsquo;utilisateur<\/h3>\n\n<h4 class=\"wp-block-heading\">Formulaire de contact (cette application)<\/h4>\n\n<p>L&rsquo;Utilisateur, en remplissant le formulaire de contact avec ses Donn\u00e9es, consent \u00e0 ce qu&rsquo;elles soient utilis\u00e9es afin de r\u00e9pondre aux demandes d&rsquo;informations, de devis, ou de toute autre nature indiqu\u00e9e dans l&rsquo;en-t\u00eate du formulaire.Donn\u00e9es personnelles collect\u00e9es : nom, e-mail. Votre nom, votre e-mail, le nom de votre soci\u00e9t\u00e9 et votre t\u00e9l\u00e9phone ne seront pas transmis \u00e0 des tiers ni stock\u00e9s ou sauvegard\u00e9s sur ce serveur ou sur d&rsquo;autres supports, l&rsquo;e-mail ne sera utilis\u00e9 que dans le but de communiquer sur des demandes de devis ou de contact, et ne sera utilis\u00e9 que sur le bien-fond\u00e9 de la demande.<\/p>\n\n<h3 class=\"wp-block-heading\">Protection anti-spam<\/h3>\n\n<p>Ce type de services analyse le trafic de cette Application, contenant potentiellement les Donn\u00e9es Personnelles des Utilisateurs, afin de le filtrer du trafic, des messages et des contenus reconnus comme SPAM.<\/p>\n\n<h4 class=\"wp-block-heading\">Google reCAPTCHA (Google Inc.)<\/h4>\n\n<p>Google reCAPTCHA est un service de protection contre le spam fourni par Google Inc. L&rsquo;utilisation du syst\u00e8me reCAPTCHA est soumise \u00e0 la <a href=\"https:\/\/www.google.com\/intl\/it\/policies\/privacy\/\">politique de confidentialit\u00e9<\/a> et aux <a href=\"https:\/\/www.google.com\/intl\/it\/policies\/terms\/\">conditions d&rsquo;utilisation<\/a> de Google.Donn\u00e9es personnelles collect\u00e9es : Cookies et donn\u00e9es d&rsquo;utilisation. Lieu de traitement : \u00c9tats-Unis &#8211; <a href=\"https:\/\/www.google.com\/intl\/it\/policies\/privacy\/\" target=\"_blank\" rel=\"noreferrer noopener\">Politique de confidentialit\u00e9<\/a>. Adh\u00e9rent au Privacy Shield.<\/p>\n\n<h4 class=\"wp-block-heading\">Akismet (Automattic Inc.)<\/h4>\n\n<p>Akismet est un service de protection contre le SPAM fourni par Automattic Inc.Donn\u00e9es personnelles collect\u00e9es : diff\u00e9rents types de donn\u00e9es comme sp\u00e9cifi\u00e9 par la politique de confidentialit\u00e9 du service. Lieu de traitement : \u00c9tats-Unis &#8211; <a href=\"https:\/\/automattic.com\/privacy\/\" target=\"_blank\" rel=\"noreferrer noopener\">Politique de confidentialit\u00e9<\/a>.<\/p>\n\n<h3 class=\"wp-block-heading\">Statistiques<\/h3>\n\n<p>Les services contenus dans cette section permettent au contr\u00f4leur de donn\u00e9es de surveiller et d&rsquo;analyser les donn\u00e9es de trafic et servent \u00e0 suivre le comportement de l&rsquo;utilisateur.Google Analytics (Google Inc.) Google Analytics est un service d&rsquo;analyse web fourni par Google Inc. (\u00ab\u00a0Google\u00a0\u00bb). Google utilise les donn\u00e9es personnelles collect\u00e9es afin de suivre et d&rsquo;examiner l&rsquo;utilisation de cette application, de compiler des rapports et de les partager avec d&rsquo;autres services d\u00e9velopp\u00e9s par Google. Google peut utiliser les donn\u00e9es personnelles pour contextualiser et personnaliser les annonces dans son r\u00e9seau publicitaire. Donn\u00e9es personnelles collect\u00e9es : cookies et donn\u00e9es d&rsquo;utilisation. Lieu de traitement : \u00c9tats-Unis &#8211; Politique de confidentialit\u00e9 &#8211;  <a href=\"https:\/\/www.google.com\/intl\/it\/policies\/privacy\/\" target=\"_blank\" rel=\"noreferrer noopener\">Opt out. Adh\u00e9rent au bouclier de protection de la vie priv\u00e9e<\/a>. WordPress Stat (Automattic Inc.) WordPress Stats est un service de statistiques fourni par Automattic Inc. Donn\u00e9es personnelles collect\u00e9es : cookies et donn\u00e9es d&rsquo;utilisation. Lieu de traitement : \u00c9tats-Unis &#8211; <a href=\"https:\/\/automattic.com\/privacy\/\" target=\"_blank\" rel=\"noreferrer noopener\">Politique de confidentialit\u00e9<\/a>.<\/p>\n\n<h3 class=\"wp-block-heading\">H\u00e9bergement et infrastructure dorsale<\/h3>\n\n<p>Ces types de services ont pour fonction d&rsquo;h\u00e9berger des Donn\u00e9es et des fichiers qui permettent \u00e0 cette Application de fonctionner, de permettre sa distribution et de fournir une infrastructure pr\u00eate \u00e0 l&#8217;emploi pour fournir des fonctionnalit\u00e9s sp\u00e9cifiques de cette Application. Certains de ces services fonctionnent par le biais de serveurs situ\u00e9s g\u00e9ographiquement dans diff\u00e9rents endroits, ce qui rend difficile la d\u00e9termination du lieu exact o\u00f9 les donn\u00e9es personnelles sont stock\u00e9es.Aruba Business Domains Management Aruba Business Domains Management est un service d&rsquo;h\u00e9bergement fourni par Aruba Business s.r.l.. Donn\u00e9es personnelles collect\u00e9es : diff\u00e9rents types de donn\u00e9es comme sp\u00e9cifi\u00e9 par la politique de confidentialit\u00e9 du service. Lieu de traitement : \u00c9tats-Unis &#8211; <a href=\"https:\/\/business.aruba.it\/informativa_arubabusiness.pdf\" target=\"_blank\" rel=\"noreferrer noopener\">Politique de confidentialit\u00e9<\/a>.<\/p>\n\n<h2 class=\"wp-block-heading\">Droits des utilisateurs<\/h2>\n\n<p>Les utilisateurs peuvent exercer certains droits \u00e0 l&rsquo;\u00e9gard des donn\u00e9es trait\u00e9es par le responsable du traitement. En particulier, l&rsquo;utilisateur a le droit de :<\/p>\n\n<ul class=\"wp-block-list\"><li><strong>retirer son consentement \u00e0 tout moment.<\/strong>  L&rsquo;utilisateur peut r\u00e9voquer son consentement pr\u00e9c\u00e9demment exprim\u00e9 au traitement de ses donn\u00e9es personnelles.<\/li><li><strong>s&rsquo;opposer au traitement de leurs donn\u00e9es.<\/strong>  L&rsquo;Utilisateur peut s&rsquo;opposer au traitement de ses Donn\u00e9es lorsque celui-ci est effectu\u00e9 sur une base juridique autre que le consentement. De plus amples d\u00e9tails sur le droit d&rsquo;opposition sont donn\u00e9s dans la section ci-dessous.<\/li><li><strong>l&rsquo;acc\u00e8s \u00e0 leurs donn\u00e9es.<\/strong>  L&rsquo;Utilisateur a le droit d&rsquo;obtenir des informations sur les Donn\u00e9es trait\u00e9es par le Responsable du traitement, sur certains aspects du traitement et de recevoir une copie des Donn\u00e9es trait\u00e9es.<\/li><li><strong>v\u00e9rifier et demander une rectification.<\/strong>  L&rsquo;utilisateur peut v\u00e9rifier l&rsquo;exactitude de ses donn\u00e9es et demander leur mise \u00e0 jour ou leur correction.<\/li><li><strong>obtenir la limitation du traitement.<\/strong>  Lorsque certaines conditions sont r\u00e9unies, l&rsquo;Utilisateur peut demander la limitation du traitement de ses Donn\u00e9es. Dans ce cas, le responsable du traitement des donn\u00e9es ne traitera pas les donn\u00e9es \u00e0 d&rsquo;autres fins que leur stockage.<\/li><li><strong>obtenir la suppression ou le retrait de leurs donn\u00e9es personnelles.<\/strong>  Lorsque certaines conditions sont r\u00e9unies, l&rsquo;Utilisateur peut demander la suppression de ses Donn\u00e9es par le Responsable du traitement.<\/li><li><strong>recevoir leurs Donn\u00e9es ou les faire transf\u00e9rer \u00e0 un autre responsable du traitement des donn\u00e9es.<\/strong>  L&rsquo;Utilisateur a le droit de recevoir ses Donn\u00e9es dans un format structur\u00e9, couramment utilis\u00e9 et lisible par machine et, lorsque cela est techniquement possible, de les faire transf\u00e9rer sans entrave \u00e0 un autre responsable du traitement des donn\u00e9es. Cette disposition est applicable lorsque les Donn\u00e9es sont trait\u00e9es par des moyens automatis\u00e9s et que le traitement est fond\u00e9 sur le consentement de l&rsquo;Utilisateur, sur un contrat auquel l&rsquo;Utilisateur est partie ou sur des mesures contractuelles qui y sont li\u00e9es.<\/li><li><strong>d\u00e9poser une plainte.<\/strong>  L&rsquo;utilisateur peut d\u00e9poser une plainte aupr\u00e8s de l&rsquo;autorit\u00e9 de contr\u00f4le de la protection des donn\u00e9es comp\u00e9tente ou engager une action en justice.<\/li><\/ul>\n<h3 class=\"wp-block-heading\">D\u00e9tails sur le droit d&rsquo;opposition<\/h3>\n\n<p>Lorsque les Donn\u00e9es \u00e0 caract\u00e8re personnel sont trait\u00e9es dans l&rsquo;int\u00e9r\u00eat public, dans l&rsquo;exercice de l&rsquo;autorit\u00e9 publique dont est investi le Responsable du traitement ou pour la poursuite d&rsquo;un int\u00e9r\u00eat l\u00e9gitime du Responsable du traitement, les Utilisateurs ont le droit de s&rsquo;opposer au traitement pour des raisons tenant \u00e0 leur situation particuli\u00e8re. Les utilisateurs sont inform\u00e9s que si leurs Donn\u00e9es sont trait\u00e9es \u00e0 des fins de marketing direct, ils peuvent s&rsquo;opposer au traitement sans donner de raisons. Pour savoir si le Contr\u00f4leur traite les donn\u00e9es \u00e0 des fins de marketing direct, les Utilisateurs peuvent se r\u00e9f\u00e9rer aux sections respectives du pr\u00e9sent document.<\/p>\n\n<h3 class=\"wp-block-heading\">Comment exercer ses droits<\/h3>\n\n<p>Afin d&rsquo;exercer ses droits, l&rsquo;Utilisateur peut adresser une demande aux coordonn\u00e9es du Contr\u00f4leur indiqu\u00e9es dans le pr\u00e9sent document. Les demandes sont d\u00e9pos\u00e9es gratuitement et trait\u00e9es par le titulaire dans les meilleurs d\u00e9lais, en tout cas dans un d\u00e9lai d&rsquo;un mois.<\/p>\n\n<h2 class=\"wp-block-heading\" id=\"further_data_processing_info\">Informations compl\u00e9mentaires sur le traitement<\/h2>\n\n<h3 class=\"wp-block-heading\">La d\u00e9fense au tribunal<\/h3>\n\n<p>Les Donn\u00e9es personnelles de l&rsquo;Utilisateur peuvent \u00eatre utilis\u00e9es par le Responsable du traitement dans le cadre d&rsquo;une proc\u00e9dure judiciaire ou dans les \u00e9tapes pr\u00e9paratoires \u00e0 son \u00e9ventuelle mise en place pour la d\u00e9fense contre les abus dans l&rsquo;utilisation de cette Application ou des Services connexes par l&rsquo;Utilisateur. L&rsquo;Utilisateur d\u00e9clare \u00eatre conscient que le Contr\u00f4leur des donn\u00e9es peut \u00eatre oblig\u00e9 de divulguer les donn\u00e9es sur ordre des autorit\u00e9s publiques.<\/p>\n\n<h3 class=\"wp-block-heading\">Informations sp\u00e9cifiques<\/h3>\n\n<p>A la demande de l&rsquo;Utilisateur, en plus des informations contenues dans la pr\u00e9sente politique de confidentialit\u00e9, cette Application peut fournir \u00e0 l&rsquo;Utilisateur des informations suppl\u00e9mentaires et contextuelles concernant des Services sp\u00e9cifiques, ou la collecte et le traitement des Donn\u00e9es Personnelles.<\/p>\n\n<h3 class=\"wp-block-heading\">Journaux et maintenance du syst\u00e8me<\/h3>\n\n<p>\u00c0 des fins d&rsquo;exploitation et de maintenance, cette Application et tous les services tiers qu&rsquo;elle utilise peuvent collecter des journaux syst\u00e8me, c&rsquo;est-\u00e0-dire des fichiers qui enregistrent les interactions et qui peuvent \u00e9galement contenir des Donn\u00e9es personnelles, telles que l&rsquo;adresse IP de l&rsquo;Utilisateur.<\/p>\n\n<h3 class=\"wp-block-heading\">Informations ne figurant pas dans la pr\u00e9sente politique<\/h3>\n\n<p>Des informations suppl\u00e9mentaires concernant le traitement des donn\u00e9es personnelles peuvent \u00eatre demand\u00e9es \u00e0 tout moment au contr\u00f4leur des donn\u00e9es en utilisant les coordonn\u00e9es.<\/p>\n\n<h3 class=\"wp-block-heading\">R\u00e9pondre aux demandes de \u00ab\u00a0Do Not Track\u00a0\u00bb.<\/h3>\n\n<p>Cette application ne prend pas en charge les demandes d&rsquo;interdiction de suivi. Pour savoir si les services tiers utilis\u00e9s les prennent en charge, l&rsquo;utilisateur est invit\u00e9 \u00e0 consulter leurs politiques de confidentialit\u00e9 respectives. Ou, \u00e0 partir des options de votre navigateur, vous pouvez d\u00e9sactiver les cookies et autres pour un seul site ou pour tous.<\/p>\n\n<h3 class=\"wp-block-heading\">Modifications de la pr\u00e9sente politique de confidentialit\u00e9<\/h3>\n\n<p>Le Contr\u00f4leur des donn\u00e9es se r\u00e9serve le droit d&rsquo;apporter des modifications \u00e0 cette politique de confidentialit\u00e9 \u00e0 tout moment en informant les Utilisateurs sur cette page et, si possible, sur cette Application ainsi que, si cela est techniquement et l\u00e9galement possible, en envoyant une notification aux Utilisateurs par le biais de l&rsquo;une des coordonn\u00e9es d\u00e9tenues par le Contr\u00f4leur des donn\u00e9es . Veuillez donc consulter r\u00e9guli\u00e8rement cette page, en vous r\u00e9f\u00e9rant \u00e0 la date de derni\u00e8re modification indiqu\u00e9e au bas de la page. Si les changements affectent le traitement dont la base juridique est le consentement, le contr\u00f4leur recueillera \u00e0 nouveau le consentement de l&rsquo;utilisateur, si n\u00e9cessaire.<\/p>\n\n<h3 class=\"wp-block-heading\">D\u00e9finitions et r\u00e9f\u00e9rences juridiques<\/h3>\n\n<h4 class=\"wp-block-heading\">Donn\u00e9es personnelles (ou donn\u00e9es)<\/h4>\n\n<p>Les donn\u00e9es \u00e0 caract\u00e8re personnel sont toute information qui, directement ou indirectement, m\u00eame en liaison avec toute autre information, y compris un num\u00e9ro d&rsquo;identification personnel, permet d&rsquo;identifier ou d&rsquo;identifier une personne physique.<\/p>\n\n<h4 class=\"wp-block-heading\">Donn\u00e9es d&rsquo;utilisation<\/h4>\n\n<p>Il s&rsquo;agit des informations collect\u00e9es automatiquement par le biais de cette Application (y compris par des applications tierces int\u00e9gr\u00e9es dans cette Application), notamment : les adresses IP ou les noms de domaine des ordinateurs utilis\u00e9s par l&rsquo;Utilisateur qui se connecte \u00e0 cette Application, les adresses de notation URI (Uniform Resource Identifier), l&rsquo;heure de la demande, la m\u00e9thode utilis\u00e9e pour transmettre la demande au serveur, la taille du fichier obtenu en r\u00e9ponse, le code num\u00e9rique indiquant l&rsquo;\u00e9tat de la r\u00e9ponse du serveur (succ\u00e8s, erreur, etc.), le pays d&rsquo;origine, les caract\u00e9ristiques du navigateur et du syst\u00e8me d&rsquo;exploitation utilis\u00e9s par le visiteur, les diff\u00e9rentes connotations temporelles de la visite (par exemple, le temps pass\u00e9 sur chaque page) et les d\u00e9tails de l&rsquo;itin\u00e9raire suivi par l&rsquo;Utilisateur.), le pays d&rsquo;origine, les caract\u00e9ristiques du navigateur et du syst\u00e8me d&rsquo;exploitation utilis\u00e9s par le visiteur, les diff\u00e9rentes connotations temporelles de la visite (par exemple, le temps pass\u00e9 sur chaque page) et les d\u00e9tails de l&rsquo;itin\u00e9raire suivi au sein de l&rsquo;Application, en particulier la s\u00e9quence des pages consult\u00e9es, les param\u00e8tres relatifs au syst\u00e8me d&rsquo;exploitation et l&rsquo;environnement informatique de l&rsquo;Utilisateur.<\/p>\n\n<h4 class=\"wp-block-heading\">Utilisateur<\/h4>\n\n<p>La personne qui utilise cette application et qui, sauf indication contraire, est la personne concern\u00e9e.<\/p>\n\n<h4 class=\"wp-block-heading\">Int\u00e9ress\u00e9<\/h4>\n\n<p>La personne physique \u00e0 laquelle les donn\u00e9es personnelles se r\u00e9f\u00e8rent.<\/p>\n\n<h4 class=\"wp-block-heading\">Processeur (ou gestionnaire)<\/h4>\n\n<p>La personne physique, la personne morale, l&rsquo;administration publique et toute autre entit\u00e9 qui traite les donn\u00e9es personnelles pour le compte du Contr\u00f4leur, comme indiqu\u00e9 dans la pr\u00e9sente politique de confidentialit\u00e9.<\/p>\n\n<h4 class=\"wp-block-heading\">Contr\u00f4leur des donn\u00e9es (ou propri\u00e9taire)<\/h4>\n\n<p>La personne physique ou morale, l&rsquo;autorit\u00e9 publique, le service ou tout autre organisme qui, individuellement ou conjointement avec d&rsquo;autres, d\u00e9termine les finalit\u00e9s et les moyens du traitement des donn\u00e9es personnelles et les instruments adopt\u00e9s, y compris les mesures de s\u00e9curit\u00e9 relatives au fonctionnement et \u00e0 l&rsquo;utilisation de cette Application. Le contr\u00f4leur des donn\u00e9es, sauf indication contraire, est le propri\u00e9taire de cette application.<\/p>\n\n<h4 class=\"wp-block-heading\">Cette application<\/h4>\n\n<p>L&rsquo;outil mat\u00e9riel ou logiciel par lequel les donn\u00e9es personnelles des utilisateurs sont collect\u00e9es et trait\u00e9es.<\/p>\n\n<h4 class=\"wp-block-heading\">Service<\/h4>\n\n<p>Le service fourni par cette application, tel que d\u00e9fini dans les conditions pertinentes (le cas \u00e9ch\u00e9ant) sur ce site\/cette application.<\/p>\n\n<h4 class=\"wp-block-heading\">Union europ\u00e9enne (ou UE)<\/h4>\n\n<p>Sauf indication contraire, toute r\u00e9f\u00e9rence \u00e0 l&rsquo;Union europ\u00e9enne dans le pr\u00e9sent document est r\u00e9put\u00e9e s&rsquo;\u00e9tendre \u00e0 tous les \u00c9tats membres actuels de l&rsquo;Union europ\u00e9enne et de l&rsquo;Espace \u00e9conomique europ\u00e9en.<\/p>\n\n<h4 class=\"wp-block-heading\">Cookies<\/h4>\n\n<p>Petite partie des donn\u00e9es stock\u00e9es dans l&rsquo;appareil de l&rsquo;utilisateur.<\/p>\n\n<hr class=\"wp-block-separator\"\/>\n\n<h4 class=\"wp-block-heading\" id=\"owner_of_the_data\">Traitement des donn\u00e9es<\/h4>\n\n<p>Luca Casaburi &#8211; Via G.Verdi, 11 &#8211; 84013 Cava de&rsquo; Tirreni (SA) &#8211; Italy |  <br\/>Code fiscal : CSBLCU87R06H703J<br\/>Adresse \u00e9lectronique du titulaire : luca.casaburi@ricercattiva.it<\/p>\n\n<h4 class=\"wp-block-heading\">R\u00e9f\u00e9rences juridiques<\/h4>\n\n<p>Cette politique de confidentialit\u00e9 est \u00e9labor\u00e9e sur la base de multiples r\u00e9glementations l\u00e9gales, notamment les articles 13 et 14 du r\u00e8glement (UE) 2016\/679. Sauf indication contraire, cette politique de confidentialit\u00e9 couvre uniquement cette Application.Derni\u00e8re modification : 6 avril 2019 acitaliandesign.co.uk h\u00e9berge cette page et collecte les Donn\u00e9es personnelles strictement n\u00e9cessaires \u00e0 la mise \u00e0 disposition des contenus de cette page.<\/p>\n<div style=\"margin: 20px 0;\"><div class=\"qrcswholewtapper\" style=\"text-align:left;\"><div class=\"qrcprowrapper\"  id=\"qrcwraa2leds\"><div class=\"qrc_canvass\" id=\"qrc_cuttenpages_2\" style=\"display:inline-block\" data-text=\"https:\/\/www.altaviadeimontilattari.it\/fr\/politique-de-confidentialite\/\"><\/div><div><a download=\"Politique de confidentialit\u00e9.png\" class=\"qrcdownloads\" id=\"worign\">\r\n           <button type=\"button\" style=\"min-width:200px;background:#81ea00;color:#000;font-weight: 600;border: 1px solid #dddddd;border-radius:4px;font-size:12px;padding: 6px 0;\" class=\"uqr_code_btn\">Download QR<\/button>\r\n           <\/a><\/div><\/div><\/div><\/div>","protected":false},"excerpt":{"rendered":"<p>Politique de confidentialit\u00e9 de www.altaviadeimontilattari.it Cette application recueille certaines donn\u00e9es personnelles de ses utilisateurs. Types de donn\u00e9es collect\u00e9es Types de donn\u00e9es collect\u00e9es Parmi les Donn\u00e9es Personnelles collect\u00e9es par cette Application, de mani\u00e8re ind\u00e9pendante ou par l&rsquo;interm\u00e9diaire de tiers, figurent : le pr\u00e9nom, le nom, l&#8217;email, les Cookies et les Donn\u00e9es d&rsquo;Utilisation. Les d\u00e9tails complets sur&hellip;&nbsp;<a href=\"https:\/\/www.altaviadeimontilattari.it\/fr\/politique-de-confidentialite\/\" rel=\"bookmark\">Read More &raquo;<span class=\"screen-reader-text\">Politique de confidentialit\u00e9<\/span><\/a><\/p>\n","protected":false},"author":1,"featured_media":0,"parent":0,"menu_order":0,"comment_status":"closed","ping_status":"closed","template":"","meta":{"neve_meta_sidebar":"full-width","neve_meta_container":"","neve_meta_enable_content_width":"on","neve_meta_content_width":100,"neve_meta_title_alignment":"","neve_meta_author_avatar":"","neve_post_elements_order":"","neve_meta_disable_header":"","neve_meta_disable_footer":"","neve_meta_disable_title":"","neve_meta_reading_time":"","_themeisle_gutenberg_block_has_review":false,"jetpack_post_was_ever_published":false,"footnotes":""},"class_list":["post-6054","page","type-page","status-publish","hentry"],"yoast_head":"<!-- This site is optimized with the Yoast SEO plugin v27.4 - https:\/\/yoast.com\/product\/yoast-seo-wordpress\/ -->\n<title>Politique de confidentialit\u00e9 - Alta Via dei Monti Lattari<\/title>\n<meta name=\"description\" content=\"Politique de confidentialit\u00e9 de www.altaviadeimontilattari.it\" \/>\n<meta name=\"robots\" content=\"index, follow, max-snippet:-1, max-image-preview:large, max-video-preview:-1\" \/>\n<link rel=\"canonical\" href=\"https:\/\/www.altaviadeimontilattari.it\/fr\/politique-de-confidentialite\/\" \/>\n<meta property=\"og:locale\" content=\"fr_FR\" \/>\n<meta property=\"og:type\" content=\"article\" \/>\n<meta property=\"og:title\" content=\"Politique de confidentialit\u00e9 - Alta Via dei Monti Lattari\" \/>\n<meta property=\"og:description\" content=\"Politique de confidentialit\u00e9 de www.altaviadeimontilattari.it\" \/>\n<meta property=\"og:url\" content=\"https:\/\/www.altaviadeimontilattari.it\/fr\/politique-de-confidentialite\/\" \/>\n<meta property=\"og:site_name\" content=\"Alta Via dei Monti Lattari\" \/>\n<meta property=\"article:modified_time\" content=\"2022-06-30T13:45:59+00:00\" \/>\n<meta name=\"twitter:card\" content=\"summary_large_image\" \/>\n<meta name=\"twitter:label1\" content=\"Dur\u00e9e de lecture estim\u00e9e\" \/>\n\t<meta name=\"twitter:data1\" content=\"20 minutes\" \/>\n<script type=\"application\/ld+json\" class=\"yoast-schema-graph\">{\"@context\":\"https:\\\/\\\/schema.org\",\"@graph\":[{\"@type\":\"WebPage\",\"@id\":\"https:\\\/\\\/www.altaviadeimontilattari.it\\\/fr\\\/politique-de-confidentialite\\\/\",\"url\":\"https:\\\/\\\/www.altaviadeimontilattari.it\\\/fr\\\/politique-de-confidentialite\\\/\",\"name\":\"Politique de confidentialit\u00e9 - Alta Via dei Monti Lattari\",\"isPartOf\":{\"@id\":\"https:\\\/\\\/www.altaviadeimontilattari.it\\\/#website\"},\"datePublished\":\"2021-02-16T17:46:11+00:00\",\"dateModified\":\"2022-06-30T13:45:59+00:00\",\"description\":\"Politique de confidentialit\u00e9 de www.altaviadeimontilattari.it\",\"breadcrumb\":{\"@id\":\"https:\\\/\\\/www.altaviadeimontilattari.it\\\/fr\\\/politique-de-confidentialite\\\/#breadcrumb\"},\"inLanguage\":\"fr-FR\",\"potentialAction\":[{\"@type\":\"ReadAction\",\"target\":[\"https:\\\/\\\/www.altaviadeimontilattari.it\\\/fr\\\/politique-de-confidentialite\\\/\"]}]},{\"@type\":\"BreadcrumbList\",\"@id\":\"https:\\\/\\\/www.altaviadeimontilattari.it\\\/fr\\\/politique-de-confidentialite\\\/#breadcrumb\",\"itemListElement\":[{\"@type\":\"ListItem\",\"position\":1,\"name\":\"Home\",\"item\":\"https:\\\/\\\/www.altaviadeimontilattari.it\\\/es\\\/\"},{\"@type\":\"ListItem\",\"position\":2,\"name\":\"Politique de confidentialit\u00e9\"}]},{\"@type\":\"WebSite\",\"@id\":\"https:\\\/\\\/www.altaviadeimontilattari.it\\\/#website\",\"url\":\"https:\\\/\\\/www.altaviadeimontilattari.it\\\/\",\"name\":\"Alta Via dei Monti Lattari\",\"description\":\"La montagna \u00e8 un modo di vivere la vita.\",\"publisher\":{\"@id\":\"https:\\\/\\\/www.altaviadeimontilattari.it\\\/#organization\"},\"potentialAction\":[{\"@type\":\"SearchAction\",\"target\":{\"@type\":\"EntryPoint\",\"urlTemplate\":\"https:\\\/\\\/www.altaviadeimontilattari.it\\\/?s={search_term_string}\"},\"query-input\":{\"@type\":\"PropertyValueSpecification\",\"valueRequired\":true,\"valueName\":\"search_term_string\"}}],\"inLanguage\":\"fr-FR\"},{\"@type\":\"Organization\",\"@id\":\"https:\\\/\\\/www.altaviadeimontilattari.it\\\/#organization\",\"name\":\"Alta Via dei Monti Lattari\",\"url\":\"https:\\\/\\\/www.altaviadeimontilattari.it\\\/\",\"logo\":{\"@type\":\"ImageObject\",\"inLanguage\":\"fr-FR\",\"@id\":\"https:\\\/\\\/www.altaviadeimontilattari.it\\\/#\\\/schema\\\/logo\\\/image\\\/\",\"url\":\"https:\\\/\\\/i0.wp.com\\\/www.altaviadeimontilattari.it\\\/wp-content\\\/uploads\\\/2020\\\/12\\\/alta_via_monyi_lattari_logo.png?fit=325%2C100&ssl=1\",\"contentUrl\":\"https:\\\/\\\/i0.wp.com\\\/www.altaviadeimontilattari.it\\\/wp-content\\\/uploads\\\/2020\\\/12\\\/alta_via_monyi_lattari_logo.png?fit=325%2C100&ssl=1\",\"width\":325,\"height\":100,\"caption\":\"Alta Via dei Monti Lattari\"},\"image\":{\"@id\":\"https:\\\/\\\/www.altaviadeimontilattari.it\\\/#\\\/schema\\\/logo\\\/image\\\/\"}}]}<\/script>\n<!-- \/ Yoast SEO plugin. -->","yoast_head_json":{"title":"Politique de confidentialit\u00e9 - Alta Via dei Monti Lattari","description":"Politique de confidentialit\u00e9 de www.altaviadeimontilattari.it","robots":{"index":"index","follow":"follow","max-snippet":"max-snippet:-1","max-image-preview":"max-image-preview:large","max-video-preview":"max-video-preview:-1"},"canonical":"https:\/\/www.altaviadeimontilattari.it\/fr\/politique-de-confidentialite\/","og_locale":"fr_FR","og_type":"article","og_title":"Politique de confidentialit\u00e9 - Alta Via dei Monti Lattari","og_description":"Politique de confidentialit\u00e9 de www.altaviadeimontilattari.it","og_url":"https:\/\/www.altaviadeimontilattari.it\/fr\/politique-de-confidentialite\/","og_site_name":"Alta Via dei Monti Lattari","article_modified_time":"2022-06-30T13:45:59+00:00","twitter_card":"summary_large_image","twitter_misc":{"Dur\u00e9e de lecture estim\u00e9e":"20 minutes"},"schema":{"@context":"https:\/\/schema.org","@graph":[{"@type":"WebPage","@id":"https:\/\/www.altaviadeimontilattari.it\/fr\/politique-de-confidentialite\/","url":"https:\/\/www.altaviadeimontilattari.it\/fr\/politique-de-confidentialite\/","name":"Politique de confidentialit\u00e9 - Alta Via dei Monti Lattari","isPartOf":{"@id":"https:\/\/www.altaviadeimontilattari.it\/#website"},"datePublished":"2021-02-16T17:46:11+00:00","dateModified":"2022-06-30T13:45:59+00:00","description":"Politique de confidentialit\u00e9 de www.altaviadeimontilattari.it","breadcrumb":{"@id":"https:\/\/www.altaviadeimontilattari.it\/fr\/politique-de-confidentialite\/#breadcrumb"},"inLanguage":"fr-FR","potentialAction":[{"@type":"ReadAction","target":["https:\/\/www.altaviadeimontilattari.it\/fr\/politique-de-confidentialite\/"]}]},{"@type":"BreadcrumbList","@id":"https:\/\/www.altaviadeimontilattari.it\/fr\/politique-de-confidentialite\/#breadcrumb","itemListElement":[{"@type":"ListItem","position":1,"name":"Home","item":"https:\/\/www.altaviadeimontilattari.it\/es\/"},{"@type":"ListItem","position":2,"name":"Politique de confidentialit\u00e9"}]},{"@type":"WebSite","@id":"https:\/\/www.altaviadeimontilattari.it\/#website","url":"https:\/\/www.altaviadeimontilattari.it\/","name":"Alta Via dei Monti Lattari","description":"La montagna \u00e8 un modo di vivere la vita.","publisher":{"@id":"https:\/\/www.altaviadeimontilattari.it\/#organization"},"potentialAction":[{"@type":"SearchAction","target":{"@type":"EntryPoint","urlTemplate":"https:\/\/www.altaviadeimontilattari.it\/?s={search_term_string}"},"query-input":{"@type":"PropertyValueSpecification","valueRequired":true,"valueName":"search_term_string"}}],"inLanguage":"fr-FR"},{"@type":"Organization","@id":"https:\/\/www.altaviadeimontilattari.it\/#organization","name":"Alta Via dei Monti Lattari","url":"https:\/\/www.altaviadeimontilattari.it\/","logo":{"@type":"ImageObject","inLanguage":"fr-FR","@id":"https:\/\/www.altaviadeimontilattari.it\/#\/schema\/logo\/image\/","url":"https:\/\/i0.wp.com\/www.altaviadeimontilattari.it\/wp-content\/uploads\/2020\/12\/alta_via_monyi_lattari_logo.png?fit=325%2C100&ssl=1","contentUrl":"https:\/\/i0.wp.com\/www.altaviadeimontilattari.it\/wp-content\/uploads\/2020\/12\/alta_via_monyi_lattari_logo.png?fit=325%2C100&ssl=1","width":325,"height":100,"caption":"Alta Via dei Monti Lattari"},"image":{"@id":"https:\/\/www.altaviadeimontilattari.it\/#\/schema\/logo\/image\/"}}]}},"jetpack-related-posts":[{"id":6039,"url":"https:\/\/www.altaviadeimontilattari.it\/fr\/politique-en-matiere-de-cookies\/","url_meta":{"origin":6054,"position":0},"title":"Politique en mati\u00e8re de cookies","author":"Luca Casaburi","date":"16 f\u00e9vrier 2021","format":false,"excerpt":"Qu'est-ce qu'un cookie ? Un cookie est un petit fichier texte qui est stock\u00e9 par l'ordinateur lorsqu'un site web est visit\u00e9 par un utilisateur. Le texte stocke des informations que le site est capable de lire lorsqu'il est consult\u00e9 ult\u00e9rieurement. Certains de ces cookies sont n\u00e9cessaires au bon fonctionnement du\u2026","rel":"","context":"Article similaire","block_context":{"text":"Article similaire","link":""},"img":{"alt_text":"","src":"","width":0,"height":0},"classes":[]},{"id":5978,"url":"https:\/\/www.altaviadeimontilattari.it\/fr\/marche-avec-nous\/","url_meta":{"origin":6054,"position":1},"title":"Marche avec nous","author":"Luca Casaburi","date":"6 mai 2022","format":false,"excerpt":"Tout le monde peut marcher avec nous. Partez avec nous \u00e0 la d\u00e9couverte de l'Alta Via dei Monti Lattari ! Marche avec nous Du 2 au 4 juin 2022 Nous parcourons l'Alta Via dei Monti Lattari dans son int\u00e9gralit\u00e9 pendant trois jours, en suivant tout le sentier 300CAI. Il part\u2026","rel":"","context":"Article similaire","block_context":{"text":"Article similaire","link":""},"img":{"alt_text":"","src":"https:\/\/i0.wp.com\/www.altaviadeimontilattari.it\/wp-content\/uploads\/2022\/05\/monte_finestra_sud-edited.jpg?resize=350%2C200&ssl=1","width":350,"height":200,"srcset":"https:\/\/i0.wp.com\/www.altaviadeimontilattari.it\/wp-content\/uploads\/2022\/05\/monte_finestra_sud-edited.jpg?resize=350%2C200&ssl=1 1x, https:\/\/i0.wp.com\/www.altaviadeimontilattari.it\/wp-content\/uploads\/2022\/05\/monte_finestra_sud-edited.jpg?resize=525%2C300&ssl=1 1.5x, https:\/\/i0.wp.com\/www.altaviadeimontilattari.it\/wp-content\/uploads\/2022\/05\/monte_finestra_sud-edited.jpg?resize=700%2C400&ssl=1 2x"},"classes":[]},{"id":5924,"url":"https:\/\/www.altaviadeimontilattari.it\/fr\/5-ou-dormir-refuges\/","url_meta":{"origin":6054,"position":2},"title":"5. O\u00f9 dormir : Refuges","author":"","date":"20 novembre 2020","format":false,"excerpt":"Il existe des logements \u00e0 C\u00f4te amalfitaine pour tous les go\u00fbts et presque tous les budgets. Amalfi e Positano sont les principaux centres touristiques de la C\u00f4te amalfitaine et les prix de l'h\u00e9bergement sont donc relativement \u00e9lev\u00e9s. Si vous voulez obtenir une belle chambre \u00e0 un prix raisonnable ici pendant\u2026","rel":"","context":"Article similaire","block_context":{"text":"Article similaire","link":""},"img":{"alt_text":"","src":"","width":0,"height":0},"classes":[]},{"id":6057,"url":"https:\/\/www.altaviadeimontilattari.it\/fr\/journal-du-sommet\/","url_meta":{"origin":6054,"position":3},"title":"Journal du sommet","author":"Luca Casaburi","date":"15 janvier 2022","format":false,"excerpt":"Partagez une de vos id\u00e9es pour faire tomber d'autres explorateurs amoureux de la nature. Laissez une pens\u00e9e, une \u00e9motion, une photo, un po\u00e8me ou une phrase en rapport avec les lieux travers\u00e9s par l'Alta Via dei Monti Lattari. Il sera publi\u00e9 dans le Diario delle Vette, un journal en ligne\u2026","rel":"","context":"Article similaire","block_context":{"text":"Article similaire","link":""},"img":{"alt_text":"","src":"","width":0,"height":0},"classes":[]},{"id":5982,"url":"https:\/\/www.altaviadeimontilattari.it\/fr\/la-cote-amalfitaine-et-la-peninsule-de-sorrente-au-milieu-de-la-poesie-de-lart-et-des-aphorismes\/","url_meta":{"origin":6054,"position":4},"title":"La c\u00f4te amalfitaine et la p\u00e9ninsule de Sorrente au milieu de la po\u00e9sie, de l&rsquo;art et des aphorismes","author":"Luca Casaburi","date":"28 mai 2022","format":false,"excerpt":"La c\u00f4te amalfitaine a toujours \u00e9t\u00e9 une terre de marins et d'inventeurs, mais aussi une source d'inspiration pour les po\u00e8tes, les \u00e9crivains et les grands compositeurs. Je vous propose un voyage \u00e0 travers ces terres, v\u00e9ritables tableaux encadr\u00e9s par un ciel indigo et une mer \u00e9meraude, vus \u00e0 travers les\u2026","rel":"","context":"Article similaire","block_context":{"text":"Article similaire","link":""},"img":{"alt_text":"","src":"","width":0,"height":0},"classes":[]},{"id":7297,"url":"https:\/\/www.altaviadeimontilattari.it\/fr\/le-chemin-de-giustino-fortunato\/","url_meta":{"origin":6054,"position":5},"title":"Le chemin de Giustino Fortunato","author":"Luca Casaburi","date":"25 avril 2024","format":false,"excerpt":"\"... Pourtant, il n'y a peut-\u00eatre aucune r\u00e9gion dans l'ensemble des Apennins... qui ait \u00e0 la fois autant de majest\u00e9 de montagnes et autant de beaut\u00e9 de paysages marins...\" Giustino Fortunato C'est ainsi que Giustino Fortunato, historien, \u00e9conomiste et naturaliste, d\u00e9crit les monts Lattari, qui constituent la charpente de la\u2026","rel":"","context":"Article similaire","block_context":{"text":"Article similaire","link":""},"img":{"alt_text":"","src":"https:\/\/i0.wp.com\/www.altaviadeimontilattari.it\/wp-content\/uploads\/2024\/04\/Giustino-fortunato.jpg?resize=350%2C200&ssl=1","width":350,"height":200},"classes":[]}],"jetpack_shortlink":"https:\/\/wp.me\/PcGNaV-1zE","jetpack_sharing_enabled":true,"_links":{"self":[{"href":"https:\/\/www.altaviadeimontilattari.it\/fr\/wp-json\/wp\/v2\/pages\/6054","targetHints":{"allow":["GET"]}}],"collection":[{"href":"https:\/\/www.altaviadeimontilattari.it\/fr\/wp-json\/wp\/v2\/pages"}],"about":[{"href":"https:\/\/www.altaviadeimontilattari.it\/fr\/wp-json\/wp\/v2\/types\/page"}],"author":[{"embeddable":true,"href":"https:\/\/www.altaviadeimontilattari.it\/fr\/wp-json\/wp\/v2\/users\/1"}],"replies":[{"embeddable":true,"href":"https:\/\/www.altaviadeimontilattari.it\/fr\/wp-json\/wp\/v2\/comments?post=6054"}],"version-history":[{"count":1,"href":"https:\/\/www.altaviadeimontilattari.it\/fr\/wp-json\/wp\/v2\/pages\/6054\/revisions"}],"predecessor-version":[{"id":6056,"href":"https:\/\/www.altaviadeimontilattari.it\/fr\/wp-json\/wp\/v2\/pages\/6054\/revisions\/6056"}],"wp:attachment":[{"href":"https:\/\/www.altaviadeimontilattari.it\/fr\/wp-json\/wp\/v2\/media?parent=6054"}],"curies":[{"name":"wp","href":"https:\/\/api.w.org\/{rel}","templated":true}]}}