{"id":6718,"date":"2022-07-08T12:47:01","date_gmt":"2022-07-08T12:47:01","guid":{"rendered":"https:\/\/www.altaviadeimontilattari.it\/newhome\/"},"modified":"2022-07-13T01:10:15","modified_gmt":"2022-07-13T01:10:15","slug":"accueil","status":"publish","type":"page","link":"https:\/\/www.altaviadeimontilattari.it\/fr\/","title":{"rendered":"Maison"},"content":{"rendered":"\t\t<div data-elementor-type=\"wp-page\" data-elementor-id=\"6718\" class=\"elementor elementor-6718 elementor-6275\">\n\t\t\t\t\t\t<section class=\"elementor-section elementor-top-section elementor-element elementor-element-636c2f5 elementor-section-stretched elementor-section-boxed elementor-section-height-default elementor-section-height-default\" data-id=\"636c2f5\" data-element_type=\"section\" data-e-type=\"section\" data-settings=\"{&quot;stretch_section&quot;:&quot;section-stretched&quot;,&quot;background_background&quot;:&quot;classic&quot;}\">\n\t\t\t\t\t\t<div class=\"elementor-container elementor-column-gap-default\">\n\t\t\t\t\t<div class=\"elementor-column elementor-col-100 elementor-top-column elementor-element elementor-element-5a31517\" data-id=\"5a31517\" data-element_type=\"column\" data-e-type=\"column\">\n\t\t\t<div class=\"elementor-widget-wrap elementor-element-populated\">\n\t\t\t\t\t\t<div class=\"elementor-element elementor-element-0dc858d elementor-widget elementor-widget-heading\" data-id=\"0dc858d\" data-element_type=\"widget\" data-e-type=\"widget\" data-widget_type=\"heading.default\">\n\t\t\t\t<div class=\"elementor-widget-container\">\n\t\t\t\t\t<h2 class=\"elementor-heading-title elementor-size-default\">Alta Via Dei Monti Lattari <\/h2>\t\t\t\t<\/div>\n\t\t\t\t<\/div>\n\t\t\t\t<div class=\"elementor-element elementor-element-dd4c70e elementor-widget elementor-widget-text-editor\" data-id=\"dd4c70e\" data-element_type=\"widget\" data-e-type=\"widget\" data-widget_type=\"text-editor.default\">\n\t\t\t\t<div class=\"elementor-widget-container\">\n\t\t\t\t\t\t\t\t\t<p>Dans les grands espaces de la montagne, dans ses hauts silences, l&rsquo;homme non distrait peut saisir le sens de sa petitesse et la dimension infinie de son \u00e2me.<\/p>\t\t\t\t\t\t\t\t<\/div>\n\t\t\t\t<\/div>\n\t\t\t\t<div class=\"elementor-element elementor-element-4ee3b6c elementor-widget__width-auto elementor-widget elementor-widget-button\" data-id=\"4ee3b6c\" data-element_type=\"widget\" data-e-type=\"widget\" data-widget_type=\"button.default\">\n\t\t\t\t<div class=\"elementor-widget-container\">\n\t\t\t\t\t\t\t\t\t<div class=\"elementor-button-wrapper\">\n\t\t\t\t\t<a class=\"elementor-button elementor-button-link elementor-size-sm\" href=\"https:\/\/www.altaviadeimontilattari.it\/fr\/alta-via-dei-monti-lattari\/\">\n\t\t\t\t\t\t<span class=\"elementor-button-content-wrapper\">\n\t\t\t\t\t\t\t\t\t<span class=\"elementor-button-text\">D\u00c9COUVRIR PLUS<\/span>\n\t\t\t\t\t<\/span>\n\t\t\t\t\t<\/a>\n\t\t\t\t<\/div>\n\t\t\t\t\t\t\t\t<\/div>\n\t\t\t\t<\/div>\n\t\t\t\t<div class=\"elementor-element elementor-element-242329b elementor-widget__width-auto elementor-widget elementor-widget-button\" data-id=\"242329b\" data-element_type=\"widget\" data-e-type=\"widget\" data-widget_type=\"button.default\">\n\t\t\t\t<div class=\"elementor-widget-container\">\n\t\t\t\t\t\t\t\t\t<div class=\"elementor-button-wrapper\">\n\t\t\t\t\t<a class=\"elementor-button elementor-button-link elementor-size-sm\" href=\"https:\/\/www.altaviadeimontilattari.it\/fr\/tour-dellalta-via-dei-monti-lattari\/\">\n\t\t\t\t\t\t<span class=\"elementor-button-content-wrapper\">\n\t\t\t\t\t\t\t\t\t<span class=\"elementor-button-text\">Chemin<\/span>\n\t\t\t\t\t<\/span>\n\t\t\t\t\t<\/a>\n\t\t\t\t<\/div>\n\t\t\t\t\t\t\t\t<\/div>\n\t\t\t\t<\/div>\n\t\t\t\t\t<\/div>\n\t\t<\/div>\n\t\t\t\t\t<\/div>\n\t\t<\/section>\n\t\t\t\t<section class=\"elementor-section elementor-top-section elementor-element elementor-element-d6c73a6 elementor-section-boxed elementor-section-height-default elementor-section-height-default\" data-id=\"d6c73a6\" data-element_type=\"section\" data-e-type=\"section\">\n\t\t\t\t\t\t<div class=\"elementor-container elementor-column-gap-default\">\n\t\t\t\t\t<div class=\"elementor-column elementor-col-33 elementor-top-column elementor-element elementor-element-41fedc6\" data-id=\"41fedc6\" data-element_type=\"column\" data-e-type=\"column\">\n\t\t\t<div class=\"elementor-widget-wrap elementor-element-populated\">\n\t\t\t\t\t\t<div class=\"elementor-element elementor-element-6195e26 elementor-view-stacked elementor-shape-circle elementor-widget elementor-widget-icon\" data-id=\"6195e26\" data-element_type=\"widget\" data-e-type=\"widget\" data-widget_type=\"icon.default\">\n\t\t\t\t<div class=\"elementor-widget-container\">\n\t\t\t\t\t\t\t<div class=\"elementor-icon-wrapper\">\n\t\t\t<div class=\"elementor-icon\">\n\t\t\t<i aria-hidden=\"true\" class=\"fas fa-tree\"><\/i>\t\t\t<\/div>\n\t\t<\/div>\n\t\t\t\t\t\t<\/div>\n\t\t\t\t<\/div>\n\t\t\t\t<div class=\"elementor-element elementor-element-8f5b93c elementor-widget elementor-widget-heading\" data-id=\"8f5b93c\" data-element_type=\"widget\" data-e-type=\"widget\" data-widget_type=\"heading.default\">\n\t\t\t\t<div class=\"elementor-widget-container\">\n\t\t\t\t\t<h3 class=\"elementor-heading-title elementor-size-default\">Contact avec la nature<\/h3>\t\t\t\t<\/div>\n\t\t\t\t<\/div>\n\t\t\t\t<div class=\"elementor-element elementor-element-ff636de elementor-widget elementor-widget-text-editor\" data-id=\"ff636de\" data-element_type=\"widget\" data-e-type=\"widget\" data-widget_type=\"text-editor.default\">\n\t\t\t\t<div class=\"elementor-widget-container\">\n\t\t\t\t\t\t\t\t\t<p>Paysages sauvages et ruraux, mer d&rsquo;un bleu profond, falaises et criques cach\u00e9es, parcs, faune et flore prot\u00e9g\u00e9es.<\/p>\t\t\t\t\t\t\t\t<\/div>\n\t\t\t\t<\/div>\n\t\t\t\t\t<\/div>\n\t\t<\/div>\n\t\t\t\t<div class=\"elementor-column elementor-col-33 elementor-top-column elementor-element elementor-element-2ec9af7\" data-id=\"2ec9af7\" data-element_type=\"column\" data-e-type=\"column\">\n\t\t\t<div class=\"elementor-widget-wrap elementor-element-populated\">\n\t\t\t\t\t\t<div class=\"elementor-element elementor-element-5b49716 elementor-view-stacked elementor-shape-circle elementor-widget elementor-widget-icon\" data-id=\"5b49716\" data-element_type=\"widget\" data-e-type=\"widget\" data-widget_type=\"icon.default\">\n\t\t\t\t<div class=\"elementor-widget-container\">\n\t\t\t\t\t\t\t<div class=\"elementor-icon-wrapper\">\n\t\t\t<div class=\"elementor-icon\">\n\t\t\t<i aria-hidden=\"true\" class=\"fas fa-landmark\"><\/i>\t\t\t<\/div>\n\t\t<\/div>\n\t\t\t\t\t\t<\/div>\n\t\t\t\t<\/div>\n\t\t\t\t<div class=\"elementor-element elementor-element-9c1de4f elementor-widget elementor-widget-heading\" data-id=\"9c1de4f\" data-element_type=\"widget\" data-e-type=\"widget\" data-widget_type=\"heading.default\">\n\t\t\t\t<div class=\"elementor-widget-container\">\n\t\t\t\t\t<h3 class=\"elementor-heading-title elementor-size-default\">Terre riche en histoire<\/h3>\t\t\t\t<\/div>\n\t\t\t\t<\/div>\n\t\t\t\t<div class=\"elementor-element elementor-element-beca457 elementor-widget elementor-widget-text-editor\" data-id=\"beca457\" data-element_type=\"widget\" data-e-type=\"widget\" data-widget_type=\"text-editor.default\">\n\t\t\t\t<div class=\"elementor-widget-container\">\n\t\t\t\t\t\t\t\t\t<p>Les c\u00f4tes d&rsquo;Amalfi et de Sorrente sont riches en histoire. D&rsquo;Ulysse, la r\u00e9publique maritime \u00e0 nos jours<\/p>\t\t\t\t\t\t\t\t<\/div>\n\t\t\t\t<\/div>\n\t\t\t\t\t<\/div>\n\t\t<\/div>\n\t\t\t\t<div class=\"elementor-column elementor-col-33 elementor-top-column elementor-element elementor-element-a4ba199\" data-id=\"a4ba199\" data-element_type=\"column\" data-e-type=\"column\">\n\t\t\t<div class=\"elementor-widget-wrap elementor-element-populated\">\n\t\t\t\t\t\t<div class=\"elementor-element elementor-element-2b7d7e9 elementor-view-stacked elementor-shape-circle elementor-widget elementor-widget-icon\" data-id=\"2b7d7e9\" data-element_type=\"widget\" data-e-type=\"widget\" data-widget_type=\"icon.default\">\n\t\t\t\t<div class=\"elementor-widget-container\">\n\t\t\t\t\t\t\t<div class=\"elementor-icon-wrapper\">\n\t\t\t<div class=\"elementor-icon\">\n\t\t\t<i aria-hidden=\"true\" class=\"fas fa-mountain\"><\/i>\t\t\t<\/div>\n\t\t<\/div>\n\t\t\t\t\t\t<\/div>\n\t\t\t\t<\/div>\n\t\t\t\t<div class=\"elementor-element elementor-element-9a4fa59 elementor-widget elementor-widget-heading\" data-id=\"9a4fa59\" data-element_type=\"widget\" data-e-type=\"widget\" data-widget_type=\"heading.default\">\n\t\t\t\t<div class=\"elementor-widget-container\">\n\t\t\t\t\t<h3 class=\"elementor-heading-title elementor-size-default\">Trekking en tout genre<\/h3>\t\t\t\t<\/div>\n\t\t\t\t<\/div>\n\t\t\t\t<div class=\"elementor-element elementor-element-d261b26 elementor-widget elementor-widget-text-editor\" data-id=\"d261b26\" data-element_type=\"widget\" data-e-type=\"widget\" data-widget_type=\"text-editor.default\">\n\t\t\t\t<div class=\"elementor-widget-container\">\n\t\t\t\t\t\t\t\t\t<p>Un si long chemin et ses accolades pr\u00e9sentent de nombreuses diversit\u00e9s pour organiser des excursions de toutes sortes et difficult\u00e9s<\/p>\t\t\t\t\t\t\t\t<\/div>\n\t\t\t\t<\/div>\n\t\t\t\t\t<\/div>\n\t\t<\/div>\n\t\t\t\t\t<\/div>\n\t\t<\/section>\n\t\t\t\t<section class=\"elementor-section elementor-top-section elementor-element elementor-element-2cf095f elementor-section-stretched elementor-section-boxed elementor-section-height-default elementor-section-height-default\" data-id=\"2cf095f\" data-element_type=\"section\" data-e-type=\"section\" data-settings=\"{&quot;stretch_section&quot;:&quot;section-stretched&quot;,&quot;background_background&quot;:&quot;classic&quot;}\">\n\t\t\t\t\t\t<div class=\"elementor-container elementor-column-gap-default\">\n\t\t\t\t\t<div class=\"elementor-column elementor-col-50 elementor-top-column elementor-element elementor-element-cfa06c9\" data-id=\"cfa06c9\" data-element_type=\"column\" data-e-type=\"column\">\n\t\t\t<div class=\"elementor-widget-wrap elementor-element-populated\">\n\t\t\t\t\t\t<div class=\"elementor-element elementor-element-5fad149 elementor-widget elementor-widget-image\" data-id=\"5fad149\" data-element_type=\"widget\" data-e-type=\"widget\" data-widget_type=\"image.default\">\n\t\t\t\t<div class=\"elementor-widget-container\">\n\t\t\t\t\t\t\t\t\t\t\t\t\t\t\t<img fetchpriority=\"high\" decoding=\"async\" data-attachment-id=\"4932\" data-permalink=\"https:\/\/www.altaviadeimontilattari.it\/fr\/alta_via_monti_lattari_sentiero_italia_300_cai-2\/\" data-orig-file=\"https:\/\/i0.wp.com\/www.altaviadeimontilattari.it\/wp-content\/uploads\/2020\/12\/alta_via_monti_lattari_sentiero_italia_300_cai.jpg?fit=600%2C600&amp;ssl=1\" data-orig-size=\"600,600\" data-comments-opened=\"1\" data-image-meta=\"{&quot;aperture&quot;:&quot;0&quot;,&quot;credit&quot;:&quot;&quot;,&quot;camera&quot;:&quot;&quot;,&quot;caption&quot;:&quot;&quot;,&quot;created_timestamp&quot;:&quot;0&quot;,&quot;copyright&quot;:&quot;&quot;,&quot;focal_length&quot;:&quot;0&quot;,&quot;iso&quot;:&quot;0&quot;,&quot;shutter_speed&quot;:&quot;0&quot;,&quot;title&quot;:&quot;&quot;,&quot;orientation&quot;:&quot;1&quot;}\" data-image-title=\"Alta Via dei Monti Lattari Sentiero Italia 300 CAI\" data-image-description=\"&lt;p&gt;Alta Via dei Monti Lattari Sentiero Italia 300 CAI&lt;\/p&gt;\n\" data-image-caption=\"&lt;p&gt;Alta Via dei Monti Lattari Sentiero Italia 300 CAI&lt;\/p&gt;\n\" data-large-file=\"https:\/\/i0.wp.com\/www.altaviadeimontilattari.it\/wp-content\/uploads\/2020\/12\/alta_via_monti_lattari_sentiero_italia_300_cai.jpg?fit=600%2C600&amp;ssl=1\" width=\"600\" height=\"600\" src=\"https:\/\/i0.wp.com\/www.altaviadeimontilattari.it\/wp-content\/uploads\/2020\/12\/alta_via_monti_lattari_sentiero_italia_300_cai.jpg?fit=600%2C600&amp;ssl=1\" class=\"attachment-full size-full wp-image-4932\" alt=\"\" srcset=\"https:\/\/i0.wp.com\/www.altaviadeimontilattari.it\/wp-content\/uploads\/2020\/12\/alta_via_monti_lattari_sentiero_italia_300_cai.jpg?w=600&amp;ssl=1 600w, https:\/\/i0.wp.com\/www.altaviadeimontilattari.it\/wp-content\/uploads\/2020\/12\/alta_via_monti_lattari_sentiero_italia_300_cai.jpg?resize=300%2C300&amp;ssl=1 300w, https:\/\/i0.wp.com\/www.altaviadeimontilattari.it\/wp-content\/uploads\/2020\/12\/alta_via_monti_lattari_sentiero_italia_300_cai.jpg?resize=150%2C150&amp;ssl=1 150w\" sizes=\"(max-width: 600px) 100vw, 600px\" data-attachment-id=\"4932\" data-permalink=\"https:\/\/www.altaviadeimontilattari.it\/fr\/alta_via_monti_lattari_sentiero_italia_300_cai-2\/\" data-orig-file=\"https:\/\/i0.wp.com\/www.altaviadeimontilattari.it\/wp-content\/uploads\/2020\/12\/alta_via_monti_lattari_sentiero_italia_300_cai.jpg?fit=600%2C600&amp;ssl=1\" data-orig-size=\"600,600\" data-comments-opened=\"1\" data-image-meta=\"{&quot;aperture&quot;:&quot;0&quot;,&quot;credit&quot;:&quot;&quot;,&quot;camera&quot;:&quot;&quot;,&quot;caption&quot;:&quot;&quot;,&quot;created_timestamp&quot;:&quot;0&quot;,&quot;copyright&quot;:&quot;&quot;,&quot;focal_length&quot;:&quot;0&quot;,&quot;iso&quot;:&quot;0&quot;,&quot;shutter_speed&quot;:&quot;0&quot;,&quot;title&quot;:&quot;&quot;,&quot;orientation&quot;:&quot;1&quot;}\" data-image-title=\"Alta Via dei Monti Lattari Sentiero Italia 300 CAI\" data-image-description=\"&lt;p&gt;Alta Via dei Monti Lattari Sentiero Italia 300 CAI&lt;\/p&gt;\n\" data-image-caption=\"&lt;p&gt;Alta Via dei Monti Lattari Sentiero Italia 300 CAI&lt;\/p&gt;\n\" data-large-file=\"https:\/\/i0.wp.com\/www.altaviadeimontilattari.it\/wp-content\/uploads\/2020\/12\/alta_via_monti_lattari_sentiero_italia_300_cai.jpg?fit=600%2C600&amp;ssl=1\" \/>\t\t\t\t\t\t\t\t\t\t\t\t\t\t\t<\/div>\n\t\t\t\t<\/div>\n\t\t\t\t\t<\/div>\n\t\t<\/div>\n\t\t\t\t<div class=\"elementor-column elementor-col-50 elementor-top-column elementor-element elementor-element-2d7d857\" data-id=\"2d7d857\" data-element_type=\"column\" data-e-type=\"column\">\n\t\t\t<div class=\"elementor-widget-wrap elementor-element-populated\">\n\t\t\t\t\t\t<div class=\"elementor-element elementor-element-2c7ba57 elementor-widget elementor-widget-heading\" data-id=\"2c7ba57\" data-element_type=\"widget\" data-e-type=\"widget\" data-widget_type=\"heading.default\">\n\t\t\t\t<div class=\"elementor-widget-container\">\n\t\t\t\t\t<h2 class=\"elementor-heading-title elementor-size-default\">CAI 300 - Parcours italien<\/h2>\t\t\t\t<\/div>\n\t\t\t\t<\/div>\n\t\t\t\t<div class=\"elementor-element elementor-element-365fff3 elementor-widget elementor-widget-text-editor\" data-id=\"365fff3\" data-element_type=\"widget\" data-e-type=\"widget\" data-widget_type=\"text-editor.default\">\n\t\t\t\t<div class=\"elementor-widget-container\">\n\t\t\t\t\t\t\t\t\t<p>Il traverse tout le <em>\n  <strong>C\u00f4te amalfitaine et p\u00e9ninsule de Sorrento <\/strong>\n<\/em>et est enti\u00e8rement trac\u00e9 par le <strong>Club Alpin Italien<\/strong>, dans ses variantes et ses accolades.<\/p>\t\t\t\t\t\t\t\t<\/div>\n\t\t\t\t<\/div>\n\t\t\t\t<div class=\"elementor-element elementor-element-c36cace elementor-widget elementor-widget-button\" data-id=\"c36cace\" data-element_type=\"widget\" data-e-type=\"widget\" data-widget_type=\"button.default\">\n\t\t\t\t<div class=\"elementor-widget-container\">\n\t\t\t\t\t\t\t\t\t<div class=\"elementor-button-wrapper\">\n\t\t\t\t\t<a class=\"elementor-button elementor-button-link elementor-size-sm\" href=\"https:\/\/www.altaviadeimontilattari.it\/fr\/le-chemin-300-cai\/\">\n\t\t\t\t\t\t<span class=\"elementor-button-content-wrapper\">\n\t\t\t\t\t\t\t\t\t<span class=\"elementor-button-text\">D\u00c9COUVRIR PLUS<\/span>\n\t\t\t\t\t<\/span>\n\t\t\t\t\t<\/a>\n\t\t\t\t<\/div>\n\t\t\t\t\t\t\t\t<\/div>\n\t\t\t\t<\/div>\n\t\t\t\t\t<\/div>\n\t\t<\/div>\n\t\t\t\t\t<\/div>\n\t\t<\/section>\n\t\t\t\t<section class=\"elementor-section elementor-top-section elementor-element elementor-element-0a3a6cf elementor-section-stretched elementor-section-boxed elementor-section-height-default elementor-section-height-default\" data-id=\"0a3a6cf\" data-element_type=\"section\" data-e-type=\"section\" data-settings=\"{&quot;stretch_section&quot;:&quot;section-stretched&quot;,&quot;background_background&quot;:&quot;classic&quot;}\">\n\t\t\t\t\t\t<div class=\"elementor-container elementor-column-gap-default\">\n\t\t\t\t\t<div class=\"elementor-column elementor-col-50 elementor-top-column elementor-element elementor-element-1a30ffe\" data-id=\"1a30ffe\" data-element_type=\"column\" data-e-type=\"column\">\n\t\t\t<div class=\"elementor-widget-wrap elementor-element-populated\">\n\t\t\t\t\t\t<div class=\"elementor-element elementor-element-5a81185 elementor-widget elementor-widget-heading\" data-id=\"5a81185\" data-element_type=\"widget\" data-e-type=\"widget\" data-widget_type=\"heading.default\">\n\t\t\t\t<div class=\"elementor-widget-container\">\n\t\t\t\t\t<h2 class=\"elementor-heading-title elementor-size-default\">Vivez intens\u00e9ment la nature<\/h2>\t\t\t\t<\/div>\n\t\t\t\t<\/div>\n\t\t\t\t<div class=\"elementor-element elementor-element-bea065f elementor-widget elementor-widget-text-editor\" data-id=\"bea065f\" data-element_type=\"widget\" data-e-type=\"widget\" data-widget_type=\"text-editor.default\">\n\t\t\t\t<div class=\"elementor-widget-container\">\n\t\t\t\t\t\t\t\t\t<p>Ce n&rsquo;est pas une simple excursion mais une <strong><em>immersion dans les merveilles sauvages<\/em><\/strong> de la cha\u00eene de montagnes de <strong><em>Monts Lattari<\/em><\/strong>. Situ\u00e9 au milieu des deux golfes de la c\u00f4te amalfitaine et de la p\u00e9ninsule de Sorrente. Vous traversez des sommets expos\u00e9s, des cr\u00eates montagneuses surplombant la mer, des cols, des hauts sommets, des bois et des falaises maritimes.<\/p>\t\t\t\t\t\t\t\t<\/div>\n\t\t\t\t<\/div>\n\t\t\t\t<div class=\"elementor-element elementor-element-8d2c00d elementor-widget elementor-widget-button\" data-id=\"8d2c00d\" data-element_type=\"widget\" data-e-type=\"widget\" data-widget_type=\"button.default\">\n\t\t\t\t<div class=\"elementor-widget-container\">\n\t\t\t\t\t\t\t\t\t<div class=\"elementor-button-wrapper\">\n\t\t\t\t\t<a class=\"elementor-button elementor-button-link elementor-size-sm\" href=\"https:\/\/www.altaviadeimontilattari.it\/fr\/tour-dellalta-via-dei-monti-lattari\/\">\n\t\t\t\t\t\t<span class=\"elementor-button-content-wrapper\">\n\t\t\t\t\t\t\t\t\t<span class=\"elementor-button-text\">POINTS D'INT\u00c9R\u00caT<\/span>\n\t\t\t\t\t<\/span>\n\t\t\t\t\t<\/a>\n\t\t\t\t<\/div>\n\t\t\t\t\t\t\t\t<\/div>\n\t\t\t\t<\/div>\n\t\t\t\t\t<\/div>\n\t\t<\/div>\n\t\t\t\t<div class=\"elementor-column elementor-col-50 elementor-top-column elementor-element elementor-element-86606a8\" data-id=\"86606a8\" data-element_type=\"column\" data-e-type=\"column\">\n\t\t\t<div class=\"elementor-widget-wrap elementor-element-populated\">\n\t\t\t\t\t\t<div class=\"elementor-element elementor-element-69b89bc elementor-widget elementor-widget-image\" data-id=\"69b89bc\" data-element_type=\"widget\" data-e-type=\"widget\" data-widget_type=\"image.default\">\n\t\t\t\t<div class=\"elementor-widget-container\">\n\t\t\t\t\t\t\t\t\t\t\t\t\t\t\t<img decoding=\"async\" data-attachment-id=\"5572\" data-permalink=\"https:\/\/www.altaviadeimontilattari.it\/fr\/monte_avvocata_3-2-2\/\" data-orig-file=\"https:\/\/i0.wp.com\/www.altaviadeimontilattari.it\/wp-content\/uploads\/2022\/02\/monte_avvocata_3.jpg?fit=768%2C1024&amp;ssl=1\" data-orig-size=\"768,1024\" data-comments-opened=\"1\" data-image-meta=\"{&quot;aperture&quot;:&quot;0&quot;,&quot;credit&quot;:&quot;&quot;,&quot;camera&quot;:&quot;&quot;,&quot;caption&quot;:&quot;&quot;,&quot;created_timestamp&quot;:&quot;0&quot;,&quot;copyright&quot;:&quot;&quot;,&quot;focal_length&quot;:&quot;0&quot;,&quot;iso&quot;:&quot;0&quot;,&quot;shutter_speed&quot;:&quot;0&quot;,&quot;title&quot;:&quot;&quot;,&quot;orientation&quot;:&quot;0&quot;}\" data-image-title=\"Santuario dell&amp;rsquo;Avvocata\" data-image-description=\"&lt;p&gt;Santuario dell&amp;rsquo;Avvocata&lt;\/p&gt;\n\" data-image-caption=\"&lt;p&gt;Santuario dell&amp;rsquo;Avvocata&lt;\/p&gt;\n\" data-large-file=\"https:\/\/i0.wp.com\/www.altaviadeimontilattari.it\/wp-content\/uploads\/2022\/02\/monte_avvocata_3.jpg?fit=768%2C1024&amp;ssl=1\" width=\"768\" height=\"1024\" src=\"https:\/\/i0.wp.com\/www.altaviadeimontilattari.it\/wp-content\/uploads\/2022\/02\/monte_avvocata_3.jpg?fit=768%2C1024&amp;ssl=1\" class=\"attachment-full size-full wp-image-5572\" alt=\"\" srcset=\"https:\/\/i0.wp.com\/www.altaviadeimontilattari.it\/wp-content\/uploads\/2022\/02\/monte_avvocata_3.jpg?w=768&amp;ssl=1 768w, https:\/\/i0.wp.com\/www.altaviadeimontilattari.it\/wp-content\/uploads\/2022\/02\/monte_avvocata_3.jpg?resize=225%2C300&amp;ssl=1 225w\" sizes=\"(max-width: 768px) 100vw, 768px\" data-attachment-id=\"5572\" data-permalink=\"https:\/\/www.altaviadeimontilattari.it\/fr\/monte_avvocata_3-2-2\/\" data-orig-file=\"https:\/\/i0.wp.com\/www.altaviadeimontilattari.it\/wp-content\/uploads\/2022\/02\/monte_avvocata_3.jpg?fit=768%2C1024&amp;ssl=1\" data-orig-size=\"768,1024\" data-comments-opened=\"1\" data-image-meta=\"{&quot;aperture&quot;:&quot;0&quot;,&quot;credit&quot;:&quot;&quot;,&quot;camera&quot;:&quot;&quot;,&quot;caption&quot;:&quot;&quot;,&quot;created_timestamp&quot;:&quot;0&quot;,&quot;copyright&quot;:&quot;&quot;,&quot;focal_length&quot;:&quot;0&quot;,&quot;iso&quot;:&quot;0&quot;,&quot;shutter_speed&quot;:&quot;0&quot;,&quot;title&quot;:&quot;&quot;,&quot;orientation&quot;:&quot;0&quot;}\" data-image-title=\"Santuario dell&amp;rsquo;Avvocata\" data-image-description=\"&lt;p&gt;Santuario dell&amp;rsquo;Avvocata&lt;\/p&gt;\n\" data-image-caption=\"&lt;p&gt;Santuario dell&amp;rsquo;Avvocata&lt;\/p&gt;\n\" data-large-file=\"https:\/\/i0.wp.com\/www.altaviadeimontilattari.it\/wp-content\/uploads\/2022\/02\/monte_avvocata_3.jpg?fit=768%2C1024&amp;ssl=1\" \/>\t\t\t\t\t\t\t\t\t\t\t\t\t\t\t<\/div>\n\t\t\t\t<\/div>\n\t\t\t\t\t<\/div>\n\t\t<\/div>\n\t\t\t\t\t<\/div>\n\t\t<\/section>\n\t\t\t\t<section class=\"elementor-section elementor-top-section elementor-element elementor-element-2b50097 elementor-section-stretched elementor-section-boxed elementor-section-height-default elementor-section-height-default\" data-id=\"2b50097\" data-element_type=\"section\" data-e-type=\"section\" data-settings=\"{&quot;stretch_section&quot;:&quot;section-stretched&quot;,&quot;background_background&quot;:&quot;classic&quot;}\">\n\t\t\t\t\t\t<div class=\"elementor-container elementor-column-gap-default\">\n\t\t\t\t\t<div class=\"elementor-column elementor-col-50 elementor-top-column elementor-element elementor-element-154dc76\" data-id=\"154dc76\" data-element_type=\"column\" data-e-type=\"column\">\n\t\t\t<div class=\"elementor-widget-wrap elementor-element-populated\">\n\t\t\t\t\t\t<div class=\"elementor-element elementor-element-6eecd82 elementor-widget elementor-widget-image\" data-id=\"6eecd82\" data-element_type=\"widget\" data-e-type=\"widget\" data-widget_type=\"image.default\">\n\t\t\t\t<div class=\"elementor-widget-container\">\n\t\t\t\t\t\t\t\t\t\t\t\t\t\t\t<img decoding=\"async\" data-attachment-id=\"4936\" data-permalink=\"https:\/\/www.altaviadeimontilattari.it\/fr\/consigli_trekking-2\/\" data-orig-file=\"https:\/\/i0.wp.com\/www.altaviadeimontilattari.it\/wp-content\/uploads\/2020\/12\/consigli_trekking.jpg?fit=600%2C600&amp;ssl=1\" data-orig-size=\"600,600\" data-comments-opened=\"1\" data-image-meta=\"{&quot;aperture&quot;:&quot;0&quot;,&quot;credit&quot;:&quot;&quot;,&quot;camera&quot;:&quot;&quot;,&quot;caption&quot;:&quot;&quot;,&quot;created_timestamp&quot;:&quot;0&quot;,&quot;copyright&quot;:&quot;&quot;,&quot;focal_length&quot;:&quot;0&quot;,&quot;iso&quot;:&quot;0&quot;,&quot;shutter_speed&quot;:&quot;0&quot;,&quot;title&quot;:&quot;&quot;,&quot;orientation&quot;:&quot;1&quot;}\" data-image-title=\"consigli per il trekking, zaino, scarpe, bastoncini e altro.\" data-image-description=\"&lt;p&gt;consigli per il trekking, zaino, scarpe, bastoncini e altro.&lt;\/p&gt;\n\" data-image-caption=\"\" data-large-file=\"https:\/\/i0.wp.com\/www.altaviadeimontilattari.it\/wp-content\/uploads\/2020\/12\/consigli_trekking.jpg?fit=600%2C600&amp;ssl=1\" width=\"600\" height=\"600\" src=\"https:\/\/i0.wp.com\/www.altaviadeimontilattari.it\/wp-content\/uploads\/2020\/12\/consigli_trekking.jpg?fit=600%2C600&amp;ssl=1\" class=\"attachment-full size-full wp-image-4936\" alt=\"\" srcset=\"https:\/\/i0.wp.com\/www.altaviadeimontilattari.it\/wp-content\/uploads\/2020\/12\/consigli_trekking.jpg?w=600&amp;ssl=1 600w, https:\/\/i0.wp.com\/www.altaviadeimontilattari.it\/wp-content\/uploads\/2020\/12\/consigli_trekking.jpg?resize=300%2C300&amp;ssl=1 300w, https:\/\/i0.wp.com\/www.altaviadeimontilattari.it\/wp-content\/uploads\/2020\/12\/consigli_trekking.jpg?resize=150%2C150&amp;ssl=1 150w\" sizes=\"(max-width: 600px) 100vw, 600px\" data-attachment-id=\"4936\" data-permalink=\"https:\/\/www.altaviadeimontilattari.it\/fr\/consigli_trekking-2\/\" data-orig-file=\"https:\/\/i0.wp.com\/www.altaviadeimontilattari.it\/wp-content\/uploads\/2020\/12\/consigli_trekking.jpg?fit=600%2C600&amp;ssl=1\" data-orig-size=\"600,600\" data-comments-opened=\"1\" data-image-meta=\"{&quot;aperture&quot;:&quot;0&quot;,&quot;credit&quot;:&quot;&quot;,&quot;camera&quot;:&quot;&quot;,&quot;caption&quot;:&quot;&quot;,&quot;created_timestamp&quot;:&quot;0&quot;,&quot;copyright&quot;:&quot;&quot;,&quot;focal_length&quot;:&quot;0&quot;,&quot;iso&quot;:&quot;0&quot;,&quot;shutter_speed&quot;:&quot;0&quot;,&quot;title&quot;:&quot;&quot;,&quot;orientation&quot;:&quot;1&quot;}\" data-image-title=\"consigli per il trekking, zaino, scarpe, bastoncini e altro.\" data-image-description=\"&lt;p&gt;consigli per il trekking, zaino, scarpe, bastoncini e altro.&lt;\/p&gt;\n\" data-image-caption=\"\" data-large-file=\"https:\/\/i0.wp.com\/www.altaviadeimontilattari.it\/wp-content\/uploads\/2020\/12\/consigli_trekking.jpg?fit=600%2C600&amp;ssl=1\" \/>\t\t\t\t\t\t\t\t\t\t\t\t\t\t\t<\/div>\n\t\t\t\t<\/div>\n\t\t\t\t\t<\/div>\n\t\t<\/div>\n\t\t\t\t<div class=\"elementor-column elementor-col-50 elementor-top-column elementor-element elementor-element-c7bc001\" data-id=\"c7bc001\" data-element_type=\"column\" data-e-type=\"column\">\n\t\t\t<div class=\"elementor-widget-wrap elementor-element-populated\">\n\t\t\t\t\t\t<div class=\"elementor-element elementor-element-def0dc6 elementor-widget elementor-widget-heading\" data-id=\"def0dc6\" data-element_type=\"widget\" data-e-type=\"widget\" data-widget_type=\"heading.default\">\n\t\t\t\t<div class=\"elementor-widget-container\">\n\t\t\t\t\t<h2 class=\"elementor-heading-title elementor-size-default\">Voici quelques conseils utiles<\/h2>\t\t\t\t<\/div>\n\t\t\t\t<\/div>\n\t\t\t\t<div class=\"elementor-element elementor-element-c8e3f9a elementor-widget elementor-widget-text-editor\" data-id=\"c8e3f9a\" data-element_type=\"widget\" data-e-type=\"widget\" data-widget_type=\"text-editor.default\">\n\t\t\t\t<div class=\"elementor-widget-container\">\n\t\t\t\t\t\t\t\t\t<p><strong>Voici quelques conseils pour vous assurer que votre randonn\u00e9e sera agr\u00e9able et s\u00fbre, la premi\u00e8re d&rsquo;une longue s\u00e9rie de chemins de randonn\u00e9e.<\/strong><\/p>\t\t\t\t\t\t\t\t<\/div>\n\t\t\t\t<\/div>\n\t\t\t\t<div class=\"elementor-element elementor-element-6b84a4f elementor-widget elementor-widget-button\" data-id=\"6b84a4f\" data-element_type=\"widget\" data-e-type=\"widget\" data-widget_type=\"button.default\">\n\t\t\t\t<div class=\"elementor-widget-container\">\n\t\t\t\t\t\t\t\t\t<div class=\"elementor-button-wrapper\">\n\t\t\t\t\t<a class=\"elementor-button elementor-button-link elementor-size-sm\" href=\"https:\/\/www.altaviadeimontilattari.it\/fr\/conseils-utiles-pour-lorganisation\/\">\n\t\t\t\t\t\t<span class=\"elementor-button-content-wrapper\">\n\t\t\t\t\t\t\t\t\t<span class=\"elementor-button-text\">TREKKING EN TOUTE S\u00c9CURIT\u00c9<\/span>\n\t\t\t\t\t<\/span>\n\t\t\t\t\t<\/a>\n\t\t\t\t<\/div>\n\t\t\t\t\t\t\t\t<\/div>\n\t\t\t\t<\/div>\n\t\t\t\t\t<\/div>\n\t\t<\/div>\n\t\t\t\t\t<\/div>\n\t\t<\/section>\n\t\t\t\t<section class=\"elementor-section elementor-top-section elementor-element elementor-element-4dafa3f elementor-section-stretched elementor-section-boxed elementor-section-height-default elementor-section-height-default\" data-id=\"4dafa3f\" data-element_type=\"section\" data-e-type=\"section\" data-settings=\"{&quot;stretch_section&quot;:&quot;section-stretched&quot;,&quot;background_background&quot;:&quot;classic&quot;}\">\n\t\t\t\t\t\t<div class=\"elementor-container elementor-column-gap-default\">\n\t\t\t\t\t<div class=\"elementor-column elementor-col-33 elementor-top-column elementor-element elementor-element-6e6847f\" data-id=\"6e6847f\" data-element_type=\"column\" data-e-type=\"column\">\n\t\t\t<div class=\"elementor-widget-wrap elementor-element-populated\">\n\t\t\t\t\t\t<div class=\"elementor-element elementor-element-debd15f elementor-widget elementor-widget-image\" data-id=\"debd15f\" data-element_type=\"widget\" data-e-type=\"widget\" data-widget_type=\"image.default\">\n\t\t\t\t<div class=\"elementor-widget-container\">\n\t\t\t\t\t\t\t\t\t\t\t\t\t\t\t<img decoding=\"async\" src=\"https:\/\/i0.wp.com\/www.altaviadeimontilattari.it\/wp-content\/uploads\/2020\/12\/DH-Lawrence.jpg?fit=75%2C75&#038;ssl=1\" title=\"DH-Lawrence\" alt=\"DH-Lawrence\" loading=\"lazy\" \/>\t\t\t\t\t\t\t\t\t\t\t\t\t\t\t<\/div>\n\t\t\t\t<\/div>\n\t\t\t\t<div class=\"elementor-element elementor-element-21b56f1 elementor-widget elementor-widget-text-editor\" data-id=\"21b56f1\" data-element_type=\"widget\" data-e-type=\"widget\" data-widget_type=\"text-editor.default\">\n\t\t\t\t<div class=\"elementor-widget-container\">\n\t\t\t\t\t\t\t\t\t<p>\u00ab\u00a0<em>C&rsquo;est le paysage qui, du haut du Chemin des Dieux, s&rsquo;est ouvert \u00e0 notre regard : c&rsquo;est le sc\u00e9nario de ce virage extr\u00eame de la c\u00f4te amalfitaine qui regarde vers l&rsquo;ouest, vers l&rsquo;\u00eele de Capri, cette c\u00f4te escarp\u00e9e et humide, avec les montagnes cristallines o\u00f9 les dieux d&rsquo;aujourd&rsquo;hui sont abandonn\u00e9s et un moi ant\u00e9rieur perdu, m\u00e9diterran\u00e9en, est red\u00e9couvert<\/em>\u00ab\u00a0<\/p>\t\t\t\t\t\t\t\t<\/div>\n\t\t\t\t<\/div>\n\t\t\t\t<div class=\"elementor-element elementor-element-78cfeab elementor-widget elementor-widget-text-editor\" data-id=\"78cfeab\" data-element_type=\"widget\" data-e-type=\"widget\" data-widget_type=\"text-editor.default\">\n\t\t\t\t<div class=\"elementor-widget-container\">\n\t\t\t\t\t\t\t\t\t<p>D. H. Lawrence<\/p>\t\t\t\t\t\t\t\t<\/div>\n\t\t\t\t<\/div>\n\t\t\t\t\t<\/div>\n\t\t<\/div>\n\t\t\t\t<div class=\"elementor-column elementor-col-33 elementor-top-column elementor-element elementor-element-0a9fbc7\" data-id=\"0a9fbc7\" data-element_type=\"column\" data-e-type=\"column\">\n\t\t\t<div class=\"elementor-widget-wrap elementor-element-populated\">\n\t\t\t\t\t\t<div class=\"elementor-element elementor-element-0e6a375 elementor-widget elementor-widget-image\" data-id=\"0e6a375\" data-element_type=\"widget\" data-e-type=\"widget\" data-widget_type=\"image.default\">\n\t\t\t\t<div class=\"elementor-widget-container\">\n\t\t\t\t\t\t\t\t\t\t\t\t\t\t\t<img decoding=\"async\" src=\"https:\/\/i0.wp.com\/www.altaviadeimontilattari.it\/wp-content\/uploads\/2020\/12\/Quasimodo-salvatore.jpg?fit=75%2C75&#038;ssl=1\" title=\"Quasimodo salvatore\" alt=\"Quasimodo salvatore\" loading=\"lazy\" \/>\t\t\t\t\t\t\t\t\t\t\t\t\t\t\t<\/div>\n\t\t\t\t<\/div>\n\t\t\t\t<div class=\"elementor-element elementor-element-2c59d65 elementor-widget elementor-widget-text-editor\" data-id=\"2c59d65\" data-element_type=\"widget\" data-e-type=\"widget\" data-widget_type=\"text-editor.default\">\n\t\t\t\t<div class=\"elementor-widget-container\">\n\t\t\t\t\t\t\t\t\t<p><em>\u00ab\u00a0Nulle part ailleurs qu&rsquo;\u00e0 Amalfi, l&rsquo;intersection de la terre et de l&rsquo;eau ne se fait avec une m\u00e9tamorphose mutuelle.\u00a0\u00bb<\/em><\/p>\t\t\t\t\t\t\t\t<\/div>\n\t\t\t\t<\/div>\n\t\t\t\t<div class=\"elementor-element elementor-element-91d35b6 elementor-widget elementor-widget-text-editor\" data-id=\"91d35b6\" data-element_type=\"widget\" data-e-type=\"widget\" data-widget_type=\"text-editor.default\">\n\t\t\t\t<div class=\"elementor-widget-container\">\n\t\t\t\t\t\t\t\t\t<p>SALVATORE QUASIMODO<\/p>\t\t\t\t\t\t\t\t<\/div>\n\t\t\t\t<\/div>\n\t\t\t\t\t<\/div>\n\t\t<\/div>\n\t\t\t\t<div class=\"elementor-column elementor-col-33 elementor-top-column elementor-element elementor-element-f707b69\" data-id=\"f707b69\" data-element_type=\"column\" data-e-type=\"column\">\n\t\t\t<div class=\"elementor-widget-wrap elementor-element-populated\">\n\t\t\t\t\t\t<div class=\"elementor-element elementor-element-4c2a432 elementor-widget elementor-widget-image\" data-id=\"4c2a432\" data-element_type=\"widget\" data-e-type=\"widget\" data-widget_type=\"image.default\">\n\t\t\t\t<div class=\"elementor-widget-container\">\n\t\t\t\t\t\t\t\t\t\t\t\t\t\t\t<img decoding=\"async\" src=\"https:\/\/i0.wp.com\/www.altaviadeimontilattari.it\/wp-content\/uploads\/2020\/12\/Alfonso_Gatto_1.jpg?fit=75%2C75&#038;ssl=1\" title=\"Alfonso Gatto\" alt=\"Alfonso Gatto\" loading=\"lazy\" \/>\t\t\t\t\t\t\t\t\t\t\t\t\t\t\t<\/div>\n\t\t\t\t<\/div>\n\t\t\t\t<div class=\"elementor-element elementor-element-d87784c elementor-widget elementor-widget-text-editor\" data-id=\"d87784c\" data-element_type=\"widget\" data-e-type=\"widget\" data-widget_type=\"text-editor.default\">\n\t\t\t\t<div class=\"elementor-widget-container\">\n\t\t\t\t\t\t\t\t\t<p><em>\u00ab\u00a0La route de Vietri \u00e0 Capodorso \u00e0 Minori, \u00e0 Amalfi monte et descend vers la mer de Conca et Furore est une route de montagne : la lumi\u00e8re s&rsquo;y abandonne en la tirant de bosse en bosse<br>\u00e0 ses segments construits trouve la fleur de la chauss\u00e9e du d\u00e9sert, le gen\u00eat.\u00a0\u00bb<\/em><\/p>\t\t\t\t\t\t\t\t<\/div>\n\t\t\t\t<\/div>\n\t\t\t\t<div class=\"elementor-element elementor-element-c98b4cb elementor-widget elementor-widget-text-editor\" data-id=\"c98b4cb\" data-element_type=\"widget\" data-e-type=\"widget\" data-widget_type=\"text-editor.default\">\n\t\t\t\t<div class=\"elementor-widget-container\">\n\t\t\t\t\t\t\t\t\t<p>CAT ALPHONSE<\/p>\t\t\t\t\t\t\t\t<\/div>\n\t\t\t\t<\/div>\n\t\t\t\t\t<\/div>\n\t\t<\/div>\n\t\t\t\t\t<\/div>\n\t\t<\/section>\n\t\t\t\t<section class=\"elementor-section elementor-top-section elementor-element elementor-element-fe80346 elementor-section-stretched elementor-section-boxed elementor-section-height-default elementor-section-height-default\" data-id=\"fe80346\" data-element_type=\"section\" data-e-type=\"section\" data-settings=\"{&quot;stretch_section&quot;:&quot;section-stretched&quot;,&quot;background_background&quot;:&quot;classic&quot;}\">\n\t\t\t\t\t\t<div class=\"elementor-container elementor-column-gap-default\">\n\t\t\t\t\t<div class=\"elementor-column elementor-col-100 elementor-top-column elementor-element elementor-element-d3b59f4\" data-id=\"d3b59f4\" data-element_type=\"column\" data-e-type=\"column\">\n\t\t\t<div class=\"elementor-widget-wrap elementor-element-populated\">\n\t\t\t\t\t\t<div class=\"elementor-element elementor-element-c04aeac elementor-widget elementor-widget-heading\" data-id=\"c04aeac\" data-element_type=\"widget\" data-e-type=\"widget\" data-widget_type=\"heading.default\">\n\t\t\t\t<div class=\"elementor-widget-container\">\n\t\t\t\t\t<h2 class=\"elementor-heading-title elementor-size-default\">Nous travaillons ensemble pour am\u00e9liorer<\/h2>\t\t\t\t<\/div>\n\t\t\t\t<\/div>\n\t\t\t\t<div class=\"elementor-element elementor-element-ef37558 elementor-widget elementor-widget-text-editor\" data-id=\"ef37558\" data-element_type=\"widget\" data-e-type=\"widget\" data-widget_type=\"text-editor.default\">\n\t\t\t\t<div class=\"elementor-widget-container\">\n\t\t\t\t\t\t\t\t\t<p><strong><em>altaviadeimontilattari.it<\/em><\/strong> a \u00e9t\u00e9 cr\u00e9\u00e9 pour faire conna\u00eetre le <strong><em>Montagnes Lattari<\/em><\/strong>le <strong><em>C\u00f4te amalfitaine<\/em><\/strong> et le <strong><em>P\u00e9ninsule de Sorrento<\/em><\/strong>Des terres d&rsquo;Italie encore peu connues pour leur nature et leur beaut\u00e9. Les informations sont constamment mises \u00e0 jour et si vous souhaitez nous aider \u00e0 am\u00e9liorer ou \u00e0 signaler quoi que ce soit, ne perdez pas votre temps et contactez-nous d\u00e8s maintenant.<\/p>\t\t\t\t\t\t\t\t<\/div>\n\t\t\t\t<\/div>\n\t\t\t\t<div class=\"elementor-element elementor-element-778d731 elementor-widget elementor-widget-heading\" data-id=\"778d731\" data-element_type=\"widget\" data-e-type=\"widget\" data-widget_type=\"heading.default\">\n\t\t\t\t<div class=\"elementor-widget-container\">\n\t\t\t\t\t<h2 class=\"elementor-heading-title elementor-size-default\">As-tu besoin d'aide?<\/h2>\t\t\t\t<\/div>\n\t\t\t\t<\/div>\n\t\t\t\t<div class=\"elementor-element elementor-element-914be22 elementor-widget elementor-widget-text-editor\" data-id=\"914be22\" data-element_type=\"widget\" data-e-type=\"widget\" data-widget_type=\"text-editor.default\">\n\t\t\t\t<div class=\"elementor-widget-container\">\n\t\t\t\t\t\t\t\t\t<p>Si vous organisez une <strong>excursion<\/strong> dans les Monts Lattari ou un voyage sur le magnifique sentier de l&rsquo;Alta Via dei Monti Lattari, contactez-nous pour toute information ou conseil.<\/p>\t\t\t\t\t\t\t\t<\/div>\n\t\t\t\t<\/div>\n\t\t\t\t<div class=\"elementor-element elementor-element-3aed200 elementor-align-center elementor-widget elementor-widget-button\" data-id=\"3aed200\" data-element_type=\"widget\" data-e-type=\"widget\" data-widget_type=\"button.default\">\n\t\t\t\t<div class=\"elementor-widget-container\">\n\t\t\t\t\t\t\t\t\t<div class=\"elementor-button-wrapper\">\n\t\t\t\t\t<a class=\"elementor-button elementor-button-link elementor-size-sm\" href=\"https:\/\/www.altaviadeimontilattari.it\/fr\/nous-contacter\/\">\n\t\t\t\t\t\t<span class=\"elementor-button-content-wrapper\">\n\t\t\t\t\t\t\t\t\t<span class=\"elementor-button-text\">CONTACTEZ-NOUS<\/span>\n\t\t\t\t\t<\/span>\n\t\t\t\t\t<\/a>\n\t\t\t\t<\/div>\n\t\t\t\t\t\t\t\t<\/div>\n\t\t\t\t<\/div>\n\t\t\t\t\t<\/div>\n\t\t<\/div>\n\t\t\t\t\t<\/div>\n\t\t<\/section>\n\t\t\t\t<section class=\"elementor-section elementor-top-section elementor-element elementor-element-93028ba elementor-section-stretched elementor-section-boxed elementor-section-height-default elementor-section-height-default\" data-id=\"93028ba\" data-element_type=\"section\" data-e-type=\"section\" data-settings=\"{&quot;stretch_section&quot;:&quot;section-stretched&quot;,&quot;background_background&quot;:&quot;classic&quot;}\">\n\t\t\t\t\t\t<div class=\"elementor-container elementor-column-gap-default\">\n\t\t\t\t\t<div class=\"elementor-column elementor-col-100 elementor-top-column elementor-element elementor-element-ac4b78d\" data-id=\"ac4b78d\" data-element_type=\"column\" data-e-type=\"column\">\n\t\t\t<div class=\"elementor-widget-wrap elementor-element-populated\">\n\t\t\t\t\t\t<div class=\"elementor-element elementor-element-585a6ab elementor-widget elementor-widget-heading\" data-id=\"585a6ab\" data-element_type=\"widget\" data-e-type=\"widget\" data-widget_type=\"heading.default\">\n\t\t\t\t<div class=\"elementor-widget-container\">\n\t\t\t\t\t<h2 class=\"elementor-heading-title elementor-size-default\">Soutenez notre projet<\/h2>\t\t\t\t<\/div>\n\t\t\t\t<\/div>\n\t\t\t\t<div class=\"elementor-element elementor-element-531d2b0 elementor-widget elementor-widget-text-editor\" data-id=\"531d2b0\" data-element_type=\"widget\" data-e-type=\"widget\" data-widget_type=\"text-editor.default\">\n\t\t\t\t<div class=\"elementor-widget-container\">\n\t\t\t\t\t\t\t\t\t<p>Soutient notre projet Alta Via dei Monti Lattari en <strong><em><a href=\"http:\/\/turismo.ricercattiva.it\/\">Turismo.RicercAttiva<\/a><\/em><\/strong>. Aidez-nous \u00e0 promouvoir notre territoire avec sa nature, son histoire et sa culture. <em><strong>altaviadeimontilattari.it<\/strong><\/em> est l&rsquo;un des nombreux projets men\u00e9s par nous, suivez-nous et vous d\u00e9couvrirez toutes nos activit\u00e9s.<\/p>\t\t\t\t\t\t\t\t<\/div>\n\t\t\t\t<\/div>\n\t\t\t\t<div class=\"elementor-element elementor-element-4feca2e elementor-widget elementor-widget-text-editor\" data-id=\"4feca2e\" data-element_type=\"widget\" data-e-type=\"widget\" data-widget_type=\"text-editor.default\">\n\t\t\t\t<div class=\"elementor-widget-container\">\n\t\t\t\t\t\t\t\t\t<div id=\"donate-button-container\">\n<div id=\"donate-button\"> <\/div>\n<script src=\"https:\/\/www.paypalobjects.com\/donate\/sdk\/donate-sdk.js\" charset=\"UTF-8\"><\/script> <script>\nPayPal.Donation.Button({\nenv:'production',\nhosted_button_id:'W54QQ8G8BKD82',\nimage: {\nsrc:'https:\/\/pics.paypal.com\/00\/s\/NWI3ZDBkNDYtMjdhNC00YWQ0LWFjYzUtNzQ3NzIyM2VlOTE1\/file.PNG',\nalt:'Fai una donazione con il pulsante PayPal',\ntitle:'PayPal - The safer, easier way to pay online!',\n}\n}).render('#donate-button');\n<\/script><\/div>\t\t\t\t\t\t\t\t<\/div>\n\t\t\t\t<\/div>\n\t\t\t\t<div class=\"elementor-element elementor-element-41d6ea7 elementor-widget elementor-widget-heading\" data-id=\"41d6ea7\" data-element_type=\"widget\" data-e-type=\"widget\" data-widget_type=\"heading.default\">\n\t\t\t\t<div class=\"elementor-widget-container\">\n\t\t\t\t\t<h2 class=\"elementor-heading-title elementor-size-default\">D\u00e9couvrez notre marque<\/h2>\t\t\t\t<\/div>\n\t\t\t\t<\/div>\n\t\t\t\t<div class=\"elementor-element elementor-element-db2f17c elementor-widget elementor-widget-text-editor\" data-id=\"db2f17c\" data-element_type=\"widget\" data-e-type=\"widget\" data-widget_type=\"text-editor.default\">\n\t\t\t\t<div class=\"elementor-widget-container\">\n\t\t\t\t\t\t\t\t\t<p>Achetez nos produits et gadgets, tous les b\u00e9n\u00e9fices seront utilis\u00e9s pour soutenir nos initiatives.<\/p>\t\t\t\t\t\t\t\t<\/div>\n\t\t\t\t<\/div>\n\t\t\t\t<div class=\"elementor-element elementor-element-6887425 elementor-align-center elementor-widget elementor-widget-button\" data-id=\"6887425\" data-element_type=\"widget\" data-e-type=\"widget\" data-widget_type=\"button.default\">\n\t\t\t\t<div class=\"elementor-widget-container\">\n\t\t\t\t\t\t\t\t\t<div class=\"elementor-button-wrapper\">\n\t\t\t\t\t<a class=\"elementor-button elementor-button-link elementor-size-sm\" href=\"https:\/\/www.stickerland.it\/categoria-prodotto\/area-merchandising\/ricercattiva-turismo\/\">\n\t\t\t\t\t\t<span class=\"elementor-button-content-wrapper\">\n\t\t\t\t\t\t\t\t\t<span class=\"elementor-button-text\">SHOP ET MARQUE<\/span>\n\t\t\t\t\t<\/span>\n\t\t\t\t\t<\/a>\n\t\t\t\t<\/div>\n\t\t\t\t\t\t\t\t<\/div>\n\t\t\t\t<\/div>\n\t\t\t\t\t<\/div>\n\t\t<\/div>\n\t\t\t\t\t<\/div>\n\t\t<\/section>\n\t\t\t\t<\/div>\n\t\t<div style=\"margin: 20px 0;\"><div class=\"qrcswholewtapper\" style=\"text-align:left;\"><div class=\"qrcprowrapper\"  id=\"qrcwraa2leds\"><div class=\"qrc_canvass\" id=\"qrc_cuttenpages_2\" style=\"display:inline-block\" data-text=\"https:\/\/www.altaviadeimontilattari.it\/fr\/\"><\/div><div><a download=\"Maison.png\" class=\"qrcdownloads\" id=\"worign\">\r\n           <button type=\"button\" style=\"min-width:200px;background:#81ea00;color:#000;font-weight: 600;border: 1px solid #dddddd;border-radius:4px;font-size:12px;padding: 6px 0;\" class=\"uqr_code_btn\">Download QR<\/button>\r\n           <\/a><\/div><\/div><\/div><\/div>","protected":false},"excerpt":{"rendered":"<p>Alta Via Dei Monti Lattari Dans les grands espaces de la montagne, dans ses hauts silences, l&rsquo;homme non distrait peut saisir le sens de sa petitesse et la dimension infinie de son \u00e2me. D\u00c9COUVRIR PLUS Chemin Contact avec la nature Paysages sauvages et ruraux, mer d&rsquo;un bleu profond, falaises et criques cach\u00e9es, parcs, faune et&hellip;&nbsp;<a href=\"https:\/\/www.altaviadeimontilattari.it\/fr\/\" rel=\"bookmark\">Read More &raquo;<span class=\"screen-reader-text\">Maison<\/span><\/a><\/p>\n","protected":false},"author":3,"featured_media":0,"parent":0,"menu_order":0,"comment_status":"closed","ping_status":"closed","template":"","meta":{"neve_meta_sidebar":"full-width","neve_meta_container":"","neve_meta_enable_content_width":"on","neve_meta_content_width":100,"neve_meta_title_alignment":"","neve_meta_author_avatar":"","neve_post_elements_order":"","neve_meta_disable_header":"","neve_meta_disable_footer":"","neve_meta_disable_title":"on","neve_meta_reading_time":"","_themeisle_gutenberg_block_has_review":false,"jetpack_post_was_ever_published":false,"footnotes":""},"class_list":["post-6718","page","type-page","status-publish","hentry"],"yoast_head":"<!-- This site is optimized with the Yoast SEO plugin v27.4 - https:\/\/yoast.com\/product\/yoast-seo-wordpress\/ -->\n<title>Maison - Alta Via dei Monti Lattari<\/title>\n<meta name=\"robots\" content=\"index, follow, max-snippet:-1, max-image-preview:large, max-video-preview:-1\" \/>\n<link rel=\"canonical\" href=\"https:\/\/www.altaviadeimontilattari.it\/es\/\" \/>\n<meta property=\"og:locale\" content=\"fr_FR\" \/>\n<meta property=\"og:type\" content=\"article\" \/>\n<meta property=\"og:title\" content=\"Maison - Alta Via dei Monti Lattari\" \/>\n<meta property=\"og:description\" content=\"Alta Via Dei Monti Lattari Dans les grands espaces de la montagne, dans ses hauts silences, l&rsquo;homme non distrait peut saisir le sens de sa petitesse et la dimension infinie de son \u00e2me. D\u00c9COUVRIR PLUS Chemin Contact avec la nature Paysages sauvages et ruraux, mer d&rsquo;un bleu profond, falaises et criques cach\u00e9es, parcs, faune et&hellip;&nbsp;Read More &raquo;Maison\" \/>\n<meta property=\"og:url\" content=\"https:\/\/www.altaviadeimontilattari.it\/es\/\" \/>\n<meta property=\"og:site_name\" content=\"Alta Via dei Monti Lattari\" \/>\n<meta property=\"article:modified_time\" content=\"2022-07-13T01:10:15+00:00\" \/>\n<meta property=\"og:image\" content=\"https:\/\/www.altaviadeimontilattari.it\/wp-content\/uploads\/2020\/12\/alta_via_monti_lattari_sentiero_italia_300_cai.jpg\" \/>\n<meta name=\"twitter:card\" content=\"summary_large_image\" \/>\n<meta name=\"twitter:label1\" content=\"Dur\u00e9e de lecture estim\u00e9e\" \/>\n\t<meta name=\"twitter:data1\" content=\"4 minutes\" \/>\n<script type=\"application\/ld+json\" class=\"yoast-schema-graph\">{\"@context\":\"https:\\\/\\\/schema.org\",\"@graph\":[{\"@type\":\"WebPage\",\"@id\":\"https:\\\/\\\/www.altaviadeimontilattari.it\\\/es\\\/\",\"url\":\"https:\\\/\\\/www.altaviadeimontilattari.it\\\/es\\\/\",\"name\":\"Maison - Alta Via dei Monti Lattari\",\"isPartOf\":{\"@id\":\"https:\\\/\\\/www.altaviadeimontilattari.it\\\/#website\"},\"primaryImageOfPage\":{\"@id\":\"https:\\\/\\\/www.altaviadeimontilattari.it\\\/es\\\/#primaryimage\"},\"image\":{\"@id\":\"https:\\\/\\\/www.altaviadeimontilattari.it\\\/es\\\/#primaryimage\"},\"thumbnailUrl\":\"https:\\\/\\\/www.altaviadeimontilattari.it\\\/wp-content\\\/uploads\\\/2020\\\/12\\\/alta_via_monti_lattari_sentiero_italia_300_cai.jpg\",\"datePublished\":\"2022-07-08T12:47:01+00:00\",\"dateModified\":\"2022-07-13T01:10:15+00:00\",\"breadcrumb\":{\"@id\":\"https:\\\/\\\/www.altaviadeimontilattari.it\\\/es\\\/#breadcrumb\"},\"inLanguage\":\"fr-FR\",\"potentialAction\":[{\"@type\":\"ReadAction\",\"target\":[\"https:\\\/\\\/www.altaviadeimontilattari.it\\\/es\\\/\"]}]},{\"@type\":\"ImageObject\",\"inLanguage\":\"fr-FR\",\"@id\":\"https:\\\/\\\/www.altaviadeimontilattari.it\\\/es\\\/#primaryimage\",\"url\":\"https:\\\/\\\/www.altaviadeimontilattari.it\\\/wp-content\\\/uploads\\\/2020\\\/12\\\/alta_via_monti_lattari_sentiero_italia_300_cai.jpg\",\"contentUrl\":\"https:\\\/\\\/www.altaviadeimontilattari.it\\\/wp-content\\\/uploads\\\/2020\\\/12\\\/alta_via_monti_lattari_sentiero_italia_300_cai.jpg\"},{\"@type\":\"BreadcrumbList\",\"@id\":\"https:\\\/\\\/www.altaviadeimontilattari.it\\\/es\\\/#breadcrumb\",\"itemListElement\":[{\"@type\":\"ListItem\",\"position\":1,\"name\":\"Home\",\"item\":\"https:\\\/\\\/www.altaviadeimontilattari.it\\\/es\\\/\"},{\"@type\":\"ListItem\",\"position\":2,\"name\":\"Maison\"}]},{\"@type\":\"WebSite\",\"@id\":\"https:\\\/\\\/www.altaviadeimontilattari.it\\\/#website\",\"url\":\"https:\\\/\\\/www.altaviadeimontilattari.it\\\/\",\"name\":\"Alta Via dei Monti Lattari\",\"description\":\"La montagna \u00e8 un modo di vivere la vita.\",\"publisher\":{\"@id\":\"https:\\\/\\\/www.altaviadeimontilattari.it\\\/#organization\"},\"potentialAction\":[{\"@type\":\"SearchAction\",\"target\":{\"@type\":\"EntryPoint\",\"urlTemplate\":\"https:\\\/\\\/www.altaviadeimontilattari.it\\\/?s={search_term_string}\"},\"query-input\":{\"@type\":\"PropertyValueSpecification\",\"valueRequired\":true,\"valueName\":\"search_term_string\"}}],\"inLanguage\":\"fr-FR\"},{\"@type\":\"Organization\",\"@id\":\"https:\\\/\\\/www.altaviadeimontilattari.it\\\/#organization\",\"name\":\"Alta Via dei Monti Lattari\",\"url\":\"https:\\\/\\\/www.altaviadeimontilattari.it\\\/\",\"logo\":{\"@type\":\"ImageObject\",\"inLanguage\":\"fr-FR\",\"@id\":\"https:\\\/\\\/www.altaviadeimontilattari.it\\\/#\\\/schema\\\/logo\\\/image\\\/\",\"url\":\"https:\\\/\\\/i0.wp.com\\\/www.altaviadeimontilattari.it\\\/wp-content\\\/uploads\\\/2020\\\/12\\\/alta_via_monyi_lattari_logo.png?fit=325%2C100&ssl=1\",\"contentUrl\":\"https:\\\/\\\/i0.wp.com\\\/www.altaviadeimontilattari.it\\\/wp-content\\\/uploads\\\/2020\\\/12\\\/alta_via_monyi_lattari_logo.png?fit=325%2C100&ssl=1\",\"width\":325,\"height\":100,\"caption\":\"Alta Via dei Monti Lattari\"},\"image\":{\"@id\":\"https:\\\/\\\/www.altaviadeimontilattari.it\\\/#\\\/schema\\\/logo\\\/image\\\/\"}}]}<\/script>\n<!-- \/ Yoast SEO plugin. -->","yoast_head_json":{"title":"Maison - Alta Via dei Monti Lattari","robots":{"index":"index","follow":"follow","max-snippet":"max-snippet:-1","max-image-preview":"max-image-preview:large","max-video-preview":"max-video-preview:-1"},"canonical":"https:\/\/www.altaviadeimontilattari.it\/es\/","og_locale":"fr_FR","og_type":"article","og_title":"Maison - Alta Via dei Monti Lattari","og_description":"Alta Via Dei Monti Lattari Dans les grands espaces de la montagne, dans ses hauts silences, l&rsquo;homme non distrait peut saisir le sens de sa petitesse et la dimension infinie de son \u00e2me. D\u00c9COUVRIR PLUS Chemin Contact avec la nature Paysages sauvages et ruraux, mer d&rsquo;un bleu profond, falaises et criques cach\u00e9es, parcs, faune et&hellip;&nbsp;Read More &raquo;Maison","og_url":"https:\/\/www.altaviadeimontilattari.it\/es\/","og_site_name":"Alta Via dei Monti Lattari","article_modified_time":"2022-07-13T01:10:15+00:00","og_image":[{"url":"https:\/\/www.altaviadeimontilattari.it\/wp-content\/uploads\/2020\/12\/alta_via_monti_lattari_sentiero_italia_300_cai.jpg","type":"","width":"","height":""}],"twitter_card":"summary_large_image","twitter_misc":{"Dur\u00e9e de lecture estim\u00e9e":"4 minutes"},"schema":{"@context":"https:\/\/schema.org","@graph":[{"@type":"WebPage","@id":"https:\/\/www.altaviadeimontilattari.it\/es\/","url":"https:\/\/www.altaviadeimontilattari.it\/es\/","name":"Maison - Alta Via dei Monti Lattari","isPartOf":{"@id":"https:\/\/www.altaviadeimontilattari.it\/#website"},"primaryImageOfPage":{"@id":"https:\/\/www.altaviadeimontilattari.it\/es\/#primaryimage"},"image":{"@id":"https:\/\/www.altaviadeimontilattari.it\/es\/#primaryimage"},"thumbnailUrl":"https:\/\/www.altaviadeimontilattari.it\/wp-content\/uploads\/2020\/12\/alta_via_monti_lattari_sentiero_italia_300_cai.jpg","datePublished":"2022-07-08T12:47:01+00:00","dateModified":"2022-07-13T01:10:15+00:00","breadcrumb":{"@id":"https:\/\/www.altaviadeimontilattari.it\/es\/#breadcrumb"},"inLanguage":"fr-FR","potentialAction":[{"@type":"ReadAction","target":["https:\/\/www.altaviadeimontilattari.it\/es\/"]}]},{"@type":"ImageObject","inLanguage":"fr-FR","@id":"https:\/\/www.altaviadeimontilattari.it\/es\/#primaryimage","url":"https:\/\/www.altaviadeimontilattari.it\/wp-content\/uploads\/2020\/12\/alta_via_monti_lattari_sentiero_italia_300_cai.jpg","contentUrl":"https:\/\/www.altaviadeimontilattari.it\/wp-content\/uploads\/2020\/12\/alta_via_monti_lattari_sentiero_italia_300_cai.jpg"},{"@type":"BreadcrumbList","@id":"https:\/\/www.altaviadeimontilattari.it\/es\/#breadcrumb","itemListElement":[{"@type":"ListItem","position":1,"name":"Home","item":"https:\/\/www.altaviadeimontilattari.it\/es\/"},{"@type":"ListItem","position":2,"name":"Maison"}]},{"@type":"WebSite","@id":"https:\/\/www.altaviadeimontilattari.it\/#website","url":"https:\/\/www.altaviadeimontilattari.it\/","name":"Alta Via dei Monti Lattari","description":"La montagna \u00e8 un modo di vivere la vita.","publisher":{"@id":"https:\/\/www.altaviadeimontilattari.it\/#organization"},"potentialAction":[{"@type":"SearchAction","target":{"@type":"EntryPoint","urlTemplate":"https:\/\/www.altaviadeimontilattari.it\/?s={search_term_string}"},"query-input":{"@type":"PropertyValueSpecification","valueRequired":true,"valueName":"search_term_string"}}],"inLanguage":"fr-FR"},{"@type":"Organization","@id":"https:\/\/www.altaviadeimontilattari.it\/#organization","name":"Alta Via dei Monti Lattari","url":"https:\/\/www.altaviadeimontilattari.it\/","logo":{"@type":"ImageObject","inLanguage":"fr-FR","@id":"https:\/\/www.altaviadeimontilattari.it\/#\/schema\/logo\/image\/","url":"https:\/\/i0.wp.com\/www.altaviadeimontilattari.it\/wp-content\/uploads\/2020\/12\/alta_via_monyi_lattari_logo.png?fit=325%2C100&ssl=1","contentUrl":"https:\/\/i0.wp.com\/www.altaviadeimontilattari.it\/wp-content\/uploads\/2020\/12\/alta_via_monyi_lattari_logo.png?fit=325%2C100&ssl=1","width":325,"height":100,"caption":"Alta Via dei Monti Lattari"},"image":{"@id":"https:\/\/www.altaviadeimontilattari.it\/#\/schema\/logo\/image\/"}}]}},"jetpack-related-posts":[{"id":6123,"url":"https:\/\/www.altaviadeimontilattari.it\/fr\/la-cote-amalfitaine\/","url_meta":{"origin":6718,"position":0},"title":"La c\u00f4te amalfitaine","author":"","date":"19 novembre 2020","format":false,"excerpt":"La c\u00f4te amalfitaine repr\u00e9sente le splendide paysage situ\u00e9 au sud de la chaotique et fascinante Naples. \u00c0 l'appui de cela, les \u00eeles de Capri, Ischia et Procida ont \u00e9t\u00e9 des attractions pour des millions de visiteurs venant non seulement d'Italie. Les villes qui animent les c\u00f4tes de la Campanie sont\u2026","rel":"","context":"Article similaire","block_context":{"text":"Article similaire","link":""},"img":{"alt_text":"","src":"","width":0,"height":0},"classes":[]},{"id":5982,"url":"https:\/\/www.altaviadeimontilattari.it\/fr\/la-cote-amalfitaine-et-la-peninsule-de-sorrente-au-milieu-de-la-poesie-de-lart-et-des-aphorismes\/","url_meta":{"origin":6718,"position":1},"title":"La c\u00f4te amalfitaine et la p\u00e9ninsule de Sorrente au milieu de la po\u00e9sie, de l&rsquo;art et des aphorismes","author":"Luca Casaburi","date":"28 mai 2022","format":false,"excerpt":"La c\u00f4te amalfitaine a toujours \u00e9t\u00e9 une terre de marins et d'inventeurs, mais aussi une source d'inspiration pour les po\u00e8tes, les \u00e9crivains et les grands compositeurs. Je vous propose un voyage \u00e0 travers ces terres, v\u00e9ritables tableaux encadr\u00e9s par un ciel indigo et une mer \u00e9meraude, vus \u00e0 travers les\u2026","rel":"","context":"Article similaire","block_context":{"text":"Article similaire","link":""},"img":{"alt_text":"","src":"","width":0,"height":0},"classes":[]},{"id":7297,"url":"https:\/\/www.altaviadeimontilattari.it\/fr\/le-chemin-de-giustino-fortunato\/","url_meta":{"origin":6718,"position":2},"title":"Le chemin de Giustino Fortunato","author":"Luca Casaburi","date":"25 avril 2024","format":false,"excerpt":"\"... Pourtant, il n'y a peut-\u00eatre aucune r\u00e9gion dans l'ensemble des Apennins... qui ait \u00e0 la fois autant de majest\u00e9 de montagnes et autant de beaut\u00e9 de paysages marins...\" Giustino Fortunato C'est ainsi que Giustino Fortunato, historien, \u00e9conomiste et naturaliste, d\u00e9crit les monts Lattari, qui constituent la charpente de la\u2026","rel":"","context":"Article similaire","block_context":{"text":"Article similaire","link":""},"img":{"alt_text":"","src":"https:\/\/i0.wp.com\/www.altaviadeimontilattari.it\/wp-content\/uploads\/2024\/04\/Giustino-fortunato.jpg?resize=350%2C200&ssl=1","width":350,"height":200},"classes":[]},{"id":6063,"url":"https:\/\/www.altaviadeimontilattari.it\/fr\/alta-via-dei-monti-lattari\/","url_meta":{"origin":6718,"position":3},"title":"Alta Via dei Monti Lattari","author":"","date":"19 novembre 2020","format":false,"excerpt":"Avec la t\u00eate dans les nuages \u200b\u200bet la mer C\u00e9l\u00e8bre dans le monde entier pour sa mer d'un bleu profond, ses falaises et ses villes anciennes, la c\u00f4te amalfitaine cache juste au-dessus de sa c\u00f4te, la beaut\u00e9 naturelle des monts Lattari. Travers\u00e9es par des centaines de sentiers muletiers tr\u00e8s fr\u00e9quent\u00e9s,\u2026","rel":"","context":"Article similaire","block_context":{"text":"Article similaire","link":""},"img":{"alt_text":"","src":"https:\/\/i0.wp.com\/www.altaviadeimontilattari.it\/wp-content\/uploads\/2020\/12\/tour_alta_via_monti_lattari.jpg?resize=350%2C200&ssl=1","width":350,"height":200,"srcset":"https:\/\/i0.wp.com\/www.altaviadeimontilattari.it\/wp-content\/uploads\/2020\/12\/tour_alta_via_monti_lattari.jpg?resize=350%2C200&ssl=1 1x, https:\/\/i0.wp.com\/www.altaviadeimontilattari.it\/wp-content\/uploads\/2020\/12\/tour_alta_via_monti_lattari.jpg?resize=525%2C300&ssl=1 1.5x, https:\/\/i0.wp.com\/www.altaviadeimontilattari.it\/wp-content\/uploads\/2020\/12\/tour_alta_via_monti_lattari.jpg?resize=700%2C400&ssl=1 2x"},"classes":[]},{"id":6057,"url":"https:\/\/www.altaviadeimontilattari.it\/fr\/journal-du-sommet\/","url_meta":{"origin":6718,"position":4},"title":"Journal du sommet","author":"Luca Casaburi","date":"15 janvier 2022","format":false,"excerpt":"Partagez une de vos id\u00e9es pour faire tomber d'autres explorateurs amoureux de la nature. Laissez une pens\u00e9e, une \u00e9motion, une photo, un po\u00e8me ou une phrase en rapport avec les lieux travers\u00e9s par l'Alta Via dei Monti Lattari. Il sera publi\u00e9 dans le Diario delle Vette, un journal en ligne\u2026","rel":"","context":"Article similaire","block_context":{"text":"Article similaire","link":""},"img":{"alt_text":"","src":"","width":0,"height":0},"classes":[]},{"id":5948,"url":"https:\/\/www.altaviadeimontilattari.it\/fr\/a-propos-de-nous\/","url_meta":{"origin":6718,"position":5},"title":"A propos de nous","author":"Luca Casaburi","date":"23 janvier 2020","format":false,"excerpt":"A propos de nous Histoire altaviadeimontilattari.it a \u00e9t\u00e9 cr\u00e9\u00e9 comme un projet visant \u00e0 valoriser et \u00e0 faire conna\u00eetre la zone de Monti Lattari, les c\u00f4tes d'Amalfi et de Sorrento en Campanie et dans le monde entier. Le projet est n\u00e9 en d\u00e9cembre 2020 de la passion pour la nature\u2026","rel":"","context":"Article similaire","block_context":{"text":"Article similaire","link":""},"img":{"alt_text":"punta Campanella - altaviadeimontilattari.it","src":"https:\/\/i0.wp.com\/www.altaviadeimontilattari.it\/wp-content\/uploads\/2021\/02\/punta-campanella-altaviadeimontilattari-scaled.jpg?resize=350%2C200&ssl=1","width":350,"height":200,"srcset":"https:\/\/i0.wp.com\/www.altaviadeimontilattari.it\/wp-content\/uploads\/2021\/02\/punta-campanella-altaviadeimontilattari-scaled.jpg?resize=350%2C200&ssl=1 1x, https:\/\/i0.wp.com\/www.altaviadeimontilattari.it\/wp-content\/uploads\/2021\/02\/punta-campanella-altaviadeimontilattari-scaled.jpg?resize=525%2C300&ssl=1 1.5x, https:\/\/i0.wp.com\/www.altaviadeimontilattari.it\/wp-content\/uploads\/2021\/02\/punta-campanella-altaviadeimontilattari-scaled.jpg?resize=700%2C400&ssl=1 2x, https:\/\/i0.wp.com\/www.altaviadeimontilattari.it\/wp-content\/uploads\/2021\/02\/punta-campanella-altaviadeimontilattari-scaled.jpg?resize=1050%2C600&ssl=1 3x, https:\/\/i0.wp.com\/www.altaviadeimontilattari.it\/wp-content\/uploads\/2021\/02\/punta-campanella-altaviadeimontilattari-scaled.jpg?resize=1400%2C800&ssl=1 4x"},"classes":[]}],"jetpack_shortlink":"https:\/\/wp.me\/PcGNaV-1Km","jetpack_sharing_enabled":true,"_links":{"self":[{"href":"https:\/\/www.altaviadeimontilattari.it\/fr\/wp-json\/wp\/v2\/pages\/6718","targetHints":{"allow":["GET"]}}],"collection":[{"href":"https:\/\/www.altaviadeimontilattari.it\/fr\/wp-json\/wp\/v2\/pages"}],"about":[{"href":"https:\/\/www.altaviadeimontilattari.it\/fr\/wp-json\/wp\/v2\/types\/page"}],"author":[{"embeddable":true,"href":"https:\/\/www.altaviadeimontilattari.it\/fr\/wp-json\/wp\/v2\/users\/3"}],"replies":[{"embeddable":true,"href":"https:\/\/www.altaviadeimontilattari.it\/fr\/wp-json\/wp\/v2\/comments?post=6718"}],"version-history":[{"count":7,"href":"https:\/\/www.altaviadeimontilattari.it\/fr\/wp-json\/wp\/v2\/pages\/6718\/revisions"}],"predecessor-version":[{"id":6759,"href":"https:\/\/www.altaviadeimontilattari.it\/fr\/wp-json\/wp\/v2\/pages\/6718\/revisions\/6759"}],"wp:attachment":[{"href":"https:\/\/www.altaviadeimontilattari.it\/fr\/wp-json\/wp\/v2\/media?parent=6718"}],"curies":[{"name":"wp","href":"https:\/\/api.w.org\/{rel}","templated":true}]}}