{"id":7285,"date":"2024-04-11T06:27:53","date_gmt":"2024-04-11T06:27:53","guid":{"rendered":"https:\/\/www.altaviadeimontilattari.it\/cammina-con-noi-iii-edition-2024\/"},"modified":"2024-04-26T02:35:35","modified_gmt":"2024-04-26T02:35:35","slug":"cammina-con-noi-iii-edition-2024","status":"publish","type":"page","link":"https:\/\/www.altaviadeimontilattari.it\/fr\/cammina-con-noi-iii-edition-2024\/","title":{"rendered":"Cammina con noi &#8211; III \u00e9dition 2024"},"content":{"rendered":"\n<div id=\"wp-block-themeisle-blocks-advanced-columns-3830824e\" class=\"wp-block-themeisle-blocks-advanced-columns has-1-columns has-desktop-equal-layout has-tablet-equal-layout has-mobile-equal-layout has-vertical-unset\"><div class=\"wp-block-themeisle-blocks-advanced-columns-overlay\"><\/div><div class=\"innerblocks-wrap\">\n<div id=\"wp-block-themeisle-blocks-advanced-column-0c9f6ba5\" class=\"wp-block-themeisle-blocks-advanced-column\">\n<div class=\"wp-block-cover is-light\"><span aria-hidden=\"true\" class=\"wp-block-cover__background has-background-dim\"><\/span><img data-recalc-dims=\"1\" fetchpriority=\"high\" decoding=\"async\" width=\"1024\" height=\"768\" class=\"wp-block-cover__image-background wp-image-6901\" alt=\"\" src=\"https:\/\/i0.wp.com\/www.altaviadeimontilattari.it\/wp-content\/uploads\/2023\/04\/tour_alta_via_monti_lattari.jpg?resize=1024%2C768&#038;ssl=1\" style=\"object-position:50% 50%\" data-object-fit=\"cover\" data-object-position=\"50% 50%\" srcset=\"https:\/\/i0.wp.com\/www.altaviadeimontilattari.it\/wp-content\/uploads\/2023\/04\/tour_alta_via_monti_lattari.jpg?w=1024&amp;ssl=1 1024w, https:\/\/i0.wp.com\/www.altaviadeimontilattari.it\/wp-content\/uploads\/2023\/04\/tour_alta_via_monti_lattari.jpg?resize=300%2C225&amp;ssl=1 300w, https:\/\/i0.wp.com\/www.altaviadeimontilattari.it\/wp-content\/uploads\/2023\/04\/tour_alta_via_monti_lattari.jpg?resize=768%2C576&amp;ssl=1 768w\" sizes=\"(max-width: 1024px) 100vw, 1024px\" \/><div class=\"wp-block-cover__inner-container is-layout-flow wp-block-cover-is-layout-flow\">\n<h3 class=\"has-text-align-center\" style=\"color:white;\">Tout le monde peut marcher avec nous.<\/h3>\n\n\n\n<h2 class=\"has-text-align-center\" style=\"color:white;\">Partez avec nous \u00e0 la d\u00e9couverte de l&rsquo;Alta Via dei Monti Lattari!<\/h2>\n<\/div><\/div>\n<\/div>\n<\/div><\/div>\n\n<div id=\"wp-block-themeisle-blocks-advanced-columns-3cc0610e\" class=\"wp-block-themeisle-blocks-advanced-columns has-1-columns has-desktop-equal-layout has-tablet-equal-layout has-mobile-equal-layout has-vertical-unset\"><div class=\"wp-block-themeisle-blocks-advanced-columns-overlay\"><\/div><div class=\"innerblocks-wrap\">\n<div id=\"wp-block-themeisle-blocks-advanced-column-72f76e22\" class=\"wp-block-themeisle-blocks-advanced-column\">\n<section id=\"wp-block-themeisle-blocks-advanced-columns-dab9e0bf\" class=\"wp-block-themeisle-blocks-advanced-columns alignfull has-1-columns has-desktop-equal-layout has-tablet-equal-layout has-mobile-equal-layout has-vertical-flex-start has-light-bg\"><div class=\"wp-block-themeisle-blocks-advanced-columns-overlay\"><\/div><div class=\"innerblocks-wrap\">\n<div id=\"wp-block-themeisle-blocks-advanced-column-9df22226\" class=\"wp-block-themeisle-blocks-advanced-column\">\n<section id=\"wp-block-themeisle-blocks-advanced-columns-25c95699\" class=\"wp-block-themeisle-blocks-advanced-columns has-1-columns has-desktop-equal-layout has-tablet-equal-layout has-mobile-equal-layout has-vertical-flex-start\"><div class=\"wp-block-themeisle-blocks-advanced-columns-overlay\"><\/div><div class=\"innerblocks-wrap\">\n<div id=\"wp-block-themeisle-blocks-advanced-column-d4d9a4f8\" class=\"wp-block-themeisle-blocks-advanced-column\">\n<figure class=\"wp-block-image size-full\"><img data-recalc-dims=\"1\" decoding=\"async\" width=\"846\" height=\"600\" src=\"https:\/\/i0.wp.com\/www.altaviadeimontilattari.it\/wp-content\/uploads\/2024\/04\/iii-edizione.jpg?resize=846%2C600&#038;ssl=1\" alt=\"\" class=\"wp-image-7229\" srcset=\"https:\/\/i0.wp.com\/www.altaviadeimontilattari.it\/wp-content\/uploads\/2024\/04\/iii-edizione.jpg?w=846&amp;ssl=1 846w, https:\/\/i0.wp.com\/www.altaviadeimontilattari.it\/wp-content\/uploads\/2024\/04\/iii-edizione.jpg?resize=300%2C213&amp;ssl=1 300w, https:\/\/i0.wp.com\/www.altaviadeimontilattari.it\/wp-content\/uploads\/2024\/04\/iii-edizione.jpg?resize=768%2C545&amp;ssl=1 768w\" sizes=\"(max-width: 846px) 100vw, 846px\" \/><\/figure>\n\n\n\n<hr class=\"wp-block-separator has-text-color has-black-color has-css-opacity has-black-background-color has-background\"\/>\n\n\n\n<p class=\"has-text-align-center\"><strong>Nous parcourons l&rsquo;Alta Via dei Monti Lattari dans son int\u00e9gralit\u00e9 pendant trois jours<\/strong>, en suivant tout le sentier <strong>300CAI<\/strong>. Il part de la municipalit\u00e9 de Cava de&rsquo; Tirreni et atteint Punta Campanella, le point le plus \u00e9loign\u00e9 de la p\u00e9ninsule de Sorrento dans la municipalit\u00e9 de Massa Lubrense, en passant par Vietri sul Mare, Cetara, Maiori, Tramonti, Ravello, Scala, Agerola, Positano, Vico Equense, Piano di Sorrento et Sorrento.<\/p>\n\n\n\n<p class=\"has-text-align-center\"><strong>Nous vous invitons \u00e0 ce nouveau rendez-vous pour d\u00e9couvrir ensemble ces lieux d&rsquo;une beaut\u00e9 immense, nous pr\u00e9parer \u00e0 affronter cette aventure et explorer ce territoire.<\/strong> L&rsquo;objectif de cette nouvelle \u00e9dition est de sensibiliser \u00e0 la montagne et de cr\u00e9er un r\u00e9seau sur notre territoire. <\/p>\n\n\n\n<p class=\"has-text-align-center\"><strong>Tout le monde peut se joindre \u00e0 nous et marcher librement avec nous le long du sentier, en parcourant ensemble l&rsquo;ensemble du parcours ou une seule \u00e9tape pour partager des exp\u00e9riences et des passions.<\/strong> <\/p>\n\n\n\n<p class=\"has-text-align-center\">Pendant le parcours,<strong>vous toucherez de nombreux points d&rsquo;int\u00e9r\u00eat d&rsquo;une grande valeur historique et culturelle,<\/strong> riches en traditions et en art. Tout est accompagn\u00e9 par les vues extraordinairement belles de la <strong>Divine C\u00f4te Amalfitaine et de la P\u00e9ninsule de Sorrente<\/strong>, un paradis de vraie splendeur riche en mythes et l\u00e9gendes, \u00e9galement racont\u00e9s par les grands po\u00e8tes, \u00e9crivains et artistes de chaque \u00e9poque.<\/p>\n\n\n\n<p class=\"has-text-align-center\"><strong>Si vous souhaitez participer, veuillez nous contacter en indiquant combien vous \u00eates et si vous souhaitez faire toute la randonn\u00e9e<\/strong> ensemble ou seulement certaines \u00e9tapes, cela nous permettra de nous organiser au point de d\u00e9part et de commencer les \u00e9tapes ensemble.<\/p>\n\n\n\n<p class=\"has-text-align-center\">A partir de cette ann\u00e9e, pour ceux qui d\u00e9cident de parcourir l&rsquo;ensemble du chemin avec nous et d&rsquo;\u00eatre guid\u00e9s par nous plut\u00f4t que de mani\u00e8re autonome, il est obligatoire de s&rsquo;inscrire \u00e0 l&rsquo;\u00e9v\u00e9nement en remplissant <a href=\"https:\/\/forms.gle\/sRb5owK3uWK9kZDh6\" target=\"_blank\" rel=\"noreferrer noopener\">le questionnaire suivant<\/a>, de pr\u00e9senter un certificat m\u00e9dical sportif et d&rsquo;\u00eatre assur\u00e9 pour les activit\u00e9s sportives de randonn\u00e9e. <strong>La s\u00e9curit\u00e9 avant tout!<\/strong><\/p>\n\n\n\n<p class=\"has-text-align-center\">Pour plus de d\u00e9tails sur l&rsquo;\u00e9v\u00e9nement ou l&rsquo;organisation <a href=\"https:\/\/www.altaviadeimontilattari.it\/fr\/nous-contacter\/\"><strong>contactez-nous<\/strong><\/a>.<br\/>Email: <a href=\"mailto:luca.casaburi@ricercattiva.it\">luca.casaburi@ricercattiva.it<\/a> &#8211; Whastapp: <a href=\"https:\/\/wa.me\/393460639351\">+393460639351<\/a><\/p>\n<\/div>\n<\/div><\/section>\n\n\n\n<h2 class=\"wp-block-heading has-text-align-center\">Programme de Trekking du 31 Mai au 2 Juin<\/h2>\n\n\n\n<h2 class=\"wp-block-heading has-text-align-center\">Cammina con Noi <\/h2>\n\n\n\n<hr class=\"wp-block-separator has-text-color has-neve-link-color-color has-css-opacity has-neve-link-color-background-color has-background\"\/>\n\n\n\n<section id=\"wp-block-themeisle-blocks-advanced-columns-2ac7a10f\" class=\"wp-block-themeisle-blocks-advanced-columns alignfull has-3-columns has-desktop-equal-layout has-tablet-equal-layout has-mobile-collapsedRows-layout has-vertical-flex-start\"><div class=\"wp-block-themeisle-blocks-advanced-columns-overlay\"><\/div><div class=\"innerblocks-wrap\">\n<div id=\"wp-block-themeisle-blocks-advanced-column-e2c940a5\" class=\"wp-block-themeisle-blocks-advanced-column\">\n<figure class=\"wp-block-image size-large\"><img data-recalc-dims=\"1\" decoding=\"async\" width=\"1024\" height=\"1025\" src=\"https:\/\/i0.wp.com\/www.altaviadeimontilattari.it\/wp-content\/uploads\/2022\/05\/monte_finestra_sud-edited.jpg?resize=1024%2C1025&#038;ssl=1\" alt=\"\" class=\"wp-image-4316\" srcset=\"https:\/\/i0.wp.com\/www.altaviadeimontilattari.it\/wp-content\/uploads\/2022\/05\/monte_finestra_sud-edited.jpg?w=1024&amp;ssl=1 1024w, https:\/\/i0.wp.com\/www.altaviadeimontilattari.it\/wp-content\/uploads\/2022\/05\/monte_finestra_sud-edited.jpg?resize=300%2C300&amp;ssl=1 300w, https:\/\/i0.wp.com\/www.altaviadeimontilattari.it\/wp-content\/uploads\/2022\/05\/monte_finestra_sud-edited.jpg?resize=150%2C150&amp;ssl=1 150w, https:\/\/i0.wp.com\/www.altaviadeimontilattari.it\/wp-content\/uploads\/2022\/05\/monte_finestra_sud-edited.jpg?resize=768%2C769&amp;ssl=1 768w\" sizes=\"(max-width: 1024px) 100vw, 1024px\" \/><figcaption class=\"wp-element-caption\">Sommet Sud du Monte Finestra<\/figcaption><\/figure>\n\n\n\n<h3 class=\"wp-block-heading has-text-align-left\">\u00c9tape 1 &#8211; 31 Mai 2024<\/h3>\n\n\n\n<p class=\"has-text-align-left\"><strong>D\u00e9part<\/strong>: Abbaye b\u00e9n\u00e9dictine de Cava De&rsquo; Tirreni<br\/><strong>Destination<\/strong>: Col de Chiunzi<br\/><strong>Distance<\/strong>: 23km<br\/><strong>Heure de d\u00e9part<\/strong>: 7h30.<\/p>\n<\/div>\n\n\n\n<div id=\"wp-block-themeisle-blocks-advanced-column-f4f1b419\" class=\"wp-block-themeisle-blocks-advanced-column\">\n<figure class=\"wp-block-image size-full\"><img data-recalc-dims=\"1\" loading=\"lazy\" decoding=\"async\" width=\"767\" height=\"768\" src=\"https:\/\/i0.wp.com\/www.altaviadeimontilattari.it\/wp-content\/uploads\/2022\/05\/monte_molare_panorama-edited.jpg?resize=767%2C768&#038;ssl=1\" alt=\"Croix de la Conocchia\" class=\"wp-image-4317\" srcset=\"https:\/\/i0.wp.com\/www.altaviadeimontilattari.it\/wp-content\/uploads\/2022\/05\/monte_molare_panorama-edited.jpg?w=767&amp;ssl=1 767w, https:\/\/i0.wp.com\/www.altaviadeimontilattari.it\/wp-content\/uploads\/2022\/05\/monte_molare_panorama-edited.jpg?resize=300%2C300&amp;ssl=1 300w, https:\/\/i0.wp.com\/www.altaviadeimontilattari.it\/wp-content\/uploads\/2022\/05\/monte_molare_panorama-edited.jpg?resize=150%2C150&amp;ssl=1 150w\" sizes=\"(max-width: 767px) 100vw, 767px\" \/><figcaption class=\"wp-element-caption\">Croix de la Conocchia<\/figcaption><\/figure>\n\n\n\n<h3 class=\"wp-block-heading has-text-align-left\">\u00c9tape 2 &#8211; 1er Juin 2024<\/h3>\n\n\n\n<p class=\"has-text-align-left\"><strong>D\u00e9part :<\/strong> Col de Chiunzi<br\/><strong>Destination :<\/strong> Santa Maria del Castello<br\/><strong>Distance :<\/strong> 25km<br\/><strong>Heure de d\u00e9part :<\/strong> 6h00.<\/p>\n<\/div>\n\n\n\n<div id=\"wp-block-themeisle-blocks-advanced-column-f115b84a\" class=\"wp-block-themeisle-blocks-advanced-column\">\n<figure class=\"wp-block-image size-full\"><img data-recalc-dims=\"1\" loading=\"lazy\" decoding=\"async\" width=\"767\" height=\"768\" src=\"https:\/\/i0.wp.com\/www.altaviadeimontilattari.it\/wp-content\/uploads\/2022\/05\/penisola_sorrentina_punta_campanella-edited.jpg?resize=767%2C768&#038;ssl=1\" alt=\"\" class=\"wp-image-4318\" srcset=\"https:\/\/i0.wp.com\/www.altaviadeimontilattari.it\/wp-content\/uploads\/2022\/05\/penisola_sorrentina_punta_campanella-edited.jpg?w=767&amp;ssl=1 767w, https:\/\/i0.wp.com\/www.altaviadeimontilattari.it\/wp-content\/uploads\/2022\/05\/penisola_sorrentina_punta_campanella-edited.jpg?resize=300%2C300&amp;ssl=1 300w, https:\/\/i0.wp.com\/www.altaviadeimontilattari.it\/wp-content\/uploads\/2022\/05\/penisola_sorrentina_punta_campanella-edited.jpg?resize=150%2C150&amp;ssl=1 150w\" sizes=\"(max-width: 767px) 100vw, 767px\" \/><figcaption class=\"wp-element-caption\">Punta Campanella et Capri<\/figcaption><\/figure>\n\n\n\n<h3 class=\"wp-block-heading has-text-align-left\">\u00c9tape 3 &#8211; 2 Juin 2024<\/h3>\n\n\n\n<p class=\"has-text-align-left\"><strong>D\u00e9part : <\/strong>Santa Maria al Castello<br\/><strong>Destination :<\/strong> Punta Campanella<br\/><strong>Distance :<\/strong> 24km<br\/><strong>Heure de d\u00e9part :<\/strong> 7h30.<\/p>\n<\/div>\n<\/div><\/section>\n<\/div>\n<\/div><\/section>\n<\/div>\n<\/div><\/div>\n\n<div class=\"wp-block-columns is-layout-flex wp-container-core-columns-is-layout-9d6595d7 wp-block-columns-is-layout-flex\">\n<div class=\"wp-block-column is-vertically-aligned-center is-layout-flow wp-block-column-is-layout-flow\" style=\"flex-basis:66.66%\">\n<h3 class=\"wp-block-heading alignwide has-text-align-center\">Cammina con noi &#8211; Alta Via dei Monti Lattari \/ II \u00e9dition 2023<\/h3>\n<\/div>\n\n\n\n<div class=\"wp-block-column is-layout-flow wp-block-column-is-layout-flow\" style=\"flex-basis:33.33%\">\n<div class=\"wp-block-buttons alignwide is-layout-flex wp-block-buttons-is-layout-flex\">\n<div class=\"wp-block-button is-style-secondary aligncenter\"><a class=\"wp-block-button__link has-vivid-cyan-blue-to-vivid-purple-gradient-background has-background wp-element-button\" href=\"https:\/\/www.altaviadeimontilattari.it\/cammina-con-noi-ii-edizione-2023\/\">D\u00e9couvrez la IIe \u00c9dition 2023<\/a><\/div>\n<\/div>\n<\/div>\n<\/div>\n\n<div class=\"wp-block-columns is-layout-flex wp-container-core-columns-is-layout-9d6595d7 wp-block-columns-is-layout-flex\">\n<div class=\"wp-block-column is-vertically-aligned-center is-layout-flow wp-block-column-is-layout-flow\" style=\"flex-basis:66.66%\">\n<h3 class=\"wp-block-heading alignwide has-text-align-center\">Construisez avec nous le nuage d&rsquo;\u00e9motions de cette exp\u00e9rience.<\/h3>\n<\/div>\n\n\n\n<div class=\"wp-block-column is-layout-flow wp-block-column-is-layout-flow\" style=\"flex-basis:33.33%\">\n<div class=\"wp-block-buttons alignwide is-layout-flex wp-block-buttons-is-layout-flex\">\n<div class=\"wp-block-button is-style-secondary aligncenter\"><a class=\"wp-block-button__link has-vivid-cyan-blue-to-vivid-purple-gradient-background has-background wp-element-button\" href=\"https:\/\/www.altaviadeimontilattari.it\/fr\/les-emotions-etape-par-etape\/\">Les \u00e9motions, \u00e9tape par \u00e9tape<\/a><\/div>\n<\/div>\n<\/div>\n<\/div>\n\n<div id=\"wp-block-themeisle-blocks-accordion-999b292b\" class=\"wp-block-themeisle-blocks-accordion exclusive\">\n<details class=\"wp-block-themeisle-blocks-accordion-item\"><summary class=\"wp-block-themeisle-blocks-accordion-item__title\"><div>Cosa portare nello zaino?<\/div><\/summary><div class=\"wp-block-themeisle-blocks-accordion-item__content\">\n<p>A ce <strong><a href=\"https:\/\/www.altaviadeimontilattari.it\/fr\/ce-quil-faut-apporter-avec-soi-materiel-recommande\/\">lien<\/a><\/strong>vous trouverez une liste d&rsquo;\u00e9quipements techniques recommand\u00e9s.<\/p>\n\n\n\n<p>Chaque participant est enti\u00e8rement responsable du choix de son \u00e9quipement, \u00e9tant entendu que certains accessoires restent indispensables.<\/p>\n<\/div><\/details>\n<\/div>\n\n<div id=\"wp-block-themeisle-blocks-accordion-d81f382e\" class=\"wp-block-themeisle-blocks-accordion exclusive\">\n<details class=\"wp-block-themeisle-blocks-accordion-item\"><summary class=\"wp-block-themeisle-blocks-accordion-item__title\"><div>Dove dormire e come organizzarsi?<\/div><\/summary><div class=\"wp-block-themeisle-blocks-accordion-item__content\">\n<p>Chaque participant doit organiser son propre h\u00e9bergement en contactant personnellement les \u00e9tablissements d&rsquo;h\u00e9bergement. <\/p>\n\n\n\n<p>Si vous d\u00e9cidez de participer \u00e0 une tente, vous pouvez nous contacter pour obtenir des informations sur l&rsquo;endroit o\u00f9 camper \u00e0 la fin de l&rsquo;\u00e9tape.<\/p>\n\n\n\n<ul class=\"wp-block-list\">\n<li>Le <strong>point de rencontre de la premi\u00e8re \u00e9tape du parcours est l&rsquo;abbaye b\u00e9n\u00e9dictine de Cava de&rsquo; Tirreni<\/strong>. On ne peut s&rsquo;y rendre qu&rsquo;en voiture depuis le centre de Cava de&rsquo; Tirreni le 2 juin, car les bus des jours f\u00e9ri\u00e9s partent trop tard. Sinon, il est possible de passer la nuit dans le hameau de Corpo di Cava dans l&rsquo;un des nombreux B&amp;B disponibles.<br\/>Si vous s\u00e9journez dans le centre de Cava, vous pouvez loger dans l&rsquo;\u00e9tablissement de votre choix.<\/li>\n<\/ul>\n\n\n\n<ul class=\"wp-block-list\">\n<li>A la <strong>fin de la premi\u00e8re \u00e9tape, nous vous conseillons de s\u00e9journer<\/strong> <strong>\u00e0 <em>\u00ab\u00a0Al valico\u00a0\u00bb<\/em><\/strong> <strong> \u00e0 Valico di Chiunzi, Tramonti <\/strong>, o\u00f9 nous nous reposerons \u00e9galement.<br\/>Contact :<br\/>Site web <a href=\"http:\/\/www.alvalico.it\/site\/\" target=\"_blank\" rel=\"noreferrer noopener\">: http:\/\/www.alvalico.it\/site\/<\/a><br\/>FB <a href=\"https:\/\/www.facebook.com\/alvalicorelax\" target=\"_blank\" rel=\"noreferrer noopener\">: https:\/\/www.facebook.com\/alvalicorelax<\/a><\/li>\n\n\n\n<li>\u00c0 la <strong>fin de la deuxi\u00e8me \u00e9tape, nous vous recommandons de s\u00e9journer \u00e0 <em>\u00ab\u00a0La Sorgente del Melo\u00a0\u00bb<\/em><\/strong> \u00e0 Santa Maria del Castello. Ici, nous nous arr\u00eaterons \u00e9galement pour d\u00eener et passer la nuit.<br\/>Contact :<br\/>Site web <a href=\"http:\/\/www.lasorgentedelmelo.it\/it\/\" target=\"_blank\" rel=\"noreferrer noopener\">: http:\/\/www.lasorgentedelmelo.it\/it\/<\/a><br\/>FB <a href=\"https:\/\/www.facebook.com\/Agriturismo-La-Sorgente-del-Melo-220677194617140\/\" target=\"_blank\" rel=\"noreferrer noopener\">: https:\/\/www.facebook.com\/Agriturismo-La-Sorgente-del-Melo-220677194617140\/<\/a><br\/>T\u00e9l : +39 081-8023701<\/li>\n\n\n\n<li><strong>L&rsquo;heure de fin de la troisi\u00e8me \u00e9tape \u00e0 Termini est en fin d&rsquo;apr\u00e8s-midi\/soir\u00e9e.<\/strong> Si vous n&rsquo;avez pas de voiture, vous devez organiser votre retour en transports publics le soir ou le lendemain, dimanche 5 juin. Voici les horaires du bus 5071 pour le tron\u00e7on Termini &#8211; Sorrente (<a href=\"https:\/\/www.sitasudtrasporti.it\/archivio\/Download\/corse\/sitasud\/Campania\/Salerno\/170ba1ad-99d0-4f3f-a360-e09f36200a54_5070_11_04_2022.pdf\/0\" target=\"_blank\" rel=\"noreferrer noopener\">Horaires de la ligne 5071<\/a>), Ensuite, depuis Sorrente, vous pouvez rejoindre votre destination depuis la gare ferroviaire.<br\/>Si vous d\u00e9cidez de passer la nuit, vous pouvez loger dans n&rsquo;importe quel \u00e9tablissement de Termini que vous pr\u00e9f\u00e9rez.<br\/>Horaires de la ligne 5071: https:\/\/www.sitasudtrasporti.it\/archivio\/Download\/corse\/sitasud\/Campania\/Salerno\/170ba1ad-99d0-4f3f-a360-e09f36200a54_5070_11_04_2022.pdf\/0<\/li>\n<\/ul>\n\n\n\n<h4 class=\"wp-block-heading\">Lorsque vous contactez les \u00e9tablissements recommand\u00e9s, mentionnez que vous participez \u00e0 l&rsquo;\u00e9v\u00e9nement <em>\u00ab\u00a0Walk with us <\/em>\u00a0\u00bb d&rsquo;altaviadeimontilattari.it.<\/h4>\n<\/div><\/details>\n<\/div>\n\n<div id=\"wp-block-themeisle-blocks-accordion-d693441e\" class=\"wp-block-themeisle-blocks-accordion exclusive\">\n<details class=\"wp-block-themeisle-blocks-accordion-item\"><summary class=\"wp-block-themeisle-blocks-accordion-item__title\"><div>Preparazione al viaggio<\/div><\/summary><div class=\"wp-block-themeisle-blocks-accordion-item__content\">\n<p>La participation au voyage implique d&rsquo;<strong>assumer l&rsquo;enti\u00e8re responsabilit\u00e9 personnelle<\/strong> et requiert une autonomie compl\u00e8te !<\/p>\n\n\n\n<p>Organisez votre promenade de la meilleure fa\u00e7on possible :<\/p>\n\n\n\n<ul class=\"wp-block-list\">\n<li>consulter les cartes des lieux que nous allons traverser, pour arriver pr\u00e9par\u00e9s ;<\/li>\n\n\n\n<li>demander \u00e0 la section CAI concern\u00e9e la difficult\u00e9 de l&rsquo;itin\u00e9raire, afin d&rsquo;\u00e9valuer votre aptitude \u00e0 l&rsquo;effectuer ;<\/li>\n\n\n\n<li>inform\u00e9s sur la m\u00e9t\u00e9o ;<\/li>\n\n\n\n<li>portez votre sac \u00e0 dos comme seul bagage et emportez tout l&rsquo;\u00e9quipement n\u00e9cessaire ;<\/li>\n\n\n\n<li>r\u00e9servez votre propre lit dans les cabanes\/h\u00f4tels\/B&amp;Bs des \u00e9tapes ;<\/li>\n\n\n\n<li>planifiez vos d\u00e9placements de mani\u00e8re \u00e0 pouvoir vous d\u00e9placer de mani\u00e8re autonome vers\/depuis les lieux de la sc\u00e8ne.<\/li>\n<\/ul>\n\n\n\n<p><strong>Rappelez-vous !<\/strong> Les sentiers de montagne (qui ne sont pas des chemins de p\u00e8lerinage) exigent une pr\u00e9paration physique et une exp\u00e9rience ad\u00e9quates.<\/p>\n\n\n\n<p>La participation est fortement d\u00e9conseill\u00e9e aux personnes souffrant de vertiges et de probl\u00e8mes cardiaques et\/ou respiratoires.<\/p>\n<\/div><\/details>\n<\/div>\n\n<div id=\"wp-block-themeisle-blocks-accordion-735f167c\" class=\"wp-block-themeisle-blocks-accordion exclusive\">\n<details class=\"wp-block-themeisle-blocks-accordion-item\"><summary class=\"wp-block-themeisle-blocks-accordion-item__title\"><div>Termini di partecipazione<\/div><\/summary><div class=\"wp-block-themeisle-blocks-accordion-item__content\">\n<p>La participation aux \u00e9v\u00e9nements de <em><strong>altaviadeimontilattari.it<\/strong><\/em> est <strong>enti\u00e8rement volontaire.<\/strong>.<\/p>\n\n\n\n<p>Pr\u00e9cisons que nous ne fonctionnons PAS comme un tour op\u00e9rateur, mais nous nous engageons en tant que projet \u00e0 but non lucratif dirig\u00e9 par de jeunes b\u00e9n\u00e9voles.<\/p>\n\n\n\n<p>La participation aux \u00e9v\u00e9nements implique l&rsquo;acceptation de la pleine responsabilit\u00e9 individuelle et n\u00e9cessite une autonomie totale. Les mineurs doivent \u00eatre accompagn\u00e9s et restent sous la pleine responsabilit\u00e9 de leurs parents ou d&rsquo;un tuteur.<\/p>\n\n\n\n<p><\/p>\n\n\n\n<p><strong>L&rsquo;\u00e9quipe de <em>altaviadeimontilattari.it<\/em> n&rsquo;est pas responsable de l&rsquo;organisation du voyage et des \u00e9ventuels<\/strong> <strong>accidents des participants.<\/strong><\/p>\n\n\n\n<p><\/p>\n\n\n\n<p>Le participant, donc, ACCEPTERA DE:<\/p>\n\n\n\n<ul class=\"has-small-font-size wp-block-list\">\n<li>\u00eatre conscient que <em>altaviadeimontilattari.it<\/em> ne fournit aucun service ou prestation de quelque nature que ce soit \u00e0 ceux qui choisissent de participer \u00e0 la marche avec l&rsquo;\u00e9quipe <em>altaviadeimontilattari.it<\/em>;<\/li>\n\n\n\n<li>d&rsquo;attester \u00eatre en condition physique et psychophysique ad\u00e9quate pour l&rsquo;activit\u00e9 sportive non comp\u00e9titive, ainsi que d&rsquo;avoir pris connaissance du niveau de difficult\u00e9 des sentiers sur lesquels il marchera avec l&rsquo;\u00e9quipe <em>altaviadeimontilattari.it<\/em>;<\/li>\n\n\n\n<li>d&rsquo;\u00eatre conscient des \u00e9ventuels risques li\u00e9s \u00e0 la pratique de l&rsquo;activit\u00e9 sportive non comp\u00e9titive lors de la participation \u00e0 l&rsquo;\u00e9v\u00e9nement de <em>altaviadeimontilattari.it<\/em>, bien que cette activit\u00e9 ne puisse pas \u00eatre consid\u00e9r\u00e9e comme intrins\u00e8quement dangereuse;<\/li>\n\n\n\n<li>d&rsquo;assumer toute responsabilit\u00e9 concernant sa propre personne, pour les dommages personnels et\/ou caus\u00e9s \u00e0 autrui (et\/ou aux biens) en raison de son propre comportement non conforme aux normes l\u00e9gales et\/ou de diligence et\/ou aux normes courantes de prudence et de bon sens;<\/li>\n\n\n\n<li>exon\u00e9rer le personnel de altaviadeimontilattari.it, leurs collaborateurs et employ\u00e9s, de toute responsabilit\u00e9 pour les dommages d\u00e9coulant de la participation aux \u00e9v\u00e9nements, \u00e9tendant cette exon\u00e9ration \u00e9galement aux h\u00e9ritiers et aux parties affili\u00e9es;<\/li>\n\n\n\n<li>avoir lu attentivement et compris le contenu du pr\u00e9sent document avant de l&rsquo;accepter;<\/li>\n\n\n\n<li>qu&rsquo;il comprend et accepte pleinement les objectifs des r\u00e8gles de prudence \u00e9tablies pour sa s\u00e9curit\u00e9 et que leur non-respect peut le placer, lui et ses compagnons, dans une situation dangereuse.<\/li>\n<\/ul>\n\n\n\n<p>Toute personne souhaitant participer de mani\u00e8re autonome peut le faire librement. Cependant, pour participer \u00e0 l&rsquo;\u00e9v\u00e9nement <strong>Cammina con noi &#8211; Alta Via dei Monti Lattari &#8211; III Edizione 2024<\/strong> organis\u00e9 par <strong><em>altaviadeimontilattari.it<\/em><\/strong> et parcourir l&rsquo;ensemble du parcours avec le personnel, <span style=\"text-decoration: underline;\">il est n\u00e9cessaire de soumettre <a href=\"https:\/\/forms.gle\/KYmidzpHvHwJkC3v7\"><strong>la demande d&rsquo;inscription \u00e0 l&rsquo;\u00e9v\u00e9nement<\/strong><\/a>, fde fournir un certificat m\u00e9dical sportif et de disposer d&rsquo;une assurance contre les accidents de randonn\u00e9e.<\/span>. Les membres <em><strong>affili\u00e9s \u00e0 la FIE<\/strong><\/em> b\u00e9n\u00e9ficient de l&rsquo;inclusion de l&rsquo;assurance, tandis que pour ceux qui ne le sont pas, il est possible de demander une assurance quotidienne via l&rsquo;association <strong><em>Trekking Cava<\/em><\/strong> au co\u00fbt de 30\u20ac pour les 3 jours d&rsquo;activit\u00e9 de randonn\u00e9e.<\/p>\n<\/div><\/details>\n<\/div>\n\n<div class=\"wp-block-columns is-layout-flex wp-container-core-columns-is-layout-9d6595d7 wp-block-columns-is-layout-flex\">\n<div class=\"wp-block-column is-layout-flow wp-block-column-is-layout-flow\"><div class=\"wp-block-image\">\n<figure class=\"aligncenter size-full is-resized\"><img data-recalc-dims=\"1\" loading=\"lazy\" decoding=\"async\" width=\"512\" height=\"512\" src=\"https:\/\/i0.wp.com\/www.altaviadeimontilattari.it\/wp-content\/uploads\/2022\/05\/maps-icon-png-25-1.png?resize=512%2C512&#038;ssl=1\" alt=\"\" class=\"wp-image-4347\" style=\"width:157px;height:157px\" srcset=\"https:\/\/i0.wp.com\/www.altaviadeimontilattari.it\/wp-content\/uploads\/2022\/05\/maps-icon-png-25-1.png?w=512&amp;ssl=1 512w, https:\/\/i0.wp.com\/www.altaviadeimontilattari.it\/wp-content\/uploads\/2022\/05\/maps-icon-png-25-1.png?resize=300%2C300&amp;ssl=1 300w, https:\/\/i0.wp.com\/www.altaviadeimontilattari.it\/wp-content\/uploads\/2022\/05\/maps-icon-png-25-1.png?resize=150%2C150&amp;ssl=1 150w\" sizes=\"(max-width: 512px) 100vw, 512px\" \/><\/figure>\n<\/div>\n\n\n<p class=\"has-text-align-center\">Pr\u00e9parez-vous et t\u00e9l\u00e9chargez le trac\u00e9 de l&rsquo;itin\u00e9raire au format GPX<\/p>\n\n\n\n<div class=\"wp-block-buttons is-content-justification-center is-layout-flex wp-container-core-buttons-is-layout-16018d1d wp-block-buttons-is-layout-flex\">\n<div class=\"wp-block-button is-style-primary\"><a class=\"wp-block-button__link wp-element-button\" href=\"https:\/\/www.altaviadeimontilattari.it\/fr\/le-chemin-300-cai\/\">Carte routi\u00e8re<\/a><\/div>\n<\/div>\n<\/div>\n\n\n\n<div class=\"wp-block-column is-layout-flow wp-block-column-is-layout-flow\"><div class=\"wp-block-image\">\n<figure class=\"aligncenter size-full is-resized\"><img data-recalc-dims=\"1\" loading=\"lazy\" decoding=\"async\" width=\"180\" height=\"180\" src=\"https:\/\/i0.wp.com\/www.altaviadeimontilattari.it\/wp-content\/uploads\/2022\/05\/IMG-20220127-WA0017_preview_rev_1.png?resize=180%2C180&#038;ssl=1\" alt=\"\" class=\"wp-image-4349\" style=\"width:157px;height:157px\" srcset=\"https:\/\/i0.wp.com\/www.altaviadeimontilattari.it\/wp-content\/uploads\/2022\/05\/IMG-20220127-WA0017_preview_rev_1.png?w=180&amp;ssl=1 180w, https:\/\/i0.wp.com\/www.altaviadeimontilattari.it\/wp-content\/uploads\/2022\/05\/IMG-20220127-WA0017_preview_rev_1.png?resize=150%2C150&amp;ssl=1 150w\" sizes=\"(max-width: 180px) 100vw, 180px\" \/><\/figure>\n<\/div>\n\n\n<p class=\"has-text-align-center\">D\u00e9couvrez avec nous les \u00e9tapes que nous allons franchir<\/p>\n\n\n\n<div class=\"wp-block-buttons is-content-justification-center is-layout-flex wp-container-core-buttons-is-layout-16018d1d wp-block-buttons-is-layout-flex\">\n<div class=\"wp-block-button is-style-primary\"><a class=\"wp-block-button__link wp-element-button\" href=\"https:\/\/www.altaviadeimontilattari.it\/fr\/tour-dellalta-via-dei-monti-lattari\/\">POINTS D&rsquo;INT\u00c9R\u00caT<\/a><\/div>\n<\/div>\n<\/div>\n\n\n\n<div class=\"wp-block-column is-layout-flow wp-block-column-is-layout-flow\"><div class=\"wp-block-image\">\n<figure class=\"aligncenter size-full is-resized\"><img data-recalc-dims=\"1\" loading=\"lazy\" decoding=\"async\" width=\"709\" height=\"615\" src=\"https:\/\/i0.wp.com\/www.altaviadeimontilattari.it\/wp-content\/uploads\/2022\/05\/Pagina_Contatti.png?resize=709%2C615&#038;ssl=1\" alt=\"\" class=\"wp-image-4351\" style=\"width:180px;height:156px\" srcset=\"https:\/\/i0.wp.com\/www.altaviadeimontilattari.it\/wp-content\/uploads\/2022\/05\/Pagina_Contatti.png?w=709&amp;ssl=1 709w, https:\/\/i0.wp.com\/www.altaviadeimontilattari.it\/wp-content\/uploads\/2022\/05\/Pagina_Contatti.png?resize=300%2C260&amp;ssl=1 300w\" sizes=\"(max-width: 709px) 100vw, 709px\" \/><\/figure>\n<\/div>\n\n\n<p class=\"has-text-align-center\">Contactez-nous pour obtenir des informations sur le programme et l&rsquo;organisation<\/p>\n\n\n\n<div class=\"wp-block-buttons is-content-justification-center is-layout-flex wp-container-core-buttons-is-layout-16018d1d wp-block-buttons-is-layout-flex\">\n<div class=\"wp-block-button is-style-primary\"><a class=\"wp-block-button__link wp-element-button\" href=\"https:\/\/www.altaviadeimontilattari.it\/fr\/nous-contacter\/\">CONTACTEZ-NOUS POUR PLUS D&rsquo;INFORMATIONS<\/a><\/div>\n<\/div>\n<\/div>\n<\/div>\n\n<hr class=\"wp-block-separator has-css-opacity\"\/>\n\n<div class=\"wp-block-columns ticss-05ef9120 is-layout-flex wp-container-core-columns-is-layout-9d6595d7 wp-block-columns-is-layout-flex\">\n<div class=\"wp-block-column is-layout-flow wp-block-column-is-layout-flow\" style=\"flex-basis:33.33%\"><div class=\"wp-block-image\">\n<figure class=\"aligncenter size-full\"><img data-recalc-dims=\"1\" loading=\"lazy\" decoding=\"async\" width=\"220\" height=\"220\" src=\"https:\/\/i0.wp.com\/www.altaviadeimontilattari.it\/wp-content\/uploads\/2022\/05\/WhatsApp-Image-2022-05-10-at-16.35.06-1.jpeg?resize=220%2C220&#038;ssl=1\" alt=\"\" class=\"wp-image-4383\" srcset=\"https:\/\/i0.wp.com\/www.altaviadeimontilattari.it\/wp-content\/uploads\/2022\/05\/WhatsApp-Image-2022-05-10-at-16.35.06-1.jpeg?w=220&amp;ssl=1 220w, https:\/\/i0.wp.com\/www.altaviadeimontilattari.it\/wp-content\/uploads\/2022\/05\/WhatsApp-Image-2022-05-10-at-16.35.06-1.jpeg?resize=150%2C150&amp;ssl=1 150w\" sizes=\"(max-width: 220px) 100vw, 220px\" \/><\/figure>\n<\/div><\/div>\n\n\n\n<div class=\"wp-block-column is-layout-flow wp-block-column-is-layout-flow\" style=\"flex-basis:66.66%\">\n<h3 class=\"wp-block-heading\">La s\u00e9curit\u00e9 avant tout !<\/h3>\n\n\n\n<p>Tout au long de la travers\u00e9e, nous serons \u00e0 l&rsquo;\u00e9coute de <a href=\"https:\/\/www.reteradiomontana.it\/\" target=\"_blank\" rel=\"noreferrer noopener\"><strong>R\u00e9seau radio du Montana<\/strong><\/a>.<\/p>\n\n\n\n<p>D\u00e9signation <strong>OSCAR 115<\/strong><\/p>\n<\/div>\n<\/div>\n\n<hr class=\"wp-block-separator has-alpha-channel-opacity\"\/>\n\n<h4 class=\"wp-block-heading has-text-align-center\">Merci \u00e0 vous pour la collaboration et la participation!<\/h4>\n\n<div class=\"wp-block-columns is-layout-flex wp-container-core-columns-is-layout-9d6595d7 wp-block-columns-is-layout-flex\">\n<div class=\"wp-block-column is-layout-flow wp-block-column-is-layout-flow\"><div class=\"wp-block-image\">\n<figure class=\"aligncenter size-full\"><img data-recalc-dims=\"1\" loading=\"lazy\" decoding=\"async\" width=\"600\" height=\"600\" src=\"https:\/\/i0.wp.com\/www.altaviadeimontilattari.it\/wp-content\/uploads\/2023\/05\/stickerland_it.png?resize=600%2C600&#038;ssl=1\" alt=\"&#xC9;cussons brod&#xE9;s personnalis&#xE9;s - Stickerland.it\" class=\"wp-image-6989\" srcset=\"https:\/\/i0.wp.com\/www.altaviadeimontilattari.it\/wp-content\/uploads\/2023\/05\/stickerland_it.png?w=600&amp;ssl=1 600w, https:\/\/i0.wp.com\/www.altaviadeimontilattari.it\/wp-content\/uploads\/2023\/05\/stickerland_it.png?resize=300%2C300&amp;ssl=1 300w, https:\/\/i0.wp.com\/www.altaviadeimontilattari.it\/wp-content\/uploads\/2023\/05\/stickerland_it.png?resize=150%2C150&amp;ssl=1 150w\" sizes=\"(max-width: 600px) 100vw, 600px\" \/><figcaption class=\"wp-element-caption\">\u00c9cussons brod\u00e9s personnalis\u00e9s &#8211; Stickerland.it<\/figcaption><\/figure>\n<\/div>\n\n\n<p class=\"has-text-align-center\"><\/p>\n<\/div>\n\n\n\n<div class=\"wp-block-column is-layout-flow wp-block-column-is-layout-flow\"><div class=\"wp-block-image\">\n<figure class=\"aligncenter size-large is-resized\"><img data-recalc-dims=\"1\" loading=\"lazy\" decoding=\"async\" width=\"1024\" height=\"1024\" src=\"https:\/\/i0.wp.com\/www.altaviadeimontilattari.it\/wp-content\/uploads\/2023\/05\/trekking-cava-2.png?resize=1024%2C1024&#038;ssl=1\" alt=\"A.S.D. Trekking Cava\" class=\"wp-image-6984\" style=\"width:167px;height:167px\" srcset=\"https:\/\/i0.wp.com\/www.altaviadeimontilattari.it\/wp-content\/uploads\/2023\/05\/trekking-cava-2.png?resize=1024%2C1024&amp;ssl=1 1024w, https:\/\/i0.wp.com\/www.altaviadeimontilattari.it\/wp-content\/uploads\/2023\/05\/trekking-cava-2.png?resize=300%2C300&amp;ssl=1 300w, https:\/\/i0.wp.com\/www.altaviadeimontilattari.it\/wp-content\/uploads\/2023\/05\/trekking-cava-2.png?resize=150%2C150&amp;ssl=1 150w, https:\/\/i0.wp.com\/www.altaviadeimontilattari.it\/wp-content\/uploads\/2023\/05\/trekking-cava-2.png?resize=768%2C768&amp;ssl=1 768w, https:\/\/i0.wp.com\/www.altaviadeimontilattari.it\/wp-content\/uploads\/2023\/05\/trekking-cava-2.png?w=1181&amp;ssl=1 1181w\" sizes=\"(max-width: 1024px) 100vw, 1024px\" \/><figcaption class=\"wp-element-caption\">A.S.D. Trekking Cava<\/figcaption><\/figure>\n<\/div>\n\n\n<p class=\"has-text-align-center\"><\/p>\n<\/div>\n\n\n\n<div class=\"wp-block-column is-layout-flow wp-block-column-is-layout-flow\"><div class=\"wp-block-image\">\n<figure class=\"aligncenter size-full is-resized\"><img data-recalc-dims=\"1\" loading=\"lazy\" decoding=\"async\" width=\"430\" height=\"425\" src=\"https:\/\/i0.wp.com\/www.altaviadeimontilattari.it\/wp-content\/uploads\/2024\/04\/fie.jpg?resize=430%2C425&#038;ssl=1\" alt=\"FIE - Federazione Italiana Escursionisti - Comitato Regionale Campania\" class=\"wp-image-7239\" style=\"width:167px;height:167px\" srcset=\"https:\/\/i0.wp.com\/www.altaviadeimontilattari.it\/wp-content\/uploads\/2024\/04\/fie.jpg?w=430&amp;ssl=1 430w, https:\/\/i0.wp.com\/www.altaviadeimontilattari.it\/wp-content\/uploads\/2024\/04\/fie.jpg?resize=300%2C297&amp;ssl=1 300w\" sizes=\"(max-width: 430px) 100vw, 430px\" \/><figcaption class=\"wp-element-caption\">FIE &#8211; Federazione Italiana Escursionisti &#8211; Comitato Regionale Campania<\/figcaption><\/figure>\n<\/div>\n\n\n<p class=\"has-text-align-center\"><\/p>\n<\/div>\n\n\n\n<div class=\"wp-block-column is-layout-flow wp-block-column-is-layout-flow\"><\/div>\n\n\n\n<div class=\"wp-block-column is-layout-flow wp-block-column-is-layout-flow\"><\/div>\n<\/div>\n<div style=\"margin: 20px 0;\"><div class=\"qrcswholewtapper\" style=\"text-align:left;\"><div class=\"qrcprowrapper\"  id=\"qrcwraa2leds\"><div class=\"qrc_canvass\" id=\"qrc_cuttenpages_2\" style=\"display:inline-block\" data-text=\"https:\/\/www.altaviadeimontilattari.it\/fr\/cammina-con-noi-iii-edition-2024\/\"><\/div><div><a download=\"Cammina con noi &#8211; III \u00e9dition 2024.png\" class=\"qrcdownloads\" id=\"worign\">\r\n           <button type=\"button\" style=\"min-width:200px;background:#81ea00;color:#000;font-weight: 600;border: 1px solid #dddddd;border-radius:4px;font-size:12px;padding: 6px 0;\" class=\"uqr_code_btn\">Download QR<\/button>\r\n           <\/a><\/div><\/div><\/div><\/div>","protected":false},"excerpt":{"rendered":"<p>Cammina con noi &#8211; Alta Via dei Monti Lattari \/ II \u00e9dition 2023 Construisez avec nous le nuage d&rsquo;\u00e9motions de cette exp\u00e9rience. Pr\u00e9parez-vous et t\u00e9l\u00e9chargez le trac\u00e9 de l&rsquo;itin\u00e9raire au format GPX D\u00e9couvrez avec nous les \u00e9tapes que nous allons franchir Contactez-nous pour obtenir des informations sur le programme et l&rsquo;organisation La s\u00e9curit\u00e9 avant tout&hellip;&nbsp;<a href=\"https:\/\/www.altaviadeimontilattari.it\/fr\/cammina-con-noi-iii-edition-2024\/\" rel=\"bookmark\">Read More &raquo;<span class=\"screen-reader-text\">Cammina con noi &#8211; III \u00e9dition 2024<\/span><\/a><\/p>\n","protected":false},"author":1,"featured_media":0,"parent":0,"menu_order":0,"comment_status":"closed","ping_status":"closed","template":"","meta":{"neve_meta_sidebar":"full-width","neve_meta_container":"","neve_meta_enable_content_width":"on","neve_meta_content_width":100,"neve_meta_title_alignment":"","neve_meta_author_avatar":"","neve_post_elements_order":"","neve_meta_disable_header":"","neve_meta_disable_footer":"","neve_meta_disable_title":"","neve_meta_reading_time":"","_themeisle_gutenberg_block_has_review":false,"jetpack_post_was_ever_published":false,"footnotes":""},"class_list":["post-7285","page","type-page","status-publish","hentry"],"yoast_head":"<!-- This site is optimized with the Yoast SEO plugin v27.4 - https:\/\/yoast.com\/product\/yoast-seo-wordpress\/ -->\n<title>Cammina con noi - III \u00e9dition 2024 - Alta Via dei Monti Lattari<\/title>\n<meta name=\"description\" content=\"Cammina con Noi Alta Via dei Monti Lattari 2024 - Du 31 Mai au 2 Juin pour traverser la p\u00e9ninsule Sorrentine en suivant le sentier CAI 300.\" \/>\n<meta name=\"robots\" content=\"index, follow, max-snippet:-1, max-image-preview:large, max-video-preview:-1\" \/>\n<link rel=\"canonical\" href=\"https:\/\/www.altaviadeimontilattari.it\/fr\/cammina-con-noi-iii-edition-2024\/\" \/>\n<meta property=\"og:locale\" content=\"fr_FR\" \/>\n<meta property=\"og:type\" content=\"article\" \/>\n<meta property=\"og:title\" content=\"Cammina con noi - III \u00e9dition 2024 - Alta Via dei Monti Lattari\" \/>\n<meta property=\"og:description\" content=\"Cammina con Noi Alta Via dei Monti Lattari 2024 - Du 31 Mai au 2 Juin pour traverser la p\u00e9ninsule Sorrentine en suivant le sentier CAI 300.\" \/>\n<meta property=\"og:url\" content=\"https:\/\/www.altaviadeimontilattari.it\/fr\/cammina-con-noi-iii-edition-2024\/\" \/>\n<meta property=\"og:site_name\" content=\"Alta Via dei Monti Lattari\" \/>\n<meta property=\"article:modified_time\" content=\"2024-04-26T02:35:35+00:00\" \/>\n<meta property=\"og:image\" content=\"https:\/\/www.altaviadeimontilattari.it\/wp-content\/uploads\/2023\/04\/tour_alta_via_monti_lattari.jpg\" \/>\n<meta name=\"twitter:card\" content=\"summary_large_image\" \/>\n<meta name=\"twitter:title\" content=\"Cammina con Noi Alta Via dei Monti Lattari 2024\" \/>\n<meta name=\"twitter:description\" content=\"Cammina con Noi Alta Via dei Monti Lattari 2024 - Du 31 Mai au 2 Juin pour traverser la p\u00e9ninsule Sorrentine en suivant le sentier CAI 300.\" \/>\n<meta name=\"twitter:label1\" content=\"Dur\u00e9e de lecture estim\u00e9e\" \/>\n\t<meta name=\"twitter:data1\" content=\"8 minutes\" \/>\n<script type=\"application\/ld+json\" class=\"yoast-schema-graph\">{\"@context\":\"https:\\\/\\\/schema.org\",\"@graph\":[{\"@type\":\"WebPage\",\"@id\":\"https:\\\/\\\/www.altaviadeimontilattari.it\\\/fr\\\/cammina-con-noi-iii-edition-2024\\\/\",\"url\":\"https:\\\/\\\/www.altaviadeimontilattari.it\\\/fr\\\/cammina-con-noi-iii-edition-2024\\\/\",\"name\":\"Cammina con noi - III \u00e9dition 2024 - Alta Via dei Monti Lattari\",\"isPartOf\":{\"@id\":\"https:\\\/\\\/www.altaviadeimontilattari.it\\\/#website\"},\"primaryImageOfPage\":{\"@id\":\"https:\\\/\\\/www.altaviadeimontilattari.it\\\/fr\\\/cammina-con-noi-iii-edition-2024\\\/#primaryimage\"},\"image\":{\"@id\":\"https:\\\/\\\/www.altaviadeimontilattari.it\\\/fr\\\/cammina-con-noi-iii-edition-2024\\\/#primaryimage\"},\"thumbnailUrl\":\"https:\\\/\\\/www.altaviadeimontilattari.it\\\/wp-content\\\/uploads\\\/2023\\\/04\\\/tour_alta_via_monti_lattari.jpg\",\"datePublished\":\"2024-04-11T06:27:53+00:00\",\"dateModified\":\"2024-04-26T02:35:35+00:00\",\"description\":\"Cammina con Noi Alta Via dei Monti Lattari 2024 - Du 31 Mai au 2 Juin pour traverser la p\u00e9ninsule Sorrentine en suivant le sentier CAI 300.\",\"breadcrumb\":{\"@id\":\"https:\\\/\\\/www.altaviadeimontilattari.it\\\/fr\\\/cammina-con-noi-iii-edition-2024\\\/#breadcrumb\"},\"inLanguage\":\"fr-FR\",\"potentialAction\":[{\"@type\":\"ReadAction\",\"target\":[\"https:\\\/\\\/www.altaviadeimontilattari.it\\\/fr\\\/cammina-con-noi-iii-edition-2024\\\/\"]}]},{\"@type\":\"ImageObject\",\"inLanguage\":\"fr-FR\",\"@id\":\"https:\\\/\\\/www.altaviadeimontilattari.it\\\/fr\\\/cammina-con-noi-iii-edition-2024\\\/#primaryimage\",\"url\":\"https:\\\/\\\/www.altaviadeimontilattari.it\\\/wp-content\\\/uploads\\\/2023\\\/04\\\/tour_alta_via_monti_lattari.jpg\",\"contentUrl\":\"https:\\\/\\\/www.altaviadeimontilattari.it\\\/wp-content\\\/uploads\\\/2023\\\/04\\\/tour_alta_via_monti_lattari.jpg\"},{\"@type\":\"BreadcrumbList\",\"@id\":\"https:\\\/\\\/www.altaviadeimontilattari.it\\\/fr\\\/cammina-con-noi-iii-edition-2024\\\/#breadcrumb\",\"itemListElement\":[{\"@type\":\"ListItem\",\"position\":1,\"name\":\"Home\",\"item\":\"https:\\\/\\\/www.altaviadeimontilattari.it\\\/es\\\/\"},{\"@type\":\"ListItem\",\"position\":2,\"name\":\"Cammina con noi &#8211; III \u00e9dition 2024\"}]},{\"@type\":\"WebSite\",\"@id\":\"https:\\\/\\\/www.altaviadeimontilattari.it\\\/#website\",\"url\":\"https:\\\/\\\/www.altaviadeimontilattari.it\\\/\",\"name\":\"Alta Via dei Monti Lattari\",\"description\":\"La montagna \u00e8 un modo di vivere la vita.\",\"publisher\":{\"@id\":\"https:\\\/\\\/www.altaviadeimontilattari.it\\\/#organization\"},\"potentialAction\":[{\"@type\":\"SearchAction\",\"target\":{\"@type\":\"EntryPoint\",\"urlTemplate\":\"https:\\\/\\\/www.altaviadeimontilattari.it\\\/?s={search_term_string}\"},\"query-input\":{\"@type\":\"PropertyValueSpecification\",\"valueRequired\":true,\"valueName\":\"search_term_string\"}}],\"inLanguage\":\"fr-FR\"},{\"@type\":\"Organization\",\"@id\":\"https:\\\/\\\/www.altaviadeimontilattari.it\\\/#organization\",\"name\":\"Alta Via dei Monti Lattari\",\"url\":\"https:\\\/\\\/www.altaviadeimontilattari.it\\\/\",\"logo\":{\"@type\":\"ImageObject\",\"inLanguage\":\"fr-FR\",\"@id\":\"https:\\\/\\\/www.altaviadeimontilattari.it\\\/#\\\/schema\\\/logo\\\/image\\\/\",\"url\":\"https:\\\/\\\/i0.wp.com\\\/www.altaviadeimontilattari.it\\\/wp-content\\\/uploads\\\/2020\\\/12\\\/alta_via_monyi_lattari_logo.png?fit=325%2C100&ssl=1\",\"contentUrl\":\"https:\\\/\\\/i0.wp.com\\\/www.altaviadeimontilattari.it\\\/wp-content\\\/uploads\\\/2020\\\/12\\\/alta_via_monyi_lattari_logo.png?fit=325%2C100&ssl=1\",\"width\":325,\"height\":100,\"caption\":\"Alta Via dei Monti Lattari\"},\"image\":{\"@id\":\"https:\\\/\\\/www.altaviadeimontilattari.it\\\/#\\\/schema\\\/logo\\\/image\\\/\"}}]}<\/script>\n<!-- \/ Yoast SEO plugin. -->","yoast_head_json":{"title":"Cammina con noi - III \u00e9dition 2024 - Alta Via dei Monti Lattari","description":"Cammina con Noi Alta Via dei Monti Lattari 2024 - Du 31 Mai au 2 Juin pour traverser la p\u00e9ninsule Sorrentine en suivant le sentier CAI 300.","robots":{"index":"index","follow":"follow","max-snippet":"max-snippet:-1","max-image-preview":"max-image-preview:large","max-video-preview":"max-video-preview:-1"},"canonical":"https:\/\/www.altaviadeimontilattari.it\/fr\/cammina-con-noi-iii-edition-2024\/","og_locale":"fr_FR","og_type":"article","og_title":"Cammina con noi - III \u00e9dition 2024 - Alta Via dei Monti Lattari","og_description":"Cammina con Noi Alta Via dei Monti Lattari 2024 - Du 31 Mai au 2 Juin pour traverser la p\u00e9ninsule Sorrentine en suivant le sentier CAI 300.","og_url":"https:\/\/www.altaviadeimontilattari.it\/fr\/cammina-con-noi-iii-edition-2024\/","og_site_name":"Alta Via dei Monti Lattari","article_modified_time":"2024-04-26T02:35:35+00:00","og_image":[{"url":"https:\/\/www.altaviadeimontilattari.it\/wp-content\/uploads\/2023\/04\/tour_alta_via_monti_lattari.jpg","type":"","width":"","height":""}],"twitter_card":"summary_large_image","twitter_title":"Cammina con Noi Alta Via dei Monti Lattari 2024","twitter_description":"Cammina con Noi Alta Via dei Monti Lattari 2024 - Du 31 Mai au 2 Juin pour traverser la p\u00e9ninsule Sorrentine en suivant le sentier CAI 300.","twitter_misc":{"Dur\u00e9e de lecture estim\u00e9e":"8 minutes"},"schema":{"@context":"https:\/\/schema.org","@graph":[{"@type":"WebPage","@id":"https:\/\/www.altaviadeimontilattari.it\/fr\/cammina-con-noi-iii-edition-2024\/","url":"https:\/\/www.altaviadeimontilattari.it\/fr\/cammina-con-noi-iii-edition-2024\/","name":"Cammina con noi - III \u00e9dition 2024 - Alta Via dei Monti Lattari","isPartOf":{"@id":"https:\/\/www.altaviadeimontilattari.it\/#website"},"primaryImageOfPage":{"@id":"https:\/\/www.altaviadeimontilattari.it\/fr\/cammina-con-noi-iii-edition-2024\/#primaryimage"},"image":{"@id":"https:\/\/www.altaviadeimontilattari.it\/fr\/cammina-con-noi-iii-edition-2024\/#primaryimage"},"thumbnailUrl":"https:\/\/www.altaviadeimontilattari.it\/wp-content\/uploads\/2023\/04\/tour_alta_via_monti_lattari.jpg","datePublished":"2024-04-11T06:27:53+00:00","dateModified":"2024-04-26T02:35:35+00:00","description":"Cammina con Noi Alta Via dei Monti Lattari 2024 - Du 31 Mai au 2 Juin pour traverser la p\u00e9ninsule Sorrentine en suivant le sentier CAI 300.","breadcrumb":{"@id":"https:\/\/www.altaviadeimontilattari.it\/fr\/cammina-con-noi-iii-edition-2024\/#breadcrumb"},"inLanguage":"fr-FR","potentialAction":[{"@type":"ReadAction","target":["https:\/\/www.altaviadeimontilattari.it\/fr\/cammina-con-noi-iii-edition-2024\/"]}]},{"@type":"ImageObject","inLanguage":"fr-FR","@id":"https:\/\/www.altaviadeimontilattari.it\/fr\/cammina-con-noi-iii-edition-2024\/#primaryimage","url":"https:\/\/www.altaviadeimontilattari.it\/wp-content\/uploads\/2023\/04\/tour_alta_via_monti_lattari.jpg","contentUrl":"https:\/\/www.altaviadeimontilattari.it\/wp-content\/uploads\/2023\/04\/tour_alta_via_monti_lattari.jpg"},{"@type":"BreadcrumbList","@id":"https:\/\/www.altaviadeimontilattari.it\/fr\/cammina-con-noi-iii-edition-2024\/#breadcrumb","itemListElement":[{"@type":"ListItem","position":1,"name":"Home","item":"https:\/\/www.altaviadeimontilattari.it\/es\/"},{"@type":"ListItem","position":2,"name":"Cammina con noi &#8211; III \u00e9dition 2024"}]},{"@type":"WebSite","@id":"https:\/\/www.altaviadeimontilattari.it\/#website","url":"https:\/\/www.altaviadeimontilattari.it\/","name":"Alta Via dei Monti Lattari","description":"La montagna \u00e8 un modo di vivere la vita.","publisher":{"@id":"https:\/\/www.altaviadeimontilattari.it\/#organization"},"potentialAction":[{"@type":"SearchAction","target":{"@type":"EntryPoint","urlTemplate":"https:\/\/www.altaviadeimontilattari.it\/?s={search_term_string}"},"query-input":{"@type":"PropertyValueSpecification","valueRequired":true,"valueName":"search_term_string"}}],"inLanguage":"fr-FR"},{"@type":"Organization","@id":"https:\/\/www.altaviadeimontilattari.it\/#organization","name":"Alta Via dei Monti Lattari","url":"https:\/\/www.altaviadeimontilattari.it\/","logo":{"@type":"ImageObject","inLanguage":"fr-FR","@id":"https:\/\/www.altaviadeimontilattari.it\/#\/schema\/logo\/image\/","url":"https:\/\/i0.wp.com\/www.altaviadeimontilattari.it\/wp-content\/uploads\/2020\/12\/alta_via_monyi_lattari_logo.png?fit=325%2C100&ssl=1","contentUrl":"https:\/\/i0.wp.com\/www.altaviadeimontilattari.it\/wp-content\/uploads\/2020\/12\/alta_via_monyi_lattari_logo.png?fit=325%2C100&ssl=1","width":325,"height":100,"caption":"Alta Via dei Monti Lattari"},"image":{"@id":"https:\/\/www.altaviadeimontilattari.it\/#\/schema\/logo\/image\/"}}]}},"jetpack-related-posts":[{"id":7228,"url":"https:\/\/www.altaviadeimontilattari.it\/cammina-con-noi-iii-edizione-2024\/","url_meta":{"origin":7285,"position":0},"title":"Cammina con noi &#8211; III edizione 2024","author":"Luca Casaburi","date":"11 avril 2024","format":false,"excerpt":"Chiunque pu\u00f2 camminare con noi. Parti con noi alla scoperta dell'Alta Via dei Monti Lattari! Percorriamo l'Alta Via dei Monti Lattari in versione integrale in 3 giorni seguendo l'intero sentiero 300CAI. Si parte dal Comune di Cava de' Tirreni e si raggiunge Punta Campanella, il punto pi\u00f9 estremo della Penisola\u2026","rel":"","context":"Article similaire","block_context":{"text":"Article similaire","link":""},"img":{"alt_text":"","src":"https:\/\/i0.wp.com\/www.altaviadeimontilattari.it\/wp-content\/uploads\/2024\/04\/iii-edizione.jpg?resize=350%2C200&ssl=1","width":350,"height":200,"srcset":"https:\/\/i0.wp.com\/www.altaviadeimontilattari.it\/wp-content\/uploads\/2024\/04\/iii-edizione.jpg?resize=350%2C200&ssl=1 1x, https:\/\/i0.wp.com\/www.altaviadeimontilattari.it\/wp-content\/uploads\/2024\/04\/iii-edizione.jpg?resize=525%2C300&ssl=1 1.5x, https:\/\/i0.wp.com\/www.altaviadeimontilattari.it\/wp-content\/uploads\/2024\/04\/iii-edizione.jpg?resize=700%2C400&ssl=1 2x"},"classes":[]},{"id":7255,"url":"https:\/\/www.altaviadeimontilattari.it\/en\/cammina-con-noi-iii-edition-2024\/","url_meta":{"origin":7285,"position":1},"title":"Cammina con noi &#8211; III edition 2024","author":"Luca Casaburi","date":"11 avril 2024","format":false,"excerpt":"Anyone can walk with us. Set off with us to discover theUpper Trail of the chain of Monti Lattari! We walk the full version of the Upper Trail of the chain of Monti Lattari in 3 days following the entire 300CAI trail. It starts from the municipality of Cava de'\u2026","rel":"","context":"Article similaire","block_context":{"text":"Article similaire","link":""},"img":{"alt_text":"","src":"https:\/\/i0.wp.com\/www.altaviadeimontilattari.it\/wp-content\/uploads\/2024\/04\/iii-edizione.jpg?resize=350%2C200&ssl=1","width":350,"height":200,"srcset":"https:\/\/i0.wp.com\/www.altaviadeimontilattari.it\/wp-content\/uploads\/2024\/04\/iii-edizione.jpg?resize=350%2C200&ssl=1 1x, https:\/\/i0.wp.com\/www.altaviadeimontilattari.it\/wp-content\/uploads\/2024\/04\/iii-edizione.jpg?resize=525%2C300&ssl=1 1.5x, https:\/\/i0.wp.com\/www.altaviadeimontilattari.it\/wp-content\/uploads\/2024\/04\/iii-edizione.jpg?resize=700%2C400&ssl=1 2x"},"classes":[]},{"id":4435,"url":"https:\/\/www.altaviadeimontilattari.it\/cammina-con-noi-giugno-2022\/","url_meta":{"origin":7285,"position":2},"title":"Cammina con noi &#8211; Giugno 2022","author":"Luca Casaburi","date":"9 juin 2022","format":false,"excerpt":"Si \u00e8 concluso il nostro viaggio sull'Alta Via dei Monti Lattari! Un viaggio stupendo tra queste meravigliose terre tra storia e natura. Un viaggio che ci ha permesso di incontrare fantastiche persone e ci ha fatto riscoprire l'ospitalit\u00e0 della nostra terra. Questo \u00e8 un viaggio ed escursione da fare, \u00e8\u2026","rel":"","context":"Article similaire","block_context":{"text":"Article similaire","link":""},"img":{"alt_text":"alta via dei monti lattari","src":"https:\/\/i0.wp.com\/www.altaviadeimontilattari.it\/wp-content\/uploads\/2022\/06\/km_20220602_1080p.00_00_00_00.Immagine002.jpg?fit=1200%2C675&ssl=1&resize=350%2C200","width":350,"height":200,"srcset":"https:\/\/i0.wp.com\/www.altaviadeimontilattari.it\/wp-content\/uploads\/2022\/06\/km_20220602_1080p.00_00_00_00.Immagine002.jpg?fit=1200%2C675&ssl=1&resize=350%2C200 1x, https:\/\/i0.wp.com\/www.altaviadeimontilattari.it\/wp-content\/uploads\/2022\/06\/km_20220602_1080p.00_00_00_00.Immagine002.jpg?fit=1200%2C675&ssl=1&resize=525%2C300 1.5x, https:\/\/i0.wp.com\/www.altaviadeimontilattari.it\/wp-content\/uploads\/2022\/06\/km_20220602_1080p.00_00_00_00.Immagine002.jpg?fit=1200%2C675&ssl=1&resize=700%2C400 2x, https:\/\/i0.wp.com\/www.altaviadeimontilattari.it\/wp-content\/uploads\/2022\/06\/km_20220602_1080p.00_00_00_00.Immagine002.jpg?fit=1200%2C675&ssl=1&resize=1050%2C600 3x"},"classes":[]},{"id":7291,"url":"https:\/\/www.altaviadeimontilattari.it\/es\/cammina-con-noi-iii-edicion-2024\/","url_meta":{"origin":7285,"position":3},"title":"Cammina con noi &#8211; III edici\u00f3n 2024","author":"Luca Casaburi","date":"11 avril 2024","format":false,"excerpt":"Cualquiera puede caminar con nosotros. Descubra con nosotros la Alta Via dei Monti Lattari. Recorremos la Alta Via dei Monti Lattari en su totalidad a lo largo de tres d\u00edas, siguiendo todo el camino de los 300CAI. Parte del municipio de Cava de' Tirreni y llega hasta Punta Campanella, el\u2026","rel":"","context":"Article similaire","block_context":{"text":"Article similaire","link":""},"img":{"alt_text":"","src":"https:\/\/i0.wp.com\/www.altaviadeimontilattari.it\/wp-content\/uploads\/2024\/04\/iii-edizione.jpg?resize=350%2C200&ssl=1","width":350,"height":200,"srcset":"https:\/\/i0.wp.com\/www.altaviadeimontilattari.it\/wp-content\/uploads\/2024\/04\/iii-edizione.jpg?resize=350%2C200&ssl=1 1x, https:\/\/i0.wp.com\/www.altaviadeimontilattari.it\/wp-content\/uploads\/2024\/04\/iii-edizione.jpg?resize=525%2C300&ssl=1 1.5x, https:\/\/i0.wp.com\/www.altaviadeimontilattari.it\/wp-content\/uploads\/2024\/04\/iii-edizione.jpg?resize=700%2C400&ssl=1 2x"},"classes":[]},{"id":7423,"url":"https:\/\/www.altaviadeimontilattari.it\/fr\/cammina-con-noi-4e-edition-2025\/","url_meta":{"origin":7285,"position":4},"title":"Cammina con noi &#8211; 4e \u00e9dition 2025","author":"Luca Casaburi","date":"4 avril 2025","format":false,"excerpt":"Tout le monde peut marcher avec nous. Partez avec nous \u00e0 la d\u00e9couverte de l'Alta Via dei Monti Lattari! Dans cette nouvelle \u00e9dition, nous parcourrons l'int\u00e9gralit\u00e9 de la Haute Route des Monts Lattari en trois jours, en suivant le pittoresque sentier 300 du CAI. Nous partirons de la commune de\u2026","rel":"","context":"Article similaire","block_context":{"text":"Article similaire","link":""},"img":{"alt_text":"Cammina con noi - Alta via dei monti lattari - IV edizione 2025","src":"https:\/\/i0.wp.com\/www.altaviadeimontilattari.it\/wp-content\/uploads\/2025\/04\/cammina-con-noi-alta-via-dei-monti-lattari-iv-edizione-2025.png?resize=350%2C200&ssl=1","width":350,"height":200,"srcset":"https:\/\/i0.wp.com\/www.altaviadeimontilattari.it\/wp-content\/uploads\/2025\/04\/cammina-con-noi-alta-via-dei-monti-lattari-iv-edizione-2025.png?resize=350%2C200&ssl=1 1x, https:\/\/i0.wp.com\/www.altaviadeimontilattari.it\/wp-content\/uploads\/2025\/04\/cammina-con-noi-alta-via-dei-monti-lattari-iv-edizione-2025.png?resize=525%2C300&ssl=1 1.5x, https:\/\/i0.wp.com\/www.altaviadeimontilattari.it\/wp-content\/uploads\/2025\/04\/cammina-con-noi-alta-via-dei-monti-lattari-iv-edizione-2025.png?resize=700%2C400&ssl=1 2x"},"classes":[]},{"id":7414,"url":"https:\/\/www.altaviadeimontilattari.it\/en\/cammina-con-noi-4th-edition-2025\/","url_meta":{"origin":7285,"position":5},"title":"Cammina con noi &#8211; 4th Edition 2025","author":"Luca Casaburi","date":"4 avril 2025","format":false,"excerpt":"Anyone can walk with us. Set off with us to discover theUpper Trail of the chain of Monti Lattari! In this new edition, we will hike the entire Alta Via dei Monti Lattari in three days, following the CAI's scenic 300 trail. We will leave from the town of Cava\u2026","rel":"","context":"Article similaire","block_context":{"text":"Article similaire","link":""},"img":{"alt_text":"Cammina con noi - Alta via dei monti lattari - IV edizione 2025","src":"https:\/\/i0.wp.com\/www.altaviadeimontilattari.it\/wp-content\/uploads\/2025\/04\/cammina-con-noi-alta-via-dei-monti-lattari-iv-edizione-2025.png?resize=350%2C200&ssl=1","width":350,"height":200,"srcset":"https:\/\/i0.wp.com\/www.altaviadeimontilattari.it\/wp-content\/uploads\/2025\/04\/cammina-con-noi-alta-via-dei-monti-lattari-iv-edizione-2025.png?resize=350%2C200&ssl=1 1x, https:\/\/i0.wp.com\/www.altaviadeimontilattari.it\/wp-content\/uploads\/2025\/04\/cammina-con-noi-alta-via-dei-monti-lattari-iv-edizione-2025.png?resize=525%2C300&ssl=1 1.5x, https:\/\/i0.wp.com\/www.altaviadeimontilattari.it\/wp-content\/uploads\/2025\/04\/cammina-con-noi-alta-via-dei-monti-lattari-iv-edizione-2025.png?resize=700%2C400&ssl=1 2x"},"classes":[]}],"jetpack_shortlink":"https:\/\/wp.me\/PcGNaV-1Tv","jetpack_sharing_enabled":true,"_links":{"self":[{"href":"https:\/\/www.altaviadeimontilattari.it\/fr\/wp-json\/wp\/v2\/pages\/7285","targetHints":{"allow":["GET"]}}],"collection":[{"href":"https:\/\/www.altaviadeimontilattari.it\/fr\/wp-json\/wp\/v2\/pages"}],"about":[{"href":"https:\/\/www.altaviadeimontilattari.it\/fr\/wp-json\/wp\/v2\/types\/page"}],"author":[{"embeddable":true,"href":"https:\/\/www.altaviadeimontilattari.it\/fr\/wp-json\/wp\/v2\/users\/1"}],"replies":[{"embeddable":true,"href":"https:\/\/www.altaviadeimontilattari.it\/fr\/wp-json\/wp\/v2\/comments?post=7285"}],"version-history":[{"count":3,"href":"https:\/\/www.altaviadeimontilattari.it\/fr\/wp-json\/wp\/v2\/pages\/7285\/revisions"}],"predecessor-version":[{"id":7288,"href":"https:\/\/www.altaviadeimontilattari.it\/fr\/wp-json\/wp\/v2\/pages\/7285\/revisions\/7288"}],"wp:attachment":[{"href":"https:\/\/www.altaviadeimontilattari.it\/fr\/wp-json\/wp\/v2\/media?parent=7285"}],"curies":[{"name":"wp","href":"https:\/\/api.w.org\/{rel}","templated":true}]}}